{"id":11572,"date":"2022-07-04T19:55:19","date_gmt":"2022-07-04T19:55:19","guid":{"rendered":"https:\/\/www.sarkis.fr\/?page_id=11572"},"modified":"2022-08-15T21:26:56","modified_gmt":"2022-08-15T21:26:56","slug":"plan-du-site","status":"publish","type":"page","link":"https:\/\/www.sarkis.fr\/en\/plan-du-site\/","title":{"rendered":"Sitemap"},"content":{"rendered":"<section id=\"sitemap-block_62fab290911a6\" class=\"boxed-4 sitemap\">\n                <p class=\"h2\">Exhibitions<\/p>\n                <div class=\"row\">\n                                    <div class=\"col-lg-6\">\n                            <ul>\n                                                                    <li><a href=\"https:\/\/www.sarkis.fr\/en\/2009\/une-collection\/\" title=\"-.une collection\">-.une collection<\/a><\/li>\n                                                                    <li><a href=\"https:\/\/www.sarkis.fr\/en\/1995\/26-9-19380\/\" title=\"&#8220;26. 9. 19380&#8221;\">&#8220;26. 9. 19380&#8221;<\/a><\/li>\n                                                                    <li><a href=\"https:\/\/www.sarkis.fr\/en\/2005\/r-w-1-2-contrepoints\/\" title=\"\u00ab R.W.-1 + 2 contrepoints \u00bb\">\u00ab R.W.-1 + 2 contrepoints \u00bb<\/a><\/li>\n                                                                    <li><a href=\"https:\/\/www.sarkis.fr\/en\/2009\/10-printemps-en-automne\/\" title=\"10 printemps en automne\">10 printemps en automne<\/a><\/li>\n                                                                    <li><a href=\"https:\/\/www.sarkis.fr\/en\/2007\/10-istanbul-biennale\/\" title=\"10. Istanbul Biennale\">10. Istanbul Biennale<\/a><\/li>\n                                                                    <li><a href=\"https:\/\/www.sarkis.fr\/en\/2017\/100-cries-after-munch\/\" title=\"100 Cries after Munch\">100 Cries after Munch<\/a><\/li>\n                                                                    <li><a href=\"https:\/\/www.sarkis.fr\/en\/1990\/103-akvaller-og-42-ulvetimer\/\" title=\"103 Akvaller og 42 Ulvetimer\">103 Akvaller og 42 Ulvetimer<\/a><\/li>\n                                                                    <li><a href=\"https:\/\/www.sarkis.fr\/en\/1989\/103-aquarelles-et-42-heures-du-loup\/\" title=\"103 Aquarelles et 42 Heures du Loup\">103 Aquarelles et 42 Heures du Loup<\/a><\/li>\n                                                                    <li><a href=\"https:\/\/www.sarkis.fr\/en\/2006\/12-aquarelles-disseminees-dans-le-temps\/\" title=\"12 aquarelles diss\u00e9min\u00e9es dans le temps\">12 aquarelles diss\u00e9min\u00e9es dans le temps<\/a><\/li>\n                                                                    <li><a href=\"https:\/\/www.sarkis.fr\/en\/2003\/12-kriegsschatz-dansent-avec-le-sacre-du-printemps-digor-stravinsky\/\" title=\"12 KRIEGSSCHATZ dansent avec le Sacre du Printemps d\u2019Igor Stravinsky\">12 KRIEGSSCHATZ dansent avec le Sacre du Printemps d\u2019Igor Stravinsky<\/a><\/li>\n                                                                    <li><a href=\"https:\/\/www.sarkis.fr\/en\/1990\/12th-international-biennale-of-drawings-1990\/\" title=\"12th International Biennale of Drawings 1990\">12th International Biennale of Drawings 1990<\/a><\/li>\n                                                                    <li><a href=\"https:\/\/www.sarkis.fr\/en\/2004\/148-ikonas\/\" title=\"148 IKONAS\">148 IKONAS<\/a><\/li>\n                                                                    <li><a href=\"https:\/\/www.sarkis.fr\/en\/2023\/15-ans-de-la-galerie-obadia-bruxelles\/\" title=\"15 ans de la galerie Obadia Bruxelles\">15 ans de la galerie Obadia Bruxelles<\/a><\/li>\n                                                                    <li><a href=\"https:\/\/www.sarkis.fr\/en\/1977\/1866-13-1-1977\/\" title=\"1866-13.1.1977\">1866-13.1.1977<\/a><\/li>\n                                                                    <li><a href=\"https:\/\/www.sarkis.fr\/en\/1975\/1924\/\" title=\"1924\">1924<\/a><\/li>\n                                                                    <li><a href=\"https:\/\/www.sarkis.fr\/en\/1975\/1924-janvier-1975\/\" title=\"1924 janvier 1975\">1924 janvier 1975<\/a><\/li>\n                                                                    <li><a href=\"https:\/\/www.sarkis.fr\/en\/1992\/19380\/\" title=\"19380\">19380<\/a><\/li>\n                                                                    <li><a href=\"https:\/\/www.sarkis.fr\/en\/1992\/19380-19930\/\" title=\"19380 -19930\">19380 -19930<\/a><\/li>\n                                                                    <li><a href=\"https:\/\/www.sarkis.fr\/en\/2025\/19380-20250\/\" title=\"19380 -20250\">19380 -20250<\/a><\/li>\n                                                                    <li><a href=\"https:\/\/www.sarkis.fr\/en\/2002\/1ere-scene\/\" title=\"1\u00e8re sc\u00e8ne\">1\u00e8re sc\u00e8ne<\/a><\/li>\n                                                                    <li><a href=\"https:\/\/www.sarkis.fr\/en\/1999\/25-short-films\/\" title=\"25 short films\">25 short films<\/a><\/li>\n                                                                    <li><a href=\"https:\/\/www.sarkis.fr\/en\/2003\/2600-ans-apres-10-minutes-44-secondes\/\" title=\"2600 ans apr\u00e8s 10 minutes 44 secondes\">2600 ans apr\u00e8s 10 minutes 44 secondes<\/a><\/li>\n                                                                    <li><a href=\"https:\/\/www.sarkis.fr\/en\/2002\/2eme-scene\/\" title=\"2\u00e8me sc\u00e8ne\">2\u00e8me sc\u00e8ne<\/a><\/li>\n                                                                    <li><a href=\"https:\/\/www.sarkis.fr\/en\/1989\/3-icones-en-neon\/\" title=\"3 Ic\u00f4nes en N\u00e9on\">3 Ic\u00f4nes en N\u00e9on<\/a><\/li>\n                                                                    <li><a href=\"https:\/\/www.sarkis.fr\/en\/1977\/3-villes-3-collections\/\" title=\"3 villes : 3 collections\">3 villes : 3 collections<\/a><\/li>\n                                                                    <li><a href=\"https:\/\/www.sarkis.fr\/en\/1996\/3-zones-one\/\" title=\"3 Zones + One\">3 Zones + One<\/a><\/li>\n                                                                    <li><a href=\"https:\/\/www.sarkis.fr\/en\/2002\/3eme-scene\/\" title=\"3\u00e8me sc\u00e8ne\">3\u00e8me sc\u00e8ne<\/a><\/li>\n                                                                    <li><a href=\"https:\/\/www.sarkis.fr\/en\/2013\/42-heures-du-loup\/\" title=\"42 heures du Loup\">42 heures du Loup<\/a><\/li>\n                                                                    <li><a href=\"https:\/\/www.sarkis.fr\/en\/2024\/4eme-biennale-mardin-turquie\/\" title=\"4\u00e8me Biennale Mardin, Turquie\">4\u00e8me Biennale Mardin, Turquie<\/a><\/li>\n                                                                    <li><a href=\"https:\/\/www.sarkis.fr\/en\/1998\/50-especes-despaces\/\" title=\"50 esp\u00e8ces d\u2019espaces\">50 esp\u00e8ces d\u2019espaces<\/a><\/li>\n                                                                    <li><a href=\"https:\/\/www.sarkis.fr\/en\/1993\/51-48-04-40\/\" title=\"51\u00b0 48\u2019 &#8211; 04 \u00b040\u2019.\">51\u00b0 48\u2019 &#8211; 04 \u00b040\u2019.<\/a><\/li>\n                                                                    <li><a href=\"https:\/\/www.sarkis.fr\/en\/1980\/6-fotografes\/\" title=\"6 Fotografes\">6 Fotografes<\/a><\/li>\n                                                                    <li><a href=\"https:\/\/www.sarkis.fr\/en\/2022\/7-jours-7-nuits-2\/\" title=\"7 Jours 7 Nuits\">7 Jours 7 Nuits<\/a><\/li>\n                                                                    <li><a href=\"https:\/\/www.sarkis.fr\/en\/1978\/7-kunstler-in-einem-raum\/\" title=\"7 K\u00fcnstler in einem Raum\">7 K\u00fcnstler in einem Raum<\/a><\/li>\n                                                                    <li><a href=\"https:\/\/www.sarkis.fr\/en\/2023\/7-tage-7-nachte\/\" title=\"7 Tage 7 N\u00e4chte\">7 Tage 7 N\u00e4chte<\/a><\/li>\n                                                                    <li><a href=\"https:\/\/www.sarkis.fr\/en\/1987\/8-artistes-francais-contemporains\/\" title=\"8 artistes fran\u00e7ais contemporains\">8 artistes fran\u00e7ais contemporains<\/a><\/li>\n                                                                    <li><a href=\"https:\/\/www.sarkis.fr\/en\/2023\/85-cris-dapres-munch\/\" title=\"85 CRIS d\u2019apr\u00e8s Munch\">85 CRIS d\u2019apr\u00e8s Munch<\/a><\/li>\n                                                                    <li><a href=\"https:\/\/www.sarkis.fr\/en\/2011\/a-cage-roaratorio\/\" title=\"A Cage Roaratorio\">A Cage Roaratorio<\/a><\/li>\n                                                                    <li><a href=\"https:\/\/www.sarkis.fr\/en\/2010\/a-cage-roaratorio-2\/\" title=\"A Cage Roaratorio\">A Cage Roaratorio<\/a><\/li>\n                                                                    <li><a href=\"https:\/\/www.sarkis.fr\/en\/2004\/a-linterieur-de-la-zone-erevan\/\" title=\"\u00e0 l&#8217;int\u00e9rieur de la zone\">\u00e0 l&#8217;int\u00e9rieur de la zone<\/a><\/li>\n                                                                    <li><a href=\"https:\/\/www.sarkis.fr\/en\/1972\/a-lakademia-raymond-duncan-avec-sauerwein-borgeaud-le-gac-boltanski-messager-sarkis\/\" title=\"A l\u2019Akademia Raymond Duncan (avec Sauerwein, Borgeaud, Le Gac, Boltanski, Messager, Sarkis)\">A l\u2019Akademia Raymond Duncan (avec Sauerwein, Borgeaud, Le Gac, Boltanski, Messager, Sarkis)<\/a><\/li>\n                                                                    <li><a href=\"https:\/\/www.sarkis.fr\/en\/1999\/a-la-limite-du-silence\/\" title=\"\u00c0 la limite du silence\">\u00c0 la limite du silence<\/a><\/li>\n                                                                    <li><a href=\"https:\/\/www.sarkis.fr\/en\/2005\/a-milestone\/\" title=\"A milestone\">A milestone<\/a><\/li>\n                                                                    <li><a href=\"https:\/\/www.sarkis.fr\/en\/1994\/a-partir-de-19380\/\" title=\"A partir de 19380\">A partir de 19380<\/a><\/li>\n                                                                    <li><a href=\"https:\/\/www.sarkis.fr\/en\/1983\/a-pierre-et-a-marie-une-exposition-en-travaux\/\" title=\"A Pierre et \u00e0 Marie, une Exposition en Travaux\">A Pierre et \u00e0 Marie, une Exposition en Travaux<\/a><\/li>\n                                                                    <li><a href=\"https:\/\/www.sarkis.fr\/en\/1982\/a-pierre-et-a-marie-une-exposition-en-travaux-2\/\" title=\"A Pierre et \u00e0 Marie, une Exposition en Travaux.\">A Pierre et \u00e0 Marie, une Exposition en Travaux.<\/a><\/li>\n                                                                    <li><a href=\"https:\/\/www.sarkis.fr\/en\/1984\/a-pierre-et-marie-une-exposition-en-travaux\/\" title=\"A Pierre et Marie, une Exposition en Travaux\">A Pierre et Marie, une Exposition en Travaux<\/a><\/li>\n                                                                    <li><a href=\"https:\/\/www.sarkis.fr\/en\/1984\/a-pierre-et-marie-une-exposition-en-travaux-2\/\" title=\"A Pierre et Marie, une Exposition en Travaux\">A Pierre et Marie, une Exposition en Travaux<\/a><\/li>\n                                                                    <li><a href=\"https:\/\/www.sarkis.fr\/en\/1984\/a-pierre-et-marie-une-exposition-en-travaux-3\/\" title=\"A Pierre et Marie, une Exposition en Travaux\">A Pierre et Marie, une Exposition en Travaux<\/a><\/li>\n                                                                    <li><a href=\"https:\/\/www.sarkis.fr\/en\/2009\/a-plein-tube-sur-la-lumiere-et-la-couleur\/\" title=\"A plein tube sur la lumi\u00e8re et la couleur\">A plein tube sur la lumi\u00e8re et la couleur<\/a><\/li>\n                                                                    <li><a href=\"https:\/\/www.sarkis.fr\/en\/1986\/a-quoi-bon-la-lumiere\/\" title=\"A quoi bon la lumi\u00e8re\">A quoi bon la lumi\u00e8re<\/a><\/li>\n                                                                    <li><a href=\"https:\/\/www.sarkis.fr\/en\/2023\/aae-atelier-aquarelle-dans-leau\/\" title=\"AAE (Atelier Aquarelle dans l\u2019Eau)\">AAE (Atelier Aquarelle dans l\u2019Eau)<\/a><\/li>\n                                                                    <li><a href=\"https:\/\/www.sarkis.fr\/en\/2019\/ad-infinitum\/\" title=\"Ad Infinitum\">Ad Infinitum<\/a><\/li>\n                                                                    <li><a href=\"https:\/\/www.sarkis.fr\/en\/2013\/after-caspar-david-friedrich-films\/\" title=\"After Caspar David Friedrich\">After Caspar David Friedrich<\/a><\/li>\n                                                                    <li><a href=\"https:\/\/www.sarkis.fr\/en\/2012\/ailleurs-ici-2-partie\/\" title=\"Ailleurs Ici (2. Partie)\">Ailleurs Ici (2. Partie)<\/a><\/li>\n                                                                    <li><a href=\"https:\/\/www.sarkis.fr\/en\/2011\/ailleurs-ici\/\" title=\"AILLEURS, ICI\">AILLEURS, ICI<\/a><\/li>\n                                                                    <li><a href=\"https:\/\/www.sarkis.fr\/en\/1990\/aktuelle-kunst-europas\/\" title=\"Aktuelle kunst Europas\">Aktuelle kunst Europas<\/a><\/li>\n                                                                    <li><a href=\"https:\/\/www.sarkis.fr\/en\/2006\/alive-and-after\/\" title=\"Alive and After\">Alive and After<\/a><\/li>\n                                                                    <li><a href=\"https:\/\/www.sarkis.fr\/en\/2006\/alive-and-after-2\/\" title=\"Alive and after\">Alive and after<\/a><\/li>\n                                                                    <li><a href=\"https:\/\/www.sarkis.fr\/en\/2009\/altin-iskele-l-echaffaudage-en-or\/\" title=\"Altin Iskele (l&#8217;\u00e9chaffaudage en or).\">Altin Iskele (l&#8217;\u00e9chaffaudage en or).<\/a><\/li>\n                                                                    <li><a href=\"https:\/\/www.sarkis.fr\/en\/2011\/altin-iskele-in-haskoy\/\" title=\"Altin Iskele in Hask\u00f6y\">Altin Iskele in Hask\u00f6y<\/a><\/li>\n                                                                    <li><a href=\"https:\/\/www.sarkis.fr\/en\/1987\/and-its-time-time-time-avec-domenika\/\" title=\"And It\u2019s Time, Time, Time (avec Domenika)\">And It\u2019s Time, Time, Time (avec Domenika)<\/a><\/li>\n                                                                    <li><a href=\"https:\/\/www.sarkis.fr\/en\/2017\/angel-rainbow-art-basel-hong-kong-galerie-dirimart\/\" title=\"Angel Rainbow\">Angel Rainbow<\/a><\/li>\n                                                                    <li><a href=\"https:\/\/www.sarkis.fr\/en\/2017\/angel-rainbow\/\" title=\"Angel Rainbow\">Angel Rainbow<\/a><\/li>\n                                                                    <li><a href=\"https:\/\/www.sarkis.fr\/en\/1993\/ankaradan-buguene\/\" title=\"Ankara\u2019dan bug\u00fcne\">Ankara\u2019dan bug\u00fcne<\/a><\/li>\n                                                                    <li><a href=\"https:\/\/www.sarkis.fr\/en\/2007\/anonymes-signes\/\" title=\"Anonymes sign\u00e9s\">Anonymes sign\u00e9s<\/a><\/li>\n                                                                    <li><a href=\"https:\/\/www.sarkis.fr\/en\/1997\/antonin-artaud-tete-a-tete\/\" title=\"Antonin Artaud, T\u00eate \u00e0 t\u00eate\">Antonin Artaud, T\u00eate \u00e0 t\u00eate<\/a><\/li>\n                                                                    <li><a href=\"https:\/\/www.sarkis.fr\/en\/2022\/apres-monet\/\" title=\"Apr\u00e8s Monet\">Apr\u00e8s Monet<\/a><\/li>\n                                                                    <li><a href=\"https:\/\/www.sarkis.fr\/en\/1995\/aquarelle-neon\/\" title=\"Aquarelle\/N\u00e9on\">Aquarelle\/N\u00e9on<\/a><\/li>\n                                                                    <li><a href=\"https:\/\/www.sarkis.fr\/en\/2004\/aquarelles\/\" title=\"Aquarelles\">Aquarelles<\/a><\/li>\n                                                                    <li><a href=\"https:\/\/www.sarkis.fr\/en\/1970\/arc\/\" title=\"ARC\">ARC<\/a><\/li>\n                                                                    <li><a href=\"https:\/\/www.sarkis.fr\/en\/2008\/archaique-contemporain\/\" title=\"Archa\u00efque Contemporain\">Archa\u00efque Contemporain<\/a><\/li>\n                                                                    <li><a href=\"https:\/\/www.sarkis.fr\/en\/2015\/armenity\/\" title=\"ARMENITY\">ARMENITY<\/a><\/li>\n                                                                    <li><a href=\"https:\/\/www.sarkis.fr\/en\/1974\/ars-74\/\" title=\"ARS 74\">ARS 74<\/a><\/li>\n                                                                    <li><a href=\"https:\/\/www.sarkis.fr\/en\/2016\/art-and-film\/\" title=\"Art and Film\">Art and Film<\/a><\/li>\n                                                                    <li><a href=\"https:\/\/www.sarkis.fr\/en\/1988\/art-pour-lafrique\/\" title=\"Art pour l\u2019Afrique\">Art pour l\u2019Afrique<\/a><\/li>\n                                                                    <li><a href=\"https:\/\/www.sarkis.fr\/en\/2012\/artandpress\/\" title=\"ARTandPRESS\">ARTandPRESS<\/a><\/li>\n                                                                    <li><a href=\"https:\/\/www.sarkis.fr\/en\/2003\/arte-all-arte-la-fontana-daquarelli\/\" title=\"ARTE all\u2019 ARTE, \u00ab La Fontana d\u2019Aquarelli \u00bb\">ARTE all\u2019 ARTE, \u00ab La Fontana d\u2019Aquarelli \u00bb<\/a><\/li>\n                                                                    <li><a href=\"https:\/\/www.sarkis.fr\/en\/1994\/arte-in-francia-1970-1993\/\" title=\"Arte in Francia 1970-1993\">Arte in Francia 1970-1993<\/a><\/li>\n                                                                    <li><a href=\"https:\/\/www.sarkis.fr\/en\/1987\/artistes-aujourdhui-en-alsace\/\" title=\"Artistes, aujourd\u2019hui en Alsace\">Artistes, aujourd\u2019hui en Alsace<\/a><\/li>\n                                                                    <li><a href=\"https:\/\/www.sarkis.fr\/en\/1973\/aspects-de-lart-actuel-presentes-par-la-galerie-sonnabend-au-musee-galliera\/\" title=\"Aspects de l\u2019Art Actuel\">Aspects de l\u2019Art Actuel<\/a><\/li>\n                                                                    <li><a href=\"https:\/\/www.sarkis.fr\/en\/1978\/aspects-de-lart-en-france\/\" title=\"Aspects de l\u2019Art en France\">Aspects de l\u2019Art en France<\/a><\/li>\n                                                                    <li><a href=\"https:\/\/www.sarkis.fr\/en\/2014\/at-the-other-end-of-the-rainbow-3\/\" title=\"At The Other End Of The Rainbow\">At The Other End Of The Rainbow<\/a><\/li>\n                                                                    <li><a href=\"https:\/\/www.sarkis.fr\/en\/2014\/at-the-other-end-of-the-rainbow-2\/\" title=\"At The Other End Of The Rainbow\">At The Other End Of The Rainbow<\/a><\/li>\n                                                                    <li><a href=\"https:\/\/www.sarkis.fr\/en\/2014\/at-the-other-end-of-the-rainbow\/\" title=\"At The Other End Of The Rainbow\">At The Other End Of The Rainbow<\/a><\/li>\n                                                                    <li><a href=\"https:\/\/www.sarkis.fr\/en\/2015\/atelier-daquarelle-dans-l-eau-la-sculpture\/\" title=\"Atelier d\u2019Aquarelle dans l\u2019Eau, la sculpture\">Atelier d\u2019Aquarelle dans l\u2019Eau, la sculpture<\/a><\/li>\n                                                                    <li><a href=\"https:\/\/www.sarkis.fr\/en\/2002\/ateliers-comme-exposition\/\" title=\"ATELIERS COMME EXPOSITION\">ATELIERS COMME EXPOSITION<\/a><\/li>\n                                                                    <li><a href=\"https:\/\/www.sarkis.fr\/en\/2005\/ateliers-xi\/\" title=\"Ateliers XI\">Ateliers XI<\/a><\/li>\n                                                                    <li><a href=\"https:\/\/www.sarkis.fr\/en\/1999\/au-commencement-les-16-films-tournes-au-fresnoy\/\" title=\"au commencement (les 16 films tourn\u00e9s au Fresnoy)\">au commencement (les 16 films tourn\u00e9s au Fresnoy)<\/a><\/li>\n                                                                    <li><a href=\"https:\/\/www.sarkis.fr\/en\/2026\/au-commencement-la-bougie-a-christian-bernard\/\" title=\"Au commencement la bougie (\u00e0 Christian Bernard)\">Au commencement la bougie (\u00e0 Christian Bernard)<\/a><\/li>\n                                                                    <li><a href=\"https:\/\/www.sarkis.fr\/en\/2021\/au-commencement-la-chaleur\/\" title=\"Au commencement la chaleur\">Au commencement la chaleur<\/a><\/li>\n                                                                    <li><a href=\"https:\/\/www.sarkis.fr\/en\/2014\/au-commencement-le-blanc\/\" title=\"Au commencement le blanc\">Au commencement le blanc<\/a><\/li>\n                                                                    <li><a href=\"https:\/\/www.sarkis.fr\/en\/2019\/au-commencement-le-retable-disenheim\/\" title=\"Au Commencement le Retable d\u2019Isenheim\">Au Commencement le Retable d\u2019Isenheim<\/a><\/li>\n                                                                    <li><a href=\"https:\/\/www.sarkis.fr\/en\/2019\/au-commencement-le-retable-dissenheim\/\" title=\"Au commencement le retable d\u2019Issenheim\">Au commencement le retable d\u2019Issenheim<\/a><\/li>\n                                                                    <li><a href=\"https:\/\/www.sarkis.fr\/en\/2005\/au-commencement-le-toucher\/\" title=\"Au commencement le toucher\">Au commencement le toucher<\/a><\/li>\n                                                                    <li><a href=\"https:\/\/www.sarkis.fr\/en\/2005\/au-commencement-lapparition\/\" title=\"Au commencement, l&#8217;apparition\">Au commencement, l&#8217;apparition<\/a><\/li>\n                                                                    <li><a href=\"https:\/\/www.sarkis.fr\/en\/1997\/au-commencement-le-son-de-la-lumiere-a-larrivee\/\" title=\"AU COMMENCEMENT, LE SON DE LA LUMIERE, A L&#8217;ARRIVEE\">AU COMMENCEMENT, LE SON DE LA LUMIERE, A L&#8217;ARRIVEE<\/a><\/li>\n                                                                    <li><a href=\"https:\/\/www.sarkis.fr\/en\/1998\/au-commencement-le-son-des-4-lumieres-a-larrivee\/\" title=\"Au commencement, le son des 4 lumi\u00e8res, \u00e0 l&#8217;arriv\u00e9e\">Au commencement, le son des 4 lumi\u00e8res, \u00e0 l&#8217;arriv\u00e9e<\/a><\/li>\n                                                                    <li><a href=\"https:\/\/www.sarkis.fr\/en\/1998\/au-commencement-le-son-du-silence\/\" title=\"Au commencement, le son du silence\">Au commencement, le son du silence<\/a><\/li>\n                                                                    <li><a href=\"https:\/\/www.sarkis.fr\/en\/1986\/audition\/\" title=\"AUDITION\">AUDITION<\/a><\/li>\n                                                                    <li><a href=\"https:\/\/www.sarkis.fr\/en\/1977\/autopsie-dun-travail-anonyme-mural-en-face-de-la-base-sous-marine-a-bordeaux\/\" title=\"Autopsie d\u2019un travail anonyme mural en face de la base sous-marine \u00e0 Bordeaux\">Autopsie d\u2019un travail anonyme mural en face de la base sous-marine \u00e0 Bordeaux<\/a><\/li>\n                                                                    <li><a href=\"https:\/\/www.sarkis.fr\/en\/1976\/autopsie-dune-peinture-anonyme-murale-en-face-de-la-base-sous-marine-a-bordeaux\/\" title=\"Autopsie d\u2019une peinture anonyme murale en face de la Base Sous-marine \u00e0 Bordeaux\">Autopsie d\u2019une peinture anonyme murale en face de la Base Sous-marine \u00e0 Bordeaux<\/a><\/li>\n                                                                    <li><a href=\"https:\/\/www.sarkis.fr\/en\/1985\/aux-poteaux-de-la-couleur\/\" title=\"Aux Poteaux de la Couleur\">Aux Poteaux de la Couleur<\/a><\/li>\n                                                                    <li><a href=\"https:\/\/www.sarkis.fr\/en\/1981\/avangarden-retrospektive\/\" title=\"Avangarden Retrospektive\">Avangarden Retrospektive<\/a><\/li>\n                                                                    <li><a href=\"https:\/\/www.sarkis.fr\/en\/2004\/avant-et-apres-le-silence\/\" title=\"Avant et apr\u00e8s le silence\">Avant et apr\u00e8s le silence<\/a><\/li>\n                                                                    <li><a href=\"https:\/\/www.sarkis.fr\/en\/1989\/balkon-mit-facher\/\" title=\"Balkon mit F\u00e4cher\">Balkon mit F\u00e4cher<\/a><\/li>\n                                                                    <li><a href=\"https:\/\/www.sarkis.fr\/en\/1988\/balkon-mit-fasher\/\" title=\"Balkon mit f\u00e4sher\">Balkon mit f\u00e4sher<\/a><\/li>\n                                                                    <li><a href=\"https:\/\/www.sarkis.fr\/en\/2012\/ballads\/\" title=\"Ballads\">Ballads<\/a><\/li>\n                                                                    <li><a href=\"https:\/\/www.sarkis.fr\/en\/1981\/between-8\/\" title=\"Between 8\">Between 8<\/a><\/li>\n                                                                    <li><a href=\"https:\/\/www.sarkis.fr\/en\/1995\/biennale-distanbul-orient-ation\/\" title=\"Biennale d\u2019Istanbul, (Orient-ation)\">Biennale d\u2019Istanbul, (Orient-ation)<\/a><\/li>\n                                                                    <li><a href=\"https:\/\/www.sarkis.fr\/en\/1991\/biennale-de-cetinje\/\" title=\"Biennale de Cetinje\">Biennale de Cetinje<\/a><\/li>\n                                                                    <li><a href=\"https:\/\/www.sarkis.fr\/en\/1969\/biennale-de-paris\/\" title=\"Biennale de Paris\">Biennale de Paris<\/a><\/li>\n                                                                    <li><a href=\"https:\/\/www.sarkis.fr\/en\/1967\/biennale-de-paris-2\/\" title=\"Biennale de Paris\">Biennale de Paris<\/a><\/li>\n                                                                    <li><a href=\"https:\/\/www.sarkis.fr\/en\/1985\/biennale-de-sao-paulo\/\" title=\"Biennale de S\u00e3o Paulo\">Biennale de S\u00e3o Paulo<\/a><\/li>\n                                                                    <li><a href=\"https:\/\/www.sarkis.fr\/en\/1982\/1982-biennale-de-sydney\/\" title=\"Biennale de Sydney\">Biennale de Sydney<\/a><\/li>\n                                                                    <li><a href=\"https:\/\/www.sarkis.fr\/en\/1985\/biennale-des-friedens\/\" title=\"Biennale des Friedens\">Biennale des Friedens<\/a><\/li>\n                                                                    <li><a href=\"https:\/\/www.sarkis.fr\/en\/2012\/biens-communs-ii-salle-sarkis\/\" title=\"Biens communs II, salle Sarkis\">Biens communs II, salle Sarkis<\/a><\/li>\n                                                                    <li><a href=\"https:\/\/www.sarkis.fr\/en\/2010\/bir-ikona\/\" title=\"Bir Ikona\">Bir Ikona<\/a><\/li>\n                                                                    <li><a href=\"https:\/\/www.sarkis.fr\/en\/1977\/blackout\/\" title=\"BLACKOUT\">BLACKOUT<\/a><\/li>\n                                                                    <li><a href=\"https:\/\/www.sarkis.fr\/en\/1976\/blackout-3\/\" title=\"Blackout\">Blackout<\/a><\/li>\n                                                                    <li><a href=\"https:\/\/www.sarkis.fr\/en\/1976\/blackout-the-book\/\" title=\"BLACKOUT (The Book)\">BLACKOUT (The Book)<\/a><\/li>\n                                                                    <li><a href=\"https:\/\/www.sarkis.fr\/en\/1974\/1974-blackout-1\/\" title=\"BLACKOUT 1\">BLACKOUT 1<\/a><\/li>\n                                                                    <li><a href=\"https:\/\/www.sarkis.fr\/en\/1977\/blackout-19\/\" title=\"BLACKOUT 19\">BLACKOUT 19<\/a><\/li>\n                                                                    <li><a href=\"https:\/\/www.sarkis.fr\/en\/1974\/blackout-2\/\" title=\"BLACKOUT 2\">BLACKOUT 2<\/a><\/li>\n                                                                    <li><a href=\"https:\/\/www.sarkis.fr\/en\/1975\/1975-blackout-8\/\" title=\"BLACKOUT 8\">BLACKOUT 8<\/a><\/li>\n                                                                    <li><a href=\"https:\/\/www.sarkis.fr\/en\/1975\/blackout-9\/\" title=\"BLACKOUT 9\">BLACKOUT 9<\/a><\/li>\n                                                                    <li><a href=\"https:\/\/www.sarkis.fr\/en\/1975\/blackout-blackin\/\" title=\"BLACKOUT BLACKIN\">BLACKOUT BLACKIN<\/a><\/li>\n                                                                    <li><a href=\"https:\/\/www.sarkis.fr\/en\/1992\/blikket\/\" title=\"Blikket\">Blikket<\/a><\/li>\n                                                                    <li><a href=\"https:\/\/www.sarkis.fr\/en\/1976\/boites\/\" title=\"Bo\u00eetes\">Bo\u00eetes<\/a><\/li>\n                                                                    <li><a href=\"https:\/\/www.sarkis.fr\/en\/1971\/boltanski-borgeaud-le-gac-tysh-cadere-sarkis\/\" title=\"Boltanski, Borgeaud, Le Gac, Tysh, Cadere, Sarkis\">Boltanski, Borgeaud, Le Gac, Tysh, Cadere, Sarkis<\/a><\/li>\n                                                                    <li><a href=\"https:\/\/www.sarkis.fr\/en\/1992\/bornes\/\" title=\"Bornes\">Bornes<\/a><\/li>\n                                                                    <li><a href=\"https:\/\/www.sarkis.fr\/en\/1996\/brennendes-k\/\" title=\"Brennendes \u201ck\u201d\">Brennendes \u201ck\u201d<\/a><\/li>\n                                                                    <li><a href=\"https:\/\/www.sarkis.fr\/en\/1988\/broken-music\/\" title=\"Broken Music\">Broken Music<\/a><\/li>\n                                                                    <li><a href=\"https:\/\/www.sarkis.fr\/en\/2000\/bugunku-program-gelecek-program\/\" title=\"Bug\u00fcnk\u00fc Program-Gelecek Program\">Bug\u00fcnk\u00fc Program-Gelecek Program<\/a><\/li>\n                                                                    <li><a href=\"https:\/\/www.sarkis.fr\/en\/2004\/call-me-istanbul\/\" title=\"Call me Istanbul\">Call me Istanbul<\/a><\/li>\n                                                                    <li><a href=\"https:\/\/www.sarkis.fr\/en\/1987\/capt-sarkis-invite-boecklin-a-t-kromhout-museum\/\" title=\"Capt. Sarkis invite B\u00f6cklin \u00e0 T Kromhout Museum\">Capt. Sarkis invite B\u00f6cklin \u00e0 T Kromhout Museum<\/a><\/li>\n                                                                    <li><a href=\"https:\/\/www.sarkis.fr\/en\/2016\/carambolages\/\" title=\"CARAMBOLAGES\">CARAMBOLAGES<\/a><\/li>\n                                                                    <li><a href=\"https:\/\/www.sarkis.fr\/en\/1986\/caylak-sokak-2\/\" title=\"CAYLAK SOKAK\">CAYLAK SOKAK<\/a><\/li>\n                                                                    <li><a href=\"https:\/\/www.sarkis.fr\/en\/2019\/caylak-sokak\/\" title=\"Caylak Sokak\">Caylak Sokak<\/a><\/li>\n                                                                    <li><a href=\"https:\/\/www.sarkis.fr\/en\/2017\/celebrations\/\" title=\"CELEBRATIONS\">CELEBRATIONS<\/a><\/li>\n                                                                    <li><a href=\"https:\/\/www.sarkis.fr\/en\/2004\/cetinje-biennial-v\/\" title=\"Cetinje Biennial V\">Cetinje Biennial V<\/a><\/li>\n                                                                    <li><a href=\"https:\/\/www.sarkis.fr\/en\/1986\/chambre-sourde\/\" title=\"Chambre Sourde\">Chambre Sourde<\/a><\/li>\n                                                                    <li><a href=\"https:\/\/www.sarkis.fr\/en\/1971\/1971-chiens-loups\/\" title=\"Chiens-Loups\">Chiens-Loups<\/a><\/li>\n                                                                    <li><a href=\"https:\/\/www.sarkis.fr\/en\/2024\/childrens-rain-call-with-the-colours-of-the-rainbow\/\" title=\"Children\u2019s Rain Call with the Colours of the Rainbow\">Children\u2019s Rain Call with the Colours of the Rainbow<\/a><\/li>\n                                                                    <li><a href=\"https:\/\/www.sarkis.fr\/en\/1988\/clarte\/\" title=\"CLARTE\">CLARTE<\/a><\/li>\n                                                                    <li><a href=\"https:\/\/www.sarkis.fr\/en\/1988\/collection-accrochage-4\/\" title=\"Collection (Accrochage 4)\">Collection (Accrochage 4)<\/a><\/li>\n                                                                    <li><a href=\"https:\/\/www.sarkis.fr\/en\/1988\/collection-sonnabend\/\" title=\"Collection Sonnabend\">Collection Sonnabend<\/a><\/li>\n                                                                    <li><a href=\"https:\/\/www.sarkis.fr\/en\/1986\/collection-souvenir\/\" title=\"Collection Souvenir\">Collection Souvenir<\/a><\/li>\n                                                                    <li><a href=\"https:\/\/www.sarkis.fr\/en\/1986\/collections-collectionneurs\/\" title=\"Collections-Collectionneurs\">Collections-Collectionneurs<\/a><\/li>\n                                                                    <li><a href=\"https:\/\/www.sarkis.fr\/en\/2019\/come-on\/\" title=\"COME ON !\">COME ON !<\/a><\/li>\n                                                                    <li><a href=\"https:\/\/www.sarkis.fr\/en\/2010\/comics\/\" title=\"Comics\">Comics<\/a><\/li>\n                                                                    <li><a href=\"https:\/\/www.sarkis.fr\/en\/1997\/composition-musicale\/\" title=\"Composition Musicale\">Composition Musicale<\/a><\/li>\n                                                                    <li><a href=\"https:\/\/www.sarkis.fr\/en\/1969\/connaissez-vous-joseph-beuys\/\" title=\"Connaissez-vous Joseph Beuys ?\">Connaissez-vous Joseph Beuys ?<\/a><\/li>\n                                                                    <li><a href=\"https:\/\/www.sarkis.fr\/en\/1983\/conversation-on-a-raft-defraoui-letters-of-k-r-i-e-g-s-s-c-h-a-t-z-try-to-remove-the-rust-from-capt-sarkiss-room-sarkis-they-have-blue-suits-krauth-imprints-of-a-n50-brush-re\/\" title=\"Conversation on a Raft (Defraoui), Letters of K.R.I.E.G.S.S.C.H.A.T.Z. try to remove the rust from Capt. Sarkis\u2019s room (Sarkis), They have blue suits (Krauth), Imprints of a n\u00b050 brush repeated at regular intervals (30 cm) (Toroni)\">Conversation on a Raft (Defraoui), Letters of K.R.I.E.G.S.S.C.H.A.T.Z. try to remove the rust from Capt. Sarkis\u2019s room (Sarkis), They have blue suits (Krauth), Imprints of a n\u00b050 brush repeated at regular intervals (30 cm) (Toroni)<\/a><\/li>\n                                                                    <li><a href=\"https:\/\/www.sarkis.fr\/en\/1989\/coup-denvois\/\" title=\"Coup d\u2019envois\">Coup d\u2019envois<\/a><\/li>\n                                                                    <li><a href=\"https:\/\/www.sarkis.fr\/en\/1979\/1979-crise-en-rouge-et-vert\/\" title=\"CRISE (en rouge et vert).\">CRISE (en rouge et vert).<\/a><\/li>\n                                                                    <li><a href=\"https:\/\/www.sarkis.fr\/en\/1998\/crossings\/\" title=\"CROSSINGS\">CROSSINGS<\/a><\/li>\n                                                                    <li><a href=\"https:\/\/www.sarkis.fr\/en\/2009\/d-apres-et-apres\/\" title=\"D&#8217;apr\u00e8s et apr\u00e8s\">D&#8217;apr\u00e8s et apr\u00e8s<\/a><\/li>\n                                                                    <li><a href=\"https:\/\/www.sarkis.fr\/en\/1999\/dapres-et-apres\/\" title=\"d\u2019apr\u00e8s et apr\u00e8s\">d\u2019apr\u00e8s et apr\u00e8s<\/a><\/li>\n                                                                    <li><a href=\"https:\/\/www.sarkis.fr\/en\/2012\/dapres-vaudou\/\" title=\"d\u2019apr\u00e8s VAUDOU\">d\u2019apr\u00e8s VAUDOU<\/a><\/li>\n                                                                    <li><a href=\"https:\/\/www.sarkis.fr\/en\/2016\/dans-latelier\/\" title=\"DANS L\u2019ATELIER\">DANS L\u2019ATELIER<\/a><\/li>\n                                                                    <li><a href=\"https:\/\/www.sarkis.fr\/en\/2008\/dans-la-nuits-des-images\/\" title=\"Dans la nuits des images\">Dans la nuits des images<\/a><\/li>\n                                                                    <li><a href=\"https:\/\/www.sarkis.fr\/en\/1987\/danse-dans-le-hammam-de-sainte-sophie\/\" title=\"Danse dans le hammam de Sainte-Sophie\">Danse dans le hammam de Sainte-Sophie<\/a><\/li>\n                                                                    <li><a href=\"https:\/\/www.sarkis.fr\/en\/1995\/das-licht-des-blitzes-der-laerm-des-donners\/\" title=\"Das Licht des Blitzes, Der L\u00e4rm des Donners\">Das Licht des Blitzes, Der L\u00e4rm des Donners<\/a><\/li>\n                                                                    <li><a href=\"https:\/\/www.sarkis.fr\/en\/1982\/de-la-catastrophe\/\" title=\"De la catastrophe\">De la catastrophe<\/a><\/li>\n                                                                    <li><a href=\"https:\/\/www.sarkis.fr\/en\/2001\/de-la-passion-a-la-resurrection\/\" title=\"de la passion \u00e0 la r\u00e9surrection\">de la passion \u00e0 la r\u00e9surrection<\/a><\/li>\n                                                                    <li><a href=\"https:\/\/www.sarkis.fr\/en\/1982\/de-lascaux-a-kriegsschatz\/\" title=\"De LASCAUX \u00e0 KRIEGSSCHATZ\">De LASCAUX \u00e0 KRIEGSSCHATZ<\/a><\/li>\n                                                                    <li><a href=\"https:\/\/www.sarkis.fr\/en\/1984\/decor-de-theatre-pour-venus-et-adonis-dapres-william-shakespeare\/\" title=\"D\u00e9cor de th\u00e9\u00e2tre pour V\u00e9nus et Adonis d\u2019apr\u00e8s William Shakespeare\">D\u00e9cor de th\u00e9\u00e2tre pour V\u00e9nus et Adonis d\u2019apr\u00e8s William Shakespeare<\/a><\/li>\n                                                                    <li><a href=\"https:\/\/www.sarkis.fr\/en\/1987\/decor-du-kiosque-de-cristal\/\" title=\"D\u00e9cor du Kiosque de Cristal\">D\u00e9cor du Kiosque de Cristal<\/a><\/li>\n                                                                    <li><a href=\"https:\/\/www.sarkis.fr\/en\/2022\/defile-du-siecle\/\" title=\"D\u00e9fil\u00e9 du si\u00e8cle\">D\u00e9fil\u00e9 du si\u00e8cle<\/a><\/li>\n                                                                    <li><a href=\"https:\/\/www.sarkis.fr\/en\/2022\/defile-du-siecle-en-fluo\/\" title=\"D\u00e9fil\u00e9 du Si\u00e8cle en fluo\">D\u00e9fil\u00e9 du Si\u00e8cle en fluo<\/a><\/li>\n                                                                    <li><a href=\"https:\/\/www.sarkis.fr\/en\/2011\/depo-galeri\/\" title=\"Depo Galeri\">Depo Galeri<\/a><\/li>\n                                                                    <li><a href=\"https:\/\/www.sarkis.fr\/en\/2022\/depot\/\" title=\"DEPOT\">DEPOT<\/a><\/li>\n                                                                    <li><a href=\"https:\/\/www.sarkis.fr\/en\/1984\/1984-der-anfang-der-jahrhunderte\/\" title=\"Der Anfang der Jahrhunderte\">Der Anfang der Jahrhunderte<\/a><\/li>\n                                                                    <li><a href=\"https:\/\/www.sarkis.fr\/en\/2002\/der-besuch-das-gespraech-die-erwartung\/\" title=\"Der Besuch. Das Gespr\u00e4ch. Die Erwartung.\">Der Besuch. Das Gespr\u00e4ch. Die Erwartung.<\/a><\/li>\n                                                                    <li><a href=\"https:\/\/www.sarkis.fr\/en\/1979\/der-blackout-deckt-nicht-dewez-braase-und-sarkis\/\" title=\"der Blackout deckt nicht Dewez, Braase und Sarkis\">der Blackout deckt nicht Dewez, Braase und Sarkis<\/a><\/li>\n                                                                    <li><a href=\"https:\/\/www.sarkis.fr\/en\/1979\/1979-der-blackout-ist-voller-schwarzer\/\" title=\"DER BLACKOUT IST VOLLER SCHWARZER BLAUER ROTER GOLDENER FARBE SO WIE DER ANSTREICHER\">DER BLACKOUT IST VOLLER SCHWARZER BLAUER ROTER GOLDENER FARBE SO WIE DER ANSTREICHER<\/a><\/li>\n                                                                    <li><a href=\"https:\/\/www.sarkis.fr\/en\/1979\/der-traum-des-anstreichers-der-erste-traum\/\" title=\"DER TRAUM DES ANSTREICHERS (DER ERSTE TRAUM)\">DER TRAUM DES ANSTREICHERS (DER ERSTE TRAUM)<\/a><\/li>\n                                                                    <li><a href=\"https:\/\/www.sarkis.fr\/en\/1995\/des-artistes-a-travers-larchive\/\" title=\"Des artistes \u00e0 travers l\u2019archive\">Des artistes \u00e0 travers l\u2019archive<\/a><\/li>\n                                                                    <li><a href=\"https:\/\/www.sarkis.fr\/en\/1994\/des-artistes-a-travers-larchive-2\/\" title=\"Des artistes \u00e0 travers l\u2019archive\">Des artistes \u00e0 travers l\u2019archive<\/a><\/li>\n                                                                    <li><a href=\"https:\/\/www.sarkis.fr\/en\/1976\/1976-blackout-rouge\/\" title=\"Des Formes \u00e9l\u00e9mentaires en Qualit\u00e9 Militaire ou BLACKOUT ROUGE\">Des Formes \u00e9l\u00e9mentaires en Qualit\u00e9 Militaire ou BLACKOUT ROUGE<\/a><\/li>\n                                                                    <li><a href=\"https:\/\/www.sarkis.fr\/en\/1991\/dessins-et-dessins\/\" title=\"Dessins et Dessins\">Dessins et Dessins<\/a><\/li>\n                                                                    <li><a href=\"https:\/\/www.sarkis.fr\/en\/1997\/deux\/\" title=\"DEUX\">DEUX<\/a><\/li>\n                                                                    <li><a href=\"https:\/\/www.sarkis.fr\/en\/1991\/deux-2\/\" title=\"Deux\">Deux<\/a><\/li>\n                                                                    <li><a href=\"https:\/\/www.sarkis.fr\/en\/1995\/deux-zones-faux-mouvement\/\" title=\"Deux Zones, Faux-Mouvement\">Deux Zones, Faux-Mouvement<\/a><\/li>\n                                                                    <li><a href=\"https:\/\/www.sarkis.fr\/en\/1993\/devant-le-futur\/\" title=\"Devant, le futur\">Devant, le futur<\/a><\/li>\n                                                                    <li><a href=\"https:\/\/www.sarkis.fr\/en\/1984\/devantures-84\/\" title=\"DEVANTURES 84\">DEVANTURES 84<\/a><\/li>\n                                                                    <li><a href=\"https:\/\/www.sarkis.fr\/en\/1995\/dialogues-de-paix\/\" title=\"Dialogues de Paix\">Dialogues de Paix<\/a><\/li>\n                                                                    <li><a href=\"https:\/\/www.sarkis.fr\/en\/1999\/die-grenze-im-kopf\/\" title=\"Die Grenze im Kopf\">Die Grenze im Kopf<\/a><\/li>\n                                                                    <li><a href=\"https:\/\/www.sarkis.fr\/en\/1986\/dimensions-singulieres-sculpture\/\" title=\"Dimensions singuli\u00e8res : Sculpture\">Dimensions singuli\u00e8res : Sculpture<\/a><\/li>\n                                                                    <li><a href=\"https:\/\/www.sarkis.fr\/en\/2004\/dix-sept-artistes-a-17-ans\/\" title=\"Dix-sept artistes \u00e0 17 ans\">Dix-sept artistes \u00e0 17 ans<\/a><\/li>\n                                                                    <li><a href=\"https:\/\/www.sarkis.fr\/en\/1977\/documenta-vi\/\" title=\"DOCUMENTA VI\">DOCUMENTA VI<\/a><\/li>\n                                                                    <li><a href=\"https:\/\/www.sarkis.fr\/en\/1982\/1982-documenta-vii\/\" title=\"DOCUMENTA VII\">DOCUMENTA VII<\/a><\/li>\n                                                                    <li><a href=\"https:\/\/www.sarkis.fr\/en\/2004\/documentaire-sur-grand-ecran\/\" title=\"Documentaire sur grand \u00e9cran\">Documentaire sur grand \u00e9cran<\/a><\/li>\n                                                                    <li><a href=\"https:\/\/www.sarkis.fr\/en\/2001\/double-conversation\/\" title=\"Double conversation\">Double conversation<\/a><\/li>\n                                                                    <li><a href=\"https:\/\/www.sarkis.fr\/en\/2004\/du-bosphore-a-la-moine\/\" title=\"du Bosphore \u00e0 La Moine\">du Bosphore \u00e0 La Moine<\/a><\/li>\n                                                                    <li><a href=\"https:\/\/www.sarkis.fr\/en\/1987\/du-gout-et-des-couleurs\/\" title=\"Du Go\u00fbt et des Couleurs\">Du Go\u00fbt et des Couleurs<\/a><\/li>\n                                                                    <li><a href=\"https:\/\/www.sarkis.fr\/en\/2026\/duel-et-pluriel\/\" title=\"Duel et Pluriel \u2013 une exposition \u00e0 la m\u00e9moire de Alpagut G\u00fcltekin\">Duel et Pluriel \u2013 une exposition \u00e0 la m\u00e9moire de Alpagut G\u00fcltekin<\/a><\/li>\n                                                                    <li><a href=\"https:\/\/www.sarkis.fr\/en\/2013\/duvar-resminden-korkuyorlar\/\" title=\"Duvar Resminden Korkuyorlar\">Duvar Resminden Korkuyorlar<\/a><\/li>\n                                                                    <li><a href=\"https:\/\/www.sarkis.fr\/en\/2022\/echafaudage-couleur-or\/\" title=\"\u00c9chafaudage couleur or\">\u00c9chafaudage couleur or<\/a><\/li>\n                                                                    <li><a href=\"https:\/\/www.sarkis.fr\/en\/1984\/echanges-artistes-francais-a-berlin\/\" title=\"Echanges (artistes fran\u00e7ais \u00e0 Berlin)\">Echanges (artistes fran\u00e7ais \u00e0 Berlin)<\/a><\/li>\n                                                                    <li><a href=\"https:\/\/www.sarkis.fr\/en\/1980\/1980-ecouter-par-les-yeux\/\" title=\"\u00c9couter par les yeux.\">\u00c9couter par les yeux.<\/a><\/li>\n                                                                    <li><a href=\"https:\/\/www.sarkis.fr\/en\/2000\/een-overnachting-op-oud-amelisweerd\/\" title=\"Een overnachting op Oud-Amelisweerd\">Een overnachting op Oud-Amelisweerd<\/a><\/li>\n                                                                    <li><a href=\"https:\/\/www.sarkis.fr\/en\/1989\/effets-de-miroir\/\" title=\"Effets de Miroir\">Effets de Miroir<\/a><\/li>\n                                                                    <li><a href=\"https:\/\/www.sarkis.fr\/en\/1994\/eighth-triennale-india\/\" title=\"Eighth Triennale-India\">Eighth Triennale-India<\/a><\/li>\n                                                                    <li><a href=\"https:\/\/www.sarkis.fr\/en\/2009\/ekphrasis\/\" title=\"Ekphrasis\">Ekphrasis<\/a><\/li>\n                                                                    <li><a href=\"https:\/\/www.sarkis.fr\/en\/1999\/el-mundo-no-es-legible-pero-mi-corazon-si\/\" title=\"El mundo no es legible, pero mi corazon si !\">El mundo no es legible, pero mi corazon si !<\/a><\/li>\n                                                                    <li><a href=\"https:\/\/www.sarkis.fr\/en\/1983\/electra\/\" title=\"Electra\">Electra<\/a><\/li>\n                                                                    <li><a href=\"https:\/\/www.sarkis.fr\/en\/2002\/electric-body\/\" title=\"ELECTRIC BODY\">ELECTRIC BODY<\/a><\/li>\n                                                                    <li><a href=\"https:\/\/www.sarkis.fr\/en\/1990\/elle-danse-dans-latelier-de-sarkis-avec-le-quatuor-nd15-de-dmitri-shostakovitch\/\" title=\"Elle danse dans l\u2019atelier de Sarkis avec le Quatuor n\u00b015 de Dmitri Shostakovitch\">Elle danse dans l\u2019atelier de Sarkis avec le Quatuor n\u00b015 de Dmitri Shostakovitch<\/a><\/li>\n                                                                    <li><a href=\"https:\/\/www.sarkis.fr\/en\/2005\/emergency-biennale-in-chechnya\/\" title=\"Emergency Biennale\">Emergency Biennale<\/a><\/li>\n                                                                    <li><a href=\"https:\/\/www.sarkis.fr\/en\/2008\/en-perspective-giacometti\/\" title=\"En perspective, Giacometti\">En perspective, Giacometti<\/a><\/li>\n                                                                    <li><a href=\"https:\/\/www.sarkis.fr\/en\/2005\/encounters-with-munch\/\" title=\"Encounters with Munch\">Encounters with Munch<\/a><\/li>\n                                                                    <li><a href=\"https:\/\/www.sarkis.fr\/en\/2023\/endless\/\" title=\"ENDLESS\">ENDLESS<\/a><\/li>\n                                                                    <li><a href=\"https:\/\/www.sarkis.fr\/en\/1987\/entracte-en-vert-et-rouge\/\" title=\"Entr\u2019acte en vert et rouge\">Entr\u2019acte en vert et rouge<\/a><\/li>\n                                                                    <li><a href=\"https:\/\/www.sarkis.fr\/en\/1980\/esperienza-a-bordeaux\/\" title=\"Esperienza a Bordeaux\">Esperienza a Bordeaux<\/a><\/li>\n                                                                    <li><a href=\"https:\/\/www.sarkis.fr\/en\/1989\/estampes-et-revolution-200-ans-apres\/\" title=\"Estampes et R\u00e9volution 200 ans apr\u00e8s\">Estampes et R\u00e9volution 200 ans apr\u00e8s<\/a><\/li>\n                                                                    <li><a href=\"https:\/\/www.sarkis.fr\/en\/1986\/europalia\/\" title=\"EUROPALIA\">EUROPALIA<\/a><\/li>\n                                                                    <li><a href=\"https:\/\/www.sarkis.fr\/en\/1980\/europe-80\/\" title=\"Europe 80\">Europe 80<\/a><\/li>\n                                                                    <li><a href=\"https:\/\/www.sarkis.fr\/en\/2009\/europe-xxl-istanbul-traversee\/\" title=\"Europe XXL ; Istanbul, Travers\u00e9e\">Europe XXL ; Istanbul, Travers\u00e9e<\/a><\/li>\n                                                                    <li><a href=\"https:\/\/www.sarkis.fr\/en\/2021\/ex-africa\/\" title=\"EX AFRICA\">EX AFRICA<\/a><\/li>\n                                                                    <li><a href=\"https:\/\/www.sarkis.fr\/en\/2014\/ex-voto-dartistes-contemporains\/\" title=\"EX-VOTO, d\u2019artistes contemporains\">EX-VOTO, d\u2019artistes contemporains<\/a><\/li>\n                                                                    <li><a href=\"https:\/\/www.sarkis.fr\/en\/2011\/fabre-inm-fluss\/\" title=\"FABRE INM FLUSS\">FABRE INM FLUSS<\/a><\/li>\n                                                                    <li><a href=\"https:\/\/www.sarkis.fr\/en\/1998\/face-au-silence\/\" title=\"FACE AU SILENCE\">FACE AU SILENCE<\/a><\/li>\n                                                                    <li><a href=\"https:\/\/www.sarkis.fr\/en\/1997\/faxxx-19970\/\" title=\"FAXXX 19970\">FAXXX 19970<\/a><\/li>\n                                                                    <li><a href=\"https:\/\/www.sarkis.fr\/en\/1973\/ferrograph-722-h\/\" title=\"Ferrograph 722 H\">Ferrograph 722 H<\/a><\/li>\n                                                                    <li><a href=\"https:\/\/www.sarkis.fr\/en\/2003\/festival-manca\/\" title=\"Festival Manca\">Festival Manca<\/a><\/li>\n                                                                    <li><a href=\"https:\/\/www.sarkis.fr\/en\/1988\/feu-dartifice-rouille\/\" title=\"Feu d\u2019artifice rouill\u00e9\">Feu d\u2019artifice rouill\u00e9<\/a><\/li>\n                                                                    <li><a href=\"https:\/\/www.sarkis.fr\/en\/2023\/fields-of-forces\/\" title=\"Fields of Forces, Serendipity Art Festival\">Fields of Forces, Serendipity Art Festival<\/a><\/li>\n                                                                    <li><a href=\"https:\/\/www.sarkis.fr\/en\/2002\/films-sarkis\/\" title=\"Films Sarkis\">Films Sarkis<\/a><\/li>\n                                                                    <li><a href=\"https:\/\/www.sarkis.fr\/en\/2025\/five-icons-framed-in-edirne-style-wooden-ornemention\/\" title=\"Five Icons framed in Edirne-style wooden ornemention\">Five Icons framed in Edirne-style wooden ornemention<\/a><\/li>\n                                                                    <li><a href=\"https:\/\/www.sarkis.fr\/en\/2022\/for-robert-walser\/\" title=\"For Robert Walser\">For Robert Walser<\/a><\/li>\n                                                                    <li><a href=\"https:\/\/www.sarkis.fr\/en\/1984\/frac-alsace\/\" title=\"FRAC Alsace\">FRAC Alsace<\/a><\/li>\n                                                                    <li><a href=\"https:\/\/www.sarkis.fr\/en\/2005\/frais-rayons\/\" title=\"Frais Rayons\">Frais Rayons<\/a><\/li>\n                                                                    <li><a href=\"https:\/\/www.sarkis.fr\/en\/1992\/francia-kozelmult\/\" title=\"Francia-K\u00f6zelmult\">Francia-K\u00f6zelmult<\/a><\/li>\n                                                                    <li><a href=\"https:\/\/www.sarkis.fr\/en\/2015\/frieze-master\/\" title=\"Frieze Masters\">Frieze Masters<\/a><\/li>\n                                                                    <li><a href=\"https:\/\/www.sarkis.fr\/en\/1997\/froid-au-dos\/\" title=\"FROID AU DOS\">FROID AU DOS<\/a><\/li>\n                                                                    <li><a href=\"https:\/\/www.sarkis.fr\/en\/1993\/froid-au-dos-2\/\" title=\"Froid, au dos\">Froid, au dos<\/a><\/li>\n                                                                    <li><a href=\"https:\/\/www.sarkis.fr\/en\/1980\/fur-augen-und-ohren\/\" title=\"F\u00fcr Augen und Ohren\">F\u00fcr Augen und Ohren<\/a><\/li>\n                                                                    <li><a href=\"https:\/\/www.sarkis.fr\/en\/2023\/future-lies-ahead-1993-2023\/\" title=\"Future Lies Ahead 1993-2023\">Future Lies Ahead 1993-2023<\/a><\/li>\n                                                                    <li><a href=\"https:\/\/www.sarkis.fr\/en\/1996\/geistersblitz\/\" title=\"Geistersblitz\">Geistersblitz<\/a><\/li>\n                                                                    <li><a href=\"https:\/\/www.sarkis.fr\/en\/1997\/geistesblitz\/\" title=\"GEISTESBLITZ\">GEISTESBLITZ<\/a><\/li>\n                                                                    <li><a href=\"https:\/\/www.sarkis.fr\/en\/1985\/generation-polaroid\/\" title=\"G\u00e9n\u00e9ration Polaro\u00efd\">G\u00e9n\u00e9ration Polaro\u00efd<\/a><\/li>\n                                                                    <li><a href=\"https:\/\/www.sarkis.fr\/en\/2016\/girouettes-paris-et-kunsthal-44-moen-denmark\/\" title=\"Girouettes\">Girouettes<\/a><\/li>\n                                                                    <li><a href=\"https:\/\/www.sarkis.fr\/en\/1983\/gouaches-1961-62-signees-serko\/\" title=\"Gouaches 1961-62 sign\u00e9es Serko\">Gouaches 1961-62 sign\u00e9es Serko<\/a><\/li>\n                                                                    <li><a href=\"https:\/\/www.sarkis.fr\/en\/2017\/gouaches-1963-64\/\" title=\"Gouaches 1963-64\">Gouaches 1963-64<\/a><\/li>\n                                                                    <li><a href=\"https:\/\/www.sarkis.fr\/en\/2021\/gr2021\/\" title=\"GR2021\">GR2021<\/a><\/li>\n                                                                    <li><a href=\"https:\/\/www.sarkis.fr\/en\/1974\/1974-gun-metal\/\" title=\"Gun Metal\">Gun Metal<\/a><\/li>\n                                                                    <li><a href=\"https:\/\/www.sarkis.fr\/en\/1975\/gun-metal-2-blackout-7\/\" title=\"Gun Metal 2 BLACKOUT 7\">Gun Metal 2 BLACKOUT 7<\/a><\/li>\n                                                                    <li><a href=\"https:\/\/www.sarkis.fr\/en\/1978\/hammerauesstellung\/\" title=\"HammerAuesstellung\">HammerAuesstellung<\/a><\/li>\n                                                                    <li><a href=\"https:\/\/www.sarkis.fr\/en\/1981\/hammeraustellung-ii\/\" title=\"HammerAustellung II\">HammerAustellung II<\/a><\/li>\n                                                                    <li><a href=\"https:\/\/www.sarkis.fr\/en\/1991\/heimat\/\" title=\"Heimat\">Heimat<\/a><\/li>\n                                                                    <li><a href=\"https:\/\/www.sarkis.fr\/en\/1997\/here-the-light-is-immense\/\" title=\"here the light is immense\">here the light is immense<\/a><\/li>\n                                                                    <li><a href=\"https:\/\/www.sarkis.fr\/en\/1997\/here-the-night-is-immense\/\" title=\"here the night is immense\">here the night is immense<\/a><\/li>\n                                                                    <li><a href=\"https:\/\/www.sarkis.fr\/en\/1989\/histoires-de-musee\/\" title=\"Histoires de Mus\u00e9e\">Histoires de Mus\u00e9e<\/a><\/li>\n                                                                    <li><a href=\"https:\/\/www.sarkis.fr\/en\/1984\/hommage-a-felix-handschin\/\" title=\"Hommage \u00e0 Felix Handschin\">Hommage \u00e0 Felix Handschin<\/a><\/li>\n                                                                    <li><a href=\"https:\/\/www.sarkis.fr\/en\/1989\/hommage-a-la-declaration-universelle-des-droits-de-lhomme-oeuvres-sur-papier-dartistes-des-cinq-continents\/\" title=\"Hommage \u00e0 la D\u00e9claration Universelle des Droits de l\u2019Homme, \u0152uvres sur papier d\u2019artistes des cinq continents\">Hommage \u00e0 la D\u00e9claration Universelle des Droits de l\u2019Homme, \u0152uvres sur papier d\u2019artistes des cinq continents<\/a><\/li>\n                                                                    <li><a href=\"https:\/\/www.sarkis.fr\/en\/2017\/hong-kong-basel\/\" title=\"Hong Kong Basel\">Hong Kong Basel<\/a><\/li>\n                                                                    <li><a href=\"https:\/\/www.sarkis.fr\/en\/2011\/hotel-sarkis\/\" title=\"HOTEL SARKIS\">HOTEL SARKIS<\/a><\/li>\n                                                                    <li><a href=\"https:\/\/www.sarkis.fr\/en\/2019\/hrant-dink-museum-of-memory\/\" title=\"Hrant Dink Museum of Memory\">Hrant Dink Museum of Memory<\/a><\/li>\n                                                                    <li><a href=\"https:\/\/www.sarkis.fr\/en\/1978\/ib-braase-ragna-braase-rosita-dewez-osman-sarkis-parterre\/\" title=\"Ib Braase Ragna Braase Rosita Dewez Osman Sarkis PARTERRE\">Ib Braase Ragna Braase Rosita Dewez Osman Sarkis PARTERRE<\/a><\/li>\n                                                                    <li><a href=\"https:\/\/www.sarkis.fr\/en\/1977\/ib-braase-sarkis-dewez\/\" title=\"Ib Braase, Sarkis, Dewez\">Ib Braase, Sarkis, Dewez<\/a><\/li>\n                                                                    <li><a href=\"https:\/\/www.sarkis.fr\/en\/2004\/ici-la-nuit-verte-est-immense\/\" title=\"Ici la nuit verte est immense\">Ici la nuit verte est immense<\/a><\/li>\n                                                                    <li><a href=\"https:\/\/www.sarkis.fr\/en\/2013\/ici-ailleurs\/\" title=\"ICI, AILLEURS\">ICI, AILLEURS<\/a><\/li>\n                                                                    <li><a href=\"https:\/\/www.sarkis.fr\/en\/2021\/icons\/\" title=\"ICONS\">ICONS<\/a><\/li>\n                                                                    <li><a href=\"https:\/\/www.sarkis.fr\/en\/1976\/identite-identification\/\" title=\"Identit\u00e9 \/ Identification\">Identit\u00e9 \/ Identification<\/a><\/li>\n                                                                    <li><a href=\"https:\/\/www.sarkis.fr\/en\/2002\/ii\/\" title=\"II\">II<\/a><\/li>\n                                                                    <li><a href=\"https:\/\/www.sarkis.fr\/en\/1989\/ii-biennale-distanbul\/\" title=\"II Biennale d&#8217;Istanbul\">II Biennale d&#8217;Istanbul<\/a><\/li>\n                                                                    <li><a href=\"https:\/\/www.sarkis.fr\/en\/2013\/ikiztwin\/\" title=\"Ikiz\/Twin\">Ikiz\/Twin<\/a><\/li>\n                                                                    <li><a href=\"https:\/\/www.sarkis.fr\/en\/2007\/ikonen\/\" title=\"IKONEN\">IKONEN<\/a><\/li>\n                                                                    <li><a href=\"https:\/\/www.sarkis.fr\/en\/2002\/ikones-dans-la-chapelle\/\" title=\"Ikones dans la Chapelle\">Ikones dans la Chapelle<\/a><\/li>\n                                                                    <li><a href=\"https:\/\/www.sarkis.fr\/en\/2016\/il-grido\/\" title=\"Il Grido\">Il Grido<\/a><\/li>\n                                                                    <li><a href=\"https:\/\/www.sarkis.fr\/en\/1980\/ils-se-disent-peintres-ils-se-disent-photographes\/\" title=\"Ils se disent peintres, ils se disent photographes\">Ils se disent peintres, ils se disent photographes<\/a><\/li>\n                                                                    <li><a href=\"https:\/\/www.sarkis.fr\/en\/1978\/impregne-de-rouge-et-de-vert-le-peintre-en-batiment-parle-des-grandes-epoques-qui-viennent\/\" title=\"Impr\u00e9gn\u00e9 de Rouge et de Vert le peintre en b\u00e2timent parle des grandes \u00e9poques qui viennent\">Impr\u00e9gn\u00e9 de Rouge et de Vert le peintre en b\u00e2timent parle des grandes \u00e9poques qui viennent<\/a><\/li>\n                                                                    <li><a href=\"https:\/\/www.sarkis.fr\/en\/2003\/in-den-schluchten-des-balkan\/\" title=\"IN DEN SCHLUCHTEN DES BALKAN\">IN DEN SCHLUCHTEN DES BALKAN<\/a><\/li>\n                                                                    <li><a href=\"https:\/\/www.sarkis.fr\/en\/2018\/in-the-beginning-dazzling-night\/\" title=\"In the beginning dazzling night\">In the beginning dazzling night<\/a><\/li>\n                                                                    <li><a href=\"https:\/\/www.sarkis.fr\/en\/2007\/inclinaison\/\" title=\"Inclinaison\">Inclinaison<\/a><\/li>\n                                                                    <li><a href=\"https:\/\/www.sarkis.fr\/en\/2016\/indices-dorient\/\" title=\"INDICES D\u2019ORIENT\">INDICES D\u2019ORIENT<\/a><\/li>\n                                                                    <li><a href=\"https:\/\/www.sarkis.fr\/en\/2025\/infini-croisement-des-details-avec-sa-mesure-en-lumiere\/\" title=\"Infini croisement des d\u00e9tails avec sa mesure en lumi\u00e8re\">Infini croisement des d\u00e9tails avec sa mesure en lumi\u00e8re<\/a><\/li>\n                                                                    <li><a href=\"https:\/\/www.sarkis.fr\/en\/2011\/inquietantes-etrangetes\/\" title=\"Inqui\u00e9tantes \u00e9tranget\u00e9s\">Inqui\u00e9tantes \u00e9tranget\u00e9s<\/a><\/li>\n                                                                    <li><a href=\"https:\/\/www.sarkis.fr\/en\/1996\/installations-sculptures\/\" title=\"Installations &#038; Sculptures\">Installations &#038; Sculptures<\/a><\/li>\n                                                                    <li><a href=\"https:\/\/www.sarkis.fr\/en\/2012\/intense-proximite\/\" title=\"Intense Proximit\u00e9\">Intense Proximit\u00e9<\/a><\/li>\n                                                                    <li><a href=\"https:\/\/www.sarkis.fr\/en\/2018\/interieurs-avec-eugene-leroy\/\" title=\"INTERIEURS (avec Eug\u00e8ne Leroy)\">INTERIEURS (avec Eug\u00e8ne Leroy)<\/a><\/li>\n                                                                    <li><a href=\"https:\/\/www.sarkis.fr\/en\/1999\/international-film-festival-rotterdam\/\" title=\"International Film Festival Rotterdam\">International Film Festival Rotterdam<\/a><\/li>\n                                                                    <li><a href=\"https:\/\/www.sarkis.fr\/en\/2013\/interpretation-of-cage-ryoanji\/\" title=\"Interpretation of Cage\/Ryoanji\">Interpretation of Cage\/Ryoanji<\/a><\/li>\n                                                                    <li><a href=\"https:\/\/www.sarkis.fr\/en\/1994\/introduction-a-lexposition-de-sarkis-aux-ecuries-saint-hugues\/\" title=\"Introduction \u00e0 l\u2019exposition de Sarkis aux Ecuries Saint-Hugues\">Introduction \u00e0 l\u2019exposition de Sarkis aux Ecuries Saint-Hugues<\/a><\/li>\n                                                                    <li><a href=\"https:\/\/www.sarkis.fr\/en\/1997\/introduction-coloree-faux-mouvement\/\" title=\"Introduction color\u00e9e, Faux Mouvement\">Introduction color\u00e9e, Faux Mouvement<\/a><\/li>\n                                                                    <li><a href=\"https:\/\/www.sarkis.fr\/en\/2021\/inventaire\/\" title=\"Inventaire\">Inventaire<\/a><\/li>\n                                                                    <li><a href=\"https:\/\/www.sarkis.fr\/en\/2019\/inviting\/\" title=\"Inviting\">Inviting<\/a><\/li>\n                                                                    <li><a href=\"https:\/\/www.sarkis.fr\/en\/1999\/iskorpit\/\" title=\"ISKORPIT\">ISKORPIT<\/a><\/li>\n                                                                    <li><a href=\"https:\/\/www.sarkis.fr\/en\/1998\/iskorpit-actuelle-kunst-aus-istanbul\/\" title=\"ISKORPIT (Actuelle Kunst aus Istanbul)\">ISKORPIT (Actuelle Kunst aus Istanbul)<\/a><\/li>\n                                                                    <li><a href=\"https:\/\/www.sarkis.fr\/en\/2015\/istanbul-passion-joy-fury\/\" title=\"ISTANBUL PASSION JOY FURY\">ISTANBUL PASSION JOY FURY<\/a><\/li>\n                                                                    <li><a href=\"https:\/\/www.sarkis.fr\/en\/1985\/joyeux-anniversaire\/\" title=\"Joyeux Anniversaire\">Joyeux Anniversaire<\/a><\/li>\n                                                                    <li><a href=\"https:\/\/www.sarkis.fr\/en\/1993\/juxtapositions\/\" title=\"Juxtapositions\">Juxtapositions<\/a><\/li>\n                                                                    <li><a href=\"https:\/\/www.sarkis.fr\/en\/1981\/k\/\" title=\"K\">K<\/a><\/li>\n                                                                    <li><a href=\"https:\/\/www.sarkis.fr\/en\/2001\/karisik-retrospektif\/\" title=\"karisik retrospektif\">karisik retrospektif<\/a><\/li>\n                                                                    <li><a href=\"https:\/\/www.sarkis.fr\/en\/1995\/klangskulpturen-augenmusik\/\" title=\"Klangskulpturen Augenmusik\">Klangskulpturen Augenmusik<\/a><\/li>\n                                                                    <li><a href=\"https:\/\/www.sarkis.fr\/en\/1978\/kriegsschatz-klassenkrieg\/\" title=\"KRIEGSSCHATZ KLASSENKRIEG\">KRIEGSSCHATZ KLASSENKRIEG<\/a><\/li>\n                                                                    <li><a href=\"https:\/\/www.sarkis.fr\/en\/1999\/kronos-kairos\/\" title=\"KRONOS &#038; KAIROS\">KRONOS &#038; KAIROS<\/a><\/li>\n                                                                    <li><a href=\"https:\/\/www.sarkis.fr\/en\/1996\/kunsten-soger-hjem-art-at-home\/\" title=\"Kunsten soger hjem (Art at home)\">Kunsten soger hjem (Art at home)<\/a><\/li>\n                                                                    <li><a href=\"https:\/\/www.sarkis.fr\/en\/1980\/kunstler-bucher\/\" title=\"Kunstler B\u00fccher\">Kunstler B\u00fccher<\/a><\/li>\n                                                                    <li><a href=\"https:\/\/www.sarkis.fr\/en\/1986\/kunstlerschallplatten\/\" title=\"K\u00fcnstlerschallplatten\">K\u00fcnstlerschallplatten<\/a><\/li>\n                                                                    <li><a href=\"https:\/\/www.sarkis.fr\/en\/2009\/l-ouverture\/\" title=\"L&#8217;ouverture\">L&#8217;ouverture<\/a><\/li>\n                                                                    <li><a href=\"https:\/\/www.sarkis.fr\/en\/2000\/lange-qui-ecoute-loratorio-de-noel-de-j-s-bach\/\" title=\"L\u2019ange qui \u00e9coute l\u2019Oratorio de No\u00ebl de J.S.Bach\">L\u2019ange qui \u00e9coute l\u2019Oratorio de No\u00ebl de J.S.Bach<\/a><\/li>\n                                                                    <li><a href=\"https:\/\/www.sarkis.fr\/en\/1997\/larrivee-des-images-aux-poternes-a-phalsbourg\/\" title=\"L\u2019arriv\u00e9e des images aux \u00ab Poternes \u00bb \u00e0 Phalsbourg\">L\u2019arriv\u00e9e des images aux \u00ab Poternes \u00bb \u00e0 Phalsbourg<\/a><\/li>\n                                                                    <li><a href=\"https:\/\/www.sarkis.fr\/en\/1995\/l-arrivee-des-images-et-l-envolee-d-agra-a-verdun\/\" title=\"L\u2019arriv\u00e9e des images et L\u2019envol\u00e9e d\u2019Agra \u00e0 Verdun.\">L\u2019arriv\u00e9e des images et L\u2019envol\u00e9e d\u2019Agra \u00e0 Verdun.<\/a><\/li>\n                                                                    <li><a href=\"https:\/\/www.sarkis.fr\/en\/2008\/lart-contemporain-de-georges-perec\/\" title=\"L\u2019art contemporain de Georges Perec\">L\u2019art contemporain de Georges Perec<\/a><\/li>\n                                                                    <li><a href=\"https:\/\/www.sarkis.fr\/en\/2018\/lart-du-dessin\/\" title=\"L\u2019art du dessin\">L\u2019art du dessin<\/a><\/li>\n                                                                    <li><a href=\"https:\/\/www.sarkis.fr\/en\/1989\/lart-en-france-un-siecle-dinventions\/\" title=\"L\u2019Art en France, un si\u00e8cle d\u2019inventions\">L\u2019Art en France, un si\u00e8cle d\u2019inventions<\/a><\/li>\n                                                                    <li><a href=\"https:\/\/www.sarkis.fr\/en\/1988\/lart-moderne-a-marseille-la-collection-du-musee-cantini\/\" title=\"L\u2019art moderne \u00e0 Marseille, la collection du Mus\u00e9e Cantini\">L\u2019art moderne \u00e0 Marseille, la collection du Mus\u00e9e Cantini<\/a><\/li>\n                                                                    <li><a href=\"https:\/\/www.sarkis.fr\/en\/2016\/latelier-aquarelle-dans-leau\/\" title=\"L\u2019Atelier Aquarelle dans l\u2019Eau\">L\u2019Atelier Aquarelle dans l\u2019Eau<\/a><\/li>\n                                                                    <li><a href=\"https:\/\/www.sarkis.fr\/en\/2016\/latelier-daquarelle-dans-leau\/\" title=\"L\u2019atelier d\u2019aquarelle dans l\u2019eau\">L\u2019atelier d\u2019aquarelle dans l\u2019eau<\/a><\/li>\n                                                                    <li><a href=\"https:\/\/www.sarkis.fr\/en\/2004\/latelier-daquarelle-dans-leau-2\/\" title=\"l\u2019Atelier d\u2019Aquarelle dans l\u2019Eau\">l\u2019Atelier d\u2019Aquarelle dans l\u2019Eau<\/a><\/li>\n                                                                    <li><a href=\"https:\/\/www.sarkis.fr\/en\/2000\/latelier-depuis-19380-le-cri-xx\/\" title=\"L\u2019atelier depuis 19380-LE CRI XX\">L\u2019atelier depuis 19380-LE CRI XX<\/a><\/li>\n                                                                    <li><a href=\"https:\/\/www.sarkis.fr\/en\/2003\/latterrissage-adagio-et-latelier-daquarelle-dans-leau\/\" title=\"L\u2019atterrissage, adagio et L\u2019atelier d\u2019aquarelle dans l\u2019eau\">L\u2019atterrissage, adagio et L\u2019atelier d\u2019aquarelle dans l\u2019eau<\/a><\/li>\n                                                                    <li><a href=\"https:\/\/www.sarkis.fr\/en\/2018\/laventure-de-la-couleur\/\" title=\"L\u2019aventure de la couleur\">L\u2019aventure de la couleur<\/a><\/li>\n                                                                    <li><a href=\"https:\/\/www.sarkis.fr\/en\/1996\/lecart\/\" title=\"L\u2019ECART\">L\u2019ECART<\/a><\/li>\n                                                                    <li><a href=\"https:\/\/www.sarkis.fr\/en\/1999\/lecho-de-ma-05n-a-partir-de-19380\/\" title=\"l\u2019\u00e9cho de ma main (\u00e0 partir de 19380)\">l\u2019\u00e9cho de ma main (\u00e0 partir de 19380)<\/a><\/li>\n                                                                    <li><a href=\"https:\/\/www.sarkis.fr\/en\/2009\/lete-photographique-de-lectoure\/\" title=\"L\u2019\u00e9t\u00e9 photographique de Lectoure\">L\u2019\u00e9t\u00e9 photographique de Lectoure<\/a><\/li>\n                                                                    <li><a href=\"https:\/\/www.sarkis.fr\/en\/2004\/leveil-1-volet\/\" title=\"L\u2019\u00e9veil (1.volet)\">L\u2019\u00e9veil (1.volet)<\/a><\/li>\n                                                                    <li><a href=\"https:\/\/www.sarkis.fr\/en\/2005\/lhomme-est-seul-mon-atelier-depuis-19380\/\" title=\"L\u2019homme est seul, (Mon Atelier depuis 19380)\">L\u2019homme est seul, (Mon Atelier depuis 19380)<\/a><\/li>\n                                                                    <li><a href=\"https:\/\/www.sarkis.fr\/en\/2004\/l-homme-qui-essayait-d-attraper-la-lumiere\/\" title=\"L\u2019homme qui essayait d\u2019attraper la lumi\u00e8re\">L\u2019homme qui essayait d\u2019attraper la lumi\u00e8re<\/a><\/li>\n                                                                    <li><a href=\"https:\/\/www.sarkis.fr\/en\/1996\/l-humaine-condition\/\" title=\"L\u2019humaine condition\">L\u2019humaine condition<\/a><\/li>\n                                                                    <li><a href=\"https:\/\/www.sarkis.fr\/en\/1985\/loeil-musicien\/\" title=\"L\u2019\u0152il Musicien\">L\u2019\u0152il Musicien<\/a><\/li>\n                                                                    <li><a href=\"https:\/\/www.sarkis.fr\/en\/1987\/la-coleccion-sonnabend\/\" title=\"La Coleccion Sonnabend\">La Coleccion Sonnabend<\/a><\/li>\n                                                                    <li><a href=\"https:\/\/www.sarkis.fr\/en\/2018\/la-culture-visuelle-de-lextreme-gauche-en-france-1968-1974-images-en-lutte\/\" title=\"La culture visuelle de l&#8217;extr\u00eame gauche en France 1968 -1974\">La culture visuelle de l&#8217;extr\u00eame gauche en France 1968 -1974<\/a><\/li>\n                                                                    <li><a href=\"https:\/\/www.sarkis.fr\/en\/1973\/la-drama-of-the-tempest\/\" title=\"La Drama of the Tempest\">La Drama of the Tempest<\/a><\/li>\n                                                                    <li><a href=\"https:\/\/www.sarkis.fr\/en\/1974\/1974-la-drama-of-the-tempest\/\" title=\"La Drama of the Tempest avec la Suite de l\u2019Op\u00e9ration Organe avec les Armes de Saint-Etienne avec l\u2019Atelier-Habitation ou D\u00e9p\u00f4t d\u2019Armes de la rue Vergniaud avec presque toutes les pi\u00e8ces CLASSEes avec les disques camoufl\u00e9s&#8230; de Sarkis Zabunyan\">La Drama of the Tempest avec la Suite de l\u2019Op\u00e9ration Organe avec les Armes de Saint-Etienne avec l\u2019Atelier-Habitation ou D\u00e9p\u00f4t d\u2019Armes de la rue Vergniaud avec presque toutes les pi\u00e8ces CLASSEes avec les disques camoufl\u00e9s&#8230; de Sarkis Zabunyan<\/a><\/li>\n                                                                    <li><a href=\"https:\/\/www.sarkis.fr\/en\/1974\/1974-la-drama-of-the-tempesta\/\" title=\"La Drama of the Tempesta.\">La Drama of the Tempesta.<\/a><\/li>\n                                                                    <li><a href=\"https:\/\/www.sarkis.fr\/en\/1965\/la-figuration-narrative-dans-lart-contemporain\/\" title=\"La Figuration Narrative dans l\u2019Art Contemporain\">La Figuration Narrative dans l\u2019Art Contemporain<\/a><\/li>\n                                                                    <li><a href=\"https:\/\/www.sarkis.fr\/en\/1984\/1984-la-fin-des-siecles-le-debut-des-siecles\/\" title=\"La Fin des Si\u00e8cles, Le D\u00e9but des Si\u00e8cles\">La Fin des Si\u00e8cles, Le D\u00e9but des Si\u00e8cles<\/a><\/li>\n                                                                    <li><a href=\"https:\/\/www.sarkis.fr\/en\/2006\/la-force-de-lart\/\" title=\"La Force de l\u2019Art\">La Force de l\u2019Art<\/a><\/li>\n                                                                    <li><a href=\"https:\/\/www.sarkis.fr\/en\/2000\/la-frontiere-en-tete\/\" title=\"La fronti\u00e8re en t\u00eate\">La fronti\u00e8re en t\u00eate<\/a><\/li>\n                                                                    <li><a href=\"https:\/\/www.sarkis.fr\/en\/2014\/la-guirlande-du-4-12\/\" title=\"La Guirlande du 4 12\">La Guirlande du 4 12<\/a><\/li>\n                                                                    <li><a href=\"https:\/\/www.sarkis.fr\/en\/2023\/__trashed\/\" title=\"La Nuit Blanche\">La Nuit Blanche<\/a><\/li>\n                                                                    <li><a href=\"https:\/\/www.sarkis.fr\/en\/1993\/la-parole-haute\/\" title=\"La parole haute\">La parole haute<\/a><\/li>\n                                                                    <li><a href=\"https:\/\/www.sarkis.fr\/en\/2000\/la-sante-des-restes\/\" title=\"la sant\u00e9 des restes\">la sant\u00e9 des restes<\/a><\/li>\n                                                                    <li><a href=\"https:\/\/www.sarkis.fr\/en\/1988\/la-source-eclaire-toujours\/\" title=\"La Source \u00e9claire toujours\">La Source \u00e9claire toujours<\/a><\/li>\n                                                                    <li><a href=\"https:\/\/www.sarkis.fr\/en\/2007\/la-suite-des-innocents\/\" title=\"La Suite des Innocents\">La Suite des Innocents<\/a><\/li>\n                                                                    <li><a href=\"https:\/\/www.sarkis.fr\/en\/2010\/la-tragedie-du-roi-richard-ii-scenographie-de-sarkis\/\" title=\"La Trag\u00e9die du roi Richard II\">La Trag\u00e9die du roi Richard II<\/a><\/li>\n                                                                    <li><a href=\"https:\/\/www.sarkis.fr\/en\/2004\/la-vie-de-lolivier-avec-manuel-paoli\/\" title=\"La vie de l\u2019olivier (avec Manuel Paoli)\">La vie de l\u2019olivier (avec Manuel Paoli)<\/a><\/li>\n                                                                    <li><a href=\"https:\/\/www.sarkis.fr\/en\/1997\/la-visite-galerie-de-zaal\/\" title=\"La visite Galerie de Zaal\">La visite Galerie de Zaal<\/a><\/li>\n                                                                    <li><a href=\"https:\/\/www.sarkis.fr\/en\/1999\/la-voix\/\" title=\"La Voix\">La Voix<\/a><\/li>\n                                                                    <li><a href=\"https:\/\/www.sarkis.fr\/en\/2008\/landscape-forever-2008-museum-boijmans-van-beuningen-rotterdam\/\" title=\"Landscape Forever\">Landscape Forever<\/a><\/li>\n                                                                    <li><a href=\"https:\/\/www.sarkis.fr\/en\/2008\/landscape-forever\/\" title=\"Landscape Forever\">Landscape Forever<\/a><\/li>\n                                                                    <li><a href=\"https:\/\/www.sarkis.fr\/en\/2018\/large-meadow\/\" title=\"Large Meadow\">Large Meadow<\/a><\/li>\n                                                                    <li><a href=\"https:\/\/www.sarkis.fr\/en\/1987\/le-bateau-ivre-navigue-dans-le-corps-de-la-sculpture\/\" title=\"Le Bateau Ivre navigue dans le corps de la Sculpture\">Le Bateau Ivre navigue dans le corps de la Sculpture<\/a><\/li>\n                                                                    <li><a href=\"https:\/\/www.sarkis.fr\/en\/2024\/le-container-eden\/\" title=\"Le Container EDEN\">Le Container EDEN<\/a><\/li>\n                                                                    <li><a href=\"https:\/\/www.sarkis.fr\/en\/2009\/le-cri-du-paysage\/\" title=\"Le cri du paysage\">Le cri du paysage<\/a><\/li>\n                                                                    <li><a href=\"https:\/\/www.sarkis.fr\/en\/1993\/le-decalage-entre-la-lumiere-de-leclair-et-le-bruit-du-tonnerre\/\" title=\"Le d\u00e9calage entre la lumi\u00e8re de l\u2019\u00e9clair et le bruit du tonnerre\">Le d\u00e9calage entre la lumi\u00e8re de l\u2019\u00e9clair et le bruit du tonnerre<\/a><\/li>\n                                                                    <li><a href=\"https:\/\/www.sarkis.fr\/en\/2000\/le-defile-du-siecle-en-fluo\/\" title=\"Le d\u00e9fil\u00e9 du si\u00e8cle en fluo\">Le d\u00e9fil\u00e9 du si\u00e8cle en fluo<\/a><\/li>\n                                                                    <li><a href=\"https:\/\/www.sarkis.fr\/en\/1985\/le-departement-des-kornemuses-avec-michel-aubry\/\" title=\"Le D\u00e9partement des Kornemuses (avec Michel Aubry)\">Le D\u00e9partement des Kornemuses (avec Michel Aubry)<\/a><\/li>\n                                                                    <li><a href=\"https:\/\/www.sarkis.fr\/en\/2002\/le-diaphane-lobscur\/\" title=\"Le Diaphane &#038; l\u2019Obscur\">Le Diaphane &#038; l\u2019Obscur<\/a><\/li>\n                                                                    <li><a href=\"https:\/\/www.sarkis.fr\/en\/1989\/le-forgeron-en-masque-de-sarkis-en-rouge-et-vert-regarde-latelier-de-antoine-wiertz\/\" title=\"Le Forgeron en masque de Sarkis en rouge et vert regarde l\u2019Atelier de Antoine Wiertz\">Le Forgeron en masque de Sarkis en rouge et vert regarde l\u2019Atelier de Antoine Wiertz<\/a><\/li>\n                                                                    <li><a href=\"https:\/\/www.sarkis.fr\/en\/1993\/le-forgeron-en-masque-de-sarkis-en-rouge-et-vert-hommage-a-walter-benjamin\/\" title=\"Le forgeron en masque de Sarkis en rouge et vert, Hommage \u00e0 Walter Benjamin\">Le forgeron en masque de Sarkis en rouge et vert, Hommage \u00e0 Walter Benjamin<\/a><\/li>\n                                                                    <li><a href=\"https:\/\/www.sarkis.fr\/en\/1989\/le-forgeron-en-masque-de-sarkis-rouge-et-vert-visite-autun\/\" title=\"Le Forgeron en masque de Sarkis, rouge et vert, visite Autun\">Le Forgeron en masque de Sarkis, rouge et vert, visite Autun<\/a><\/li>\n                                                                    <li><a href=\"https:\/\/www.sarkis.fr\/en\/1971\/1971-le-iiieme-reich-des-origines-a-la-chute\/\" title=\"Le III\u00e8me Reich des origines \u00e0 la chute\">Le III\u00e8me Reich des origines \u00e0 la chute<\/a><\/li>\n                                                                    <li><a href=\"https:\/\/www.sarkis.fr\/en\/1993\/le-milieu-du-monde\/\" title=\"Le milieu du monde\">Le milieu du monde<\/a><\/li>\n                                                                    <li><a href=\"https:\/\/www.sarkis.fr\/en\/2002\/le-monde-est-illisible-mon-coeur-si\/\" title=\"Le monde est illisible, mon c\u0153ur si\">Le monde est illisible, mon c\u0153ur si<\/a><\/li>\n                                                                    <li><a href=\"https:\/\/www.sarkis.fr\/en\/2020\/le-mural-nomade\/\" title=\"Le Mural Nomade\">Le Mural Nomade<\/a><\/li>\n                                                                    <li><a href=\"https:\/\/www.sarkis.fr\/en\/1977\/le-peintre-en-batiment-parle-des-grandes-epoques-qui-viennent-dapres-bertold-brecht\/\" title=\"Le Peintre en b\u00e2timent parle des grandes \u00e9poques qui viennent (d\u2019apr\u00e8s Bertold Brecht)\">Le Peintre en b\u00e2timent parle des grandes \u00e9poques qui viennent (d\u2019apr\u00e8s Bertold Brecht)<\/a><\/li>\n                                                                    <li><a href=\"https:\/\/www.sarkis.fr\/en\/1989\/le-pont-des-travailleurs-en-rouge-et-vert\/\" title=\"Le Pont des Travailleurs en Rouge et Vert\">Le Pont des Travailleurs en Rouge et Vert<\/a><\/li>\n                                                                    <li><a href=\"https:\/\/www.sarkis.fr\/en\/2004\/2004-le-reflet-et-le-sublime\/\" title=\"Le reflet et le sublime, Erevan\">Le reflet et le sublime, Erevan<\/a><\/li>\n                                                                    <li><a href=\"https:\/\/www.sarkis.fr\/en\/2000\/le-regard\/\" title=\"Le regard\">Le regard<\/a><\/li>\n                                                                    <li><a href=\"https:\/\/www.sarkis.fr\/en\/2026\/le-regard-tapko-the-place-1992-2026\/\" title=\"Le Regard, Tapko &#8211; The Place, 1992-2026\">Le Regard, Tapko &#8211; The Place, 1992-2026<\/a><\/li>\n                                                                    <li><a href=\"https:\/\/www.sarkis.fr\/en\/1980\/le-reve-du-jour-et-de-nuit-du-peintre-en-batiment\/\" title=\"Le R\u00eave du Jour et de Nuit du Peintre en B\u00e2timent\">Le R\u00eave du Jour et de Nuit du Peintre en B\u00e2timent<\/a><\/li>\n                                                                    <li><a href=\"https:\/\/www.sarkis.fr\/en\/2018\/le-rouge-des-villes-et-des-forets\/\" title=\"Le Rouge des villes et des f\u00f4rets\">Le Rouge des villes et des f\u00f4rets<\/a><\/li>\n                                                                    <li><a href=\"https:\/\/www.sarkis.fr\/en\/1994\/le-saut-dans-le-vide\/\" title=\"Le saut dans le vide\">Le saut dans le vide<\/a><\/li>\n                                                                    <li><a href=\"https:\/\/www.sarkis.fr\/en\/1980\/le-silence-eclaire-de-blackout\/\" title=\"Le Silence Eclair\u00e9 de Blackout\">Le Silence Eclair\u00e9 de Blackout<\/a><\/li>\n                                                                    <li><a href=\"https:\/\/www.sarkis.fr\/en\/1980\/le-silence-eclaire-du-blackout\/\" title=\"Le Silence \u00e9clair\u00e9 du Blackout\">Le Silence \u00e9clair\u00e9 du Blackout<\/a><\/li>\n                                                                    <li><a href=\"https:\/\/www.sarkis.fr\/en\/2020\/le-sol-en-kintsugi\/\" title=\"Le sol en Kintsugi\">Le sol en Kintsugi<\/a><\/li>\n                                                                    <li><a href=\"https:\/\/www.sarkis.fr\/en\/2004\/le-souffle-de-sache-a-villejuif\/\" title=\"Le Souffle (de Sach\u00e9 \u00e0 Villejuif)\">Le Souffle (de Sach\u00e9 \u00e0 Villejuif)<\/a><\/li>\n                                                                    <li><a href=\"https:\/\/www.sarkis.fr\/en\/2022\/le-tour-du-jour-en-quatre-vingts-mondes\/\" title=\"Le Tour\u00a0du\u00a0jour\u00a0en\u00a0quatre-vingts\u00a0mondes\">Le Tour\u00a0du\u00a0jour\u00a0en\u00a0quatre-vingts\u00a0mondes<\/a><\/li>\n                                                                    <li><a href=\"https:\/\/www.sarkis.fr\/en\/2003\/le-tresor-de-la-mnemosyne\/\" title=\"Le Tr\u00e9sor de la Mn\u00e9mosyne\">Le Tr\u00e9sor de la Mn\u00e9mosyne<\/a><\/li>\n                                                                    <li><a href=\"https:\/\/www.sarkis.fr\/en\/1982\/le-voyage-de-la-sculpture-du-pecheur-en-monte-charge\/\" title=\"Le Voyage de la Sculpture du P\u00eacheur en Monte-charge\">Le Voyage de la Sculpture du P\u00eacheur en Monte-charge<\/a><\/li>\n                                                                    <li><a href=\"https:\/\/www.sarkis.fr\/en\/2000\/le-voyage-mental\/\" title=\"Le Voyage mental\">Le Voyage mental<\/a><\/li>\n                                                                    <li><a href=\"https:\/\/www.sarkis.fr\/en\/2002\/le-voyage-le-soleil-lobscurite\/\" title=\"Le voyage. Le soleil. L&#8217;obscurit\u00e9.\">Le voyage. Le soleil. L&#8217;obscurit\u00e9.<\/a><\/li>\n                                                                    <li><a href=\"https:\/\/www.sarkis.fr\/en\/1993\/leidschatz\/\" title=\"Leidschatz\">Leidschatz<\/a><\/li>\n                                                                    <li><a href=\"https:\/\/www.sarkis.fr\/en\/2008\/les-tresors-de-guerre-sont-ils-sacres\/\" title=\"Les \u00ab Tr\u00e9sors de guerre \u00bb sont-ils sacr\u00e9s ?\">Les \u00ab Tr\u00e9sors de guerre \u00bb sont-ils sacr\u00e9s ?<\/a><\/li>\n                                                                    <li><a href=\"https:\/\/www.sarkis.fr\/en\/1991\/les-12-coins-du-monde\/\" title=\"Les 12 coins du monde\">Les 12 coins du monde<\/a><\/li>\n                                                                    <li><a href=\"https:\/\/www.sarkis.fr\/en\/1990\/les-13-ikones-en-aquarelle-et-neon\/\" title=\"Les 13 Ik\u00f4nes en aquarelle et n\u00e9on\">Les 13 Ik\u00f4nes en aquarelle et n\u00e9on<\/a><\/li>\n                                                                    <li><a href=\"https:\/\/www.sarkis.fr\/en\/1994\/les-7-tresors-de-guerre-de-la-reunion\/\" title=\"Les 7 Tr\u00e9sors de Guerre de La R\u00e9union\">Les 7 Tr\u00e9sors de Guerre de La R\u00e9union<\/a><\/li>\n                                                                    <li><a href=\"https:\/\/www.sarkis.fr\/en\/2019\/les-abeilles-de-linvisible\/\" title=\"Les Abeilles de l&#8217;Invisible\">Les Abeilles de l&#8217;Invisible<\/a><\/li>\n                                                                    <li><a href=\"https:\/\/www.sarkis.fr\/en\/2022\/les-anges-de-beppu\/\" title=\"Les Anges de Beppu\">Les Anges de Beppu<\/a><\/li>\n                                                                    <li><a href=\"https:\/\/www.sarkis.fr\/en\/2002\/les-annees-70-lart-en-cause\/\" title=\"Les ann\u00e9es 70, l\u2019art en cause\">Les ann\u00e9es 70, l\u2019art en cause<\/a><\/li>\n                                                                    <li><a href=\"https:\/\/www.sarkis.fr\/en\/2022\/les-ateliers-brules\/\" title=\"Les Ateliers br\u00fbl\u00e9s\">Les Ateliers br\u00fbl\u00e9s<\/a><\/li>\n                                                                    <li><a href=\"https:\/\/www.sarkis.fr\/en\/1987\/les-cendres-de-gramsci-sculptures-de-cheminee\/\" title=\"Les Cendres de Gramsci (sculptures de chemin\u00e9e)\">Les Cendres de Gramsci (sculptures de chemin\u00e9e)<\/a><\/li>\n                                                                    <li><a href=\"https:\/\/www.sarkis.fr\/en\/1991\/les-douze-rues-des-chambres-brulees-la-cite-leidschatz\/\" title=\"Les douze rues des chambres brul\u00e9es (la cit\u00e9 Leidschatz)\">Les douze rues des chambres brul\u00e9es (la cit\u00e9 Leidschatz)<\/a><\/li>\n                                                                    <li><a href=\"https:\/\/www.sarkis.fr\/en\/1981\/les-elements-mouilles-et-flottants-de-kriegsschatz\/\" title=\"Les El\u00e9ments Mouill\u00e9s et Flottants de Kriegsschatz\">Les El\u00e9ments Mouill\u00e9s et Flottants de Kriegsschatz<\/a><\/li>\n                                                                    <li><a href=\"https:\/\/www.sarkis.fr\/en\/1989\/les-graces-de-la-nature-temple-vesta-pour-sarkis\/\" title=\"Les Gr\u00e2ces de la Nature, (Temple Vesta pour Sarkis)\">Les Gr\u00e2ces de la Nature, (Temple Vesta pour Sarkis)<\/a><\/li>\n                                                                    <li><a href=\"https:\/\/www.sarkis.fr\/en\/1989\/les-magiciens-de-la-terre\/\" title=\"Les Magiciens de la Terre\">Les Magiciens de la Terre<\/a><\/li>\n                                                                    <li><a href=\"https:\/\/www.sarkis.fr\/en\/1994\/les-mains-qui-se-chauffent\/\" title=\"Les mains qui se chauffent\">Les mains qui se chauffent<\/a><\/li>\n                                                                    <li><a href=\"https:\/\/www.sarkis.fr\/en\/2014\/les-poles-des-aimants\/\" title=\"LES P\u00d4LES DES AIMANTS\">LES P\u00d4LES DES AIMANTS<\/a><\/li>\n                                                                    <li><a href=\"https:\/\/www.sarkis.fr\/en\/2016\/les-revelations-de-sarkis-leffaceur\/\" title=\"Les r\u00e9v\u00e9lations de Sarkis l\u2019effaceur\">Les r\u00e9v\u00e9lations de Sarkis l\u2019effaceur<\/a><\/li>\n                                                                    <li><a href=\"https:\/\/www.sarkis.fr\/en\/1985\/les-ruines-de-lesprit\/\" title=\"Les Ruines de l\u2019Esprit\">Les Ruines de l\u2019Esprit<\/a><\/li>\n                                                                    <li><a href=\"https:\/\/www.sarkis.fr\/en\/1990\/les-territoires-de-lart\/\" title=\"Les territoires de l&#8217;Art\">Les territoires de l&#8217;Art<\/a><\/li>\n                                                                    <li><a href=\"https:\/\/www.sarkis.fr\/en\/1985\/les-tresors-du-capt-sarkis\/\" title=\"Les Tr\u00e9sors du Capt. Sarkis\">Les Tr\u00e9sors du Capt. Sarkis<\/a><\/li>\n                                                                    <li><a href=\"https:\/\/www.sarkis.fr\/en\/2001\/les-vitraux-de-labbaye-silvacane-les-109-ikones\/\" title=\"Les Vitraux de l&#8217;Abbaye Silvacane + Les 109 Ik\u00f4nes\">Les Vitraux de l&#8217;Abbaye Silvacane + Les 109 Ik\u00f4nes<\/a><\/li>\n                                                                    <li><a href=\"https:\/\/www.sarkis.fr\/en\/2023\/les-vitraux-de-la-chapelle-cluny\/\" title=\"Les Vitraux de la Chapelle CLUNY\">Les Vitraux de la Chapelle CLUNY<\/a><\/li>\n                                                                    <li><a href=\"https:\/\/www.sarkis.fr\/en\/2018\/les-vitraux-de-sarkis\/\" title=\"Les Vitraux de Sarkis\">Les Vitraux de Sarkis<\/a><\/li>\n                                                                    <li><a href=\"https:\/\/www.sarkis.fr\/en\/2019\/les-vitraux-mobiles-de-sarkis\/\" title=\"Les Vitraux Mobiles de Sarkis\">Les Vitraux Mobiles de Sarkis<\/a><\/li>\n                                                                    <li><a href=\"https:\/\/www.sarkis.fr\/en\/2016\/library-for-memory-and-eternity-twin\/\" title=\"Library for Memory and Eternity (twin)\">Library for Memory and Eternity (twin)<\/a><\/li>\n                                                                    <li><a href=\"https:\/\/www.sarkis.fr\/en\/2005\/lichtkunst\/\" title=\"LICHTKUNST\">LICHTKUNST<\/a><\/li>\n                                                                    <li><a href=\"https:\/\/www.sarkis.fr\/en\/2009\/litanies\/\" title=\"Litanies\">Litanies<\/a><\/li>\n                                                                    <li><a href=\"https:\/\/www.sarkis.fr\/en\/2019\/litanies-le-mans-sonore\/\" title=\"Litanies Le Mans Sonore\">Litanies Le Mans Sonore<\/a><\/li>\n                                                                    <li><a href=\"https:\/\/www.sarkis.fr\/en\/1985\/1985-little-sparta-a-kriegsschatz-ian-hamilton-finlay-sarkis\/\" title=\"Little Sparta &#038; Kriegsschatz  (Ian Hamilton Finlay &#8211; Sarkis)\">Little Sparta &#038; Kriegsschatz  (Ian Hamilton Finlay &#8211; Sarkis)<\/a><\/li>\n                                                                    <li><a href=\"https:\/\/www.sarkis.fr\/en\/1985\/little-sparta-kriegsschatz-a-paris-ian-hamilton-finlay-sarkis\/\" title=\"Little Sparta &#038; Kriegsschatz \u00e0 Paris (Ian Hamilton Finlay-Sarkis)\">Little Sparta &#038; Kriegsschatz \u00e0 Paris (Ian Hamilton Finlay-Sarkis)<\/a><\/li>\n                                                                    <li><a href=\"https:\/\/www.sarkis.fr\/en\/2022\/locus-solus\/\" title=\"Locus Solus\">Locus Solus<\/a><\/li>\n                                                                    <li><a href=\"https:\/\/www.sarkis.fr\/en\/1976\/1976-loi-1901-et-1881\/\" title=\"Loi 1901 et 1881\">Loi 1901 et 1881<\/a><\/li>\n                                                                    <li><a href=\"https:\/\/www.sarkis.fr\/en\/2007\/luce-di-pietra\/\" title=\"Luce di pietra\">Luce di pietra<\/a><\/li>\n                                                                    <li><a href=\"https:\/\/www.sarkis.fr\/en\/2000\/lumiere-aux-cordeliers\/\" title=\"Lumi\u00e8re aux Cordeliers\">Lumi\u00e8re aux Cordeliers<\/a><\/li>\n                                                                    <li><a href=\"https:\/\/www.sarkis.fr\/en\/1979\/lux-perpetua\/\" title=\"Lux Perpetua\">Lux Perpetua<\/a><\/li>\n                                                                    <li><a href=\"https:\/\/www.sarkis.fr\/en\/1990\/ma-chambre-de-la-rue-krutenau-a-1990-san-lazzaro-la-2eme-interpretation\/\" title=\"Ma Chambre de la Rue Krutenau \u00e0 San Lazzaro, (La 2\u00e8me Interpr\u00e9tation).\">Ma Chambre de la Rue Krutenau \u00e0 San Lazzaro, (La 2\u00e8me Interpr\u00e9tation).<\/a><\/li>\n                                                                    <li><a href=\"https:\/\/www.sarkis.fr\/en\/2009\/ma-chambre-de-la-rue-krutenau-en-satellite\/\" title=\"Ma chambre de la rue Krutenau en satellite\">Ma chambre de la rue Krutenau en satellite<\/a><\/li>\n                                                                    <li><a href=\"https:\/\/www.sarkis.fr\/en\/1989\/ma-chambre-de-la-rue-krutenau-en-satellite-et-103-aquarelles\/\" title=\"Ma Chambre de la Rue Krutenau en Satellite et 103 Aquarelles\">Ma Chambre de la Rue Krutenau en Satellite et 103 Aquarelles<\/a><\/li>\n                                                                    <li><a href=\"https:\/\/www.sarkis.fr\/en\/1998\/ma-chambre-de-la-rue-krutenau-en-satellite-la-7eme-interpretation\/\" title=\"Ma Chambre de la rue Krutenau en Satellite, (La 7\u00e8me Int\u00e9rpr\u00e9tation)\">Ma Chambre de la rue Krutenau en Satellite, (La 7\u00e8me Int\u00e9rpr\u00e9tation)<\/a><\/li>\n                                                                    <li><a href=\"https:\/\/www.sarkis.fr\/en\/1985\/1985-ma-memoire-est-ma-patrie\/\" title=\"Ma M\u00e9moire est ma Patrie\">Ma M\u00e9moire est ma Patrie<\/a><\/li>\n                                                                    <li><a href=\"https:\/\/www.sarkis.fr\/en\/1981\/machins-machines\/\" title=\"Machins. Machines\">Machins. Machines<\/a><\/li>\n                                                                    <li><a href=\"https:\/\/www.sarkis.fr\/en\/2014\/magiciens-de-la-terre-retour-sur-une-exposition-legendaire\/\" title=\"Magiciens de la Terre (retour sur une exposition l\u00e9gendaire)\">Magiciens de la Terre (retour sur une exposition l\u00e9gendaire)<\/a><\/li>\n                                                                    <li><a href=\"https:\/\/www.sarkis.fr\/en\/1978\/1978-maiakovski-lissitzky-ou-la-source-eclaire\/\" title=\"Maiakovski &#8211; Lissitzky ou La Source Eclaire.\">Maiakovski &#8211; Lissitzky ou La Source Eclaire.<\/a><\/li>\n                                                                    <li><a href=\"https:\/\/www.sarkis.fr\/en\/1987\/maintenant\/\" title=\"MAINTENANT\">MAINTENANT<\/a><\/li>\n                                                                    <li><a href=\"https:\/\/www.sarkis.fr\/en\/1996\/marks-abu-tor\/\" title=\"Marks, Abu Tor\">Marks, Abu Tor<\/a><\/li>\n                                                                    <li><a href=\"https:\/\/www.sarkis.fr\/en\/2019\/mayakovski-lisitski-la-source-eclaire\/\" title=\"Mayakovski-Lisitski \u201cla source \u00e9claire\u201d\">Mayakovski-Lisitski \u201cla source \u00e9claire\u201d<\/a><\/li>\n                                                                    <li><a href=\"https:\/\/www.sarkis.fr\/en\/1997\/meditation\/\" title=\"MEDITATION\">MEDITATION<\/a><\/li>\n                                                                    <li><a href=\"https:\/\/www.sarkis.fr\/en\/1970\/1970-mekkano-goudron\/\" title=\"Mekkano + Goudron.\">Mekkano + Goudron.<\/a><\/li>\n                                                                    <li><a href=\"https:\/\/www.sarkis.fr\/en\/1988\/meltem\/\" title=\"MELTEM\">MELTEM<\/a><\/li>\n                                                                    <li><a href=\"https:\/\/www.sarkis.fr\/en\/1987\/meltem-2\/\" title=\"MELTEM\">MELTEM<\/a><\/li>\n                                                                    <li><a href=\"https:\/\/www.sarkis.fr\/en\/1998\/memento-metropolis\/\" title=\"Memento Metropolis\">Memento Metropolis<\/a><\/li>\n                                                                    <li><a href=\"https:\/\/www.sarkis.fr\/en\/1997\/memento-metropolis-2\/\" title=\"Memento Metropolis\">Memento Metropolis<\/a><\/li>\n                                                                    <li><a href=\"https:\/\/www.sarkis.fr\/en\/1996\/memento-metropolis-3\/\" title=\"Memento Metropolis\">Memento Metropolis<\/a><\/li>\n                                                                    <li><a href=\"https:\/\/www.sarkis.fr\/en\/2018\/mesure-de-la-lumiere\/\" title=\"Mesure de la Lumie\u0300re\">Mesure de la Lumie\u0300re<\/a><\/li>\n                                                                    <li><a href=\"https:\/\/www.sarkis.fr\/en\/1994\/mesures-d-elevation\/\" title=\"Mesures d&#8217;\u00e9l\u00e9vation\">Mesures d&#8217;\u00e9l\u00e9vation<\/a><\/li>\n                                                                    <li><a href=\"https:\/\/www.sarkis.fr\/en\/2023\/mettre-les-formes\/\" title=\"Mettre les Formes\">Mettre les Formes<\/a><\/li>\n                                                                    <li><a href=\"https:\/\/www.sarkis.fr\/en\/2017\/mirror\/\" title=\"Mirror\">Mirror<\/a><\/li>\n                                                                    <li><a href=\"https:\/\/www.sarkis.fr\/en\/1995\/mises-en-scene\/\" title=\"Mises en sc\u00e8ne\">Mises en sc\u00e8ne<\/a><\/li>\n                                                                    <li><a href=\"https:\/\/www.sarkis.fr\/en\/2009\/mixed-bathing-world\/\" title=\"Mixed Bathing World\">Mixed Bathing World<\/a><\/li>\n                                                                    <li><a href=\"https:\/\/www.sarkis.fr\/en\/2007\/modern-and-beyond\/\" title=\"Modern and Beyond\">Modern and Beyond<\/a><\/li>\n                                                                    <li><a href=\"https:\/\/www.sarkis.fr\/en\/2013\/modernity-perspective-from-france-and-turkey\/\" title=\"Modernity ? Perspective from France and Turkey\">Modernity ? Perspective from France and Turkey<\/a><\/li>\n                                                                    <li><a href=\"https:\/\/www.sarkis.fr\/en\/2015\/mon-atelier-19380\/\" title=\"Mon Atelier 19380\">Mon Atelier 19380<\/a><\/li>\n                                                                    <li><a href=\"https:\/\/www.sarkis.fr\/en\/2017\/mon-atelier-depuis-19380\/\" title=\"Mon Atelier depuis 19380\">Mon Atelier depuis 19380<\/a><\/li>\n                                                                    <li><a href=\"https:\/\/www.sarkis.fr\/en\/2019\/mon-atelier-depuis-19380-2\/\" title=\"Mon Atelier depuis 19380\">Mon Atelier depuis 19380<\/a><\/li>\n                                                                    <li><a href=\"https:\/\/www.sarkis.fr\/en\/2022\/mon-atelier-depuis-19380-3\/\" title=\"Mon atelier depuis 19380\">Mon atelier depuis 19380<\/a><\/li>\n                                                                    <li><a href=\"https:\/\/www.sarkis.fr\/en\/2017\/mon-atelier-depuis-19380-suite\/\" title=\"Mon atelier depuis 19380 (suite)\">Mon atelier depuis 19380 (suite)<\/a><\/li>\n                                                                    <li><a href=\"https:\/\/www.sarkis.fr\/en\/2007\/moscow-biennale\/\" title=\"Moscow Biennale\">Moscow Biennale<\/a><\/li>\n                                                                    <li><a href=\"https:\/\/www.sarkis.fr\/en\/1974\/multiples\/\" title=\"Multiples\">Multiples<\/a><\/li>\n                                                                    <li><a href=\"https:\/\/www.sarkis.fr\/en\/2005\/munch-revisited\/\" title=\"Munch revisited\">Munch revisited<\/a><\/li>\n                                                                    <li><a href=\"https:\/\/www.sarkis.fr\/en\/1996\/musee-de-lobjet\/\" title=\"Mus\u00e9e de l\u2019objet\">Mus\u00e9e de l\u2019objet<\/a><\/li>\n                                                                    <li><a href=\"https:\/\/www.sarkis.fr\/en\/2011\/museum-show\/\" title=\"Museum Show\">Museum Show<\/a><\/li>\n                                                                    <li><a href=\"https:\/\/www.sarkis.fr\/en\/2000\/narcisse-blesse\/\" title=\"Narcisse bless\u00e9\">Narcisse bless\u00e9<\/a><\/li>\n                                                                    <li><a href=\"https:\/\/www.sarkis.fr\/en\/1990\/nature-artificielle\/\" title=\"Nature Artificielle\">Nature Artificielle<\/a><\/li>\n                                                                    <li><a href=\"https:\/\/www.sarkis.fr\/en\/2012\/neon\/\" title=\"N\u00e9on\">N\u00e9on<\/a><\/li>\n                                                                    <li><a href=\"https:\/\/www.sarkis.fr\/en\/1984\/neon-fluor-et-cie\/\" title=\"N\u00e9on, Fluor et Cie\">N\u00e9on, Fluor et Cie<\/a><\/li>\n                                                                    <li><a href=\"https:\/\/www.sarkis.fr\/en\/1977\/neun-neuf\/\" title=\"Neun-neuf\">Neun-neuf<\/a><\/li>\n                                                                    <li><a href=\"https:\/\/www.sarkis.fr\/en\/1991\/night-lines\/\" title=\"Night Lines\">Night Lines<\/a><\/li>\n                                                                    <li><a href=\"https:\/\/www.sarkis.fr\/en\/1998\/nights-and-days\/\" title=\"Nights and Days\">Nights and Days<\/a><\/li>\n                                                                    <li><a href=\"https:\/\/www.sarkis.fr\/en\/2010\/nomos-et-physis\/\" title=\"Nomos et Physis\">Nomos et Physis<\/a><\/li>\n                                                                    <li><a href=\"https:\/\/www.sarkis.fr\/en\/1997\/nord-ost-west-sud-en-aquarelle-rouge\/\" title=\"Nord Ost West S\u00fcd, En aquarelle rouge\">Nord Ost West S\u00fcd, En aquarelle rouge<\/a><\/li>\n                                                                    <li><a href=\"https:\/\/www.sarkis.fr\/en\/1999\/o-saisons-o-chateaux\/\" title=\"\u00f4 saisons, \u00f4 ch\u00e2teaux !\">\u00f4 saisons, \u00f4 ch\u00e2teaux !<\/a><\/li>\n                                                                    <li><a href=\"https:\/\/www.sarkis.fr\/en\/2014\/objets-pouvoirs-secrets\/\" title=\"Objets : Pouvoirs Secrets\">Objets : Pouvoirs Secrets<\/a><\/li>\n                                                                    <li><a href=\"https:\/\/www.sarkis.fr\/en\/1997\/odeurs-une-odyssee\/\" title=\"odeurs\u2026une odyss\u00e9e\">odeurs\u2026une odyss\u00e9e<\/a><\/li>\n                                                                    <li><a href=\"https:\/\/www.sarkis.fr\/en\/2021\/odore\/\" title=\"ODORE\">ODORE<\/a><\/li>\n                                                                    <li><a href=\"https:\/\/www.sarkis.fr\/en\/1979\/oeuvres-contemporaines-des-collections-nationales-accrochages-iii\/\" title=\"\u0152uvres Contemporaines des Collections Nationales, Accrochages III\">\u0152uvres Contemporaines des Collections Nationales, Accrochages III<\/a><\/li>\n                                                                    <li><a href=\"https:\/\/www.sarkis.fr\/en\/1987\/ohne-die-rose-tun-wirs-nicht-grusse-an-beuys-von-199-kunstlern\/\" title=\"Ohne die Rose tun wir\u2019s nicht (Gr\u00fcsse an Beuys von 199 K\u00fcnstlern)\">Ohne die Rose tun wir\u2019s nicht (Gr\u00fcsse an Beuys von 199 K\u00fcnstlern)<\/a><\/li>\n                                                                    <li><a href=\"https:\/\/www.sarkis.fr\/en\/1985\/oncu-turk-sanatindan-bir-kesit\/\" title=\"\u00d6nc\u00fc T\u00fcrk Sanatindan bir kesit\">\u00d6nc\u00fc T\u00fcrk Sanatindan bir kesit<\/a><\/li>\n                                                                    <li><a href=\"https:\/\/www.sarkis.fr\/en\/2013\/open-air-museum\/\" title=\"Open Air Museum\">Open Air Museum<\/a><\/li>\n                                                                    <li><a href=\"https:\/\/www.sarkis.fr\/en\/1972\/operation-organe\/\" title=\"Op\u00e9ration Organe\">Op\u00e9ration Organe<\/a><\/li>\n                                                                    <li><a href=\"https:\/\/www.sarkis.fr\/en\/2010\/opus-galerist-istanbul\/\" title=\"Opus : Galerist Istanbul.\">Opus : Galerist Istanbul.<\/a><\/li>\n                                                                    <li><a href=\"https:\/\/www.sarkis.fr\/en\/2011\/opus-n-2\/\" title=\"Opus N\u00b02\">Opus N\u00b02<\/a><\/li>\n                                                                    <li><a href=\"https:\/\/www.sarkis.fr\/en\/2012\/opus-series-in-delft\/\" title=\"OPUS series in Delft\">OPUS series in Delft<\/a><\/li>\n                                                                    <li><a href=\"https:\/\/www.sarkis.fr\/en\/1993\/ouverture-2\/\" title=\"Ouverture\">Ouverture<\/a><\/li>\n                                                                    <li><a href=\"https:\/\/www.sarkis.fr\/en\/2006\/painting-as-a-way-of-living\/\" title=\"Painting as a way of living\">Painting as a way of living<\/a><\/li>\n                                                                    <li><a href=\"https:\/\/www.sarkis.fr\/en\/1999\/panorama-2000\/\" title=\"PANORAMA 2000\">PANORAMA 2000<\/a><\/li>\n                                                                    <li><a href=\"https:\/\/www.sarkis.fr\/en\/2001\/parade-1901-2001\/\" title=\"Parade 1901-2001\">Parade 1901-2001<\/a><\/li>\n                                                                    <li><a href=\"https:\/\/www.sarkis.fr\/en\/2018\/paradjanov-with-sarkis\/\" title=\"Paradjanov with Sarkis\">Paradjanov with Sarkis<\/a><\/li>\n                                                                    <li><a href=\"https:\/\/www.sarkis.fr\/en\/1998\/paradoxes-of-the-reality-the-reality-of-utopia\/\" title=\"Paradoxes of the Reality, the Reality of Utopia\">Paradoxes of the Reality, the Reality of Utopia<\/a><\/li>\n                                                                    <li><a href=\"https:\/\/www.sarkis.fr\/en\/1990\/parcours-prives\/\" title=\"Parcours Priv\u00e9s\">Parcours Priv\u00e9s<\/a><\/li>\n                                                                    <li><a href=\"https:\/\/www.sarkis.fr\/en\/1979\/paris-istanbul-vitrine-pour-lart-actuel\/\" title=\"Paris-Istanbul, Vitrine pour l\u2019Art Actuel\">Paris-Istanbul, Vitrine pour l\u2019Art Actuel<\/a><\/li>\n                                                                    <li><a href=\"https:\/\/www.sarkis.fr\/en\/1997\/parisiennes\/\" title=\"PARISIEN(NE)S\">PARISIEN(NE)S<\/a><\/li>\n                                                                    <li><a href=\"https:\/\/www.sarkis.fr\/en\/1979\/partis-pris-autres\/\" title=\"Partis Pris Autres\">Partis Pris Autres<\/a><\/li>\n                                                                    <li><a href=\"https:\/\/www.sarkis.fr\/en\/2012\/partition-ryoanji-cage-selon-sarkis\/\" title=\"Partition Ryoanji Cage selon Sarkis\">Partition Ryoanji Cage selon Sarkis<\/a><\/li>\n                                                                    <li><a href=\"https:\/\/www.sarkis.fr\/en\/2012\/passages-croises-en-or\/\" title=\"Passages crois\u00e9s en or\">Passages crois\u00e9s en or<\/a><\/li>\n                                                                    <li><a href=\"https:\/\/www.sarkis.fr\/en\/1983\/passporstrip-avec-robert-kramer-et-barre-philips\/\" title=\"PASSPORSTRIP (avec Robert Kramer et Barre Philips)\">PASSPORSTRIP (avec Robert Kramer et Barre Philips)<\/a><\/li>\n                                                                    <li><a href=\"https:\/\/www.sarkis.fr\/en\/1994\/paysage\/\" title=\"PAYSAGE\">PAYSAGE<\/a><\/li>\n                                                                    <li><a href=\"https:\/\/www.sarkis.fr\/en\/1991\/paysage-brule-2\/\" title=\"Paysage (br\u00fbl\u00e9)\">Paysage (br\u00fbl\u00e9)<\/a><\/li>\n                                                                    <li><a href=\"https:\/\/www.sarkis.fr\/en\/1997\/paysage-brule\/\" title=\"PAYSAGE BRULE\">PAYSAGE BRULE<\/a><\/li>\n                                                                    <li><a href=\"https:\/\/www.sarkis.fr\/en\/2017\/performance\/\" title=\"PERFORMANCE  !\">PERFORMANCE  !<\/a><\/li>\n                                                                    <li><a href=\"https:\/\/www.sarkis.fr\/en\/1987\/perigueux-collections-pour-une-region\/\" title=\"P\u00e9rigueux, Collections pour une r\u00e9gion\">P\u00e9rigueux, Collections pour une r\u00e9gion<\/a><\/li>\n                                                                    <li><a href=\"https:\/\/www.sarkis.fr\/en\/2018\/persona-grata\/\" title=\"Persona Grata\">Persona Grata<\/a><\/li>\n                                                                    <li><a href=\"https:\/\/www.sarkis.fr\/en\/2024\/pluie-arc-en-ciel\/\" title=\"Pluie Arc-en-ciel\">Pluie Arc-en-ciel<\/a><\/li>\n                                                                    <li><a href=\"https:\/\/www.sarkis.fr\/en\/1993\/point-de-rencontre-le-reve\/\" title=\"Point de rencontre : le r\u00eave\">Point de rencontre : le r\u00eave<\/a><\/li>\n                                                                    <li><a href=\"https:\/\/www.sarkis.fr\/en\/1984\/pour-vivre-heureux-vivons-caches\/\" title=\"Pour vivre heureux, vivons cach\u00e9s\">Pour vivre heureux, vivons cach\u00e9s<\/a><\/li>\n                                                                    <li><a href=\"https:\/\/www.sarkis.fr\/en\/1995\/pour-yano\/\" title=\"Pour Yano\">Pour Yano<\/a><\/li>\n                                                                    <li><a href=\"https:\/\/www.sarkis.fr\/en\/1982\/prefiguration-pour-le-centre-dart-contemporain-de-buisson-rond\/\" title=\"Pr\u00e9figuration pour le Centre d\u2019Art Contemporain de Buisson Rond\">Pr\u00e9figuration pour le Centre d\u2019Art Contemporain de Buisson Rond<\/a><\/li>\n                                                                    <li><a href=\"https:\/\/www.sarkis.fr\/en\/1999\/premises\/\" title=\"PREMISES\">PREMISES<\/a><\/li>\n                                                                    <li><a href=\"https:\/\/www.sarkis.fr\/en\/1998\/pres-de-l-arbre-brule-a-matthias-gruenewald\/\" title=\"Pr\u00e8s de l&#8217;arbre br\u00fbl\u00e9 (\u00e0 Matthias Gr\u00fcnewald)\">Pr\u00e8s de l&#8217;arbre br\u00fbl\u00e9 (\u00e0 Matthias Gr\u00fcnewald)<\/a><\/li>\n                                                                    <li><a href=\"https:\/\/www.sarkis.fr\/en\/2020\/prismes-goethe\/\" title=\"Prismes-Goethe\">Prismes-Goethe<\/a><\/li>\n                                                                    <li><a href=\"https:\/\/www.sarkis.fr\/en\/2006\/profils\/\" title=\"Profils\">Profils<\/a><\/li>\n                                                                    <li><a href=\"https:\/\/www.sarkis.fr\/en\/1985\/promenades\/\" title=\"Promenades\">Promenades<\/a><\/li>\n                                                                    <li><a href=\"https:\/\/www.sarkis.fr\/en\/2018\/punctum\/\" title=\"PUNCTUM\">PUNCTUM<\/a><\/li>\n                                                                    <li><a href=\"https:\/\/www.sarkis.fr\/en\/2009\/quand-la-premiere-ivresse-des-acces-bruyants\/\" title=\"Quand la premi\u00e8re ivresse des acc\u00e8s bruyants\">Quand la premi\u00e8re ivresse des acc\u00e8s bruyants<\/a><\/li>\n                                                                    <li><a href=\"https:\/\/www.sarkis.fr\/en\/1969\/quand-les-attitudes-deviennent-formes\/\" title=\"Quand les Attitudes deviennent Formes\">Quand les Attitudes deviennent Formes<\/a><\/li>\n                                                                    <li><a href=\"https:\/\/www.sarkis.fr\/en\/1984\/quelques-jours-apres-la-fin-des-siecles-et-le-debut-des-siecles\/\" title=\"Quelques Jours apr\u00e8s la fin des Si\u00e8cles et le D\u00e9but des Si\u00e8cles\">Quelques Jours apr\u00e8s la fin des Si\u00e8cles et le D\u00e9but des Si\u00e8cles<\/a><\/li>\n                                                                    <li><a href=\"https:\/\/www.sarkis.fr\/en\/2014\/rainbow-installation-permanente-istanbul\/\" title=\"Rainbow\">Rainbow<\/a><\/li>\n                                                                    <li><a href=\"https:\/\/www.sarkis.fr\/en\/1991\/re-writing-history-ikon-gallery\/\" title=\"Re-Writing History, Ikon Gallery\">Re-Writing History, Ikon Gallery<\/a><\/li>\n                                                                    <li><a href=\"https:\/\/www.sarkis.fr\/en\/1990\/re-writing-history-kettle-s-yard-gallery\/\" title=\"Re-Writing History, Kettle\u2019s Yard Gallery\">Re-Writing History, Kettle\u2019s Yard Gallery<\/a><\/li>\n                                                                    <li><a href=\"https:\/\/www.sarkis.fr\/en\/2001\/regards-croises\/\" title=\"Regards Crois\u00e9s\">Regards Crois\u00e9s<\/a><\/li>\n                                                                    <li><a href=\"https:\/\/www.sarkis.fr\/en\/2007\/rencontre-avec-uccello-gruenewald-munch-beuys\/\" title=\"Rencontre avec Uccello, Gr\u00fcnewald, Munch, Beuys\">Rencontre avec Uccello, Gr\u00fcnewald, Munch, Beuys<\/a><\/li>\n                                                                    <li><a href=\"https:\/\/www.sarkis.fr\/en\/2006\/rencontre-sarkis-kramer\/\" title=\"Rencontre Sarkis\/Kramer\">Rencontre Sarkis\/Kramer<\/a><\/li>\n                                                                    <li><a href=\"https:\/\/www.sarkis.fr\/en\/1979\/1979-reserves-accessibles\/\" title=\"R\u00e9serves Accessibles\">R\u00e9serves Accessibles<\/a><\/li>\n                                                                    <li><a href=\"https:\/\/www.sarkis.fr\/en\/1980\/reserves-sans-retour\/\" title=\"R\u00e9serves Sans Retour\">R\u00e9serves Sans Retour<\/a><\/li>\n                                                                    <li><a href=\"https:\/\/www.sarkis.fr\/en\/2000\/respiration-2\/\" title=\"Respiration\">Respiration<\/a><\/li>\n                                                                    <li><a href=\"https:\/\/www.sarkis.fr\/en\/2015\/respiro-biennale-de-venise\/\" title=\"RESPIRO\">RESPIRO<\/a><\/li>\n                                                                    <li><a href=\"https:\/\/www.sarkis.fr\/en\/1992\/reve-du-jour-et-de-nuit-1980\/\" title=\"R\u00eave du jour et de nuit (1980)\">R\u00eave du jour et de nuit (1980)<\/a><\/li>\n                                                                    <li><a href=\"https:\/\/www.sarkis.fr\/en\/1975\/revolution\/\" title=\"REVOLUTION\">REVOLUTION<\/a><\/li>\n                                                                    <li><a href=\"https:\/\/www.sarkis.fr\/en\/1991\/rhizome\/\" title=\"Rhizome\">Rhizome<\/a><\/li>\n                                                                    <li><a href=\"https:\/\/www.sarkis.fr\/en\/1976\/riferimento\/\" title=\"Riferimento\">Riferimento<\/a><\/li>\n                                                                    <li><a href=\"https:\/\/www.sarkis.fr\/en\/2013\/ring-portraits\/\" title=\"Ring Portraits\">Ring Portraits<\/a><\/li>\n                                                                    <li><a href=\"https:\/\/www.sarkis.fr\/en\/2009\/ring-portrets\/\" title=\"ring portrets\">ring portrets<\/a><\/li>\n                                                                    <li><a href=\"https:\/\/www.sarkis.fr\/en\/2023\/sarkis-room-istanbul-modern\/\" title=\"Room Sarkis, \u0130stanbul Modern\">Room Sarkis, \u0130stanbul Modern<\/a><\/li>\n                                                                    <li><a href=\"https:\/\/www.sarkis.fr\/en\/1983\/rupture-pas-rupture\/\" title=\"Rupture Pas Rupture\">Rupture Pas Rupture<\/a><\/li>\n                                                                    <li><a href=\"https:\/\/www.sarkis.fr\/en\/1987\/1987-salle-silencieuse-rouge-et-verte\/\" title=\"Salle Silencieuse Rouge et Verte.\">Salle Silencieuse Rouge et Verte.<\/a><\/li>\n                                                                    <li><a href=\"https:\/\/www.sarkis.fr\/en\/1967\/salon-de-la-jeune-peinture\/\" title=\"Salon de la Jeune Peinture\">Salon de la Jeune Peinture<\/a><\/li>\n                                                                    <li><a href=\"https:\/\/www.sarkis.fr\/en\/1966\/salon-de-la-jeune-peinture-2\/\" title=\"Salon de la Jeune Peinture\">Salon de la Jeune Peinture<\/a><\/li>\n                                                                    <li><a href=\"https:\/\/www.sarkis.fr\/en\/1967\/salon-de-mai-2\/\" title=\"Salon de Mai\">Salon de Mai<\/a><\/li>\n                                                                    <li><a href=\"https:\/\/www.sarkis.fr\/en\/1967\/salon-de-mai\/\" title=\"Salon de Mai\">Salon de Mai<\/a><\/li>\n                                                                    <li><a href=\"https:\/\/www.sarkis.fr\/en\/1999\/salut-au-monde\/\" title=\"Salut au Monde\">Salut au Monde<\/a><\/li>\n                                                                    <li><a href=\"https:\/\/www.sarkis.fr\/en\/1981\/sammlung-heidy-und-louis-lambelet\/\" title=\"Sammlung Heidy und Louis Lambelet\">Sammlung Heidy und Louis Lambelet<\/a><\/li>\n                                                                    <li><a href=\"https:\/\/www.sarkis.fr\/en\/2002\/sans-verre\/\" title=\"Sans Verre\">Sans Verre<\/a><\/li>\n                                                                    <li><a href=\"https:\/\/www.sarkis.fr\/en\/1971\/sarkis-6\/\" title=\"Sarkis\">Sarkis<\/a><\/li>\n                                                                    <li><a href=\"https:\/\/www.sarkis.fr\/en\/1996\/sarkis-7\/\" title=\"Sarkis\">Sarkis<\/a><\/li>\n                                                                    <li><a href=\"https:\/\/www.sarkis.fr\/en\/1971\/sarkis\/\" title=\"Sarkis\">Sarkis<\/a><\/li>\n                                                                    <li><a href=\"https:\/\/www.sarkis.fr\/en\/1968\/sarkis-2\/\" title=\"Sarkis\">Sarkis<\/a><\/li>\n                                                                    <li><a href=\"https:\/\/www.sarkis.fr\/en\/1967\/sarkis-3\/\" title=\"Sarkis\">Sarkis<\/a><\/li>\n                                                                    <li><a href=\"https:\/\/www.sarkis.fr\/en\/1963\/sarkis-4\/\" title=\"Sarkis\">Sarkis<\/a><\/li>\n                                                                    <li><a href=\"https:\/\/www.sarkis.fr\/en\/1962\/sarkis-5\/\" title=\"Sarkis\">Sarkis<\/a><\/li>\n                                                                    <li><a href=\"https:\/\/www.sarkis.fr\/en\/2000\/sarkis-21012000-09042000\/\" title=\"SARKIS 21.01.2000 &#8211; 09.04.2000\">SARKIS 21.01.2000 &#8211; 09.04.2000<\/a><\/li>\n                                                                    <li><a href=\"https:\/\/www.sarkis.fr\/en\/2004\/sarkis-a-delacroix\/\" title=\"Sarkis \u00e0 Delacroix\">Sarkis \u00e0 Delacroix<\/a><\/li>\n                                                                    <li><a href=\"https:\/\/www.sarkis.fr\/en\/1987\/sarkis-dreams-avec-amer-bougeard-davis-jezequel-emilsson-caty-ramette-trouve-faessler-simonnet-caminiti-maegerlin-guillotin-sommerhalter\/\" title=\"Sarkis Dreams (avec Amer, Bougeard, Davis, Jezequel, Emilsson, Caty, Ramette, Trouv\u00e9, Faessler, Simonnet, Caminiti, Maegerlin, Guillotin, Sommerhalter)\">Sarkis Dreams (avec Amer, Bougeard, Davis, Jezequel, Emilsson, Caty, Ramette, Trouv\u00e9, Faessler, Simonnet, Caminiti, Maegerlin, Guillotin, Sommerhalter)<\/a><\/li>\n                                                                    <li><a href=\"https:\/\/www.sarkis.fr\/en\/1989\/sarkis-interprete-le-musee-constantin-meunier\/\" title=\"Sarkis interpr\u00e8te le Mus\u00e9e Constantin Meunier\">Sarkis interpr\u00e8te le Mus\u00e9e Constantin Meunier<\/a><\/li>\n                                                                    <li><a href=\"https:\/\/www.sarkis.fr\/en\/2015\/sarkis-with-paradjanov\/\" title=\"Sarkis With Paradjanov\">Sarkis With Paradjanov<\/a><\/li>\n                                                                    <li><a href=\"https:\/\/www.sarkis.fr\/en\/2009\/sarkis-yildizda\/\" title=\"Sarkis Yildiz\u2019da\">Sarkis Yildiz\u2019da<\/a><\/li>\n                                                                    <li><a href=\"https:\/\/www.sarkis.fr\/en\/1960\/sarkis-zabunyan\/\" title=\"Sarkis Zabunyan\">Sarkis Zabunyan<\/a><\/li>\n                                                                    <li><a href=\"https:\/\/www.sarkis.fr\/en\/2025\/sarkis-eden-morfaux-franck-patte-biennale-dautun-festival-international-dart-sacre\/\" title=\"Sarkis, Eden Morfaux, Franck Patte\">Sarkis, Eden Morfaux, Franck Patte<\/a><\/li>\n                                                                    <li><a href=\"https:\/\/www.sarkis.fr\/en\/2000\/sarkis-francois-morellet-mario-merz\/\" title=\"Sarkis, Fran\u00e7ois Morellet, Mario Merz\">Sarkis, Fran\u00e7ois Morellet, Mario Merz<\/a><\/li>\n                                                                    <li><a href=\"https:\/\/www.sarkis.fr\/en\/2010\/sarkis-passages\/\" title=\"Sarkis, Passages\">Sarkis, Passages<\/a><\/li>\n                                                                    <li><a href=\"https:\/\/www.sarkis.fr\/en\/1988\/saturne-en-europe\/\" title=\"Saturne en Europe\">Saturne en Europe<\/a><\/li>\n                                                                    <li><a href=\"https:\/\/www.sarkis.fr\/en\/1989\/savas-melegi\/\" title=\"Savas Melegi\">Savas Melegi<\/a><\/li>\n                                                                    <li><a href=\"https:\/\/www.sarkis.fr\/en\/1991\/scenes-de-nuit-scenes-de-jour\/\" title=\"Sc\u00e8nes de nuit &#8211; Sc\u00e8nes de jour\">Sc\u00e8nes de nuit &#8211; Sc\u00e8nes de jour<\/a><\/li>\n                                                                    <li><a href=\"https:\/\/www.sarkis.fr\/en\/1992\/scenes-de-nuit-de-jours\/\" title=\"Sc\u00e8nes de nuit, de jours\">Sc\u00e8nes de nuit, de jours<\/a><\/li>\n                                                                    <li><a href=\"https:\/\/www.sarkis.fr\/en\/1974\/schallplatte-als-kunstwerk-record-as-artwork\/\" title=\"Schallplatte als Kunstwerk, Record as Artwork\">Schallplatte als Kunstwerk, Record as Artwork<\/a><\/li>\n                                                                    <li><a href=\"https:\/\/www.sarkis.fr\/en\/1985\/sculptures\/\" title=\"Sculptures\">Sculptures<\/a><\/li>\n                                                                    <li><a href=\"https:\/\/www.sarkis.fr\/en\/1994\/sculptures-1994\/\" title=\"Sculptures 1994\">Sculptures 1994<\/a><\/li>\n                                                                    <li><a href=\"https:\/\/www.sarkis.fr\/en\/1970\/sculptures-dans-lusine\/\" title=\"SCULPTURES DANS L\u2019USINE\">SCULPTURES DANS L\u2019USINE<\/a><\/li>\n                                                                    <li><a href=\"https:\/\/www.sarkis.fr\/en\/1982\/sculptures-du-decor\/\" title=\"Sculptures du D\u00e9cor\">Sculptures du D\u00e9cor<\/a><\/li>\n                                                                    <li><a href=\"https:\/\/www.sarkis.fr\/en\/1996\/sculptures-obscures-1969-1975-a-aram-iynedjian\/\" title=\"Sculptures obscures 1969-1975 (\u00e0 Aram Iynedjian)\">Sculptures obscures 1969-1975 (\u00e0 Aram Iynedjian)<\/a><\/li>\n                                                                    <li><a href=\"https:\/\/www.sarkis.fr\/en\/2005\/selestart-05-la-couleur-quoi-detonnant\/\" title=\"S\u00e9lest\u2019art 05 \u00ab La couleur ? quoi d\u2019\u00e9tonnant ! \u00bb\">S\u00e9lest\u2019art 05 \u00ab La couleur ? quoi d\u2019\u00e9tonnant ! \u00bb<\/a><\/li>\n                                                                    <li><a href=\"https:\/\/www.sarkis.fr\/en\/2000\/sept-artistes-pour-le-tramway\/\" title=\"Sept artistes pour le Tramway\">Sept artistes pour le Tramway<\/a><\/li>\n                                                                    <li><a href=\"https:\/\/www.sarkis.fr\/en\/2001\/ses-ses-ses-bir-okul\/\" title=\"ses-ses-ses-bir \u00ab Okul \u00bb\">ses-ses-ses-bir \u00ab Okul \u00bb<\/a><\/li>\n                                                                    <li><a href=\"https:\/\/www.sarkis.fr\/en\/2005\/sevgili-istanbul-avec-ara-gueler\/\" title=\"Sevgili Istanbul\">Sevgili Istanbul<\/a><\/li>\n                                                                    <li><a href=\"https:\/\/www.sarkis.fr\/en\/2000\/shanghai-biennale\/\" title=\"Shanghai Biennale\">Shanghai Biennale<\/a><\/li>\n                                                                    <li><a href=\"https:\/\/www.sarkis.fr\/en\/2019\/shared-sacred-sites\/\" title=\"Shared Sacred Sites\">Shared Sacred Sites<\/a><\/li>\n                                                                    <li><a href=\"https:\/\/www.sarkis.fr\/en\/1986\/signes-detangs-traces-signes\/\" title=\"Signes d\u2019Etangs, Traces-Signes\">Signes d\u2019Etangs, Traces-Signes<\/a><\/li>\n                                                                    <li><a href=\"https:\/\/www.sarkis.fr\/en\/1974\/signori-tutto-cio-che-avete-detto-e-stato-registrato-vi-faro-ascoltare-la-registrazione-laffare-non-e-stato-archiviato-signori\/\" title=\"Signori, tutto ci\u00f2 che avete detto \u00e8 stato registrato. Vi far\u00f2 ascoltare la registrazione. L\u2019affare non \u00e8 stato archiviato, signori\">Signori, tutto ci\u00f2 che avete detto \u00e8 stato registrato. Vi far\u00f2 ascoltare la registrazione. L\u2019affare non \u00e8 stato archiviato, signori<\/a><\/li>\n                                                                    <li><a href=\"https:\/\/www.sarkis.fr\/en\/2018\/silence\/\" title=\"Silence\">Silence<\/a><\/li>\n                                                                    <li><a href=\"https:\/\/www.sarkis.fr\/en\/1994\/silence-silence\/\" title=\"Silence, Silence\">Silence, Silence<\/a><\/li>\n                                                                    <li><a href=\"https:\/\/www.sarkis.fr\/en\/2009\/silencio\/\" title=\"SILENCIO\">SILENCIO<\/a><\/li>\n                                                                    <li><a href=\"https:\/\/www.sarkis.fr\/en\/1989\/simplon-express-paris-zagreb\/\" title=\"Simplon-Express, Paris-Zagreb\">Simplon-Express, Paris-Zagreb<\/a><\/li>\n                                                                    <li><a href=\"https:\/\/www.sarkis.fr\/en\/2009\/site\/\" title=\"SITE\">SITE<\/a><\/li>\n                                                                    <li><a href=\"https:\/\/www.sarkis.fr\/en\/2006\/so-far-away-from-here\/\" title=\"So far away from here\">So far away from here<\/a><\/li>\n                                                                    <li><a href=\"https:\/\/www.sarkis.fr\/en\/1997\/sous-le-manteau\/\" title=\"SOUS LE MANTEAU\">SOUS LE MANTEAU<\/a><\/li>\n                                                                    <li><a href=\"https:\/\/www.sarkis.fr\/en\/1988\/sous-le-soleil\/\" title=\"Sous le soleil\">Sous le soleil<\/a><\/li>\n                                                                    <li><a href=\"https:\/\/www.sarkis.fr\/en\/2013\/spectra-color-in-light\/\" title=\"SPECTRA-Color in light\">SPECTRA-Color in light<\/a><\/li>\n                                                                    <li><a href=\"https:\/\/www.sarkis.fr\/en\/2025\/stay-together-bir-aradadirlar\/\" title=\"Stay Together &#8211; Bir Arada(d\u0131r)lar\">Stay Together &#8211; Bir Arada(d\u0131r)lar<\/a><\/li>\n                                                                    <li><a href=\"https:\/\/www.sarkis.fr\/en\/2020\/still-life\/\" title=\"Still life\">Still life<\/a><\/li>\n                                                                    <li><a href=\"https:\/\/www.sarkis.fr\/en\/1972\/suite-de-loperation-organe-2\/\" title=\"Suite de l\u2019Op\u00e9ration Organe\">Suite de l\u2019Op\u00e9ration Organe<\/a><\/li>\n                                                                    <li><a href=\"https:\/\/www.sarkis.fr\/en\/1972\/suite-de-loperation-organe\/\" title=\"Suite de l\u2019Op\u00e9ration Organe\">Suite de l\u2019Op\u00e9ration Organe<\/a><\/li>\n                                                                    <li><a href=\"https:\/\/www.sarkis.fr\/en\/1985\/sur-exposition\/\" title=\"Sur \/ Exposition\">Sur \/ Exposition<\/a><\/li>\n                                                                    <li><a href=\"https:\/\/www.sarkis.fr\/en\/1973\/1973-tableaux-dune-exposition\/\" title=\"Tableaux d&#8217;une Exposition\">Tableaux d&#8217;une Exposition<\/a><\/li>\n                                                                    <li><a href=\"https:\/\/www.sarkis.fr\/en\/2010\/tactics-of-invisibility\/\" title=\"Tactics of Invisibility\">Tactics of Invisibility<\/a><\/li>\n                                                                    <li><a href=\"https:\/\/www.sarkis.fr\/en\/1996\/tapisseries-recentes\/\" title=\"Tapisseries r\u00e9centes\">Tapisseries r\u00e9centes<\/a><\/li>\n                                                                    <li><a href=\"https:\/\/www.sarkis.fr\/en\/1998\/tapko-sunday-morningwalk\/\" title=\"Tapko-Sunday morningwalk\">Tapko-Sunday morningwalk<\/a><\/li>\n                                                                    <li><a href=\"https:\/\/www.sarkis.fr\/en\/1987\/taxis-avant-minuit\/\" title=\"Taxis avant Minuit\">Taxis avant Minuit<\/a><\/li>\n                                                                    <li><a href=\"https:\/\/www.sarkis.fr\/en\/1992\/terra-de-nadie\/\" title=\"Terra de nadie\">Terra de nadie<\/a><\/li>\n                                                                    <li><a href=\"https:\/\/www.sarkis.fr\/en\/1988\/territoire-datterrissage\/\" title=\"Territoire d\u2019atterrissage\">Territoire d\u2019atterrissage<\/a><\/li>\n                                                                    <li><a href=\"https:\/\/www.sarkis.fr\/en\/1992\/territorium-artis\/\" title=\"Territorium Artis\">Territorium Artis<\/a><\/li>\n                                                                    <li><a href=\"https:\/\/www.sarkis.fr\/en\/1976\/the-artist-and-the-photograph\/\" title=\"The Artist and The Photograph\">The Artist and The Photograph<\/a><\/li>\n                                                                    <li><a href=\"https:\/\/www.sarkis.fr\/en\/1983\/the-drama-of-the-k\/\" title=\"The Drama of the K\">The Drama of the K<\/a><\/li>\n                                                                    <li><a href=\"https:\/\/www.sarkis.fr\/en\/2005\/the-giving-person\/\" title=\"The Giving Person\">The Giving Person<\/a><\/li>\n                                                                    <li><a href=\"https:\/\/www.sarkis.fr\/en\/1990\/the-readymade-boomerang\/\" title=\"The Readymade Boomerang\">The Readymade Boomerang<\/a><\/li>\n                                                                    <li><a href=\"https:\/\/www.sarkis.fr\/en\/1978\/the-record-as-artwork-from-futurism-to-conceptual-art\/\" title=\"The Record as Artwork (from Futurism to Conceptual Art)\">The Record as Artwork (from Futurism to Conceptual Art)<\/a><\/li>\n                                                                    <li><a href=\"https:\/\/www.sarkis.fr\/en\/2016\/the-red-gaze\/\" title=\"THE RED GAZE\">THE RED GAZE<\/a><\/li>\n                                                                    <li><a href=\"https:\/\/www.sarkis.fr\/en\/2013\/the-red-queen\/\" title=\"The Red Queen\">The Red Queen<\/a><\/li>\n                                                                    <li><a href=\"https:\/\/www.sarkis.fr\/en\/2011\/the-speed-of-colors\/\" title=\"The speed of colors\">The speed of colors<\/a><\/li>\n                                                                    <li><a href=\"https:\/\/www.sarkis.fr\/en\/2012\/the-treasure-chests-of-mnemosyne\/\" title=\"The Treasure Chests of Mnemosyne\">The Treasure Chests of Mnemosyne<\/a><\/li>\n                                                                    <li><a href=\"https:\/\/www.sarkis.fr\/en\/1995\/thresholds\/\" title=\"Thresholds\">Thresholds<\/a><\/li>\n                                                                    <li><a href=\"https:\/\/www.sarkis.fr\/en\/2007\/time-present-time-past\/\" title=\"Time present time past\">Time present time past<\/a><\/li>\n                                                                    <li><a href=\"https:\/\/www.sarkis.fr\/en\/2011\/to-multiply-is-human\/\" title=\"TO MULTIPLY IS HUMAN\">TO MULTIPLY IS HUMAN<\/a><\/li>\n                                                                    <li><a href=\"https:\/\/www.sarkis.fr\/en\/2001\/touch\/\" title=\"Touch\">Touch<\/a><\/li>\n                                                                    <li><a href=\"https:\/\/www.sarkis.fr\/en\/2008\/trait-desprit\/\" title=\"Trait d\u2019esprit\">Trait d\u2019esprit<\/a><\/li>\n                                                                    <li><a href=\"https:\/\/www.sarkis.fr\/en\/2001\/transflammation\/\" title=\"Transflammation\">Transflammation<\/a><\/li>\n                                                                    <li><a href=\"https:\/\/www.sarkis.fr\/en\/1976\/travail-manuel\/\" title=\"Travail Manuel\">Travail Manuel<\/a><\/li>\n                                                                    <li><a href=\"https:\/\/www.sarkis.fr\/en\/1991\/trente-oeuvres-du-fonds-national-dart-contemporain\/\" title=\"Trente \u0153uvres du Fonds National d\u2019Art Contemporain\">Trente \u0153uvres du Fonds National d\u2019Art Contemporain<\/a><\/li>\n                                                                    <li><a href=\"https:\/\/www.sarkis.fr\/en\/1976\/tresor-de-guerre\/\" title=\"Tr\u00e9sor de Guerre\">Tr\u00e9sor de Guerre<\/a><\/li>\n                                                                    <li><a href=\"https:\/\/www.sarkis.fr\/en\/2012\/2012-tresor-de-memoire\/\" title=\"Tr\u00e9sor de M\u00e9moire\">Tr\u00e9sor de M\u00e9moire<\/a><\/li>\n                                                                    <li><a href=\"https:\/\/www.sarkis.fr\/en\/1997\/tresors\/\" title=\"TRESORS\">TRESORS<\/a><\/li>\n                                                                    <li><a href=\"https:\/\/www.sarkis.fr\/en\/1998\/tresors-de-mnemosyne\/\" title=\"Tr\u00e9sors de Mnemosyne\">Tr\u00e9sors de Mnemosyne<\/a><\/li>\n                                                                    <li><a href=\"https:\/\/www.sarkis.fr\/en\/1993\/tresors-de-voyage\/\" title=\"Tr\u00e9sors de voyage\">Tr\u00e9sors de voyage<\/a><\/li>\n                                                                    <li><a href=\"https:\/\/www.sarkis.fr\/en\/1985\/trio-avec-piano-kriegsschatz-viola-damour-flute-de-guatemala-devant-le-decor-des-3-expositions-de-sarkis-au-centre-dart-contemporain\/\" title=\"Trio avec Piano Kriegsschatz, Viola d\u2019Amour, Fl\u00fbte de Guatemala devant le D\u00e9cor des 3 Expositions de Sarkis au Centre d\u2019Art Contemporain\">Trio avec Piano Kriegsschatz, Viola d\u2019Amour, Fl\u00fbte de Guatemala devant le D\u00e9cor des 3 Expositions de Sarkis au Centre d\u2019Art Contemporain<\/a><\/li>\n                                                                    <li><a href=\"https:\/\/www.sarkis.fr\/en\/2014\/trocadero\/\" title=\"Trocadero\">Trocadero<\/a><\/li>\n                                                                    <li><a href=\"https:\/\/www.sarkis.fr\/en\/2013\/twin-rainbow\/\" title=\"Twin Rainbow\">Twin Rainbow<\/a><\/li>\n                                                                    <li><a href=\"https:\/\/www.sarkis.fr\/en\/2003\/two\/\" title=\"two\">two<\/a><\/li>\n                                                                    <li><a href=\"https:\/\/www.sarkis.fr\/en\/2013\/two-films\/\" title=\"Two films\">Two films<\/a><\/li>\n                                                                    <li><a href=\"https:\/\/www.sarkis.fr\/en\/2014\/un-moment-deternite-dans-le-passage-du-temps\/\" title=\"Un moment d\u2019\u00e9t\u00e9rnit\u00e9 dans le passage du temps\">Un moment d\u2019\u00e9t\u00e9rnit\u00e9 dans le passage du temps<\/a><\/li>\n                                                                    <li><a href=\"https:\/\/www.sarkis.fr\/en\/2000\/une-lumiere-froide-qui-chauffe\/\" title=\"Une lumi\u00e8re froide qui chauffe\">Une lumi\u00e8re froide qui chauffe<\/a><\/li>\n                                                                    <li><a href=\"https:\/\/www.sarkis.fr\/en\/1991\/une-scene-parisienne-1968-1972\/\" title=\"Une sc\u00e8ne parisienne, 1968-1972\">Une sc\u00e8ne parisienne, 1968-1972<\/a><\/li>\n                                                                    <li><a href=\"https:\/\/www.sarkis.fr\/en\/2020\/untitled\/\" title=\"UNTITLED\">UNTITLED<\/a><\/li>\n                                                                    <li><a href=\"https:\/\/www.sarkis.fr\/en\/2005\/urban-realitaten\/\" title=\"Urban Realit\u00e4ten\">Urban Realit\u00e4ten<\/a><\/li>\n                                                                    <li><a href=\"https:\/\/www.sarkis.fr\/en\/2019\/va-dans-ta-chambre\/\" title=\"Va dans ta chambre\">Va dans ta chambre<\/a><\/li>\n                                                                    <li><a href=\"https:\/\/www.sarkis.fr\/en\/1995\/vagabondages\/\" title=\"Vagabondages\">Vagabondages<\/a><\/li>\n                                                                    <li><a href=\"https:\/\/www.sarkis.fr\/en\/1989\/valmy\/\" title=\"VALMY\">VALMY<\/a><\/li>\n                                                                    <li><a href=\"https:\/\/www.sarkis.fr\/en\/2020\/vermeer-cezanne-2\/\" title=\"Vermeer \u2013 C\u00e9zanne\">Vermeer \u2013 C\u00e9zanne<\/a><\/li>\n                                                                    <li><a href=\"https:\/\/www.sarkis.fr\/en\/2020\/vermeer-cezanne\/\" title=\"Vermeer-C\u00e9zanne\">Vermeer-C\u00e9zanne<\/a><\/li>\n                                                                    <li><a href=\"https:\/\/www.sarkis.fr\/en\/1992\/vers-brioude\/\" title=\"Vers Brioude\">Vers Brioude<\/a><\/li>\n                                                                    <li><a href=\"https:\/\/www.sarkis.fr\/en\/1996\/vingt-quatre-ans-apres-quelques-secondes\/\" title=\"Vingt quatre ans apr\u00e8s quelques secondes\">Vingt quatre ans apr\u00e8s quelques secondes<\/a><\/li>\n                                                                    <li><a href=\"https:\/\/www.sarkis.fr\/en\/2010\/violet-de-bayeux\/\" title=\"Violet de Bayeux\">Violet de Bayeux<\/a><\/li>\n                                                                    <li><a href=\"https:\/\/www.sarkis.fr\/en\/1984\/vivant-et-artificiel\/\" title=\"Vivant et Artificiel\">Vivant et Artificiel<\/a><\/li>\n                                                                    <li><a href=\"https:\/\/www.sarkis.fr\/en\/1989\/vive-le-nouveau-musee\/\" title=\"Vive le Nouveau Mus\u00e9e\">Vive le Nouveau Mus\u00e9e<\/a><\/li>\n                                                                    <li><a href=\"https:\/\/www.sarkis.fr\/en\/2000\/voila\/\" title=\"VOIL\u00c0\">VOIL\u00c0<\/a><\/li>\n                                                                    <li><a href=\"https:\/\/www.sarkis.fr\/en\/1996\/vom-drinnendraussen\/\" title=\"Vom Drinnendraussen\">Vom Drinnendraussen<\/a><\/li>\n                                                                    <li><a href=\"https:\/\/www.sarkis.fr\/en\/2003\/voyages-en-aquarelles\/\" title=\"Voyages en aquarelles\">Voyages en aquarelles<\/a><\/li>\n                                                                    <li><a href=\"https:\/\/www.sarkis.fr\/en\/1977\/wandarbeit-gegenuber-dem-standort-der-u-boot-marine-bordeaux\/\" title=\"Wandarbeit gegen\u00fcber dem Standort der U-Boot-Marine Bordeaux\">Wandarbeit gegen\u00fcber dem Standort der U-Boot-Marine Bordeaux<\/a><\/li>\n                                                                    <li><a href=\"https:\/\/www.sarkis.fr\/en\/1993\/warmte-en-licht\/\" title=\"Warmte en licht\">Warmte en licht<\/a><\/li>\n                                                                    <li><a href=\"https:\/\/www.sarkis.fr\/en\/2016\/what-is-not-visible-is-not-visible\/\" title=\"What is not visible is not visible\">What is not visible is not visible<\/a><\/li>\n                                                                    <li><a href=\"https:\/\/www.sarkis.fr\/en\/2013\/when-attitude-becomes-form-bern-1969-venice-2013\/\" title=\"When attitude Becomes Form : Bern 1969\/Venice 2013\">When attitude Becomes Form : Bern 1969\/Venice 2013<\/a><\/li>\n                                                                    <li><a href=\"https:\/\/www.sarkis.fr\/en\/2017\/yellow-punctum\/\" title=\"Yellow Punctum\">Yellow Punctum<\/a><\/li>\n                                                                    <li><a href=\"https:\/\/www.sarkis.fr\/en\/2004\/yona-a-bezalel\/\" title=\"Yona \u00e0 Bezalel\">Yona \u00e0 Bezalel<\/a><\/li>\n                                                                    <li><a href=\"https:\/\/www.sarkis.fr\/en\/1994\/zone\/\" title=\"Zone\">Zone<\/a><\/li>\n                                                            <\/ul>\n                        <\/div>\n                            <\/div>\n                <p class=\"h2\">Texts<\/p>\n                <div class=\"row\">\n                    <div class=\"col-lg-3\">\n                <ul>\n                                    <li><a href=\"https:\/\/www.sarkis.fr\/en\/texts\/qbellem-vatanimdir-sarks-uezerneq-par-pinar-asan-6\/\" title=\"\u201cBELLE\u011e\u0130M VATANIMDIR\u201d: SARK\u0130S \u00dcZER\u0130NE\">\u201cBELLE\u011e\u0130M VATANIMDIR\u201d: SARK\u0130S \u00dcZER\u0130NE<\/a><\/li>\n                                                        <li><a href=\"https:\/\/www.sarkis.fr\/en\/texts\/booklet-sarkis-7-tage-7-nachte-kusthalle-baden-baden-deutschland\/\" title=\"Booklet Sarkis &#8211; 7 Tage 7 N\u00e4chte &#8211; Kusthalle Baden-Baden, Deutschland\">Booklet Sarkis &#8211; 7 Tage 7 N\u00e4chte &#8211; Kusthalle Baden-Baden, Deutschland<\/a><\/li>\n                                                        <li><a href=\"https:\/\/www.sarkis.fr\/en\/texts\/comics-20-petites-litanies-frederic-boyer\/\" title=\"Comics, 20 petites litanies\">Comics, 20 petites litanies<\/a><\/li>\n                                    <\/ul><\/div><div class=\"col-lg-3\"><ul>\n                                                        <li><a href=\"https:\/\/www.sarkis.fr\/en\/texts\/de-lui-a-nous-par-elvan-zabunyan\/\" title=\"De lui \u00e0 nous\">De lui \u00e0 nous<\/a><\/li>\n                                                        <li><a href=\"https:\/\/www.sarkis.fr\/en\/texts\/histoire-de-fantomes-pour-les-grandes-personnes\/\" title=\"Histoire de fant\u00f4mes pour les grandes personnes\">Histoire de fant\u00f4mes pour les grandes personnes<\/a><\/li>\n                                                        <li><a href=\"https:\/\/www.sarkis.fr\/en\/texts\/qla-bibliotheque-du-seismographeq-par-uwe-fleckner-1-ere-partie-6\/\" title=\"La biblioth\u00e8que du s\u00e9ismographe\">La biblioth\u00e8que du s\u00e9ismographe<\/a><\/li>\n                                                        <li><a href=\"https:\/\/www.sarkis.fr\/en\/texts\/la-miniature-et-le-film-entretien-par-erik-bullot\/\" title=\"La miniature et le film\">La miniature et le film<\/a><\/li>\n                                    <\/ul><\/div><div class=\"col-lg-3\"><ul>\n                                                        <li><a href=\"https:\/\/www.sarkis.fr\/en\/texts\/qle-lait-de-la-mortq-par-georges-didi-huberman-6\/\" title=\"Le lait de la mort\">Le lait de la mort<\/a><\/li>\n                                                        <li><a href=\"https:\/\/www.sarkis.fr\/en\/texts\/operation-organe-une-biographie-de-sarkis\/\" title=\"Op\u00e9ration Organe (une biographie de Sarkis)\">Op\u00e9ration Organe (une biographie de Sarkis)<\/a><\/li>\n                                                        <li><a href=\"https:\/\/www.sarkis.fr\/en\/texts\/qpese-bourdelle-ou-comment-expliquer-les-sculptures-a-un-statuaire-mortq-par-jean-philippe-antoine-6\/\" title=\"P\u00e8se-Bourdelle, ou Comment expliquer les sculptures \u00e0 un statuaire mort\">P\u00e8se-Bourdelle, ou Comment expliquer les sculptures \u00e0 un statuaire mort<\/a><\/li>\n                                                        <li><a href=\"https:\/\/www.sarkis.fr\/en\/texts\/respiro-2015-publie-dans-le-cadre-de-la-biennale-de-venise-pavillon-de-la-turquie-6\/\" title=\"Respiro\">Respiro<\/a><\/li>\n                                    <\/ul><\/div><div class=\"col-lg-3\"><ul>\n                                                        <li><a href=\"https:\/\/www.sarkis.fr\/en\/texts\/sarkis-a-erevan-ou-la-redecouverte-de-la-zone-par-ruben-arevshatyan\/\" title=\"Sarkis \u00e0 Erevan, ou la red\u00e9couverte de la ZONE\">Sarkis \u00e0 Erevan, ou la red\u00e9couverte de la ZONE<\/a><\/li>\n                                                        <li><a href=\"https:\/\/www.sarkis.fr\/en\/texts\/sarkis-and-when-attitudes-become-form\/\" title=\"Sarkis and \u201cWhen Attitudes Become Form\u201d\">Sarkis and \u201cWhen Attitudes Become Form\u201d<\/a><\/li>\n                                                        <li><a href=\"https:\/\/www.sarkis.fr\/en\/texts\/qsarkis-est-a-strasbourg-1979-1989q-par-claude-rossignol-6\/\" title=\"Sarkis est \u00e0 Strasbourg 1979-1989&#8230;\">Sarkis est \u00e0 Strasbourg 1979-1989&#8230;<\/a><\/li>\n                                                        <li><a href=\"https:\/\/www.sarkis.fr\/en\/texts\/sarkis-in-yerevan-or-rediscovering-the-zone-by-ruben-arevshatyan\/\" title=\"Sarkis in Yerevan or rediscovering the ZONE\">Sarkis in Yerevan or rediscovering the ZONE<\/a><\/li>\n                                    <\/ul><\/div><div class=\"col-lg-3\"><ul>\n                                                        <li><a href=\"https:\/\/www.sarkis.fr\/en\/texts\/anne-tiqwah-ellul-et-helder-da-silva-texte-en-prose-6\/\" title=\"Texte en prose\">Texte en prose<\/a><\/li>\n                                                        <li><a href=\"https:\/\/www.sarkis.fr\/en\/texts\/qtraces-persistantesq-par-malcolm-miles-6\/\" title=\"Traces persistantes\">Traces persistantes<\/a><\/li>\n                                                    <\/ul>\n            <\/div>\n                <\/div>\n               <p class=\"h2\">Pages<\/p>\n                <div class=\"row\">\n                    <div class=\"col-lg-3\">\n                <ul>\n                                    <li><a href=\"https:\/\/www.sarkis.fr\/en\/sarkis-exhibitions-since-1960\/\" title=\"Exhibitions since 1960\">Exhibitions since 1960<\/a><\/li>\n                                                        <li><a href=\"https:\/\/www.sarkis.fr\/en\/privacy-policy\/\" title=\"Privacy Policy\">Privacy Policy<\/a><\/li>\n                                                        <li><a href=\"https:\/\/www.sarkis.fr\/en\/\" title=\"Sarkis, visual artist\">Sarkis, visual artist<\/a><\/li>\n                                    <\/ul><\/div><div class=\"col-lg-3\"><ul>\n                                                        <li><a href=\"https:\/\/www.sarkis.fr\/en\/plan-du-site\/\" title=\"Sitemap\">Sitemap<\/a><\/li>\n                                                        <li><a href=\"https:\/\/www.sarkis.fr\/en\/terms-of-use\/\" title=\"Terms of use\">Terms of use<\/a><\/li>\n                                                        <li><a href=\"https:\/\/www.sarkis.fr\/en\/text-reviews-about-sarkis\/\" title=\"Text reviews\">Text reviews<\/a><\/li>\n                                                    <\/ul>\n            <\/div>\n                <\/div>\n   <\/section>","protected":false},"excerpt":{"rendered":"","protected":false},"author":3,"featured_media":0,"parent":0,"menu_order":0,"comment_status":"closed","ping_status":"closed","template":"","meta":{"_acf_changed":false,"footnotes":""},"class_list":["post-11572","page","type-page","status-publish","hentry"],"acf":[],"_links":{"self":[{"href":"https:\/\/www.sarkis.fr\/en\/wp-json\/wp\/v2\/pages\/11572","targetHints":{"allow":["GET"]}}],"collection":[{"href":"https:\/\/www.sarkis.fr\/en\/wp-json\/wp\/v2\/pages"}],"about":[{"href":"https:\/\/www.sarkis.fr\/en\/wp-json\/wp\/v2\/types\/page"}],"author":[{"embeddable":true,"href":"https:\/\/www.sarkis.fr\/en\/wp-json\/wp\/v2\/users\/3"}],"replies":[{"embeddable":true,"href":"https:\/\/www.sarkis.fr\/en\/wp-json\/wp\/v2\/comments?post=11572"}],"version-history":[{"count":4,"href":"https:\/\/www.sarkis.fr\/en\/wp-json\/wp\/v2\/pages\/11572\/revisions"}],"predecessor-version":[{"id":11606,"href":"https:\/\/www.sarkis.fr\/en\/wp-json\/wp\/v2\/pages\/11572\/revisions\/11606"}],"wp:attachment":[{"href":"https:\/\/www.sarkis.fr\/en\/wp-json\/wp\/v2\/media?parent=11572"}],"curies":[{"name":"wp","href":"https:\/\/api.w.org\/{rel}","templated":true}]}}