{"id":1335,"date":"2015-05-16T13:58:37","date_gmt":"2015-05-16T13:58:37","guid":{"rendered":"http:\/\/www.sarkis.fr\/ecrits-expositions-oeuvres-en-dialogue\/textes-choisis\/"},"modified":"2022-08-11T08:34:49","modified_gmt":"2022-08-11T08:34:49","slug":"text-reviews-about-sarkis","status":"publish","type":"page","link":"https:\/\/www.sarkis.fr\/en\/text-reviews-about-sarkis\/","title":{"rendered":"Text reviews"},"content":{"rendered":"<section id=\"texts-index-block_62e942cf59a47\" class=\"row afg-texts-index afg-mouse-follow-wrapper\">\n\t<div class=\"inner afg-flex-wrap justify-content-center\">\n\t\t\t\t\t<div class=\"col-lg-5\">\n\t\t\t\t\t\t\t\t\t<article id=\"post-12831\" class=\"afg-mouse-follow-hover post-12831 texts type-texts status-publish has-post-thumbnail hentry category-266\">\n\t\t\t\t\t\t\t\t\t\t\t\t\t<figure class=\"afg-mouse-follow\" data-element-id=\"12918\">\n\t\t\t\t\t\t\t\t<img loading=\"lazy\" decoding=\"async\" width=\"1000\" height=\"1000\" src=\"https:\/\/www.sarkis.fr\/wp-content\/uploads\/2023\/12\/sarkis-couv.jpg\" class=\"attachment-large size-large\" alt=\"\" srcset=\"https:\/\/www.sarkis.fr\/wp-content\/uploads\/2023\/12\/sarkis-couv.jpg 1000w, https:\/\/www.sarkis.fr\/wp-content\/uploads\/2023\/12\/sarkis-couv-300x300.jpg 300w, https:\/\/www.sarkis.fr\/wp-content\/uploads\/2023\/12\/sarkis-couv-80x80.jpg 80w, https:\/\/www.sarkis.fr\/wp-content\/uploads\/2023\/12\/sarkis-couv-768x768.jpg 768w\" sizes=\"auto, (max-width: 1000px) 100vw, 1000px\" \/>\t\t\t\t\t\t\t\t\t\t\t\t\t\t\t<\/figure>\n\t\t\t\t\t\t\t\t\t\t\t\t<h2 class=\"post-title\">\n\t\t\t\t\t\t\t<a href=\"https:\/\/www.sarkis.fr\/en\/texts\/booklet-sarkis-7-tage-7-nachte-kusthalle-baden-baden-deutschland\/\" title=\"Booklet Sarkis &#8211; 7 Tage 7 N\u00e4chte &#8211; Kusthalle Baden-Baden, Deutschland\">\n\t\t\t\t\t\t\t\tBooklet Sarkis &#8211; 7 Tage 7 N\u00e4chte &#8211; Kusthalle Baden-Baden, Deutschland\t\t\t\t\t\t\t<\/a>\n\t\t\t\t\t\t<\/h2> \n\t\t\t\t\t\t<p class=\"afg-metadata\">\n\t<span class=\"authors\">Staatliche Kusthalle Baden-Baden Team<\/span><span class=\"dates\">2023<\/span><\/p>\n\t\t\t\t\t\t<script>\n\t\t\t\t\t\t\tafg_helpers.simpleMouse('post-12831');\n\t\t\t\t\t\t<\/script>\n\t\t\t\t\t<\/article> \n\t\t\t\t\t\t\t\t\t<article id=\"post-10750\" class=\"afg-mouse-follow-hover post-10750 texts type-texts status-publish has-post-thumbnail hentry\">\n\t\t\t\t\t\t\t\t\t\t\t\t\t<figure class=\"afg-mouse-follow\" data-element-id=\"2924\">\n\t\t\t\t\t\t\t\t<img loading=\"lazy\" decoding=\"async\" width=\"598\" height=\"451\" src=\"https:\/\/www.sarkis.fr\/wp-content\/uploads\/2021\/10\/sarkis-artiste-contemporain-textes-images-histoire-de-fantomes-pour-les-grandes-personnes-e1658570627648.jpg\" class=\"attachment-large size-large\" alt=\"Robert Walser, Seeland, 2018\" srcset=\"https:\/\/www.sarkis.fr\/wp-content\/uploads\/2021\/10\/sarkis-artiste-contemporain-textes-images-histoire-de-fantomes-pour-les-grandes-personnes-e1658570627648.jpg 598w, https:\/\/www.sarkis.fr\/wp-content\/uploads\/2021\/10\/sarkis-artiste-contemporain-textes-images-histoire-de-fantomes-pour-les-grandes-personnes-e1658570627648-300x226.jpg 300w\" sizes=\"auto, (max-width: 598px) 100vw, 598px\" \/>\t\t\t\t\t\t\t\t\t\t\t\t\t\t\t\t\t<figcaption>Robert Walser, Seeland, 2018<\/figcaption>\n\t\t\t\t\t\t\t\t\t\t\t\t\t\t\t<\/figure>\n\t\t\t\t\t\t\t\t\t\t\t\t<h2 class=\"post-title\">\n\t\t\t\t\t\t\t<a href=\"https:\/\/www.sarkis.fr\/en\/texts\/histoire-de-fantomes-pour-les-grandes-personnes\/\" title=\"Histoire de fant\u00f4mes pour les grandes personnes\">\n\t\t\t\t\t\t\t\tHistoire de fant\u00f4mes pour les grandes personnes\t\t\t\t\t\t\t<\/a>\n\t\t\t\t\t\t<\/h2> \n\t\t\t\t\t\t<p class=\"afg-metadata\">\n\t<span class=\"authors\">Sophie Costes<\/span><span class=\"dates\">2021<\/span><\/p>\n\t\t\t\t\t\t<script>\n\t\t\t\t\t\t\tafg_helpers.simpleMouse('post-10750');\n\t\t\t\t\t\t<\/script>\n\t\t\t\t\t<\/article> \n\t\t\t\t\t\t\t\t\t<article id=\"post-9650\" class=\"afg-mouse-follow-hover post-9650 texts type-texts status-publish has-post-thumbnail hentry\">\n\t\t\t\t\t\t\t\t\t\t\t\t\t<figure class=\"afg-mouse-follow\" data-element-id=\"449\">\n\t\t\t\t\t\t\t\t<img loading=\"lazy\" decoding=\"async\" width=\"1024\" height=\"768\" src=\"https:\/\/www.sarkis.fr\/wp-content\/uploads\/2009\/12\/Sarkis__Respiro__Biennale_de_Venise_Pavillon_de_la_Turquie_Mai-Novembre_2015_photo_Andre_Morin_-1024x768.jpg\" class=\"attachment-large size-large\" alt=\"Sarkis, Respiro, Biennale de Venise, Pavillon de la Turquie, Mai - Novembre 2015. Photographie Andr\u00e9 Morin\" \/>\t\t\t\t\t\t\t\t\t\t\t\t\t\t\t\t\t<figcaption>Sarkis, Respiro, Biennale de Venise, Pavillon de la Turquie, Mai &#8211; Novembre 2015. Photographie Andr\u00e9 Morin<\/figcaption>\n\t\t\t\t\t\t\t\t\t\t\t\t\t\t\t<\/figure>\n\t\t\t\t\t\t\t\t\t\t\t\t<h2 class=\"post-title\">\n\t\t\t\t\t\t\t<a href=\"https:\/\/www.sarkis.fr\/en\/texts\/respiro-2015-publie-dans-le-cadre-de-la-biennale-de-venise-pavillon-de-la-turquie-6\/\" title=\"Respiro\">\n\t\t\t\t\t\t\t\tRespiro\t\t\t\t\t\t\t<\/a>\n\t\t\t\t\t\t<\/h2> \n\t\t\t\t\t\t<p class=\"afg-metadata\">\n\t<span class=\"authors\">Auteurs multiples<\/span><span class=\"dates\">2015<\/span><\/p>\n\t<p class=\"afg-title-notes\">\n\t\tPavillon de la Turquie, Biennale de Venise 2015\t<\/p>\t\n\t\t\t\t\t\t<script>\n\t\t\t\t\t\t\tafg_helpers.simpleMouse('post-9650');\n\t\t\t\t\t\t<\/script>\n\t\t\t\t\t<\/article> \n\t\t\t\t\t\t\t\t\t<article id=\"post-12714\" class=\"afg-mouse-follow-hover post-12714 texts type-texts status-publish has-post-thumbnail hentry\">\n\t\t\t\t\t\t\t\t\t\t\t\t\t<figure class=\"afg-mouse-follow\" data-element-id=\"12819\">\n\t\t\t\t\t\t\t\t<img loading=\"lazy\" decoding=\"async\" width=\"1030\" height=\"858\" src=\"https:\/\/www.sarkis.fr\/wp-content\/uploads\/2023\/11\/couv2013.06-Sarkis-and-When-Attitudes-Become-Form-_Page_01-1030x858.webp\" class=\"attachment-large size-large\" alt=\"\" srcset=\"https:\/\/www.sarkis.fr\/wp-content\/uploads\/2023\/11\/couv2013.06-Sarkis-and-When-Attitudes-Become-Form-_Page_01-1030x858.webp 1030w, https:\/\/www.sarkis.fr\/wp-content\/uploads\/2023\/11\/couv2013.06-Sarkis-and-When-Attitudes-Become-Form-_Page_01-300x250.webp 300w, https:\/\/www.sarkis.fr\/wp-content\/uploads\/2023\/11\/couv2013.06-Sarkis-and-When-Attitudes-Become-Form-_Page_01-768x640.webp 768w, https:\/\/www.sarkis.fr\/wp-content\/uploads\/2023\/11\/couv2013.06-Sarkis-and-When-Attitudes-Become-Form-_Page_01.webp 1200w\" sizes=\"auto, (max-width: 1030px) 100vw, 1030px\" \/>\t\t\t\t\t\t\t\t\t\t\t\t\t\t\t<\/figure>\n\t\t\t\t\t\t\t\t\t\t\t\t<h2 class=\"post-title\">\n\t\t\t\t\t\t\t<a href=\"https:\/\/www.sarkis.fr\/en\/texts\/sarkis-and-when-attitudes-become-form\/\" title=\"Sarkis and \u201cWhen Attitudes Become Form\u201d\">\n\t\t\t\t\t\t\t\tSarkis and \u201cWhen Attitudes Become Form\u201d\t\t\t\t\t\t\t<\/a>\n\t\t\t\t\t\t<\/h2> \n\t\t\t\t\t\t<p class=\"afg-metadata\">\n\t<span class=\"authors\">Interview: Nazl\u0131 G\u00fcrlek<\/span><span class=\"dates\">2013<\/span><\/p>\n\t\t\t\t\t\t<script>\n\t\t\t\t\t\t\tafg_helpers.simpleMouse('post-12714');\n\t\t\t\t\t\t<\/script>\n\t\t\t\t\t<\/article> \n\t\t\t\t\t\t\t\t\t<article id=\"post-9652\" class=\"afg-mouse-follow-hover post-9652 texts type-texts status-publish has-post-thumbnail hentry\">\n\t\t\t\t\t\t\t\t\t\t\t\t\t<figure class=\"afg-mouse-follow\" data-element-id=\"471\">\n\t\t\t\t\t\t\t\t<img loading=\"lazy\" decoding=\"async\" width=\"835\" height=\"542\" src=\"https:\/\/www.sarkis.fr\/wp-content\/uploads\/2009\/12\/bir-ikona-kazim-taskent-gallery-Istanbul-020910-201010.jpg\" class=\"attachment-large size-large\" alt=\"Sarkis, Bir Ikona, Kazim Taskent Galerisi, Istanbul, 2 sep - 20 oct 2010\" \/>\t\t\t\t\t\t\t\t\t\t\t\t\t\t\t\t\t<figcaption>Sarkis, Bir Ikona, Kazim Taskent Galerisi, Istanbul, 2 sep &#8211; 20 oct 2010<\/figcaption>\n\t\t\t\t\t\t\t\t\t\t\t\t\t\t\t<\/figure>\n\t\t\t\t\t\t\t\t\t\t\t\t<h2 class=\"post-title\">\n\t\t\t\t\t\t\t<a href=\"https:\/\/www.sarkis.fr\/en\/texts\/de-lui-a-nous-par-elvan-zabunyan\/\" title=\"De lui \u00e0 nous\">\n\t\t\t\t\t\t\t\tDe lui \u00e0 nous\t\t\t\t\t\t\t<\/a>\n\t\t\t\t\t\t<\/h2> \n\t\t\t\t\t\t<p class=\"afg-metadata\">\n\t<span class=\"authors\">Elvan Zabunyan<\/span><span class=\"dates\">2011<\/span><\/p>\n\t\t\t\t\t\t<script>\n\t\t\t\t\t\t\tafg_helpers.simpleMouse('post-9652');\n\t\t\t\t\t\t<\/script>\n\t\t\t\t\t<\/article> \n\t\t\t\t\t\t\t\t\t<article id=\"post-9666\" class=\"afg-mouse-follow-hover post-9666 texts type-texts status-publish has-post-thumbnail hentry\">\n\t\t\t\t\t\t\t\t\t\t\t\t\t<figure class=\"afg-mouse-follow\" data-element-id=\"420\">\n\t\t\t\t\t\t\t\t<img loading=\"lazy\" decoding=\"async\" width=\"545\" height=\"374\" src=\"https:\/\/www.sarkis.fr\/wp-content\/uploads\/2009\/07\/film-n-28.jpg\" class=\"attachment-large size-large\" alt=\"Sarkis, Au commencement, le cri, 1998, film, 3 minutes\" srcset=\"https:\/\/www.sarkis.fr\/wp-content\/uploads\/2009\/07\/film-n-28.jpg 545w, https:\/\/www.sarkis.fr\/wp-content\/uploads\/2009\/07\/film-n-28-300x206.jpg 300w\" sizes=\"auto, (max-width: 545px) 100vw, 545px\" \/>\t\t\t\t\t\t\t\t\t\t\t\t\t\t\t\t\t<figcaption>Sarkis, Au commencement, le cri, 1998, film, 3 minutes<\/figcaption>\n\t\t\t\t\t\t\t\t\t\t\t\t\t\t\t<\/figure>\n\t\t\t\t\t\t\t\t\t\t\t\t<h2 class=\"post-title\">\n\t\t\t\t\t\t\t<a href=\"https:\/\/www.sarkis.fr\/en\/texts\/qla-bibliotheque-du-seismographeq-par-uwe-fleckner-1-ere-partie-6\/\" title=\"La biblioth\u00e8que du s\u00e9ismographe\">\n\t\t\t\t\t\t\t\tLa biblioth\u00e8que du s\u00e9ismographe\t\t\t\t\t\t\t<\/a>\n\t\t\t\t\t\t<\/h2> \n\t\t\t\t\t\t<p class=\"afg-metadata\">\n\t<span class=\"authors\">Uwe Fleckner<\/span><span class=\"dates\">2010<\/span><\/p>\n\t\t\t\t\t\t<script>\n\t\t\t\t\t\t\tafg_helpers.simpleMouse('post-9666');\n\t\t\t\t\t\t<\/script>\n\t\t\t\t\t<\/article> \n\t\t\t\t\t\t\t\t\t<article id=\"post-9669\" class=\"afg-mouse-follow-hover post-9669 texts type-texts status-publish has-post-thumbnail hentry\">\n\t\t\t\t\t\t\t\t\t\t\t\t\t<figure class=\"afg-mouse-follow\" data-element-id=\"97\">\n\t\t\t\t\t\t\t\t<img loading=\"lazy\" decoding=\"async\" width=\"650\" height=\"429\" src=\"https:\/\/www.sarkis.fr\/wp-content\/uploads\/2009\/05\/2008-Boijmans-Rotterdam-e1658528708385.jpg\" class=\"attachment-large size-large\" alt=\"Sarkis, Landscape Forever, Museum Boijmans van Beuningen, Rotterdam, 16 f\u00e9v -25 mai 2008\" srcset=\"https:\/\/www.sarkis.fr\/wp-content\/uploads\/2009\/05\/2008-Boijmans-Rotterdam-e1658528708385.jpg 650w, https:\/\/www.sarkis.fr\/wp-content\/uploads\/2009\/05\/2008-Boijmans-Rotterdam-e1658528708385-300x198.jpg 300w\" sizes=\"auto, (max-width: 650px) 100vw, 650px\" \/>\t\t\t\t\t\t\t\t\t\t\t\t\t\t\t\t\t<figcaption>Sarkis, Landscape Forever, Museum Boijmans van Beuningen, Rotterdam, 16 f\u00e9v -25 mai 2008<\/figcaption>\n\t\t\t\t\t\t\t\t\t\t\t\t\t\t\t<\/figure>\n\t\t\t\t\t\t\t\t\t\t\t\t<h2 class=\"post-title\">\n\t\t\t\t\t\t\t<a href=\"https:\/\/www.sarkis.fr\/en\/texts\/comics-20-petites-litanies-frederic-boyer\/\" title=\"Comics, 20 petites litanies\">\n\t\t\t\t\t\t\t\tComics, 20 petites litanies\t\t\t\t\t\t\t<\/a>\n\t\t\t\t\t\t<\/h2> \n\t\t\t\t\t\t<p class=\"afg-metadata\">\n\t<span class=\"authors\">Fr\u00e9d\u00e9ric Boyer<\/span><span class=\"dates\">2009<\/span><\/p>\n\t<p class=\"afg-title-notes\">\n\t\tPo\u00e8me\t<\/p>\t\n\t\t\t\t\t\t<script>\n\t\t\t\t\t\t\tafg_helpers.simpleMouse('post-9669');\n\t\t\t\t\t\t<\/script>\n\t\t\t\t\t<\/article> \n\t\t\t\t\t\t\t\t\t<article id=\"post-9662\" class=\"afg-mouse-follow-hover post-9662 texts type-texts status-publish has-post-thumbnail hentry\">\n\t\t\t\t\t\t\t\t\t\t\t\t\t<figure class=\"afg-mouse-follow\" data-element-id=\"166\">\n\t\t\t\t\t\t\t\t<img loading=\"lazy\" decoding=\"async\" width=\"800\" height=\"600\" src=\"https:\/\/www.sarkis.fr\/wp-content\/uploads\/2009\/05\/2003-Montral-UQAM.jpg\" class=\"attachment-large size-large\" alt=\"Sarkis, 2600 ans apr\u00e8s 10 minutes 44 secondes, Galerie de l\u2019UQAM, Montr\u00e9al, 16 oct \u2013 22 nov 2003\" srcset=\"https:\/\/www.sarkis.fr\/wp-content\/uploads\/2009\/05\/2003-Montral-UQAM.jpg 800w, https:\/\/www.sarkis.fr\/wp-content\/uploads\/2009\/05\/2003-Montral-UQAM-300x225.jpg 300w\" sizes=\"auto, (max-width: 800px) 100vw, 800px\" \/>\t\t\t\t\t\t\t\t\t\t\t\t\t\t\t\t\t<figcaption>Sarkis, 2600 ans apr\u00e8s 10 minutes 44 secondes, Galerie de l\u2019UQAM, Montr\u00e9al, 16 oct \u2013 22 nov 2003<\/figcaption>\n\t\t\t\t\t\t\t\t\t\t\t\t\t\t\t<\/figure>\n\t\t\t\t\t\t\t\t\t\t\t\t<h2 class=\"post-title\">\n\t\t\t\t\t\t\t<a href=\"https:\/\/www.sarkis.fr\/en\/texts\/qtraces-persistantesq-par-malcolm-miles-6\/\" title=\"Traces persistantes\">\n\t\t\t\t\t\t\t\tTraces persistantes\t\t\t\t\t\t\t<\/a>\n\t\t\t\t\t\t<\/h2> \n\t\t\t\t\t\t<p class=\"afg-metadata\">\n\t<span class=\"authors\">Malcolm Miles<\/span><span class=\"dates\">2009<\/span><\/p>\n\t\t\t\t\t\t<script>\n\t\t\t\t\t\t\tafg_helpers.simpleMouse('post-9662');\n\t\t\t\t\t\t<\/script>\n\t\t\t\t\t<\/article> \n\t\t\t\t\t\t\t\t\t<article id=\"post-9668\" class=\"afg-mouse-follow-hover post-9668 texts type-texts status-publish has-post-thumbnail hentry\">\n\t\t\t\t\t\t\t\t\t\t\t\t\t<figure class=\"afg-mouse-follow\" data-element-id=\"15\">\n\t\t\t\t\t\t\t\t<img loading=\"lazy\" decoding=\"async\" width=\"800\" height=\"533\" src=\"https:\/\/www.sarkis.fr\/wp-content\/uploads\/2009\/05\/2007-Maison-Rouge.jpg\" class=\"attachment-large size-large\" alt=\"Sarkis, La Suite des Innocents, La Maison Rouge, Paris, 16 juin - 2 sep 2007\" srcset=\"https:\/\/www.sarkis.fr\/wp-content\/uploads\/2009\/05\/2007-Maison-Rouge.jpg 800w, https:\/\/www.sarkis.fr\/wp-content\/uploads\/2009\/05\/2007-Maison-Rouge-300x200.jpg 300w\" sizes=\"auto, (max-width: 800px) 100vw, 800px\" \/>\t\t\t\t\t\t\t\t\t\t\t\t\t\t\t\t\t<figcaption>Sarkis, La Suite des Innocents, La Maison Rouge, Paris, 16 juin &#8211; 2 sep 2007<\/figcaption>\n\t\t\t\t\t\t\t\t\t\t\t\t\t\t\t<\/figure>\n\t\t\t\t\t\t\t\t\t\t\t\t<h2 class=\"post-title\">\n\t\t\t\t\t\t\t<a href=\"https:\/\/www.sarkis.fr\/en\/texts\/anne-tiqwah-ellul-et-helder-da-silva-texte-en-prose-6\/\" title=\"Texte en prose\">\n\t\t\t\t\t\t\t\tTexte en prose\t\t\t\t\t\t\t<\/a>\n\t\t\t\t\t\t<\/h2> \n\t\t\t\t\t\t<p class=\"afg-metadata\">\n\t<span class=\"authors\">Anne Tiqwah Ellul et Helder da Silva<\/span><span class=\"dates\">2008<\/span><\/p>\n\t\t\t\t\t\t<script>\n\t\t\t\t\t\t\tafg_helpers.simpleMouse('post-9668');\n\t\t\t\t\t\t<\/script>\n\t\t\t\t\t<\/article> \n\t\t\t\t\t\t\t<\/div><div class=\"col-lg-5\">\n\t\t\t\t\t\t\t\t\t<article id=\"post-9658\" class=\"afg-mouse-follow-hover post-9658 texts type-texts status-publish has-post-thumbnail hentry\">\n\t\t\t\t\t\t\t\t\t\t\t\t\t<figure class=\"afg-mouse-follow\" data-element-id=\"340\">\n\t\t\t\t\t\t\t\t<img loading=\"lazy\" decoding=\"async\" width=\"800\" height=\"600\" src=\"https:\/\/www.sarkis.fr\/wp-content\/uploads\/2009\/06\/Sarkis_2005-Aksanat.jpg\" class=\"attachment-large size-large\" alt=\"Sarkis, A milestone, Aksanat, Istanbul, 6 avril - 28 mai 2005\" srcset=\"https:\/\/www.sarkis.fr\/wp-content\/uploads\/2009\/06\/Sarkis_2005-Aksanat.jpg 800w, https:\/\/www.sarkis.fr\/wp-content\/uploads\/2009\/06\/Sarkis_2005-Aksanat-300x225.jpg 300w\" sizes=\"auto, (max-width: 800px) 100vw, 800px\" \/>\t\t\t\t\t\t\t\t\t\t\t\t\t\t\t\t\t<figcaption>Sarkis, A milestone, Aksanat, Istanbul, 6 avril &#8211; 28 mai 2005<\/figcaption>\n\t\t\t\t\t\t\t\t\t\t\t\t\t\t\t<\/figure>\n\t\t\t\t\t\t\t\t\t\t\t\t<h2 class=\"post-title\">\n\t\t\t\t\t\t\t<a href=\"https:\/\/www.sarkis.fr\/en\/texts\/qbellem-vatanimdir-sarks-uezerneq-par-pinar-asan-6\/\" title=\"\u201cBELLE\u011e\u0130M VATANIMDIR\u201d: SARK\u0130S \u00dcZER\u0130NE\">\n\t\t\t\t\t\t\t\t\u201cBELLE\u011e\u0130M VATANIMDIR\u201d: SARK\u0130S \u00dcZER\u0130NE\t\t\t\t\t\t\t<\/a>\n\t\t\t\t\t\t<\/h2> \n\t\t\t\t\t\t<p class=\"afg-metadata\">\n\t<span class=\"authors\">Pinar Asan<\/span><span class=\"dates\">2007<\/span><\/p>\n\t\t\t\t\t\t<script>\n\t\t\t\t\t\t\tafg_helpers.simpleMouse('post-9658');\n\t\t\t\t\t\t<\/script>\n\t\t\t\t\t<\/article> \n\t\t\t\t\t\t\t\t\t<article id=\"post-9660\" class=\"afg-mouse-follow-hover post-9660 texts type-texts status-publish has-post-thumbnail hentry\">\n\t\t\t\t\t\t\t\t\t\t\t\t\t<figure class=\"afg-mouse-follow\" data-element-id=\"354\">\n\t\t\t\t\t\t\t\t<img loading=\"lazy\" decoding=\"async\" width=\"800\" height=\"534\" src=\"https:\/\/www.sarkis.fr\/wp-content\/uploads\/2009\/06\/Sarkis_2007-Bourdelle-2.jpg\" class=\"attachment-large size-large\" alt=\"Sarkis, Inclinaison, Mus\u00e9e Bourdelle, Paris, 25 jan \u2013 4 juin 2007\" srcset=\"https:\/\/www.sarkis.fr\/wp-content\/uploads\/2009\/06\/Sarkis_2007-Bourdelle-2.jpg 800w, https:\/\/www.sarkis.fr\/wp-content\/uploads\/2009\/06\/Sarkis_2007-Bourdelle-2-300x200.jpg 300w\" sizes=\"auto, (max-width: 800px) 100vw, 800px\" \/>\t\t\t\t\t\t\t\t\t\t\t\t\t\t\t\t\t<figcaption>Sarkis, Inclinaison, Mus\u00e9e Bourdelle, Paris, 25 jan \u2013 4 juin 2007<\/figcaption>\n\t\t\t\t\t\t\t\t\t\t\t\t\t\t\t<\/figure>\n\t\t\t\t\t\t\t\t\t\t\t\t<h2 class=\"post-title\">\n\t\t\t\t\t\t\t<a href=\"https:\/\/www.sarkis.fr\/en\/texts\/qpese-bourdelle-ou-comment-expliquer-les-sculptures-a-un-statuaire-mortq-par-jean-philippe-antoine-6\/\" title=\"P\u00e8se-Bourdelle, ou Comment expliquer les sculptures \u00e0 un statuaire mort\">\n\t\t\t\t\t\t\t\tP\u00e8se-Bourdelle, ou Comment expliquer les sculptures \u00e0 un statuaire mort\t\t\t\t\t\t\t<\/a>\n\t\t\t\t\t\t<\/h2> \n\t\t\t\t\t\t<p class=\"afg-metadata\">\n\t<span class=\"authors\">Jean-Philippe Antoine<\/span><span class=\"dates\">2006<\/span><\/p>\n\t\t\t\t\t\t<script>\n\t\t\t\t\t\t\tafg_helpers.simpleMouse('post-9660');\n\t\t\t\t\t\t<\/script>\n\t\t\t\t\t<\/article> \n\t\t\t\t\t\t\t\t\t<article id=\"post-9667\" class=\"afg-mouse-follow-hover post-9667 texts type-texts status-publish has-post-thumbnail hentry\">\n\t\t\t\t\t\t\t\t\t\t\t\t\t<figure class=\"afg-mouse-follow\" data-element-id=\"135\">\n\t\t\t\t\t\t\t\t<img loading=\"lazy\" decoding=\"async\" width=\"544\" height=\"406\" src=\"https:\/\/www.sarkis.fr\/wp-content\/uploads\/2009\/05\/vlcsnap-55996-e1659800047137.jpg\" class=\"attachment-large size-large\" alt=\"Sarkis, Au commencement, l&#039;apparition, 2005, film, 3 minutes 39 secondes\" srcset=\"https:\/\/www.sarkis.fr\/wp-content\/uploads\/2009\/05\/vlcsnap-55996-e1659800047137.jpg 544w, https:\/\/www.sarkis.fr\/wp-content\/uploads\/2009\/05\/vlcsnap-55996-e1659800047137-300x224.jpg 300w\" sizes=\"auto, (max-width: 544px) 100vw, 544px\" \/>\t\t\t\t\t\t\t\t\t\t\t\t\t\t\t\t\t<figcaption>Sarkis, Au commencement, l&#8217;apparition, 2005, film, 3 minutes 39 secondes<\/figcaption>\n\t\t\t\t\t\t\t\t\t\t\t\t\t\t\t<\/figure>\n\t\t\t\t\t\t\t\t\t\t\t\t<h2 class=\"post-title\">\n\t\t\t\t\t\t\t<a href=\"https:\/\/www.sarkis.fr\/en\/texts\/qle-lait-de-la-mortq-par-georges-didi-huberman-6\/\" title=\"Le lait de la mort\">\n\t\t\t\t\t\t\t\tLe lait de la mort\t\t\t\t\t\t\t<\/a>\n\t\t\t\t\t\t<\/h2> \n\t\t\t\t\t\t<p class=\"afg-metadata\">\n\t<span class=\"authors\">Georges Didi-Huberman<\/span><span class=\"dates\">2005<\/span><\/p>\n\t\t\t\t\t\t<script>\n\t\t\t\t\t\t\tafg_helpers.simpleMouse('post-9667');\n\t\t\t\t\t\t<\/script>\n\t\t\t\t\t<\/article> \n\t\t\t\t\t\t\t\t\t<article id=\"post-9656\" class=\"afg-mouse-follow-hover post-9656 texts type-texts status-publish has-post-thumbnail hentry\">\n\t\t\t\t\t\t\t\t\t\t\t\t\t<figure class=\"afg-mouse-follow\" data-element-id=\"52\">\n\t\t\t\t\t\t\t\t<img loading=\"lazy\" decoding=\"async\" width=\"614\" height=\"461\" src=\"https:\/\/www.sarkis.fr\/wp-content\/uploads\/2009\/05\/2004-Paradjanov--.jpg\" class=\"attachment-large size-large\" alt=\"Sarkis, le reflet et le sublime, Mus\u00e9e Serguei Paradjanov, Erevan, 19 mai -29 ao\u00fbt 2004\" srcset=\"https:\/\/www.sarkis.fr\/wp-content\/uploads\/2009\/05\/2004-Paradjanov--.jpg 614w, https:\/\/www.sarkis.fr\/wp-content\/uploads\/2009\/05\/2004-Paradjanov---300x225.jpg 300w\" sizes=\"auto, (max-width: 614px) 100vw, 614px\" \/>\t\t\t\t\t\t\t\t\t\t\t\t\t\t\t\t\t<figcaption>Sarkis, le reflet et le sublime, Mus\u00e9e Serguei Paradjanov, Erevan, 19 mai -29 ao\u00fbt 2004<\/figcaption>\n\t\t\t\t\t\t\t\t\t\t\t\t\t\t\t<\/figure>\n\t\t\t\t\t\t\t\t\t\t\t\t<h2 class=\"post-title\">\n\t\t\t\t\t\t\t<a href=\"https:\/\/www.sarkis.fr\/en\/texts\/sarkis-in-yerevan-or-rediscovering-the-zone-by-ruben-arevshatyan\/\" title=\"Sarkis in Yerevan or rediscovering the ZONE\">\n\t\t\t\t\t\t\t\tSarkis in Yerevan or rediscovering the ZONE\t\t\t\t\t\t\t<\/a>\n\t\t\t\t\t\t<\/h2> \n\t\t\t\t\t\t<p class=\"afg-metadata\">\n\t<span class=\"authors\">Ruben Arevshatyan<\/span><span class=\"dates\">2004<\/span><\/p>\n\t\t\t\t\t\t<script>\n\t\t\t\t\t\t\tafg_helpers.simpleMouse('post-9656');\n\t\t\t\t\t\t<\/script>\n\t\t\t\t\t<\/article> \n\t\t\t\t\t\t\t\t\t<article id=\"post-9664\" class=\"afg-mouse-follow-hover post-9664 texts type-texts status-publish has-post-thumbnail hentry\">\n\t\t\t\t\t\t\t\t\t\t\t\t\t<figure class=\"afg-mouse-follow\" data-element-id=\"53\">\n\t\t\t\t\t\t\t\t<img loading=\"lazy\" decoding=\"async\" width=\"800\" height=\"600\" src=\"https:\/\/www.sarkis.fr\/wp-content\/uploads\/2009\/05\/2004.05-HAY-ART---24.jpg\" class=\"attachment-large size-large\" alt=\"Sarkis, \u00c0 l\u2019int\u00e9rieur de la zone, Centre Culturel Hay Art, Erevan, 19 mai - 29 ao\u00fbt 2004\" srcset=\"https:\/\/www.sarkis.fr\/wp-content\/uploads\/2009\/05\/2004.05-HAY-ART---24.jpg 800w, https:\/\/www.sarkis.fr\/wp-content\/uploads\/2009\/05\/2004.05-HAY-ART---24-300x225.jpg 300w\" sizes=\"auto, (max-width: 800px) 100vw, 800px\" \/>\t\t\t\t\t\t\t\t\t\t\t\t\t\t\t\t\t<figcaption>Sarkis, \u00c0 l\u2019int\u00e9rieur de la zone, Centre Culturel Hay Art, Erevan, 19 mai &#8211; 29 ao\u00fbt 2004<\/figcaption>\n\t\t\t\t\t\t\t\t\t\t\t\t\t\t\t<\/figure>\n\t\t\t\t\t\t\t\t\t\t\t\t<h2 class=\"post-title\">\n\t\t\t\t\t\t\t<a href=\"https:\/\/www.sarkis.fr\/en\/texts\/sarkis-a-erevan-ou-la-redecouverte-de-la-zone-par-ruben-arevshatyan\/\" title=\"Sarkis \u00e0 Erevan, ou la red\u00e9couverte de la ZONE\">\n\t\t\t\t\t\t\t\tSarkis \u00e0 Erevan, ou la red\u00e9couverte de la ZONE\t\t\t\t\t\t\t<\/a>\n\t\t\t\t\t\t<\/h2> \n\t\t\t\t\t\t<p class=\"afg-metadata\">\n\t<span class=\"authors\">Ruben Arevshatyan<\/span><span class=\"dates\">2004<\/span><\/p>\n\t\t\t\t\t\t<script>\n\t\t\t\t\t\t\tafg_helpers.simpleMouse('post-9664');\n\t\t\t\t\t\t<\/script>\n\t\t\t\t\t<\/article> \n\t\t\t\t\t\t\t\t\t<article id=\"post-9665\" class=\"afg-mouse-follow-hover post-9665 texts type-texts status-publish has-post-thumbnail hentry\">\n\t\t\t\t\t\t\t\t\t\t\t\t\t<figure class=\"afg-mouse-follow\" data-element-id=\"424\">\n\t\t\t\t\t\t\t\t<img loading=\"lazy\" decoding=\"async\" width=\"545\" height=\"361\" src=\"https:\/\/www.sarkis.fr\/wp-content\/uploads\/2009\/07\/film-n-30.jpg\" class=\"attachment-large size-large\" alt=\"Sarkis, Au commencement, le son dor\u00e9, 1er mars 1998, film, 3 minutes\" srcset=\"https:\/\/www.sarkis.fr\/wp-content\/uploads\/2009\/07\/film-n-30.jpg 545w, https:\/\/www.sarkis.fr\/wp-content\/uploads\/2009\/07\/film-n-30-300x199.jpg 300w\" sizes=\"auto, (max-width: 545px) 100vw, 545px\" \/>\t\t\t\t\t\t\t\t\t\t\t\t\t\t\t\t\t<figcaption>Sarkis, Au commencement, le son dor\u00e9, 1er mars 1998, film, 3 minutes<\/figcaption>\n\t\t\t\t\t\t\t\t\t\t\t\t\t\t\t<\/figure>\n\t\t\t\t\t\t\t\t\t\t\t\t<h2 class=\"post-title\">\n\t\t\t\t\t\t\t<a href=\"https:\/\/www.sarkis.fr\/en\/texts\/la-miniature-et-le-film-entretien-par-erik-bullot\/\" title=\"La miniature et le film\">\n\t\t\t\t\t\t\t\tLa miniature et le film\t\t\t\t\t\t\t<\/a>\n\t\t\t\t\t\t<\/h2> \n\t\t\t\t\t\t<p class=\"afg-metadata\">\n\t<span class=\"authors\">Erik Bullot<\/span><span class=\"dates\">2000<\/span><\/p>\n\t<p class=\"afg-title-notes\">\n\t\tEntretien avec Sarkis\t<\/p>\t\n\t\t\t\t\t\t<script>\n\t\t\t\t\t\t\tafg_helpers.simpleMouse('post-9665');\n\t\t\t\t\t\t<\/script>\n\t\t\t\t\t<\/article> \n\t\t\t\t\t\t\t\t\t<article id=\"post-9654\" class=\"afg-mouse-follow-hover post-9654 texts type-texts status-publish has-post-thumbnail hentry\">\n\t\t\t\t\t\t\t\t\t\t\t\t\t<figure class=\"afg-mouse-follow\" data-element-id=\"2358\">\n\t\t\t\t\t\t\t\t<img loading=\"lazy\" decoding=\"async\" width=\"536\" height=\"350\" src=\"https:\/\/www.sarkis.fr\/wp-content\/uploads\/2009\/10\/sarkis-1980-le-silence-eclaire-du-blackout.jpg\" class=\"attachment-large size-large\" alt=\"Sarkis, Le silence \u00c9clair\u00e9 du Blackout, Attitude, Strasbourg, 15 oct 1980\" srcset=\"https:\/\/www.sarkis.fr\/wp-content\/uploads\/2009\/10\/sarkis-1980-le-silence-eclaire-du-blackout.jpg 536w, https:\/\/www.sarkis.fr\/wp-content\/uploads\/2009\/10\/sarkis-1980-le-silence-eclaire-du-blackout-300x196.jpg 300w\" sizes=\"auto, (max-width: 536px) 100vw, 536px\" \/>\t\t\t\t\t\t\t\t\t\t\t\t\t\t\t\t\t<figcaption>Sarkis, Le silence \u00c9clair\u00e9 du Blackout, Attitude, Strasbourg, 15 oct 1980<\/figcaption>\n\t\t\t\t\t\t\t\t\t\t\t\t\t\t\t<\/figure>\n\t\t\t\t\t\t\t\t\t\t\t\t<h2 class=\"post-title\">\n\t\t\t\t\t\t\t<a href=\"https:\/\/www.sarkis.fr\/en\/texts\/qsarkis-est-a-strasbourg-1979-1989q-par-claude-rossignol-6\/\" title=\"Sarkis est \u00e0 Strasbourg 1979-1989&#8230;\">\n\t\t\t\t\t\t\t\tSarkis est \u00e0 Strasbourg 1979-1989&#8230;\t\t\t\t\t\t\t<\/a>\n\t\t\t\t\t\t<\/h2> \n\t\t\t\t\t\t<p class=\"afg-metadata\">\n\t<span class=\"authors\">Claude Rossignol<\/span><span class=\"dates\">1989<\/span><\/p>\n\t\t\t\t\t\t<script>\n\t\t\t\t\t\t\tafg_helpers.simpleMouse('post-9654');\n\t\t\t\t\t\t<\/script>\n\t\t\t\t\t<\/article> \n\t\t\t\t\t\t\t\t\t<article id=\"post-11226\" class=\"afg-mouse-follow-hover post-11226 texts type-texts status-publish has-post-thumbnail hentry\">\n\t\t\t\t\t\t\t\t\t\t\t\t\t<figure class=\"afg-mouse-follow\" data-element-id=\"11\">\n\t\t\t\t\t\t\t\t<img loading=\"lazy\" decoding=\"async\" width=\"800\" height=\"528\" src=\"https:\/\/www.sarkis.fr\/wp-content\/uploads\/2009\/04\/1972_operation_organe.jpg\" class=\"attachment-large size-large\" alt=\"Sarkis, Op\u00e9ration Organe, Kunsthalle, D\u00fcsseldorf, 15 sep. - 15 oct. 1972\" srcset=\"https:\/\/www.sarkis.fr\/wp-content\/uploads\/2009\/04\/1972_operation_organe.jpg 800w, https:\/\/www.sarkis.fr\/wp-content\/uploads\/2009\/04\/1972_operation_organe-300x198.jpg 300w\" sizes=\"auto, (max-width: 800px) 100vw, 800px\" \/>\t\t\t\t\t\t\t\t\t\t\t\t\t\t\t\t\t<figcaption>Sarkis, Op\u00e9ration Organe, Kunsthalle, D\u00fcsseldorf, 15 sep. &#8211; 15 oct. 1972<\/figcaption>\n\t\t\t\t\t\t\t\t\t\t\t\t\t\t\t<\/figure>\n\t\t\t\t\t\t\t\t\t\t\t\t<h2 class=\"post-title\">\n\t\t\t\t\t\t\t<a href=\"https:\/\/www.sarkis.fr\/en\/texts\/operation-organe-une-biographie-de-sarkis\/\" title=\"Op\u00e9ration Organe (une biographie de Sarkis)\">\n\t\t\t\t\t\t\t\tOp\u00e9ration Organe (une biographie de Sarkis)\t\t\t\t\t\t\t<\/a>\n\t\t\t\t\t\t<\/h2> \n\t\t\t\t\t\t<p class=\"afg-metadata\">\n\t<span class=\"dates\">1972<\/span><\/p>\n\t<p class=\"afg-title-notes\">\n\t\tTexte envoy\u00e9 \u00e0 la Kunsthalle de D\u00fcsseldorf en 1972\t<\/p>\t\n\t\t\t\t\t\t<script>\n\t\t\t\t\t\t\tafg_helpers.simpleMouse('post-11226');\n\t\t\t\t\t\t<\/script>\n\t\t\t\t\t<\/article> \n\t\t\t\t\t\t\t<\/div>\n\t\t\t<\/div>\n\t<script>\n\t\tafg_helpers.clickAll('#texts-index-block_62e942cf59a47 article');\n\t\t\/\/afg_helpers.mouse.init('#texts-index-block_62e942cf59a47', 45, 45);\n\t<\/script>\n<\/section>","protected":false},"excerpt":{"rendered":"","protected":false},"author":3,"featured_media":0,"parent":0,"menu_order":0,"comment_status":"closed","ping_status":"closed","template":"","meta":{"_acf_changed":false,"footnotes":""},"class_list":["post-1335","page","type-page","status-publish","hentry"],"acf":[],"_links":{"self":[{"href":"https:\/\/www.sarkis.fr\/en\/wp-json\/wp\/v2\/pages\/1335","targetHints":{"allow":["GET"]}}],"collection":[{"href":"https:\/\/www.sarkis.fr\/en\/wp-json\/wp\/v2\/pages"}],"about":[{"href":"https:\/\/www.sarkis.fr\/en\/wp-json\/wp\/v2\/types\/page"}],"author":[{"embeddable":true,"href":"https:\/\/www.sarkis.fr\/en\/wp-json\/wp\/v2\/users\/3"}],"replies":[{"embeddable":true,"href":"https:\/\/www.sarkis.fr\/en\/wp-json\/wp\/v2\/comments?post=1335"}],"version-history":[{"count":7,"href":"https:\/\/www.sarkis.fr\/en\/wp-json\/wp\/v2\/pages\/1335\/revisions"}],"predecessor-version":[{"id":11495,"href":"https:\/\/www.sarkis.fr\/en\/wp-json\/wp\/v2\/pages\/1335\/revisions\/11495"}],"wp:attachment":[{"href":"https:\/\/www.sarkis.fr\/en\/wp-json\/wp\/v2\/media?parent=1335"}],"curies":[{"name":"wp","href":"https:\/\/api.w.org\/{rel}","templated":true}]}}