{"id":1336,"date":"2015-05-14T15:46:56","date_gmt":"2015-05-14T15:46:56","guid":{"rendered":"http:\/\/www.sarkis.fr\/expographie-complete-2\/"},"modified":"2022-08-15T21:10:38","modified_gmt":"2022-08-15T21:10:38","slug":"sarkis-exhibitions-since-1960","status":"publish","type":"page","link":"https:\/\/www.sarkis.fr\/en\/sarkis-exhibitions-since-1960\/","title":{"rendered":"Exhibitions since 1960"},"content":{"rendered":"<section id=\"blog-block_62d7ca49184e9\" class=\"row justify-content-center afg-blog\">\n\t\t\t<nav id=\"nav-page-navigation-blog-block_62d7ca49184e9\" class=\"page-navigation nums\">\n\t<ul>\n\t\t\t\t\t<li>\n\t\t\t\t<a href=\"#section-2022\" title=\"See 2022 section\" class=\"section-menu toanchor\">\n\t\t\t\t\t2022\t\t\t\t<\/a>\n\t\t\t<\/li>\n\t\t\t\t\t<li>\n\t\t\t\t<a href=\"#section-2021\" title=\"See 2021 section\" class=\"section-menu toanchor\">\n\t\t\t\t\t2021\t\t\t\t<\/a>\n\t\t\t<\/li>\n\t\t\t\t\t<li>\n\t\t\t\t<a href=\"#section-2020\" title=\"See 2020 section\" class=\"section-menu toanchor\">\n\t\t\t\t\t2020\t\t\t\t<\/a>\n\t\t\t<\/li>\n\t\t\t\t\t<li>\n\t\t\t\t<a href=\"#section-2019\" title=\"See 2019 section\" class=\"section-menu toanchor\">\n\t\t\t\t\t2019\t\t\t\t<\/a>\n\t\t\t<\/li>\n\t\t\t\t\t<li>\n\t\t\t\t<a href=\"#section-2018\" title=\"See 2018 section\" class=\"section-menu toanchor\">\n\t\t\t\t\t2018\t\t\t\t<\/a>\n\t\t\t<\/li>\n\t\t\t\t\t<li>\n\t\t\t\t<a href=\"#section-2017\" title=\"See 2017 section\" class=\"section-menu toanchor\">\n\t\t\t\t\t2017\t\t\t\t<\/a>\n\t\t\t<\/li>\n\t\t\t\t\t<li>\n\t\t\t\t<a href=\"#section-2016\" title=\"See 2016 section\" class=\"section-menu toanchor\">\n\t\t\t\t\t2016\t\t\t\t<\/a>\n\t\t\t<\/li>\n\t\t\t\t\t<li>\n\t\t\t\t<a href=\"#section-2015\" title=\"See 2015 section\" class=\"section-menu toanchor\">\n\t\t\t\t\t2015\t\t\t\t<\/a>\n\t\t\t<\/li>\n\t\t\t\t\t<li>\n\t\t\t\t<a href=\"#section-2014\" title=\"See 2014 section\" class=\"section-menu toanchor\">\n\t\t\t\t\t2014\t\t\t\t<\/a>\n\t\t\t<\/li>\n\t\t\t\t\t<li>\n\t\t\t\t<a href=\"#section-2013\" title=\"See 2013 section\" class=\"section-menu toanchor\">\n\t\t\t\t\t2013\t\t\t\t<\/a>\n\t\t\t<\/li>\n\t\t\t\t\t<li>\n\t\t\t\t<a href=\"#section-2012\" title=\"See 2012 section\" class=\"section-menu toanchor\">\n\t\t\t\t\t2012\t\t\t\t<\/a>\n\t\t\t<\/li>\n\t\t\t\t\t<li>\n\t\t\t\t<a href=\"#section-2011\" title=\"See 2011 section\" class=\"section-menu toanchor\">\n\t\t\t\t\t2011\t\t\t\t<\/a>\n\t\t\t<\/li>\n\t\t\t\t\t<li>\n\t\t\t\t<a href=\"#section-2010\" title=\"See 2010 section\" class=\"section-menu toanchor\">\n\t\t\t\t\t2010\t\t\t\t<\/a>\n\t\t\t<\/li>\n\t\t\t\t\t<li>\n\t\t\t\t<a href=\"#section-2009\" title=\"See 2009 section\" class=\"section-menu toanchor\">\n\t\t\t\t\t2009\t\t\t\t<\/a>\n\t\t\t<\/li>\n\t\t\t\t\t<li>\n\t\t\t\t<a href=\"#section-2008\" title=\"See 2008 section\" class=\"section-menu toanchor\">\n\t\t\t\t\t2008\t\t\t\t<\/a>\n\t\t\t<\/li>\n\t\t\t\t\t<li>\n\t\t\t\t<a href=\"#section-2007\" title=\"See 2007 section\" class=\"section-menu toanchor\">\n\t\t\t\t\t2007\t\t\t\t<\/a>\n\t\t\t<\/li>\n\t\t\t\t\t<li>\n\t\t\t\t<a href=\"#section-2006\" title=\"See 2006 section\" class=\"section-menu toanchor\">\n\t\t\t\t\t2006\t\t\t\t<\/a>\n\t\t\t<\/li>\n\t\t\t\t\t<li>\n\t\t\t\t<a href=\"#section-2005\" title=\"See 2005 section\" class=\"section-menu toanchor\">\n\t\t\t\t\t2005\t\t\t\t<\/a>\n\t\t\t<\/li>\n\t\t\t\t\t<li>\n\t\t\t\t<a href=\"#section-2004\" title=\"See 2004 section\" class=\"section-menu toanchor\">\n\t\t\t\t\t2004\t\t\t\t<\/a>\n\t\t\t<\/li>\n\t\t\t\t\t<li>\n\t\t\t\t<a href=\"#section-2003\" title=\"See 2003 section\" class=\"section-menu toanchor\">\n\t\t\t\t\t2003\t\t\t\t<\/a>\n\t\t\t<\/li>\n\t\t\t\t\t<li>\n\t\t\t\t<a href=\"#section-2002\" title=\"See 2002 section\" class=\"section-menu toanchor\">\n\t\t\t\t\t2002\t\t\t\t<\/a>\n\t\t\t<\/li>\n\t\t\t\t\t<li>\n\t\t\t\t<a href=\"#section-2001\" title=\"See 2001 section\" class=\"section-menu toanchor\">\n\t\t\t\t\t2001\t\t\t\t<\/a>\n\t\t\t<\/li>\n\t\t\t\t\t<li>\n\t\t\t\t<a href=\"#section-2000\" title=\"See 2000 section\" class=\"section-menu toanchor\">\n\t\t\t\t\t2000\t\t\t\t<\/a>\n\t\t\t<\/li>\n\t\t\t\t\t<li>\n\t\t\t\t<a href=\"#section-1999\" title=\"See 1999 section\" class=\"section-menu toanchor\">\n\t\t\t\t\t1999\t\t\t\t<\/a>\n\t\t\t<\/li>\n\t\t\t\t\t<li>\n\t\t\t\t<a href=\"#section-1998\" title=\"See 1998 section\" class=\"section-menu toanchor\">\n\t\t\t\t\t1998\t\t\t\t<\/a>\n\t\t\t<\/li>\n\t\t\t\t\t<li>\n\t\t\t\t<a href=\"#section-1997\" title=\"See 1997 section\" class=\"section-menu toanchor\">\n\t\t\t\t\t1997\t\t\t\t<\/a>\n\t\t\t<\/li>\n\t\t\t\t\t<li>\n\t\t\t\t<a href=\"#section-1996\" title=\"See 1996 section\" class=\"section-menu toanchor\">\n\t\t\t\t\t1996\t\t\t\t<\/a>\n\t\t\t<\/li>\n\t\t\t\t\t<li>\n\t\t\t\t<a href=\"#section-1995\" title=\"See 1995 section\" class=\"section-menu toanchor\">\n\t\t\t\t\t1995\t\t\t\t<\/a>\n\t\t\t<\/li>\n\t\t\t\t\t<li>\n\t\t\t\t<a href=\"#section-1994\" title=\"See 1994 section\" class=\"section-menu toanchor\">\n\t\t\t\t\t1994\t\t\t\t<\/a>\n\t\t\t<\/li>\n\t\t\t\t\t<li>\n\t\t\t\t<a href=\"#section-1993\" title=\"See 1993 section\" class=\"section-menu toanchor\">\n\t\t\t\t\t1993\t\t\t\t<\/a>\n\t\t\t<\/li>\n\t\t\t\t\t<li>\n\t\t\t\t<a href=\"#section-1992\" title=\"See 1992 section\" class=\"section-menu toanchor\">\n\t\t\t\t\t1992\t\t\t\t<\/a>\n\t\t\t<\/li>\n\t\t\t\t\t<li>\n\t\t\t\t<a href=\"#section-1991\" title=\"See 1991 section\" class=\"section-menu toanchor\">\n\t\t\t\t\t1991\t\t\t\t<\/a>\n\t\t\t<\/li>\n\t\t\t\t\t<li>\n\t\t\t\t<a href=\"#section-1990\" title=\"See 1990 section\" class=\"section-menu toanchor\">\n\t\t\t\t\t1990\t\t\t\t<\/a>\n\t\t\t<\/li>\n\t\t\t\t\t<li>\n\t\t\t\t<a href=\"#section-1989\" title=\"See 1989 section\" class=\"section-menu toanchor\">\n\t\t\t\t\t1989\t\t\t\t<\/a>\n\t\t\t<\/li>\n\t\t\t\t\t<li>\n\t\t\t\t<a href=\"#section-1988\" title=\"See 1988 section\" class=\"section-menu toanchor\">\n\t\t\t\t\t1988\t\t\t\t<\/a>\n\t\t\t<\/li>\n\t\t\t\t\t<li>\n\t\t\t\t<a href=\"#section-1987\" title=\"See 1987 section\" class=\"section-menu toanchor\">\n\t\t\t\t\t1987\t\t\t\t<\/a>\n\t\t\t<\/li>\n\t\t\t\t\t<li>\n\t\t\t\t<a href=\"#section-1986\" title=\"See 1986 section\" class=\"section-menu toanchor\">\n\t\t\t\t\t1986\t\t\t\t<\/a>\n\t\t\t<\/li>\n\t\t\t\t\t<li>\n\t\t\t\t<a href=\"#section-1985\" title=\"See 1985 section\" class=\"section-menu toanchor\">\n\t\t\t\t\t1985\t\t\t\t<\/a>\n\t\t\t<\/li>\n\t\t\t\t\t<li>\n\t\t\t\t<a href=\"#section-1984\" title=\"See 1984 section\" class=\"section-menu toanchor\">\n\t\t\t\t\t1984\t\t\t\t<\/a>\n\t\t\t<\/li>\n\t\t\t\t\t<li>\n\t\t\t\t<a href=\"#section-1983\" title=\"See 1983 section\" class=\"section-menu toanchor\">\n\t\t\t\t\t1983\t\t\t\t<\/a>\n\t\t\t<\/li>\n\t\t\t\t\t<li>\n\t\t\t\t<a href=\"#section-1982\" title=\"See 1982 section\" class=\"section-menu toanchor\">\n\t\t\t\t\t1982\t\t\t\t<\/a>\n\t\t\t<\/li>\n\t\t\t\t\t<li>\n\t\t\t\t<a href=\"#section-1981\" title=\"See 1981 section\" class=\"section-menu toanchor\">\n\t\t\t\t\t1981\t\t\t\t<\/a>\n\t\t\t<\/li>\n\t\t\t\t\t<li>\n\t\t\t\t<a href=\"#section-1980\" title=\"See 1980 section\" class=\"section-menu toanchor\">\n\t\t\t\t\t1980\t\t\t\t<\/a>\n\t\t\t<\/li>\n\t\t\t\t\t<li>\n\t\t\t\t<a href=\"#section-1979\" title=\"See 1979 section\" class=\"section-menu toanchor\">\n\t\t\t\t\t1979\t\t\t\t<\/a>\n\t\t\t<\/li>\n\t\t\t\t\t<li>\n\t\t\t\t<a href=\"#section-1978\" title=\"See 1978 section\" class=\"section-menu toanchor\">\n\t\t\t\t\t1978\t\t\t\t<\/a>\n\t\t\t<\/li>\n\t\t\t\t\t<li>\n\t\t\t\t<a href=\"#section-1977\" title=\"See 1977 section\" class=\"section-menu toanchor\">\n\t\t\t\t\t1977\t\t\t\t<\/a>\n\t\t\t<\/li>\n\t\t\t\t\t<li>\n\t\t\t\t<a href=\"#section-1976\" title=\"See 1976 section\" class=\"section-menu toanchor\">\n\t\t\t\t\t1976\t\t\t\t<\/a>\n\t\t\t<\/li>\n\t\t\t\t\t<li>\n\t\t\t\t<a href=\"#section-1975\" title=\"See 1975 section\" class=\"section-menu toanchor\">\n\t\t\t\t\t1975\t\t\t\t<\/a>\n\t\t\t<\/li>\n\t\t\t\t\t<li>\n\t\t\t\t<a href=\"#section-1974\" title=\"See 1974 section\" class=\"section-menu toanchor\">\n\t\t\t\t\t1974\t\t\t\t<\/a>\n\t\t\t<\/li>\n\t\t\t\t\t<li>\n\t\t\t\t<a href=\"#section-1973\" title=\"See 1973 section\" class=\"section-menu toanchor\">\n\t\t\t\t\t1973\t\t\t\t<\/a>\n\t\t\t<\/li>\n\t\t\t\t\t<li>\n\t\t\t\t<a href=\"#section-1972\" title=\"See 1972 section\" class=\"section-menu toanchor\">\n\t\t\t\t\t1972\t\t\t\t<\/a>\n\t\t\t<\/li>\n\t\t\t\t\t<li>\n\t\t\t\t<a href=\"#section-1971\" title=\"See 1971 section\" class=\"section-menu toanchor\">\n\t\t\t\t\t1971\t\t\t\t<\/a>\n\t\t\t<\/li>\n\t\t\t\t\t<li>\n\t\t\t\t<a href=\"#section-1970\" title=\"See 1970 section\" class=\"section-menu toanchor\">\n\t\t\t\t\t1970\t\t\t\t<\/a>\n\t\t\t<\/li>\n\t\t\t\t\t<li>\n\t\t\t\t<a href=\"#section-1969\" title=\"See 1969 section\" class=\"section-menu toanchor\">\n\t\t\t\t\t1969\t\t\t\t<\/a>\n\t\t\t<\/li>\n\t\t\t\t\t<li>\n\t\t\t\t<a href=\"#section-1968\" title=\"See 1968 section\" class=\"section-menu toanchor\">\n\t\t\t\t\t1968\t\t\t\t<\/a>\n\t\t\t<\/li>\n\t\t\t\t\t<li>\n\t\t\t\t<a href=\"#section-1967\" title=\"See 1967 section\" class=\"section-menu toanchor\">\n\t\t\t\t\t1967\t\t\t\t<\/a>\n\t\t\t<\/li>\n\t\t\t\t\t<li>\n\t\t\t\t<a href=\"#section-1966\" title=\"See 1966 section\" class=\"section-menu toanchor\">\n\t\t\t\t\t1966\t\t\t\t<\/a>\n\t\t\t<\/li>\n\t\t\t\t\t<li>\n\t\t\t\t<a href=\"#section-1965\" title=\"See 1965 section\" class=\"section-menu toanchor\">\n\t\t\t\t\t1965\t\t\t\t<\/a>\n\t\t\t<\/li>\n\t\t\t\t\t<li>\n\t\t\t\t<a href=\"#section-1964\" title=\"See 1964 section\" class=\"section-menu toanchor\">\n\t\t\t\t\t1964\t\t\t\t<\/a>\n\t\t\t<\/li>\n\t\t\t\t\t<li>\n\t\t\t\t<a href=\"#section-1963\" title=\"See 1963 section\" class=\"section-menu toanchor\">\n\t\t\t\t\t1963\t\t\t\t<\/a>\n\t\t\t<\/li>\n\t\t\t\t\t<li>\n\t\t\t\t<a href=\"#section-1962\" title=\"See 1962 section\" class=\"section-menu toanchor\">\n\t\t\t\t\t1962\t\t\t\t<\/a>\n\t\t\t<\/li>\n\t\t\t\t\t<li>\n\t\t\t\t<a href=\"#section-1961\" title=\"See 1961 section\" class=\"section-menu toanchor\">\n\t\t\t\t\t1961\t\t\t\t<\/a>\n\t\t\t<\/li>\n\t\t\t\t\t<li>\n\t\t\t\t<a href=\"#section-1960\" title=\"See 1960 section\" class=\"section-menu toanchor\">\n\t\t\t\t\t1960\t\t\t\t<\/a>\n\t\t\t<\/li>\n\t\t\t<\/ul>\n\t<div class=\"afg-actions\">\n\t\t<button type=\"button\" class=\"afg-action forward\" aria-label=\"esc_attr_e('Go forward in list','afg-blog');\">Go forward in list<\/button>\n\t\t<button type=\"button\" class=\"afg-action toggle order-post\" aria-label=\"esc_attr_e('Reverse order','afg-blog');\">Reverse order<\/button>\n\t<\/div>\n<\/nav>\t\t\t\t\t<div id=\"blog-posts-blog-block_62d7ca49184e9\" class=\"col-lg-8 \">\n\t\t\t\t\t\t\t\t\t\t\t\t\t\t\t\t<p class=\"timeline line to-sort\" id=\"section-2026\" data-year=\"2026\">2026<\/p>\n\t\t\t\t\t\t\t<article id=\"post-13862\" class=\" to-sort \">\n\t\t<figure class=\"afg-post-item-content\">\n\t\t\t\t\t\t\t<a href=\"https:\/\/www.sarkis.fr\/en\/2026\/le-regard-tapko-the-place-1992-2026\/\" title=\"Le Regard, Tapko &#8211; The Place, 1992-2026\" data-modal-link=\"#modal-blog-block_62d7ca49184e9\" class=\"landscape\">\n\t\t\t\t\t<img loading=\"lazy\" decoding=\"async\" width=\"1200\" height=\"675\" src=\"https:\/\/www.sarkis.fr\/wp-content\/uploads\/2026\/04\/1-Le-Regard-.webp\" class=\"attachment-full size-full\" alt=\"\" srcset=\"https:\/\/www.sarkis.fr\/wp-content\/uploads\/2026\/04\/1-Le-Regard-.webp 1200w, https:\/\/www.sarkis.fr\/wp-content\/uploads\/2026\/04\/1-Le-Regard--300x169.webp 300w, https:\/\/www.sarkis.fr\/wp-content\/uploads\/2026\/04\/1-Le-Regard--1030x579.webp 1030w, https:\/\/www.sarkis.fr\/wp-content\/uploads\/2026\/04\/1-Le-Regard--768x432.webp 768w\" sizes=\"auto, (max-width: 1200px) 100vw, 1200px\" \/>\t\t\t\t<\/a>\n\t\t\t\t\t\t<figcaption>\n\t\t\t\t<h2>\n\t\t\t\t\t<a href=\"https:\/\/www.sarkis.fr\/en\/2026\/le-regard-tapko-the-place-1992-2026\/\" title=\"Le Regard, Tapko &#8211; The Place, 1992-2026\" data-modal-link=\"#modal-blog-block_62d7ca49184e9\">\n\t\t\t\t\t\tLe Regard, Tapko &#8211; The Place, 1992-2026\t\t\t\t\t<\/a>\n\t\t\t\t<\/h2>\n\t\t\t\t<p class=\"afg-metadata\">\n\t\t\t<span class=\"place\">Garage Osmos, Bruxelles<\/span>\t\t<span class=\"dates\">23 Apr &#8211; 20 Apr 2026<\/span><span class=\"solo\">Solo<\/span><\/p>\n\t\t\t\t\t\t\t\t<p class=\"afg-metadata\" style=\"opacity:.7;font-size:8pt;line-height:8pt;\">\n\t\t\t\t4 more images<\/p>\n\t\t\t\t\t\t\t<\/figcaption>\n\t\t<\/figure>\n<\/article>\t\t\t\t\t<article id=\"post-13845\" class=\" to-sort \">\n\t\t<figure class=\"afg-post-item-content\">\n\t\t\t\t\t\t\t<a href=\"https:\/\/www.sarkis.fr\/en\/2026\/au-commencement-la-bougie-a-christian-bernard\/\" title=\"Au commencement la bougie (\u00e0 Christian Bernard)\" data-modal-link=\"#modal-blog-block_62d7ca49184e9\" class=\"landscape\">\n\t\t\t\t\t<img loading=\"lazy\" decoding=\"async\" width=\"1300\" height=\"731\" src=\"https:\/\/www.sarkis.fr\/wp-content\/uploads\/2026\/04\/1.webp\" class=\"attachment-full size-full\" alt=\"\" srcset=\"https:\/\/www.sarkis.fr\/wp-content\/uploads\/2026\/04\/1.webp 1300w, https:\/\/www.sarkis.fr\/wp-content\/uploads\/2026\/04\/1-300x169.webp 300w, https:\/\/www.sarkis.fr\/wp-content\/uploads\/2026\/04\/1-1030x579.webp 1030w, https:\/\/www.sarkis.fr\/wp-content\/uploads\/2026\/04\/1-768x432.webp 768w\" sizes=\"auto, (max-width: 1300px) 100vw, 1300px\" \/>\t\t\t\t<\/a>\n\t\t\t\t\t\t<figcaption>\n\t\t\t\t<h2>\n\t\t\t\t\t<a href=\"https:\/\/www.sarkis.fr\/en\/2026\/au-commencement-la-bougie-a-christian-bernard\/\" title=\"Au commencement la bougie (\u00e0 Christian Bernard)\" data-modal-link=\"#modal-blog-block_62d7ca49184e9\">\n\t\t\t\t\t\tAu commencement la bougie (\u00e0 Christian Bernard)\t\t\t\t\t<\/a>\n\t\t\t\t<\/h2>\n\t\t\t\t<p class=\"afg-metadata\">\n\t\t\t<span class=\"place\">Roche-la-Moli\u00e8re, France<\/span>\t\t<span class=\"dates\">4 Apr &#8211; 17 Apr 2026<\/span><span class=\"solo\">Solo<\/span><\/p>\n\t\t\t\t\t\t\t\t<p class=\"afg-metadata\" style=\"opacity:.7;font-size:8pt;line-height:8pt;\">\n\t\t\t\t4 more images<\/p>\n\t\t\t\t\t\t\t<\/figcaption>\n\t\t<\/figure>\n<\/article>\t\t\t\t\t<article id=\"post-13597\" class=\" to-sort \">\n\t\t<figure class=\"afg-post-item-content\">\n\t\t\t\t\t\t\t<a href=\"https:\/\/www.sarkis.fr\/en\/2026\/duel-et-pluriel\/\" title=\"Duel et Pluriel \u2013 une exposition \u00e0 la m\u00e9moire de Alpagut G\u00fcltekin\" data-modal-link=\"#modal-blog-block_62d7ca49184e9\" class=\"landscape\">\n\t\t\t\t\t<img loading=\"lazy\" decoding=\"async\" width=\"1400\" height=\"1050\" src=\"https:\/\/www.sarkis.fr\/wp-content\/uploads\/2026\/01\/2.webp\" class=\"attachment-full size-full\" alt=\"\" srcset=\"https:\/\/www.sarkis.fr\/wp-content\/uploads\/2026\/01\/2.webp 1400w, https:\/\/www.sarkis.fr\/wp-content\/uploads\/2026\/01\/2-300x225.webp 300w, https:\/\/www.sarkis.fr\/wp-content\/uploads\/2026\/01\/2-1030x773.webp 1030w, https:\/\/www.sarkis.fr\/wp-content\/uploads\/2026\/01\/2-768x576.webp 768w\" sizes=\"auto, (max-width: 1400px) 100vw, 1400px\" \/>\t\t\t\t<\/a>\n\t\t\t\t\t\t<figcaption>\n\t\t\t\t<h2>\n\t\t\t\t\t<a href=\"https:\/\/www.sarkis.fr\/en\/2026\/duel-et-pluriel\/\" title=\"Duel et Pluriel \u2013 une exposition \u00e0 la m\u00e9moire de Alpagut G\u00fcltekin\" data-modal-link=\"#modal-blog-block_62d7ca49184e9\">\n\t\t\t\t\t\tDuel et Pluriel \u2013 une exposition \u00e0 la m\u00e9moire de Alpagut G\u00fcltekin\t\t\t\t\t<\/a>\n\t\t\t\t<\/h2>\n\t\t\t\t<p class=\"afg-metadata\">\n\t\t\t<span class=\"place\">Galerie \u00d6ktem Aykut &#8211; Istanbul<\/span>\t\t<span class=\"dates\">6 Jan &#8211; 7 Feb 2026<\/span><span class=\"solo\">Solo<\/span><\/p>\n\t\t\t\t\t\t\t\t<p class=\"afg-metadata\" style=\"opacity:.7;font-size:8pt;line-height:8pt;\">\n\t\t\t\t10 more images<\/p>\n\t\t\t\t\t\t\t<\/figcaption>\n\t\t<\/figure>\n<\/article>\t\t\t\t\t\t\t\t\t\t\t\t<p class=\"timeline line to-sort\" id=\"section-2025\" data-year=\"2025\">2025<\/p>\n\t\t\t\t\t\t\t<article id=\"post-13566\" class=\" to-sort \">\n\t\t<figure class=\"afg-post-item-content\">\n\t\t\t\t\t\t\t<a href=\"https:\/\/www.sarkis.fr\/en\/2025\/stay-together-bir-aradadirlar\/\" title=\"Stay Together &#8211; Bir Arada(d\u0131r)lar\" data-modal-link=\"#modal-blog-block_62d7ca49184e9\" class=\"landscape\">\n\t\t\t\t\t<img loading=\"lazy\" decoding=\"async\" width=\"1200\" height=\"891\" src=\"https:\/\/www.sarkis.fr\/wp-content\/uploads\/2025\/11\/1.webp\" class=\"attachment-full size-full\" alt=\"\" srcset=\"https:\/\/www.sarkis.fr\/wp-content\/uploads\/2025\/11\/1.webp 1200w, https:\/\/www.sarkis.fr\/wp-content\/uploads\/2025\/11\/1-300x223.webp 300w, https:\/\/www.sarkis.fr\/wp-content\/uploads\/2025\/11\/1-1030x765.webp 1030w, https:\/\/www.sarkis.fr\/wp-content\/uploads\/2025\/11\/1-768x570.webp 768w\" sizes=\"auto, (max-width: 1200px) 100vw, 1200px\" \/>\t\t\t\t<\/a>\n\t\t\t\t\t\t<figcaption>\n\t\t\t\t<h2>\n\t\t\t\t\t<a href=\"https:\/\/www.sarkis.fr\/en\/2025\/stay-together-bir-aradadirlar\/\" title=\"Stay Together &#8211; Bir Arada(d\u0131r)lar\" data-modal-link=\"#modal-blog-block_62d7ca49184e9\">\n\t\t\t\t\t\tStay Together &#8211; Bir Arada(d\u0131r)lar\t\t\t\t\t<\/a>\n\t\t\t\t<\/h2>\n\t\t\t\t<p class=\"afg-metadata\">\n\t\t\t<span class=\"place\">Dirimart London<\/span>\t\t<span class=\"dates\">25 Nov 2025 &#8211; 10 Jan 2026<\/span><span class=\"solo\">Solo<\/span><\/p>\n\t\t\t\t\t\t\t\t<p class=\"afg-metadata\" style=\"opacity:.7;font-size:8pt;line-height:8pt;\">\n\t\t\t\t10 more images<\/p>\n\t\t\t\t\t\t\t<\/figcaption>\n\t\t<\/figure>\n<\/article>\t\t\t\t\t<article id=\"post-13543\" class=\" to-sort \">\n\t\t<figure class=\"afg-post-item-content\">\n\t\t\t\t\t\t\t<a href=\"https:\/\/www.sarkis.fr\/en\/2025\/five-icons-framed-in-edirne-style-wooden-ornemention\/\" title=\"Five Icons framed in Edirne-style wooden ornemention\" data-modal-link=\"#modal-blog-block_62d7ca49184e9\" class=\"landscape\">\n\t\t\t\t\t<img loading=\"lazy\" decoding=\"async\" width=\"1200\" height=\"900\" src=\"https:\/\/www.sarkis.fr\/wp-content\/uploads\/2025\/09\/1-fift.webp\" class=\"attachment-full size-full\" alt=\"\" srcset=\"https:\/\/www.sarkis.fr\/wp-content\/uploads\/2025\/09\/1-fift.webp 1200w, https:\/\/www.sarkis.fr\/wp-content\/uploads\/2025\/09\/1-fift-300x225.webp 300w, https:\/\/www.sarkis.fr\/wp-content\/uploads\/2025\/09\/1-fift-1030x773.webp 1030w, https:\/\/www.sarkis.fr\/wp-content\/uploads\/2025\/09\/1-fift-768x576.webp 768w\" sizes=\"auto, (max-width: 1200px) 100vw, 1200px\" \/>\t\t\t\t<\/a>\n\t\t\t\t\t\t<figcaption>\n\t\t\t\t<h2>\n\t\t\t\t\t<a href=\"https:\/\/www.sarkis.fr\/en\/2025\/five-icons-framed-in-edirne-style-wooden-ornemention\/\" title=\"Five Icons framed in Edirne-style wooden ornemention\" data-modal-link=\"#modal-blog-block_62d7ca49184e9\">\n\t\t\t\t\t\tFive Icons framed in Edirne-style wooden ornemention\t\t\t\t\t<\/a>\n\t\t\t\t<\/h2>\n\t\t\t\t<p class=\"afg-metadata\">\n\t\t\t<span class=\"place\">Dirimart Gallery, Istanbul<\/span>\t\t<span class=\"dates\">3 Sep &#8211; 12 Oct 2025<\/span><span class=\"solo\">Solo<\/span><\/p>\n\t\t\t\t\t\t\t\t<p class=\"afg-metadata\" style=\"opacity:.7;font-size:8pt;line-height:8pt;\">\n\t\t\t\t8 more images<\/p>\n\t\t\t\t\t\t\t<\/figcaption>\n\t\t<\/figure>\n<\/article>\t\t\t\t\t<article id=\"post-13519\" class=\" to-sort \">\n\t\t<figure class=\"afg-post-item-content\">\n\t\t\t\t\t\t\t<a href=\"https:\/\/www.sarkis.fr\/en\/2025\/sarkis-eden-morfaux-franck-patte-biennale-dautun-festival-international-dart-sacre\/\" title=\"Sarkis, Eden Morfaux, Franck Patte\" data-modal-link=\"#modal-blog-block_62d7ca49184e9\" class=\"landscape\">\n\t\t\t\t\t<img loading=\"lazy\" decoding=\"async\" width=\"1200\" height=\"900\" src=\"https:\/\/www.sarkis.fr\/wp-content\/uploads\/2025\/08\/1.webp\" class=\"attachment-full size-full\" alt=\"\" \/>\t\t\t\t<\/a>\n\t\t\t\t\t\t<figcaption>\n\t\t\t\t<h2>\n\t\t\t\t\t<a href=\"https:\/\/www.sarkis.fr\/en\/2025\/sarkis-eden-morfaux-franck-patte-biennale-dautun-festival-international-dart-sacre\/\" title=\"Sarkis, Eden Morfaux, Franck Patte\" data-modal-link=\"#modal-blog-block_62d7ca49184e9\">\n\t\t\t\t\t\tSarkis, Eden Morfaux, Franck Patte\t\t\t\t\t<\/a>\n\t\t\t\t<\/h2>\n\t\t\t\t<p class=\"afg-metadata\">\n\t\t\t<span class=\"place\">Biennale d&#039;Autun, Festival International d&#039;Art Sacr\u00e9<\/span>\t\t<span class=\"dates\">18 Jul &#8211; 10 Aug 2025<\/span><\/p>\n\t\t\t\t\t\t\t\t<p class=\"afg-metadata\" style=\"opacity:.7;font-size:8pt;line-height:8pt;\">\n\t\t\t\t6 more images<\/p>\n\t\t\t\t\t\t\t<\/figcaption>\n\t\t<\/figure>\n<\/article>\t\t\t\t\t<article id=\"post-13498\" class=\" to-sort \">\n\t\t<figure class=\"afg-post-item-content\">\n\t\t\t\t\t\t\t<a href=\"https:\/\/www.sarkis.fr\/en\/2025\/infini-croisement-des-details-avec-sa-mesure-en-lumiere\/\" title=\"Infini croisement des d\u00e9tails avec sa mesure en lumi\u00e8re\" data-modal-link=\"#modal-blog-block_62d7ca49184e9\" class=\"landscape\">\n\t\t\t\t\t<img loading=\"lazy\" decoding=\"async\" width=\"1200\" height=\"690\" src=\"https:\/\/www.sarkis.fr\/wp-content\/uploads\/2025\/03\/obad-0.webp\" class=\"attachment-full size-full\" alt=\"\" srcset=\"https:\/\/www.sarkis.fr\/wp-content\/uploads\/2025\/03\/obad-0.webp 1200w, https:\/\/www.sarkis.fr\/wp-content\/uploads\/2025\/03\/obad-0-300x173.webp 300w, https:\/\/www.sarkis.fr\/wp-content\/uploads\/2025\/03\/obad-0-1030x592.webp 1030w, https:\/\/www.sarkis.fr\/wp-content\/uploads\/2025\/03\/obad-0-768x442.webp 768w\" sizes=\"auto, (max-width: 1200px) 100vw, 1200px\" \/>\t\t\t\t<\/a>\n\t\t\t\t\t\t<figcaption>\n\t\t\t\t<h2>\n\t\t\t\t\t<a href=\"https:\/\/www.sarkis.fr\/en\/2025\/infini-croisement-des-details-avec-sa-mesure-en-lumiere\/\" title=\"Infini croisement des d\u00e9tails avec sa mesure en lumi\u00e8re\" data-modal-link=\"#modal-blog-block_62d7ca49184e9\">\n\t\t\t\t\t\tInfini croisement des d\u00e9tails avec sa mesure en lumi\u00e8re\t\t\t\t\t<\/a>\n\t\t\t\t<\/h2>\n\t\t\t\t<p class=\"afg-metadata\">\n\t\t\t<span class=\"place\">Galerie Nathalie Obadia, Paris, France<\/span>\t\t<span class=\"dates\">22 Mar &#8211; 3 May 2025<\/span><span class=\"solo\">Solo<\/span><\/p>\n\t\t\t\t\t\t\t\t<p class=\"afg-metadata\" style=\"opacity:.7;font-size:8pt;line-height:8pt;\">\n\t\t\t\t4 more images<\/p>\n\t\t\t\t\t\t\t<\/figcaption>\n\t\t<\/figure>\n<\/article>\t\t\t\t\t<article id=\"post-13206\" class=\" to-sort \">\n\t\t<figure class=\"afg-post-item-content\">\n\t\t\t\t\t\t\t<a href=\"https:\/\/www.sarkis.fr\/en\/2025\/19380-20250\/\" title=\"19380 -20250\" data-modal-link=\"#modal-blog-block_62d7ca49184e9\" class=\"landscape\">\n\t\t\t\t\t<img loading=\"lazy\" decoding=\"async\" width=\"611\" height=\"480\" src=\"https:\/\/www.sarkis.fr\/wp-content\/uploads\/2025\/01\/19380-20250-depuis-1992-Istanbul-Modern-1.webp\" class=\"attachment-full size-full\" alt=\"\" srcset=\"https:\/\/www.sarkis.fr\/wp-content\/uploads\/2025\/01\/19380-20250-depuis-1992-Istanbul-Modern-1.webp 611w, https:\/\/www.sarkis.fr\/wp-content\/uploads\/2025\/01\/19380-20250-depuis-1992-Istanbul-Modern-1-300x236.webp 300w\" sizes=\"auto, (max-width: 611px) 100vw, 611px\" \/>\t\t\t\t<\/a>\n\t\t\t\t\t\t<figcaption>\n\t\t\t\t<h2>\n\t\t\t\t\t<a href=\"https:\/\/www.sarkis.fr\/en\/2025\/19380-20250\/\" title=\"19380 -20250\" data-modal-link=\"#modal-blog-block_62d7ca49184e9\">\n\t\t\t\t\t\t19380 -20250\t\t\t\t\t<\/a>\n\t\t\t\t<\/h2>\n\t\t\t\t<p class=\"afg-metadata\">\n\t\t\t<span class=\"place\">\u0130stanbul Modern<\/span>\t\t<span class=\"dates\">1 Jan &#8211; 1 Jan 2025<\/span><span class=\"solo\">Solo<\/span><\/p>\n\t\t\t\t\t\t\t<\/figcaption>\n\t\t<\/figure>\n<\/article>\t\t\t\t\t\t\t\t\t\t\t\t<p class=\"timeline line to-sort\" id=\"section-2024\" data-year=\"2024\">2024<\/p>\n\t\t\t\t\t\t\t<article id=\"post-13192\" class=\" to-sort \">\n\t\t<figure class=\"afg-post-item-content\">\n\t\t\t\t\t\t\t<a href=\"https:\/\/www.sarkis.fr\/en\/2024\/childrens-rain-call-with-the-colours-of-the-rainbow\/\" title=\"Children\u2019s Rain Call with the Colours of the Rainbow\" data-modal-link=\"#modal-blog-block_62d7ca49184e9\" class=\"landscape\">\n\t\t\t\t\t<img loading=\"lazy\" decoding=\"async\" width=\"1200\" height=\"861\" src=\"https:\/\/www.sarkis.fr\/wp-content\/uploads\/2024\/12\/Children_s_Rain_Call_1.webp\" class=\"attachment-full size-full\" alt=\"\" srcset=\"https:\/\/www.sarkis.fr\/wp-content\/uploads\/2024\/12\/Children_s_Rain_Call_1.webp 1200w, https:\/\/www.sarkis.fr\/wp-content\/uploads\/2024\/12\/Children_s_Rain_Call_1-300x215.webp 300w, https:\/\/www.sarkis.fr\/wp-content\/uploads\/2024\/12\/Children_s_Rain_Call_1-1030x739.webp 1030w, https:\/\/www.sarkis.fr\/wp-content\/uploads\/2024\/12\/Children_s_Rain_Call_1-768x551.webp 768w\" sizes=\"auto, (max-width: 1200px) 100vw, 1200px\" \/>\t\t\t\t<\/a>\n\t\t\t\t\t\t<figcaption>\n\t\t\t\t<h2>\n\t\t\t\t\t<a href=\"https:\/\/www.sarkis.fr\/en\/2024\/childrens-rain-call-with-the-colours-of-the-rainbow\/\" title=\"Children\u2019s Rain Call with the Colours of the Rainbow\" data-modal-link=\"#modal-blog-block_62d7ca49184e9\">\n\t\t\t\t\t\tChildren\u2019s Rain Call with the Colours of the Rainbow\t\t\t\t\t<\/a>\n\t\t\t\t<\/h2>\n\t\t\t\t<p class=\"afg-metadata\">\n\t\t\t<span class=\"place\">Galerie Dirimart, Istanbul<\/span>\t\t<span class=\"dates\">4 Dec 2024 &#8211; 4 Jan 2025<\/span><span class=\"solo\">Solo<\/span><\/p>\n\t\t\t\t\t\t\t\t<p class=\"afg-metadata\" style=\"opacity:.7;font-size:8pt;line-height:8pt;\">\n\t\t\t\t3 more images<\/p>\n\t\t\t\t\t\t\t<\/figcaption>\n\t\t<\/figure>\n<\/article>\t\t\t\t\t<article id=\"post-13176\" class=\" to-sort \">\n\t\t<figure class=\"afg-post-item-content\">\n\t\t\t\t\t\t\t<a href=\"https:\/\/www.sarkis.fr\/en\/2024\/le-container-eden\/\" title=\"Le Container EDEN\" data-modal-link=\"#modal-blog-block_62d7ca49184e9\" class=\"landscape\">\n\t\t\t\t\t<img loading=\"lazy\" decoding=\"async\" width=\"1200\" height=\"797\" src=\"https:\/\/www.sarkis.fr\/wp-content\/uploads\/2024\/09\/ContainerEDEN0.webp\" class=\"attachment-full size-full\" alt=\"\" srcset=\"https:\/\/www.sarkis.fr\/wp-content\/uploads\/2024\/09\/ContainerEDEN0.webp 1200w, https:\/\/www.sarkis.fr\/wp-content\/uploads\/2024\/09\/ContainerEDEN0-300x199.webp 300w, https:\/\/www.sarkis.fr\/wp-content\/uploads\/2024\/09\/ContainerEDEN0-1030x684.webp 1030w, https:\/\/www.sarkis.fr\/wp-content\/uploads\/2024\/09\/ContainerEDEN0-768x510.webp 768w\" sizes=\"auto, (max-width: 1200px) 100vw, 1200px\" \/>\t\t\t\t<\/a>\n\t\t\t\t\t\t<figcaption>\n\t\t\t\t<h2>\n\t\t\t\t\t<a href=\"https:\/\/www.sarkis.fr\/en\/2024\/le-container-eden\/\" title=\"Le Container EDEN\" data-modal-link=\"#modal-blog-block_62d7ca49184e9\">\n\t\t\t\t\t\tLe Container EDEN\t\t\t\t\t<\/a>\n\t\t\t\t<\/h2>\n\t\t\t\t<p class=\"afg-metadata\">\n\t\t\t<span class=\"place\">Villejuif, France<\/span>\t\t<span class=\"dates\">September 2024<\/span><\/p>\n\t\t\t\t\t\t\t\t<p class=\"afg-metadata\" style=\"opacity:.7;font-size:8pt;line-height:8pt;\">\n\t\t\t\t1 more image<\/p>\n\t\t\t\t\t\t\t<\/figcaption>\n\t\t<\/figure>\n<\/article>\t\t\t\t\t<article id=\"post-13163\" class=\" to-sort \">\n\t\t<figure class=\"afg-post-item-content\">\n\t\t\t\t\t\t\t<a href=\"https:\/\/www.sarkis.fr\/en\/2024\/4eme-biennale-mardin-turquie\/\" title=\"4\u00e8me Biennale Mardin, Turquie\" data-modal-link=\"#modal-blog-block_62d7ca49184e9\" class=\"portrait\">\n\t\t\t\t\t<img loading=\"lazy\" decoding=\"async\" width=\"1200\" height=\"1600\" src=\"https:\/\/www.sarkis.fr\/wp-content\/uploads\/2024\/05\/10.05.2024-4emeBiennale-Mardin-Turquie-.jpg\" class=\"attachment-full size-full\" alt=\"\" srcset=\"https:\/\/www.sarkis.fr\/wp-content\/uploads\/2024\/05\/10.05.2024-4emeBiennale-Mardin-Turquie-.jpg 1200w, https:\/\/www.sarkis.fr\/wp-content\/uploads\/2024\/05\/10.05.2024-4emeBiennale-Mardin-Turquie--225x300.jpg 225w, https:\/\/www.sarkis.fr\/wp-content\/uploads\/2024\/05\/10.05.2024-4emeBiennale-Mardin-Turquie--773x1030.jpg 773w, https:\/\/www.sarkis.fr\/wp-content\/uploads\/2024\/05\/10.05.2024-4emeBiennale-Mardin-Turquie--768x1024.jpg 768w, https:\/\/www.sarkis.fr\/wp-content\/uploads\/2024\/05\/10.05.2024-4emeBiennale-Mardin-Turquie--1152x1536.jpg 1152w\" sizes=\"auto, (max-width: 1200px) 100vw, 1200px\" \/>\t\t\t\t<\/a>\n\t\t\t\t\t\t<figcaption>\n\t\t\t\t<h2>\n\t\t\t\t\t<a href=\"https:\/\/www.sarkis.fr\/en\/2024\/4eme-biennale-mardin-turquie\/\" title=\"4\u00e8me Biennale Mardin, Turquie\" data-modal-link=\"#modal-blog-block_62d7ca49184e9\">\n\t\t\t\t\t\t4\u00e8me Biennale Mardin, Turquie\t\t\t\t\t<\/a>\n\t\t\t\t<\/h2>\n\t\t\t\t<p class=\"afg-metadata\">\n\t\t\t<span class=\"place\">Mardin, Turquie<\/span>\t\t<span class=\"dates\">10 May 2024<\/span><\/p>\n\t\t\t\t\t\t\t\t<p class=\"afg-metadata\" style=\"opacity:.7;font-size:8pt;line-height:8pt;\">\n\t\t\t\t1 more image<\/p>\n\t\t\t\t\t\t\t<\/figcaption>\n\t\t<\/figure>\n<\/article>\t\t\t\t\t<article id=\"post-13051\" class=\" to-sort \">\n\t\t<figure class=\"afg-post-item-content\">\n\t\t\t\t\t\t\t<a href=\"https:\/\/www.sarkis.fr\/en\/2024\/pluie-arc-en-ciel\/\" title=\"Pluie Arc-en-ciel\" data-modal-link=\"#modal-blog-block_62d7ca49184e9\" class=\"landscape\">\n\t\t\t\t\t<img loading=\"lazy\" decoding=\"async\" width=\"1200\" height=\"672\" src=\"https:\/\/www.sarkis.fr\/wp-content\/uploads\/2024\/03\/1-2024.03.18-Mamco-Geneve-Pluie-Arc-en-ciel.webp\" class=\"attachment-full size-full\" alt=\"\" srcset=\"https:\/\/www.sarkis.fr\/wp-content\/uploads\/2024\/03\/1-2024.03.18-Mamco-Geneve-Pluie-Arc-en-ciel.webp 1200w, https:\/\/www.sarkis.fr\/wp-content\/uploads\/2024\/03\/1-2024.03.18-Mamco-Geneve-Pluie-Arc-en-ciel-300x168.webp 300w, https:\/\/www.sarkis.fr\/wp-content\/uploads\/2024\/03\/1-2024.03.18-Mamco-Geneve-Pluie-Arc-en-ciel-1030x577.webp 1030w, https:\/\/www.sarkis.fr\/wp-content\/uploads\/2024\/03\/1-2024.03.18-Mamco-Geneve-Pluie-Arc-en-ciel-768x430.webp 768w\" sizes=\"auto, (max-width: 1200px) 100vw, 1200px\" \/>\t\t\t\t<\/a>\n\t\t\t\t\t\t<figcaption>\n\t\t\t\t<h2>\n\t\t\t\t\t<a href=\"https:\/\/www.sarkis.fr\/en\/2024\/pluie-arc-en-ciel\/\" title=\"Pluie Arc-en-ciel\" data-modal-link=\"#modal-blog-block_62d7ca49184e9\">\n\t\t\t\t\t\tPluie Arc-en-ciel\t\t\t\t\t<\/a>\n\t\t\t\t<\/h2>\n\t\t\t\t<p class=\"afg-metadata\">\n\t\t\t<span class=\"place\">MAMCO, Gen\u00e8ve, Suisse<\/span>\t\t<span class=\"dates\">March 2024<\/span><\/p>\n\t\t\t\t\t\t\t\t<p class=\"afg-metadata\" style=\"opacity:.7;font-size:8pt;line-height:8pt;\">\n\t\t\t\t3 more images<\/p>\n\t\t\t\t\t\t\t<\/figcaption>\n\t\t<\/figure>\n<\/article>\t\t\t\t\t\t\t\t\t\t\t\t<p class=\"timeline line to-sort\" id=\"section-2023\" data-year=\"2023\">2023<\/p>\n\t\t\t\t\t\t\t<article id=\"post-12940\" class=\" to-sort \">\n\t\t<figure class=\"afg-post-item-content\">\n\t\t\t\t\t\t\t<a href=\"https:\/\/www.sarkis.fr\/en\/2023\/fields-of-forces\/\" title=\"Fields of Forces, Serendipity Art Festival\" data-modal-link=\"#modal-blog-block_62d7ca49184e9\" class=\"landscape\">\n\t\t\t\t\t<img loading=\"lazy\" decoding=\"async\" width=\"1300\" height=\"751\" src=\"https:\/\/www.sarkis.fr\/wp-content\/uploads\/2024\/03\/SAF_WW-1.webp\" class=\"attachment-full size-full\" alt=\"\" srcset=\"https:\/\/www.sarkis.fr\/wp-content\/uploads\/2024\/03\/SAF_WW-1.webp 1300w, https:\/\/www.sarkis.fr\/wp-content\/uploads\/2024\/03\/SAF_WW-1-300x173.webp 300w, https:\/\/www.sarkis.fr\/wp-content\/uploads\/2024\/03\/SAF_WW-1-1030x595.webp 1030w, https:\/\/www.sarkis.fr\/wp-content\/uploads\/2024\/03\/SAF_WW-1-768x444.webp 768w\" sizes=\"auto, (max-width: 1300px) 100vw, 1300px\" \/>\t\t\t\t<\/a>\n\t\t\t\t\t\t<figcaption>\n\t\t\t\t<h2>\n\t\t\t\t\t<a href=\"https:\/\/www.sarkis.fr\/en\/2023\/fields-of-forces\/\" title=\"Fields of Forces, Serendipity Art Festival\" data-modal-link=\"#modal-blog-block_62d7ca49184e9\">\n\t\t\t\t\t\tFields of Forces, Serendipity Art Festival\t\t\t\t\t<\/a>\n\t\t\t\t<\/h2>\n\t\t\t\t<p class=\"afg-metadata\">\n\t\t\t<span class=\"place\">Goa, Inde, D\u00e9cembre 2023.<\/span>\t\t<span class=\"dates\">December 2023<\/span><\/p>\n\t\t\t\t\t\t\t\t<p class=\"afg-metadata\" style=\"opacity:.7;font-size:8pt;line-height:8pt;\">\n\t\t\t\t2 more images<\/p>\n\t\t\t\t\t\t\t<\/figcaption>\n\t\t<\/figure>\n<\/article>\t\t\t\t\t<article id=\"post-12255\" class=\" to-sort \">\n\t\t<figure class=\"afg-post-item-content\">\n\t\t\t\t\t\t\t<a href=\"https:\/\/www.sarkis.fr\/en\/2023\/future-lies-ahead-1993-2023\/\" title=\"Future Lies Ahead 1993-2023\" data-modal-link=\"#modal-blog-block_62d7ca49184e9\" class=\"landscape\">\n\t\t\t\t\t<img loading=\"lazy\" decoding=\"async\" width=\"1200\" height=\"900\" src=\"https:\/\/www.sarkis.fr\/wp-content\/uploads\/2023\/11\/Future-Lies-Ahead-1993-2023-Daejeon-Museum-of-Art-Coree-6.11.2023_.webp\" class=\"attachment-full size-full\" alt=\"\" srcset=\"https:\/\/www.sarkis.fr\/wp-content\/uploads\/2023\/11\/Future-Lies-Ahead-1993-2023-Daejeon-Museum-of-Art-Coree-6.11.2023_.webp 1200w, https:\/\/www.sarkis.fr\/wp-content\/uploads\/2023\/11\/Future-Lies-Ahead-1993-2023-Daejeon-Museum-of-Art-Coree-6.11.2023_-300x225.webp 300w, https:\/\/www.sarkis.fr\/wp-content\/uploads\/2023\/11\/Future-Lies-Ahead-1993-2023-Daejeon-Museum-of-Art-Coree-6.11.2023_-1030x773.webp 1030w, https:\/\/www.sarkis.fr\/wp-content\/uploads\/2023\/11\/Future-Lies-Ahead-1993-2023-Daejeon-Museum-of-Art-Coree-6.11.2023_-768x576.webp 768w\" sizes=\"auto, (max-width: 1200px) 100vw, 1200px\" \/>\t\t\t\t<\/a>\n\t\t\t\t\t\t<figcaption>\n\t\t\t\t<h2>\n\t\t\t\t\t<a href=\"https:\/\/www.sarkis.fr\/en\/2023\/future-lies-ahead-1993-2023\/\" title=\"Future Lies Ahead 1993-2023\" data-modal-link=\"#modal-blog-block_62d7ca49184e9\">\n\t\t\t\t\t\tFuture Lies Ahead 1993-2023\t\t\t\t\t<\/a>\n\t\t\t\t<\/h2>\n\t\t\t\t<p class=\"afg-metadata\">\n\t\t\t<span class=\"place\">Daejeon Museum of Art, Core\u0301e<\/span>\t\t<span class=\"dates\">6 Nov 2023<\/span><\/p>\n\t\t\t\t\t\t\t\t<p class=\"afg-metadata\" style=\"opacity:.7;font-size:8pt;line-height:8pt;\">\n\t\t\t\t2 more images<\/p>\n\t\t\t\t\t\t\t<\/figcaption>\n\t\t<\/figure>\n<\/article>\t\t\t\t\t<article id=\"post-12192\" class=\" to-sort \">\n\t\t<figure class=\"afg-post-item-content\">\n\t\t\t\t\t\t\t<a href=\"https:\/\/www.sarkis.fr\/en\/2023\/7-tage-7-nachte\/\" title=\"7 Tage 7 N\u00e4chte\" data-modal-link=\"#modal-blog-block_62d7ca49184e9\" class=\"landscape\">\n\t\t\t\t\t<img loading=\"lazy\" decoding=\"async\" width=\"1200\" height=\"900\" src=\"https:\/\/www.sarkis.fr\/wp-content\/uploads\/2023\/10\/IMG_1118-copie.webp\" class=\"attachment-full size-full\" alt=\"\" srcset=\"https:\/\/www.sarkis.fr\/wp-content\/uploads\/2023\/10\/IMG_1118-copie.webp 1200w, https:\/\/www.sarkis.fr\/wp-content\/uploads\/2023\/10\/IMG_1118-copie-300x225.webp 300w, https:\/\/www.sarkis.fr\/wp-content\/uploads\/2023\/10\/IMG_1118-copie-1030x773.webp 1030w, https:\/\/www.sarkis.fr\/wp-content\/uploads\/2023\/10\/IMG_1118-copie-768x576.webp 768w\" sizes=\"auto, (max-width: 1200px) 100vw, 1200px\" \/>\t\t\t\t<\/a>\n\t\t\t\t\t\t<figcaption>\n\t\t\t\t<h2>\n\t\t\t\t\t<a href=\"https:\/\/www.sarkis.fr\/en\/2023\/7-tage-7-nachte\/\" title=\"7 Tage 7 N\u00e4chte\" data-modal-link=\"#modal-blog-block_62d7ca49184e9\">\n\t\t\t\t\t\t7 Tage 7 N\u00e4chte\t\t\t\t\t<\/a>\n\t\t\t\t<\/h2>\n\t\t\t\t<p class=\"afg-metadata\">\n\t\t\t<span class=\"place\">Kusthalle Baden Baden, Deutschland<\/span>\t\t<span class=\"dates\">27 Oct 2023 &#8211; 4 Feb 2024<\/span><span class=\"solo\">Solo<\/span><\/p>\n\t\t\t\t\t\t\t\t<p class=\"afg-metadata\" style=\"opacity:.7;font-size:8pt;line-height:8pt;\">\n\t\t\t\t8 more images<\/p>\n\t\t\t\t\t\t\t<\/figcaption>\n\t\t<\/figure>\n<\/article>\t\t\t\t\t<article id=\"post-12080\" class=\" to-sort \">\n\t\t<figure class=\"afg-post-item-content\">\n\t\t\t\t\t\t\t<a href=\"https:\/\/www.sarkis.fr\/en\/2023\/85-cris-dapres-munch\/\" title=\"85 CRIS d\u2019apr\u00e8s Munch\" data-modal-link=\"#modal-blog-block_62d7ca49184e9\" class=\"landscape\">\n\t\t\t\t\t<img loading=\"lazy\" decoding=\"async\" width=\"1200\" height=\"900\" src=\"https:\/\/www.sarkis.fr\/wp-content\/uploads\/2023\/10\/1-85-Screams-After-Munch-2023_34.webp\" class=\"attachment-full size-full\" alt=\"\" srcset=\"https:\/\/www.sarkis.fr\/wp-content\/uploads\/2023\/10\/1-85-Screams-After-Munch-2023_34.webp 1200w, https:\/\/www.sarkis.fr\/wp-content\/uploads\/2023\/10\/1-85-Screams-After-Munch-2023_34-300x225.webp 300w, https:\/\/www.sarkis.fr\/wp-content\/uploads\/2023\/10\/1-85-Screams-After-Munch-2023_34-1030x773.webp 1030w, https:\/\/www.sarkis.fr\/wp-content\/uploads\/2023\/10\/1-85-Screams-After-Munch-2023_34-768x576.webp 768w\" sizes=\"auto, (max-width: 1200px) 100vw, 1200px\" \/>\t\t\t\t<\/a>\n\t\t\t\t\t\t<figcaption>\n\t\t\t\t<h2>\n\t\t\t\t\t<a href=\"https:\/\/www.sarkis.fr\/en\/2023\/85-cris-dapres-munch\/\" title=\"85 CRIS d\u2019apr\u00e8s Munch\" data-modal-link=\"#modal-blog-block_62d7ca49184e9\">\n\t\t\t\t\t\t85 CRIS d\u2019apr\u00e8s Munch\t\t\t\t\t<\/a>\n\t\t\t\t<\/h2>\n\t\t\t\t<p class=\"afg-metadata\">\n\t\t\t<span class=\"place\">Galerie Dirimart, Istanbul<\/span>\t\t<span class=\"dates\">3 Sep &#8211; 14 Oct 2023<\/span><span class=\"solo\">Solo<\/span><\/p>\n\t\t\t\t\t\t\t\t<p class=\"afg-metadata\" style=\"opacity:.7;font-size:8pt;line-height:8pt;\">\n\t\t\t\t3 more images<\/p>\n\t\t\t\t\t\t\t<\/figcaption>\n\t\t<\/figure>\n<\/article>\t\t\t\t\t<div id=\"post-12060\" class=\"afg-list-item to-sort \">\n\t<div class=\"afg-list-item-content\">\n\t\t<h3>AAE (Atelier Aquarelle dans l\u2019Eau)<\/h3>\n\t\t<p class=\"afg-metadata\">\n\t\t\t<span class=\"place\">Poudri\u00e8re, S\u00e9lestat<\/span>\t\t<span class=\"dates\">6 Jul 2023<\/span><span class=\"solo\">Solo<\/span><\/p>\n\t<\/div>\n<\/div>\t\t\t\t\t<article id=\"post-12064\" class=\" to-sort \">\n\t\t<figure class=\"afg-post-item-content\">\n\t\t\t\t\t\t\t<a href=\"https:\/\/www.sarkis.fr\/en\/2023\/les-vitraux-de-la-chapelle-cluny\/\" title=\"Les Vitraux de la Chapelle CLUNY\" data-modal-link=\"#modal-blog-block_62d7ca49184e9\" class=\"landscape\">\n\t\t\t\t\t<img loading=\"lazy\" decoding=\"async\" width=\"1500\" height=\"1125\" src=\"https:\/\/www.sarkis.fr\/wp-content\/uploads\/2023\/10\/5-Les-Vitraux-de-Chapelle-Cluny.jpg\" class=\"attachment-full size-full\" alt=\"\" srcset=\"https:\/\/www.sarkis.fr\/wp-content\/uploads\/2023\/10\/5-Les-Vitraux-de-Chapelle-Cluny.jpg 1500w, https:\/\/www.sarkis.fr\/wp-content\/uploads\/2023\/10\/5-Les-Vitraux-de-Chapelle-Cluny-300x225.jpg 300w, https:\/\/www.sarkis.fr\/wp-content\/uploads\/2023\/10\/5-Les-Vitraux-de-Chapelle-Cluny-1030x773.jpg 1030w, https:\/\/www.sarkis.fr\/wp-content\/uploads\/2023\/10\/5-Les-Vitraux-de-Chapelle-Cluny-768x576.jpg 768w\" sizes=\"auto, (max-width: 1500px) 100vw, 1500px\" \/>\t\t\t\t<\/a>\n\t\t\t\t\t\t<figcaption>\n\t\t\t\t<h2>\n\t\t\t\t\t<a href=\"https:\/\/www.sarkis.fr\/en\/2023\/les-vitraux-de-la-chapelle-cluny\/\" title=\"Les Vitraux de la Chapelle CLUNY\" data-modal-link=\"#modal-blog-block_62d7ca49184e9\">\n\t\t\t\t\t\tLes Vitraux de la Chapelle CLUNY\t\t\t\t\t<\/a>\n\t\t\t\t<\/h2>\n\t\t\t\t<p class=\"afg-metadata\">\n\t\t\t<span class=\"place\">Abbaye de Cluny<\/span>\t\t<span class=\"dates\">5 Jul 2023<\/span><\/p>\n\t\t\t\t\t\t\t\t<p class=\"afg-metadata\" style=\"opacity:.7;font-size:8pt;line-height:8pt;\">\n\t\t\t\t4 more images<\/p>\n\t\t\t\t\t\t\t<\/figcaption>\n\t\t<\/figure>\n<\/article>\t\t\t\t\t<article id=\"post-12053\" class=\" to-sort \">\n\t\t<figure class=\"afg-post-item-content\">\n\t\t\t\t\t\t\t<a href=\"https:\/\/www.sarkis.fr\/en\/2023\/__trashed\/\" title=\"La Nuit Blanche\" data-modal-link=\"#modal-blog-block_62d7ca49184e9\" class=\"landscape\">\n\t\t\t\t\t<img loading=\"lazy\" decoding=\"async\" width=\"1500\" height=\"801\" src=\"https:\/\/www.sarkis.fr\/wp-content\/uploads\/2023\/10\/2023.06-La-Nuit-Blanche-Villejuif.jpg\" class=\"attachment-full size-full\" alt=\"\" srcset=\"https:\/\/www.sarkis.fr\/wp-content\/uploads\/2023\/10\/2023.06-La-Nuit-Blanche-Villejuif.jpg 1500w, https:\/\/www.sarkis.fr\/wp-content\/uploads\/2023\/10\/2023.06-La-Nuit-Blanche-Villejuif-300x160.jpg 300w, https:\/\/www.sarkis.fr\/wp-content\/uploads\/2023\/10\/2023.06-La-Nuit-Blanche-Villejuif-1030x550.jpg 1030w, https:\/\/www.sarkis.fr\/wp-content\/uploads\/2023\/10\/2023.06-La-Nuit-Blanche-Villejuif-768x410.jpg 768w\" sizes=\"auto, (max-width: 1500px) 100vw, 1500px\" \/>\t\t\t\t<\/a>\n\t\t\t\t\t\t<figcaption>\n\t\t\t\t<h2>\n\t\t\t\t\t<a href=\"https:\/\/www.sarkis.fr\/en\/2023\/__trashed\/\" title=\"La Nuit Blanche\" data-modal-link=\"#modal-blog-block_62d7ca49184e9\">\n\t\t\t\t\t\tLa Nuit Blanche\t\t\t\t\t<\/a>\n\t\t\t\t<\/h2>\n\t\t\t\t<p class=\"afg-metadata\">\n\t\t\t<span class=\"place\">Villejuif, France<\/span>\t\t<span class=\"dates\">21 Jun 2023<\/span><\/p>\n\t\t\t\t\t\t\t<\/figcaption>\n\t\t<\/figure>\n<\/article>\t\t\t\t\t<article id=\"post-12046\" class=\" to-sort \">\n\t\t<figure class=\"afg-post-item-content\">\n\t\t\t\t\t\t\t<a href=\"https:\/\/www.sarkis.fr\/en\/2023\/15-ans-de-la-galerie-obadia-bruxelles\/\" title=\"15 ans de la galerie Obadia Bruxelles\" data-modal-link=\"#modal-blog-block_62d7ca49184e9\" class=\"portrait\">\n\t\t\t\t\t<img loading=\"lazy\" decoding=\"async\" width=\"1500\" height=\"2000\" src=\"https:\/\/www.sarkis.fr\/wp-content\/uploads\/2023\/10\/18.05.2023-15-ans-de-la-Galerie-Nathalie-Bruxelles-1-1.jpg\" class=\"attachment-full size-full\" alt=\"\" srcset=\"https:\/\/www.sarkis.fr\/wp-content\/uploads\/2023\/10\/18.05.2023-15-ans-de-la-Galerie-Nathalie-Bruxelles-1-1.jpg 1500w, https:\/\/www.sarkis.fr\/wp-content\/uploads\/2023\/10\/18.05.2023-15-ans-de-la-Galerie-Nathalie-Bruxelles-1-1-225x300.jpg 225w, https:\/\/www.sarkis.fr\/wp-content\/uploads\/2023\/10\/18.05.2023-15-ans-de-la-Galerie-Nathalie-Bruxelles-1-1-773x1030.jpg 773w, https:\/\/www.sarkis.fr\/wp-content\/uploads\/2023\/10\/18.05.2023-15-ans-de-la-Galerie-Nathalie-Bruxelles-1-1-768x1024.jpg 768w, https:\/\/www.sarkis.fr\/wp-content\/uploads\/2023\/10\/18.05.2023-15-ans-de-la-Galerie-Nathalie-Bruxelles-1-1-1152x1536.jpg 1152w\" sizes=\"auto, (max-width: 1500px) 100vw, 1500px\" \/>\t\t\t\t<\/a>\n\t\t\t\t\t\t<figcaption>\n\t\t\t\t<h2>\n\t\t\t\t\t<a href=\"https:\/\/www.sarkis.fr\/en\/2023\/15-ans-de-la-galerie-obadia-bruxelles\/\" title=\"15 ans de la galerie Obadia Bruxelles\" data-modal-link=\"#modal-blog-block_62d7ca49184e9\">\n\t\t\t\t\t\t15 ans de la galerie Obadia Bruxelles\t\t\t\t\t<\/a>\n\t\t\t\t<\/h2>\n\t\t\t\t<p class=\"afg-metadata\">\n\t\t\t<span class=\"place\">Galerie Obadia, Bruxelles, Belgique<\/span>\t\t<span class=\"dates\">2023<\/span><\/p>\n\t\t\t\t\t\t\t<\/figcaption>\n\t\t<\/figure>\n<\/article>\t\t\t\t\t<article id=\"post-12090\" class=\" to-sort \">\n\t\t<figure class=\"afg-post-item-content\">\n\t\t\t\t\t\t\t<a href=\"https:\/\/www.sarkis.fr\/en\/2023\/endless\/\" title=\"ENDLESS\" data-modal-link=\"#modal-blog-block_62d7ca49184e9\" class=\"portrait\">\n\t\t\t\t\t<img loading=\"lazy\" decoding=\"async\" width=\"1600\" height=\"1681\" src=\"https:\/\/www.sarkis.fr\/wp-content\/uploads\/2023\/10\/1-Endless-2023.05-Arter-1.jpg\" class=\"attachment-full size-full\" alt=\"\" srcset=\"https:\/\/www.sarkis.fr\/wp-content\/uploads\/2023\/10\/1-Endless-2023.05-Arter-1.jpg 1600w, https:\/\/www.sarkis.fr\/wp-content\/uploads\/2023\/10\/1-Endless-2023.05-Arter-1-286x300.jpg 286w, https:\/\/www.sarkis.fr\/wp-content\/uploads\/2023\/10\/1-Endless-2023.05-Arter-1-980x1030.jpg 980w, https:\/\/www.sarkis.fr\/wp-content\/uploads\/2023\/10\/1-Endless-2023.05-Arter-1-768x807.jpg 768w, https:\/\/www.sarkis.fr\/wp-content\/uploads\/2023\/10\/1-Endless-2023.05-Arter-1-1462x1536.jpg 1462w\" sizes=\"auto, (max-width: 1600px) 100vw, 1600px\" \/>\t\t\t\t<\/a>\n\t\t\t\t\t\t<figcaption>\n\t\t\t\t<h2>\n\t\t\t\t\t<a href=\"https:\/\/www.sarkis.fr\/en\/2023\/endless\/\" title=\"ENDLESS\" data-modal-link=\"#modal-blog-block_62d7ca49184e9\">\n\t\t\t\t\t\tENDLESS\t\t\t\t\t<\/a>\n\t\t\t\t<\/h2>\n\t\t\t\t<p class=\"afg-metadata\">\n\t\t\t<span class=\"place\">Mus\u00e9e ARTER Istanbul<\/span>\t\t<span class=\"dates\">3 May 2023 &#8211; 4 Feb 2024<\/span><span class=\"solo\">Solo<\/span><\/p>\n\t\t\t\t\t\t\t\t<p class=\"afg-metadata\" style=\"opacity:.7;font-size:8pt;line-height:8pt;\">\n\t\t\t\t2 more images<\/p>\n\t\t\t\t\t\t\t<\/figcaption>\n\t\t<\/figure>\n<\/article>\t\t\t\t\t<article id=\"post-12027\" class=\" to-sort \">\n\t\t<figure class=\"afg-post-item-content\">\n\t\t\t\t\t\t\t<a href=\"https:\/\/www.sarkis.fr\/en\/2023\/sarkis-room-istanbul-modern\/\" title=\"Room Sarkis, \u0130stanbul Modern\" data-modal-link=\"#modal-blog-block_62d7ca49184e9\" class=\"landscape\">\n\t\t\t\t\t<img loading=\"lazy\" decoding=\"async\" width=\"640\" height=\"480\" src=\"https:\/\/www.sarkis.fr\/wp-content\/uploads\/2024\/01\/2024.01.01-Istanbul-Modern-mon-espace.webp\" class=\"attachment-full size-full\" alt=\"\" srcset=\"https:\/\/www.sarkis.fr\/wp-content\/uploads\/2024\/01\/2024.01.01-Istanbul-Modern-mon-espace.webp 640w, https:\/\/www.sarkis.fr\/wp-content\/uploads\/2024\/01\/2024.01.01-Istanbul-Modern-mon-espace-300x225.webp 300w\" sizes=\"auto, (max-width: 640px) 100vw, 640px\" \/>\t\t\t\t<\/a>\n\t\t\t\t\t\t<figcaption>\n\t\t\t\t<h2>\n\t\t\t\t\t<a href=\"https:\/\/www.sarkis.fr\/en\/2023\/sarkis-room-istanbul-modern\/\" title=\"Room Sarkis, \u0130stanbul Modern\" data-modal-link=\"#modal-blog-block_62d7ca49184e9\">\n\t\t\t\t\t\tRoom Sarkis, \u0130stanbul Modern\t\t\t\t\t<\/a>\n\t\t\t\t<\/h2>\n\t\t\t\t<p class=\"afg-metadata\">\n\t\t\t<span class=\"place\">\u0130stanbul Modern<\/span>\t\t<span class=\"dates\">2023 &#8211; 2030<\/span><span class=\"solo\">Solo<\/span><\/p>\n\t\t\t\t\t\t\t\t<p class=\"afg-metadata\" style=\"opacity:.7;font-size:8pt;line-height:8pt;\">\n\t\t\t\t2 more images<\/p>\n\t\t\t\t\t\t\t<\/figcaption>\n\t\t<\/figure>\n<\/article>\t\t\t\t\t<div id=\"post-12086\" class=\"afg-list-item to-sort \">\n\t<div class=\"afg-list-item-content\">\n\t\t<h3>Mettre les Formes<\/h3>\n\t\t<p class=\"afg-metadata\">\n\t\t\t<span class=\"place\">Galerie Nathalie Obadia, Paris<\/span>\t\t<span class=\"dates\">5 Mar 2023<\/span><\/p>\n\t<\/div>\n<\/div>\t\t\t\t\t\t\t\t\t\t\t\t<p class=\"timeline line to-sort\" id=\"section-2022\" data-year=\"2022\">2022<\/p>\n\t\t\t\t\t\t\t<div id=\"post-12083\" class=\"afg-list-item to-sort \">\n\t<div class=\"afg-list-item-content\">\n\t\t<h3>For Robert Walser<\/h3>\n\t\t<p class=\"afg-metadata\">\n\t\t\t<span class=\"place\">MAMCO, Gen\u00e8ve, Suisse<\/span>\t\t<span class=\"dates\">November 2022<\/span><\/p>\n\t<\/div>\n<\/div>\t\t\t\t\t<article id=\"post-11610\" class=\" to-sort \">\n\t\t<figure class=\"afg-post-item-content\">\n\t\t\t\t\t\t\t<a href=\"https:\/\/www.sarkis.fr\/en\/2022\/les-anges-de-beppu\/\" title=\"Les Anges de Beppu\" data-modal-link=\"#modal-blog-block_62d7ca49184e9\" class=\"landscape\">\n\t\t\t\t\t<img loading=\"lazy\" decoding=\"async\" width=\"1500\" height=\"1000\" src=\"https:\/\/www.sarkis.fr\/wp-content\/uploads\/2023\/01\/2022.10-Les-Anges-de-Beppu-Japon-projet-definitif-8x9-metres.webp\" class=\"attachment-full size-full\" alt=\"\" srcset=\"https:\/\/www.sarkis.fr\/wp-content\/uploads\/2023\/01\/2022.10-Les-Anges-de-Beppu-Japon-projet-definitif-8x9-metres.webp 1500w, https:\/\/www.sarkis.fr\/wp-content\/uploads\/2023\/01\/2022.10-Les-Anges-de-Beppu-Japon-projet-definitif-8x9-metres-300x200.webp 300w, https:\/\/www.sarkis.fr\/wp-content\/uploads\/2023\/01\/2022.10-Les-Anges-de-Beppu-Japon-projet-definitif-8x9-metres-1030x687.webp 1030w, https:\/\/www.sarkis.fr\/wp-content\/uploads\/2023\/01\/2022.10-Les-Anges-de-Beppu-Japon-projet-definitif-8x9-metres-768x512.webp 768w\" sizes=\"auto, (max-width: 1500px) 100vw, 1500px\" \/>\t\t\t\t<\/a>\n\t\t\t\t\t\t<figcaption>\n\t\t\t\t<h2>\n\t\t\t\t\t<a href=\"https:\/\/www.sarkis.fr\/en\/2022\/les-anges-de-beppu\/\" title=\"Les Anges de Beppu\" data-modal-link=\"#modal-blog-block_62d7ca49184e9\">\n\t\t\t\t\t\tLes Anges de Beppu\t\t\t\t\t<\/a>\n\t\t\t\t<\/h2>\n\t\t\t\t<p class=\"afg-metadata\">\n\t\t\t<span class=\"place\">Beppu, Japon<\/span>\t\t<span class=\"dates\">October 2022<\/span><\/p>\n\t\t\t\t\t\t\t<\/figcaption>\n\t\t<\/figure>\n<\/article>\t\t\t\t\t<div id=\"post-12108\" class=\"afg-list-item to-sort \">\n\t<div class=\"afg-list-item-content\">\n\t\t<h3>Le Tour\u00a0du\u00a0jour\u00a0en\u00a0quatre-vingts\u00a0mondes<\/h3>\n\t\t<p class=\"afg-metadata\">\n\t\t\t<span class=\"place\">CAPC Bordeaux, France<\/span>\t\t<span class=\"dates\">June 2022<\/span><\/p>\n\t<\/div>\n<\/div>\t\t\t\t\t<article id=\"post-11556\" class=\" to-sort \">\n\t\t<figure class=\"afg-post-item-content\">\n\t\t\t\t\t\t\t<a href=\"https:\/\/www.sarkis.fr\/en\/2022\/mon-atelier-depuis-19380-3\/\" title=\"Mon atelier depuis 19380\" data-modal-link=\"#modal-blog-block_62d7ca49184e9\" class=\"landscape\">\n\t\t\t\t\t<img loading=\"lazy\" decoding=\"async\" width=\"1400\" height=\"1050\" src=\"https:\/\/www.sarkis.fr\/wp-content\/uploads\/2022\/08\/2022.05-Mon-Atelier-depuis-19380-Mamco-Gene\u0300ve.webp\" class=\"attachment-full size-full\" alt=\"\" srcset=\"https:\/\/www.sarkis.fr\/wp-content\/uploads\/2022\/08\/2022.05-Mon-Atelier-depuis-19380-Mamco-Gene\u0300ve.webp 1400w, https:\/\/www.sarkis.fr\/wp-content\/uploads\/2022\/08\/2022.05-Mon-Atelier-depuis-19380-Mamco-Gene\u0300ve-300x225.webp 300w, https:\/\/www.sarkis.fr\/wp-content\/uploads\/2022\/08\/2022.05-Mon-Atelier-depuis-19380-Mamco-Gene\u0300ve-1030x773.webp 1030w, https:\/\/www.sarkis.fr\/wp-content\/uploads\/2022\/08\/2022.05-Mon-Atelier-depuis-19380-Mamco-Gene\u0300ve-768x576.webp 768w\" sizes=\"auto, (max-width: 1400px) 100vw, 1400px\" \/>\t\t\t\t<\/a>\n\t\t\t\t\t\t<figcaption>\n\t\t\t\t<h2>\n\t\t\t\t\t<a href=\"https:\/\/www.sarkis.fr\/en\/2022\/mon-atelier-depuis-19380-3\/\" title=\"Mon atelier depuis 19380\" data-modal-link=\"#modal-blog-block_62d7ca49184e9\">\n\t\t\t\t\t\tMon atelier depuis 19380\t\t\t\t\t<\/a>\n\t\t\t\t<\/h2>\n\t\t\t\t<p class=\"afg-metadata\">\n\t\t\t<span class=\"place\">MAMCO, Gen\u00e8ve<\/span>\t\t<span class=\"dates\">May 2022<\/span><\/p>\n\t\t\t\t\t\t\t<\/figcaption>\n\t\t<\/figure>\n<\/article>\t\t\t\t\t<article id=\"post-11548\" class=\" to-sort \">\n\t\t<figure class=\"afg-post-item-content\">\n\t\t\t\t\t\t\t<a href=\"https:\/\/www.sarkis.fr\/en\/2022\/les-ateliers-brules\/\" title=\"Les Ateliers br\u00fbl\u00e9s\" data-modal-link=\"#modal-blog-block_62d7ca49184e9\" class=\"portrait\">\n\t\t\t\t\t<img loading=\"lazy\" decoding=\"async\" width=\"667\" height=\"1000\" src=\"https:\/\/www.sarkis.fr\/wp-content\/uploads\/2022\/08\/2022.04-Base-sous-marine-CAPC-Bordeaux-Hypernuit.webp\" class=\"attachment-full size-full\" alt=\"\" srcset=\"https:\/\/www.sarkis.fr\/wp-content\/uploads\/2022\/08\/2022.04-Base-sous-marine-CAPC-Bordeaux-Hypernuit.webp 667w, https:\/\/www.sarkis.fr\/wp-content\/uploads\/2022\/08\/2022.04-Base-sous-marine-CAPC-Bordeaux-Hypernuit-200x300.webp 200w\" sizes=\"auto, (max-width: 667px) 100vw, 667px\" \/>\t\t\t\t<\/a>\n\t\t\t\t\t\t<figcaption>\n\t\t\t\t<h2>\n\t\t\t\t\t<a href=\"https:\/\/www.sarkis.fr\/en\/2022\/les-ateliers-brules\/\" title=\"Les Ateliers br\u00fbl\u00e9s\" data-modal-link=\"#modal-blog-block_62d7ca49184e9\">\n\t\t\t\t\t\tLes Ateliers br\u00fbl\u00e9s\t\t\t\t\t<\/a>\n\t\t\t\t<\/h2>\n\t\t\t\t<p class=\"afg-metadata\">\n\t\t\t<span class=\"place\">CAPC Bordeaux<\/span>\t\t<span class=\"dates\">14 Apr &#8211; 28 Aug 2022<\/span><\/p>\n\t<p class=\"afg-title-notes\">\n\t\tExposition Hypernuit\t<\/p>\t\n\t\t\t\t\t\t\t<\/figcaption>\n\t\t<\/figure>\n<\/article>\t\t\t\t\t<article id=\"post-11542\" class=\" to-sort \">\n\t\t<figure class=\"afg-post-item-content\">\n\t\t\t\t\t\t\t<a href=\"https:\/\/www.sarkis.fr\/en\/2022\/defile-du-siecle\/\" title=\"D\u00e9fil\u00e9 du si\u00e8cle\" data-modal-link=\"#modal-blog-block_62d7ca49184e9\" class=\"landscape\">\n\t\t\t\t\t<img loading=\"lazy\" decoding=\"async\" width=\"1400\" height=\"933\" src=\"https:\/\/www.sarkis.fr\/wp-content\/uploads\/2022\/08\/2022.04-Defile\u0301-du-Sie\u0300cle-Muse\u0301e-Energie-Silahtaraga-Istanbul.webp\" class=\"attachment-full size-full\" alt=\"\" srcset=\"https:\/\/www.sarkis.fr\/wp-content\/uploads\/2022\/08\/2022.04-Defile\u0301-du-Sie\u0300cle-Muse\u0301e-Energie-Silahtaraga-Istanbul.webp 1400w, https:\/\/www.sarkis.fr\/wp-content\/uploads\/2022\/08\/2022.04-Defile\u0301-du-Sie\u0300cle-Muse\u0301e-Energie-Silahtaraga-Istanbul-300x200.webp 300w, https:\/\/www.sarkis.fr\/wp-content\/uploads\/2022\/08\/2022.04-Defile\u0301-du-Sie\u0300cle-Muse\u0301e-Energie-Silahtaraga-Istanbul-1030x686.webp 1030w, https:\/\/www.sarkis.fr\/wp-content\/uploads\/2022\/08\/2022.04-Defile\u0301-du-Sie\u0300cle-Muse\u0301e-Energie-Silahtaraga-Istanbul-768x512.webp 768w\" sizes=\"auto, (max-width: 1400px) 100vw, 1400px\" \/>\t\t\t\t<\/a>\n\t\t\t\t\t\t<figcaption>\n\t\t\t\t<h2>\n\t\t\t\t\t<a href=\"https:\/\/www.sarkis.fr\/en\/2022\/defile-du-siecle\/\" title=\"D\u00e9fil\u00e9 du si\u00e8cle\" data-modal-link=\"#modal-blog-block_62d7ca49184e9\">\n\t\t\t\t\t\tD\u00e9fil\u00e9 du si\u00e8cle\t\t\t\t\t<\/a>\n\t\t\t\t<\/h2>\n\t\t\t\t<p class=\"afg-metadata\">\n\t\t\t<span class=\"place\">Mus\u00e9e Energie, Silahtaraga, Istanbul<\/span>\t\t<span class=\"dates\">April 2022<\/span><span class=\"solo\">Solo<\/span><\/p>\n\t\t\t\t\t\t\t\t<p class=\"afg-metadata\" style=\"opacity:.7;font-size:8pt;line-height:8pt;\">\n\t\t\t\t1 more image<\/p>\n\t\t\t\t\t\t\t<\/figcaption>\n\t\t<\/figure>\n<\/article>\t\t\t\t\t<div id=\"post-12102\" class=\"afg-list-item to-sort \">\n\t<div class=\"afg-list-item-content\">\n\t\t<h3>Apr\u00e8s Monet<\/h3>\n\t\t<p class=\"afg-metadata\">\n\t\t\t<span class=\"place\">MAT Ancenis<\/span>\t\t<span class=\"dates\">April 2022<\/span><\/p>\n\t<\/div>\n<\/div>\t\t\t\t\t<div id=\"post-12105\" class=\"afg-list-item to-sort \">\n\t<div class=\"afg-list-item-content\">\n\t\t<h3>D\u00e9fil\u00e9 du Si\u00e8cle en fluo<\/h3>\n\t\t<p class=\"afg-metadata\">\n\t\t\t<span class=\"place\">Mus\u00e9e d\u2019Energie Silahtaraga Istanbul<\/span>\t\t<span class=\"dates\">April 2022<\/span><span class=\"solo\">Solo<\/span><\/p>\n\t<\/div>\n<\/div>\t\t\t\t\t<div id=\"post-12099\" class=\"afg-list-item to-sort \">\n\t<div class=\"afg-list-item-content\">\n\t\t<h3>Locus Solus<\/h3>\n\t\t<p class=\"afg-metadata\">\n\t\t\t<span class=\"place\">Mus\u00e9e ARTER, Istanbul<\/span>\t\t<span class=\"dates\">31 Mar &#8211; 31 Dec 2022<\/span><\/p>\n\t<\/div>\n<\/div>\t\t\t\t\t<article id=\"post-11537\" class=\" to-sort \">\n\t\t<figure class=\"afg-post-item-content\">\n\t\t\t\t\t\t\t<a href=\"https:\/\/www.sarkis.fr\/en\/2022\/echafaudage-couleur-or\/\" title=\"\u00c9chafaudage couleur or\" data-modal-link=\"#modal-blog-block_62d7ca49184e9\" class=\"portrait\">\n\t\t\t\t\t<img loading=\"lazy\" decoding=\"async\" width=\"667\" height=\"1000\" src=\"https:\/\/www.sarkis.fr\/wp-content\/uploads\/2022\/08\/2022.03.25-27-Spark-Art-Fair-le\u0301chaffaudage-couleur-or.webp\" class=\"attachment-full size-full\" alt=\"\" srcset=\"https:\/\/www.sarkis.fr\/wp-content\/uploads\/2022\/08\/2022.03.25-27-Spark-Art-Fair-le\u0301chaffaudage-couleur-or.webp 667w, https:\/\/www.sarkis.fr\/wp-content\/uploads\/2022\/08\/2022.03.25-27-Spark-Art-Fair-le\u0301chaffaudage-couleur-or-200x300.webp 200w\" sizes=\"auto, (max-width: 667px) 100vw, 667px\" \/>\t\t\t\t<\/a>\n\t\t\t\t\t\t<figcaption>\n\t\t\t\t<h2>\n\t\t\t\t\t<a href=\"https:\/\/www.sarkis.fr\/en\/2022\/echafaudage-couleur-or\/\" title=\"\u00c9chafaudage couleur or\" data-modal-link=\"#modal-blog-block_62d7ca49184e9\">\n\t\t\t\t\t\t\u00c9chafaudage couleur or\t\t\t\t\t<\/a>\n\t\t\t\t<\/h2>\n\t\t\t\t<p class=\"afg-metadata\">\n\t\t\t<span class=\"place\">Spark Art Fair, Vienna<\/span>\t\t<span class=\"dates\">25 Mar &#8211; 27 Mar 2022<\/span><\/p>\n\t\t\t\t\t\t\t<\/figcaption>\n\t\t<\/figure>\n<\/article>\t\t\t\t\t<article id=\"post-11531\" class=\" to-sort \">\n\t\t<figure class=\"afg-post-item-content\">\n\t\t\t\t\t\t\t<a href=\"https:\/\/www.sarkis.fr\/en\/2022\/depot\/\" title=\"DEPOT\" data-modal-link=\"#modal-blog-block_62d7ca49184e9\" class=\"landscape\">\n\t\t\t\t\t<img loading=\"lazy\" decoding=\"async\" width=\"1400\" height=\"933\" src=\"https:\/\/www.sarkis.fr\/wp-content\/uploads\/2022\/08\/2022-Depot-BoijmansRotterdam-Vitrine-Sarkis.webp\" class=\"attachment-full size-full\" alt=\"\" srcset=\"https:\/\/www.sarkis.fr\/wp-content\/uploads\/2022\/08\/2022-Depot-BoijmansRotterdam-Vitrine-Sarkis.webp 1400w, https:\/\/www.sarkis.fr\/wp-content\/uploads\/2022\/08\/2022-Depot-BoijmansRotterdam-Vitrine-Sarkis-300x200.webp 300w, https:\/\/www.sarkis.fr\/wp-content\/uploads\/2022\/08\/2022-Depot-BoijmansRotterdam-Vitrine-Sarkis-1030x686.webp 1030w, https:\/\/www.sarkis.fr\/wp-content\/uploads\/2022\/08\/2022-Depot-BoijmansRotterdam-Vitrine-Sarkis-768x512.webp 768w\" sizes=\"auto, (max-width: 1400px) 100vw, 1400px\" \/>\t\t\t\t<\/a>\n\t\t\t\t\t\t<figcaption>\n\t\t\t\t<h2>\n\t\t\t\t\t<a href=\"https:\/\/www.sarkis.fr\/en\/2022\/depot\/\" title=\"DEPOT\" data-modal-link=\"#modal-blog-block_62d7ca49184e9\">\n\t\t\t\t\t\tDEPOT\t\t\t\t\t<\/a>\n\t\t\t\t<\/h2>\n\t\t\t\t<p class=\"afg-metadata\">\n\t\t\t<span class=\"place\">Vitrine, Museum Boijmans Van Beuningen, Rotterdam<\/span>\t\t<span class=\"dates\">January 2022<\/span><\/p>\n\t\t\t\t\t\t\t<\/figcaption>\n\t\t<\/figure>\n<\/article>\t\t\t\t\t<article id=\"post-11644\" class=\" to-sort \">\n\t\t<figure class=\"afg-post-item-content\">\n\t\t\t\t\t\t\t<a href=\"https:\/\/www.sarkis.fr\/en\/2022\/7-jours-7-nuits-2\/\" title=\"7 Jours 7 Nuits\" data-modal-link=\"#modal-blog-block_62d7ca49184e9\" class=\"landscape\">\n\t\t\t\t\t<img loading=\"lazy\" decoding=\"async\" width=\"2000\" height=\"1207\" src=\"https:\/\/www.sarkis.fr\/wp-content\/uploads\/2023\/04\/5-7-janvier-2022-_7-Jours-7-Nuits-Galerie-Obadia-Paris-1.webp\" class=\"attachment-full size-full\" alt=\"\" srcset=\"https:\/\/www.sarkis.fr\/wp-content\/uploads\/2023\/04\/5-7-janvier-2022-_7-Jours-7-Nuits-Galerie-Obadia-Paris-1.webp 2000w, https:\/\/www.sarkis.fr\/wp-content\/uploads\/2023\/04\/5-7-janvier-2022-_7-Jours-7-Nuits-Galerie-Obadia-Paris-1-300x181.webp 300w, https:\/\/www.sarkis.fr\/wp-content\/uploads\/2023\/04\/5-7-janvier-2022-_7-Jours-7-Nuits-Galerie-Obadia-Paris-1-1030x622.webp 1030w, https:\/\/www.sarkis.fr\/wp-content\/uploads\/2023\/04\/5-7-janvier-2022-_7-Jours-7-Nuits-Galerie-Obadia-Paris-1-768x463.webp 768w, https:\/\/www.sarkis.fr\/wp-content\/uploads\/2023\/04\/5-7-janvier-2022-_7-Jours-7-Nuits-Galerie-Obadia-Paris-1-1536x927.webp 1536w\" sizes=\"auto, (max-width: 2000px) 100vw, 2000px\" \/>\t\t\t\t<\/a>\n\t\t\t\t\t\t<figcaption>\n\t\t\t\t<h2>\n\t\t\t\t\t<a href=\"https:\/\/www.sarkis.fr\/en\/2022\/7-jours-7-nuits-2\/\" title=\"7 Jours 7 Nuits\" data-modal-link=\"#modal-blog-block_62d7ca49184e9\">\n\t\t\t\t\t\t7 Jours 7 Nuits\t\t\t\t\t<\/a>\n\t\t\t\t<\/h2>\n\t\t\t\t<p class=\"afg-metadata\">\n\t\t\t<span class=\"place\">Galerie Nathalie Obadia, Paris<\/span>\t\t<span class=\"dates\">5 Jan &#8211; 7 Jan 2022<\/span><span class=\"solo\">Solo<\/span><\/p>\n\t\t\t\t\t\t\t\t<p class=\"afg-metadata\" style=\"opacity:.7;font-size:8pt;line-height:8pt;\">\n\t\t\t\t2 more images<\/p>\n\t\t\t\t\t\t\t<\/figcaption>\n\t\t<\/figure>\n<\/article>\t\t\t\t\t\t\t\t\t\t\t\t<p class=\"timeline line to-sort\" id=\"section-2021\" data-year=\"2021\">2021<\/p>\n\t\t\t\t\t\t\t<div id=\"post-3293\" class=\"afg-list-item to-sort \">\n\t<div class=\"afg-list-item-content\">\n\t\t<h3>Au commencement la chaleur<\/h3>\n\t\t<p class=\"afg-metadata\">\n\t\t\t<span class=\"place\">Galerie Obadia, Paris<\/span>\t\t<span class=\"dates\">2 Nov &#8211; 4 Mar 2021<\/span><\/p>\n\t<\/div>\n<\/div>\t\t\t\t\t<div id=\"post-3260\" class=\"afg-list-item to-sort \">\n\t<div class=\"afg-list-item-content\">\n\t\t<h3>ICONS<\/h3>\n\t\t<p class=\"afg-metadata\">\n\t\t\t<span class=\"place\">Fondation Boghossian, Bruxelles<\/span>\t\t<span class=\"dates\">6 May &#8211; 24 Oct 2021<\/span><\/p>\n\t<\/div>\n<\/div>\t\t\t\t\t<div id=\"post-3261\" class=\"afg-list-item to-sort \">\n\t<div class=\"afg-list-item-content\">\n\t\t<h3>GR2021<\/h3>\n\t\t<p class=\"afg-metadata\">\n\t\t\t<span class=\"place\">Abbaye de Fontdouce<\/span>\t\t<span class=\"dates\">7 Apr &#8211; 31 May 2021<\/span><\/p>\n\t<\/div>\n<\/div>\t\t\t\t\t<div id=\"post-3262\" class=\"afg-list-item to-sort \">\n\t<div class=\"afg-list-item-content\">\n\t\t<h3>Inventaire<\/h3>\n\t\t<p class=\"afg-metadata\">\n\t\t\t<span class=\"place\">MAMCO, Gen\u00e8ve<\/span>\t\t<span class=\"dates\">March 2021<\/span><\/p>\n\t<\/div>\n<\/div>\t\t\t\t\t<div id=\"post-3294\" class=\"afg-list-item to-sort \">\n\t<div class=\"afg-list-item-content\">\n\t\t<h3>EX AFRICA<\/h3>\n\t\t<p class=\"afg-metadata\">\n\t\t\t<span class=\"place\">Muse\u0301e Quai Branly, Paris<\/span>\t\t<span class=\"dates\">11 Feb &#8211; 1 Jun 2021<\/span><\/p>\n\t<\/div>\n<\/div>\t\t\t\t\t<div id=\"post-3295\" class=\"afg-list-item to-sort \">\n\t<div class=\"afg-list-item-content\">\n\t\t<h3>ODORE<\/h3>\n\t\t<p class=\"afg-metadata\">\n\t\t\t<span class=\"place\">Galerie Pauline Pavec, Paris<\/span>\t\t<span class=\"dates\">13 Jan &#8211; 20 Feb 2021<\/span><\/p>\n\t<\/div>\n<\/div>\t\t\t\t\t\t\t\t\t\t\t\t<p class=\"timeline line to-sort\" id=\"section-2020\" data-year=\"2020\">2020<\/p>\n\t\t\t\t\t\t\t<article id=\"post-2860\" class=\" to-sort \">\n\t\t<figure class=\"afg-post-item-content\">\n\t\t\t\t\t\t\t<a href=\"https:\/\/www.sarkis.fr\/en\/2020\/le-mural-nomade\/\" title=\"Le Mural Nomade\" data-modal-link=\"#modal-blog-block_62d7ca49184e9\" class=\"landscape\">\n\t\t\t\t\t<img loading=\"lazy\" decoding=\"async\" width=\"1300\" height=\"1036\" src=\"https:\/\/www.sarkis.fr\/wp-content\/uploads\/2020\/11\/une-Ikona-185x193cm-le-mural-nomade-couvent-de-la-tourette-22.9.2020-1.jpg\" class=\"attachment-full size-full\" alt=\"\" srcset=\"https:\/\/www.sarkis.fr\/wp-content\/uploads\/2020\/11\/une-Ikona-185x193cm-le-mural-nomade-couvent-de-la-tourette-22.9.2020-1.jpg 1300w, https:\/\/www.sarkis.fr\/wp-content\/uploads\/2020\/11\/une-Ikona-185x193cm-le-mural-nomade-couvent-de-la-tourette-22.9.2020-1-300x239.jpg 300w, https:\/\/www.sarkis.fr\/wp-content\/uploads\/2020\/11\/une-Ikona-185x193cm-le-mural-nomade-couvent-de-la-tourette-22.9.2020-1-768x612.jpg 768w, https:\/\/www.sarkis.fr\/wp-content\/uploads\/2020\/11\/une-Ikona-185x193cm-le-mural-nomade-couvent-de-la-tourette-22.9.2020-1-1030x821.jpg 1030w, https:\/\/www.sarkis.fr\/wp-content\/uploads\/2020\/11\/une-Ikona-185x193cm-le-mural-nomade-couvent-de-la-tourette-22.9.2020-1-177x142.jpg 177w, https:\/\/www.sarkis.fr\/wp-content\/uploads\/2020\/11\/une-Ikona-185x193cm-le-mural-nomade-couvent-de-la-tourette-22.9.2020-1-200x159.jpg 200w, https:\/\/www.sarkis.fr\/wp-content\/uploads\/2020\/11\/une-Ikona-185x193cm-le-mural-nomade-couvent-de-la-tourette-22.9.2020-1-400x319.jpg 400w, https:\/\/www.sarkis.fr\/wp-content\/uploads\/2020\/11\/une-Ikona-185x193cm-le-mural-nomade-couvent-de-la-tourette-22.9.2020-1-600x478.jpg 600w, https:\/\/www.sarkis.fr\/wp-content\/uploads\/2020\/11\/une-Ikona-185x193cm-le-mural-nomade-couvent-de-la-tourette-22.9.2020-1-800x638.jpg 800w, https:\/\/www.sarkis.fr\/wp-content\/uploads\/2020\/11\/une-Ikona-185x193cm-le-mural-nomade-couvent-de-la-tourette-22.9.2020-1-1200x956.jpg 1200w\" sizes=\"auto, (max-width: 1300px) 100vw, 1300px\" \/>\t\t\t\t<\/a>\n\t\t\t\t\t\t<figcaption>\n\t\t\t\t<h2>\n\t\t\t\t\t<a href=\"https:\/\/www.sarkis.fr\/en\/2020\/le-mural-nomade\/\" title=\"Le Mural Nomade\" data-modal-link=\"#modal-blog-block_62d7ca49184e9\">\n\t\t\t\t\t\tLe Mural Nomade\t\t\t\t\t<\/a>\n\t\t\t\t<\/h2>\n\t\t\t\t<p class=\"afg-metadata\">\n\t\t\t<span class=\"place\">Couvent de la Tourette, Eveux<\/span>\t\t<span class=\"dates\">22 Sep &#8211; 20 Dec 2020<\/span><\/p>\n\t\t\t\t\t\t\t<\/figcaption>\n\t\t<\/figure>\n<\/article>\t\t\t\t\t<article id=\"post-2856\" class=\" to-sort \">\n\t\t<figure class=\"afg-post-item-content\">\n\t\t\t\t\t\t\t<a href=\"https:\/\/www.sarkis.fr\/en\/2020\/prismes-goethe\/\" title=\"Prismes-Goethe\" data-modal-link=\"#modal-blog-block_62d7ca49184e9\" class=\"landscape\">\n\t\t\t\t\t<img loading=\"lazy\" decoding=\"async\" width=\"1300\" height=\"869\" src=\"https:\/\/www.sarkis.fr\/wp-content\/uploads\/2020\/11\/prismes-goethe-CEAAC-AAE-octobre-2020-1.jpg\" class=\"attachment-full size-full\" alt=\"\" srcset=\"https:\/\/www.sarkis.fr\/wp-content\/uploads\/2020\/11\/prismes-goethe-CEAAC-AAE-octobre-2020-1.jpg 1300w, https:\/\/www.sarkis.fr\/wp-content\/uploads\/2020\/11\/prismes-goethe-CEAAC-AAE-octobre-2020-1-300x201.jpg 300w, https:\/\/www.sarkis.fr\/wp-content\/uploads\/2020\/11\/prismes-goethe-CEAAC-AAE-octobre-2020-1-768x513.jpg 768w, https:\/\/www.sarkis.fr\/wp-content\/uploads\/2020\/11\/prismes-goethe-CEAAC-AAE-octobre-2020-1-1030x689.jpg 1030w, https:\/\/www.sarkis.fr\/wp-content\/uploads\/2020\/11\/prismes-goethe-CEAAC-AAE-octobre-2020-1-200x134.jpg 200w, https:\/\/www.sarkis.fr\/wp-content\/uploads\/2020\/11\/prismes-goethe-CEAAC-AAE-octobre-2020-1-400x267.jpg 400w, https:\/\/www.sarkis.fr\/wp-content\/uploads\/2020\/11\/prismes-goethe-CEAAC-AAE-octobre-2020-1-600x401.jpg 600w, https:\/\/www.sarkis.fr\/wp-content\/uploads\/2020\/11\/prismes-goethe-CEAAC-AAE-octobre-2020-1-800x535.jpg 800w, https:\/\/www.sarkis.fr\/wp-content\/uploads\/2020\/11\/prismes-goethe-CEAAC-AAE-octobre-2020-1-1200x802.jpg 1200w\" sizes=\"auto, (max-width: 1300px) 100vw, 1300px\" \/>\t\t\t\t<\/a>\n\t\t\t\t\t\t<figcaption>\n\t\t\t\t<h2>\n\t\t\t\t\t<a href=\"https:\/\/www.sarkis.fr\/en\/2020\/prismes-goethe\/\" title=\"Prismes-Goethe\" data-modal-link=\"#modal-blog-block_62d7ca49184e9\">\n\t\t\t\t\t\tPrismes-Goethe\t\t\t\t\t<\/a>\n\t\t\t\t<\/h2>\n\t\t\t\t<p class=\"afg-metadata\">\n\t\t\t<span class=\"place\">CEAAC, Strasbourg<\/span>\t\t<span class=\"dates\">18 Sep &#8211; 22 Nov 2020<\/span><\/p>\n\t\t\t\t\t\t\t<\/figcaption>\n\t\t<\/figure>\n<\/article>\t\t\t\t\t<article id=\"post-2875\" class=\" to-sort \">\n\t\t<figure class=\"afg-post-item-content\">\n\t\t\t\t\t\t\t<a href=\"https:\/\/www.sarkis.fr\/en\/2020\/untitled\/\" title=\"UNTITLED\" data-modal-link=\"#modal-blog-block_62d7ca49184e9\" class=\"landscape\">\n\t\t\t\t\t<img loading=\"lazy\" decoding=\"async\" width=\"1300\" height=\"867\" src=\"https:\/\/www.sarkis.fr\/wp-content\/uploads\/2020\/11\/UNTITLED-galerie-dirimart-istanbul-9.2020.jpg\" class=\"attachment-full size-full\" alt=\"\" srcset=\"https:\/\/www.sarkis.fr\/wp-content\/uploads\/2020\/11\/UNTITLED-galerie-dirimart-istanbul-9.2020.jpg 1300w, https:\/\/www.sarkis.fr\/wp-content\/uploads\/2020\/11\/UNTITLED-galerie-dirimart-istanbul-9.2020-300x200.jpg 300w, https:\/\/www.sarkis.fr\/wp-content\/uploads\/2020\/11\/UNTITLED-galerie-dirimart-istanbul-9.2020-768x512.jpg 768w, https:\/\/www.sarkis.fr\/wp-content\/uploads\/2020\/11\/UNTITLED-galerie-dirimart-istanbul-9.2020-1030x687.jpg 1030w, https:\/\/www.sarkis.fr\/wp-content\/uploads\/2020\/11\/UNTITLED-galerie-dirimart-istanbul-9.2020-200x133.jpg 200w, https:\/\/www.sarkis.fr\/wp-content\/uploads\/2020\/11\/UNTITLED-galerie-dirimart-istanbul-9.2020-400x267.jpg 400w, https:\/\/www.sarkis.fr\/wp-content\/uploads\/2020\/11\/UNTITLED-galerie-dirimart-istanbul-9.2020-600x400.jpg 600w, https:\/\/www.sarkis.fr\/wp-content\/uploads\/2020\/11\/UNTITLED-galerie-dirimart-istanbul-9.2020-800x534.jpg 800w, https:\/\/www.sarkis.fr\/wp-content\/uploads\/2020\/11\/UNTITLED-galerie-dirimart-istanbul-9.2020-1200x800.jpg 1200w\" sizes=\"auto, (max-width: 1300px) 100vw, 1300px\" \/>\t\t\t\t<\/a>\n\t\t\t\t\t\t<figcaption>\n\t\t\t\t<h2>\n\t\t\t\t\t<a href=\"https:\/\/www.sarkis.fr\/en\/2020\/untitled\/\" title=\"UNTITLED\" data-modal-link=\"#modal-blog-block_62d7ca49184e9\">\n\t\t\t\t\t\tUNTITLED\t\t\t\t\t<\/a>\n\t\t\t\t<\/h2>\n\t\t\t\t<p class=\"afg-metadata\">\n\t\t\t<span class=\"place\">Galerie Dirimart, Istanbul<\/span>\t\t<span class=\"dates\">10 Sep &#8211; 10 Nov 2020<\/span><span class=\"solo\">Solo<\/span><\/p>\n\t\t\t\t\t\t\t<\/figcaption>\n\t\t<\/figure>\n<\/article>\t\t\t\t\t<article id=\"post-2850\" class=\" to-sort \">\n\t\t<figure class=\"afg-post-item-content\">\n\t\t\t\t\t\t\t<a href=\"https:\/\/www.sarkis.fr\/en\/2020\/le-sol-en-kintsugi\/\" title=\"Le sol en Kintsugi\" data-modal-link=\"#modal-blog-block_62d7ca49184e9\" class=\"landscape\">\n\t\t\t\t\t<img loading=\"lazy\" decoding=\"async\" width=\"1300\" height=\"867\" src=\"https:\/\/www.sarkis.fr\/wp-content\/uploads\/2020\/11\/sarkis-le-sol-en-kintsugi-eglise-saint-point-lac-7.2020.webp\" class=\"attachment-full size-full\" alt=\"\" srcset=\"https:\/\/www.sarkis.fr\/wp-content\/uploads\/2020\/11\/sarkis-le-sol-en-kintsugi-eglise-saint-point-lac-7.2020.webp 1300w, https:\/\/www.sarkis.fr\/wp-content\/uploads\/2020\/11\/sarkis-le-sol-en-kintsugi-eglise-saint-point-lac-7.2020-300x200.webp 300w, https:\/\/www.sarkis.fr\/wp-content\/uploads\/2020\/11\/sarkis-le-sol-en-kintsugi-eglise-saint-point-lac-7.2020-1030x687.webp 1030w, https:\/\/www.sarkis.fr\/wp-content\/uploads\/2020\/11\/sarkis-le-sol-en-kintsugi-eglise-saint-point-lac-7.2020-768x512.webp 768w\" sizes=\"auto, (max-width: 1300px) 100vw, 1300px\" \/>\t\t\t\t<\/a>\n\t\t\t\t\t\t<figcaption>\n\t\t\t\t<h2>\n\t\t\t\t\t<a href=\"https:\/\/www.sarkis.fr\/en\/2020\/le-sol-en-kintsugi\/\" title=\"Le sol en Kintsugi\" data-modal-link=\"#modal-blog-block_62d7ca49184e9\">\n\t\t\t\t\t\tLe sol en Kintsugi\t\t\t\t\t<\/a>\n\t\t\t\t<\/h2>\n\t\t\t\t<p class=\"afg-metadata\">\n\t\t\t<span class=\"place\">Art en chapelles, \u00c9glise Saint-Point-Lac<\/span>\t\t<span class=\"dates\">5 Jul &#8211; 23 Aug 2020<\/span><\/p>\n\t\t\t\t\t\t\t<\/figcaption>\n\t\t<\/figure>\n<\/article>\t\t\t\t\t<article id=\"post-2879\" class=\" to-sort \">\n\t\t<figure class=\"afg-post-item-content\">\n\t\t\t\t\t\t\t<a href=\"https:\/\/www.sarkis.fr\/en\/2020\/vermeer-cezanne-2\/\" title=\"Vermeer \u2013 C\u00e9zanne\" data-modal-link=\"#modal-blog-block_62d7ca49184e9\" class=\"landscape\">\n\t\t\t\t\t<img loading=\"lazy\" decoding=\"async\" width=\"1300\" height=\"975\" src=\"https:\/\/www.sarkis.fr\/wp-content\/uploads\/2020\/11\/vermeer-cezanne-MAMCO-geneve-juin-2020.jpg\" class=\"attachment-full size-full\" alt=\"\" srcset=\"https:\/\/www.sarkis.fr\/wp-content\/uploads\/2020\/11\/vermeer-cezanne-MAMCO-geneve-juin-2020.jpg 1300w, https:\/\/www.sarkis.fr\/wp-content\/uploads\/2020\/11\/vermeer-cezanne-MAMCO-geneve-juin-2020-300x225.jpg 300w, https:\/\/www.sarkis.fr\/wp-content\/uploads\/2020\/11\/vermeer-cezanne-MAMCO-geneve-juin-2020-768x576.jpg 768w, https:\/\/www.sarkis.fr\/wp-content\/uploads\/2020\/11\/vermeer-cezanne-MAMCO-geneve-juin-2020-1030x773.jpg 1030w, https:\/\/www.sarkis.fr\/wp-content\/uploads\/2020\/11\/vermeer-cezanne-MAMCO-geneve-juin-2020-200x150.jpg 200w, https:\/\/www.sarkis.fr\/wp-content\/uploads\/2020\/11\/vermeer-cezanne-MAMCO-geneve-juin-2020-400x300.jpg 400w, https:\/\/www.sarkis.fr\/wp-content\/uploads\/2020\/11\/vermeer-cezanne-MAMCO-geneve-juin-2020-600x450.jpg 600w, https:\/\/www.sarkis.fr\/wp-content\/uploads\/2020\/11\/vermeer-cezanne-MAMCO-geneve-juin-2020-800x600.jpg 800w, https:\/\/www.sarkis.fr\/wp-content\/uploads\/2020\/11\/vermeer-cezanne-MAMCO-geneve-juin-2020-1200x900.jpg 1200w\" sizes=\"auto, (max-width: 1300px) 100vw, 1300px\" \/>\t\t\t\t<\/a>\n\t\t\t\t\t\t<figcaption>\n\t\t\t\t<h2>\n\t\t\t\t\t<a href=\"https:\/\/www.sarkis.fr\/en\/2020\/vermeer-cezanne-2\/\" title=\"Vermeer \u2013 C\u00e9zanne\" data-modal-link=\"#modal-blog-block_62d7ca49184e9\">\n\t\t\t\t\t\tVermeer \u2013 C\u00e9zanne\t\t\t\t\t<\/a>\n\t\t\t\t<\/h2>\n\t\t\t\t<p class=\"afg-metadata\">\n\t\t\t<span class=\"place\">Mamco, Gen\u00e8ve<\/span>\t\t<span class=\"dates\">June 2020<\/span><\/p>\n\t\t\t\t\t\t\t<\/figcaption>\n\t\t<\/figure>\n<\/article>\t\t\t\t\t<div id=\"post-3296\" class=\"afg-list-item to-sort \">\n\t<div class=\"afg-list-item-content\">\n\t\t<h3>Still life<\/h3>\n\t\t<p class=\"afg-metadata\">\n\t\t\t<span class=\"place\">Galerie Dirimart, Istanbul<\/span>\t\t<span class=\"dates\">June 2020<\/span><\/p>\n\t<\/div>\n<\/div>\t\t\t\t\t<div id=\"post-3297\" class=\"afg-list-item to-sort \">\n\t<div class=\"afg-list-item-content\">\n\t\t<h3>Vermeer-C\u00e9zanne<\/h3>\n\t\t<p class=\"afg-metadata\">\n\t\t\t<span class=\"place\">Galerie Zaal, Delft<\/span>\t\t<span class=\"dates\">28 Mar &#8211; 3 May 2020<\/span><span class=\"solo\">Solo<\/span><\/p>\n\t<\/div>\n<\/div>\t\t\t\t\t\t\t\t\t\t\t\t<p class=\"timeline line to-sort\" id=\"section-2019\" data-year=\"2019\">2019<\/p>\n\t\t\t\t\t\t\t<div id=\"post-3298\" class=\"afg-list-item to-sort \">\n\t<div class=\"afg-list-item-content\">\n\t\t<h3>Litanies Le Mans Sonore<\/h3>\n\t\t<p class=\"afg-metadata\">\n\t\t\t<span class=\"place\">Clo\u00eftre de la Visitation, Le Mans<\/span>\t\t<span class=\"dates\">2 Dec &#8211; 8 Dec 2019<\/span><\/p>\n\t<\/div>\n<\/div>\t\t\t\t\t<div id=\"post-3299\" class=\"afg-list-item to-sort \">\n\t<div class=\"afg-list-item-content\">\n\t\t<h3>Mayakovski-Lisitski \u201cla source \u00e9claire\u201d<\/h3>\n\t\t<p class=\"afg-metadata\">\n\t\t\t<span class=\"place\">Riverrun, Istanbul<\/span>\t\t<span class=\"dates\">21 Nov 2019 &#8211; 11 Jan 2020<\/span><span class=\"solo\">Solo<\/span><\/p>\n\t<\/div>\n<\/div>\t\t\t\t\t<article id=\"post-2831\" class=\" to-sort \">\n\t\t<figure class=\"afg-post-item-content\">\n\t\t\t\t\t\t\t<a href=\"https:\/\/www.sarkis.fr\/en\/2019\/les-vitraux-mobiles-de-sarkis\/\" title=\"Les Vitraux Mobiles de Sarkis\" data-modal-link=\"#modal-blog-block_62d7ca49184e9\" class=\"landscape\">\n\t\t\t\t\t<img loading=\"lazy\" decoding=\"async\" width=\"1300\" height=\"583\" src=\"https:\/\/www.sarkis.fr\/wp-content\/uploads\/2019\/10\/2019.10.04-Les-Vitraux-mobiles-de-Sarkis-Gal.-Obadia.jpg\" class=\"attachment-full size-full\" alt=\"\" srcset=\"https:\/\/www.sarkis.fr\/wp-content\/uploads\/2019\/10\/2019.10.04-Les-Vitraux-mobiles-de-Sarkis-Gal.-Obadia.jpg 1300w, https:\/\/www.sarkis.fr\/wp-content\/uploads\/2019\/10\/2019.10.04-Les-Vitraux-mobiles-de-Sarkis-Gal.-Obadia-300x135.jpg 300w, https:\/\/www.sarkis.fr\/wp-content\/uploads\/2019\/10\/2019.10.04-Les-Vitraux-mobiles-de-Sarkis-Gal.-Obadia-768x344.jpg 768w, https:\/\/www.sarkis.fr\/wp-content\/uploads\/2019\/10\/2019.10.04-Les-Vitraux-mobiles-de-Sarkis-Gal.-Obadia-1030x462.jpg 1030w, https:\/\/www.sarkis.fr\/wp-content\/uploads\/2019\/10\/2019.10.04-Les-Vitraux-mobiles-de-Sarkis-Gal.-Obadia-200x90.jpg 200w, https:\/\/www.sarkis.fr\/wp-content\/uploads\/2019\/10\/2019.10.04-Les-Vitraux-mobiles-de-Sarkis-Gal.-Obadia-400x179.jpg 400w, https:\/\/www.sarkis.fr\/wp-content\/uploads\/2019\/10\/2019.10.04-Les-Vitraux-mobiles-de-Sarkis-Gal.-Obadia-600x269.jpg 600w, https:\/\/www.sarkis.fr\/wp-content\/uploads\/2019\/10\/2019.10.04-Les-Vitraux-mobiles-de-Sarkis-Gal.-Obadia-800x359.jpg 800w, https:\/\/www.sarkis.fr\/wp-content\/uploads\/2019\/10\/2019.10.04-Les-Vitraux-mobiles-de-Sarkis-Gal.-Obadia-1200x538.jpg 1200w\" sizes=\"auto, (max-width: 1300px) 100vw, 1300px\" \/>\t\t\t\t<\/a>\n\t\t\t\t\t\t<figcaption>\n\t\t\t\t<h2>\n\t\t\t\t\t<a href=\"https:\/\/www.sarkis.fr\/en\/2019\/les-vitraux-mobiles-de-sarkis\/\" title=\"Les Vitraux Mobiles de Sarkis\" data-modal-link=\"#modal-blog-block_62d7ca49184e9\">\n\t\t\t\t\t\tLes Vitraux Mobiles de Sarkis\t\t\t\t\t<\/a>\n\t\t\t\t<\/h2>\n\t\t\t\t<p class=\"afg-metadata\">\n\t\t\t<span class=\"place\">Galerie Nathalie Obadia, Paris<\/span>\t\t<span class=\"dates\">5 Oct &#8211; 21 Dec 2019<\/span><span class=\"solo\">Solo<\/span><\/p>\n\t\t\t\t\t\t\t<\/figcaption>\n\t\t<\/figure>\n<\/article>\t\t\t\t\t<article id=\"post-2825\" class=\" to-sort \">\n\t\t<figure class=\"afg-post-item-content\">\n\t\t\t\t\t\t\t<a href=\"https:\/\/www.sarkis.fr\/en\/2019\/les-abeilles-de-linvisible\/\" title=\"Les Abeilles de l&#8217;Invisible\" data-modal-link=\"#modal-blog-block_62d7ca49184e9\" class=\"landscape\">\n\t\t\t\t\t<img loading=\"lazy\" decoding=\"async\" width=\"1300\" height=\"865\" src=\"https:\/\/www.sarkis.fr\/wp-content\/uploads\/2019\/10\/2019.09.27-12_01_2020-Les-Abeilles-de-lInvisible-Muse\u0301e-des-Arts-Contemporans-au-Grand-Hornu-Belgique.webp\" class=\"attachment-full size-full\" alt=\"\" srcset=\"https:\/\/www.sarkis.fr\/wp-content\/uploads\/2019\/10\/2019.09.27-12_01_2020-Les-Abeilles-de-lInvisible-Muse\u0301e-des-Arts-Contemporans-au-Grand-Hornu-Belgique.webp 1300w, https:\/\/www.sarkis.fr\/wp-content\/uploads\/2019\/10\/2019.09.27-12_01_2020-Les-Abeilles-de-lInvisible-Muse\u0301e-des-Arts-Contemporans-au-Grand-Hornu-Belgique-300x200.webp 300w, https:\/\/www.sarkis.fr\/wp-content\/uploads\/2019\/10\/2019.09.27-12_01_2020-Les-Abeilles-de-lInvisible-Muse\u0301e-des-Arts-Contemporans-au-Grand-Hornu-Belgique-1030x685.webp 1030w, https:\/\/www.sarkis.fr\/wp-content\/uploads\/2019\/10\/2019.09.27-12_01_2020-Les-Abeilles-de-lInvisible-Muse\u0301e-des-Arts-Contemporans-au-Grand-Hornu-Belgique-768x511.webp 768w\" sizes=\"auto, (max-width: 1300px) 100vw, 1300px\" \/>\t\t\t\t<\/a>\n\t\t\t\t\t\t<figcaption>\n\t\t\t\t<h2>\n\t\t\t\t\t<a href=\"https:\/\/www.sarkis.fr\/en\/2019\/les-abeilles-de-linvisible\/\" title=\"Les Abeilles de l&#8217;Invisible\" data-modal-link=\"#modal-blog-block_62d7ca49184e9\">\n\t\t\t\t\t\tLes Abeilles de l&#8217;Invisible\t\t\t\t\t<\/a>\n\t\t\t\t<\/h2>\n\t\t\t\t<p class=\"afg-metadata\">\n\t\t\t<span class=\"place\">Muse\u0301e des Arts Contemporains, Grand-Hornu, Mons, Belgique<\/span>\t\t<span class=\"dates\">27 Sep 2019 &#8211; 12 Jan 2020<\/span><\/p>\n\t\t\t\t\t\t\t<\/figcaption>\n\t\t<\/figure>\n<\/article>\t\t\t\t\t<article id=\"post-2821\" class=\" to-sort \">\n\t\t<figure class=\"afg-post-item-content\">\n\t\t\t\t\t\t\t<a href=\"https:\/\/www.sarkis.fr\/en\/2019\/caylak-sokak\/\" title=\"Caylak Sokak\" data-modal-link=\"#modal-blog-block_62d7ca49184e9\" class=\"landscape\">\n\t\t\t\t\t<img loading=\"lazy\" decoding=\"async\" width=\"1300\" height=\"821\" src=\"https:\/\/www.sarkis.fr\/wp-content\/uploads\/2019\/10\/2019.09-Caylak-Sokak-1986-2019-Arter-Museum-Istanbul.jpg\" class=\"attachment-full size-full\" alt=\"\" srcset=\"https:\/\/www.sarkis.fr\/wp-content\/uploads\/2019\/10\/2019.09-Caylak-Sokak-1986-2019-Arter-Museum-Istanbul.jpg 1300w, https:\/\/www.sarkis.fr\/wp-content\/uploads\/2019\/10\/2019.09-Caylak-Sokak-1986-2019-Arter-Museum-Istanbul-300x189.jpg 300w, https:\/\/www.sarkis.fr\/wp-content\/uploads\/2019\/10\/2019.09-Caylak-Sokak-1986-2019-Arter-Museum-Istanbul-768x485.jpg 768w, https:\/\/www.sarkis.fr\/wp-content\/uploads\/2019\/10\/2019.09-Caylak-Sokak-1986-2019-Arter-Museum-Istanbul-1030x650.jpg 1030w, https:\/\/www.sarkis.fr\/wp-content\/uploads\/2019\/10\/2019.09-Caylak-Sokak-1986-2019-Arter-Museum-Istanbul-320x202.jpg 320w, https:\/\/www.sarkis.fr\/wp-content\/uploads\/2019\/10\/2019.09-Caylak-Sokak-1986-2019-Arter-Museum-Istanbul-700x441.jpg 700w, https:\/\/www.sarkis.fr\/wp-content\/uploads\/2019\/10\/2019.09-Caylak-Sokak-1986-2019-Arter-Museum-Istanbul-200x126.jpg 200w, https:\/\/www.sarkis.fr\/wp-content\/uploads\/2019\/10\/2019.09-Caylak-Sokak-1986-2019-Arter-Museum-Istanbul-400x253.jpg 400w, https:\/\/www.sarkis.fr\/wp-content\/uploads\/2019\/10\/2019.09-Caylak-Sokak-1986-2019-Arter-Museum-Istanbul-600x379.jpg 600w, https:\/\/www.sarkis.fr\/wp-content\/uploads\/2019\/10\/2019.09-Caylak-Sokak-1986-2019-Arter-Museum-Istanbul-800x505.jpg 800w, https:\/\/www.sarkis.fr\/wp-content\/uploads\/2019\/10\/2019.09-Caylak-Sokak-1986-2019-Arter-Museum-Istanbul-1200x758.jpg 1200w\" sizes=\"auto, (max-width: 1300px) 100vw, 1300px\" \/>\t\t\t\t<\/a>\n\t\t\t\t\t\t<figcaption>\n\t\t\t\t<h2>\n\t\t\t\t\t<a href=\"https:\/\/www.sarkis.fr\/en\/2019\/caylak-sokak\/\" title=\"Caylak Sokak\" data-modal-link=\"#modal-blog-block_62d7ca49184e9\">\n\t\t\t\t\t\tCaylak Sokak\t\t\t\t\t<\/a>\n\t\t\t\t<\/h2>\n\t\t\t\t<p class=\"afg-metadata\">\n\t\t\t<span class=\"place\">ARTER, Istanbul<\/span>\t\t<span class=\"dates\">9 Sep 2019<\/span><\/p>\n\t<p class=\"afg-title-notes\">\n\t\tOuverture du mus\u00e9e\t<\/p>\t\n\t\t\t\t\t\t\t<\/figcaption>\n\t\t<\/figure>\n<\/article>\t\t\t\t\t<div id=\"post-3300\" class=\"afg-list-item to-sort \">\n\t<div class=\"afg-list-item-content\">\n\t\t<h3>Ad Infinitum<\/h3>\n\t\t<p class=\"afg-metadata\">\n\t\t\t<span class=\"place\">Galerie Dirimart, Istanbul<\/span>\t\t<span class=\"dates\">9 Sep &#8211; 10 Oct 2019<\/span><\/p>\n\t<\/div>\n<\/div>\t\t\t\t\t<article id=\"post-2790\" class=\" to-sort \">\n\t\t<figure class=\"afg-post-item-content\">\n\t\t\t\t\t\t\t<a href=\"https:\/\/www.sarkis.fr\/en\/2019\/au-commencement-le-retable-dissenheim\/\" title=\"Au commencement le retable d\u2019Issenheim\" data-modal-link=\"#modal-blog-block_62d7ca49184e9\" class=\"landscape\">\n\t\t\t\t\t<img loading=\"lazy\" decoding=\"async\" width=\"1252\" height=\"833\" src=\"https:\/\/www.sarkis.fr\/wp-content\/uploads\/2019\/06\/artiste-contemporain-sarkis-au-commencement-le-retable-dissenheim-chapelle-de-la-visitation-thonon-les-bains-21.06-2.webp\" class=\"attachment-full size-full\" alt=\"\" srcset=\"https:\/\/www.sarkis.fr\/wp-content\/uploads\/2019\/06\/artiste-contemporain-sarkis-au-commencement-le-retable-dissenheim-chapelle-de-la-visitation-thonon-les-bains-21.06-2.webp 1252w, https:\/\/www.sarkis.fr\/wp-content\/uploads\/2019\/06\/artiste-contemporain-sarkis-au-commencement-le-retable-dissenheim-chapelle-de-la-visitation-thonon-les-bains-21.06-2-300x200.webp 300w, https:\/\/www.sarkis.fr\/wp-content\/uploads\/2019\/06\/artiste-contemporain-sarkis-au-commencement-le-retable-dissenheim-chapelle-de-la-visitation-thonon-les-bains-21.06-2-1030x685.webp 1030w, https:\/\/www.sarkis.fr\/wp-content\/uploads\/2019\/06\/artiste-contemporain-sarkis-au-commencement-le-retable-dissenheim-chapelle-de-la-visitation-thonon-les-bains-21.06-2-768x511.webp 768w\" sizes=\"auto, (max-width: 1252px) 100vw, 1252px\" \/>\t\t\t\t<\/a>\n\t\t\t\t\t\t<figcaption>\n\t\t\t\t<h2>\n\t\t\t\t\t<a href=\"https:\/\/www.sarkis.fr\/en\/2019\/au-commencement-le-retable-dissenheim\/\" title=\"Au commencement le retable d\u2019Issenheim\" data-modal-link=\"#modal-blog-block_62d7ca49184e9\">\n\t\t\t\t\t\tAu commencement le retable d\u2019Issenheim\t\t\t\t\t<\/a>\n\t\t\t\t<\/h2>\n\t\t\t\t<p class=\"afg-metadata\">\n\t\t\t<span class=\"place\">Chapelle de la Visitation, Thonon les Bains<\/span>\t\t<span class=\"dates\">21 Jun &#8211; 22 Sep 2019<\/span><span class=\"solo\">Solo<\/span><\/p>\n\t\t\t\t\t\t\t\t<p class=\"afg-metadata\" style=\"opacity:.7;font-size:8pt;line-height:8pt;\">\n\t\t\t\t2 more images<\/p>\n\t\t\t\t\t\t\t<\/figcaption>\n\t\t<\/figure>\n<\/article>\t\t\t\t\t<div id=\"post-3301\" class=\"afg-list-item to-sort \">\n\t<div class=\"afg-list-item-content\">\n\t\t<h3>Au Commencement le Retable d\u2019Isenheim<\/h3>\n\t\t<p class=\"afg-metadata\">\n\t\t\t<span class=\"place\">La Chapelle espace d\u2019Art Contemporain, Thonon les Bains<\/span>\t\t<span class=\"dates\">21 Jun &#8211; 22 Sep 2019<\/span><span class=\"solo\">Solo<\/span><\/p>\n\t<\/div>\n<\/div>\t\t\t\t\t<article id=\"post-2796\" class=\" to-sort \">\n\t\t<figure class=\"afg-post-item-content\">\n\t\t\t\t\t\t\t<a href=\"https:\/\/www.sarkis.fr\/en\/2019\/mon-atelier-depuis-19380-2\/\" title=\"Mon Atelier depuis 19380\" data-modal-link=\"#modal-blog-block_62d7ca49184e9\" class=\"landscape\">\n\t\t\t\t\t<img loading=\"lazy\" decoding=\"async\" width=\"1134\" height=\"850\" src=\"https:\/\/www.sarkis.fr\/wp-content\/uploads\/2019\/06\/artiste-contemporain-sarkis-mon-atelier-depuis-19380-mamco-geneve-28.04.webp\" class=\"attachment-full size-full\" alt=\"\" srcset=\"https:\/\/www.sarkis.fr\/wp-content\/uploads\/2019\/06\/artiste-contemporain-sarkis-mon-atelier-depuis-19380-mamco-geneve-28.04.webp 1134w, https:\/\/www.sarkis.fr\/wp-content\/uploads\/2019\/06\/artiste-contemporain-sarkis-mon-atelier-depuis-19380-mamco-geneve-28.04-300x225.webp 300w, https:\/\/www.sarkis.fr\/wp-content\/uploads\/2019\/06\/artiste-contemporain-sarkis-mon-atelier-depuis-19380-mamco-geneve-28.04-1030x772.webp 1030w, https:\/\/www.sarkis.fr\/wp-content\/uploads\/2019\/06\/artiste-contemporain-sarkis-mon-atelier-depuis-19380-mamco-geneve-28.04-768x576.webp 768w\" sizes=\"auto, (max-width: 1134px) 100vw, 1134px\" \/>\t\t\t\t<\/a>\n\t\t\t\t\t\t<figcaption>\n\t\t\t\t<h2>\n\t\t\t\t\t<a href=\"https:\/\/www.sarkis.fr\/en\/2019\/mon-atelier-depuis-19380-2\/\" title=\"Mon Atelier depuis 19380\" data-modal-link=\"#modal-blog-block_62d7ca49184e9\">\n\t\t\t\t\t\tMon Atelier depuis 19380\t\t\t\t\t<\/a>\n\t\t\t\t<\/h2>\n\t\t\t\t<p class=\"afg-metadata\">\n\t\t\t<span class=\"place\">MAMCO, Gen\u00e8ve<\/span>\t\t<span class=\"dates\">28 Apr 2019<\/span><\/p>\n\t\t\t\t\t\t\t\t<p class=\"afg-metadata\" style=\"opacity:.7;font-size:8pt;line-height:8pt;\">\n\t\t\t\t1 more image<\/p>\n\t\t\t\t\t\t\t<\/figcaption>\n\t\t<\/figure>\n<\/article>\t\t\t\t\t<article id=\"post-2802\" class=\" to-sort \">\n\t\t<figure class=\"afg-post-item-content\">\n\t\t\t\t\t\t\t<a href=\"https:\/\/www.sarkis.fr\/en\/2019\/hrant-dink-museum-of-memory\/\" title=\"Hrant Dink Museum of Memory\" data-modal-link=\"#modal-blog-block_62d7ca49184e9\" class=\"portrait\">\n\t\t\t\t\t<img loading=\"lazy\" decoding=\"async\" width=\"750\" height=\"1000\" src=\"https:\/\/www.sarkis.fr\/wp-content\/uploads\/2019\/06\/artiste-contemporain-sarkis-hrant-dink-memory-museum-istanbul-23.4.2019-1200x1599-copie.webp\" class=\"attachment-full size-full\" alt=\"\" srcset=\"https:\/\/www.sarkis.fr\/wp-content\/uploads\/2019\/06\/artiste-contemporain-sarkis-hrant-dink-memory-museum-istanbul-23.4.2019-1200x1599-copie.webp 750w, https:\/\/www.sarkis.fr\/wp-content\/uploads\/2019\/06\/artiste-contemporain-sarkis-hrant-dink-memory-museum-istanbul-23.4.2019-1200x1599-copie-225x300.webp 225w\" sizes=\"auto, (max-width: 750px) 100vw, 750px\" \/>\t\t\t\t<\/a>\n\t\t\t\t\t\t<figcaption>\n\t\t\t\t<h2>\n\t\t\t\t\t<a href=\"https:\/\/www.sarkis.fr\/en\/2019\/hrant-dink-museum-of-memory\/\" title=\"Hrant Dink Museum of Memory\" data-modal-link=\"#modal-blog-block_62d7ca49184e9\">\n\t\t\t\t\t\tHrant Dink Museum of Memory\t\t\t\t\t<\/a>\n\t\t\t\t<\/h2>\n\t\t\t\t<p class=\"afg-metadata\">\n\t\t\t<span class=\"place\">Istanbul<\/span>\t\t<span class=\"dates\">23 Apr 2019<\/span><\/p>\n\t\t\t\t\t\t\t<\/figcaption>\n\t\t<\/figure>\n<\/article>\t\t\t\t\t<div id=\"post-3302\" class=\"afg-list-item to-sort \">\n\t<div class=\"afg-list-item-content\">\n\t\t<h3>Shared Sacred Sites<\/h3>\n\t\t<p class=\"afg-metadata\">\n\t\t\t<span class=\"place\">DEPO, Istanbul<\/span>\t\t<span class=\"dates\">19 Apr &#8211; 14 Jul 2019<\/span><\/p>\n\t<\/div>\n<\/div>\t\t\t\t\t<article id=\"post-2758\" class=\" to-sort \">\n\t\t<figure class=\"afg-post-item-content\">\n\t\t\t\t\t\t\t<a href=\"https:\/\/www.sarkis.fr\/en\/2019\/inviting\/\" title=\"Inviting\" data-modal-link=\"#modal-blog-block_62d7ca49184e9\" class=\"landscape\">\n\t\t\t\t\t<img loading=\"lazy\" decoding=\"async\" width=\"1500\" height=\"1000\" src=\"https:\/\/www.sarkis.fr\/wp-content\/uploads\/2019\/04\/14-3-2019-inviting-museum-cricoteka-cracovie-1.jpg\" class=\"attachment-full size-full\" alt=\"\" srcset=\"https:\/\/www.sarkis.fr\/wp-content\/uploads\/2019\/04\/14-3-2019-inviting-museum-cricoteka-cracovie-1.jpg 1500w, https:\/\/www.sarkis.fr\/wp-content\/uploads\/2019\/04\/14-3-2019-inviting-museum-cricoteka-cracovie-1-300x200.jpg 300w, https:\/\/www.sarkis.fr\/wp-content\/uploads\/2019\/04\/14-3-2019-inviting-museum-cricoteka-cracovie-1-768x512.jpg 768w, https:\/\/www.sarkis.fr\/wp-content\/uploads\/2019\/04\/14-3-2019-inviting-museum-cricoteka-cracovie-1-1030x687.jpg 1030w, https:\/\/www.sarkis.fr\/wp-content\/uploads\/2019\/04\/14-3-2019-inviting-museum-cricoteka-cracovie-1-200x133.jpg 200w, https:\/\/www.sarkis.fr\/wp-content\/uploads\/2019\/04\/14-3-2019-inviting-museum-cricoteka-cracovie-1-400x267.jpg 400w, https:\/\/www.sarkis.fr\/wp-content\/uploads\/2019\/04\/14-3-2019-inviting-museum-cricoteka-cracovie-1-600x400.jpg 600w, https:\/\/www.sarkis.fr\/wp-content\/uploads\/2019\/04\/14-3-2019-inviting-museum-cricoteka-cracovie-1-800x533.jpg 800w, https:\/\/www.sarkis.fr\/wp-content\/uploads\/2019\/04\/14-3-2019-inviting-museum-cricoteka-cracovie-1-1200x800.jpg 1200w\" sizes=\"auto, (max-width: 1500px) 100vw, 1500px\" \/>\t\t\t\t<\/a>\n\t\t\t\t\t\t<figcaption>\n\t\t\t\t<h2>\n\t\t\t\t\t<a href=\"https:\/\/www.sarkis.fr\/en\/2019\/inviting\/\" title=\"Inviting\" data-modal-link=\"#modal-blog-block_62d7ca49184e9\">\n\t\t\t\t\t\tInviting\t\t\t\t\t<\/a>\n\t\t\t\t<\/h2>\n\t\t\t\t<p class=\"afg-metadata\">\n\t\t\t<span class=\"place\">Museum Cricoteka, Cracovie<\/span>\t\t<span class=\"dates\">15 Mar &#8211; 11 Aug 2019<\/span><\/p>\n\t\t\t\t\t\t\t<\/figcaption>\n\t\t<\/figure>\n<\/article>\t\t\t\t\t<div id=\"post-3303\" class=\"afg-list-item to-sort \">\n\t<div class=\"afg-list-item-content\">\n\t\t<h3>Va dans ta chambre<\/h3>\n\t\t<p class=\"afg-metadata\">\n\t\t\t<span class=\"place\">Espace Ecureuil, Toulouse<\/span>\t\t<span class=\"dates\">16 Jan &#8211; 27 Apr 2019<\/span><\/p>\n\t<\/div>\n<\/div>\t\t\t\t\t<div id=\"post-3304\" class=\"afg-list-item to-sort \">\n\t<div class=\"afg-list-item-content\">\n\t\t<h3>COME ON !<\/h3>\n\t\t<p class=\"afg-metadata\">\n\t\t\t<span class=\"place\">PlatoSanat Ayvansaray University, Istanbul<\/span>\t\t<span class=\"dates\">10 Jan &#8211; 23 Mar 2019<\/span><\/p>\n\t<\/div>\n<\/div>\t\t\t\t\t\t\t\t\t\t\t\t<p class=\"timeline line to-sort\" id=\"section-2018\" data-year=\"2018\">2018<\/p>\n\t\t\t\t\t\t\t<article id=\"post-2751\" class=\" to-sort \">\n\t\t<figure class=\"afg-post-item-content\">\n\t\t\t\t\t\t\t<a href=\"https:\/\/www.sarkis.fr\/en\/2018\/in-the-beginning-dazzling-night\/\" title=\"In the beginning dazzling night\" data-modal-link=\"#modal-blog-block_62d7ca49184e9\" class=\"landscape\">\n\t\t\t\t\t<img loading=\"lazy\" decoding=\"async\" width=\"1463\" height=\"852\" src=\"https:\/\/www.sarkis.fr\/wp-content\/uploads\/2019\/01\/sarkis-In-the-beginning-dazzling-night.jpg\" class=\"attachment-full size-full\" alt=\"\" srcset=\"https:\/\/www.sarkis.fr\/wp-content\/uploads\/2019\/01\/sarkis-In-the-beginning-dazzling-night.jpg 1463w, https:\/\/www.sarkis.fr\/wp-content\/uploads\/2019\/01\/sarkis-In-the-beginning-dazzling-night-300x175.jpg 300w, https:\/\/www.sarkis.fr\/wp-content\/uploads\/2019\/01\/sarkis-In-the-beginning-dazzling-night-768x447.jpg 768w, https:\/\/www.sarkis.fr\/wp-content\/uploads\/2019\/01\/sarkis-In-the-beginning-dazzling-night-1030x600.jpg 1030w, https:\/\/www.sarkis.fr\/wp-content\/uploads\/2019\/01\/sarkis-In-the-beginning-dazzling-night-200x116.jpg 200w, https:\/\/www.sarkis.fr\/wp-content\/uploads\/2019\/01\/sarkis-In-the-beginning-dazzling-night-400x233.jpg 400w, https:\/\/www.sarkis.fr\/wp-content\/uploads\/2019\/01\/sarkis-In-the-beginning-dazzling-night-600x349.jpg 600w, https:\/\/www.sarkis.fr\/wp-content\/uploads\/2019\/01\/sarkis-In-the-beginning-dazzling-night-800x466.jpg 800w, https:\/\/www.sarkis.fr\/wp-content\/uploads\/2019\/01\/sarkis-In-the-beginning-dazzling-night-1200x699.jpg 1200w\" sizes=\"auto, (max-width: 1463px) 100vw, 1463px\" \/>\t\t\t\t<\/a>\n\t\t\t\t\t\t<figcaption>\n\t\t\t\t<h2>\n\t\t\t\t\t<a href=\"https:\/\/www.sarkis.fr\/en\/2018\/in-the-beginning-dazzling-night\/\" title=\"In the beginning dazzling night\" data-modal-link=\"#modal-blog-block_62d7ca49184e9\">\n\t\t\t\t\t\tIn the beginning dazzling night\t\t\t\t\t<\/a>\n\t\t\t\t<\/h2>\n\t\t\t\t<p class=\"afg-metadata\">\n\t\t\t<span class=\"place\">Merdiven, Istanbul<\/span>\t\t<span class=\"dates\">21 Dec 2018 &#8211; 26 Jan 2019<\/span><\/p>\n\t<p class=\"afg-title-notes\">\n\t\tBerat Isik &amp; Sarkis\t<\/p>\t\n\t\t\t\t\t\t\t<\/figcaption>\n\t\t<\/figure>\n<\/article>\t\t\t\t\t<article id=\"post-2729\" class=\" to-sort \">\n\t\t<figure class=\"afg-post-item-content\">\n\t\t\t\t\t\t\t<a href=\"https:\/\/www.sarkis.fr\/en\/2018\/paradjanov-with-sarkis\/\" title=\"Paradjanov with Sarkis\" data-modal-link=\"#modal-blog-block_62d7ca49184e9\" class=\"landscape\">\n\t\t\t\t\t<img loading=\"lazy\" decoding=\"async\" width=\"1280\" height=\"354\" src=\"https:\/\/www.sarkis.fr\/wp-content\/uploads\/2018\/12\/birlesen.jpg\" class=\"attachment-full size-full\" alt=\"\" srcset=\"https:\/\/www.sarkis.fr\/wp-content\/uploads\/2018\/12\/birlesen.jpg 1280w, https:\/\/www.sarkis.fr\/wp-content\/uploads\/2018\/12\/birlesen-300x83.jpg 300w, https:\/\/www.sarkis.fr\/wp-content\/uploads\/2018\/12\/birlesen-768x212.jpg 768w, https:\/\/www.sarkis.fr\/wp-content\/uploads\/2018\/12\/birlesen-1030x285.jpg 1030w, https:\/\/www.sarkis.fr\/wp-content\/uploads\/2018\/12\/birlesen-200x55.jpg 200w, https:\/\/www.sarkis.fr\/wp-content\/uploads\/2018\/12\/birlesen-400x111.jpg 400w, https:\/\/www.sarkis.fr\/wp-content\/uploads\/2018\/12\/birlesen-600x166.jpg 600w, https:\/\/www.sarkis.fr\/wp-content\/uploads\/2018\/12\/birlesen-800x221.jpg 800w, https:\/\/www.sarkis.fr\/wp-content\/uploads\/2018\/12\/birlesen-1200x332.jpg 1200w\" sizes=\"auto, (max-width: 1280px) 100vw, 1280px\" \/>\t\t\t\t<\/a>\n\t\t\t\t\t\t<figcaption>\n\t\t\t\t<h2>\n\t\t\t\t\t<a href=\"https:\/\/www.sarkis.fr\/en\/2018\/paradjanov-with-sarkis\/\" title=\"Paradjanov with Sarkis\" data-modal-link=\"#modal-blog-block_62d7ca49184e9\">\n\t\t\t\t\t\tParadjanov with Sarkis\t\t\t\t\t<\/a>\n\t\t\t\t<\/h2>\n\t\t\t\t<p class=\"afg-metadata\">\n\t\t\t<span class=\"place\">Pera Museum, Istanbul<\/span>\t\t<span class=\"dates\">12 Dec 2018 &#8211; 12 Mar 2019<\/span><\/p>\n\t\t\t\t\t\t\t<\/figcaption>\n\t\t<\/figure>\n<\/article>\t\t\t\t\t<div id=\"post-3305\" class=\"afg-list-item to-sort \">\n\t<div class=\"afg-list-item-content\">\n\t\t<h3>L\u2019art du dessin<\/h3>\n\t\t<p class=\"afg-metadata\">\n\t\t\t<span class=\"place\">Mus\u00e9e des Beaux-Arts, Rouen<\/span>\t\t<span class=\"dates\">8 Nov 2018 &#8211; 11 Feb 2019<\/span><\/p>\n\t<\/div>\n<\/div>\t\t\t\t\t<div id=\"post-3306\" class=\"afg-list-item to-sort \">\n\t<div class=\"afg-list-item-content\">\n\t\t<h3>Persona Grata<\/h3>\n\t\t<p class=\"afg-metadata\">\n\t\t\t<span class=\"place\">Mus\u00e9e national de l\u2019histoire de l\u2019immigration, Paris<\/span>\t\t<span class=\"dates\">10 Oct 2018 &#8211; 18 Jan 2019<\/span><\/p>\n\t<\/div>\n<\/div>\t\t\t\t\t<article id=\"post-2708\" class=\" to-sort \">\n\t\t<figure class=\"afg-post-item-content\">\n\t\t\t\t\t\t\t<a href=\"https:\/\/www.sarkis.fr\/en\/2018\/mesure-de-la-lumiere\/\" title=\"Mesure de la Lumie\u0300re\" data-modal-link=\"#modal-blog-block_62d7ca49184e9\" class=\"landscape\">\n\t\t\t\t\t<img loading=\"lazy\" decoding=\"async\" width=\"1000\" height=\"826\" src=\"https:\/\/www.sarkis.fr\/wp-content\/uploads\/2018\/12\/mesure-de-la-lumiere.jpg\" class=\"attachment-full size-full\" alt=\"\" srcset=\"https:\/\/www.sarkis.fr\/wp-content\/uploads\/2018\/12\/mesure-de-la-lumiere.jpg 1000w, https:\/\/www.sarkis.fr\/wp-content\/uploads\/2018\/12\/mesure-de-la-lumiere-300x248.jpg 300w, https:\/\/www.sarkis.fr\/wp-content\/uploads\/2018\/12\/mesure-de-la-lumiere-768x634.jpg 768w, https:\/\/www.sarkis.fr\/wp-content\/uploads\/2018\/12\/mesure-de-la-lumiere-200x165.jpg 200w, https:\/\/www.sarkis.fr\/wp-content\/uploads\/2018\/12\/mesure-de-la-lumiere-400x330.jpg 400w, https:\/\/www.sarkis.fr\/wp-content\/uploads\/2018\/12\/mesure-de-la-lumiere-600x496.jpg 600w, https:\/\/www.sarkis.fr\/wp-content\/uploads\/2018\/12\/mesure-de-la-lumiere-800x661.jpg 800w\" sizes=\"auto, (max-width: 1000px) 100vw, 1000px\" \/>\t\t\t\t<\/a>\n\t\t\t\t\t\t<figcaption>\n\t\t\t\t<h2>\n\t\t\t\t\t<a href=\"https:\/\/www.sarkis.fr\/en\/2018\/mesure-de-la-lumiere\/\" title=\"Mesure de la Lumie\u0300re\" data-modal-link=\"#modal-blog-block_62d7ca49184e9\">\n\t\t\t\t\t\tMesure de la Lumie\u0300re\t\t\t\t\t<\/a>\n\t\t\t\t<\/h2>\n\t\t\t\t<p class=\"afg-metadata\">\n\t\t\t<span class=\"place\">Couvent des Jacobins, Toulouse<\/span>\t\t<span class=\"dates\">September 2018<\/span><\/p>\n\t\t\t\t\t\t\t<\/figcaption>\n\t\t<\/figure>\n<\/article>\t\t\t\t\t<article id=\"post-2694\" class=\" to-sort \">\n\t\t<figure class=\"afg-post-item-content\">\n\t\t\t\t\t\t\t<a href=\"https:\/\/www.sarkis.fr\/en\/2018\/silence\/\" title=\"Silence\" data-modal-link=\"#modal-blog-block_62d7ca49184e9\" class=\"landscape\">\n\t\t\t\t\t<img loading=\"lazy\" decoding=\"async\" width=\"1280\" height=\"854\" src=\"https:\/\/www.sarkis.fr\/wp-content\/uploads\/2018\/07\/2018-cappadox-anatolie-juin.jpg\" class=\"attachment-full size-full\" alt=\"\" srcset=\"https:\/\/www.sarkis.fr\/wp-content\/uploads\/2018\/07\/2018-cappadox-anatolie-juin.jpg 1280w, https:\/\/www.sarkis.fr\/wp-content\/uploads\/2018\/07\/2018-cappadox-anatolie-juin-300x200.jpg 300w, https:\/\/www.sarkis.fr\/wp-content\/uploads\/2018\/07\/2018-cappadox-anatolie-juin-768x512.jpg 768w, https:\/\/www.sarkis.fr\/wp-content\/uploads\/2018\/07\/2018-cappadox-anatolie-juin-1030x687.jpg 1030w, https:\/\/www.sarkis.fr\/wp-content\/uploads\/2018\/07\/2018-cappadox-anatolie-juin-200x133.jpg 200w, https:\/\/www.sarkis.fr\/wp-content\/uploads\/2018\/07\/2018-cappadox-anatolie-juin-400x267.jpg 400w, https:\/\/www.sarkis.fr\/wp-content\/uploads\/2018\/07\/2018-cappadox-anatolie-juin-600x400.jpg 600w, https:\/\/www.sarkis.fr\/wp-content\/uploads\/2018\/07\/2018-cappadox-anatolie-juin-800x534.jpg 800w, https:\/\/www.sarkis.fr\/wp-content\/uploads\/2018\/07\/2018-cappadox-anatolie-juin-1200x801.jpg 1200w\" sizes=\"auto, (max-width: 1280px) 100vw, 1280px\" \/>\t\t\t\t<\/a>\n\t\t\t\t\t\t<figcaption>\n\t\t\t\t<h2>\n\t\t\t\t\t<a href=\"https:\/\/www.sarkis.fr\/en\/2018\/silence\/\" title=\"Silence\" data-modal-link=\"#modal-blog-block_62d7ca49184e9\">\n\t\t\t\t\t\tSilence\t\t\t\t\t<\/a>\n\t\t\t\t<\/h2>\n\t\t\t\t<p class=\"afg-metadata\">\n\t\t\t<span class=\"place\">Festival Cappadox, Anatolie<\/span>\t\t<span class=\"dates\">14 Jun &#8211; 9 Jul 2018<\/span><\/p>\n\t\t\t\t\t\t\t\t<p class=\"afg-metadata\" style=\"opacity:.7;font-size:8pt;line-height:8pt;\">\n\t\t\t\t2 more images<\/p>\n\t\t\t\t\t\t\t<\/figcaption>\n\t\t<\/figure>\n<\/article>\t\t\t\t\t<article id=\"post-2676\" class=\" to-sort \">\n\t\t<figure class=\"afg-post-item-content\">\n\t\t\t\t\t\t\t<a href=\"https:\/\/www.sarkis.fr\/en\/2018\/les-vitraux-de-sarkis\/\" title=\"Les Vitraux de Sarkis\" data-modal-link=\"#modal-blog-block_62d7ca49184e9\" class=\"landscape\">\n\t\t\t\t\t<img loading=\"lazy\" decoding=\"async\" width=\"1276\" height=\"850\" src=\"https:\/\/www.sarkis.fr\/wp-content\/uploads\/2018\/07\/2018-06-les-vitraux-de-sarkis-les-pecheries-musee-de-fecamp-1.jpg\" class=\"attachment-full size-full\" alt=\"\" srcset=\"https:\/\/www.sarkis.fr\/wp-content\/uploads\/2018\/07\/2018-06-les-vitraux-de-sarkis-les-pecheries-musee-de-fecamp-1.jpg 1276w, https:\/\/www.sarkis.fr\/wp-content\/uploads\/2018\/07\/2018-06-les-vitraux-de-sarkis-les-pecheries-musee-de-fecamp-1-300x200.jpg 300w, https:\/\/www.sarkis.fr\/wp-content\/uploads\/2018\/07\/2018-06-les-vitraux-de-sarkis-les-pecheries-musee-de-fecamp-1-768x512.jpg 768w, https:\/\/www.sarkis.fr\/wp-content\/uploads\/2018\/07\/2018-06-les-vitraux-de-sarkis-les-pecheries-musee-de-fecamp-1-1030x686.jpg 1030w, https:\/\/www.sarkis.fr\/wp-content\/uploads\/2018\/07\/2018-06-les-vitraux-de-sarkis-les-pecheries-musee-de-fecamp-1-200x133.jpg 200w, https:\/\/www.sarkis.fr\/wp-content\/uploads\/2018\/07\/2018-06-les-vitraux-de-sarkis-les-pecheries-musee-de-fecamp-1-400x266.jpg 400w, https:\/\/www.sarkis.fr\/wp-content\/uploads\/2018\/07\/2018-06-les-vitraux-de-sarkis-les-pecheries-musee-de-fecamp-1-600x400.jpg 600w, https:\/\/www.sarkis.fr\/wp-content\/uploads\/2018\/07\/2018-06-les-vitraux-de-sarkis-les-pecheries-musee-de-fecamp-1-800x533.jpg 800w, https:\/\/www.sarkis.fr\/wp-content\/uploads\/2018\/07\/2018-06-les-vitraux-de-sarkis-les-pecheries-musee-de-fecamp-1-1200x799.jpg 1200w\" sizes=\"auto, (max-width: 1276px) 100vw, 1276px\" \/>\t\t\t\t<\/a>\n\t\t\t\t\t\t<figcaption>\n\t\t\t\t<h2>\n\t\t\t\t\t<a href=\"https:\/\/www.sarkis.fr\/en\/2018\/les-vitraux-de-sarkis\/\" title=\"Les Vitraux de Sarkis\" data-modal-link=\"#modal-blog-block_62d7ca49184e9\">\n\t\t\t\t\t\tLes Vitraux de Sarkis\t\t\t\t\t<\/a>\n\t\t\t\t<\/h2>\n\t\t\t\t<p class=\"afg-metadata\">\n\t\t\t<span class=\"place\">Les P\u00eacheries, Mus\u00e9e de F\u00e9camp<\/span>\t\t<span class=\"dates\">9 Jun &#8211; 12 Nov 2018<\/span><span class=\"solo\">Solo<\/span><\/p>\n\t\t\t\t\t\t\t<\/figcaption>\n\t\t<\/figure>\n<\/article>\t\t\t\t\t<div id=\"post-3307\" class=\"afg-list-item to-sort \">\n\t<div class=\"afg-list-item-content\">\n\t\t<h3>Le Rouge des villes et des f\u00f4rets<\/h3>\n\t\t<p class=\"afg-metadata\">\n\t\t\t<span class=\"place\">Chateau Dominique Saint Emillion<\/span>\t\t<span class=\"dates\">7 Jun &#8211; 26 Aug 2018<\/span><\/p>\n\t<\/div>\n<\/div>\t\t\t\t\t<article id=\"post-2706\" class=\" to-sort \">\n\t\t<figure class=\"afg-post-item-content\">\n\t\t\t\t\t\t\t<a href=\"https:\/\/www.sarkis.fr\/en\/2018\/large-meadow\/\" title=\"Large Meadow\" data-modal-link=\"#modal-blog-block_62d7ca49184e9\" class=\"landscape\">\n\t\t\t\t\t<img loading=\"lazy\" decoding=\"async\" width=\"1000\" height=\"667\" src=\"https:\/\/www.sarkis.fr\/wp-content\/uploads\/2018\/12\/large-meadow.jpg\" class=\"attachment-full size-full\" alt=\"\" srcset=\"https:\/\/www.sarkis.fr\/wp-content\/uploads\/2018\/12\/large-meadow.jpg 1000w, https:\/\/www.sarkis.fr\/wp-content\/uploads\/2018\/12\/large-meadow-300x200.jpg 300w, https:\/\/www.sarkis.fr\/wp-content\/uploads\/2018\/12\/large-meadow-768x512.jpg 768w, https:\/\/www.sarkis.fr\/wp-content\/uploads\/2018\/12\/large-meadow-200x133.jpg 200w, https:\/\/www.sarkis.fr\/wp-content\/uploads\/2018\/12\/large-meadow-400x267.jpg 400w, https:\/\/www.sarkis.fr\/wp-content\/uploads\/2018\/12\/large-meadow-600x400.jpg 600w, https:\/\/www.sarkis.fr\/wp-content\/uploads\/2018\/12\/large-meadow-800x534.jpg 800w\" sizes=\"auto, (max-width: 1000px) 100vw, 1000px\" \/>\t\t\t\t<\/a>\n\t\t\t\t\t\t<figcaption>\n\t\t\t\t<h2>\n\t\t\t\t\t<a href=\"https:\/\/www.sarkis.fr\/en\/2018\/large-meadow\/\" title=\"Large Meadow\" data-modal-link=\"#modal-blog-block_62d7ca49184e9\">\n\t\t\t\t\t\tLarge Meadow\t\t\t\t\t<\/a>\n\t\t\t\t<\/h2>\n\t\t\t\t<p class=\"afg-metadata\">\n\t\t\t<span class=\"place\">Riverrun, Istanbul<\/span>\t\t<span class=\"dates\">June 2018<\/span><\/p>\n\t\t\t\t\t\t\t<\/figcaption>\n\t\t<\/figure>\n<\/article>\t\t\t\t\t<article id=\"post-2672\" class=\" to-sort \">\n\t\t<figure class=\"afg-post-item-content\">\n\t\t\t\t\t\t\t<a href=\"https:\/\/www.sarkis.fr\/en\/2018\/punctum\/\" title=\"PUNCTUM\" data-modal-link=\"#modal-blog-block_62d7ca49184e9\" class=\"landscape\">\n\t\t\t\t\t<img loading=\"lazy\" decoding=\"async\" width=\"1276\" height=\"850\" src=\"https:\/\/www.sarkis.fr\/wp-content\/uploads\/2018\/07\/2018-05-punctum-galerie-mezzanin-geneve-.jpg\" class=\"attachment-full size-full\" alt=\"\" srcset=\"https:\/\/www.sarkis.fr\/wp-content\/uploads\/2018\/07\/2018-05-punctum-galerie-mezzanin-geneve-.jpg 1276w, https:\/\/www.sarkis.fr\/wp-content\/uploads\/2018\/07\/2018-05-punctum-galerie-mezzanin-geneve--300x200.jpg 300w, https:\/\/www.sarkis.fr\/wp-content\/uploads\/2018\/07\/2018-05-punctum-galerie-mezzanin-geneve--768x512.jpg 768w, https:\/\/www.sarkis.fr\/wp-content\/uploads\/2018\/07\/2018-05-punctum-galerie-mezzanin-geneve--1030x686.jpg 1030w, https:\/\/www.sarkis.fr\/wp-content\/uploads\/2018\/07\/2018-05-punctum-galerie-mezzanin-geneve--200x133.jpg 200w, https:\/\/www.sarkis.fr\/wp-content\/uploads\/2018\/07\/2018-05-punctum-galerie-mezzanin-geneve--400x266.jpg 400w, https:\/\/www.sarkis.fr\/wp-content\/uploads\/2018\/07\/2018-05-punctum-galerie-mezzanin-geneve--600x400.jpg 600w, https:\/\/www.sarkis.fr\/wp-content\/uploads\/2018\/07\/2018-05-punctum-galerie-mezzanin-geneve--800x533.jpg 800w, https:\/\/www.sarkis.fr\/wp-content\/uploads\/2018\/07\/2018-05-punctum-galerie-mezzanin-geneve--1200x799.jpg 1200w\" sizes=\"auto, (max-width: 1276px) 100vw, 1276px\" \/>\t\t\t\t<\/a>\n\t\t\t\t\t\t<figcaption>\n\t\t\t\t<h2>\n\t\t\t\t\t<a href=\"https:\/\/www.sarkis.fr\/en\/2018\/punctum\/\" title=\"PUNCTUM\" data-modal-link=\"#modal-blog-block_62d7ca49184e9\">\n\t\t\t\t\t\tPUNCTUM\t\t\t\t\t<\/a>\n\t\t\t\t<\/h2>\n\t\t\t\t<p class=\"afg-metadata\">\n\t\t\t<span class=\"place\">Galerie Mezzanin, Gen\u00e8ve<\/span>\t\t<span class=\"dates\">3 May &#8211; 30 Jun 2018<\/span><span class=\"solo\">Solo<\/span><\/p>\n\t\t\t\t\t\t\t<\/figcaption>\n\t\t<\/figure>\n<\/article>\t\t\t\t\t<div id=\"post-3308\" class=\"afg-list-item to-sort \">\n\t<div class=\"afg-list-item-content\">\n\t\t<h3>L\u2019aventure de la couleur<\/h3>\n\t\t<p class=\"afg-metadata\">\n\t\t\t<span class=\"place\">Centre Pompidou Metz<\/span>\t\t<span class=\"dates\">24 Feb &#8211; 22 Jul 2018<\/span><\/p>\n\t<\/div>\n<\/div>\t\t\t\t\t<article id=\"post-2668\" class=\" to-sort \">\n\t\t<figure class=\"afg-post-item-content\">\n\t\t\t\t\t\t\t<a href=\"https:\/\/www.sarkis.fr\/en\/2018\/la-culture-visuelle-de-lextreme-gauche-en-france-1968-1974-images-en-lutte\/\" title=\"La culture visuelle de l&#8217;extr\u00eame gauche en France 1968 -1974\" data-modal-link=\"#modal-blog-block_62d7ca49184e9\" class=\"landscape\">\n\t\t\t\t\t<img loading=\"lazy\" decoding=\"async\" width=\"1267\" height=\"850\" src=\"https:\/\/www.sarkis.fr\/wp-content\/uploads\/2018\/07\/2018-03-palais-des-beaux-arts-paris-images-en-lutte-la-culture-visuelle-de-l-extreme-gauche-en-france-1968-1974.jpg\" class=\"attachment-full size-full\" alt=\"\" srcset=\"https:\/\/www.sarkis.fr\/wp-content\/uploads\/2018\/07\/2018-03-palais-des-beaux-arts-paris-images-en-lutte-la-culture-visuelle-de-l-extreme-gauche-en-france-1968-1974.jpg 1267w, https:\/\/www.sarkis.fr\/wp-content\/uploads\/2018\/07\/2018-03-palais-des-beaux-arts-paris-images-en-lutte-la-culture-visuelle-de-l-extreme-gauche-en-france-1968-1974-300x201.jpg 300w, https:\/\/www.sarkis.fr\/wp-content\/uploads\/2018\/07\/2018-03-palais-des-beaux-arts-paris-images-en-lutte-la-culture-visuelle-de-l-extreme-gauche-en-france-1968-1974-768x515.jpg 768w, https:\/\/www.sarkis.fr\/wp-content\/uploads\/2018\/07\/2018-03-palais-des-beaux-arts-paris-images-en-lutte-la-culture-visuelle-de-l-extreme-gauche-en-france-1968-1974-1030x691.jpg 1030w, https:\/\/www.sarkis.fr\/wp-content\/uploads\/2018\/07\/2018-03-palais-des-beaux-arts-paris-images-en-lutte-la-culture-visuelle-de-l-extreme-gauche-en-france-1968-1974-200x134.jpg 200w, https:\/\/www.sarkis.fr\/wp-content\/uploads\/2018\/07\/2018-03-palais-des-beaux-arts-paris-images-en-lutte-la-culture-visuelle-de-l-extreme-gauche-en-france-1968-1974-400x268.jpg 400w, https:\/\/www.sarkis.fr\/wp-content\/uploads\/2018\/07\/2018-03-palais-des-beaux-arts-paris-images-en-lutte-la-culture-visuelle-de-l-extreme-gauche-en-france-1968-1974-600x403.jpg 600w, https:\/\/www.sarkis.fr\/wp-content\/uploads\/2018\/07\/2018-03-palais-des-beaux-arts-paris-images-en-lutte-la-culture-visuelle-de-l-extreme-gauche-en-france-1968-1974-800x537.jpg 800w, https:\/\/www.sarkis.fr\/wp-content\/uploads\/2018\/07\/2018-03-palais-des-beaux-arts-paris-images-en-lutte-la-culture-visuelle-de-l-extreme-gauche-en-france-1968-1974-1200x805.jpg 1200w\" sizes=\"auto, (max-width: 1267px) 100vw, 1267px\" \/>\t\t\t\t<\/a>\n\t\t\t\t\t\t<figcaption>\n\t\t\t\t<h2>\n\t\t\t\t\t<a href=\"https:\/\/www.sarkis.fr\/en\/2018\/la-culture-visuelle-de-lextreme-gauche-en-france-1968-1974-images-en-lutte\/\" title=\"La culture visuelle de l&#8217;extr\u00eame gauche en France 1968 -1974\" data-modal-link=\"#modal-blog-block_62d7ca49184e9\">\n\t\t\t\t\t\tLa culture visuelle de l&#8217;extr\u00eame gauche en France 1968 -1974\t\t\t\t\t<\/a>\n\t\t\t\t<\/h2>\n\t\t\t\t<p class=\"afg-metadata\">\n\t\t\t<span class=\"place\">Palais des Beaux-Arts, Paris<\/span>\t\t<span class=\"dates\">21 Feb &#8211; 20 May 2018<\/span><\/p>\n\t<p class=\"afg-title-notes\">\n\t\tExposition Images en lutte\t<\/p>\t\n\t\t\t\t\t\t\t<\/figcaption>\n\t\t<\/figure>\n<\/article>\t\t\t\t\t<article id=\"post-2660\" class=\" to-sort \">\n\t\t<figure class=\"afg-post-item-content\">\n\t\t\t\t\t\t\t<a href=\"https:\/\/www.sarkis.fr\/en\/2018\/interieurs-avec-eugene-leroy\/\" title=\"INTERIEURS (avec Eug\u00e8ne Leroy)\" data-modal-link=\"#modal-blog-block_62d7ca49184e9\" class=\"landscape\">\n\t\t\t\t\t<img loading=\"lazy\" decoding=\"async\" width=\"2011\" height=\"1071\" src=\"https:\/\/www.sarkis.fr\/wp-content\/uploads\/2018\/02\/INTERIEURS-avec-Eugene-Leroy.jpg\" class=\"attachment-full size-full\" alt=\"\" srcset=\"https:\/\/www.sarkis.fr\/wp-content\/uploads\/2018\/02\/INTERIEURS-avec-Eugene-Leroy.jpg 2011w, https:\/\/www.sarkis.fr\/wp-content\/uploads\/2018\/02\/INTERIEURS-avec-Eugene-Leroy-300x160.jpg 300w, https:\/\/www.sarkis.fr\/wp-content\/uploads\/2018\/02\/INTERIEURS-avec-Eugene-Leroy-768x409.jpg 768w, https:\/\/www.sarkis.fr\/wp-content\/uploads\/2018\/02\/INTERIEURS-avec-Eugene-Leroy-1030x549.jpg 1030w, https:\/\/www.sarkis.fr\/wp-content\/uploads\/2018\/02\/INTERIEURS-avec-Eugene-Leroy-200x107.jpg 200w, https:\/\/www.sarkis.fr\/wp-content\/uploads\/2018\/02\/INTERIEURS-avec-Eugene-Leroy-400x213.jpg 400w, https:\/\/www.sarkis.fr\/wp-content\/uploads\/2018\/02\/INTERIEURS-avec-Eugene-Leroy-600x320.jpg 600w, https:\/\/www.sarkis.fr\/wp-content\/uploads\/2018\/02\/INTERIEURS-avec-Eugene-Leroy-800x426.jpg 800w, https:\/\/www.sarkis.fr\/wp-content\/uploads\/2018\/02\/INTERIEURS-avec-Eugene-Leroy-1200x639.jpg 1200w\" sizes=\"auto, (max-width: 2011px) 100vw, 2011px\" \/>\t\t\t\t<\/a>\n\t\t\t\t\t\t<figcaption>\n\t\t\t\t<h2>\n\t\t\t\t\t<a href=\"https:\/\/www.sarkis.fr\/en\/2018\/interieurs-avec-eugene-leroy\/\" title=\"INTERIEURS (avec Eug\u00e8ne Leroy)\" data-modal-link=\"#modal-blog-block_62d7ca49184e9\">\n\t\t\t\t\t\tINTERIEURS (avec Eug\u00e8ne Leroy)\t\t\t\t\t<\/a>\n\t\t\t\t<\/h2>\n\t\t\t\t<p class=\"afg-metadata\">\n\t\t\t<span class=\"place\">Galerie Nathalie Obadia, Paris<\/span>\t\t<span class=\"dates\">12 Jan &#8211; 17 Mar 2018<\/span><\/p>\n\t\t\t\t\t\t\t<\/figcaption>\n\t\t<\/figure>\n<\/article>\t\t\t\t\t\t\t\t\t\t\t\t<p class=\"timeline line to-sort\" id=\"section-2017\" data-year=\"2017\">2017<\/p>\n\t\t\t\t\t\t\t<article id=\"post-2654\" class=\" to-sort \">\n\t\t<figure class=\"afg-post-item-content\">\n\t\t\t\t\t\t\t<a href=\"https:\/\/www.sarkis.fr\/en\/2017\/angel-rainbow\/\" title=\"Angel Rainbow\" data-modal-link=\"#modal-blog-block_62d7ca49184e9\" class=\"landscape\">\n\t\t\t\t\t<img loading=\"lazy\" decoding=\"async\" width=\"1500\" height=\"1000\" src=\"https:\/\/www.sarkis.fr\/wp-content\/uploads\/2018\/02\/2017.11-Angel-Rainbow-Zachetta-Varsovie.jpg\" class=\"attachment-full size-full\" alt=\"\" srcset=\"https:\/\/www.sarkis.fr\/wp-content\/uploads\/2018\/02\/2017.11-Angel-Rainbow-Zachetta-Varsovie.jpg 1500w, https:\/\/www.sarkis.fr\/wp-content\/uploads\/2018\/02\/2017.11-Angel-Rainbow-Zachetta-Varsovie-300x200.jpg 300w, https:\/\/www.sarkis.fr\/wp-content\/uploads\/2018\/02\/2017.11-Angel-Rainbow-Zachetta-Varsovie-768x512.jpg 768w, https:\/\/www.sarkis.fr\/wp-content\/uploads\/2018\/02\/2017.11-Angel-Rainbow-Zachetta-Varsovie-1030x687.jpg 1030w, https:\/\/www.sarkis.fr\/wp-content\/uploads\/2018\/02\/2017.11-Angel-Rainbow-Zachetta-Varsovie-200x133.jpg 200w, https:\/\/www.sarkis.fr\/wp-content\/uploads\/2018\/02\/2017.11-Angel-Rainbow-Zachetta-Varsovie-400x267.jpg 400w, https:\/\/www.sarkis.fr\/wp-content\/uploads\/2018\/02\/2017.11-Angel-Rainbow-Zachetta-Varsovie-600x400.jpg 600w, https:\/\/www.sarkis.fr\/wp-content\/uploads\/2018\/02\/2017.11-Angel-Rainbow-Zachetta-Varsovie-800x533.jpg 800w, https:\/\/www.sarkis.fr\/wp-content\/uploads\/2018\/02\/2017.11-Angel-Rainbow-Zachetta-Varsovie-1200x800.jpg 1200w\" sizes=\"auto, (max-width: 1500px) 100vw, 1500px\" \/>\t\t\t\t<\/a>\n\t\t\t\t\t\t<figcaption>\n\t\t\t\t<h2>\n\t\t\t\t\t<a href=\"https:\/\/www.sarkis.fr\/en\/2017\/angel-rainbow\/\" title=\"Angel Rainbow\" data-modal-link=\"#modal-blog-block_62d7ca49184e9\">\n\t\t\t\t\t\tAngel Rainbow\t\t\t\t\t<\/a>\n\t\t\t\t<\/h2>\n\t\t\t\t<p class=\"afg-metadata\">\n\t\t\t<span class=\"place\">Zachetta, Varsovie<\/span>\t\t<span class=\"dates\">27 Nov &#8211; 18 Feb 2017<\/span><span class=\"solo\">Solo<\/span><\/p>\n\t\t\t\t\t\t\t<\/figcaption>\n\t\t<\/figure>\n<\/article>\t\t\t\t\t<div id=\"post-3309\" class=\"afg-list-item to-sort \">\n\t<div class=\"afg-list-item-content\">\n\t\t<h3>CELEBRATIONS<\/h3>\n\t\t<p class=\"afg-metadata\">\n\t\t\t<span class=\"place\">New Zuid Anvers<\/span>\t\t<span class=\"dates\">17 Nov 2017<\/span><\/p>\n\t<\/div>\n<\/div>\t\t\t\t\t<article id=\"post-2648\" class=\" to-sort \">\n\t\t<figure class=\"afg-post-item-content\">\n\t\t\t\t\t\t\t<a href=\"https:\/\/www.sarkis.fr\/en\/2017\/mon-atelier-depuis-19380-suite\/\" title=\"Mon atelier depuis 19380 (suite)\" data-modal-link=\"#modal-blog-block_62d7ca49184e9\" class=\"landscape\">\n\t\t\t\t\t<img loading=\"lazy\" decoding=\"async\" width=\"1194\" height=\"785\" src=\"https:\/\/www.sarkis.fr\/wp-content\/uploads\/2018\/02\/2017.11-Mon-atelier-depuis-19380-Mamco-Geneve.jpg\" class=\"attachment-full size-full\" alt=\"\" srcset=\"https:\/\/www.sarkis.fr\/wp-content\/uploads\/2018\/02\/2017.11-Mon-atelier-depuis-19380-Mamco-Geneve.jpg 1194w, https:\/\/www.sarkis.fr\/wp-content\/uploads\/2018\/02\/2017.11-Mon-atelier-depuis-19380-Mamco-Geneve-300x197.jpg 300w, https:\/\/www.sarkis.fr\/wp-content\/uploads\/2018\/02\/2017.11-Mon-atelier-depuis-19380-Mamco-Geneve-768x505.jpg 768w, https:\/\/www.sarkis.fr\/wp-content\/uploads\/2018\/02\/2017.11-Mon-atelier-depuis-19380-Mamco-Geneve-1030x677.jpg 1030w, https:\/\/www.sarkis.fr\/wp-content\/uploads\/2018\/02\/2017.11-Mon-atelier-depuis-19380-Mamco-Geneve-200x131.jpg 200w, https:\/\/www.sarkis.fr\/wp-content\/uploads\/2018\/02\/2017.11-Mon-atelier-depuis-19380-Mamco-Geneve-400x263.jpg 400w, https:\/\/www.sarkis.fr\/wp-content\/uploads\/2018\/02\/2017.11-Mon-atelier-depuis-19380-Mamco-Geneve-600x394.jpg 600w, https:\/\/www.sarkis.fr\/wp-content\/uploads\/2018\/02\/2017.11-Mon-atelier-depuis-19380-Mamco-Geneve-800x526.jpg 800w\" sizes=\"auto, (max-width: 1194px) 100vw, 1194px\" \/>\t\t\t\t<\/a>\n\t\t\t\t\t\t<figcaption>\n\t\t\t\t<h2>\n\t\t\t\t\t<a href=\"https:\/\/www.sarkis.fr\/en\/2017\/mon-atelier-depuis-19380-suite\/\" title=\"Mon atelier depuis 19380 (suite)\" data-modal-link=\"#modal-blog-block_62d7ca49184e9\">\n\t\t\t\t\t\tMon atelier depuis 19380 (suite)\t\t\t\t\t<\/a>\n\t\t\t\t<\/h2>\n\t\t\t\t<p class=\"afg-metadata\">\n\t\t\t<span class=\"place\">MAMCO, Gen\u00e8ve<\/span>\t\t<span class=\"dates\">17 Nov 2017<\/span><\/p>\n\t\t\t\t\t\t\t<\/figcaption>\n\t\t<\/figure>\n<\/article>\t\t\t\t\t<article id=\"post-2651\" class=\" to-sort \">\n\t\t<figure class=\"afg-post-item-content\">\n\t\t\t\t\t\t\t<a href=\"https:\/\/www.sarkis.fr\/en\/2017\/performance\/\" title=\"PERFORMANCE  !\" data-modal-link=\"#modal-blog-block_62d7ca49184e9\" class=\"landscape\">\n\t\t\t\t\t<img loading=\"lazy\" decoding=\"async\" width=\"1276\" height=\"850\" src=\"https:\/\/www.sarkis.fr\/wp-content\/uploads\/2018\/02\/2017.10.-PERFORMANCE-Tripostal-Lille.jpg\" class=\"attachment-full size-full\" alt=\"\" srcset=\"https:\/\/www.sarkis.fr\/wp-content\/uploads\/2018\/02\/2017.10.-PERFORMANCE-Tripostal-Lille.jpg 1276w, https:\/\/www.sarkis.fr\/wp-content\/uploads\/2018\/02\/2017.10.-PERFORMANCE-Tripostal-Lille-300x200.jpg 300w, https:\/\/www.sarkis.fr\/wp-content\/uploads\/2018\/02\/2017.10.-PERFORMANCE-Tripostal-Lille-768x512.jpg 768w, https:\/\/www.sarkis.fr\/wp-content\/uploads\/2018\/02\/2017.10.-PERFORMANCE-Tripostal-Lille-1030x686.jpg 1030w, https:\/\/www.sarkis.fr\/wp-content\/uploads\/2018\/02\/2017.10.-PERFORMANCE-Tripostal-Lille-200x133.jpg 200w, https:\/\/www.sarkis.fr\/wp-content\/uploads\/2018\/02\/2017.10.-PERFORMANCE-Tripostal-Lille-400x266.jpg 400w, https:\/\/www.sarkis.fr\/wp-content\/uploads\/2018\/02\/2017.10.-PERFORMANCE-Tripostal-Lille-600x400.jpg 600w, https:\/\/www.sarkis.fr\/wp-content\/uploads\/2018\/02\/2017.10.-PERFORMANCE-Tripostal-Lille-800x533.jpg 800w, https:\/\/www.sarkis.fr\/wp-content\/uploads\/2018\/02\/2017.10.-PERFORMANCE-Tripostal-Lille-1200x799.jpg 1200w\" sizes=\"auto, (max-width: 1276px) 100vw, 1276px\" \/>\t\t\t\t<\/a>\n\t\t\t\t\t\t<figcaption>\n\t\t\t\t<h2>\n\t\t\t\t\t<a href=\"https:\/\/www.sarkis.fr\/en\/2017\/performance\/\" title=\"PERFORMANCE  !\" data-modal-link=\"#modal-blog-block_62d7ca49184e9\">\n\t\t\t\t\t\tPERFORMANCE  !\t\t\t\t\t<\/a>\n\t\t\t\t<\/h2>\n\t\t\t\t<p class=\"afg-metadata\">\n\t\t\t<span class=\"place\">Tripostal, Lille<\/span>\t\t<span class=\"dates\">6 Oct 2017 &#8211; 14 Jan 2018<\/span><\/p>\n\t\t\t\t\t\t\t<\/figcaption>\n\t\t<\/figure>\n<\/article>\t\t\t\t\t<article id=\"post-2657\" class=\" to-sort \">\n\t\t<figure class=\"afg-post-item-content\">\n\t\t\t\t\t\t\t<a href=\"https:\/\/www.sarkis.fr\/en\/2017\/yellow-punctum\/\" title=\"Yellow Punctum\" data-modal-link=\"#modal-blog-block_62d7ca49184e9\" class=\"landscape\">\n\t\t\t\t\t<img loading=\"lazy\" decoding=\"async\" width=\"1134\" height=\"850\" src=\"https:\/\/www.sarkis.fr\/wp-content\/uploads\/2018\/02\/Yellow-Punctum-19.9.2017-Riverrun-Bunker-Istanbul.jpg\" class=\"attachment-full size-full\" alt=\"\" srcset=\"https:\/\/www.sarkis.fr\/wp-content\/uploads\/2018\/02\/Yellow-Punctum-19.9.2017-Riverrun-Bunker-Istanbul.jpg 1134w, https:\/\/www.sarkis.fr\/wp-content\/uploads\/2018\/02\/Yellow-Punctum-19.9.2017-Riverrun-Bunker-Istanbul-300x225.jpg 300w, https:\/\/www.sarkis.fr\/wp-content\/uploads\/2018\/02\/Yellow-Punctum-19.9.2017-Riverrun-Bunker-Istanbul-768x576.jpg 768w, https:\/\/www.sarkis.fr\/wp-content\/uploads\/2018\/02\/Yellow-Punctum-19.9.2017-Riverrun-Bunker-Istanbul-1030x772.jpg 1030w, https:\/\/www.sarkis.fr\/wp-content\/uploads\/2018\/02\/Yellow-Punctum-19.9.2017-Riverrun-Bunker-Istanbul-200x150.jpg 200w, https:\/\/www.sarkis.fr\/wp-content\/uploads\/2018\/02\/Yellow-Punctum-19.9.2017-Riverrun-Bunker-Istanbul-400x300.jpg 400w, https:\/\/www.sarkis.fr\/wp-content\/uploads\/2018\/02\/Yellow-Punctum-19.9.2017-Riverrun-Bunker-Istanbul-600x450.jpg 600w, https:\/\/www.sarkis.fr\/wp-content\/uploads\/2018\/02\/Yellow-Punctum-19.9.2017-Riverrun-Bunker-Istanbul-800x600.jpg 800w\" sizes=\"auto, (max-width: 1134px) 100vw, 1134px\" \/>\t\t\t\t<\/a>\n\t\t\t\t\t\t<figcaption>\n\t\t\t\t<h2>\n\t\t\t\t\t<a href=\"https:\/\/www.sarkis.fr\/en\/2017\/yellow-punctum\/\" title=\"Yellow Punctum\" data-modal-link=\"#modal-blog-block_62d7ca49184e9\">\n\t\t\t\t\t\tYellow Punctum\t\t\t\t\t<\/a>\n\t\t\t\t<\/h2>\n\t\t\t\t<p class=\"afg-metadata\">\n\t\t\t<span class=\"place\">Riverrun, Bunker, Istanbul<\/span>\t\t<span class=\"dates\">17 Sep 2017<\/span><span class=\"solo\">Solo<\/span><\/p>\n\t\t\t\t\t\t\t<\/figcaption>\n\t\t<\/figure>\n<\/article>\t\t\t\t\t<div id=\"post-3310\" class=\"afg-list-item to-sort \">\n\t<div class=\"afg-list-item-content\">\n\t\t<h3>Gouaches 1963-64<\/h3>\n\t\t<p class=\"afg-metadata\">\n\t\t\t<span class=\"place\">Beirut Art Fair, Beyrouth<\/span>\t\t<span class=\"dates\">September 2017<\/span><\/p>\n\t<p class=\"afg-title-notes\">\n\t\tGouaches 1963-64\t<\/p>\t\n\t<\/div>\n<\/div>\t\t\t\t\t<article id=\"post-2617\" class=\" to-sort \">\n\t\t<figure class=\"afg-post-item-content\">\n\t\t\t\t\t\t\t<a href=\"https:\/\/www.sarkis.fr\/en\/2017\/mon-atelier-depuis-19380\/\" title=\"Mon Atelier depuis 19380\" data-modal-link=\"#modal-blog-block_62d7ca49184e9\" class=\"landscape\">\n\t\t\t\t\t<img loading=\"lazy\" decoding=\"async\" width=\"1500\" height=\"998\" src=\"https:\/\/www.sarkis.fr\/wp-content\/uploads\/2017\/06\/2017.04.11-MAMCO-Mon-Atelier-depuis-19380.jpg\" class=\"attachment-full size-full\" alt=\"\" srcset=\"https:\/\/www.sarkis.fr\/wp-content\/uploads\/2017\/06\/2017.04.11-MAMCO-Mon-Atelier-depuis-19380.jpg 1500w, https:\/\/www.sarkis.fr\/wp-content\/uploads\/2017\/06\/2017.04.11-MAMCO-Mon-Atelier-depuis-19380-300x200.jpg 300w, https:\/\/www.sarkis.fr\/wp-content\/uploads\/2017\/06\/2017.04.11-MAMCO-Mon-Atelier-depuis-19380-768x511.jpg 768w, https:\/\/www.sarkis.fr\/wp-content\/uploads\/2017\/06\/2017.04.11-MAMCO-Mon-Atelier-depuis-19380-1030x685.jpg 1030w, https:\/\/www.sarkis.fr\/wp-content\/uploads\/2017\/06\/2017.04.11-MAMCO-Mon-Atelier-depuis-19380-200x133.jpg 200w, https:\/\/www.sarkis.fr\/wp-content\/uploads\/2017\/06\/2017.04.11-MAMCO-Mon-Atelier-depuis-19380-400x266.jpg 400w, https:\/\/www.sarkis.fr\/wp-content\/uploads\/2017\/06\/2017.04.11-MAMCO-Mon-Atelier-depuis-19380-600x399.jpg 600w, https:\/\/www.sarkis.fr\/wp-content\/uploads\/2017\/06\/2017.04.11-MAMCO-Mon-Atelier-depuis-19380-800x532.jpg 800w, https:\/\/www.sarkis.fr\/wp-content\/uploads\/2017\/06\/2017.04.11-MAMCO-Mon-Atelier-depuis-19380-1200x798.jpg 1200w\" sizes=\"auto, (max-width: 1500px) 100vw, 1500px\" \/>\t\t\t\t<\/a>\n\t\t\t\t\t\t<figcaption>\n\t\t\t\t<h2>\n\t\t\t\t\t<a href=\"https:\/\/www.sarkis.fr\/en\/2017\/mon-atelier-depuis-19380\/\" title=\"Mon Atelier depuis 19380\" data-modal-link=\"#modal-blog-block_62d7ca49184e9\">\n\t\t\t\t\t\tMon Atelier depuis 19380\t\t\t\t\t<\/a>\n\t\t\t\t<\/h2>\n\t\t\t\t<p class=\"afg-metadata\">\n\t\t\t<span class=\"place\">MAMCO, Gen\u00e8ve<\/span>\t\t<span class=\"dates\">4 Apr 2017<\/span><\/p>\n\t\t\t\t\t\t\t<\/figcaption>\n\t\t<\/figure>\n<\/article>\t\t\t\t\t<article id=\"post-2614\" class=\" to-sort \">\n\t\t<figure class=\"afg-post-item-content\">\n\t\t\t\t\t\t\t<a href=\"https:\/\/www.sarkis.fr\/en\/2017\/100-cries-after-munch\/\" title=\"100 Cries after Munch\" data-modal-link=\"#modal-blog-block_62d7ca49184e9\" class=\"landscape\">\n\t\t\t\t\t<img loading=\"lazy\" decoding=\"async\" width=\"1500\" height=\"1131\" src=\"https:\/\/www.sarkis.fr\/wp-content\/uploads\/2017\/06\/2017.04.03-_100-Cries-after-Munch_-Galerie-de-Zaal-Delft-solo.jpg\" class=\"attachment-full size-full\" alt=\"\" srcset=\"https:\/\/www.sarkis.fr\/wp-content\/uploads\/2017\/06\/2017.04.03-_100-Cries-after-Munch_-Galerie-de-Zaal-Delft-solo.jpg 1500w, https:\/\/www.sarkis.fr\/wp-content\/uploads\/2017\/06\/2017.04.03-_100-Cries-after-Munch_-Galerie-de-Zaal-Delft-solo-300x226.jpg 300w, https:\/\/www.sarkis.fr\/wp-content\/uploads\/2017\/06\/2017.04.03-_100-Cries-after-Munch_-Galerie-de-Zaal-Delft-solo-768x579.jpg 768w, https:\/\/www.sarkis.fr\/wp-content\/uploads\/2017\/06\/2017.04.03-_100-Cries-after-Munch_-Galerie-de-Zaal-Delft-solo-1030x777.jpg 1030w, https:\/\/www.sarkis.fr\/wp-content\/uploads\/2017\/06\/2017.04.03-_100-Cries-after-Munch_-Galerie-de-Zaal-Delft-solo-200x151.jpg 200w, https:\/\/www.sarkis.fr\/wp-content\/uploads\/2017\/06\/2017.04.03-_100-Cries-after-Munch_-Galerie-de-Zaal-Delft-solo-400x302.jpg 400w, https:\/\/www.sarkis.fr\/wp-content\/uploads\/2017\/06\/2017.04.03-_100-Cries-after-Munch_-Galerie-de-Zaal-Delft-solo-600x452.jpg 600w, https:\/\/www.sarkis.fr\/wp-content\/uploads\/2017\/06\/2017.04.03-_100-Cries-after-Munch_-Galerie-de-Zaal-Delft-solo-800x603.jpg 800w, https:\/\/www.sarkis.fr\/wp-content\/uploads\/2017\/06\/2017.04.03-_100-Cries-after-Munch_-Galerie-de-Zaal-Delft-solo-1200x905.jpg 1200w\" sizes=\"auto, (max-width: 1500px) 100vw, 1500px\" \/>\t\t\t\t<\/a>\n\t\t\t\t\t\t<figcaption>\n\t\t\t\t<h2>\n\t\t\t\t\t<a href=\"https:\/\/www.sarkis.fr\/en\/2017\/100-cries-after-munch\/\" title=\"100 Cries after Munch\" data-modal-link=\"#modal-blog-block_62d7ca49184e9\">\n\t\t\t\t\t\t100 Cries after Munch\t\t\t\t\t<\/a>\n\t\t\t\t<\/h2>\n\t\t\t\t<p class=\"afg-metadata\">\n\t\t\t<span class=\"place\">Galerie Zaal, Delft<\/span>\t\t<span class=\"dates\">3 Apr 2017<\/span><span class=\"solo\">Solo<\/span><\/p>\n\t\t\t\t\t\t\t<\/figcaption>\n\t\t<\/figure>\n<\/article>\t\t\t\t\t<div id=\"post-3311\" class=\"afg-list-item to-sort \">\n\t<div class=\"afg-list-item-content\">\n\t\t<h3>Hong Kong Basel<\/h3>\n\t\t<p class=\"afg-metadata\">\n\t\t\t<span class=\"place\">Art Basel in Hong Kong<\/span>\t\t<span class=\"dates\">22 Mar 2017<\/span><\/p>\n\t<\/div>\n<\/div>\t\t\t\t\t<article id=\"post-2605\" class=\" to-sort \">\n\t\t<figure class=\"afg-post-item-content\">\n\t\t\t\t\t\t\t<a href=\"https:\/\/www.sarkis.fr\/en\/2017\/angel-rainbow-art-basel-hong-kong-galerie-dirimart\/\" title=\"Angel Rainbow\" data-modal-link=\"#modal-blog-block_62d7ca49184e9\" class=\"landscape\">\n\t\t\t\t\t<img loading=\"lazy\" decoding=\"async\" width=\"1500\" height=\"998\" src=\"https:\/\/www.sarkis.fr\/wp-content\/uploads\/2017\/03\/2017-03-Art-Basel-Hong-Kong-SIRT_DOS-179x276cm-.jpg\" class=\"attachment-full size-full\" alt=\"\" srcset=\"https:\/\/www.sarkis.fr\/wp-content\/uploads\/2017\/03\/2017-03-Art-Basel-Hong-Kong-SIRT_DOS-179x276cm-.jpg 1500w, https:\/\/www.sarkis.fr\/wp-content\/uploads\/2017\/03\/2017-03-Art-Basel-Hong-Kong-SIRT_DOS-179x276cm--300x200.jpg 300w, https:\/\/www.sarkis.fr\/wp-content\/uploads\/2017\/03\/2017-03-Art-Basel-Hong-Kong-SIRT_DOS-179x276cm--768x511.jpg 768w, https:\/\/www.sarkis.fr\/wp-content\/uploads\/2017\/03\/2017-03-Art-Basel-Hong-Kong-SIRT_DOS-179x276cm--1030x685.jpg 1030w, https:\/\/www.sarkis.fr\/wp-content\/uploads\/2017\/03\/2017-03-Art-Basel-Hong-Kong-SIRT_DOS-179x276cm--200x133.jpg 200w, https:\/\/www.sarkis.fr\/wp-content\/uploads\/2017\/03\/2017-03-Art-Basel-Hong-Kong-SIRT_DOS-179x276cm--400x266.jpg 400w, https:\/\/www.sarkis.fr\/wp-content\/uploads\/2017\/03\/2017-03-Art-Basel-Hong-Kong-SIRT_DOS-179x276cm--600x399.jpg 600w, https:\/\/www.sarkis.fr\/wp-content\/uploads\/2017\/03\/2017-03-Art-Basel-Hong-Kong-SIRT_DOS-179x276cm--800x532.jpg 800w, https:\/\/www.sarkis.fr\/wp-content\/uploads\/2017\/03\/2017-03-Art-Basel-Hong-Kong-SIRT_DOS-179x276cm--1200x798.jpg 1200w\" sizes=\"auto, (max-width: 1500px) 100vw, 1500px\" \/>\t\t\t\t<\/a>\n\t\t\t\t\t\t<figcaption>\n\t\t\t\t<h2>\n\t\t\t\t\t<a href=\"https:\/\/www.sarkis.fr\/en\/2017\/angel-rainbow-art-basel-hong-kong-galerie-dirimart\/\" title=\"Angel Rainbow\" data-modal-link=\"#modal-blog-block_62d7ca49184e9\">\n\t\t\t\t\t\tAngel Rainbow\t\t\t\t\t<\/a>\n\t\t\t\t<\/h2>\n\t\t\t\t<p class=\"afg-metadata\">\n\t\t\t<span class=\"place\">Galerie Dirimart, Art Basel in Hong Kong<\/span>\t\t<span class=\"dates\">21 Mar &#8211; 25 Mar 2017<\/span><\/p>\n\t\t\t\t\t\t\t<\/figcaption>\n\t\t<\/figure>\n<\/article>\t\t\t\t\t<article id=\"post-2563\" class=\" to-sort \">\n\t\t<figure class=\"afg-post-item-content\">\n\t\t\t\t\t\t\t<a href=\"https:\/\/www.sarkis.fr\/en\/2017\/mirror\/\" title=\"Mirror\" data-modal-link=\"#modal-blog-block_62d7ca49184e9\" class=\"landscape\">\n\t\t\t\t\t<img loading=\"lazy\" decoding=\"async\" width=\"1800\" height=\"485\" src=\"https:\/\/www.sarkis.fr\/wp-content\/uploads\/2016\/02\/Mirror-Dirimart-Galerie-Istanbul-17-01-2017_.jpg\" class=\"attachment-full size-full\" alt=\"\" srcset=\"https:\/\/www.sarkis.fr\/wp-content\/uploads\/2016\/02\/Mirror-Dirimart-Galerie-Istanbul-17-01-2017_.jpg 1800w, https:\/\/www.sarkis.fr\/wp-content\/uploads\/2016\/02\/Mirror-Dirimart-Galerie-Istanbul-17-01-2017_-300x81.jpg 300w, https:\/\/www.sarkis.fr\/wp-content\/uploads\/2016\/02\/Mirror-Dirimart-Galerie-Istanbul-17-01-2017_-768x207.jpg 768w, https:\/\/www.sarkis.fr\/wp-content\/uploads\/2016\/02\/Mirror-Dirimart-Galerie-Istanbul-17-01-2017_-1030x278.jpg 1030w, https:\/\/www.sarkis.fr\/wp-content\/uploads\/2016\/02\/Mirror-Dirimart-Galerie-Istanbul-17-01-2017_-200x54.jpg 200w, https:\/\/www.sarkis.fr\/wp-content\/uploads\/2016\/02\/Mirror-Dirimart-Galerie-Istanbul-17-01-2017_-400x108.jpg 400w, https:\/\/www.sarkis.fr\/wp-content\/uploads\/2016\/02\/Mirror-Dirimart-Galerie-Istanbul-17-01-2017_-600x162.jpg 600w, https:\/\/www.sarkis.fr\/wp-content\/uploads\/2016\/02\/Mirror-Dirimart-Galerie-Istanbul-17-01-2017_-800x216.jpg 800w, https:\/\/www.sarkis.fr\/wp-content\/uploads\/2016\/02\/Mirror-Dirimart-Galerie-Istanbul-17-01-2017_-1200x323.jpg 1200w\" sizes=\"auto, (max-width: 1800px) 100vw, 1800px\" \/>\t\t\t\t<\/a>\n\t\t\t\t\t\t<figcaption>\n\t\t\t\t<h2>\n\t\t\t\t\t<a href=\"https:\/\/www.sarkis.fr\/en\/2017\/mirror\/\" title=\"Mirror\" data-modal-link=\"#modal-blog-block_62d7ca49184e9\">\n\t\t\t\t\t\tMirror\t\t\t\t\t<\/a>\n\t\t\t\t<\/h2>\n\t\t\t\t<p class=\"afg-metadata\">\n\t\t\t<span class=\"place\">Galerie Dirimart, Dolapdere, Istanbul<\/span>\t\t<span class=\"dates\">17 Jan &#8211; 19 Feb 2017<\/span><span class=\"solo\">Solo<\/span><\/p>\n\t\t\t\t\t\t\t<\/figcaption>\n\t\t<\/figure>\n<\/article>\t\t\t\t\t\t\t\t\t\t\t\t<p class=\"timeline line to-sort\" id=\"section-2016\" data-year=\"2016\">2016<\/p>\n\t\t\t\t\t\t\t<div id=\"post-3312\" class=\"afg-list-item to-sort \">\n\t<div class=\"afg-list-item-content\">\n\t\t<h3>Art and Film<\/h3>\n\t\t<p class=\"afg-metadata\">\n\t\t\t<span class=\"place\">Caixa Forum Barcelone<\/span>\t\t<span class=\"dates\">16 Dec 2016 &#8211; 23 Mar 2017<\/span><\/p>\n\t<\/div>\n<\/div>\t\t\t\t\t<div id=\"post-3313\" class=\"afg-list-item to-sort \">\n\t<div class=\"afg-list-item-content\">\n\t\t<h3>Library for Memory and Eternity (twin)<\/h3>\n\t\t<p class=\"afg-metadata\">\n\t\t\t<span class=\"place\">Sarkis&amp;Norgunk, Ariel Sanat, Istanbul<\/span>\t\t<span class=\"dates\">24 Nov 2016 &#8211; 14 Jan 2017<\/span><\/p>\n\t<\/div>\n<\/div>\t\t\t\t\t<div id=\"post-3316\" class=\"afg-list-item to-sort \">\n\t<div class=\"afg-list-item-content\">\n\t\t<h3>INDICES D\u2019ORIENT<\/h3>\n\t\t<p class=\"afg-metadata\">\n\t\t\t<span class=\"place\">Muba, Tourcoing<\/span>\t\t<span class=\"dates\">8 Oct 2016 &#8211; 8 Jan 2017<\/span><\/p>\n\t<\/div>\n<\/div>\t\t\t\t\t<div id=\"post-3317\" class=\"afg-list-item to-sort \">\n\t<div class=\"afg-list-item-content\">\n\t\t<h3>THE RED GAZE<\/h3>\n\t\t<p class=\"afg-metadata\">\n\t\t\t<span class=\"place\">Zilberman Gallery, Berlin<\/span>\t\t<span class=\"dates\">8 Oct &#8211; 3 Dec 2016<\/span><\/p>\n\t<\/div>\n<\/div>\t\t\t\t\t<div id=\"post-3315\" class=\"afg-list-item to-sort \">\n\t<div class=\"afg-list-item-content\">\n\t\t<h3>What is not visible is not visible<\/h3>\n\t\t<p class=\"afg-metadata\">\n\t\t\t<span class=\"place\">Mus\u00e9e national de Singapour<\/span>\t\t<span class=\"dates\">6 Oct 2016 &#8211; 19 Feb 2017<\/span><\/p>\n\t<\/div>\n<\/div>\t\t\t\t\t<div id=\"post-3314\" class=\"afg-list-item to-sort \">\n\t<div class=\"afg-list-item-content\">\n\t\t<h3>L\u2019Atelier Aquarelle dans l\u2019Eau<\/h3>\n\t\t<p class=\"afg-metadata\">\n\t\t\t<span class=\"place\">Centre Culturel Gentilly<\/span>\t\t<span class=\"dates\">30 Sep &#8211; 14 Nov 2016<\/span><span class=\"solo\">Solo<\/span><\/p>\n\t<\/div>\n<\/div>\t\t\t\t\t<div id=\"post-3319\" class=\"afg-list-item to-sort \">\n\t<div class=\"afg-list-item-content\">\n\t\t<h3>L\u2019atelier d\u2019aquarelle dans l\u2019eau<\/h3>\n\t\t<p class=\"afg-metadata\">\n\t\t\t<span class=\"place\">Service Culturel, Gentilly<\/span>\t\t<span class=\"dates\">30 Sep &#8211; 12 Nov 2016<\/span><span class=\"solo\">Solo<\/span><\/p>\n\t<\/div>\n<\/div>\t\t\t\t\t<div id=\"post-3318\" class=\"afg-list-item to-sort \">\n\t<div class=\"afg-list-item-content\">\n\t\t<h3>DANS L\u2019ATELIER<\/h3>\n\t\t<p class=\"afg-metadata\">\n\t\t\t<span class=\"place\">Petit Palais, Paris<\/span>\t\t<span class=\"dates\">5 Apr &#8211; 17 Jul 2016<\/span><\/p>\n\t<\/div>\n<\/div>\t\t\t\t\t<article id=\"post-2548\" class=\" to-sort \">\n\t\t<figure class=\"afg-post-item-content\">\n\t\t\t\t\t\t\t<a href=\"https:\/\/www.sarkis.fr\/en\/2016\/les-revelations-de-sarkis-leffaceur\/\" title=\"Les r\u00e9v\u00e9lations de Sarkis l\u2019effaceur\" data-modal-link=\"#modal-blog-block_62d7ca49184e9\" class=\"landscape\">\n\t\t\t\t\t<img loading=\"lazy\" decoding=\"async\" width=\"1000\" height=\"666\" src=\"https:\/\/www.sarkis.fr\/wp-content\/uploads\/2016\/04\/2016.03.25-Les-Re\u0301ve\u0301lations-de-Sarkis-leffaceur-DOC-Paris.jpg\" class=\"attachment-full size-full\" alt=\"\" srcset=\"https:\/\/www.sarkis.fr\/wp-content\/uploads\/2016\/04\/2016.03.25-Les-Re\u0301ve\u0301lations-de-Sarkis-leffaceur-DOC-Paris.jpg 1000w, https:\/\/www.sarkis.fr\/wp-content\/uploads\/2016\/04\/2016.03.25-Les-Re\u0301ve\u0301lations-de-Sarkis-leffaceur-DOC-Paris-300x200.jpg 300w, https:\/\/www.sarkis.fr\/wp-content\/uploads\/2016\/04\/2016.03.25-Les-Re\u0301ve\u0301lations-de-Sarkis-leffaceur-DOC-Paris-768x511.jpg 768w\" sizes=\"auto, (max-width: 1000px) 100vw, 1000px\" \/>\t\t\t\t<\/a>\n\t\t\t\t\t\t<figcaption>\n\t\t\t\t<h2>\n\t\t\t\t\t<a href=\"https:\/\/www.sarkis.fr\/en\/2016\/les-revelations-de-sarkis-leffaceur\/\" title=\"Les r\u00e9v\u00e9lations de Sarkis l\u2019effaceur\" data-modal-link=\"#modal-blog-block_62d7ca49184e9\">\n\t\t\t\t\t\tLes r\u00e9v\u00e9lations de Sarkis l\u2019effaceur\t\t\t\t\t<\/a>\n\t\t\t\t<\/h2>\n\t\t\t\t<p class=\"afg-metadata\">\n\t\t\t<span class=\"place\">DOC, Paris<\/span>\t\t<span class=\"dates\">25 Mar &#8211; 10 Apr 2016<\/span><span class=\"solo\">Solo<\/span><\/p>\n\t\t\t\t\t\t\t<\/figcaption>\n\t\t<\/figure>\n<\/article>\t\t\t\t\t<article id=\"post-2539\" class=\" to-sort \">\n\t\t<figure class=\"afg-post-item-content\">\n\t\t\t\t\t\t\t<a href=\"https:\/\/www.sarkis.fr\/en\/2016\/carambolages\/\" title=\"CARAMBOLAGES\" data-modal-link=\"#modal-blog-block_62d7ca49184e9\" class=\"portrait\">\n\t\t\t\t\t<img loading=\"lazy\" decoding=\"async\" width=\"750\" height=\"1000\" src=\"https:\/\/www.sarkis.fr\/wp-content\/uploads\/2016\/04\/2016.03.03-07.04-Carambolages-Grand-Palais-Paris-.jpg\" class=\"attachment-full size-full\" alt=\"\" srcset=\"https:\/\/www.sarkis.fr\/wp-content\/uploads\/2016\/04\/2016.03.03-07.04-Carambolages-Grand-Palais-Paris-.jpg 750w, https:\/\/www.sarkis.fr\/wp-content\/uploads\/2016\/04\/2016.03.03-07.04-Carambolages-Grand-Palais-Paris--225x300.jpg 225w\" sizes=\"auto, (max-width: 750px) 100vw, 750px\" \/>\t\t\t\t<\/a>\n\t\t\t\t\t\t<figcaption>\n\t\t\t\t<h2>\n\t\t\t\t\t<a href=\"https:\/\/www.sarkis.fr\/en\/2016\/carambolages\/\" title=\"CARAMBOLAGES\" data-modal-link=\"#modal-blog-block_62d7ca49184e9\">\n\t\t\t\t\t\tCARAMBOLAGES\t\t\t\t\t<\/a>\n\t\t\t\t<\/h2>\n\t\t\t\t<p class=\"afg-metadata\">\n\t\t\t<span class=\"place\">Grand Palais, Paris<\/span>\t\t<span class=\"dates\">3 Mar &#8211; 7 Apr 2016<\/span><\/p>\n\t\t\t\t\t\t\t<\/figcaption>\n\t\t<\/figure>\n<\/article>\t\t\t\t\t<article id=\"post-2531\" class=\" to-sort \">\n\t\t<figure class=\"afg-post-item-content\">\n\t\t\t\t\t\t\t<a href=\"https:\/\/www.sarkis.fr\/en\/2016\/il-grido\/\" title=\"Il Grido\" data-modal-link=\"#modal-blog-block_62d7ca49184e9\" class=\"landscape\">\n\t\t\t\t\t<img loading=\"lazy\" decoding=\"async\" width=\"1000\" height=\"764\" src=\"https:\/\/www.sarkis.fr\/wp-content\/uploads\/2016\/02\/2016-IL-GRIDO-Galerie-Nathalie-Obadia-Bruxelles-On-the-Breaking-Bad-s-wallpaper-between-the-Cry-and-the-Masks-2015.jpg\" class=\"attachment-full size-full\" alt=\"\" srcset=\"https:\/\/www.sarkis.fr\/wp-content\/uploads\/2016\/02\/2016-IL-GRIDO-Galerie-Nathalie-Obadia-Bruxelles-On-the-Breaking-Bad-s-wallpaper-between-the-Cry-and-the-Masks-2015.jpg 1000w, https:\/\/www.sarkis.fr\/wp-content\/uploads\/2016\/02\/2016-IL-GRIDO-Galerie-Nathalie-Obadia-Bruxelles-On-the-Breaking-Bad-s-wallpaper-between-the-Cry-and-the-Masks-2015-300x229.jpg 300w, https:\/\/www.sarkis.fr\/wp-content\/uploads\/2016\/02\/2016-IL-GRIDO-Galerie-Nathalie-Obadia-Bruxelles-On-the-Breaking-Bad-s-wallpaper-between-the-Cry-and-the-Masks-2015-768x587.jpg 768w, https:\/\/www.sarkis.fr\/wp-content\/uploads\/2016\/02\/2016-IL-GRIDO-Galerie-Nathalie-Obadia-Bruxelles-On-the-Breaking-Bad-s-wallpaper-between-the-Cry-and-the-Masks-2015-180x138.jpg 180w\" sizes=\"auto, (max-width: 1000px) 100vw, 1000px\" \/>\t\t\t\t<\/a>\n\t\t\t\t\t\t<figcaption>\n\t\t\t\t<h2>\n\t\t\t\t\t<a href=\"https:\/\/www.sarkis.fr\/en\/2016\/il-grido\/\" title=\"Il Grido\" data-modal-link=\"#modal-blog-block_62d7ca49184e9\">\n\t\t\t\t\t\tIl Grido\t\t\t\t\t<\/a>\n\t\t\t\t<\/h2>\n\t\t\t\t<p class=\"afg-metadata\">\n\t\t\t<span class=\"place\">Galerie Nathalie Obadia, Bruxelles<\/span>\t\t<span class=\"dates\">3 Feb &#8211; 26 Mar 2016<\/span><span class=\"solo\">Solo<\/span><\/p>\n\t\t\t\t\t\t\t<\/figcaption>\n\t\t<\/figure>\n<\/article>\t\t\t\t\t<article id=\"post-2622\" class=\" to-sort \">\n\t\t<figure class=\"afg-post-item-content\">\n\t\t\t\t\t\t\t<a href=\"https:\/\/www.sarkis.fr\/en\/2016\/girouettes-paris-et-kunsthal-44-moen-denmark\/\" title=\"Girouettes\" data-modal-link=\"#modal-blog-block_62d7ca49184e9\" class=\"landscape\">\n\t\t\t\t\t<img loading=\"lazy\" decoding=\"async\" width=\"1500\" height=\"1035\" src=\"https:\/\/www.sarkis.fr\/wp-content\/uploads\/2017\/06\/2017-Girouette-19320-for-Henning-Christiansen-Moen-Denmark.jpg\" class=\"attachment-full size-full\" alt=\"\" srcset=\"https:\/\/www.sarkis.fr\/wp-content\/uploads\/2017\/06\/2017-Girouette-19320-for-Henning-Christiansen-Moen-Denmark.jpg 1500w, https:\/\/www.sarkis.fr\/wp-content\/uploads\/2017\/06\/2017-Girouette-19320-for-Henning-Christiansen-Moen-Denmark-300x207.jpg 300w, https:\/\/www.sarkis.fr\/wp-content\/uploads\/2017\/06\/2017-Girouette-19320-for-Henning-Christiansen-Moen-Denmark-768x530.jpg 768w, https:\/\/www.sarkis.fr\/wp-content\/uploads\/2017\/06\/2017-Girouette-19320-for-Henning-Christiansen-Moen-Denmark-1030x711.jpg 1030w, https:\/\/www.sarkis.fr\/wp-content\/uploads\/2017\/06\/2017-Girouette-19320-for-Henning-Christiansen-Moen-Denmark-200x138.jpg 200w, https:\/\/www.sarkis.fr\/wp-content\/uploads\/2017\/06\/2017-Girouette-19320-for-Henning-Christiansen-Moen-Denmark-400x276.jpg 400w, https:\/\/www.sarkis.fr\/wp-content\/uploads\/2017\/06\/2017-Girouette-19320-for-Henning-Christiansen-Moen-Denmark-600x414.jpg 600w, https:\/\/www.sarkis.fr\/wp-content\/uploads\/2017\/06\/2017-Girouette-19320-for-Henning-Christiansen-Moen-Denmark-800x552.jpg 800w, https:\/\/www.sarkis.fr\/wp-content\/uploads\/2017\/06\/2017-Girouette-19320-for-Henning-Christiansen-Moen-Denmark-1200x828.jpg 1200w\" sizes=\"auto, (max-width: 1500px) 100vw, 1500px\" \/>\t\t\t\t<\/a>\n\t\t\t\t\t\t<figcaption>\n\t\t\t\t<h2>\n\t\t\t\t\t<a href=\"https:\/\/www.sarkis.fr\/en\/2016\/girouettes-paris-et-kunsthal-44-moen-denmark\/\" title=\"Girouettes\" data-modal-link=\"#modal-blog-block_62d7ca49184e9\">\n\t\t\t\t\t\tGirouettes\t\t\t\t\t<\/a>\n\t\t\t\t<\/h2>\n\t\t\t\t<p class=\"afg-metadata\">\n\t\t\t<span class=\"place\">Paris &#8211; Kunsthal 44 M\u00f8en, Denmark<\/span>\t\t<span class=\"dates\">2016 &#8211; 2017<\/span><\/p>\n\t\t\t\t\t\t\t\t<p class=\"afg-metadata\" style=\"opacity:.7;font-size:8pt;line-height:8pt;\">\n\t\t\t\t1 more image<\/p>\n\t\t\t\t\t\t\t<\/figcaption>\n\t\t<\/figure>\n<\/article>\t\t\t\t\t\t\t\t\t\t\t\t<p class=\"timeline line to-sort\" id=\"section-2015\" data-year=\"2015\">2015<\/p>\n\t\t\t\t\t\t\t<article id=\"post-2526\" class=\" to-sort \">\n\t\t<figure class=\"afg-post-item-content\">\n\t\t\t\t\t\t\t<a href=\"https:\/\/www.sarkis.fr\/en\/2015\/istanbul-passion-joy-fury\/\" title=\"ISTANBUL PASSION JOY FURY\" data-modal-link=\"#modal-blog-block_62d7ca49184e9\" class=\"landscape\">\n\t\t\t\t\t<img loading=\"lazy\" decoding=\"async\" width=\"1000\" height=\"645\" src=\"https:\/\/www.sarkis.fr\/wp-content\/uploads\/2016\/02\/2015-12-Istanbul-Passion-Joy-Fury-MAXXI-Roma.jpg\" class=\"attachment-full size-full\" alt=\"\" srcset=\"https:\/\/www.sarkis.fr\/wp-content\/uploads\/2016\/02\/2015-12-Istanbul-Passion-Joy-Fury-MAXXI-Roma.jpg 1000w, https:\/\/www.sarkis.fr\/wp-content\/uploads\/2016\/02\/2015-12-Istanbul-Passion-Joy-Fury-MAXXI-Roma-300x194.jpg 300w, https:\/\/www.sarkis.fr\/wp-content\/uploads\/2016\/02\/2015-12-Istanbul-Passion-Joy-Fury-MAXXI-Roma-768x495.jpg 768w\" sizes=\"auto, (max-width: 1000px) 100vw, 1000px\" \/>\t\t\t\t<\/a>\n\t\t\t\t\t\t<figcaption>\n\t\t\t\t<h2>\n\t\t\t\t\t<a href=\"https:\/\/www.sarkis.fr\/en\/2015\/istanbul-passion-joy-fury\/\" title=\"ISTANBUL PASSION JOY FURY\" data-modal-link=\"#modal-blog-block_62d7ca49184e9\">\n\t\t\t\t\t\tISTANBUL PASSION JOY FURY\t\t\t\t\t<\/a>\n\t\t\t\t<\/h2>\n\t\t\t\t<p class=\"afg-metadata\">\n\t\t\t<span class=\"place\">MAXXI, Roma<\/span>\t\t<span class=\"dates\">11 Dec 2015 &#8211; 30 Apr 2016<\/span><\/p>\n\t\t\t\t\t\t\t<\/figcaption>\n\t\t<\/figure>\n<\/article>\t\t\t\t\t<article id=\"post-2521\" class=\" to-sort \">\n\t\t<figure class=\"afg-post-item-content\">\n\t\t\t\t\t\t\t<a href=\"https:\/\/www.sarkis.fr\/en\/2015\/atelier-daquarelle-dans-l-eau-la-sculpture\/\" title=\"Atelier d\u2019Aquarelle dans l\u2019Eau, la sculpture\" data-modal-link=\"#modal-blog-block_62d7ca49184e9\" class=\"landscape\">\n\t\t\t\t\t<img loading=\"lazy\" decoding=\"async\" width=\"1000\" height=\"667\" src=\"https:\/\/www.sarkis.fr\/wp-content\/uploads\/2016\/02\/2015-Atelier-d-Aquarelle-dans-l-eau-la-sculpture-FRAC-Alsace.jpg\" class=\"attachment-full size-full\" alt=\"\" srcset=\"https:\/\/www.sarkis.fr\/wp-content\/uploads\/2016\/02\/2015-Atelier-d-Aquarelle-dans-l-eau-la-sculpture-FRAC-Alsace.jpg 1000w, https:\/\/www.sarkis.fr\/wp-content\/uploads\/2016\/02\/2015-Atelier-d-Aquarelle-dans-l-eau-la-sculpture-FRAC-Alsace-300x200.jpg 300w, https:\/\/www.sarkis.fr\/wp-content\/uploads\/2016\/02\/2015-Atelier-d-Aquarelle-dans-l-eau-la-sculpture-FRAC-Alsace-768x512.jpg 768w\" sizes=\"auto, (max-width: 1000px) 100vw, 1000px\" \/>\t\t\t\t<\/a>\n\t\t\t\t\t\t<figcaption>\n\t\t\t\t<h2>\n\t\t\t\t\t<a href=\"https:\/\/www.sarkis.fr\/en\/2015\/atelier-daquarelle-dans-l-eau-la-sculpture\/\" title=\"Atelier d\u2019Aquarelle dans l\u2019Eau, la sculpture\" data-modal-link=\"#modal-blog-block_62d7ca49184e9\">\n\t\t\t\t\t\tAtelier d\u2019Aquarelle dans l\u2019Eau, la sculpture\t\t\t\t\t<\/a>\n\t\t\t\t<\/h2>\n\t\t\t\t<p class=\"afg-metadata\">\n\t\t\t<span class=\"place\">FRAC Alsace, S\u00e9lestat<\/span>\t\t<span class=\"dates\">December 2015 &#8211; January 2016<\/span><\/p>\n\t\t\t\t\t\t\t<\/figcaption>\n\t\t<\/figure>\n<\/article>\t\t\t\t\t<article id=\"post-2507\" class=\" to-sort \">\n\t\t<figure class=\"afg-post-item-content\">\n\t\t\t\t\t\t\t<a href=\"https:\/\/www.sarkis.fr\/en\/2015\/mon-atelier-19380\/\" title=\"Mon Atelier 19380\" data-modal-link=\"#modal-blog-block_62d7ca49184e9\" class=\"landscape\">\n\t\t\t\t\t<img loading=\"lazy\" decoding=\"async\" width=\"1000\" height=\"666\" src=\"https:\/\/www.sarkis.fr\/wp-content\/uploads\/2016\/02\/2015-11-Mon-Atelier-19380-Mamco-Geneve-1.jpg\" class=\"attachment-full size-full\" alt=\"\" srcset=\"https:\/\/www.sarkis.fr\/wp-content\/uploads\/2016\/02\/2015-11-Mon-Atelier-19380-Mamco-Geneve-1.jpg 1000w, https:\/\/www.sarkis.fr\/wp-content\/uploads\/2016\/02\/2015-11-Mon-Atelier-19380-Mamco-Geneve-1-300x200.jpg 300w, https:\/\/www.sarkis.fr\/wp-content\/uploads\/2016\/02\/2015-11-Mon-Atelier-19380-Mamco-Geneve-1-768x511.jpg 768w\" sizes=\"auto, (max-width: 1000px) 100vw, 1000px\" \/>\t\t\t\t<\/a>\n\t\t\t\t\t\t<figcaption>\n\t\t\t\t<h2>\n\t\t\t\t\t<a href=\"https:\/\/www.sarkis.fr\/en\/2015\/mon-atelier-19380\/\" title=\"Mon Atelier 19380\" data-modal-link=\"#modal-blog-block_62d7ca49184e9\">\n\t\t\t\t\t\tMon Atelier 19380\t\t\t\t\t<\/a>\n\t\t\t\t<\/h2>\n\t\t\t\t<p class=\"afg-metadata\">\n\t\t\t<span class=\"place\">MAMCO, Gen\u00e8ve<\/span>\t\t<span class=\"dates\">November 2015<\/span><\/p>\n\t\t\t\t\t\t\t<\/figcaption>\n\t\t<\/figure>\n<\/article>\t\t\t\t\t<article id=\"post-2502\" class=\" to-sort \">\n\t\t<figure class=\"afg-post-item-content\">\n\t\t\t\t\t\t\t<a href=\"https:\/\/www.sarkis.fr\/en\/2015\/frieze-master\/\" title=\"Frieze Masters\" data-modal-link=\"#modal-blog-block_62d7ca49184e9\" class=\"landscape\">\n\t\t\t\t\t<img loading=\"lazy\" decoding=\"async\" width=\"1000\" height=\"493\" src=\"https:\/\/www.sarkis.fr\/wp-content\/uploads\/2016\/02\/2015-10-Master-Frieze-Oeuvres-des-annees-1970.jpg\" class=\"attachment-full size-full\" alt=\"\" srcset=\"https:\/\/www.sarkis.fr\/wp-content\/uploads\/2016\/02\/2015-10-Master-Frieze-Oeuvres-des-annees-1970.jpg 1000w, https:\/\/www.sarkis.fr\/wp-content\/uploads\/2016\/02\/2015-10-Master-Frieze-Oeuvres-des-annees-1970-300x148.jpg 300w, https:\/\/www.sarkis.fr\/wp-content\/uploads\/2016\/02\/2015-10-Master-Frieze-Oeuvres-des-annees-1970-768x379.jpg 768w\" sizes=\"auto, (max-width: 1000px) 100vw, 1000px\" \/>\t\t\t\t<\/a>\n\t\t\t\t\t\t<figcaption>\n\t\t\t\t<h2>\n\t\t\t\t\t<a href=\"https:\/\/www.sarkis.fr\/en\/2015\/frieze-master\/\" title=\"Frieze Masters\" data-modal-link=\"#modal-blog-block_62d7ca49184e9\">\n\t\t\t\t\t\tFrieze Masters\t\t\t\t\t<\/a>\n\t\t\t\t<\/h2>\n\t\t\t\t<p class=\"afg-metadata\">\n\t\t\t<span class=\"place\">Galerie Nathalie Obadia, Londres<\/span>\t\t<span class=\"dates\">October 2015<\/span><\/p>\n\t\t\t\t\t\t\t<\/figcaption>\n\t\t<\/figure>\n<\/article>\t\t\t\t\t<article id=\"post-2477\" class=\" to-sort \">\n\t\t<figure class=\"afg-post-item-content\">\n\t\t\t\t\t\t\t<a href=\"https:\/\/www.sarkis.fr\/en\/2015\/sarkis-with-paradjanov\/\" title=\"Sarkis With Paradjanov\" data-modal-link=\"#modal-blog-block_62d7ca49184e9\" class=\"landscape\">\n\t\t\t\t\t<img loading=\"lazy\" decoding=\"async\" width=\"1500\" height=\"974\" src=\"https:\/\/www.sarkis.fr\/wp-content\/uploads\/2015\/09\/Sarkis-with-Paradjanov-Fondation-Boghossian-Bruxelles-24-09-2015-24-01-2016.jpg\" class=\"attachment-full size-full\" alt=\"Sarkis with Paradjanov Fondation-Boghossian Bruxelles 24-09-2015 24-01-2016\" srcset=\"https:\/\/www.sarkis.fr\/wp-content\/uploads\/2015\/09\/Sarkis-with-Paradjanov-Fondation-Boghossian-Bruxelles-24-09-2015-24-01-2016.jpg 1500w, https:\/\/www.sarkis.fr\/wp-content\/uploads\/2015\/09\/Sarkis-with-Paradjanov-Fondation-Boghossian-Bruxelles-24-09-2015-24-01-2016-300x195.jpg 300w, https:\/\/www.sarkis.fr\/wp-content\/uploads\/2015\/09\/Sarkis-with-Paradjanov-Fondation-Boghossian-Bruxelles-24-09-2015-24-01-2016-1030x669.jpg 1030w\" sizes=\"auto, (max-width: 1500px) 100vw, 1500px\" \/>\t\t\t\t<\/a>\n\t\t\t\t\t\t<figcaption>\n\t\t\t\t<h2>\n\t\t\t\t\t<a href=\"https:\/\/www.sarkis.fr\/en\/2015\/sarkis-with-paradjanov\/\" title=\"Sarkis With Paradjanov\" data-modal-link=\"#modal-blog-block_62d7ca49184e9\">\n\t\t\t\t\t\tSarkis With Paradjanov\t\t\t\t\t<\/a>\n\t\t\t\t<\/h2>\n\t\t\t\t<p class=\"afg-metadata\">\n\t\t\t<span class=\"place\">Fondation Boghossian, Bruxelles<\/span>\t\t<span class=\"dates\">24 Sep 2015 &#8211; 24 Jan 2016<\/span><\/p>\n\t\t\t\t\t\t\t<\/figcaption>\n\t\t<\/figure>\n<\/article>\t\t\t\t\t<article id=\"post-513\" class=\" to-sort \">\n\t\t<figure class=\"afg-post-item-content\">\n\t\t\t\t\t\t\t<a href=\"https:\/\/www.sarkis.fr\/en\/2015\/armenity\/\" title=\"ARMENITY\" data-modal-link=\"#modal-blog-block_62d7ca49184e9\" class=\"landscape\">\n\t\t\t\t\t<img loading=\"lazy\" decoding=\"async\" width=\"1500\" height=\"998\" src=\"https:\/\/www.sarkis.fr\/wp-content\/uploads\/2009\/12\/Sarkis_Biennale_de_Venise_Pavillon_Armenien_San_Lazzaro_degli_Armeni_Mai-Novembre_2015_.jpg\" class=\"attachment-full size-full\" alt=\"Sarkis Biennale de Venise Pavillon Armenien San Lazzaro degli Armeni Mai-Novembre 2015\" \/>\t\t\t\t<\/a>\n\t\t\t\t\t\t<figcaption>\n\t\t\t\t<h2>\n\t\t\t\t\t<a href=\"https:\/\/www.sarkis.fr\/en\/2015\/armenity\/\" title=\"ARMENITY\" data-modal-link=\"#modal-blog-block_62d7ca49184e9\">\n\t\t\t\t\t\tARMENITY\t\t\t\t\t<\/a>\n\t\t\t\t<\/h2>\n\t\t\t\t<p class=\"afg-metadata\">\n\t\t\t<span class=\"place\">Pavillon Arm\u00e9nien, San Lazzaro, Biennale de Venise<\/span>\t\t<span class=\"dates\">7 May &#8211; 30 Nov 2015<\/span><\/p>\n\t\t\t\t\t\t\t<\/figcaption>\n\t\t<\/figure>\n<\/article>\t\t\t\t\t<article id=\"post-512\" class=\" to-sort \">\n\t\t<figure class=\"afg-post-item-content\">\n\t\t\t\t\t\t\t<a href=\"https:\/\/www.sarkis.fr\/en\/2015\/respiro-biennale-de-venise\/\" title=\"RESPIRO\" data-modal-link=\"#modal-blog-block_62d7ca49184e9\" class=\"landscape\">\n\t\t\t\t\t<img loading=\"lazy\" decoding=\"async\" width=\"1200\" height=\"900\" src=\"https:\/\/www.sarkis.fr\/wp-content\/uploads\/2009\/12\/Sarkis__Respiro__Biennale_de_Venise_Pavillon_de_la_Turquie_Mai-Novembre_2015_photo_Andre_Morin_.jpg\" class=\"attachment-full size-full\" alt=\"Sarkis, Respiro, Biennale de Venise, Pavillon de la Turquie, Mai - Novembre 2015. Photographie Andr\u00e9 Morin\" \/>\t\t\t\t<\/a>\n\t\t\t\t\t\t<figcaption>\n\t\t\t\t<h2>\n\t\t\t\t\t<a href=\"https:\/\/www.sarkis.fr\/en\/2015\/respiro-biennale-de-venise\/\" title=\"RESPIRO\" data-modal-link=\"#modal-blog-block_62d7ca49184e9\">\n\t\t\t\t\t\tRESPIRO\t\t\t\t\t<\/a>\n\t\t\t\t<\/h2>\n\t\t\t\t<p class=\"afg-metadata\">\n\t\t\t<span class=\"place\">Pavillon de la Turquie, Biennale de Venise<\/span>\t\t<span class=\"dates\">7 May &#8211; 30 Nov 2015<\/span><\/p>\n\t\t\t\t\t\t\t\t<p class=\"afg-metadata\" style=\"opacity:.7;font-size:8pt;line-height:8pt;\">\n\t\t\t\t9 more images<\/p>\n\t\t\t\t\t\t\t<\/figcaption>\n\t\t<\/figure>\n<\/article>\t\t\t\t\t\t\t\t\t\t\t\t<p class=\"timeline line to-sort\" id=\"section-2014\" data-year=\"2014\">2014<\/p>\n\t\t\t\t\t\t\t<div id=\"post-3320\" class=\"afg-list-item to-sort \">\n\t<div class=\"afg-list-item-content\">\n\t\t<h3>La Guirlande du 4 12<\/h3>\n\t\t<p class=\"afg-metadata\">\n\t\t\t<span class=\"place\">Galerie Saint-S\u00e9verin, Paris<\/span>\t\t<span class=\"dates\">4 Dec 2014 &#8211; 7 Feb 2015<\/span><\/p>\n\t<\/div>\n<\/div>\t\t\t\t\t<div id=\"post-3322\" class=\"afg-list-item to-sort \">\n\t<div class=\"afg-list-item-content\">\n\t\t<h3>EX-VOTO, d\u2019artistes contemporains<\/h3>\n\t\t<p class=\"afg-metadata\">\n\t\t\t<span class=\"place\">Mus\u00e9e du Montparnasse, Paris<\/span>\t\t<span class=\"dates\">4 Dec 2014 &#8211; 7 Feb 2015<\/span><\/p>\n\t<\/div>\n<\/div>\t\t\t\t\t<div id=\"post-3321\" class=\"afg-list-item to-sort \">\n\t<div class=\"afg-list-item-content\">\n\t\t<h3>Objets : Pouvoirs Secrets<\/h3>\n\t\t<p class=\"afg-metadata\">\n\t\t\t<span class=\"place\">Passage de Retz, Paris<\/span>\t\t<span class=\"dates\">18 Oct &#8211; 12 Nov 2014<\/span><\/p>\n\t<\/div>\n<\/div>\t\t\t\t\t<div id=\"post-3323\" class=\"afg-list-item to-sort \">\n\t<div class=\"afg-list-item-content\">\n\t\t<h3>Un moment d\u2019\u00e9t\u00e9rnit\u00e9 dans le passage du temps<\/h3>\n\t\t<p class=\"afg-metadata\">\n\t\t\t<span class=\"place\">La Terrasse, Espace d\u2019art, Nanterre<\/span>\t\t<span class=\"dates\">4 Oct &#8211; 27 Dec 2014<\/span><\/p>\n\t<\/div>\n<\/div>\t\t\t\t\t<article id=\"post-511\" class=\" to-sort \">\n\t\t<figure class=\"afg-post-item-content\">\n\t\t\t\t\t\t\t<a href=\"https:\/\/www.sarkis.fr\/en\/2014\/les-poles-des-aimants\/\" title=\"LES P\u00d4LES DES AIMANTS\" data-modal-link=\"#modal-blog-block_62d7ca49184e9\" class=\"landscape\">\n\t\t\t\t\t<img loading=\"lazy\" decoding=\"async\" width=\"1063\" height=\"709\" src=\"https:\/\/www.sarkis.fr\/wp-content\/uploads\/2014\/06\/Musee-du-Chateau-des-ducs-de-Wurtemberg-Montbeliard-6.6.2014-4.1.2015.webp\" class=\"attachment-full size-full\" alt=\"\" srcset=\"https:\/\/www.sarkis.fr\/wp-content\/uploads\/2014\/06\/Musee-du-Chateau-des-ducs-de-Wurtemberg-Montbeliard-6.6.2014-4.1.2015.webp 1063w, https:\/\/www.sarkis.fr\/wp-content\/uploads\/2014\/06\/Musee-du-Chateau-des-ducs-de-Wurtemberg-Montbeliard-6.6.2014-4.1.2015-300x200.webp 300w, https:\/\/www.sarkis.fr\/wp-content\/uploads\/2014\/06\/Musee-du-Chateau-des-ducs-de-Wurtemberg-Montbeliard-6.6.2014-4.1.2015-1030x687.webp 1030w, https:\/\/www.sarkis.fr\/wp-content\/uploads\/2014\/06\/Musee-du-Chateau-des-ducs-de-Wurtemberg-Montbeliard-6.6.2014-4.1.2015-768x512.webp 768w\" sizes=\"auto, (max-width: 1063px) 100vw, 1063px\" \/>\t\t\t\t<\/a>\n\t\t\t\t\t\t<figcaption>\n\t\t\t\t<h2>\n\t\t\t\t\t<a href=\"https:\/\/www.sarkis.fr\/en\/2014\/les-poles-des-aimants\/\" title=\"LES P\u00d4LES DES AIMANTS\" data-modal-link=\"#modal-blog-block_62d7ca49184e9\">\n\t\t\t\t\t\tLES P\u00d4LES DES AIMANTS\t\t\t\t\t<\/a>\n\t\t\t\t<\/h2>\n\t\t\t\t<p class=\"afg-metadata\">\n\t\t\t<span class=\"place\">Mus\u00e9e du Ch\u00e2teau des ducs de Wurtemberg, Montb\u00e9liard<\/span>\t\t<span class=\"dates\">6 Jun 2014 &#8211; 4 Jan 2015<\/span><\/p>\n\t\t\t\t\t\t\t<\/figcaption>\n\t\t<\/figure>\n<\/article>\t\t\t\t\t<article id=\"post-510\" class=\" to-sort \">\n\t\t<figure class=\"afg-post-item-content\">\n\t\t\t\t\t\t\t<a href=\"https:\/\/www.sarkis.fr\/en\/2014\/at-the-other-end-of-the-rainbow\/\" title=\"At The Other End Of The Rainbow\" data-modal-link=\"#modal-blog-block_62d7ca49184e9\" class=\"landscape\">\n\t\t\t\t\t<img loading=\"lazy\" decoding=\"async\" width=\"962\" height=\"567\" src=\"https:\/\/www.sarkis.fr\/wp-content\/uploads\/2014\/06\/the-ARK-Bucarest-16-5-29-06.webp\" class=\"attachment-full size-full\" alt=\"\" srcset=\"https:\/\/www.sarkis.fr\/wp-content\/uploads\/2014\/06\/the-ARK-Bucarest-16-5-29-06.webp 962w, https:\/\/www.sarkis.fr\/wp-content\/uploads\/2014\/06\/the-ARK-Bucarest-16-5-29-06-300x177.webp 300w, https:\/\/www.sarkis.fr\/wp-content\/uploads\/2014\/06\/the-ARK-Bucarest-16-5-29-06-768x453.webp 768w\" sizes=\"auto, (max-width: 962px) 100vw, 962px\" \/>\t\t\t\t<\/a>\n\t\t\t\t\t\t<figcaption>\n\t\t\t\t<h2>\n\t\t\t\t\t<a href=\"https:\/\/www.sarkis.fr\/en\/2014\/at-the-other-end-of-the-rainbow\/\" title=\"At The Other End Of The Rainbow\" data-modal-link=\"#modal-blog-block_62d7ca49184e9\">\n\t\t\t\t\t\tAt The Other End Of The Rainbow\t\t\t\t\t<\/a>\n\t\t\t\t<\/h2>\n\t\t\t\t<p class=\"afg-metadata\">\n\t\t\t<span class=\"place\">The ARK, International Center for Contemporay Arts, Bucarest<\/span>\t\t<span class=\"dates\">16 May &#8211; 29 Jun 2014<\/span><\/p>\n\t\t\t\t\t\t\t<\/figcaption>\n\t\t<\/figure>\n<\/article>\t\t\t\t\t<article id=\"post-509\" class=\" to-sort \">\n\t\t<figure class=\"afg-post-item-content\">\n\t\t\t\t\t\t\t<a href=\"https:\/\/www.sarkis.fr\/en\/2014\/at-the-other-end-of-the-rainbow-2\/\" title=\"At The Other End Of The Rainbow\" data-modal-link=\"#modal-blog-block_62d7ca49184e9\" class=\"landscape\">\n\t\t\t\t\t<img loading=\"lazy\" decoding=\"async\" width=\"1063\" height=\"709\" src=\"https:\/\/www.sarkis.fr\/wp-content\/uploads\/2014\/06\/Museum-of-Contemporary-Arts-Bucarest-16-05-_7-09.webp\" class=\"attachment-full size-full\" alt=\"\" srcset=\"https:\/\/www.sarkis.fr\/wp-content\/uploads\/2014\/06\/Museum-of-Contemporary-Arts-Bucarest-16-05-_7-09.webp 1063w, https:\/\/www.sarkis.fr\/wp-content\/uploads\/2014\/06\/Museum-of-Contemporary-Arts-Bucarest-16-05-_7-09-300x200.webp 300w, https:\/\/www.sarkis.fr\/wp-content\/uploads\/2014\/06\/Museum-of-Contemporary-Arts-Bucarest-16-05-_7-09-1030x687.webp 1030w, https:\/\/www.sarkis.fr\/wp-content\/uploads\/2014\/06\/Museum-of-Contemporary-Arts-Bucarest-16-05-_7-09-768x512.webp 768w\" sizes=\"auto, (max-width: 1063px) 100vw, 1063px\" \/>\t\t\t\t<\/a>\n\t\t\t\t\t\t<figcaption>\n\t\t\t\t<h2>\n\t\t\t\t\t<a href=\"https:\/\/www.sarkis.fr\/en\/2014\/at-the-other-end-of-the-rainbow-2\/\" title=\"At The Other End Of The Rainbow\" data-modal-link=\"#modal-blog-block_62d7ca49184e9\">\n\t\t\t\t\t\tAt The Other End Of The Rainbow\t\t\t\t\t<\/a>\n\t\t\t\t<\/h2>\n\t\t\t\t<p class=\"afg-metadata\">\n\t\t\t<span class=\"place\">National Museum of Contemporary Arts, Bucarest<\/span>\t\t<span class=\"dates\">16 May &#8211; 7 Sep 2014<\/span><\/p>\n\t\t\t\t\t\t\t<\/figcaption>\n\t\t<\/figure>\n<\/article>\t\t\t\t\t<article id=\"post-508\" class=\" to-sort \">\n\t\t<figure class=\"afg-post-item-content\">\n\t\t\t\t\t\t\t<a href=\"https:\/\/www.sarkis.fr\/en\/2014\/at-the-other-end-of-the-rainbow-3\/\" title=\"At The Other End Of The Rainbow\" data-modal-link=\"#modal-blog-block_62d7ca49184e9\" class=\"landscape\">\n\t\t\t\t\t<img loading=\"lazy\" decoding=\"async\" width=\"1118\" height=\"567\" src=\"https:\/\/www.sarkis.fr\/wp-content\/uploads\/2014\/06\/Museum-of-Romanian-Peasent_16-05-29.06-2014.webp\" class=\"attachment-full size-full\" alt=\"\" srcset=\"https:\/\/www.sarkis.fr\/wp-content\/uploads\/2014\/06\/Museum-of-Romanian-Peasent_16-05-29.06-2014.webp 1118w, https:\/\/www.sarkis.fr\/wp-content\/uploads\/2014\/06\/Museum-of-Romanian-Peasent_16-05-29.06-2014-300x152.webp 300w, https:\/\/www.sarkis.fr\/wp-content\/uploads\/2014\/06\/Museum-of-Romanian-Peasent_16-05-29.06-2014-1030x522.webp 1030w, https:\/\/www.sarkis.fr\/wp-content\/uploads\/2014\/06\/Museum-of-Romanian-Peasent_16-05-29.06-2014-768x389.webp 768w\" sizes=\"auto, (max-width: 1118px) 100vw, 1118px\" \/>\t\t\t\t<\/a>\n\t\t\t\t\t\t<figcaption>\n\t\t\t\t<h2>\n\t\t\t\t\t<a href=\"https:\/\/www.sarkis.fr\/en\/2014\/at-the-other-end-of-the-rainbow-3\/\" title=\"At The Other End Of The Rainbow\" data-modal-link=\"#modal-blog-block_62d7ca49184e9\">\n\t\t\t\t\t\tAt The Other End Of The Rainbow\t\t\t\t\t<\/a>\n\t\t\t\t<\/h2>\n\t\t\t\t<p class=\"afg-metadata\">\n\t\t\t<span class=\"place\">National Museum of the Romanian Peasent, Bucarest<\/span>\t\t<span class=\"dates\">16 May &#8211; 29 Jun 2014<\/span><\/p>\n\t\t\t\t\t\t\t<\/figcaption>\n\t\t<\/figure>\n<\/article>\t\t\t\t\t<div id=\"post-3325\" class=\"afg-list-item to-sort \">\n\t<div class=\"afg-list-item-content\">\n\t\t<h3>Trocadero<\/h3>\n\t\t<p class=\"afg-metadata\">\n\t\t\t<span class=\"place\">Nsrin Esirtgen Collection Art Space, Istanbul<\/span>\t\t<span class=\"dates\">23 Jan &#8211; 21 Mar 2014<\/span><\/p>\n\t<\/div>\n<\/div>\t\t\t\t\t<article id=\"post-507\" class=\" to-sort \">\n\t\t<figure class=\"afg-post-item-content\">\n\t\t\t\t\t\t\t<a href=\"https:\/\/www.sarkis.fr\/en\/2014\/au-commencement-le-blanc\/\" title=\"Au commencement le blanc\" data-modal-link=\"#modal-blog-block_62d7ca49184e9\" class=\"landscape\">\n\t\t\t\t\t<img loading=\"lazy\" decoding=\"async\" width=\"1200\" height=\"800\" src=\"https:\/\/www.sarkis.fr\/wp-content\/uploads\/2009\/12\/Sarkis-Au-commencement-le-blanc-Galerie-Nathalie-Obadia-Paris-9-1-1-3-2014.jpg\" class=\"attachment-full size-full\" alt=\"Sarkis-Au-commencement-le-blanc-Galerie-Nathalie-Obadia-Paris-9-1-1-3-2014\" \/>\t\t\t\t<\/a>\n\t\t\t\t\t\t<figcaption>\n\t\t\t\t<h2>\n\t\t\t\t\t<a href=\"https:\/\/www.sarkis.fr\/en\/2014\/au-commencement-le-blanc\/\" title=\"Au commencement le blanc\" data-modal-link=\"#modal-blog-block_62d7ca49184e9\">\n\t\t\t\t\t\tAu commencement le blanc\t\t\t\t\t<\/a>\n\t\t\t\t<\/h2>\n\t\t\t\t<p class=\"afg-metadata\">\n\t\t\t<span class=\"place\">Galerie Nathalie Obadia, Paris<\/span>\t\t<span class=\"dates\">9 Jan &#8211; 1 Mar 2014<\/span><span class=\"solo\">Solo<\/span><\/p>\n\t\t\t\t\t\t\t<\/figcaption>\n\t\t<\/figure>\n<\/article>\t\t\t\t\t<article id=\"post-506\" class=\" to-sort \">\n\t\t<figure class=\"afg-post-item-content\">\n\t\t\t\t\t\t\t<a href=\"https:\/\/www.sarkis.fr\/en\/2014\/rainbow-installation-permanente-istanbul\/\" title=\"Rainbow\" data-modal-link=\"#modal-blog-block_62d7ca49184e9\" class=\"landscape\">\n\t\t\t\t\t<img loading=\"lazy\" decoding=\"async\" width=\"1000\" height=\"706\" src=\"https:\/\/www.sarkis.fr\/wp-content\/uploads\/2009\/12\/Sarkis_RAINBOW_Installation_permanente_sur_la_facade_du_Musee_Istanbul_Modern_1_1_2014.jpg\" class=\"attachment-full size-full\" alt=\"Sarkis RAINBOW Installation permanente sur la fa\u00e7ade du Mus\u00e9e Istanbul Modern 1 1 2014\" \/>\t\t\t\t<\/a>\n\t\t\t\t\t\t<figcaption>\n\t\t\t\t<h2>\n\t\t\t\t\t<a href=\"https:\/\/www.sarkis.fr\/en\/2014\/rainbow-installation-permanente-istanbul\/\" title=\"Rainbow\" data-modal-link=\"#modal-blog-block_62d7ca49184e9\">\n\t\t\t\t\t\tRainbow\t\t\t\t\t<\/a>\n\t\t\t\t<\/h2>\n\t\t\t\t<p class=\"afg-metadata\">\n\t\t\t<span class=\"place\">Istanbul Modern, Istanbul<\/span>\t\t<span class=\"dates\">1 Jan 2014<\/span><\/p>\n\t<p class=\"afg-title-notes\">\n\t\tInstallation permanente sur la fa\u00e7ade du mus\u00e9e Istanbul Modern\t<\/p>\t\n\t\t\t\t\t\t\t<\/figcaption>\n\t\t<\/figure>\n<\/article>\t\t\t\t\t\t\t\t\t\t\t\t<p class=\"timeline line to-sort\" id=\"section-2013\" data-year=\"2013\">2013<\/p>\n\t\t\t\t\t\t\t<div id=\"post-3326\" class=\"afg-list-item to-sort \">\n\t<div class=\"afg-list-item-content\">\n\t\t<h3>Ring Portraits<\/h3>\n\t\t<p class=\"afg-metadata\">\n\t\t\t<span class=\"place\">Huis 03eille, Amsterdam<\/span>\t\t<span class=\"dates\">14 Dec 2013 &#8211; 9 Mar 2014<\/span><\/p>\n\t<\/div>\n<\/div>\t\t\t\t\t<article id=\"post-505\" class=\" to-sort \">\n\t\t<figure class=\"afg-post-item-content\">\n\t\t\t\t\t\t\t<a href=\"https:\/\/www.sarkis.fr\/en\/2013\/interpretation-of-cage-ryoanji\/\" title=\"Interpretation of Cage\/Ryoanji\" data-modal-link=\"#modal-blog-block_62d7ca49184e9\" class=\"landscape\">\n\t\t\t\t\t<img loading=\"lazy\" decoding=\"async\" width=\"1000\" height=\"726\" src=\"https:\/\/www.sarkis.fr\/wp-content\/uploads\/2013\/11\/interpretation-on-Cage_Ryoanjie-Arter-Istanbul-14.11.2013-12.1.2014.jpg\" class=\"attachment-full size-full\" alt=\"Interpretation on Cage, Ryoanjie Arter Istanbul, 14.11.2013-12.1.2014\" srcset=\"https:\/\/www.sarkis.fr\/wp-content\/uploads\/2013\/11\/interpretation-on-Cage_Ryoanjie-Arter-Istanbul-14.11.2013-12.1.2014.jpg 1000w, https:\/\/www.sarkis.fr\/wp-content\/uploads\/2013\/11\/interpretation-on-Cage_Ryoanjie-Arter-Istanbul-14.11.2013-12.1.2014-300x218.jpg 300w\" sizes=\"auto, (max-width: 1000px) 100vw, 1000px\" \/>\t\t\t\t<\/a>\n\t\t\t\t\t\t<figcaption>\n\t\t\t\t<h2>\n\t\t\t\t\t<a href=\"https:\/\/www.sarkis.fr\/en\/2013\/interpretation-of-cage-ryoanji\/\" title=\"Interpretation of Cage\/Ryoanji\" data-modal-link=\"#modal-blog-block_62d7ca49184e9\">\n\t\t\t\t\t\tInterpretation of Cage\/Ryoanji\t\t\t\t\t<\/a>\n\t\t\t\t<\/h2>\n\t\t\t\t<p class=\"afg-metadata\">\n\t\t\t<span class=\"place\">ARTER, Istanbul<\/span>\t\t<span class=\"dates\">15 Nov 2013 &#8211; 12 Jan 2014<\/span><span class=\"solo\">Solo<\/span><\/p>\n\t<p class=\"afg-title-notes\">\n\t\tLive interpretation by Kudsi Erguner and Jean-Fran\u00e7ois Lagrost\t<\/p>\t\n\t\t\t\t\t\t\t<\/figcaption>\n\t\t<\/figure>\n<\/article>\t\t\t\t\t<div id=\"post-3327\" class=\"afg-list-item to-sort \">\n\t<div class=\"afg-list-item-content\">\n\t\t<h3>SPECTRA-Color in light<\/h3>\n\t\t<p class=\"afg-metadata\">\n\t\t\t<span class=\"place\">3,14 I.C.A.F. Bergen, Norway<\/span>\t\t<span class=\"dates\">8 Nov 2013 &#8211; 28 Apr 2026<\/span><\/p>\n\t<\/div>\n<\/div>\t\t\t\t\t<div id=\"post-3328\" class=\"afg-list-item to-sort \">\n\t<div class=\"afg-list-item-content\">\n\t\t<h3>Two films<\/h3>\n\t\t<p class=\"afg-metadata\">\n\t\t\t<span class=\"place\">Maumau, Istanbul<\/span>\t\t<span class=\"dates\">11 Sep &#8211; 11 Oct 2013<\/span><span class=\"solo\">Solo<\/span><\/p>\n\t<\/div>\n<\/div>\t\t\t\t\t<article id=\"post-503\" class=\" to-sort \">\n\t\t<figure class=\"afg-post-item-content\">\n\t\t\t\t\t\t\t<a href=\"https:\/\/www.sarkis.fr\/en\/2013\/twin-rainbow\/\" title=\"Twin Rainbow\" data-modal-link=\"#modal-blog-block_62d7ca49184e9\" class=\"landscape\">\n\t\t\t\t\t<img loading=\"lazy\" decoding=\"async\" width=\"1013\" height=\"673\" src=\"https:\/\/www.sarkis.fr\/wp-content\/uploads\/2009\/12\/Twin_Rainbow_Galerie_Mana_Istanbul_10_9_2013.jpg\" class=\"attachment-full size-full\" alt=\"Twin Rainbow Galerie Mana Istanbul 10 9 2013\" \/>\t\t\t\t<\/a>\n\t\t\t\t\t\t<figcaption>\n\t\t\t\t<h2>\n\t\t\t\t\t<a href=\"https:\/\/www.sarkis.fr\/en\/2013\/twin-rainbow\/\" title=\"Twin Rainbow\" data-modal-link=\"#modal-blog-block_62d7ca49184e9\">\n\t\t\t\t\t\tTwin Rainbow\t\t\t\t\t<\/a>\n\t\t\t\t<\/h2>\n\t\t\t\t<p class=\"afg-metadata\">\n\t\t\t<span class=\"place\">Galerie Mana\u0302, Istanbul<\/span>\t\t<span class=\"dates\">10 Sep 2013<\/span><\/p>\n\t\t\t\t\t\t\t<\/figcaption>\n\t\t<\/figure>\n<\/article>\t\t\t\t\t<article id=\"post-501\" class=\" to-sort \">\n\t\t<figure class=\"afg-post-item-content\">\n\t\t\t\t\t\t\t<a href=\"https:\/\/www.sarkis.fr\/en\/2013\/the-red-queen\/\" title=\"The Red Queen\" data-modal-link=\"#modal-blog-block_62d7ca49184e9\" class=\"landscape\">\n\t\t\t\t\t<img loading=\"lazy\" decoding=\"async\" width=\"852\" height=\"567\" src=\"https:\/\/www.sarkis.fr\/wp-content\/uploads\/2009\/12\/Frise_Kriegsschats_Red_Queen_Mona_Hobart_Tasmania_19.6.-21.4.2014.jpg\" class=\"attachment-full size-full\" alt=\"Frise Kriegsschats Red Queen Mona Hobart Tasmania 19.6.-21.4.2014\" \/>\t\t\t\t<\/a>\n\t\t\t\t\t\t<figcaption>\n\t\t\t\t<h2>\n\t\t\t\t\t<a href=\"https:\/\/www.sarkis.fr\/en\/2013\/the-red-queen\/\" title=\"The Red Queen\" data-modal-link=\"#modal-blog-block_62d7ca49184e9\">\n\t\t\t\t\t\tThe Red Queen\t\t\t\t\t<\/a>\n\t\t\t\t<\/h2>\n\t\t\t\t<p class=\"afg-metadata\">\n\t\t\t<span class=\"place\">Mona, Hobart, Tasmania<\/span>\t\t<span class=\"dates\">19 Jun 2013 &#8211; 21 Apr 2014<\/span><\/p>\n\t\t\t\t\t\t\t<\/figcaption>\n\t\t<\/figure>\n<\/article>\t\t\t\t\t<div id=\"post-3330\" class=\"afg-list-item to-sort \">\n\t<div class=\"afg-list-item-content\">\n\t\t<h3>When attitude Becomes Form : Bern 1969\/Venice 2013<\/h3>\n\t\t<p class=\"afg-metadata\">\n\t\t\t<span class=\"place\">Fondazione Prada<\/span>\t\t<span class=\"dates\">30 May 2013<\/span><\/p>\n\t<\/div>\n<\/div>\t\t\t\t\t<article id=\"post-500\" class=\" to-sort \">\n\t\t<figure class=\"afg-post-item-content\">\n\t\t\t\t\t\t\t<a href=\"https:\/\/www.sarkis.fr\/en\/2013\/ikiztwin\/\" title=\"Ikiz\/Twin\" data-modal-link=\"#modal-blog-block_62d7ca49184e9\" class=\"landscape\">\n\t\t\t\t\t<img loading=\"lazy\" decoding=\"async\" width=\"1200\" height=\"847\" src=\"https:\/\/www.sarkis.fr\/wp-content\/uploads\/2009\/12\/Sarkis_Ikiz-Twin_Galerie_Mana_Istanbul_mai_2013.jpg\" class=\"attachment-full size-full\" alt=\"Sarkis Ikiz-Twin Galerie Mana Istanbul mai 2013\" \/>\t\t\t\t<\/a>\n\t\t\t\t\t\t<figcaption>\n\t\t\t\t<h2>\n\t\t\t\t\t<a href=\"https:\/\/www.sarkis.fr\/en\/2013\/ikiztwin\/\" title=\"Ikiz\/Twin\" data-modal-link=\"#modal-blog-block_62d7ca49184e9\">\n\t\t\t\t\t\tIkiz\/Twin\t\t\t\t\t<\/a>\n\t\t\t\t<\/h2>\n\t\t\t\t<p class=\"afg-metadata\">\n\t\t\t<span class=\"place\">Galeri Man\u00e2, Istanbul<\/span>\t\t<span class=\"dates\">23 May &#8211; 15 Jul 2013<\/span><span class=\"solo\">Solo<\/span><\/p>\n\t\t\t\t\t\t\t<\/figcaption>\n\t\t<\/figure>\n<\/article>\t\t\t\t\t<div id=\"post-3331\" class=\"afg-list-item to-sort \">\n\t<div class=\"afg-list-item-content\">\n\t\t<h3>42 heures du Loup<\/h3>\n\t\t<p class=\"afg-metadata\">\n\t\t\t<span class=\"place\">Mamco, Gen\u00e8ve<\/span>\t\t<span class=\"dates\">20 Feb &#8211; 20 May 2013<\/span><\/p>\n\t<\/div>\n<\/div>\t\t\t\t\t<div id=\"post-3332\" class=\"afg-list-item to-sort \">\n\t<div class=\"afg-list-item-content\">\n\t\t<h3>After Caspar David Friedrich<\/h3>\n\t\t<p class=\"afg-metadata\">\n\t\t\t<span class=\"place\">Raw Art Fair, Rotterdam<\/span>\t\t<span class=\"dates\">6 Feb &#8211; 10 Feb 2013<\/span><\/p>\n\t<p class=\"afg-title-notes\">\n\t\tFilms\t<\/p>\t\n\t<\/div>\n<\/div>\t\t\t\t\t<div id=\"post-3333\" class=\"afg-list-item to-sort \">\n\t<div class=\"afg-list-item-content\">\n\t\t<h3>Duvar Resminden Korkuyorlar<\/h3>\n\t\t<p class=\"afg-metadata\">\n\t\t\t<span class=\"place\">Salt, Istanbul<\/span>\t\t<span class=\"dates\">31 Jan 2013<\/span><\/p>\n\t<\/div>\n<\/div>\t\t\t\t\t<div id=\"post-3334\" class=\"afg-list-item to-sort \">\n\t<div class=\"afg-list-item-content\">\n\t\t<h3>Modernity ? Perspective from France and Turkey<\/h3>\n\t\t<p class=\"afg-metadata\">\n\t\t\t<span class=\"place\">Istanbul Modern<\/span>\t\t<span class=\"dates\">15 Jan &#8211; 15 May 2013<\/span><\/p>\n\t<\/div>\n<\/div>\t\t\t\t\t<article id=\"post-499\" class=\" to-sort \">\n\t\t<figure class=\"afg-post-item-content\">\n\t\t\t\t\t\t\t<a href=\"https:\/\/www.sarkis.fr\/en\/2013\/ici-ailleurs\/\" title=\"ICI, AILLEURS\" data-modal-link=\"#modal-blog-block_62d7ca49184e9\" class=\"landscape\">\n\t\t\t\t\t<img loading=\"lazy\" decoding=\"async\" width=\"1135\" height=\"567\" src=\"https:\/\/www.sarkis.fr\/wp-content\/uploads\/2009\/12\/Sarkis_Rossellini_d_Assise_ici_ailleurs_au_Panorama_a_la_Friche_Belle_de_Mai_janvier-2013.jpg\" class=\"attachment-full size-full\" alt=\"Sarkis Rossellini d Assise ici ailleurs au Panorama a la Friche Belle de Mai janvier-2013\" \/>\t\t\t\t<\/a>\n\t\t\t\t\t\t<figcaption>\n\t\t\t\t<h2>\n\t\t\t\t\t<a href=\"https:\/\/www.sarkis.fr\/en\/2013\/ici-ailleurs\/\" title=\"ICI, AILLEURS\" data-modal-link=\"#modal-blog-block_62d7ca49184e9\">\n\t\t\t\t\t\tICI, AILLEURS\t\t\t\t\t<\/a>\n\t\t\t\t<\/h2>\n\t\t\t\t<p class=\"afg-metadata\">\n\t\t\t<span class=\"place\">Friche La Belle de Mai, Marseille<\/span>\t\t<span class=\"dates\">12 Jan &#8211; 31 Mar 2013<\/span><\/p>\n\t\t\t\t\t\t\t<\/figcaption>\n\t\t<\/figure>\n<\/article>\t\t\t\t\t<div id=\"post-3329\" class=\"afg-list-item to-sort \">\n\t<div class=\"afg-list-item-content\">\n\t\t<h3>Open Air Museum<\/h3>\n\t\t<p class=\"afg-metadata\">\n\t\t\t<span class=\"place\">Plaine de Tougas, Saint Herblain, Nantes<\/span>\t\t<span class=\"dates\">2013<\/span><\/p>\n\t<\/div>\n<\/div>\t\t\t\t\t\t\t\t\t\t\t\t<p class=\"timeline line to-sort\" id=\"section-2012\" data-year=\"2012\">2012<\/p>\n\t\t\t\t\t\t\t<div id=\"post-3335\" class=\"afg-list-item to-sort \">\n\t<div class=\"afg-list-item-content\">\n\t\t<h3>Biens communs II, salle Sarkis<\/h3>\n\t\t<p class=\"afg-metadata\">\n\t\t\t<span class=\"place\">MAMCO, Gen\u00e8ve<\/span>\t\t<span class=\"dates\">November 2012<\/span><\/p>\n\t<\/div>\n<\/div>\t\t\t\t\t<article id=\"post-498\" class=\" to-sort \">\n\t\t<figure class=\"afg-post-item-content\">\n\t\t\t\t\t\t\t<a href=\"https:\/\/www.sarkis.fr\/en\/2012\/opus-series-in-delft\/\" title=\"OPUS series in Delft\" data-modal-link=\"#modal-blog-block_62d7ca49184e9\" class=\"landscape\">\n\t\t\t\t\t<img loading=\"lazy\" decoding=\"async\" width=\"1200\" height=\"777\" src=\"https:\/\/www.sarkis.fr\/wp-content\/uploads\/2009\/12\/Opus_series_in_Delft_Galerie_de_Zaal_Delft_2012.jpg\" class=\"attachment-full size-full\" alt=\"Opus_series_in_Delft_Galerie_de_Zaal_Delft_2012\" \/>\t\t\t\t<\/a>\n\t\t\t\t\t\t<figcaption>\n\t\t\t\t<h2>\n\t\t\t\t\t<a href=\"https:\/\/www.sarkis.fr\/en\/2012\/opus-series-in-delft\/\" title=\"OPUS series in Delft\" data-modal-link=\"#modal-blog-block_62d7ca49184e9\">\n\t\t\t\t\t\tOPUS series in Delft\t\t\t\t\t<\/a>\n\t\t\t\t<\/h2>\n\t\t\t\t<p class=\"afg-metadata\">\n\t\t\t<span class=\"place\">Galerie de Zaal, Delft<\/span>\t\t<span class=\"dates\">6 Oct &#8211; 5 Nov 2012<\/span><span class=\"solo\">Solo<\/span><\/p>\n\t\t\t\t\t\t\t<\/figcaption>\n\t\t<\/figure>\n<\/article>\t\t\t\t\t<article id=\"post-497\" class=\" to-sort \">\n\t\t<figure class=\"afg-post-item-content\">\n\t\t\t\t\t\t\t<a href=\"https:\/\/www.sarkis.fr\/en\/2012\/passages-croises-en-or\/\" title=\"Passages crois\u00e9s en or\" data-modal-link=\"#modal-blog-block_62d7ca49184e9\" class=\"landscape\">\n\t\t\t\t\t<img loading=\"lazy\" decoding=\"async\" width=\"1200\" height=\"799\" src=\"https:\/\/www.sarkis.fr\/wp-content\/uploads\/2009\/12\/2012-Passages-Croises_chateau-d_Angers.jpg\" class=\"attachment-full size-full\" alt=\"2012-Passages-Croises_chateau-d_Angers\" \/>\t\t\t\t<\/a>\n\t\t\t\t\t\t<figcaption>\n\t\t\t\t<h2>\n\t\t\t\t\t<a href=\"https:\/\/www.sarkis.fr\/en\/2012\/passages-croises-en-or\/\" title=\"Passages crois\u00e9s en or\" data-modal-link=\"#modal-blog-block_62d7ca49184e9\">\n\t\t\t\t\t\tPassages crois\u00e9s en or\t\t\t\t\t<\/a>\n\t\t\t\t<\/h2>\n\t\t\t\t<p class=\"afg-metadata\">\n\t\t\t<span class=\"place\">Chapelle du Ch\u00e2teau d\u2019Angers<\/span>\t\t<span class=\"dates\">5 Oct 2012<\/span><span class=\"solo\">Solo<\/span><\/p>\n\t\t\t\t\t\t\t<\/figcaption>\n\t\t<\/figure>\n<\/article>\t\t\t\t\t<div id=\"post-3337\" class=\"afg-list-item to-sort \">\n\t<div class=\"afg-list-item-content\">\n\t\t<h3>ARTandPRESS<\/h3>\n\t\t<p class=\"afg-metadata\">\n\t\t\t<span class=\"place\">ZKM, Karlsruhe<\/span>\t\t<span class=\"dates\">14 Sep 2012 &#8211; 10 Mar 2013<\/span><\/p>\n\t<\/div>\n<\/div>\t\t\t\t\t<div id=\"post-3336\" class=\"afg-list-item to-sort \">\n\t<div class=\"afg-list-item-content\">\n\t\t<h3>d\u2019apr\u00e8s VAUDOU<\/h3>\n\t\t<p class=\"afg-metadata\">\n\t\t\t<span class=\"place\">Galerie Nathalie Obadia, Paris<\/span>\t\t<span class=\"dates\">13 Sep &#8211; 13 Oct 2012<\/span><span class=\"solo\">Solo<\/span><\/p>\n\t<\/div>\n<\/div>\t\t\t\t\t<div id=\"post-3338\" class=\"afg-list-item to-sort \">\n\t<div class=\"afg-list-item-content\">\n\t\t<h3>The Treasure Chests of Mnemosyne<\/h3>\n\t\t<p class=\"afg-metadata\">\n\t\t\t<span class=\"place\">Symposium, Witte de With, Rotterdam<\/span>\t\t<span class=\"dates\">September 2012<\/span><\/p>\n\t<\/div>\n<\/div>\t\t\t\t\t<article id=\"post-495\" class=\" to-sort \">\n\t\t<figure class=\"afg-post-item-content\">\n\t\t\t\t\t\t\t<a href=\"https:\/\/www.sarkis.fr\/en\/2012\/partition-ryoanji-cage-selon-sarkis\/\" title=\"Partition Ryoanji Cage selon Sarkis\" data-modal-link=\"#modal-blog-block_62d7ca49184e9\" class=\"landscape\">\n\t\t\t\t\t<img loading=\"lazy\" decoding=\"async\" width=\"852\" height=\"567\" src=\"https:\/\/www.sarkis.fr\/wp-content\/uploads\/2009\/12\/_La_partition_Ryoanji_de_Cage_selon_Sarkis__Boijmans_Museum_Rotterdam__2_6__10_10_2012.jpg\" class=\"attachment-full size-full\" alt=\"_La_partition_Ryoanji_de_Cage_selon_Sarkis__Boijmans_Museum_Rotterdam__2_6__10_10_2012\" \/>\t\t\t\t<\/a>\n\t\t\t\t\t\t<figcaption>\n\t\t\t\t<h2>\n\t\t\t\t\t<a href=\"https:\/\/www.sarkis.fr\/en\/2012\/partition-ryoanji-cage-selon-sarkis\/\" title=\"Partition Ryoanji Cage selon Sarkis\" data-modal-link=\"#modal-blog-block_62d7ca49184e9\">\n\t\t\t\t\t\tPartition Ryoanji Cage selon Sarkis\t\t\t\t\t<\/a>\n\t\t\t\t<\/h2>\n\t\t\t\t<p class=\"afg-metadata\">\n\t\t\t<span class=\"place\">Boijmans Museum, Rotterdam<\/span>\t\t<span class=\"dates\">2 Jun &#8211; 10 Oct 2012<\/span><\/p>\n\t\t\t\t\t\t\t<\/figcaption>\n\t\t<\/figure>\n<\/article>\t\t\t\t\t<article id=\"post-494\" class=\" to-sort \">\n\t\t<figure class=\"afg-post-item-content\">\n\t\t\t\t\t\t\t<a href=\"https:\/\/www.sarkis.fr\/en\/2012\/ballads\/\" title=\"Ballads\" data-modal-link=\"#modal-blog-block_62d7ca49184e9\" class=\"landscape\">\n\t\t\t\t\t<img loading=\"lazy\" decoding=\"async\" width=\"1200\" height=\"900\" src=\"https:\/\/www.sarkis.fr\/wp-content\/uploads\/2009\/12\/Ballads__Boijmans_Submarine_Waff__Rotterdam__2_6__30_9_2012.jpg\" class=\"attachment-full size-full\" alt=\"Ballads__Boijmans_Submarine_Waff__Rotterdam__2_6__30_9_2012\" \/>\t\t\t\t<\/a>\n\t\t\t\t\t\t<figcaption>\n\t\t\t\t<h2>\n\t\t\t\t\t<a href=\"https:\/\/www.sarkis.fr\/en\/2012\/ballads\/\" title=\"Ballads\" data-modal-link=\"#modal-blog-block_62d7ca49184e9\">\n\t\t\t\t\t\tBallads\t\t\t\t\t<\/a>\n\t\t\t\t<\/h2>\n\t\t\t\t<p class=\"afg-metadata\">\n\t\t\t<span class=\"place\">Boijmans Museum, Rotterdam &#8211; Submarine Waff, Rotterdam<\/span>\t\t<span class=\"dates\">2 Jun &#8211; 30 Sep 2012<\/span><\/p>\n\t\t\t\t\t\t\t<\/figcaption>\n\t\t<\/figure>\n<\/article>\t\t\t\t\t<article id=\"post-496\" class=\" to-sort \">\n\t\t<figure class=\"afg-post-item-content\">\n\t\t\t\t\t\t\t<a href=\"https:\/\/www.sarkis.fr\/en\/2012\/intense-proximite\/\" title=\"Intense Proximit\u00e9\" data-modal-link=\"#modal-blog-block_62d7ca49184e9\" class=\"landscape\">\n\t\t\t\t\t<img loading=\"lazy\" decoding=\"async\" width=\"1200\" height=\"653\" src=\"https:\/\/www.sarkis.fr\/wp-content\/uploads\/2009\/12\/2012-La-frize-des-Tresors-de-Guerre-Triennale-Palais-de-Tokyo-Paris.jpg\" class=\"attachment-full size-full\" alt=\"2012-La-frize-des-Tresors-de-Guerre-Triennale-Palais-de-Tokyo-Paris\" \/>\t\t\t\t<\/a>\n\t\t\t\t\t\t<figcaption>\n\t\t\t\t<h2>\n\t\t\t\t\t<a href=\"https:\/\/www.sarkis.fr\/en\/2012\/intense-proximite\/\" title=\"Intense Proximit\u00e9\" data-modal-link=\"#modal-blog-block_62d7ca49184e9\">\n\t\t\t\t\t\tIntense Proximit\u00e9\t\t\t\t\t<\/a>\n\t\t\t\t<\/h2>\n\t\t\t\t<p class=\"afg-metadata\">\n\t\t\t<span class=\"place\">Triennale, Palais de Tokyo, Paris<\/span>\t\t<span class=\"dates\">19 Apr &#8211; 26 Aug 2012<\/span><\/p>\n\t\t\t\t\t\t\t<\/figcaption>\n\t\t<\/figure>\n<\/article>\t\t\t\t\t<div id=\"post-3339\" class=\"afg-list-item to-sort \">\n\t<div class=\"afg-list-item-content\">\n\t\t<h3>Ailleurs Ici (2. Partie)<\/h3>\n\t\t<p class=\"afg-metadata\">\n\t\t\t<span class=\"place\">Ch\u00e2teau de Chaumont<\/span>\t\t<span class=\"dates\">6 Apr 2012<\/span><\/p>\n\t<\/div>\n<\/div>\t\t\t\t\t<article id=\"post-493\" class=\" to-sort \">\n\t\t<figure class=\"afg-post-item-content\">\n\t\t\t\t\t\t\t<a href=\"https:\/\/www.sarkis.fr\/en\/2012\/2012-tresor-de-memoire\/\" title=\"Tr\u00e9sor de M\u00e9moire\" data-modal-link=\"#modal-blog-block_62d7ca49184e9\" class=\"landscape\">\n\t\t\t\t\t<img loading=\"lazy\" decoding=\"async\" width=\"1278\" height=\"850\" src=\"https:\/\/www.sarkis.fr\/wp-content\/uploads\/2009\/12\/Treusor_de_la_Meumoire_2002_2012_MacVal__Vitry_Paris__photos_Andreu_Morin.jpg\" class=\"attachment-full size-full\" alt=\"Treusor_de_la_Meumoire_2002_2012_MacVal__Vitry_Paris__photos_Andreu_Morin\" \/>\t\t\t\t<\/a>\n\t\t\t\t\t\t<figcaption>\n\t\t\t\t<h2>\n\t\t\t\t\t<a href=\"https:\/\/www.sarkis.fr\/en\/2012\/2012-tresor-de-memoire\/\" title=\"Tr\u00e9sor de M\u00e9moire\" data-modal-link=\"#modal-blog-block_62d7ca49184e9\">\n\t\t\t\t\t\tTr\u00e9sor de M\u00e9moire\t\t\t\t\t<\/a>\n\t\t\t\t<\/h2>\n\t\t\t\t<p class=\"afg-metadata\">\n\t\t\t<span class=\"place\">Mac Val, Vitry-sur-Seine<\/span>\t\t<span class=\"dates\">24 Feb 2012<\/span><\/p>\n\t\t\t\t\t\t\t<\/figcaption>\n\t\t<\/figure>\n<\/article>\t\t\t\t\t<div id=\"post-3340\" class=\"afg-list-item to-sort \">\n\t<div class=\"afg-list-item-content\">\n\t\t<h3>N\u00e9on<\/h3>\n\t\t<p class=\"afg-metadata\">\n\t\t\t<span class=\"place\">La Maison Rouge, Paris<\/span>\t\t<span class=\"dates\">16 Feb 2012<\/span><\/p>\n\t<\/div>\n<\/div>\t\t\t\t\t\t\t\t\t\t\t\t<p class=\"timeline line to-sort\" id=\"section-2011\" data-year=\"2011\">2011<\/p>\n\t\t\t\t\t\t\t<div id=\"post-3341\" class=\"afg-list-item to-sort \">\n\t<div class=\"afg-list-item-content\">\n\t\t<h3>Inqui\u00e9tantes \u00e9tranget\u00e9s<\/h3>\n\t\t<p class=\"afg-metadata\">\n\t\t\t<span class=\"place\">Mus\u00e9e des Beaux-Arts, Chapelle de l\u2019Oratoire, Nantes<\/span>\t\t<span class=\"dates\">4 Oct 2011 &#8211; 15 Jan 2012<\/span><\/p>\n\t<\/div>\n<\/div>\t\t\t\t\t<div id=\"post-3342\" class=\"afg-list-item to-sort \">\n\t<div class=\"afg-list-item-content\">\n\t\t<h3>Museum Show<\/h3>\n\t\t<p class=\"afg-metadata\">\n\t\t\t<span class=\"place\">Amolfini, Bristol<\/span>\t\t<span class=\"dates\">24 Sep &#8211; 20 Nov 2011<\/span><\/p>\n\t<\/div>\n<\/div>\t\t\t\t\t<div id=\"post-3343\" class=\"afg-list-item to-sort \">\n\t<div class=\"afg-list-item-content\">\n\t\t<h3>Depo Galeri<\/h3>\n\t\t<p class=\"afg-metadata\">\n\t\t\t<span class=\"place\">Galerist, Istanbul<\/span>\t\t<span class=\"dates\">17 Sep &#8211; 20 Oct 2011<\/span><span class=\"solo\">Solo<\/span><\/p>\n\t<\/div>\n<\/div>\t\t\t\t\t<div id=\"post-3344\" class=\"afg-list-item to-sort \">\n\t<div class=\"afg-list-item-content\">\n\t\t<h3>Altin Iskele in Hask\u00f6y<\/h3>\n\t\t<p class=\"afg-metadata\">\n\t\t\t<span class=\"place\">Hask\u00f6y Iplik Fabrikasi, Istanbul<\/span>\t\t<span class=\"dates\">14 Sep &#8211; 14 Nov 2011<\/span><span class=\"solo\">Solo<\/span><\/p>\n\t<\/div>\n<\/div>\t\t\t\t\t<div id=\"post-3345\" class=\"afg-list-item to-sort \">\n\t<div class=\"afg-list-item-content\">\n\t\t<h3>FABRE INM FLUSS<\/h3>\n\t\t<p class=\"afg-metadata\">\n\t\t\t<span class=\"place\">Weserburg\/Museum f\u00fcr moderne Kunst, Bremen<\/span>\t\t<span class=\"dates\">10 Sep 2011 &#8211; 29 Jan 2012<\/span><\/p>\n\t<\/div>\n<\/div>\t\t\t\t\t<div id=\"post-3346\" class=\"afg-list-item to-sort \">\n\t<div class=\"afg-list-item-content\">\n\t\t<h3>TO MULTIPLY IS HUMAN<\/h3>\n\t\t<p class=\"afg-metadata\">\n\t\t\t<span class=\"place\">Edition Block, Berlin<\/span>\t\t<span class=\"dates\">10 Sep &#8211; 26 Nov 2011<\/span><\/p>\n\t<p class=\"afg-title-notes\">\n\t\tEdition Block 45 Years 1966-2011\t<\/p>\t\n\t<\/div>\n<\/div>\t\t\t\t\t<article id=\"post-490\" class=\" to-sort \">\n\t\t<figure class=\"afg-post-item-content\">\n\t\t\t\t\t\t\t<a href=\"https:\/\/www.sarkis.fr\/en\/2011\/ailleurs-ici\/\" title=\"AILLEURS, ICI\" data-modal-link=\"#modal-blog-block_62d7ca49184e9\" class=\"landscape\">\n\t\t\t\t\t<img loading=\"lazy\" decoding=\"async\" width=\"1276\" height=\"850\" src=\"https:\/\/www.sarkis.fr\/wp-content\/uploads\/2009\/12\/AILLEURS_ICI.jpg\" class=\"attachment-full size-full\" alt=\"AILLEURS_ICI\" \/>\t\t\t\t<\/a>\n\t\t\t\t\t\t<figcaption>\n\t\t\t\t<h2>\n\t\t\t\t\t<a href=\"https:\/\/www.sarkis.fr\/en\/2011\/ailleurs-ici\/\" title=\"AILLEURS, ICI\" data-modal-link=\"#modal-blog-block_62d7ca49184e9\">\n\t\t\t\t\t\tAILLEURS, ICI\t\t\t\t\t<\/a>\n\t\t\t\t<\/h2>\n\t\t\t\t<p class=\"afg-metadata\">\n\t\t\t<span class=\"place\">Ch\u00e2teaux de Chaumont<\/span>\t\t<span class=\"dates\">April 2011 &#8211; January 2014<\/span><span class=\"solo\">Solo<\/span><\/p>\n\t\t\t\t\t\t\t<\/figcaption>\n\t\t<\/figure>\n<\/article>\t\t\t\t\t<div id=\"post-3347\" class=\"afg-list-item to-sort \">\n\t<div class=\"afg-list-item-content\">\n\t\t<h3>A Cage Roaratorio<\/h3>\n\t\t<p class=\"afg-metadata\">\n\t\t\t<span class=\"place\">Archipel, Universit\u00e9 de Gen\u00e8ve<\/span>\t\t<span class=\"dates\">17 Mar &#8211; 18 Mar 2011<\/span><\/p>\n\t<\/div>\n<\/div>\t\t\t\t\t<article id=\"post-489\" class=\" to-sort \">\n\t\t<figure class=\"afg-post-item-content\">\n\t\t\t\t\t\t\t<a href=\"https:\/\/www.sarkis.fr\/en\/2011\/opus-n-2\/\" title=\"Opus N\u00b02\" data-modal-link=\"#modal-blog-block_62d7ca49184e9\" class=\"landscape\">\n\t\t\t\t\t<img loading=\"lazy\" decoding=\"async\" width=\"1400\" height=\"838\" src=\"https:\/\/www.sarkis.fr\/wp-content\/uploads\/2011\/04\/OPUS-N2-galerie-Nathalie-Obadia-Paris-11-3-3-5-2011.webp\" class=\"attachment-full size-full\" alt=\"\" srcset=\"https:\/\/www.sarkis.fr\/wp-content\/uploads\/2011\/04\/OPUS-N2-galerie-Nathalie-Obadia-Paris-11-3-3-5-2011.webp 1400w, https:\/\/www.sarkis.fr\/wp-content\/uploads\/2011\/04\/OPUS-N2-galerie-Nathalie-Obadia-Paris-11-3-3-5-2011-300x180.webp 300w, https:\/\/www.sarkis.fr\/wp-content\/uploads\/2011\/04\/OPUS-N2-galerie-Nathalie-Obadia-Paris-11-3-3-5-2011-1030x617.webp 1030w, https:\/\/www.sarkis.fr\/wp-content\/uploads\/2011\/04\/OPUS-N2-galerie-Nathalie-Obadia-Paris-11-3-3-5-2011-768x460.webp 768w\" sizes=\"auto, (max-width: 1400px) 100vw, 1400px\" \/>\t\t\t\t<\/a>\n\t\t\t\t\t\t<figcaption>\n\t\t\t\t<h2>\n\t\t\t\t\t<a href=\"https:\/\/www.sarkis.fr\/en\/2011\/opus-n-2\/\" title=\"Opus N\u00b02\" data-modal-link=\"#modal-blog-block_62d7ca49184e9\">\n\t\t\t\t\t\tOpus N\u00b02\t\t\t\t\t<\/a>\n\t\t\t\t<\/h2>\n\t\t\t\t<p class=\"afg-metadata\">\n\t\t\t<span class=\"place\">Galerie Nathalie Obadia, Paris<\/span>\t\t<span class=\"dates\">11 Mar &#8211; 3 May 2011<\/span><span class=\"solo\">Solo<\/span><\/p>\n\t\t\t\t\t\t\t<\/figcaption>\n\t\t<\/figure>\n<\/article>\t\t\t\t\t<article id=\"post-488\" class=\" to-sort \">\n\t\t<figure class=\"afg-post-item-content\">\n\t\t\t\t\t\t\t<a href=\"https:\/\/www.sarkis.fr\/en\/2011\/hotel-sarkis\/\" title=\"HOTEL SARKIS\" data-modal-link=\"#modal-blog-block_62d7ca49184e9\" class=\"landscape\">\n\t\t\t\t\t<img loading=\"lazy\" decoding=\"async\" width=\"1276\" height=\"850\" src=\"https:\/\/www.sarkis.fr\/wp-content\/uploads\/2009\/12\/Hotel-Sarkis-MAMCO-Geneve-fev-mai-2011.jpg\" class=\"attachment-full size-full\" alt=\"Hotel-Sarkis-MAMCO-Geneve-fev-mai-2011\" \/>\t\t\t\t<\/a>\n\t\t\t\t\t\t<figcaption>\n\t\t\t\t<h2>\n\t\t\t\t\t<a href=\"https:\/\/www.sarkis.fr\/en\/2011\/hotel-sarkis\/\" title=\"HOTEL SARKIS\" data-modal-link=\"#modal-blog-block_62d7ca49184e9\">\n\t\t\t\t\t\tHOTEL SARKIS\t\t\t\t\t<\/a>\n\t\t\t\t<\/h2>\n\t\t\t\t<p class=\"afg-metadata\">\n\t\t\t<span class=\"place\">MAMCO, Gen\u00e8ve<\/span>\t\t<span class=\"dates\">15 Feb &#8211; 8 May 2011<\/span><span class=\"solo\">Solo<\/span><\/p>\n\t\t\t\t\t\t\t<\/figcaption>\n\t\t<\/figure>\n<\/article>\t\t\t\t\t<article id=\"post-491\" class=\" to-sort \">\n\t\t<figure class=\"afg-post-item-content\">\n\t\t\t\t\t\t\t<a href=\"https:\/\/www.sarkis.fr\/en\/2011\/the-speed-of-colors\/\" title=\"The speed of colors\" data-modal-link=\"#modal-blog-block_62d7ca49184e9\" class=\"landscape\">\n\t\t\t\t\t<img loading=\"lazy\" decoding=\"async\" width=\"1385\" height=\"968\" src=\"https:\/\/www.sarkis.fr\/wp-content\/uploads\/2009\/12\/The_speed-of-colors-Tanas-Berlin-1.2.-14.5.2011.jpg\" class=\"attachment-full size-full\" alt=\"The_speed-of-colors-Tanas-Berlin-1.2.-14.5.2011\" \/>\t\t\t\t<\/a>\n\t\t\t\t\t\t<figcaption>\n\t\t\t\t<h2>\n\t\t\t\t\t<a href=\"https:\/\/www.sarkis.fr\/en\/2011\/the-speed-of-colors\/\" title=\"The speed of colors\" data-modal-link=\"#modal-blog-block_62d7ca49184e9\">\n\t\t\t\t\t\tThe speed of colors\t\t\t\t\t<\/a>\n\t\t\t\t<\/h2>\n\t\t\t\t<p class=\"afg-metadata\">\n\t\t\t<span class=\"place\">Tanas, Berlin<\/span>\t\t<span class=\"dates\">1 Feb &#8211; 14 May 2011<\/span><span class=\"solo\">Solo<\/span><\/p>\n\t\t\t\t\t\t\t<\/figcaption>\n\t\t<\/figure>\n<\/article>\t\t\t\t\t\t\t\t\t\t\t\t<p class=\"timeline line to-sort\" id=\"section-2010\" data-year=\"2010\">2010<\/p>\n\t\t\t\t\t\t\t<article id=\"post-484\" class=\" to-sort \">\n\t\t<figure class=\"afg-post-item-content\">\n\t\t\t\t\t\t\t<a href=\"https:\/\/www.sarkis.fr\/en\/2010\/bir-ikona\/\" title=\"Bir Ikona\" data-modal-link=\"#modal-blog-block_62d7ca49184e9\" class=\"landscape\">\n\t\t\t\t\t<img loading=\"lazy\" decoding=\"async\" width=\"835\" height=\"542\" src=\"https:\/\/www.sarkis.fr\/wp-content\/uploads\/2009\/12\/bir-ikona-kazim-taskent-gallery-Istanbul-020910-201010.jpg\" class=\"attachment-full size-full\" alt=\"Sarkis, Bir Ikona, Kazim Taskent Galerisi, Istanbul, 2 sep - 20 oct 2010\" \/>\t\t\t\t<\/a>\n\t\t\t\t\t\t<figcaption>\n\t\t\t\t<h2>\n\t\t\t\t\t<a href=\"https:\/\/www.sarkis.fr\/en\/2010\/bir-ikona\/\" title=\"Bir Ikona\" data-modal-link=\"#modal-blog-block_62d7ca49184e9\">\n\t\t\t\t\t\tBir Ikona\t\t\t\t\t<\/a>\n\t\t\t\t<\/h2>\n\t\t\t\t<p class=\"afg-metadata\">\n\t\t\t<span class=\"place\">Kazim Taskent Galerisi, Istanbul<\/span>\t\t<span class=\"dates\">2 Sep &#8211; 20 Oct 2010<\/span><span class=\"solo\">Solo<\/span><\/p>\n\t\t\t\t\t\t\t<\/figcaption>\n\t\t<\/figure>\n<\/article>\t\t\t\t\t<article id=\"post-483\" class=\" to-sort \">\n\t\t<figure class=\"afg-post-item-content\">\n\t\t\t\t\t\t\t<a href=\"https:\/\/www.sarkis.fr\/en\/2010\/la-tragedie-du-roi-richard-ii-scenographie-de-sarkis\/\" title=\"La Trag\u00e9die du roi Richard II\" data-modal-link=\"#modal-blog-block_62d7ca49184e9\" class=\"landscape\">\n\t\t\t\t\t<img loading=\"lazy\" decoding=\"async\" width=\"1587\" height=\"893\" src=\"https:\/\/www.sarkis.fr\/wp-content\/uploads\/2009\/12\/La-tragdie-de-Richard-II-mise-en-scne-Jean-Baptiste-Sastre-scnographie-Sarkis.jpg\" class=\"attachment-full size-full\" alt=\"La-tragdie-de-Richard-II-mise-en-scne-Jean-Baptiste-Sastre-scnographie-Sarkis\" \/>\t\t\t\t<\/a>\n\t\t\t\t\t\t<figcaption>\n\t\t\t\t<h2>\n\t\t\t\t\t<a href=\"https:\/\/www.sarkis.fr\/en\/2010\/la-tragedie-du-roi-richard-ii-scenographie-de-sarkis\/\" title=\"La Trag\u00e9die du roi Richard II\" data-modal-link=\"#modal-blog-block_62d7ca49184e9\">\n\t\t\t\t\t\tLa Trag\u00e9die du roi Richard II\t\t\t\t\t<\/a>\n\t\t\t\t<\/h2>\n\t\t\t\t<p class=\"afg-metadata\">\n\t\t\t<span class=\"place\">Festival d&#039;Avignon<\/span>\t\t<span class=\"dates\">20 Jul &#8211; 27 Jul 2010<\/span><\/p>\n\t<p class=\"afg-title-notes\">\n\t\tMise en sc\u00e8ne Jean-Baptiste Sastre, sc\u00e9nographie Sarkis\t<\/p>\t\n\t\t\t\t\t\t\t<\/figcaption>\n\t\t<\/figure>\n<\/article>\t\t\t\t\t<div id=\"post-3348\" class=\"afg-list-item to-sort \">\n\t<div class=\"afg-list-item-content\">\n\t\t<h3>Comics<\/h3>\n\t\t<p class=\"afg-metadata\">\n\t\t\t<span class=\"place\">Chapelle du Miracle, Avignon<\/span>\t\t<span class=\"dates\">9 Jul &#8211; 27 Jul 2010<\/span><\/p>\n\t<\/div>\n<\/div>\t\t\t\t\t<div id=\"post-3350\" class=\"afg-list-item to-sort \">\n\t<div class=\"afg-list-item-content\">\n\t\t<h3>Violet de Bayeux<\/h3>\n\t\t<p class=\"afg-metadata\">\n\t\t\t<span class=\"place\">Le Hangar, Bayeux<\/span>\t\t<span class=\"dates\">19 Jun &#8211; 19 Sep 2010<\/span><\/p>\n\t<\/div>\n<\/div>\t\t\t\t\t<div id=\"post-10344\" class=\"afg-list-item to-sort \">\n\t<div class=\"afg-list-item-content\">\n\t\t<h3>A Cage Roaratorio<\/h3>\n\t\t<p class=\"afg-metadata\">\n\t\t\t<span class=\"place\">IRCAM, Paris<\/span>\t\t<span class=\"dates\">7 Jun 2010<\/span><span class=\"solo\">Solo<\/span><\/p>\n\t<\/div>\n<\/div>\t\t\t\t\t<div id=\"post-3351\" class=\"afg-list-item to-sort \">\n\t<div class=\"afg-list-item-content\">\n\t\t<h3>Nomos et Physis<\/h3>\n\t\t<p class=\"afg-metadata\">\n\t\t\t<span class=\"place\">Galerie UQAM, Montr\u00e9al<\/span>\t\t<span class=\"dates\">30 Apr &#8211; 5 Jun 2010<\/span><\/p>\n\t<\/div>\n<\/div>\t\t\t\t\t<div id=\"post-3352\" class=\"afg-list-item to-sort \">\n\t<div class=\"afg-list-item-content\">\n\t\t<h3>Tactics of Invisibility<\/h3>\n\t\t<p class=\"afg-metadata\">\n\t\t\t<span class=\"place\">Thyssen-Bornemisza Art Contemporary, Vienna<\/span>\t\t<span class=\"dates\">15 Apr &#8211; 15 Aug 2010<\/span><\/p>\n\t<\/div>\n<\/div>\t\t\t\t\t<article id=\"post-481\" class=\" to-sort \">\n\t\t<figure class=\"afg-post-item-content\">\n\t\t\t\t\t\t\t<a href=\"https:\/\/www.sarkis.fr\/en\/2010\/opus-galerist-istanbul\/\" title=\"Opus : Galerist Istanbul.\" data-modal-link=\"#modal-blog-block_62d7ca49184e9\" class=\"landscape\">\n\t\t\t\t\t<img loading=\"lazy\" decoding=\"async\" width=\"1000\" height=\"563\" src=\"https:\/\/www.sarkis.fr\/wp-content\/uploads\/2009\/12\/2010-opus.jpg\" class=\"attachment-full size-full\" alt=\"2010-opus\" \/>\t\t\t\t<\/a>\n\t\t\t\t\t\t<figcaption>\n\t\t\t\t<h2>\n\t\t\t\t\t<a href=\"https:\/\/www.sarkis.fr\/en\/2010\/opus-galerist-istanbul\/\" title=\"Opus : Galerist Istanbul.\" data-modal-link=\"#modal-blog-block_62d7ca49184e9\">\n\t\t\t\t\t\tOpus : Galerist Istanbul.\t\t\t\t\t<\/a>\n\t\t\t\t<\/h2>\n\t\t\t\t<p class=\"afg-metadata\">\n\t\t\t<span class=\"place\">Galerist Istanbul<\/span>\t\t<span class=\"dates\">5 Mar &#8211; 10 Apr 2010<\/span><span class=\"solo\">Solo<\/span><\/p>\n\t\t\t\t\t\t\t<\/figcaption>\n\t\t<\/figure>\n<\/article>\t\t\t\t\t<article id=\"post-480\" class=\" to-sort \">\n\t\t<figure class=\"afg-post-item-content\">\n\t\t\t\t\t\t\t<a href=\"https:\/\/www.sarkis.fr\/en\/2010\/sarkis-passages\/\" title=\"Sarkis, Passages\" data-modal-link=\"#modal-blog-block_62d7ca49184e9\" class=\"landscape\">\n\t\t\t\t\t<img loading=\"lazy\" decoding=\"async\" width=\"1000\" height=\"687\" src=\"https:\/\/www.sarkis.fr\/wp-content\/uploads\/2010\/02\/sarkis_passages.jpg\" class=\"attachment-full size-full\" alt=\"Sarkis, Passages\" srcset=\"https:\/\/www.sarkis.fr\/wp-content\/uploads\/2010\/02\/sarkis_passages.jpg 1000w, https:\/\/www.sarkis.fr\/wp-content\/uploads\/2010\/02\/sarkis_passages-300x206.jpg 300w\" sizes=\"auto, (max-width: 1000px) 100vw, 1000px\" \/>\t\t\t\t<\/a>\n\t\t\t\t\t\t<figcaption>\n\t\t\t\t<h2>\n\t\t\t\t\t<a href=\"https:\/\/www.sarkis.fr\/en\/2010\/sarkis-passages\/\" title=\"Sarkis, Passages\" data-modal-link=\"#modal-blog-block_62d7ca49184e9\">\n\t\t\t\t\t\tSarkis, Passages\t\t\t\t\t<\/a>\n\t\t\t\t<\/h2>\n\t\t\t\t<p class=\"afg-metadata\">\n\t\t\t<span class=\"place\">Atelier Brancusi, Centre Pompidou, Paris<\/span>\t\t<span class=\"dates\">10 Feb &#8211; 21 Jun 2010<\/span><\/p>\n\t\t\t\t\t\t\t<\/figcaption>\n\t\t<\/figure>\n<\/article>\t\t\t\t\t\t\t\t\t\t\t\t<p class=\"timeline line to-sort\" id=\"section-2009\" data-year=\"2009\">2009<\/p>\n\t\t\t\t\t\t\t<div id=\"post-3353\" class=\"afg-list-item to-sort \">\n\t<div class=\"afg-list-item-content\">\n\t\t<h3>Le cri du paysage<\/h3>\n\t\t<p class=\"afg-metadata\">\n\t\t\t<span class=\"place\">Galerie of Marseille<\/span>\t\t<span class=\"dates\">20 Nov 2009 &#8211; 30 Jan 2010<\/span><\/p>\n\t<\/div>\n<\/div>\t\t\t\t\t<article id=\"post-447\" class=\" to-sort \">\n\t\t<figure class=\"afg-post-item-content\">\n\t\t\t\t\t\t\t<a href=\"https:\/\/www.sarkis.fr\/en\/2009\/altin-iskele-l-echaffaudage-en-or\/\" title=\"Altin Iskele (l&#8217;\u00e9chaffaudage en or).\" data-modal-link=\"#modal-blog-block_62d7ca49184e9\" class=\"landscape\">\n\t\t\t\t\t<img loading=\"lazy\" decoding=\"async\" width=\"1000\" height=\"681\" src=\"https:\/\/www.sarkis.fr\/wp-content\/uploads\/2009\/10\/chaffaudage_en_or_Novembre_2009_Istanbul.jpg\" class=\"attachment-full size-full\" alt=\"chaffaudage_en_or_Novembre_2009_Istanbul\" \/>\t\t\t\t<\/a>\n\t\t\t\t\t\t<figcaption>\n\t\t\t\t<h2>\n\t\t\t\t\t<a href=\"https:\/\/www.sarkis.fr\/en\/2009\/altin-iskele-l-echaffaudage-en-or\/\" title=\"Altin Iskele (l&#8217;\u00e9chaffaudage en or).\" data-modal-link=\"#modal-blog-block_62d7ca49184e9\">\n\t\t\t\t\t\tAltin Iskele (l&#8217;\u00e9chaffaudage en or).\t\t\t\t\t<\/a>\n\t\t\t\t<\/h2>\n\t\t\t\t<p class=\"afg-metadata\">\n\t\t\t<span class=\"place\">Atik Valide Kulliyesi, Uskudar, Istanbul<\/span>\t\t<span class=\"dates\">14 Nov 2009<\/span><\/p>\n\t\t\t\t\t\t\t<\/figcaption>\n\t\t<\/figure>\n<\/article>\t\t\t\t\t<div id=\"post-3354\" class=\"afg-list-item to-sort \">\n\t<div class=\"afg-list-item-content\">\n\t\t<h3>Ma chambre de la rue Krutenau en satellite<\/h3>\n\t\t<p class=\"afg-metadata\">\n\t\t\t<span class=\"dates\">4 Nov 2009<\/span><\/p>\n\t<p class=\"afg-title-notes\">\n\t\tNouvelle interpr\u00e9tation\t<\/p>\t\n\t<\/div>\n<\/div>\t\t\t\t\t<div id=\"post-3355\" class=\"afg-list-item to-sort \">\n\t<div class=\"afg-list-item-content\">\n\t\t<h3>Sarkis Yildiz\u2019da<\/h3>\n\t\t<p class=\"afg-metadata\">\n\t\t\t<span class=\"place\">Galerie Yuksel Sabanci, Universit\u00e9 Yildiz, Istanbul<\/span>\t\t<span class=\"dates\">7 Oct &#8211; 6 Nov 2009<\/span><\/p>\n\t<\/div>\n<\/div>\t\t\t\t\t<article id=\"post-445\" class=\" to-sort \">\n\t\t<figure class=\"afg-post-item-content\">\n\t\t\t\t\t\t\t<a href=\"https:\/\/www.sarkis.fr\/en\/2009\/litanies\/\" title=\"Litanies\" data-modal-link=\"#modal-blog-block_62d7ca49184e9\" class=\"landscape\">\n\t\t\t\t\t<img loading=\"lazy\" decoding=\"async\" width=\"809\" height=\"518\" src=\"https:\/\/www.sarkis.fr\/wp-content\/uploads\/2009\/10\/Litanies_Nuit_Blanche_La_Grande_Mosque_de_Paris_3_octobre_2009.jpg\" class=\"attachment-full size-full\" alt=\"Litanies_Nuit_Blanche_La_Grande_Mosque_de_Paris_3_octobre_2009\" \/>\t\t\t\t<\/a>\n\t\t\t\t\t\t<figcaption>\n\t\t\t\t<h2>\n\t\t\t\t\t<a href=\"https:\/\/www.sarkis.fr\/en\/2009\/litanies\/\" title=\"Litanies\" data-modal-link=\"#modal-blog-block_62d7ca49184e9\">\n\t\t\t\t\t\tLitanies\t\t\t\t\t<\/a>\n\t\t\t\t<\/h2>\n\t\t\t\t<p class=\"afg-metadata\">\n\t\t\t<span class=\"place\">Nuit Blanche, La Grande Mosqu\u00e9e de Paris<\/span>\t\t<span class=\"dates\">3 Oct 2009<\/span><\/p>\n\t\t\t\t\t\t\t<\/figcaption>\n\t\t<\/figure>\n<\/article>\t\t\t\t\t<article id=\"post-440\" class=\" to-sort \">\n\t\t<figure class=\"afg-post-item-content\">\n\t\t\t\t\t\t\t<a href=\"https:\/\/www.sarkis.fr\/en\/2009\/l-ouverture\/\" title=\"L&#8217;ouverture\" data-modal-link=\"#modal-blog-block_62d7ca49184e9\" class=\"landscape\">\n\t\t\t\t\t<img loading=\"lazy\" decoding=\"async\" width=\"800\" height=\"534\" src=\"https:\/\/www.sarkis.fr\/wp-content\/uploads\/2009\/10\/Louverture_10e_biennale_lyon.jpg\" class=\"attachment-full size-full\" alt=\"Louverture_10e_biennale_lyon\" \/>\t\t\t\t<\/a>\n\t\t\t\t\t\t<figcaption>\n\t\t\t\t<h2>\n\t\t\t\t\t<a href=\"https:\/\/www.sarkis.fr\/en\/2009\/l-ouverture\/\" title=\"L&#8217;ouverture\" data-modal-link=\"#modal-blog-block_62d7ca49184e9\">\n\t\t\t\t\t\tL&#8217;ouverture\t\t\t\t\t<\/a>\n\t\t\t\t<\/h2>\n\t\t\t\t<p class=\"afg-metadata\">\n\t\t\t<span class=\"place\">10\u00e8me Biennale de Lyon<\/span>\t\t<span class=\"dates\">15 Sep 2009 &#8211; 3 Jan 2010<\/span><\/p>\n\t\t\t\t\t\t\t<\/figcaption>\n\t\t<\/figure>\n<\/article>\t\t\t\t\t<div id=\"post-3356\" class=\"afg-list-item to-sort \">\n\t<div class=\"afg-list-item-content\">\n\t\t<h3>10 printemps en automne<\/h3>\n\t\t<p class=\"afg-metadata\">\n\t\t\t<span class=\"place\">Galerie Kamel Mennour, Paris<\/span>\t\t<span class=\"dates\">13 Sep &#8211; 12 Oct 2009<\/span><\/p>\n\t<\/div>\n<\/div>\t\t\t\t\t<article id=\"post-442\" class=\" to-sort \">\n\t\t<figure class=\"afg-post-item-content\">\n\t\t\t\t\t\t\t<a href=\"https:\/\/www.sarkis.fr\/en\/2009\/site\/\" title=\"SITE\" data-modal-link=\"#modal-blog-block_62d7ca49184e9\" class=\"landscape\">\n\t\t\t\t\t<img loading=\"lazy\" decoding=\"async\" width=\"850\" height=\"362\" src=\"https:\/\/www.sarkis.fr\/wp-content\/uploads\/2009\/10\/2009_Istanbul.jpg\" class=\"attachment-full size-full\" alt=\"2009_Istanbul\" \/>\t\t\t\t<\/a>\n\t\t\t\t\t\t<figcaption>\n\t\t\t\t<h2>\n\t\t\t\t\t<a href=\"https:\/\/www.sarkis.fr\/en\/2009\/site\/\" title=\"SITE\" data-modal-link=\"#modal-blog-block_62d7ca49184e9\">\n\t\t\t\t\t\tSITE\t\t\t\t\t<\/a>\n\t\t\t\t<\/h2>\n\t\t\t\t<p class=\"afg-metadata\">\n\t\t\t<span class=\"place\">Istanbul Modern, Istanbul<\/span>\t\t<span class=\"dates\">10 Sep 2009 &#8211; 10 Jan 2010<\/span><span class=\"solo\">Solo<\/span><\/p>\n\t\t\t\t\t\t\t<\/figcaption>\n\t\t<\/figure>\n<\/article>\t\t\t\t\t<div id=\"post-3357\" class=\"afg-list-item to-sort \">\n\t<div class=\"afg-list-item-content\">\n\t\t<h3>L\u2019\u00e9t\u00e9 photographique de Lectoure<\/h3>\n\t\t<p class=\"afg-metadata\">\n\t\t\t<span class=\"place\">Centre de Photographie de Lectoure<\/span>\t\t<span class=\"dates\">18 Jul &#8211; 23 Aug 2009<\/span><\/p>\n\t<\/div>\n<\/div>\t\t\t\t\t<div id=\"post-3358\" class=\"afg-list-item to-sort \">\n\t<div class=\"afg-list-item-content\">\n\t\t<h3>Quand la premi\u00e8re ivresse des acc\u00e8s bruyants<\/h3>\n\t\t<p class=\"afg-metadata\">\n\t\t\t<span class=\"place\">Ch\u00e2teau Guiraud, Bordeaux<\/span>\t\t<span class=\"dates\">16 May &#8211; 11 Oct 2009<\/span><\/p>\n\t<\/div>\n<\/div>\t\t\t\t\t<div id=\"post-3359\" class=\"afg-list-item to-sort \">\n\t<div class=\"afg-list-item-content\">\n\t\t<h3>SILENCIO<\/h3>\n\t\t<p class=\"afg-metadata\">\n\t\t\t<span class=\"place\">Eglise Saint Jean, Le Monastier<\/span>\t\t<span class=\"dates\">2 May &#8211; 28 May 2009<\/span><\/p>\n\t<\/div>\n<\/div>\t\t\t\t\t<div id=\"post-3360\" class=\"afg-list-item to-sort \">\n\t<div class=\"afg-list-item-content\">\n\t\t<h3>A plein tube sur la lumi\u00e8re et la couleur<\/h3>\n\t\t<p class=\"afg-metadata\">\n\t\t\t<span class=\"place\">Art &amp; Co., Bruxelles<\/span>\t\t<span class=\"dates\">25 Apr &#8211; 11 Jul 2009<\/span><\/p>\n\t<\/div>\n<\/div>\t\t\t\t\t<article id=\"post-435\" class=\" to-sort \">\n\t\t<figure class=\"afg-post-item-content\">\n\t\t\t\t\t\t\t<a href=\"https:\/\/www.sarkis.fr\/en\/2009\/mixed-bathing-world\/\" title=\"Mixed Bathing World\" data-modal-link=\"#modal-blog-block_62d7ca49184e9\" class=\"landscape\">\n\t\t\t\t\t<img loading=\"lazy\" decoding=\"async\" width=\"800\" height=\"600\" src=\"https:\/\/www.sarkis.fr\/wp-content\/uploads\/2009\/07\/Sarkis_2009-Beppu-Japan.jpg\" class=\"attachment-full size-full\" alt=\"Sarkis_2009-Beppu-Japan\" srcset=\"https:\/\/www.sarkis.fr\/wp-content\/uploads\/2009\/07\/Sarkis_2009-Beppu-Japan.jpg 800w, https:\/\/www.sarkis.fr\/wp-content\/uploads\/2009\/07\/Sarkis_2009-Beppu-Japan-300x225.jpg 300w\" sizes=\"auto, (max-width: 800px) 100vw, 800px\" \/>\t\t\t\t<\/a>\n\t\t\t\t\t\t<figcaption>\n\t\t\t\t<h2>\n\t\t\t\t\t<a href=\"https:\/\/www.sarkis.fr\/en\/2009\/mixed-bathing-world\/\" title=\"Mixed Bathing World\" data-modal-link=\"#modal-blog-block_62d7ca49184e9\">\n\t\t\t\t\t\tMixed Bathing World\t\t\t\t\t<\/a>\n\t\t\t\t<\/h2>\n\t\t\t\t<p class=\"afg-metadata\">\n\t\t\t<span class=\"place\">Beppu, Japon<\/span>\t\t<span class=\"dates\">11 Apr &#8211; 14 Jun 2009<\/span><\/p>\n\t\t\t\t\t\t\t<\/figcaption>\n\t\t<\/figure>\n<\/article>\t\t\t\t\t<article id=\"post-437\" class=\" to-sort \">\n\t\t<figure class=\"afg-post-item-content\">\n\t\t\t\t\t\t\t<a href=\"https:\/\/www.sarkis.fr\/en\/2009\/europe-xxl-istanbul-traversee\/\" title=\"Europe XXL ; Istanbul, Travers\u00e9e\" data-modal-link=\"#modal-blog-block_62d7ca49184e9\" class=\"landscape\">\n\t\t\t\t\t<img loading=\"lazy\" decoding=\"async\" width=\"800\" height=\"533\" src=\"https:\/\/www.sarkis.fr\/wp-content\/uploads\/2009\/07\/Sarkis_2009-Europe-XXL-Traversee.jpg\" class=\"attachment-full size-full\" alt=\"Sarkis_2009-Europe-XXL-Traversee\" \/>\t\t\t\t<\/a>\n\t\t\t\t\t\t<figcaption>\n\t\t\t\t<h2>\n\t\t\t\t\t<a href=\"https:\/\/www.sarkis.fr\/en\/2009\/europe-xxl-istanbul-traversee\/\" title=\"Europe XXL ; Istanbul, Travers\u00e9e\" data-modal-link=\"#modal-blog-block_62d7ca49184e9\">\n\t\t\t\t\t\tEurope XXL ; Istanbul, Travers\u00e9e\t\t\t\t\t<\/a>\n\t\t\t\t<\/h2>\n\t\t\t\t<p class=\"afg-metadata\">\n\t\t\t<span class=\"place\">Palais des Beaux-Arts, Lille<\/span>\t\t<span class=\"dates\">14 Mar &#8211; 12 Jul 2009<\/span><\/p>\n\t\t\t\t\t\t\t<\/figcaption>\n\t\t<\/figure>\n<\/article>\t\t\t\t\t<article id=\"post-431\" class=\" to-sort \">\n\t\t<figure class=\"afg-post-item-content\">\n\t\t\t\t\t\t\t<a href=\"https:\/\/www.sarkis.fr\/en\/2009\/d-apres-et-apres\/\" title=\"D&#8217;apr\u00e8s et apr\u00e8s\" data-modal-link=\"#modal-blog-block_62d7ca49184e9\" class=\"landscape\">\n\t\t\t\t\t<img loading=\"lazy\" decoding=\"async\" width=\"800\" height=\"603\" src=\"https:\/\/www.sarkis.fr\/wp-content\/uploads\/2009\/07\/sarkis_d_aprs_et_aprs.jpg\" class=\"attachment-full size-full\" alt=\"sarkis_d_aprs_et_aprs\" \/>\t\t\t\t<\/a>\n\t\t\t\t\t\t<figcaption>\n\t\t\t\t<h2>\n\t\t\t\t\t<a href=\"https:\/\/www.sarkis.fr\/en\/2009\/d-apres-et-apres\/\" title=\"D&#8217;apr\u00e8s et apr\u00e8s\" data-modal-link=\"#modal-blog-block_62d7ca49184e9\">\n\t\t\t\t\t\tD&#8217;apr\u00e8s et apr\u00e8s\t\t\t\t\t<\/a>\n\t\t\t\t<\/h2>\n\t\t\t\t<p class=\"afg-metadata\">\n\t\t\t<span class=\"place\">\u00c9cole des Beaux-Arts, Rennes<\/span>\t\t<span class=\"dates\">4 Mar &#8211; 14 Apr 2009<\/span><span class=\"solo\">Solo<\/span><\/p>\n\t\t\t\t\t\t\t<\/figcaption>\n\t\t<\/figure>\n<\/article>\t\t\t\t\t<article id=\"post-363\" class=\" to-sort \">\n\t\t<figure class=\"afg-post-item-content\">\n\t\t\t\t\t\t\t<a href=\"https:\/\/www.sarkis.fr\/en\/2009\/ekphrasis\/\" title=\"Ekphrasis\" data-modal-link=\"#modal-blog-block_62d7ca49184e9\" class=\"landscape\">\n\t\t\t\t\t<img loading=\"lazy\" decoding=\"async\" width=\"545\" height=\"410\" src=\"https:\/\/www.sarkis.fr\/wp-content\/uploads\/2009\/06\/sarkis-2009-ekphrasis.jpg\" class=\"attachment-full size-full\" alt=\"sarkis-2009-ekphrasis\" srcset=\"https:\/\/www.sarkis.fr\/wp-content\/uploads\/2009\/06\/sarkis-2009-ekphrasis.jpg 545w, https:\/\/www.sarkis.fr\/wp-content\/uploads\/2009\/06\/sarkis-2009-ekphrasis-300x226.jpg 300w\" sizes=\"auto, (max-width: 545px) 100vw, 545px\" \/>\t\t\t\t<\/a>\n\t\t\t\t\t\t<figcaption>\n\t\t\t\t<h2>\n\t\t\t\t\t<a href=\"https:\/\/www.sarkis.fr\/en\/2009\/ekphrasis\/\" title=\"Ekphrasis\" data-modal-link=\"#modal-blog-block_62d7ca49184e9\">\n\t\t\t\t\t\tEkphrasis\t\t\t\t\t<\/a>\n\t\t\t\t<\/h2>\n\t\t\t\t<p class=\"afg-metadata\">\n\t\t\t<span class=\"place\">Galerie Art &amp; Essai, Rennes<\/span>\t\t<span class=\"dates\">4 Mar &#8211; 14 Apr 2009<\/span><span class=\"solo\">Solo<\/span><\/p>\n\t\t\t\t\t\t\t<\/figcaption>\n\t\t<\/figure>\n<\/article>\t\t\t\t\t<div id=\"post-3361\" class=\"afg-list-item to-sort \">\n\t<div class=\"afg-list-item-content\">\n\t\t<h3>-.une collection<\/h3>\n\t\t<p class=\"afg-metadata\">\n\t\t\t<span class=\"place\">MAMCO, Gen\u00e8ve<\/span>\t\t<span class=\"dates\">24 Feb &#8211; 24 May 2009<\/span><\/p>\n\t<\/div>\n<\/div>\t\t\t\t\t<div id=\"post-3362\" class=\"afg-list-item to-sort \">\n\t<div class=\"afg-list-item-content\">\n\t\t<h3>ring portrets<\/h3>\n\t\t<p class=\"afg-metadata\">\n\t\t\t<span class=\"place\">Galerie de Zaal, Delft<\/span>\t\t<span class=\"dates\">22 Feb &#8211; 5 Apr 2009<\/span><span class=\"solo\">Solo<\/span><\/p>\n\t<\/div>\n<\/div>\t\t\t\t\t\t\t\t\t\t\t\t<p class=\"timeline line to-sort\" id=\"section-2008\" data-year=\"2008\">2008<\/p>\n\t\t\t\t\t\t\t<div id=\"post-3363\" class=\"afg-list-item to-sort \">\n\t<div class=\"afg-list-item-content\">\n\t\t<h3>Dans la nuits des images<\/h3>\n\t\t<p class=\"afg-metadata\">\n\t\t\t<span class=\"place\">Nef du Grand Palais, Paris<\/span>\t\t<span class=\"dates\">17 Dec 2008<\/span><\/p>\n\t<\/div>\n<\/div>\t\t\t\t\t<div id=\"post-3364\" class=\"afg-list-item to-sort \">\n\t<div class=\"afg-list-item-content\">\n\t\t<h3>L\u2019art contemporain de Georges Perec<\/h3>\n\t\t<p class=\"afg-metadata\">\n\t\t\t<span class=\"place\">Mus\u00e9e des Beaux-Arts de Nantes<\/span>\t\t<span class=\"dates\">26 Jun &#8211; 11 Nov 2008<\/span><\/p>\n\t<\/div>\n<\/div>\t\t\t\t\t<div id=\"post-3365\" class=\"afg-list-item to-sort \">\n\t<div class=\"afg-list-item-content\">\n\t\t<h3>En perspective, Giacometti<\/h3>\n\t\t<p class=\"afg-metadata\">\n\t\t\t<span class=\"place\">Mus\u00e9e des Beaux-Arts, Caen<\/span>\t\t<span class=\"dates\">17 May &#8211; 31 Aug 2008<\/span><\/p>\n\t<\/div>\n<\/div>\t\t\t\t\t<div id=\"post-3366\" class=\"afg-list-item to-sort \">\n\t<div class=\"afg-list-item-content\">\n\t\t<h3>Les \u00ab Tr\u00e9sors de guerre \u00bb sont-ils sacr\u00e9s ?<\/h3>\n\t\t<p class=\"afg-metadata\">\n\t\t\t<span class=\"place\">Galerie Jean Brolly, Paris<\/span>\t\t<span class=\"dates\">20 Mar &#8211; 26 Apr 2008<\/span><span class=\"solo\">Solo<\/span><\/p>\n\t<\/div>\n<\/div>\t\t\t\t\t<article id=\"post-16\" class=\" to-sort \">\n\t\t<figure class=\"afg-post-item-content\">\n\t\t\t\t\t\t\t<a href=\"https:\/\/www.sarkis.fr\/en\/2008\/landscape-forever-2008-museum-boijmans-van-beuningen-rotterdam\/\" title=\"Landscape Forever\" data-modal-link=\"#modal-blog-block_62d7ca49184e9\" class=\"landscape\">\n\t\t\t\t\t<img loading=\"lazy\" decoding=\"async\" width=\"800\" height=\"533\" src=\"https:\/\/www.sarkis.fr\/wp-content\/uploads\/2009\/05\/2008-Boijmans-Rotterdam_F70C.jpg\" class=\"attachment-full size-full\" alt=\"2008-Boijmans-Rotterdam_F70C\" srcset=\"https:\/\/www.sarkis.fr\/wp-content\/uploads\/2009\/05\/2008-Boijmans-Rotterdam_F70C.jpg 800w, https:\/\/www.sarkis.fr\/wp-content\/uploads\/2009\/05\/2008-Boijmans-Rotterdam_F70C-300x200.jpg 300w\" sizes=\"auto, (max-width: 800px) 100vw, 800px\" \/>\t\t\t\t<\/a>\n\t\t\t\t\t\t<figcaption>\n\t\t\t\t<h2>\n\t\t\t\t\t<a href=\"https:\/\/www.sarkis.fr\/en\/2008\/landscape-forever-2008-museum-boijmans-van-beuningen-rotterdam\/\" title=\"Landscape Forever\" data-modal-link=\"#modal-blog-block_62d7ca49184e9\">\n\t\t\t\t\t\tLandscape Forever\t\t\t\t\t<\/a>\n\t\t\t\t<\/h2>\n\t\t\t\t<p class=\"afg-metadata\">\n\t\t\t<span class=\"place\">Museum Boijmans van Beuningen, Rotterdam<\/span>\t\t<span class=\"dates\">16 Feb &#8211; 25 May 2008<\/span><span class=\"solo\">Solo<\/span><\/p>\n\t\t\t\t\t\t\t<\/figcaption>\n\t\t<\/figure>\n<\/article>\t\t\t\t\t<article id=\"post-362\" class=\" to-sort \">\n\t\t<figure class=\"afg-post-item-content\">\n\t\t\t\t\t\t\t<a href=\"https:\/\/www.sarkis.fr\/en\/2008\/landscape-forever\/\" title=\"Landscape Forever\" data-modal-link=\"#modal-blog-block_62d7ca49184e9\" class=\"landscape\">\n\t\t\t\t\t<img loading=\"lazy\" decoding=\"async\" width=\"800\" height=\"533\" src=\"https:\/\/www.sarkis.fr\/wp-content\/uploads\/2009\/06\/Sarkis_2008-Boijmans-Rotterdam.jpg\" class=\"attachment-full size-full\" alt=\"Sarkis_2008-Boijmans-Rotterdam\" srcset=\"https:\/\/www.sarkis.fr\/wp-content\/uploads\/2009\/06\/Sarkis_2008-Boijmans-Rotterdam.jpg 800w, https:\/\/www.sarkis.fr\/wp-content\/uploads\/2009\/06\/Sarkis_2008-Boijmans-Rotterdam-300x200.jpg 300w\" sizes=\"auto, (max-width: 800px) 100vw, 800px\" \/>\t\t\t\t<\/a>\n\t\t\t\t\t\t<figcaption>\n\t\t\t\t<h2>\n\t\t\t\t\t<a href=\"https:\/\/www.sarkis.fr\/en\/2008\/landscape-forever\/\" title=\"Landscape Forever\" data-modal-link=\"#modal-blog-block_62d7ca49184e9\">\n\t\t\t\t\t\tLandscape Forever\t\t\t\t\t<\/a>\n\t\t\t\t<\/h2>\n\t\t\t\t<p class=\"afg-metadata\">\n\t\t\t<span class=\"place\">Museum Boijmans van Beuningen, Rotterdam<\/span>\t\t<span class=\"dates\">16 Feb &#8211; 25 May 2008<\/span><span class=\"solo\">Solo<\/span><\/p>\n\t\t\t\t\t\t\t<\/figcaption>\n\t\t<\/figure>\n<\/article>\t\t\t\t\t<div id=\"post-3367\" class=\"afg-list-item to-sort \">\n\t<div class=\"afg-list-item-content\">\n\t\t<h3>Archa\u00efque Contemporain<\/h3>\n\t\t<p class=\"afg-metadata\">\n\t\t\t<span class=\"place\">Espace Ecureuil, Toulouse<\/span>\t\t<span class=\"dates\">17 Jan &#8211; 22 Feb 2008<\/span><\/p>\n\t<\/div>\n<\/div>\t\t\t\t\t<div id=\"post-3368\" class=\"afg-list-item to-sort \">\n\t<div class=\"afg-list-item-content\">\n\t\t<h3>Trait d\u2019esprit<\/h3>\n\t\t<p class=\"afg-metadata\">\n\t\t\t<span class=\"place\">Le Forum, Blanc-Mesnil<\/span>\t\t<span class=\"dates\">12 Jan &#8211; 8 Mar 2008<\/span><\/p>\n\t<\/div>\n<\/div>\t\t\t\t\t\t\t\t\t\t\t\t<p class=\"timeline line to-sort\" id=\"section-2007\" data-year=\"2007\">2007<\/p>\n\t\t\t\t\t\t\t<div id=\"post-3369\" class=\"afg-list-item to-sort \">\n\t<div class=\"afg-list-item-content\">\n\t\t<h3>Modern and Beyond<\/h3>\n\t\t<p class=\"afg-metadata\">\n\t\t\t<span class=\"place\">SantralIstanbul, Istanbul<\/span>\t\t<span class=\"dates\">8 Sep 2007 &#8211; 29 Feb 2008<\/span><\/p>\n\t<\/div>\n<\/div>\t\t\t\t\t<div id=\"post-3370\" class=\"afg-list-item to-sort \">\n\t<div class=\"afg-list-item-content\">\n\t\t<h3>10. Istanbul Biennale<\/h3>\n\t\t<p class=\"afg-metadata\">\n\t\t\t<span class=\"place\">Istanbul<\/span>\t\t<span class=\"dates\">7 Sep &#8211; 4 Nov 2007<\/span><\/p>\n\t<\/div>\n<\/div>\t\t\t\t\t<div id=\"post-3371\" class=\"afg-list-item to-sort \">\n\t<div class=\"afg-list-item-content\">\n\t\t<h3>Time present time past<\/h3>\n\t\t<p class=\"afg-metadata\">\n\t\t\t<span class=\"place\">Istanbul Modern<\/span>\t\t<span class=\"dates\">6 Sep &#8211; 2 Dec 2007<\/span><\/p>\n\t<\/div>\n<\/div>\t\t\t\t\t<div id=\"post-3372\" class=\"afg-list-item to-sort \">\n\t<div class=\"afg-list-item-content\">\n\t\t<h3>Anonymes sign\u00e9s<\/h3>\n\t\t<p class=\"afg-metadata\">\n\t\t\t<span class=\"place\">Portakal Galerie, Istanbul<\/span>\t\t<span class=\"dates\">4 Sep &#8211; 24 Sep 2007<\/span><span class=\"solo\">Solo<\/span><\/p>\n\t<\/div>\n<\/div>\t\t\t\t\t<article id=\"post-9426\" class=\" to-sort \">\n\t\t<figure class=\"afg-post-item-content\">\n\t\t\t\t\t\t\t<a href=\"https:\/\/www.sarkis.fr\/en\/2007\/la-suite-des-innocents\/\" title=\"La Suite des Innocents\" data-modal-link=\"#modal-blog-block_62d7ca49184e9\" class=\"landscape\">\n\t\t\t\t\t<img loading=\"lazy\" decoding=\"async\" width=\"800\" height=\"533\" src=\"https:\/\/www.sarkis.fr\/wp-content\/uploads\/2009\/06\/Sarkis_2007-Maison-Rouge.jpg\" class=\"attachment-full size-full\" alt=\"Sarkis_2007-Maison-Rouge\" srcset=\"https:\/\/www.sarkis.fr\/wp-content\/uploads\/2009\/06\/Sarkis_2007-Maison-Rouge.jpg 800w, https:\/\/www.sarkis.fr\/wp-content\/uploads\/2009\/06\/Sarkis_2007-Maison-Rouge-300x200.jpg 300w\" sizes=\"auto, (max-width: 800px) 100vw, 800px\" \/>\t\t\t\t<\/a>\n\t\t\t\t\t\t<figcaption>\n\t\t\t\t<h2>\n\t\t\t\t\t<a href=\"https:\/\/www.sarkis.fr\/en\/2007\/la-suite-des-innocents\/\" title=\"La Suite des Innocents\" data-modal-link=\"#modal-blog-block_62d7ca49184e9\">\n\t\t\t\t\t\tLa Suite des Innocents\t\t\t\t\t<\/a>\n\t\t\t\t<\/h2>\n\t\t\t\t<p class=\"afg-metadata\">\n\t\t\t<span class=\"place\">La Maison Rouge, Paris<\/span>\t\t<span class=\"dates\">16 Jun &#8211; 2 Sep 2007<\/span><span class=\"solo\">Solo<\/span><\/p>\n\t\t\t\t\t\t\t<\/figcaption>\n\t\t<\/figure>\n<\/article>\t\t\t\t\t<article id=\"post-353\" class=\" to-sort \">\n\t\t<figure class=\"afg-post-item-content\">\n\t\t\t\t\t\t\t<a href=\"https:\/\/www.sarkis.fr\/en\/2007\/ikonen\/\" title=\"IKONEN\" data-modal-link=\"#modal-blog-block_62d7ca49184e9\" class=\"landscape\">\n\t\t\t\t\t<img loading=\"lazy\" decoding=\"async\" width=\"800\" height=\"524\" src=\"https:\/\/www.sarkis.fr\/wp-content\/uploads\/2009\/06\/Sarkis_2007-Bode-Berlin.jpg\" class=\"attachment-full size-full\" alt=\"Sarkis_2007-Bode-Berlin\" srcset=\"https:\/\/www.sarkis.fr\/wp-content\/uploads\/2009\/06\/Sarkis_2007-Bode-Berlin.jpg 800w, https:\/\/www.sarkis.fr\/wp-content\/uploads\/2009\/06\/Sarkis_2007-Bode-Berlin-300x197.jpg 300w\" sizes=\"auto, (max-width: 800px) 100vw, 800px\" \/>\t\t\t\t<\/a>\n\t\t\t\t\t\t<figcaption>\n\t\t\t\t<h2>\n\t\t\t\t\t<a href=\"https:\/\/www.sarkis.fr\/en\/2007\/ikonen\/\" title=\"IKONEN\" data-modal-link=\"#modal-blog-block_62d7ca49184e9\">\n\t\t\t\t\t\tIKONEN\t\t\t\t\t<\/a>\n\t\t\t\t<\/h2>\n\t\t\t\t<p class=\"afg-metadata\">\n\t\t\t<span class=\"place\">Bode Museum, Berlin<\/span>\t\t<span class=\"dates\">1 Jun &#8211; 15 Jul 2007<\/span><span class=\"solo\">Solo<\/span><\/p>\n\t\t\t\t\t\t\t<\/figcaption>\n\t\t<\/figure>\n<\/article>\t\t\t\t\t<div id=\"post-3373\" class=\"afg-list-item to-sort \">\n\t<div class=\"afg-list-item-content\">\n\t\t<h3>Luce di pietra<\/h3>\n\t\t<p class=\"afg-metadata\">\n\t\t\t<span class=\"place\">Chiesa di S. Luigi dei Francesi, Cappella Contarelli (ciclo di Can Matteo del Caravaggio), Roma<\/span>\t\t<span class=\"dates\">22 Mar 2007<\/span><\/p>\n\t<\/div>\n<\/div>\t\t\t\t\t<div id=\"post-3374\" class=\"afg-list-item to-sort \">\n\t<div class=\"afg-list-item-content\">\n\t\t<h3>Moscow Biennale<\/h3>\n\t\t<p class=\"afg-metadata\">\n\t\t\t<span class=\"place\">Moscou<\/span>\t\t<span class=\"dates\">March 2007<\/span><\/p>\n\t<\/div>\n<\/div>\t\t\t\t\t<article id=\"post-357\" class=\" to-sort \">\n\t\t<figure class=\"afg-post-item-content\">\n\t\t\t\t\t\t\t<a href=\"https:\/\/www.sarkis.fr\/en\/2007\/rencontre-avec-uccello-gruenewald-munch-beuys\/\" title=\"Rencontre avec Uccello, Gr\u00fcnewald, Munch, Beuys\" data-modal-link=\"#modal-blog-block_62d7ca49184e9\" class=\"landscape\">\n\t\t\t\t\t<img loading=\"lazy\" decoding=\"async\" width=\"789\" height=\"533\" src=\"https:\/\/www.sarkis.fr\/wp-content\/uploads\/2009\/06\/sarkis-2007-rencontre-avec-uccello-grunewald-munch-beuys.jpg\" class=\"attachment-full size-full\" alt=\"sarkis-2007-rencontre-avec-uccello-grunewald-munch-beuys\" srcset=\"https:\/\/www.sarkis.fr\/wp-content\/uploads\/2009\/06\/sarkis-2007-rencontre-avec-uccello-grunewald-munch-beuys.jpg 789w, https:\/\/www.sarkis.fr\/wp-content\/uploads\/2009\/06\/sarkis-2007-rencontre-avec-uccello-grunewald-munch-beuys-300x203.jpg 300w\" sizes=\"auto, (max-width: 789px) 100vw, 789px\" \/>\t\t\t\t<\/a>\n\t\t\t\t\t\t<figcaption>\n\t\t\t\t<h2>\n\t\t\t\t\t<a href=\"https:\/\/www.sarkis.fr\/en\/2007\/rencontre-avec-uccello-gruenewald-munch-beuys\/\" title=\"Rencontre avec Uccello, Gr\u00fcnewald, Munch, Beuys\" data-modal-link=\"#modal-blog-block_62d7ca49184e9\">\n\t\t\t\t\t\tRencontre avec Uccello, Gr\u00fcnewald, Munch, Beuys\t\t\t\t\t<\/a>\n\t\t\t\t<\/h2>\n\t\t\t\t<p class=\"afg-metadata\">\n\t\t\t<span class=\"place\">Mus\u00e9e du Louvre, Paris<\/span>\t\t<span class=\"dates\">21 Feb &#8211; 21 May 2007<\/span><span class=\"solo\">Solo<\/span><\/p>\n\t\t\t\t\t\t\t<\/figcaption>\n\t\t<\/figure>\n<\/article>\t\t\t\t\t<article id=\"post-102\" class=\" to-sort \">\n\t\t<figure class=\"afg-post-item-content\">\n\t\t\t\t\t\t\t<a href=\"https:\/\/www.sarkis.fr\/en\/2007\/inclinaison\/\" title=\"Inclinaison\" data-modal-link=\"#modal-blog-block_62d7ca49184e9\" class=\"landscape\">\n\t\t\t\t\t<img loading=\"lazy\" decoding=\"async\" width=\"800\" height=\"534\" src=\"https:\/\/www.sarkis.fr\/wp-content\/uploads\/2009\/05\/2007-Bourdelle-2.jpg\" class=\"attachment-full size-full\" alt=\"2007-Bourdelle-2\" srcset=\"https:\/\/www.sarkis.fr\/wp-content\/uploads\/2009\/05\/2007-Bourdelle-2.jpg 800w, https:\/\/www.sarkis.fr\/wp-content\/uploads\/2009\/05\/2007-Bourdelle-2-300x200.jpg 300w\" sizes=\"auto, (max-width: 800px) 100vw, 800px\" \/>\t\t\t\t<\/a>\n\t\t\t\t\t\t<figcaption>\n\t\t\t\t<h2>\n\t\t\t\t\t<a href=\"https:\/\/www.sarkis.fr\/en\/2007\/inclinaison\/\" title=\"Inclinaison\" data-modal-link=\"#modal-blog-block_62d7ca49184e9\">\n\t\t\t\t\t\tInclinaison\t\t\t\t\t<\/a>\n\t\t\t\t<\/h2>\n\t\t\t\t<p class=\"afg-metadata\">\n\t\t\t<span class=\"place\">Mus\u00e9e Bourdelle, Paris<\/span>\t\t<span class=\"dates\">25 Jan &#8211; 4 Jan 2007<\/span><span class=\"solo\">Solo<\/span><\/p>\n\t\t\t\t\t\t\t<\/figcaption>\n\t\t<\/figure>\n<\/article>\t\t\t\t\t\t\t\t\t\t\t\t<p class=\"timeline line to-sort\" id=\"section-2006\" data-year=\"2006\">2006<\/p>\n\t\t\t\t\t\t\t<div id=\"post-3375\" class=\"afg-list-item to-sort \">\n\t<div class=\"afg-list-item-content\">\n\t\t<h3>Rencontre Sarkis\/Kramer<\/h3>\n\t\t<p class=\"afg-metadata\">\n\t\t\t<span class=\"place\">Mus\u00e9e des Beaux-Arts, Lille<\/span>\t\t<span class=\"dates\">2 Oct &#8211; 8 Oct 2006<\/span><\/p>\n\t<\/div>\n<\/div>\t\t\t\t\t<article id=\"post-351\" class=\" to-sort \">\n\t\t<figure class=\"afg-post-item-content\">\n\t\t\t\t\t\t\t<a href=\"https:\/\/www.sarkis.fr\/en\/2006\/alive-and-after\/\" title=\"Alive and After\" data-modal-link=\"#modal-blog-block_62d7ca49184e9\" class=\"landscape\">\n\t\t\t\t\t<img loading=\"lazy\" decoding=\"async\" width=\"800\" height=\"600\" src=\"https:\/\/www.sarkis.fr\/wp-content\/uploads\/2009\/06\/Sarkis_2006-SFAI.jpg\" class=\"attachment-full size-full\" alt=\"Sarkis_2006-SFAI\" srcset=\"https:\/\/www.sarkis.fr\/wp-content\/uploads\/2009\/06\/Sarkis_2006-SFAI.jpg 800w, https:\/\/www.sarkis.fr\/wp-content\/uploads\/2009\/06\/Sarkis_2006-SFAI-300x225.jpg 300w\" sizes=\"auto, (max-width: 800px) 100vw, 800px\" \/>\t\t\t\t<\/a>\n\t\t\t\t\t\t<figcaption>\n\t\t\t\t<h2>\n\t\t\t\t\t<a href=\"https:\/\/www.sarkis.fr\/en\/2006\/alive-and-after\/\" title=\"Alive and After\" data-modal-link=\"#modal-blog-block_62d7ca49184e9\">\n\t\t\t\t\t\tAlive and After\t\t\t\t\t<\/a>\n\t\t\t\t<\/h2>\n\t\t\t\t<p class=\"afg-metadata\">\n\t\t\t<span class=\"place\">Art Institute, San Francisco<\/span>\t\t<span class=\"dates\">21 Sep &#8211; 9 Dec 2006<\/span><span class=\"solo\">Solo<\/span><\/p>\n\t\t\t\t\t\t\t<\/figcaption>\n\t\t<\/figure>\n<\/article>\t\t\t\t\t<div id=\"post-3376\" class=\"afg-list-item to-sort \">\n\t<div class=\"afg-list-item-content\">\n\t\t<h3>So far away from here<\/h3>\n\t\t<p class=\"afg-metadata\">\n\t\t\t<span class=\"place\">Ankara train station<\/span>\t\t<span class=\"dates\">23 May 2006<\/span><\/p>\n\t<\/div>\n<\/div>\t\t\t\t\t<div id=\"post-3377\" class=\"afg-list-item to-sort \">\n\t<div class=\"afg-list-item-content\">\n\t\t<h3>Painting as a way of living<\/h3>\n\t\t<p class=\"afg-metadata\">\n\t\t\t<span class=\"place\">Istanbul Modern<\/span>\t\t<span class=\"dates\">18 May &#8211; 27 Aug 2006<\/span><\/p>\n\t<\/div>\n<\/div>\t\t\t\t\t<div id=\"post-3378\" class=\"afg-list-item to-sort \">\n\t<div class=\"afg-list-item-content\">\n\t\t<h3>Profils<\/h3>\n\t\t<p class=\"afg-metadata\">\n\t\t\t<span class=\"place\">Pera Museum, Istanbul<\/span>\t\t<span class=\"dates\">9 May 2006<\/span><\/p>\n\t<\/div>\n<\/div>\t\t\t\t\t<div id=\"post-3379\" class=\"afg-list-item to-sort \">\n\t<div class=\"afg-list-item-content\">\n\t\t<h3>La Force de l\u2019Art<\/h3>\n\t\t<p class=\"afg-metadata\">\n\t\t\t<span class=\"place\">Grand Palais, Paris<\/span>\t\t<span class=\"dates\">9 May &#8211; 20 Jun 2006<\/span><\/p>\n\t<\/div>\n<\/div>\t\t\t\t\t<div id=\"post-3380\" class=\"afg-list-item to-sort \">\n\t<div class=\"afg-list-item-content\">\n\t\t<h3>12 aquarelles diss\u00e9min\u00e9es dans le temps<\/h3>\n\t\t<p class=\"afg-metadata\">\n\t\t\t<span class=\"place\">Galerie J.B.B. Mulhouse<\/span>\t\t<span class=\"dates\">11 Mar &#8211; 29 Apr 2006<\/span><span class=\"solo\">Solo<\/span><\/p>\n\t<\/div>\n<\/div>\t\t\t\t\t<div id=\"post-3381\" class=\"afg-list-item to-sort \">\n\t<div class=\"afg-list-item-content\">\n\t\t<h3>Alive and after<\/h3>\n\t\t<p class=\"afg-metadata\">\n\t\t\t<span class=\"place\">Galerie de Zaal, Delft<\/span>\t\t<span class=\"dates\">15 Jan &#8211; 19 Feb 2006<\/span><span class=\"solo\">Solo<\/span><\/p>\n\t<\/div>\n<\/div>\t\t\t\t\t\t\t\t\t\t\t\t<p class=\"timeline line to-sort\" id=\"section-2005\" data-year=\"2005\">2005<\/p>\n\t\t\t\t\t\t\t<div id=\"post-3383\" class=\"afg-list-item to-sort \">\n\t<div class=\"afg-list-item-content\">\n\t\t<h3>LICHTKUNST<\/h3>\n\t\t<p class=\"afg-metadata\">\n\t\t\t<span class=\"place\">ZKM Karlsruhe<\/span>\t\t<span class=\"dates\">19 Nov 2005 &#8211; 1 May 2006<\/span><\/p>\n\t<\/div>\n<\/div>\t\t\t\t\t<article id=\"post-349\" class=\" to-sort \">\n\t\t<figure class=\"afg-post-item-content\">\n\t\t\t\t\t\t\t<a href=\"https:\/\/www.sarkis.fr\/en\/2005\/au-commencement-le-toucher\/\" title=\"Au commencement le toucher\" data-modal-link=\"#modal-blog-block_62d7ca49184e9\" class=\"landscape\">\n\t\t\t\t\t<img loading=\"lazy\" decoding=\"async\" width=\"800\" height=\"586\" src=\"https:\/\/www.sarkis.fr\/wp-content\/uploads\/2009\/06\/Sarkis_2005-Unterlinden.jpg\" class=\"attachment-full size-full\" alt=\"Au commencement le toucher : 2005, 8.11.05 \u2013 9.2.2006. Le Mus\u00e9e Unterlinden, Colmar.\" srcset=\"https:\/\/www.sarkis.fr\/wp-content\/uploads\/2009\/06\/Sarkis_2005-Unterlinden.jpg 800w, https:\/\/www.sarkis.fr\/wp-content\/uploads\/2009\/06\/Sarkis_2005-Unterlinden-300x220.jpg 300w\" sizes=\"auto, (max-width: 800px) 100vw, 800px\" \/>\t\t\t\t<\/a>\n\t\t\t\t\t\t<figcaption>\n\t\t\t\t<h2>\n\t\t\t\t\t<a href=\"https:\/\/www.sarkis.fr\/en\/2005\/au-commencement-le-toucher\/\" title=\"Au commencement le toucher\" data-modal-link=\"#modal-blog-block_62d7ca49184e9\">\n\t\t\t\t\t\tAu commencement le toucher\t\t\t\t\t<\/a>\n\t\t\t\t<\/h2>\n\t\t\t\t<p class=\"afg-metadata\">\n\t\t\t<span class=\"place\">Mus\u00e9e Unterlinden, Colmar &#8211; Chapelle Saint Quirin, S\u00e9lestat &#8211; FRAC Alsace, S\u00e9lestat<\/span>\t\t<span class=\"dates\">8 Nov 2005 &#8211; 9 Feb 2006<\/span><\/p>\n\t\t\t\t\t\t\t<\/figcaption>\n\t\t<\/figure>\n<\/article>\t\t\t\t\t<article id=\"post-343\" class=\" to-sort \">\n\t\t<figure class=\"afg-post-item-content\">\n\t\t\t\t\t\t\t<a href=\"https:\/\/www.sarkis.fr\/en\/2005\/sevgili-istanbul-avec-ara-gueler\/\" title=\"Sevgili Istanbul\" data-modal-link=\"#modal-blog-block_62d7ca49184e9\" class=\"landscape\">\n\t\t\t\t\t<img loading=\"lazy\" decoding=\"async\" width=\"800\" height=\"532\" src=\"https:\/\/www.sarkis.fr\/wp-content\/uploads\/2009\/06\/Sarkis_2005-Brolly.jpg\" class=\"attachment-full size-full\" alt=\"Sarkis_2005-Brolly\" srcset=\"https:\/\/www.sarkis.fr\/wp-content\/uploads\/2009\/06\/Sarkis_2005-Brolly.jpg 800w, https:\/\/www.sarkis.fr\/wp-content\/uploads\/2009\/06\/Sarkis_2005-Brolly-300x200.jpg 300w\" sizes=\"auto, (max-width: 800px) 100vw, 800px\" \/>\t\t\t\t<\/a>\n\t\t\t\t\t\t<figcaption>\n\t\t\t\t<h2>\n\t\t\t\t\t<a href=\"https:\/\/www.sarkis.fr\/en\/2005\/sevgili-istanbul-avec-ara-gueler\/\" title=\"Sevgili Istanbul\" data-modal-link=\"#modal-blog-block_62d7ca49184e9\">\n\t\t\t\t\t\tSevgili Istanbul\t\t\t\t\t<\/a>\n\t\t\t\t<\/h2>\n\t\t\t\t<p class=\"afg-metadata\">\n\t\t\t<span class=\"place\">Galerie Jean Brolly, Paris<\/span>\t\t<span class=\"dates\">22 Oct &#8211; 19 Nov 2005<\/span><\/p>\n\t<p class=\"afg-title-notes\">\n\t\tAvec Ara G\u00fcler\t<\/p>\t\n\t\t\t\t\t\t\t<\/figcaption>\n\t\t<\/figure>\n<\/article>\t\t\t\t\t<div id=\"post-3384\" class=\"afg-list-item to-sort \">\n\t<div class=\"afg-list-item-content\">\n\t\t<h3>\u00ab R.W.-1 + 2 contrepoints \u00bb<\/h3>\n\t\t<p class=\"afg-metadata\">\n\t\t\t<span class=\"place\">MAMCO Gen\u00e8ve<\/span>\t\t<span class=\"dates\">22 Sep 2005 &#8211; 29 Jan 2006<\/span><\/p>\n\t<\/div>\n<\/div>\t\t\t\t\t<div id=\"post-3385\" class=\"afg-list-item to-sort \">\n\t<div class=\"afg-list-item-content\">\n\t\t<h3>S\u00e9lest\u2019art 05 \u00ab La couleur ? quoi d\u2019\u00e9tonnant ! \u00bb<\/h3>\n\t\t<p class=\"afg-metadata\">\n\t\t\t<span class=\"place\">S\u00e9lestat<\/span>\t\t<span class=\"dates\">18 Sep &#8211; 23 Oct 2005<\/span><\/p>\n\t<\/div>\n<\/div>\t\t\t\t\t<div id=\"post-3386\" class=\"afg-list-item to-sort \">\n\t<div class=\"afg-list-item-content\">\n\t\t<h3>Ateliers XI<\/h3>\n\t\t<p class=\"afg-metadata\">\n\t\t\t<span class=\"place\">La Source, La Gu\u00e9roulde<\/span>\t\t<span class=\"dates\">10 Sep &#8211; 14 Oct 2005<\/span><\/p>\n\t<\/div>\n<\/div>\t\t\t\t\t<div id=\"post-3387\" class=\"afg-list-item to-sort \">\n\t<div class=\"afg-list-item-content\">\n\t\t<h3>Frais Rayons<\/h3>\n\t\t<p class=\"afg-metadata\">\n\t\t\t<span class=\"place\">les Arts dans la Ville, Tours<\/span>\t\t<span class=\"dates\">15 Jul 2005 &#8211; 28 Apr 2026<\/span><\/p>\n\t<\/div>\n<\/div>\t\t\t\t\t<div id=\"post-3388\" class=\"afg-list-item to-sort \">\n\t<div class=\"afg-list-item-content\">\n\t\t<h3>Urban Realit\u00e4ten<\/h3>\n\t\t<p class=\"afg-metadata\">\n\t\t\t<span class=\"place\">Fokus Istanbul, Martin-Gropius-Bau, Berlin<\/span>\t\t<span class=\"dates\">8 Jul &#8211; 3 Oct 2005<\/span><\/p>\n\t<\/div>\n<\/div>\t\t\t\t\t<div id=\"post-3389\" class=\"afg-list-item to-sort \">\n\t<div class=\"afg-list-item-content\">\n\t\t<h3>Encounters with Munch<\/h3>\n\t\t<p class=\"afg-metadata\">\n\t\t\t<span class=\"place\">Henie 0nstad Kunstsenter, Hovikodden, Norway<\/span>\t\t<span class=\"dates\">16 Jun &#8211; 11 Sep 2005<\/span><\/p>\n\t<\/div>\n<\/div>\t\t\t\t\t<article id=\"post-341\" class=\" to-sort \">\n\t\t<figure class=\"afg-post-item-content\">\n\t\t\t\t\t\t\t<a href=\"https:\/\/www.sarkis.fr\/en\/2005\/a-milestone\/\" title=\"A milestone\" data-modal-link=\"#modal-blog-block_62d7ca49184e9\" class=\"landscape\">\n\t\t\t\t\t<img loading=\"lazy\" decoding=\"async\" width=\"800\" height=\"600\" src=\"https:\/\/www.sarkis.fr\/wp-content\/uploads\/2009\/06\/Sarkis_2005-Aksanat.jpg\" class=\"attachment-full size-full\" alt=\"Sarkis, A milestone, Aksanat, Istanbul, 6 avril - 28 mai 2005\" srcset=\"https:\/\/www.sarkis.fr\/wp-content\/uploads\/2009\/06\/Sarkis_2005-Aksanat.jpg 800w, https:\/\/www.sarkis.fr\/wp-content\/uploads\/2009\/06\/Sarkis_2005-Aksanat-300x225.jpg 300w\" sizes=\"auto, (max-width: 800px) 100vw, 800px\" \/>\t\t\t\t<\/a>\n\t\t\t\t\t\t<figcaption>\n\t\t\t\t<h2>\n\t\t\t\t\t<a href=\"https:\/\/www.sarkis.fr\/en\/2005\/a-milestone\/\" title=\"A milestone\" data-modal-link=\"#modal-blog-block_62d7ca49184e9\">\n\t\t\t\t\t\tA milestone\t\t\t\t\t<\/a>\n\t\t\t\t<\/h2>\n\t\t\t\t<p class=\"afg-metadata\">\n\t\t\t<span class=\"place\">Aksanat, Istanbul<\/span>\t\t<span class=\"dates\">6 Apr &#8211; 28 May 2005<\/span><span class=\"solo\">Solo<\/span><\/p>\n\t\t\t\t\t\t\t<\/figcaption>\n\t\t<\/figure>\n<\/article>\t\t\t\t\t<div id=\"post-3390\" class=\"afg-list-item to-sort \">\n\t<div class=\"afg-list-item-content\">\n\t\t<h3>The Giving Person<\/h3>\n\t\t<p class=\"afg-metadata\">\n\t\t\t<span class=\"place\">Palazzo della Arti Napoli<\/span>\t\t<span class=\"dates\">26 Mar &#8211; 30 Jun 2005<\/span><\/p>\n\t<\/div>\n<\/div>\t\t\t\t\t<div id=\"post-3391\" class=\"afg-list-item to-sort \">\n\t<div class=\"afg-list-item-content\">\n\t\t<h3>Emergency Biennale<\/h3>\n\t\t<p class=\"afg-metadata\">\n\t\t\t<span class=\"place\">Chechnya<\/span>\t\t<span class=\"dates\">23 Feb 2005<\/span><\/p>\n\t<\/div>\n<\/div>\t\t\t\t\t<div id=\"post-3393\" class=\"afg-list-item to-sort \">\n\t<div class=\"afg-list-item-content\">\n\t\t<h3>Munch revisited<\/h3>\n\t\t<p class=\"afg-metadata\">\n\t\t\t<span class=\"place\">Museum f\u00fcr Kunst und Kulturgeschicte Dortmund<\/span>\t\t<span class=\"dates\">30 Jan 2005 &#8211; 28 Apr 2026<\/span><\/p>\n\t<\/div>\n<\/div>\t\t\t\t\t<div id=\"post-3392\" class=\"afg-list-item to-sort \">\n\t<div class=\"afg-list-item-content\">\n\t\t<h3>L\u2019homme est seul, (Mon Atelier depuis 19380)<\/h3>\n\t\t<p class=\"afg-metadata\">\n\t\t\t<span class=\"place\">MAMCO, Gen\u00e8ve<\/span>\t\t<span class=\"dates\">2005<\/span><\/p>\n\t<\/div>\n<\/div>\t\t\t\t\t<article id=\"post-364\" class=\" to-sort \">\n\t\t<figure class=\"afg-post-item-content\">\n\t\t\t\t\t\t\t<a href=\"https:\/\/www.sarkis.fr\/en\/2005\/au-commencement-lapparition\/\" title=\"Au commencement, l&#8217;apparition\" data-modal-link=\"#modal-blog-block_62d7ca49184e9\" class=\"landscape\">\n\t\t\t\t\t<img loading=\"lazy\" decoding=\"async\" width=\"1392\" height=\"1050\" src=\"https:\/\/www.sarkis.fr\/wp-content\/uploads\/2009\/06\/sarkis-2005-Au-commencement-l-apparition.jpg\" class=\"attachment-full size-full\" alt=\"Sarkis, Au commencement, l&#039;apparition, 2005, film, 3 minutes 39 secondes\" srcset=\"https:\/\/www.sarkis.fr\/wp-content\/uploads\/2009\/06\/sarkis-2005-Au-commencement-l-apparition.jpg 1392w, https:\/\/www.sarkis.fr\/wp-content\/uploads\/2009\/06\/sarkis-2005-Au-commencement-l-apparition-300x226.jpg 300w, https:\/\/www.sarkis.fr\/wp-content\/uploads\/2009\/06\/sarkis-2005-Au-commencement-l-apparition-1030x777.jpg 1030w\" sizes=\"auto, (max-width: 1392px) 100vw, 1392px\" \/>\t\t\t\t<\/a>\n\t\t\t\t\t\t<figcaption>\n\t\t\t\t<h2>\n\t\t\t\t\t<a href=\"https:\/\/www.sarkis.fr\/en\/2005\/au-commencement-lapparition\/\" title=\"Au commencement, l&#8217;apparition\" data-modal-link=\"#modal-blog-block_62d7ca49184e9\">\n\t\t\t\t\t\tAu commencement, l&#8217;apparition\t\t\t\t\t<\/a>\n\t\t\t\t<\/h2>\n\t\t\t\t<p class=\"afg-metadata\">\n\t\t\t<span class=\"dates\">2005<\/span><\/p>\n\t<p class=\"afg-title-notes\">\n\t\tFilm, 3 minutes et 39 secondes\t<\/p>\t\n\t\t\t\t\t\t\t<\/figcaption>\n\t\t<\/figure>\n<\/article>\t\t\t\t\t\t\t\t\t\t\t\t<p class=\"timeline line to-sort\" id=\"section-2004\" data-year=\"2004\">2004<\/p>\n\t\t\t\t\t\t\t<div id=\"post-3394\" class=\"afg-list-item to-sort \">\n\t<div class=\"afg-list-item-content\">\n\t\t<h3>Yona \u00e0 Bezalel<\/h3>\n\t\t<p class=\"afg-metadata\">\n\t\t\t<span class=\"place\">Galerie Bezalel, Tel Aviv<\/span>\t\t<span class=\"dates\">9 Dec 2004 &#8211; 1 Jan 2005<\/span><\/p>\n\t<\/div>\n<\/div>\t\t\t\t\t<div id=\"post-10351\" class=\"afg-list-item to-sort \">\n\t<div class=\"afg-list-item-content\">\n\t\t<h3>l\u2019Atelier d\u2019Aquarelle dans l\u2019Eau<\/h3>\n\t\t<p class=\"afg-metadata\">\n\t\t\t<span class=\"place\">Bureau des Comp\u00e9tences et D\u00e9sirs, Marseille<\/span>\t\t<span class=\"dates\">8 Dec 2004 &#8211; 12 Feb 2005<\/span><span class=\"solo\">Solo<\/span><\/p>\n\t<\/div>\n<\/div>\t\t\t\t\t<article id=\"post-337\" class=\" to-sort \">\n\t\t<figure class=\"afg-post-item-content\">\n\t\t\t\t\t\t\t<a href=\"https:\/\/www.sarkis.fr\/en\/2004\/148-ikonas\/\" title=\"148 IKONAS\" data-modal-link=\"#modal-blog-block_62d7ca49184e9\" class=\"landscape\">\n\t\t\t\t\t<img loading=\"lazy\" decoding=\"async\" width=\"800\" height=\"600\" src=\"https:\/\/www.sarkis.fr\/wp-content\/uploads\/2009\/06\/Sarkis_2004-Dusseldorf-Kunst-Palast.jpg\" class=\"attachment-full size-full\" alt=\"Sarkis_2004-Dusseldorf-Kunst-Palast\" srcset=\"https:\/\/www.sarkis.fr\/wp-content\/uploads\/2009\/06\/Sarkis_2004-Dusseldorf-Kunst-Palast.jpg 800w, https:\/\/www.sarkis.fr\/wp-content\/uploads\/2009\/06\/Sarkis_2004-Dusseldorf-Kunst-Palast-300x225.jpg 300w\" sizes=\"auto, (max-width: 800px) 100vw, 800px\" \/>\t\t\t\t<\/a>\n\t\t\t\t\t\t<figcaption>\n\t\t\t\t<h2>\n\t\t\t\t\t<a href=\"https:\/\/www.sarkis.fr\/en\/2004\/148-ikonas\/\" title=\"148 IKONAS\" data-modal-link=\"#modal-blog-block_62d7ca49184e9\">\n\t\t\t\t\t\t148 IKONAS\t\t\t\t\t<\/a>\n\t\t\t\t<\/h2>\n\t\t\t\t<p class=\"afg-metadata\">\n\t\t\t<span class=\"place\">Museum Kunst Palast, D\u00fcsseldorf<\/span>\t\t<span class=\"dates\">19 Nov 2004 &#8211; 9 Jan 2005<\/span><span class=\"solo\">Solo<\/span><\/p>\n\t\t\t\t\t\t\t<\/figcaption>\n\t\t<\/figure>\n<\/article>\t\t\t\t\t<div id=\"post-3396\" class=\"afg-list-item to-sort \">\n\t<div class=\"afg-list-item-content\">\n\t\t<h3>Documentaire sur grand \u00e9cran<\/h3>\n\t\t<p class=\"afg-metadata\">\n\t\t\t<span class=\"place\">Cin\u00e9ma des Cin\u00e9astes, Paris<\/span>\t\t<span class=\"dates\">31 Oct 2004<\/span><\/p>\n\t<\/div>\n<\/div>\t\t\t\t\t<div id=\"post-3398\" class=\"afg-list-item to-sort \">\n\t<div class=\"afg-list-item-content\">\n\t\t<h3>La vie de l\u2019olivier (avec Manuel Paoli)<\/h3>\n\t\t<p class=\"afg-metadata\">\n\t\t\t<span class=\"place\">Maison des Compagnons du Devoir de Marseille<\/span>\t\t<span class=\"dates\">9 Oct 2004<\/span><\/p>\n\t<\/div>\n<\/div>\t\t\t\t\t<div id=\"post-3399\" class=\"afg-list-item to-sort \">\n\t<div class=\"afg-list-item-content\">\n\t\t<h3>Le Souffle (de Sach\u00e9 \u00e0 Villejuif)<\/h3>\n\t\t<p class=\"afg-metadata\">\n\t\t\t<span class=\"place\">Ch\u00e2teau de Tours<\/span>\t\t<span class=\"dates\">24 Sep &#8211; 21 Nov 2004<\/span><span class=\"solo\">Solo<\/span><\/p>\n\t<\/div>\n<\/div>\t\t\t\t\t<div id=\"post-3400\" class=\"afg-list-item to-sort \">\n\t<div class=\"afg-list-item-content\">\n\t\t<h3>Cetinje Biennial V<\/h3>\n\t\t<p class=\"afg-metadata\">\n\t\t\t<span class=\"place\">Cetinje, Mont\u00e9n\u00e9gro<\/span>\t\t<span class=\"dates\">28 Aug &#8211; 19 Sep 2004<\/span><\/p>\n\t<\/div>\n<\/div>\t\t\t\t\t<div id=\"post-3401\" class=\"afg-list-item to-sort \">\n\t<div class=\"afg-list-item-content\">\n\t\t<h3>Dix-sept artistes \u00e0 17 ans<\/h3>\n\t\t<p class=\"afg-metadata\">\n\t\t\t<span class=\"place\">Mus\u00e9e Arthur Rimbaud, Charleville-M\u00e9zi\u00e8res<\/span>\t\t<span class=\"dates\">12 Jul &#8211; 21 Nov 2004<\/span><\/p>\n\t<\/div>\n<\/div>\t\t\t\t\t<article id=\"post-333\" class=\" to-sort \">\n\t\t<figure class=\"afg-post-item-content\">\n\t\t\t\t\t\t\t<a href=\"https:\/\/www.sarkis.fr\/en\/2004\/l-homme-qui-essayait-d-attraper-la-lumiere\/\" title=\"L\u2019homme qui essayait d\u2019attraper la lumi\u00e8re\" data-modal-link=\"#modal-blog-block_62d7ca49184e9\" class=\"landscape\">\n\t\t\t\t\t<img loading=\"lazy\" decoding=\"async\" width=\"800\" height=\"600\" src=\"https:\/\/www.sarkis.fr\/wp-content\/uploads\/2009\/06\/Sarkis_2004-Adhemar.jpg\" class=\"attachment-full size-full\" alt=\"Sarkis_2004-Adhemar\" srcset=\"https:\/\/www.sarkis.fr\/wp-content\/uploads\/2009\/06\/Sarkis_2004-Adhemar.jpg 800w, https:\/\/www.sarkis.fr\/wp-content\/uploads\/2009\/06\/Sarkis_2004-Adhemar-300x225.jpg 300w\" sizes=\"auto, (max-width: 800px) 100vw, 800px\" \/>\t\t\t\t<\/a>\n\t\t\t\t\t\t<figcaption>\n\t\t\t\t<h2>\n\t\t\t\t\t<a href=\"https:\/\/www.sarkis.fr\/en\/2004\/l-homme-qui-essayait-d-attraper-la-lumiere\/\" title=\"L\u2019homme qui essayait d\u2019attraper la lumi\u00e8re\" data-modal-link=\"#modal-blog-block_62d7ca49184e9\">\n\t\t\t\t\t\tL\u2019homme qui essayait d\u2019attraper la lumi\u00e8re\t\t\t\t\t<\/a>\n\t\t\t\t<\/h2>\n\t\t\t\t<p class=\"afg-metadata\">\n\t\t\t<span class=\"place\">Ch\u00e2teau des Adh\u00e9mars, Mont\u00e9limar<\/span>\t\t<span class=\"dates\">25 Jun &#8211; 3 Oct 2004<\/span><span class=\"solo\">Solo<\/span><\/p>\n\t\t\t\t\t\t\t<\/figcaption>\n\t\t<\/figure>\n<\/article>\t\t\t\t\t<div id=\"post-3402\" class=\"afg-list-item to-sort \">\n\t<div class=\"afg-list-item-content\">\n\t\t<h3>L\u2019\u00e9veil (1.volet)<\/h3>\n\t\t<p class=\"afg-metadata\">\n\t\t\t<span class=\"place\">Prieur\u00e9 de Saint-Jean-du-Grais<\/span>\t\t<span class=\"dates\">10 Jun 2004<\/span><\/p>\n\t<\/div>\n<\/div>\t\t\t\t\t<div id=\"post-3403\" class=\"afg-list-item to-sort \">\n\t<div class=\"afg-list-item-content\">\n\t\t<h3>du Bosphore \u00e0 La Moine<\/h3>\n\t\t<p class=\"afg-metadata\">\n\t\t\t<span class=\"place\">Mus\u00e9e d\u2019Art et d\u2019Histoire, Cholet<\/span>\t\t<span class=\"dates\">5 Jun &#8211; 15 Dec 2004<\/span><\/p>\n\t<\/div>\n<\/div>\t\t\t\t\t<article id=\"post-335\" class=\" to-sort \">\n\t\t<figure class=\"afg-post-item-content\">\n\t\t\t\t\t\t\t<a href=\"https:\/\/www.sarkis.fr\/en\/2004\/avant-et-apres-le-silence\/\" title=\"Avant et apr\u00e8s le silence\" data-modal-link=\"#modal-blog-block_62d7ca49184e9\" class=\"portrait\">\n\t\t\t\t\t<img loading=\"lazy\" decoding=\"async\" width=\"600\" height=\"800\" src=\"https:\/\/www.sarkis.fr\/wp-content\/uploads\/2009\/06\/Sarkis_2004-Brigittines_Bruxelles6730.jpg\" class=\"attachment-full size-full\" alt=\"Sarkis_2004-Brigittines_Bruxelles6730\" srcset=\"https:\/\/www.sarkis.fr\/wp-content\/uploads\/2009\/06\/Sarkis_2004-Brigittines_Bruxelles6730.jpg 600w, https:\/\/www.sarkis.fr\/wp-content\/uploads\/2009\/06\/Sarkis_2004-Brigittines_Bruxelles6730-225x300.jpg 225w\" sizes=\"auto, (max-width: 600px) 100vw, 600px\" \/>\t\t\t\t<\/a>\n\t\t\t\t\t\t<figcaption>\n\t\t\t\t<h2>\n\t\t\t\t\t<a href=\"https:\/\/www.sarkis.fr\/en\/2004\/avant-et-apres-le-silence\/\" title=\"Avant et apr\u00e8s le silence\" data-modal-link=\"#modal-blog-block_62d7ca49184e9\">\n\t\t\t\t\t\tAvant et apr\u00e8s le silence\t\t\t\t\t<\/a>\n\t\t\t\t<\/h2>\n\t\t\t\t<p class=\"afg-metadata\">\n\t\t\t<span class=\"place\">Chapelle des Brigittines, Bruxelles<\/span>\t\t<span class=\"dates\">2 Jun &#8211; 30 Jun 2004<\/span><span class=\"solo\">Solo<\/span><\/p>\n\t\t\t\t\t\t\t<\/figcaption>\n\t\t<\/figure>\n<\/article>\t\t\t\t\t<article id=\"post-54\" class=\" to-sort \">\n\t\t<figure class=\"afg-post-item-content\">\n\t\t\t\t\t\t\t<a href=\"https:\/\/www.sarkis.fr\/en\/2004\/2004-le-reflet-et-le-sublime\/\" title=\"Le reflet et le sublime, Erevan\" data-modal-link=\"#modal-blog-block_62d7ca49184e9\" class=\"landscape\">\n\t\t\t\t\t<img loading=\"lazy\" decoding=\"async\" width=\"614\" height=\"461\" src=\"https:\/\/www.sarkis.fr\/wp-content\/uploads\/2009\/05\/2004-Paradjanov--.jpg\" class=\"attachment-full size-full\" alt=\"Sarkis, le reflet et le sublime, Mus\u00e9e Serguei Paradjanov, Erevan, 19 mai -29 ao\u00fbt 2004\" srcset=\"https:\/\/www.sarkis.fr\/wp-content\/uploads\/2009\/05\/2004-Paradjanov--.jpg 614w, https:\/\/www.sarkis.fr\/wp-content\/uploads\/2009\/05\/2004-Paradjanov---300x225.jpg 300w\" sizes=\"auto, (max-width: 614px) 100vw, 614px\" \/>\t\t\t\t<\/a>\n\t\t\t\t\t\t<figcaption>\n\t\t\t\t<h2>\n\t\t\t\t\t<a href=\"https:\/\/www.sarkis.fr\/en\/2004\/2004-le-reflet-et-le-sublime\/\" title=\"Le reflet et le sublime, Erevan\" data-modal-link=\"#modal-blog-block_62d7ca49184e9\">\n\t\t\t\t\t\tLe reflet et le sublime, Erevan\t\t\t\t\t<\/a>\n\t\t\t\t<\/h2>\n\t\t\t\t<p class=\"afg-metadata\">\n\t\t\t<span class=\"place\">Mus\u00e9e Serguei Paradjanov, Erevan<\/span>\t\t<span class=\"dates\">19 May &#8211; 29 Aug 2004<\/span><span class=\"solo\">Solo<\/span><\/p>\n\t\t\t\t\t\t\t<\/figcaption>\n\t\t<\/figure>\n<\/article>\t\t\t\t\t<article id=\"post-1266\" class=\" to-sort \">\n\t\t<figure class=\"afg-post-item-content\">\n\t\t\t\t\t\t\t<a href=\"https:\/\/www.sarkis.fr\/en\/2004\/a-linterieur-de-la-zone-erevan\/\" title=\"\u00e0 l&#8217;int\u00e9rieur de la zone\" data-modal-link=\"#modal-blog-block_62d7ca49184e9\" class=\"landscape\">\n\t\t\t\t\t<img loading=\"lazy\" decoding=\"async\" width=\"800\" height=\"600\" src=\"https:\/\/www.sarkis.fr\/wp-content\/uploads\/2009\/05\/2004.05-HAY-ART---24.jpg\" class=\"attachment-full size-full\" alt=\"Sarkis, \u00c0 l\u2019int\u00e9rieur de la zone, Centre Culturel Hay Art, Erevan, 19 mai - 29 ao\u00fbt 2004\" srcset=\"https:\/\/www.sarkis.fr\/wp-content\/uploads\/2009\/05\/2004.05-HAY-ART---24.jpg 800w, https:\/\/www.sarkis.fr\/wp-content\/uploads\/2009\/05\/2004.05-HAY-ART---24-300x225.jpg 300w\" sizes=\"auto, (max-width: 800px) 100vw, 800px\" \/>\t\t\t\t<\/a>\n\t\t\t\t\t\t<figcaption>\n\t\t\t\t<h2>\n\t\t\t\t\t<a href=\"https:\/\/www.sarkis.fr\/en\/2004\/a-linterieur-de-la-zone-erevan\/\" title=\"\u00e0 l&#8217;int\u00e9rieur de la zone\" data-modal-link=\"#modal-blog-block_62d7ca49184e9\">\n\t\t\t\t\t\t\u00e0 l&#8217;int\u00e9rieur de la zone\t\t\t\t\t<\/a>\n\t\t\t\t<\/h2>\n\t\t\t\t<p class=\"afg-metadata\">\n\t\t\t<span class=\"place\">Centre Culturel Hay Art, Erevan<\/span>\t\t<span class=\"dates\">19 May &#8211; 29 Aug 2004<\/span><span class=\"solo\">Solo<\/span><\/p>\n\t\t\t\t\t\t\t<\/figcaption>\n\t\t<\/figure>\n<\/article>\t\t\t\t\t<div id=\"post-3404\" class=\"afg-list-item to-sort \">\n\t<div class=\"afg-list-item-content\">\n\t\t<h3>Call me Istanbul<\/h3>\n\t\t<p class=\"afg-metadata\">\n\t\t\t<span class=\"place\">ZKM, Karlsruhe<\/span>\t\t<span class=\"dates\">17 Apr &#8211; 8 Aug 2004<\/span><\/p>\n\t<\/div>\n<\/div>\t\t\t\t\t<div id=\"post-3405\" class=\"afg-list-item to-sort \">\n\t<div class=\"afg-list-item-content\">\n\t\t<h3>Sarkis \u00e0 Delacroix<\/h3>\n\t\t<p class=\"afg-metadata\">\n\t\t\t<span class=\"place\">Mus\u00e9e Eug\u00e8ne Delacroix, Paris<\/span>\t\t<span class=\"dates\">7 Apr &#8211; 28 Jun 2004<\/span><\/p>\n\t<\/div>\n<\/div>\t\t\t\t\t<article id=\"post-339\" class=\" to-sort \">\n\t\t<figure class=\"afg-post-item-content\">\n\t\t\t\t\t\t\t<a href=\"https:\/\/www.sarkis.fr\/en\/2004\/ici-la-nuit-verte-est-immense\/\" title=\"Ici la nuit verte est immense\" data-modal-link=\"#modal-blog-block_62d7ca49184e9\" class=\"landscape\">\n\t\t\t\t\t<img loading=\"lazy\" decoding=\"async\" width=\"800\" height=\"600\" src=\"https:\/\/www.sarkis.fr\/wp-content\/uploads\/2009\/06\/Sarkis_2004-P.Rameau-Lille.jpg\" class=\"attachment-full size-full\" alt=\"Sarkis_2004-P.Rameau-Lille\" srcset=\"https:\/\/www.sarkis.fr\/wp-content\/uploads\/2009\/06\/Sarkis_2004-P.Rameau-Lille.jpg 800w, https:\/\/www.sarkis.fr\/wp-content\/uploads\/2009\/06\/Sarkis_2004-P.Rameau-Lille-300x225.jpg 300w\" sizes=\"auto, (max-width: 800px) 100vw, 800px\" \/>\t\t\t\t<\/a>\n\t\t\t\t\t\t<figcaption>\n\t\t\t\t<h2>\n\t\t\t\t\t<a href=\"https:\/\/www.sarkis.fr\/en\/2004\/ici-la-nuit-verte-est-immense\/\" title=\"Ici la nuit verte est immense\" data-modal-link=\"#modal-blog-block_62d7ca49184e9\">\n\t\t\t\t\t\tIci la nuit verte est immense\t\t\t\t\t<\/a>\n\t\t\t\t<\/h2>\n\t\t\t\t<p class=\"afg-metadata\">\n\t\t\t<span class=\"place\">Palais Rameau, Lille<\/span>\t\t<span class=\"dates\">6 Mar 2004<\/span><\/p>\n\t\t\t\t\t\t\t<\/figcaption>\n\t\t<\/figure>\n<\/article>\t\t\t\t\t<div id=\"post-3406\" class=\"afg-list-item to-sort \">\n\t<div class=\"afg-list-item-content\">\n\t\t<h3>Aquarelles<\/h3>\n\t\t<p class=\"afg-metadata\">\n\t\t\t<span class=\"place\">GaleriArtist, Berlin<\/span>\t\t<span class=\"dates\">6 Jan &#8211; 25 Feb 2004<\/span><span class=\"solo\">Solo<\/span><\/p>\n\t<\/div>\n<\/div>\t\t\t\t\t\t\t\t\t\t\t\t<p class=\"timeline line to-sort\" id=\"section-2003\" data-year=\"2003\">2003<\/p>\n\t\t\t\t\t\t\t<div id=\"post-3407\" class=\"afg-list-item to-sort \">\n\t<div class=\"afg-list-item-content\">\n\t\t<h3>Festival Manca<\/h3>\n\t\t<p class=\"afg-metadata\">\n\t\t\t<span class=\"place\">\u00c9glise Saint-Fran\u00e7ois-de-Paule, Nice<\/span>\t\t<span class=\"dates\">7 Nov 2003<\/span><\/p>\n\t<\/div>\n<\/div>\t\t\t\t\t<article id=\"post-167\" class=\" to-sort \">\n\t\t<figure class=\"afg-post-item-content\">\n\t\t\t\t\t\t\t<a href=\"https:\/\/www.sarkis.fr\/en\/2003\/2600-ans-apres-10-minutes-44-secondes\/\" title=\"2600 ans apr\u00e8s 10 minutes 44 secondes\" data-modal-link=\"#modal-blog-block_62d7ca49184e9\" class=\"landscape\">\n\t\t\t\t\t<img loading=\"lazy\" decoding=\"async\" width=\"800\" height=\"600\" src=\"https:\/\/www.sarkis.fr\/wp-content\/uploads\/2009\/05\/2003-Montral-UQAM.jpg\" class=\"attachment-full size-full\" alt=\"Sarkis, 2600 ans apr\u00e8s 10 minutes 44 secondes, Galerie de l\u2019UQAM, Montr\u00e9al, 16 oct \u2013 22 nov 2003\" srcset=\"https:\/\/www.sarkis.fr\/wp-content\/uploads\/2009\/05\/2003-Montral-UQAM.jpg 800w, https:\/\/www.sarkis.fr\/wp-content\/uploads\/2009\/05\/2003-Montral-UQAM-300x225.jpg 300w\" sizes=\"auto, (max-width: 800px) 100vw, 800px\" \/>\t\t\t\t<\/a>\n\t\t\t\t\t\t<figcaption>\n\t\t\t\t<h2>\n\t\t\t\t\t<a href=\"https:\/\/www.sarkis.fr\/en\/2003\/2600-ans-apres-10-minutes-44-secondes\/\" title=\"2600 ans apr\u00e8s 10 minutes 44 secondes\" data-modal-link=\"#modal-blog-block_62d7ca49184e9\">\n\t\t\t\t\t\t2600 ans apr\u00e8s 10 minutes 44 secondes\t\t\t\t\t<\/a>\n\t\t\t\t<\/h2>\n\t\t\t\t<p class=\"afg-metadata\">\n\t\t\t<span class=\"place\">Galerie de l&#039;UQAM, Montr\u00e9al<\/span>\t\t<span class=\"dates\">16 Oct &#8211; 22 Nov 2003<\/span><span class=\"solo\">Solo<\/span><\/p>\n\t\t\t\t\t\t\t<\/figcaption>\n\t\t<\/figure>\n<\/article>\t\t\t\t\t<div id=\"post-3408\" class=\"afg-list-item to-sort \">\n\t<div class=\"afg-list-item-content\">\n\t\t<h3>Le Tr\u00e9sor de la Mn\u00e9mosyne<\/h3>\n\t\t<p class=\"afg-metadata\">\n\t\t\t<span class=\"place\">Mus\u00e9e de Frontignan<\/span>\t\t<span class=\"dates\">October &#8211; November 2003<\/span><span class=\"solo\">Solo<\/span><\/p>\n\t<\/div>\n<\/div>\t\t\t\t\t<div id=\"post-3409\" class=\"afg-list-item to-sort \">\n\t<div class=\"afg-list-item-content\">\n\t\t<h3>ARTE all\u2019 ARTE, \u00ab La Fontana d\u2019Aquarelli \u00bb<\/h3>\n\t\t<p class=\"afg-metadata\">\n\t\t\t<span class=\"place\">Poggibonsi<\/span>\t\t<span class=\"dates\">13 Sep &#8211; 8 Dec 2003<\/span><\/p>\n\t<\/div>\n<\/div>\t\t\t\t\t<div id=\"post-3412\" class=\"afg-list-item to-sort \">\n\t<div class=\"afg-list-item-content\">\n\t\t<h3>L\u2019atterrissage, adagio et L\u2019atelier d\u2019aquarelle dans l\u2019eau<\/h3>\n\t\t<p class=\"afg-metadata\">\n\t\t\t<span class=\"place\">Mus\u00e9e Picasso, Antibes<\/span>\t\t<span class=\"dates\">27 Jun &#8211; 5 Oct 2003<\/span><span class=\"solo\">Solo<\/span><\/p>\n\t<\/div>\n<\/div>\t\t\t\t\t<div id=\"post-3413\" class=\"afg-list-item to-sort \">\n\t<div class=\"afg-list-item-content\">\n\t\t<h3>12 KRIEGSSCHATZ dansent avec le Sacre du Printemps d\u2019Igor Stravinsky<\/h3>\n\t\t<p class=\"afg-metadata\">\n\t\t\t<span class=\"place\">Mus\u00e9e Picasso La Guerre et la Paix, Valauris<\/span>\t\t<span class=\"dates\">13 Jun &#8211; 10 Nov 2003<\/span><span class=\"solo\">Solo<\/span><\/p>\n\t<\/div>\n<\/div>\t\t\t\t\t<div id=\"post-3414\" class=\"afg-list-item to-sort \">\n\t<div class=\"afg-list-item-content\">\n\t\t<h3>two<\/h3>\n\t\t<p class=\"afg-metadata\">\n\t\t\t<span class=\"place\">galerie de Zaal, Delft<\/span>\t\t<span class=\"dates\">9 Mar &#8211; 19 Apr 2003<\/span><span class=\"solo\">Solo<\/span><\/p>\n\t<\/div>\n<\/div>\t\t\t\t\t<div id=\"post-3415\" class=\"afg-list-item to-sort \">\n\t<div class=\"afg-list-item-content\">\n\t\t<h3>Voyages en aquarelles<\/h3>\n\t\t<p class=\"afg-metadata\">\n\t\t\t<span class=\"place\">Galerie de France, Paris<\/span>\t\t<span class=\"dates\">27 Feb &#8211; 5 Apr 2003<\/span><span class=\"solo\">Solo<\/span><\/p>\n\t<\/div>\n<\/div>\t\t\t\t\t\t\t\t\t\t\t\t<p class=\"timeline line to-sort\" id=\"section-2002\" data-year=\"2002\">2002<\/p>\n\t\t\t\t\t\t\t<article id=\"post-325\" class=\" to-sort \">\n\t\t<figure class=\"afg-post-item-content\">\n\t\t\t\t\t\t\t<a href=\"https:\/\/www.sarkis.fr\/en\/2002\/ikones-dans-la-chapelle\/\" title=\"Ikones dans la Chapelle\" data-modal-link=\"#modal-blog-block_62d7ca49184e9\" class=\"landscape\">\n\t\t\t\t\t<img loading=\"lazy\" decoding=\"async\" width=\"800\" height=\"600\" src=\"https:\/\/www.sarkis.fr\/wp-content\/uploads\/2009\/06\/Sarkis_2002-Ikones-chapelles.jpg\" class=\"attachment-full size-full\" alt=\"Sarkis_2002-Ikones-chapelles\" srcset=\"https:\/\/www.sarkis.fr\/wp-content\/uploads\/2009\/06\/Sarkis_2002-Ikones-chapelles.jpg 800w, https:\/\/www.sarkis.fr\/wp-content\/uploads\/2009\/06\/Sarkis_2002-Ikones-chapelles-300x225.jpg 300w\" sizes=\"auto, (max-width: 800px) 100vw, 800px\" \/>\t\t\t\t<\/a>\n\t\t\t\t\t\t<figcaption>\n\t\t\t\t<h2>\n\t\t\t\t\t<a href=\"https:\/\/www.sarkis.fr\/en\/2002\/ikones-dans-la-chapelle\/\" title=\"Ikones dans la Chapelle\" data-modal-link=\"#modal-blog-block_62d7ca49184e9\">\n\t\t\t\t\t\tIkones dans la Chapelle\t\t\t\t\t<\/a>\n\t\t\t\t<\/h2>\n\t\t\t\t<p class=\"afg-metadata\">\n\t\t\t<span class=\"place\">\u00c9cole Nationale Sup\u00e9rieure des Beaux-Arts, Paris<\/span>\t\t<span class=\"dates\">16 Dec 2002 &#8211; 2 Feb 2003<\/span><span class=\"solo\">Solo<\/span><\/p>\n\t\t\t\t\t\t\t<\/figcaption>\n\t\t<\/figure>\n<\/article>\t\t\t\t\t<div id=\"post-3416\" class=\"afg-list-item to-sort \">\n\t<div class=\"afg-list-item-content\">\n\t\t<h3>Films Sarkis<\/h3>\n\t\t<p class=\"afg-metadata\">\n\t\t\t<span class=\"place\">Le Grand Auditorium, Mus\u00e9e du Louvre, Paris<\/span>\t\t<span class=\"dates\">9 Dec &#8211; 16 Dec 2002<\/span><\/p>\n\t<\/div>\n<\/div>\t\t\t\t\t<div id=\"post-3417\" class=\"afg-list-item to-sort \">\n\t<div class=\"afg-list-item-content\">\n\t\t<h3>II<\/h3>\n\t\t<p class=\"afg-metadata\">\n\t\t\t<span class=\"place\">Art Biennial, Buenos Aires<\/span>\t\t<span class=\"dates\">7 Nov &#8211; 8 Dec 2002<\/span><\/p>\n\t<\/div>\n<\/div>\t\t\t\t\t<article id=\"post-329\" class=\" to-sort \">\n\t\t<figure class=\"afg-post-item-content\">\n\t\t\t\t\t\t\t<a href=\"https:\/\/www.sarkis.fr\/en\/2002\/ateliers-comme-exposition\/\" title=\"ATELIERS COMME EXPOSITION\" data-modal-link=\"#modal-blog-block_62d7ca49184e9\" class=\"landscape\">\n\t\t\t\t\t<img loading=\"lazy\" decoding=\"async\" width=\"800\" height=\"600\" src=\"https:\/\/www.sarkis.fr\/wp-content\/uploads\/2009\/06\/Sarkis_2002-Retz.jpg\" class=\"attachment-full size-full\" alt=\"Sarkis_2002-Retz\" srcset=\"https:\/\/www.sarkis.fr\/wp-content\/uploads\/2009\/06\/Sarkis_2002-Retz.jpg 800w, https:\/\/www.sarkis.fr\/wp-content\/uploads\/2009\/06\/Sarkis_2002-Retz-300x225.jpg 300w\" sizes=\"auto, (max-width: 800px) 100vw, 800px\" \/>\t\t\t\t<\/a>\n\t\t\t\t\t\t<figcaption>\n\t\t\t\t<h2>\n\t\t\t\t\t<a href=\"https:\/\/www.sarkis.fr\/en\/2002\/ateliers-comme-exposition\/\" title=\"ATELIERS COMME EXPOSITION\" data-modal-link=\"#modal-blog-block_62d7ca49184e9\">\n\t\t\t\t\t\tATELIERS COMME EXPOSITION\t\t\t\t\t<\/a>\n\t\t\t\t<\/h2>\n\t\t\t\t<p class=\"afg-metadata\">\n\t\t\t<span class=\"place\">Passage de Retz, Paris<\/span>\t\t<span class=\"dates\">29 Oct 2002 &#8211; 6 Jan 2003<\/span><\/p>\n\t\t\t\t\t\t\t<\/figcaption>\n\t\t<\/figure>\n<\/article>\t\t\t\t\t<div id=\"post-3418\" class=\"afg-list-item to-sort \">\n\t<div class=\"afg-list-item-content\">\n\t\t<h3>ELECTRIC BODY<\/h3>\n\t\t<p class=\"afg-metadata\">\n\t\t\t<span class=\"place\">Le corps en sc\u00e8ne, Mus\u00e9e de la musique, Paris<\/span>\t\t<span class=\"dates\">18 Oct 2002 &#8211; 13 Jul 2003<\/span><\/p>\n\t<\/div>\n<\/div>\t\t\t\t\t<div id=\"post-3419\" class=\"afg-list-item to-sort \">\n\t<div class=\"afg-list-item-content\">\n\t\t<h3>Les ann\u00e9es 70, l\u2019art en cause<\/h3>\n\t\t<p class=\"afg-metadata\">\n\t\t\t<span class=\"place\">CAPC Mus\u00e9e de Bordeaux<\/span>\t\t<span class=\"dates\">17 Oct 2002 &#8211; 19 Jan 2003<\/span><\/p>\n\t<\/div>\n<\/div>\t\t\t\t\t<article id=\"post-321\" class=\" to-sort \">\n\t\t<figure class=\"afg-post-item-content\">\n\t\t\t\t\t\t\t<a href=\"https:\/\/www.sarkis.fr\/en\/2002\/le-voyage-le-soleil-lobscurite\/\" title=\"Le voyage. Le soleil. L&#8217;obscurit\u00e9.\" data-modal-link=\"#modal-blog-block_62d7ca49184e9\" class=\"landscape\">\n\t\t\t\t\t<img loading=\"lazy\" decoding=\"async\" width=\"750\" height=\"488\" src=\"https:\/\/www.sarkis.fr\/wp-content\/uploads\/2009\/06\/sarkis-2002-le-voyage-le-soleil-l-obscurite.jpg\" class=\"attachment-full size-full\" alt=\"sarkis-2002-le-voyage-le-soleil-l-obscurite\" srcset=\"https:\/\/www.sarkis.fr\/wp-content\/uploads\/2009\/06\/sarkis-2002-le-voyage-le-soleil-l-obscurite.jpg 750w, https:\/\/www.sarkis.fr\/wp-content\/uploads\/2009\/06\/sarkis-2002-le-voyage-le-soleil-l-obscurite-300x195.jpg 300w\" sizes=\"auto, (max-width: 750px) 100vw, 750px\" \/>\t\t\t\t<\/a>\n\t\t\t\t\t\t<figcaption>\n\t\t\t\t<h2>\n\t\t\t\t\t<a href=\"https:\/\/www.sarkis.fr\/en\/2002\/le-voyage-le-soleil-lobscurite\/\" title=\"Le voyage. Le soleil. L&#8217;obscurit\u00e9.\" data-modal-link=\"#modal-blog-block_62d7ca49184e9\">\n\t\t\t\t\t\tLe voyage. Le soleil. L&#8217;obscurit\u00e9.\t\t\t\t\t<\/a>\n\t\t\t\t<\/h2>\n\t\t\t\t<p class=\"afg-metadata\">\n\t\t\t<span class=\"place\">Mus\u00e9e d&#039;Art Moderne de C\u00e9ret<\/span>\t\t<span class=\"dates\">22 Jun &#8211; 25 Sep 2002<\/span><span class=\"solo\">Solo<\/span><\/p>\n\t\t\t\t\t\t\t<\/figcaption>\n\t\t<\/figure>\n<\/article>\t\t\t\t\t<div id=\"post-3423\" class=\"afg-list-item to-sort \">\n\t<div class=\"afg-list-item-content\">\n\t\t<h3>3\u00e8me sc\u00e8ne<\/h3>\n\t\t<p class=\"afg-metadata\">\n\t\t\t<span class=\"dates\">17 Apr &#8211; 18 May 2002<\/span><\/p>\n\t<p class=\"afg-title-notes\">\n\t\t\u00ab L\u2019Ouverture \u00bb\t<\/p>\t\n\t<\/div>\n<\/div>\t\t\t\t\t<div id=\"post-3422\" class=\"afg-list-item to-sort \">\n\t<div class=\"afg-list-item-content\">\n\t\t<h3>2\u00e8me sc\u00e8ne<\/h3>\n\t\t<p class=\"afg-metadata\">\n\t\t\t<span class=\"place\">\u00ab L\u2019Espace de musique \u00bb<\/span>\t\t<span class=\"dates\">5 Mar &#8211; 7 Apr 2002<\/span><\/p>\n\t<\/div>\n<\/div>\t\t\t\t\t<article id=\"post-323\" class=\" to-sort \">\n\t\t<figure class=\"afg-post-item-content\">\n\t\t\t\t\t\t\t<a href=\"https:\/\/www.sarkis.fr\/en\/2002\/der-besuch-das-gespraech-die-erwartung\/\" title=\"Der Besuch. Das Gespr\u00e4ch. Die Erwartung.\" data-modal-link=\"#modal-blog-block_62d7ca49184e9\" class=\"landscape\">\n\t\t\t\t\t<img loading=\"lazy\" decoding=\"async\" width=\"747\" height=\"493\" src=\"https:\/\/www.sarkis.fr\/wp-content\/uploads\/2009\/06\/sarkis-2002-der-besuch-das-gesprach-die-erwartung.jpg\" class=\"attachment-full size-full\" alt=\"sarkis-2002-der-besuch-das-gesprach-die-erwartung\" srcset=\"https:\/\/www.sarkis.fr\/wp-content\/uploads\/2009\/06\/sarkis-2002-der-besuch-das-gesprach-die-erwartung.jpg 747w, https:\/\/www.sarkis.fr\/wp-content\/uploads\/2009\/06\/sarkis-2002-der-besuch-das-gesprach-die-erwartung-300x198.jpg 300w\" sizes=\"auto, (max-width: 747px) 100vw, 747px\" \/>\t\t\t\t<\/a>\n\t\t\t\t\t\t<figcaption>\n\t\t\t\t<h2>\n\t\t\t\t\t<a href=\"https:\/\/www.sarkis.fr\/en\/2002\/der-besuch-das-gespraech-die-erwartung\/\" title=\"Der Besuch. Das Gespr\u00e4ch. Die Erwartung.\" data-modal-link=\"#modal-blog-block_62d7ca49184e9\">\n\t\t\t\t\t\tDer Besuch. Das Gespr\u00e4ch. Die Erwartung.\t\t\t\t\t<\/a>\n\t\t\t\t<\/h2>\n\t\t\t\t<p class=\"afg-metadata\">\n\t\t\t<span class=\"place\">Hessisches Landesmuseum, Darmstadt<\/span>\t\t<span class=\"dates\">17 Feb &#8211; 14 Apr 2002<\/span><span class=\"solo\">Solo<\/span><\/p>\n\t\t\t\t\t\t\t<\/figcaption>\n\t\t<\/figure>\n<\/article>\t\t\t\t\t<div id=\"post-3421\" class=\"afg-list-item to-sort \">\n\t<div class=\"afg-list-item-content\">\n\t\t<h3>1\u00e8re sc\u00e8ne<\/h3>\n\t\t<p class=\"afg-metadata\">\n\t\t\t<span class=\"place\">\u00ab La Br\u00fblure \u00bb<\/span>\t\t<span class=\"dates\">1 Feb &#8211; 2 Mar 2002<\/span><\/p>\n\t<\/div>\n<\/div>\t\t\t\t\t<article id=\"post-160\" class=\" to-sort \">\n\t\t<figure class=\"afg-post-item-content\">\n\t\t\t\t\t\t\t<a href=\"https:\/\/www.sarkis.fr\/en\/2002\/le-monde-est-illisible-mon-coeur-si\/\" title=\"Le monde est illisible, mon c\u0153ur si\" data-modal-link=\"#modal-blog-block_62d7ca49184e9\" class=\"landscape\">\n\t\t\t\t\t<img loading=\"lazy\" decoding=\"async\" width=\"750\" height=\"492\" src=\"https:\/\/www.sarkis.fr\/wp-content\/uploads\/2009\/05\/sarkis-2002-le-monde-est-illisible-mon-c\u0153ur-si-2eme-scene.jpg\" class=\"attachment-full size-full\" alt=\"sarkis-2002-le-monde-est-illisible-mon-c\u0153ur-si-2eme-scene\" srcset=\"https:\/\/www.sarkis.fr\/wp-content\/uploads\/2009\/05\/sarkis-2002-le-monde-est-illisible-mon-c\u0153ur-si-2eme-scene.jpg 750w, https:\/\/www.sarkis.fr\/wp-content\/uploads\/2009\/05\/sarkis-2002-le-monde-est-illisible-mon-c\u0153ur-si-2eme-scene-300x197.jpg 300w\" sizes=\"auto, (max-width: 750px) 100vw, 750px\" \/>\t\t\t\t<\/a>\n\t\t\t\t\t\t<figcaption>\n\t\t\t\t<h2>\n\t\t\t\t\t<a href=\"https:\/\/www.sarkis.fr\/en\/2002\/le-monde-est-illisible-mon-coeur-si\/\" title=\"Le monde est illisible, mon c\u0153ur si\" data-modal-link=\"#modal-blog-block_62d7ca49184e9\">\n\t\t\t\t\t\tLe monde est illisible, mon c\u0153ur si\t\t\t\t\t<\/a>\n\t\t\t\t<\/h2>\n\t\t\t\t<p class=\"afg-metadata\">\n\t\t\t<span class=\"place\">Mus\u00e9e d&#039;Art Contemporain, Lyon<\/span>\t\t<span class=\"dates\">1 Feb &#8211; 18 May 2002<\/span><\/p>\n\t\t\t\t\t\t\t<\/figcaption>\n\t\t<\/figure>\n<\/article>\t\t\t\t\t<div id=\"post-3424\" class=\"afg-list-item to-sort \">\n\t<div class=\"afg-list-item-content\">\n\t\t<h3>Sans Verre<\/h3>\n\t\t<p class=\"afg-metadata\">\n\t\t\t<span class=\"place\">Galerie Arlogos, Paris<\/span>\t\t<span class=\"dates\">18 Jan &#8211; 14 Feb 2002<\/span><\/p>\n\t<\/div>\n<\/div>\t\t\t\t\t\t\t\t\t\t\t\t<p class=\"timeline line to-sort\" id=\"section-2001\" data-year=\"2001\">2001<\/p>\n\t\t\t\t\t\t\t<div id=\"post-3425\" class=\"afg-list-item to-sort \">\n\t<div class=\"afg-list-item-content\">\n\t\t<h3>Touch<\/h3>\n\t\t<p class=\"afg-metadata\">\n\t\t\t<span class=\"place\">Galerie de Zaal, Delft<\/span>\t\t<span class=\"dates\">9 Dec 2001 &#8211; 27 Jan 2002<\/span><span class=\"solo\">Solo<\/span><\/p>\n\t<\/div>\n<\/div>\t\t\t\t\t<div id=\"post-3427\" class=\"afg-list-item to-sort \">\n\t<div class=\"afg-list-item-content\">\n\t\t<h3>Regards Crois\u00e9s<\/h3>\n\t\t<p class=\"afg-metadata\">\n\t\t\t<span class=\"place\">Mus\u00e9e d\u2019Art Contemporain de Montr\u00e9al<\/span>\t\t<span class=\"dates\">7 Nov 2001 &#8211; 31 Mar 2002<\/span><\/p>\n\t<\/div>\n<\/div>\t\t\t\t\t<article id=\"post-317\" class=\" to-sort \">\n\t\t<figure class=\"afg-post-item-content\">\n\t\t\t\t\t\t\t<a href=\"https:\/\/www.sarkis.fr\/en\/2001\/transflammation\/\" title=\"Transflammation\" data-modal-link=\"#modal-blog-block_62d7ca49184e9\" class=\"landscape\">\n\t\t\t\t\t<img loading=\"lazy\" decoding=\"async\" width=\"800\" height=\"542\" src=\"https:\/\/www.sarkis.fr\/wp-content\/uploads\/2009\/06\/Sarkis_2001-Carquefou-FRAC.jpg\" class=\"attachment-full size-full\" alt=\"Sarkis_2001-Carquefou-FRAC\" srcset=\"https:\/\/www.sarkis.fr\/wp-content\/uploads\/2009\/06\/Sarkis_2001-Carquefou-FRAC.jpg 800w, https:\/\/www.sarkis.fr\/wp-content\/uploads\/2009\/06\/Sarkis_2001-Carquefou-FRAC-300x203.jpg 300w\" sizes=\"auto, (max-width: 800px) 100vw, 800px\" \/>\t\t\t\t<\/a>\n\t\t\t\t\t\t<figcaption>\n\t\t\t\t<h2>\n\t\t\t\t\t<a href=\"https:\/\/www.sarkis.fr\/en\/2001\/transflammation\/\" title=\"Transflammation\" data-modal-link=\"#modal-blog-block_62d7ca49184e9\">\n\t\t\t\t\t\tTransflammation\t\t\t\t\t<\/a>\n\t\t\t\t<\/h2>\n\t\t\t\t<p class=\"afg-metadata\">\n\t\t\t<span class=\"place\">FRAC des Pays de la Loire, Carquefou<\/span>\t\t<span class=\"dates\">6 Oct &#8211; 16 Dec 2001<\/span><span class=\"solo\">Solo<\/span><\/p>\n\t\t\t\t\t\t\t<\/figcaption>\n\t\t<\/figure>\n<\/article>\t\t\t\t\t<div id=\"post-3428\" class=\"afg-list-item to-sort \">\n\t<div class=\"afg-list-item-content\">\n\t\t<h3>Parade 1901-2001<\/h3>\n\t\t<p class=\"afg-metadata\">\n\t\t\t<span class=\"place\">Collection du Centre Pompidou, Paris &#8211; Parque Ibirapuera, Sao Paolo<\/span>\t\t<span class=\"dates\">2 Oct 2001<\/span><\/p>\n\t<\/div>\n<\/div>\t\t\t\t\t<div id=\"post-3429\" class=\"afg-list-item to-sort \">\n\t<div class=\"afg-list-item-content\">\n\t\t<h3>Double conversation<\/h3>\n\t\t<p class=\"afg-metadata\">\n\t\t\t<span class=\"place\">Galerie Arlogos, Paris<\/span>\t\t<span class=\"dates\">20 Sep &#8211; 10 Nov 2001<\/span><span class=\"solo\">Solo<\/span><\/p>\n\t<\/div>\n<\/div>\t\t\t\t\t<article id=\"post-319\" class=\" to-sort \">\n\t\t<figure class=\"afg-post-item-content\">\n\t\t\t\t\t\t\t<a href=\"https:\/\/www.sarkis.fr\/en\/2001\/les-vitraux-de-labbaye-silvacane-les-109-ikones\/\" title=\"Les Vitraux de l&#8217;Abbaye Silvacane + Les 109 Ik\u00f4nes\" data-modal-link=\"#modal-blog-block_62d7ca49184e9\" class=\"portrait\">\n\t\t\t\t\t<img loading=\"lazy\" decoding=\"async\" width=\"560\" height=\"800\" src=\"https:\/\/www.sarkis.fr\/wp-content\/uploads\/2009\/06\/Sarkis_2001-Silvacane.jpg\" class=\"attachment-full size-full\" alt=\"Sarkis_2001-Silvacane\" srcset=\"https:\/\/www.sarkis.fr\/wp-content\/uploads\/2009\/06\/Sarkis_2001-Silvacane.jpg 560w, https:\/\/www.sarkis.fr\/wp-content\/uploads\/2009\/06\/Sarkis_2001-Silvacane-210x300.jpg 210w\" sizes=\"auto, (max-width: 560px) 100vw, 560px\" \/>\t\t\t\t<\/a>\n\t\t\t\t\t\t<figcaption>\n\t\t\t\t<h2>\n\t\t\t\t\t<a href=\"https:\/\/www.sarkis.fr\/en\/2001\/les-vitraux-de-labbaye-silvacane-les-109-ikones\/\" title=\"Les Vitraux de l&#8217;Abbaye Silvacane + Les 109 Ik\u00f4nes\" data-modal-link=\"#modal-blog-block_62d7ca49184e9\">\n\t\t\t\t\t\tLes Vitraux de l&#8217;Abbaye Silvacane + Les 109 Ik\u00f4nes\t\t\t\t\t<\/a>\n\t\t\t\t<\/h2>\n\t\t\t\t<p class=\"afg-metadata\">\n\t\t\t<span class=\"place\">Abbaye de Silvacane, La Roque-d&#039;Anth\u00e9ron<\/span>\t\t<span class=\"dates\">1 Jun 2001<\/span><span class=\"solo\">Solo<\/span><\/p>\n\t\t\t\t\t\t\t<\/figcaption>\n\t\t<\/figure>\n<\/article>\t\t\t\t\t<div id=\"post-3430\" class=\"afg-list-item to-sort \">\n\t<div class=\"afg-list-item-content\">\n\t\t<h3>de la passion \u00e0 la r\u00e9surrection<\/h3>\n\t\t<p class=\"afg-metadata\">\n\t\t\t<span class=\"place\">Ch\u00e2teau de Villeneuve, Vence<\/span>\t\t<span class=\"dates\">21 Apr &#8211; 25 Jun 2001<\/span><\/p>\n\t<\/div>\n<\/div>\t\t\t\t\t<div id=\"post-3431\" class=\"afg-list-item to-sort \">\n\t<div class=\"afg-list-item-content\">\n\t\t<h3>karisik retrospektif<\/h3>\n\t\t<p class=\"afg-metadata\">\n\t\t\t<span class=\"place\">Ma\u00e7ka Sanat Galerisi, Istanbul<\/span>\t\t<span class=\"dates\">20 Mar &#8211; 12 May 2001<\/span><span class=\"solo\">Solo<\/span><\/p>\n\t<\/div>\n<\/div>\t\t\t\t\t<div id=\"post-3432\" class=\"afg-list-item to-sort \">\n\t<div class=\"afg-list-item-content\">\n\t\t<h3>ses-ses-ses-bir \u00ab Okul \u00bb<\/h3>\n\t\t<p class=\"afg-metadata\">\n\t\t\t<span class=\"place\">Kasa Galeri, Istanbul<\/span>\t\t<span class=\"dates\">12 Mar &#8211; 30 Mar 2001<\/span><span class=\"solo\">Solo<\/span><\/p>\n\t<\/div>\n<\/div>\t\t\t\t\t\t\t\t\t\t\t\t<p class=\"timeline line to-sort\" id=\"section-2000\" data-year=\"2000\">2000<\/p>\n\t\t\t\t\t\t\t<div id=\"post-3433\" class=\"afg-list-item to-sort \">\n\t<div class=\"afg-list-item-content\">\n\t\t<h3>la sant\u00e9 des restes<\/h3>\n\t\t<p class=\"afg-metadata\">\n\t\t\t<span class=\"place\">Mus\u00e9e Ziem, Martigues<\/span>\t\t<span class=\"dates\">1 Dec 2000 &#8211; 31 Mar 2001<\/span><\/p>\n\t<\/div>\n<\/div>\t\t\t\t\t<article id=\"post-309\" class=\" to-sort \">\n\t\t<figure class=\"afg-post-item-content\">\n\t\t\t\t\t\t\t<a href=\"https:\/\/www.sarkis.fr\/en\/2000\/een-overnachting-op-oud-amelisweerd\/\" title=\"Een overnachting op Oud-Amelisweerd\" data-modal-link=\"#modal-blog-block_62d7ca49184e9\" class=\"landscape\">\n\t\t\t\t\t<img loading=\"lazy\" decoding=\"async\" width=\"784\" height=\"529\" src=\"https:\/\/www.sarkis.fr\/wp-content\/uploads\/2009\/06\/sarkis-2000-een-overnachting-op-oud-amelisweerd.jpg\" class=\"attachment-full size-full\" alt=\"sarkis-2000-een-overnachting-op-oud-amelisweerd\" srcset=\"https:\/\/www.sarkis.fr\/wp-content\/uploads\/2009\/06\/sarkis-2000-een-overnachting-op-oud-amelisweerd.jpg 784w, https:\/\/www.sarkis.fr\/wp-content\/uploads\/2009\/06\/sarkis-2000-een-overnachting-op-oud-amelisweerd-300x202.jpg 300w\" sizes=\"auto, (max-width: 784px) 100vw, 784px\" \/>\t\t\t\t<\/a>\n\t\t\t\t\t\t<figcaption>\n\t\t\t\t<h2>\n\t\t\t\t\t<a href=\"https:\/\/www.sarkis.fr\/en\/2000\/een-overnachting-op-oud-amelisweerd\/\" title=\"Een overnachting op Oud-Amelisweerd\" data-modal-link=\"#modal-blog-block_62d7ca49184e9\">\n\t\t\t\t\t\tEen overnachting op Oud-Amelisweerd\t\t\t\t\t<\/a>\n\t\t\t\t<\/h2>\n\t\t\t\t<p class=\"afg-metadata\">\n\t\t\t<span class=\"place\">Utrecht<\/span>\t\t<span class=\"dates\">24 Nov &#8211; 16 Dec 2000<\/span><\/p>\n\t<p class=\"afg-title-notes\">\n\t\tAvec Berry Visser, 12 nuits entre le 24 nov et le 16 d\u00e9c\t<\/p>\t\n\t\t\t\t\t\t\t<\/figcaption>\n\t\t<\/figure>\n<\/article>\t\t\t\t\t<div id=\"post-3434\" class=\"afg-list-item to-sort \">\n\t<div class=\"afg-list-item-content\">\n\t\t<h3>Shanghai Biennale<\/h3>\n\t\t<p class=\"afg-metadata\">\n\t\t\t<span class=\"place\">Shangha\u00ef Art Museum<\/span>\t\t<span class=\"dates\">6 Nov 2000 &#8211; 6 Jan 2001<\/span><\/p>\n\t<\/div>\n<\/div>\t\t\t\t\t<div id=\"post-3435\" class=\"afg-list-item to-sort \">\n\t<div class=\"afg-list-item-content\">\n\t\t<h3>Le regard<\/h3>\n\t\t<p class=\"afg-metadata\">\n\t\t\t<span class=\"place\">Mus\u00e9e des Beaux-Arts, Tours<\/span>\t\t<span class=\"dates\">5 Oct &#8211; 15 Nov 2000<\/span><span class=\"solo\">Solo<\/span><\/p>\n\t<\/div>\n<\/div>\t\t\t\t\t<div id=\"post-3436\" class=\"afg-list-item to-sort \">\n\t<div class=\"afg-list-item-content\">\n\t\t<h3>Bug\u00fcnk\u00fc Program-Gelecek Program<\/h3>\n\t\t<p class=\"afg-metadata\">\n\t\t\t<span class=\"place\">Beyoglu, Istanbul<\/span>\t\t<span class=\"dates\">29 Sep 2000 &#8211; 6 Jan 2001<\/span><\/p>\n\t<\/div>\n<\/div>\t\t\t\t\t<article id=\"post-313\" class=\" to-sort \">\n\t\t<figure class=\"afg-post-item-content\">\n\t\t\t\t\t\t\t<a href=\"https:\/\/www.sarkis.fr\/en\/2000\/le-defile-du-siecle-en-fluo\/\" title=\"Le d\u00e9fil\u00e9 du si\u00e8cle en fluo\" data-modal-link=\"#modal-blog-block_62d7ca49184e9\" class=\"landscape\">\n\t\t\t\t\t<img loading=\"lazy\" decoding=\"async\" width=\"800\" height=\"534\" src=\"https:\/\/www.sarkis.fr\/wp-content\/uploads\/2009\/06\/Sarkis_2000-Carquefou-Nantes.jpg\" class=\"attachment-full size-full\" alt=\"Sarkis_2000-Carquefou-Nantes\" srcset=\"https:\/\/www.sarkis.fr\/wp-content\/uploads\/2009\/06\/Sarkis_2000-Carquefou-Nantes.jpg 800w, https:\/\/www.sarkis.fr\/wp-content\/uploads\/2009\/06\/Sarkis_2000-Carquefou-Nantes-300x200.jpg 300w\" sizes=\"auto, (max-width: 800px) 100vw, 800px\" \/>\t\t\t\t<\/a>\n\t\t\t\t\t\t<figcaption>\n\t\t\t\t<h2>\n\t\t\t\t\t<a href=\"https:\/\/www.sarkis.fr\/en\/2000\/le-defile-du-siecle-en-fluo\/\" title=\"Le d\u00e9fil\u00e9 du si\u00e8cle en fluo\" data-modal-link=\"#modal-blog-block_62d7ca49184e9\">\n\t\t\t\t\t\tLe d\u00e9fil\u00e9 du si\u00e8cle en fluo\t\t\t\t\t<\/a>\n\t\t\t\t<\/h2>\n\t\t\t\t<p class=\"afg-metadata\">\n\t\t\t<span class=\"place\">FRAC des Pays de la Loire, Carquefou<\/span>\t\t<span class=\"dates\">14 Sep &#8211; 17 Dec 2000<\/span><\/p>\n\t\t\t\t\t\t\t<\/figcaption>\n\t\t<\/figure>\n<\/article>\t\t\t\t\t<div id=\"post-3437\" class=\"afg-list-item to-sort \">\n\t<div class=\"afg-list-item-content\">\n\t\t<h3>L\u2019atelier depuis 19380-LE CRI XX<\/h3>\n\t\t<p class=\"afg-metadata\">\n\t\t\t<span class=\"place\">MAMCO, Gen\u00e8ve<\/span>\t\t<span class=\"dates\">5 Sep 2000<\/span><\/p>\n\t<\/div>\n<\/div>\t\t\t\t\t<div id=\"post-3442\" class=\"afg-list-item to-sort \">\n\t<div class=\"afg-list-item-content\">\n\t\t<h3>VOIL\u00c0<\/h3>\n\t\t<p class=\"afg-metadata\">\n\t\t\t<span class=\"place\">le monde dans la t\u00eate, Mus\u00e9e d\u2019Art Moderne de la Ville de Paris<\/span>\t\t<span class=\"dates\">14 Jul &#8211; 29 Oct 2000<\/span><\/p>\n\t<\/div>\n<\/div>\t\t\t\t\t<div id=\"post-3438\" class=\"afg-list-item to-sort \">\n\t<div class=\"afg-list-item-content\">\n\t\t<h3>L\u2019ange qui \u00e9coute l\u2019Oratorio de No\u00ebl de J.S.Bach<\/h3>\n\t\t<p class=\"afg-metadata\">\n\t\t\t<span class=\"place\">Sacristie de l\u2019\u00e9glise Saint-Vincent, Coren-les-Eaux<\/span>\t\t<span class=\"dates\">8 Jul &#8211; 19 Aug 2000<\/span><\/p>\n\t<\/div>\n<\/div>\t\t\t\t\t<div id=\"post-3439\" class=\"afg-list-item to-sort \">\n\t<div class=\"afg-list-item-content\">\n\t\t<h3>Le Voyage mental<\/h3>\n\t\t<p class=\"afg-metadata\">\n\t\t\t<span class=\"place\">dans la Ville de Montpellier<\/span>\t\t<span class=\"dates\">30 Jun 2000<\/span><\/p>\n\t<\/div>\n<\/div>\t\t\t\t\t<div id=\"post-3440\" class=\"afg-list-item to-sort \">\n\t<div class=\"afg-list-item-content\">\n\t\t<h3>Narcisse bless\u00e9<\/h3>\n\t\t<p class=\"afg-metadata\">\n\t\t\t<span class=\"place\">Passage Retz, Paris<\/span>\t\t<span class=\"dates\">19 Jun &#8211; 2 Sep 2000<\/span><\/p>\n\t<\/div>\n<\/div>\t\t\t\t\t<article id=\"post-486\" class=\" to-sort \">\n\t\t<figure class=\"afg-post-item-content\">\n\t\t\t\t\t\t\t<a href=\"https:\/\/www.sarkis.fr\/en\/2000\/respiration-2\/\" title=\"Respiration\" data-modal-link=\"#modal-blog-block_62d7ca49184e9\" class=\"landscape\">\n\t\t\t\t\t<img loading=\"lazy\" decoding=\"async\" width=\"800\" height=\"526\" src=\"https:\/\/www.sarkis.fr\/wp-content\/uploads\/2009\/06\/Sarkis_2000-Panthon-Paris.jpg\" class=\"attachment-full size-full\" alt=\"Sarkis_2000-Panthon-Paris\" srcset=\"https:\/\/www.sarkis.fr\/wp-content\/uploads\/2009\/06\/Sarkis_2000-Panthon-Paris.jpg 800w, https:\/\/www.sarkis.fr\/wp-content\/uploads\/2009\/06\/Sarkis_2000-Panthon-Paris-300x197.jpg 300w\" sizes=\"auto, (max-width: 800px) 100vw, 800px\" \/>\t\t\t\t<\/a>\n\t\t\t\t\t\t<figcaption>\n\t\t\t\t<h2>\n\t\t\t\t\t<a href=\"https:\/\/www.sarkis.fr\/en\/2000\/respiration-2\/\" title=\"Respiration\" data-modal-link=\"#modal-blog-block_62d7ca49184e9\">\n\t\t\t\t\t\tRespiration\t\t\t\t\t<\/a>\n\t\t\t\t<\/h2>\n\t\t\t\t<p class=\"afg-metadata\">\n\t\t\t<span class=\"place\">Le Panth\u00e9on, Paris<\/span>\t\t<span class=\"dates\">7 Jun &#8211; 14 Nov 2000<\/span><span class=\"solo\">Solo<\/span><\/p>\n\t\t\t\t\t\t\t<\/figcaption>\n\t\t<\/figure>\n<\/article>\t\t\t\t\t<div id=\"post-3443\" class=\"afg-list-item to-sort \">\n\t<div class=\"afg-list-item-content\">\n\t\t<h3>Sarkis, Fran\u00e7ois Morellet, Mario Merz<\/h3>\n\t\t<p class=\"afg-metadata\">\n\t\t\t<span class=\"place\">Galeries Poirel, Nancy<\/span>\t\t<span class=\"dates\">21 May &#8211; 21 Jul 2000<\/span><\/p>\n\t<\/div>\n<\/div>\t\t\t\t\t<div id=\"post-3444\" class=\"afg-list-item to-sort \">\n\t<div class=\"afg-list-item-content\">\n\t\t<h3>Sept artistes pour le Tramway<\/h3>\n\t\t<p class=\"afg-metadata\">\n\t\t\t<span class=\"place\">Carr\u00e9 Sainte-Anne, Montpellier<\/span>\t\t<span class=\"dates\">5 May &#8211; 3 Jun 2000<\/span><\/p>\n\t<\/div>\n<\/div>\t\t\t\t\t<div id=\"post-3445\" class=\"afg-list-item to-sort \">\n\t<div class=\"afg-list-item-content\">\n\t\t<h3>Lumi\u00e8re aux Cordeliers<\/h3>\n\t\t<p class=\"afg-metadata\">\n\t\t\t<span class=\"place\">Couvent des Cordeliers, Paris<\/span>\t\t<span class=\"dates\">25 Apr &#8211; 4 Jun 2000<\/span><\/p>\n\t<\/div>\n<\/div>\t\t\t\t\t<div id=\"post-3446\" class=\"afg-list-item to-sort \">\n\t<div class=\"afg-list-item-content\">\n\t\t<h3>La fronti\u00e8re en t\u00eate<\/h3>\n\t\t<p class=\"afg-metadata\">\n\t\t\t<span class=\"place\">CEAAC, Strasbourg<\/span>\t\t<span class=\"dates\">24 Mar &#8211; 5 Jun 2000<\/span><\/p>\n\t<\/div>\n<\/div>\t\t\t\t\t<article id=\"post-311\" class=\" to-sort \">\n\t\t<figure class=\"afg-post-item-content\">\n\t\t\t\t\t\t\t<a href=\"https:\/\/www.sarkis.fr\/en\/2000\/sarkis-21012000-09042000\/\" title=\"SARKIS 21.01.2000 &#8211; 09.04.2000\" data-modal-link=\"#modal-blog-block_62d7ca49184e9\" class=\"landscape\">\n\t\t\t\t\t<img loading=\"lazy\" decoding=\"async\" width=\"530\" height=\"369\" src=\"https:\/\/www.sarkis.fr\/wp-content\/uploads\/2009\/06\/2000-CAPC.jpg\" class=\"attachment-full size-full\" alt=\"2000-CAPC\" srcset=\"https:\/\/www.sarkis.fr\/wp-content\/uploads\/2009\/06\/2000-CAPC.jpg 530w, https:\/\/www.sarkis.fr\/wp-content\/uploads\/2009\/06\/2000-CAPC-300x209.jpg 300w\" sizes=\"auto, (max-width: 530px) 100vw, 530px\" \/>\t\t\t\t<\/a>\n\t\t\t\t\t\t<figcaption>\n\t\t\t\t<h2>\n\t\t\t\t\t<a href=\"https:\/\/www.sarkis.fr\/en\/2000\/sarkis-21012000-09042000\/\" title=\"SARKIS 21.01.2000 &#8211; 09.04.2000\" data-modal-link=\"#modal-blog-block_62d7ca49184e9\">\n\t\t\t\t\t\tSARKIS 21.01.2000 &#8211; 09.04.2000\t\t\t\t\t<\/a>\n\t\t\t\t<\/h2>\n\t\t\t\t<p class=\"afg-metadata\">\n\t\t\t<span class=\"place\">CAPC mus\u00e9e d&#039;art contemporain Bordeaux<\/span>\t\t<span class=\"dates\">21 Jan &#8211; 9 Apr 2000<\/span><span class=\"solo\">Solo<\/span><\/p>\n\t\t\t\t\t\t\t<\/figcaption>\n\t\t<\/figure>\n<\/article>\t\t\t\t\t<div id=\"post-3447\" class=\"afg-list-item to-sort \">\n\t<div class=\"afg-list-item-content\">\n\t\t<h3>Une lumi\u00e8re froide qui chauffe<\/h3>\n\t\t<p class=\"afg-metadata\">\n\t\t\t<span class=\"place\">Galerie Arlogos, Paris<\/span>\t\t<span class=\"dates\">13 Jan &#8211; 26 Feb 2000<\/span><span class=\"solo\">Solo<\/span><\/p>\n\t<\/div>\n<\/div>\t\t\t\t\t\t\t\t\t\t\t\t<p class=\"timeline line to-sort\" id=\"section-1999\" data-year=\"1999\">1999<\/p>\n\t\t\t\t\t\t\t<div id=\"post-3448\" class=\"afg-list-item to-sort \">\n\t<div class=\"afg-list-item-content\">\n\t\t<h3>l\u2019\u00e9cho de ma main (\u00e0 partir de 19380)<\/h3>\n\t\t<p class=\"afg-metadata\">\n\t\t\t<span class=\"place\">MAMCO, Gen\u00e8ve<\/span>\t\t<span class=\"dates\">2 Dec 1999<\/span><span class=\"solo\">Solo<\/span><\/p>\n\t<\/div>\n<\/div>\t\t\t\t\t<div id=\"post-3449\" class=\"afg-list-item to-sort \">\n\t<div class=\"afg-list-item-content\">\n\t\t<h3>au commencement (les 16 films tourn\u00e9s au Fresnoy)<\/h3>\n\t\t<p class=\"afg-metadata\">\n\t\t\t<span class=\"place\">Cin\u00e9ma Odyss\u00e9e, Strasbourg<\/span>\t\t<span class=\"dates\">17 Nov &#8211; 23 Nov 1999<\/span><\/p>\n\t<\/div>\n<\/div>\t\t\t\t\t<article id=\"post-158\" class=\" to-sort \">\n\t\t<figure class=\"afg-post-item-content\">\n\t\t\t\t\t\t\t<a href=\"https:\/\/www.sarkis.fr\/en\/1999\/premises\/\" title=\"PREMISES\" data-modal-link=\"#modal-blog-block_62d7ca49184e9\" class=\"landscape\">\n\t\t\t\t\t<img loading=\"lazy\" decoding=\"async\" width=\"800\" height=\"548\" src=\"https:\/\/www.sarkis.fr\/wp-content\/uploads\/2009\/05\/1999-Guggenheim-N.Y.jpg\" class=\"attachment-full size-full\" alt=\"1999-Guggenheim-N.Y\" srcset=\"https:\/\/www.sarkis.fr\/wp-content\/uploads\/2009\/05\/1999-Guggenheim-N.Y.jpg 800w, https:\/\/www.sarkis.fr\/wp-content\/uploads\/2009\/05\/1999-Guggenheim-N.Y-300x206.jpg 300w\" sizes=\"auto, (max-width: 800px) 100vw, 800px\" \/>\t\t\t\t<\/a>\n\t\t\t\t\t\t<figcaption>\n\t\t\t\t<h2>\n\t\t\t\t\t<a href=\"https:\/\/www.sarkis.fr\/en\/1999\/premises\/\" title=\"PREMISES\" data-modal-link=\"#modal-blog-block_62d7ca49184e9\">\n\t\t\t\t\t\tPREMISES\t\t\t\t\t<\/a>\n\t\t\t\t<\/h2>\n\t\t\t\t<p class=\"afg-metadata\">\n\t\t\t<span class=\"place\">Solomon R. Guggenheim Museum, Soho, New York<\/span>\t\t<span class=\"dates\">13 Oct &#8211; 15 Jan 1999<\/span><\/p>\n\t\t\t\t\t\t\t\t<p class=\"afg-metadata\" style=\"opacity:.7;font-size:8pt;line-height:8pt;\">\n\t\t\t\t3 more images<\/p>\n\t\t\t\t\t\t\t<\/figcaption>\n\t\t<\/figure>\n<\/article>\t\t\t\t\t<article id=\"post-304\" class=\" to-sort \">\n\t\t<figure class=\"afg-post-item-content\">\n\t\t\t\t\t\t\t<a href=\"https:\/\/www.sarkis.fr\/en\/1999\/el-mundo-no-es-legible-pero-mi-corazon-si\/\" title=\"El mundo no es legible, pero mi corazon si !\" data-modal-link=\"#modal-blog-block_62d7ca49184e9\" class=\"landscape\">\n\t\t\t\t\t<img loading=\"lazy\" decoding=\"async\" width=\"800\" height=\"504\" src=\"https:\/\/www.sarkis.fr\/wp-content\/uploads\/2009\/06\/Sarkis_1999-La-Havane.jpg\" class=\"attachment-full size-full\" alt=\"Sarkis_1999-La-Havane\" srcset=\"https:\/\/www.sarkis.fr\/wp-content\/uploads\/2009\/06\/Sarkis_1999-La-Havane.jpg 800w, https:\/\/www.sarkis.fr\/wp-content\/uploads\/2009\/06\/Sarkis_1999-La-Havane-300x189.jpg 300w\" sizes=\"auto, (max-width: 800px) 100vw, 800px\" \/>\t\t\t\t<\/a>\n\t\t\t\t\t\t<figcaption>\n\t\t\t\t<h2>\n\t\t\t\t\t<a href=\"https:\/\/www.sarkis.fr\/en\/1999\/el-mundo-no-es-legible-pero-mi-corazon-si\/\" title=\"El mundo no es legible, pero mi corazon si !\" data-modal-link=\"#modal-blog-block_62d7ca49184e9\">\n\t\t\t\t\t\tEl mundo no es legible, pero mi corazon si !\t\t\t\t\t<\/a>\n\t\t\t\t<\/h2>\n\t\t\t\t<p class=\"afg-metadata\">\n\t\t\t<span class=\"place\">Centro de Arte Contempor\u00e1neo Wifredo Lam, La Habana<\/span>\t\t<span class=\"dates\">7 Oct &#8211; 7 Nov 1999<\/span><span class=\"solo\">Solo<\/span><\/p>\n\t<p class=\"afg-title-notes\">\n\t\tAvec Patrick Neu\t<\/p>\t\n\t\t\t\t\t\t\t<\/figcaption>\n\t\t<\/figure>\n<\/article>\t\t\t\t\t<article id=\"post-3451\" class=\" to-sort \">\n\t\t<figure class=\"afg-post-item-content\">\n\t\t\t\t\t\t\t<a href=\"https:\/\/www.sarkis.fr\/en\/1999\/kronos-kairos\/\" title=\"KRONOS &#038; KAIROS\" data-modal-link=\"#modal-blog-block_62d7ca49184e9\" class=\"landscape\">\n\t\t\t\t\t<img loading=\"lazy\" decoding=\"async\" width=\"1200\" height=\"755\" src=\"https:\/\/www.sarkis.fr\/wp-content\/uploads\/2009\/05\/1999-KRONOS-KAIROS-Museum-Fridericianum-Kassel_-.webp\" class=\"attachment-full size-full\" alt=\"\" srcset=\"https:\/\/www.sarkis.fr\/wp-content\/uploads\/2009\/05\/1999-KRONOS-KAIROS-Museum-Fridericianum-Kassel_-.webp 1200w, https:\/\/www.sarkis.fr\/wp-content\/uploads\/2009\/05\/1999-KRONOS-KAIROS-Museum-Fridericianum-Kassel_--300x189.webp 300w, https:\/\/www.sarkis.fr\/wp-content\/uploads\/2009\/05\/1999-KRONOS-KAIROS-Museum-Fridericianum-Kassel_--1030x648.webp 1030w, https:\/\/www.sarkis.fr\/wp-content\/uploads\/2009\/05\/1999-KRONOS-KAIROS-Museum-Fridericianum-Kassel_--768x483.webp 768w\" sizes=\"auto, (max-width: 1200px) 100vw, 1200px\" \/>\t\t\t\t<\/a>\n\t\t\t\t\t\t<figcaption>\n\t\t\t\t<h2>\n\t\t\t\t\t<a href=\"https:\/\/www.sarkis.fr\/en\/1999\/kronos-kairos\/\" title=\"KRONOS &#038; KAIROS\" data-modal-link=\"#modal-blog-block_62d7ca49184e9\">\n\t\t\t\t\t\tKRONOS &#038; KAIROS\t\t\t\t\t<\/a>\n\t\t\t\t<\/h2>\n\t\t\t\t<p class=\"afg-metadata\">\n\t\t\t<span class=\"place\">Museum Fridericianum, Kassel<\/span>\t\t<span class=\"dates\">5 Sep &#8211; 7 Nov 1999<\/span><\/p>\n\t\t\t\t\t\t\t\t<p class=\"afg-metadata\" style=\"opacity:.7;font-size:8pt;line-height:8pt;\">\n\t\t\t\t1 more image<\/p>\n\t\t\t\t\t\t\t<\/figcaption>\n\t\t<\/figure>\n<\/article>\t\t\t\t\t<div id=\"post-3452\" class=\"afg-list-item to-sort \">\n\t<div class=\"afg-list-item-content\">\n\t\t<h3>Die Grenze im Kopf<\/h3>\n\t\t<p class=\"afg-metadata\">\n\t\t\t<span class=\"place\">Kunstverein Villa Streccius, Landau<\/span>\t\t<span class=\"dates\">3 Sep &#8211; 10 Oct 1999<\/span><\/p>\n\t<\/div>\n<\/div>\t\t\t\t\t<div id=\"post-3453\" class=\"afg-list-item to-sort \">\n\t<div class=\"afg-list-item-content\">\n\t\t<h3>PANORAMA 2000<\/h3>\n\t\t<p class=\"afg-metadata\">\n\t\t\t<span class=\"place\">Dom Tower, Utrecht<\/span>\t\t<span class=\"dates\">4 Jun &#8211; 4 Oct 1999<\/span><\/p>\n\t<\/div>\n<\/div>\t\t\t\t\t<div id=\"post-3454\" class=\"afg-list-item to-sort \">\n\t<div class=\"afg-list-item-content\">\n\t\t<h3>25 short films<\/h3>\n\t\t<p class=\"afg-metadata\">\n\t\t\t<span class=\"place\">Galerie de Zaal, Delt<\/span>\t\t<span class=\"dates\">2 May &#8211; 28 May 1999<\/span><span class=\"solo\">Solo<\/span><\/p>\n\t<\/div>\n<\/div>\t\t\t\t\t<article id=\"post-3455\" class=\" to-sort \">\n\t\t<figure class=\"afg-post-item-content\">\n\t\t\t\t\t\t\t<a href=\"https:\/\/www.sarkis.fr\/en\/1999\/iskorpit\/\" title=\"ISKORPIT\" data-modal-link=\"#modal-blog-block_62d7ca49184e9\" class=\"landscape\">\n\t\t\t\t\t<img loading=\"lazy\" decoding=\"async\" width=\"1200\" height=\"780\" src=\"https:\/\/www.sarkis.fr\/wp-content\/uploads\/2009\/05\/1999-ISKORPIT-Badisher-Kunstverein-Karlsruhe-.webp\" class=\"attachment-full size-full\" alt=\"\" srcset=\"https:\/\/www.sarkis.fr\/wp-content\/uploads\/2009\/05\/1999-ISKORPIT-Badisher-Kunstverein-Karlsruhe-.webp 1200w, https:\/\/www.sarkis.fr\/wp-content\/uploads\/2009\/05\/1999-ISKORPIT-Badisher-Kunstverein-Karlsruhe--300x195.webp 300w, https:\/\/www.sarkis.fr\/wp-content\/uploads\/2009\/05\/1999-ISKORPIT-Badisher-Kunstverein-Karlsruhe--1030x670.webp 1030w, https:\/\/www.sarkis.fr\/wp-content\/uploads\/2009\/05\/1999-ISKORPIT-Badisher-Kunstverein-Karlsruhe--768x499.webp 768w\" sizes=\"auto, (max-width: 1200px) 100vw, 1200px\" \/>\t\t\t\t<\/a>\n\t\t\t\t\t\t<figcaption>\n\t\t\t\t<h2>\n\t\t\t\t\t<a href=\"https:\/\/www.sarkis.fr\/en\/1999\/iskorpit\/\" title=\"ISKORPIT\" data-modal-link=\"#modal-blog-block_62d7ca49184e9\">\n\t\t\t\t\t\tISKORPIT\t\t\t\t\t<\/a>\n\t\t\t\t<\/h2>\n\t\t\t\t<p class=\"afg-metadata\">\n\t\t\t<span class=\"place\">Badisher Kunstverein, Karlsruhe<\/span>\t\t<span class=\"dates\">29 Apr &#8211; 6 Jun 1999<\/span><\/p>\n\t\t\t\t\t\t\t<\/figcaption>\n\t\t<\/figure>\n<\/article>\t\t\t\t\t<article id=\"post-3456\" class=\" to-sort \">\n\t\t<figure class=\"afg-post-item-content\">\n\t\t\t\t\t\t\t<a href=\"https:\/\/www.sarkis.fr\/en\/1999\/dapres-et-apres\/\" title=\"d\u2019apr\u00e8s et apr\u00e8s\" data-modal-link=\"#modal-blog-block_62d7ca49184e9\" class=\"landscape\">\n\t\t\t\t\t<img loading=\"lazy\" decoding=\"async\" width=\"1200\" height=\"779\" src=\"https:\/\/www.sarkis.fr\/wp-content\/uploads\/2009\/05\/1999-dapres-et-apres-Musee-dAfrique-et-Oceanie-Paris-.webp\" class=\"attachment-full size-full\" alt=\"\" srcset=\"https:\/\/www.sarkis.fr\/wp-content\/uploads\/2009\/05\/1999-dapres-et-apres-Musee-dAfrique-et-Oceanie-Paris-.webp 1200w, https:\/\/www.sarkis.fr\/wp-content\/uploads\/2009\/05\/1999-dapres-et-apres-Musee-dAfrique-et-Oceanie-Paris--300x195.webp 300w, https:\/\/www.sarkis.fr\/wp-content\/uploads\/2009\/05\/1999-dapres-et-apres-Musee-dAfrique-et-Oceanie-Paris--1030x669.webp 1030w, https:\/\/www.sarkis.fr\/wp-content\/uploads\/2009\/05\/1999-dapres-et-apres-Musee-dAfrique-et-Oceanie-Paris--768x499.webp 768w\" sizes=\"auto, (max-width: 1200px) 100vw, 1200px\" \/>\t\t\t\t<\/a>\n\t\t\t\t\t\t<figcaption>\n\t\t\t\t<h2>\n\t\t\t\t\t<a href=\"https:\/\/www.sarkis.fr\/en\/1999\/dapres-et-apres\/\" title=\"d\u2019apr\u00e8s et apr\u00e8s\" data-modal-link=\"#modal-blog-block_62d7ca49184e9\">\n\t\t\t\t\t\td\u2019apr\u00e8s et apr\u00e8s\t\t\t\t\t<\/a>\n\t\t\t\t<\/h2>\n\t\t\t\t<p class=\"afg-metadata\">\n\t\t\t<span class=\"place\">Mus\u00e9e d\u2019Afrique et Oc\u00e9anie, Paris<\/span>\t\t<span class=\"dates\">16 Apr 1999<\/span><\/p>\n\t<p class=\"afg-title-notes\">\n\t\tde 18h \u00e0 20h\t<\/p>\t\n\t\t\t\t\t\t\t<\/figcaption>\n\t\t<\/figure>\n<\/article>\t\t\t\t\t<div id=\"post-3457\" class=\"afg-list-item to-sort \">\n\t<div class=\"afg-list-item-content\">\n\t\t<h3>Salut au Monde<\/h3>\n\t\t<p class=\"afg-metadata\">\n\t\t\t<span class=\"place\">Centre des expositions Paul Courboulay, Le Mans<\/span>\t\t<span class=\"dates\">17 Mar &#8211; 28 Apr 1999<\/span><\/p>\n\t<\/div>\n<\/div>\t\t\t\t\t<article id=\"post-3458\" class=\" to-sort \">\n\t\t<figure class=\"afg-post-item-content\">\n\t\t\t\t\t\t\t<a href=\"https:\/\/www.sarkis.fr\/en\/1999\/la-voix\/\" title=\"La Voix\" data-modal-link=\"#modal-blog-block_62d7ca49184e9\" class=\"landscape\">\n\t\t\t\t\t<img loading=\"lazy\" decoding=\"async\" width=\"1200\" height=\"778\" src=\"https:\/\/www.sarkis.fr\/wp-content\/uploads\/2009\/05\/1999-La-Voix-Le-Fresnoy-Tourcoing-.webp\" class=\"attachment-full size-full\" alt=\"\" srcset=\"https:\/\/www.sarkis.fr\/wp-content\/uploads\/2009\/05\/1999-La-Voix-Le-Fresnoy-Tourcoing-.webp 1200w, https:\/\/www.sarkis.fr\/wp-content\/uploads\/2009\/05\/1999-La-Voix-Le-Fresnoy-Tourcoing--300x195.webp 300w, https:\/\/www.sarkis.fr\/wp-content\/uploads\/2009\/05\/1999-La-Voix-Le-Fresnoy-Tourcoing--1030x668.webp 1030w, https:\/\/www.sarkis.fr\/wp-content\/uploads\/2009\/05\/1999-La-Voix-Le-Fresnoy-Tourcoing--768x498.webp 768w\" sizes=\"auto, (max-width: 1200px) 100vw, 1200px\" \/>\t\t\t\t<\/a>\n\t\t\t\t\t\t<figcaption>\n\t\t\t\t<h2>\n\t\t\t\t\t<a href=\"https:\/\/www.sarkis.fr\/en\/1999\/la-voix\/\" title=\"La Voix\" data-modal-link=\"#modal-blog-block_62d7ca49184e9\">\n\t\t\t\t\t\tLa Voix\t\t\t\t\t<\/a>\n\t\t\t\t<\/h2>\n\t\t\t\t<p class=\"afg-metadata\">\n\t\t\t<span class=\"place\">Le Fresnoy, Tourcoing<\/span>\t\t<span class=\"dates\">27 Feb &#8211; 11 Apr 1999<\/span><\/p>\n\t\t\t\t\t\t\t<\/figcaption>\n\t\t<\/figure>\n<\/article>\t\t\t\t\t<div id=\"post-3450\" class=\"afg-list-item to-sort \">\n\t<div class=\"afg-list-item-content\">\n\t\t<h3>\u00f4 saisons, \u00f4 ch\u00e2teaux !<\/h3>\n\t\t<p class=\"afg-metadata\">\n\t\t\t<span class=\"place\">Mus\u00e9e des Ursulines, M\u00e2con<\/span>\t\t<span class=\"dates\">13 Feb &#8211; 31 Dec 1999<\/span><\/p>\n\t<\/div>\n<\/div>\t\t\t\t\t<div id=\"post-3459\" class=\"afg-list-item to-sort \">\n\t<div class=\"afg-list-item-content\">\n\t\t<h3>International Film Festival Rotterdam<\/h3>\n\t\t<p class=\"afg-metadata\">\n\t\t\t<span class=\"place\">Rotterdam<\/span>\t\t<span class=\"dates\">27 Jan &#8211; 7 Feb 1999<\/span><\/p>\n\t<p class=\"afg-title-notes\">\n\t\tAvec 16 films en 16mm tourn\u00e9s au Fresnoy titr\u00e9s \u00ab au commencement \u00bb\t<\/p>\t\n\t<\/div>\n<\/div>\t\t\t\t\t<article id=\"post-302\" class=\" to-sort \">\n\t\t<figure class=\"afg-post-item-content\">\n\t\t\t\t\t\t\t<a href=\"https:\/\/www.sarkis.fr\/en\/1999\/a-la-limite-du-silence\/\" title=\"\u00c0 la limite du silence\" data-modal-link=\"#modal-blog-block_62d7ca49184e9\" class=\"landscape\">\n\t\t\t\t\t<img loading=\"lazy\" decoding=\"async\" width=\"800\" height=\"492\" src=\"https:\/\/www.sarkis.fr\/wp-content\/uploads\/2009\/06\/Sarkis_1999-gal-Arlogos.jpg\" class=\"attachment-full size-full\" alt=\"Sarkis_1999-gal-Arlogos\" srcset=\"https:\/\/www.sarkis.fr\/wp-content\/uploads\/2009\/06\/Sarkis_1999-gal-Arlogos.jpg 800w, https:\/\/www.sarkis.fr\/wp-content\/uploads\/2009\/06\/Sarkis_1999-gal-Arlogos-300x185.jpg 300w\" sizes=\"auto, (max-width: 800px) 100vw, 800px\" \/>\t\t\t\t<\/a>\n\t\t\t\t\t\t<figcaption>\n\t\t\t\t<h2>\n\t\t\t\t\t<a href=\"https:\/\/www.sarkis.fr\/en\/1999\/a-la-limite-du-silence\/\" title=\"\u00c0 la limite du silence\" data-modal-link=\"#modal-blog-block_62d7ca49184e9\">\n\t\t\t\t\t\t\u00c0 la limite du silence\t\t\t\t\t<\/a>\n\t\t\t\t<\/h2>\n\t\t\t\t<p class=\"afg-metadata\">\n\t\t\t<span class=\"place\">Galerie Arlogos, Paris<\/span>\t\t<span class=\"dates\">16 Jan &#8211; 6 Mar 1999<\/span><span class=\"solo\">Solo<\/span><\/p>\n\t\t\t\t\t\t\t\t<p class=\"afg-metadata\" style=\"opacity:.7;font-size:8pt;line-height:8pt;\">\n\t\t\t\t1 more image<\/p>\n\t\t\t\t\t\t\t<\/figcaption>\n\t\t<\/figure>\n<\/article>\t\t\t\t\t\t\t\t\t\t\t\t<p class=\"timeline line to-sort\" id=\"section-1998\" data-year=\"1998\">1998<\/p>\n\t\t\t\t\t\t\t<article id=\"post-3460\" class=\" to-sort \">\n\t\t<figure class=\"afg-post-item-content\">\n\t\t\t\t\t\t\t<a href=\"https:\/\/www.sarkis.fr\/en\/1998\/50-especes-despaces\/\" title=\"50 esp\u00e8ces d\u2019espaces\" data-modal-link=\"#modal-blog-block_62d7ca49184e9\" class=\"landscape\">\n\t\t\t\t\t<img loading=\"lazy\" decoding=\"async\" width=\"1200\" height=\"801\" src=\"https:\/\/www.sarkis.fr\/wp-content\/uploads\/2009\/05\/1998-50-especes-despaces-MAC-et-la-Vieille-Charite-Marseille-.webp\" class=\"attachment-full size-full\" alt=\"\" srcset=\"https:\/\/www.sarkis.fr\/wp-content\/uploads\/2009\/05\/1998-50-especes-despaces-MAC-et-la-Vieille-Charite-Marseille-.webp 1200w, https:\/\/www.sarkis.fr\/wp-content\/uploads\/2009\/05\/1998-50-especes-despaces-MAC-et-la-Vieille-Charite-Marseille--300x200.webp 300w, https:\/\/www.sarkis.fr\/wp-content\/uploads\/2009\/05\/1998-50-especes-despaces-MAC-et-la-Vieille-Charite-Marseille--1030x688.webp 1030w, https:\/\/www.sarkis.fr\/wp-content\/uploads\/2009\/05\/1998-50-especes-despaces-MAC-et-la-Vieille-Charite-Marseille--768x513.webp 768w\" sizes=\"auto, (max-width: 1200px) 100vw, 1200px\" \/>\t\t\t\t<\/a>\n\t\t\t\t\t\t<figcaption>\n\t\t\t\t<h2>\n\t\t\t\t\t<a href=\"https:\/\/www.sarkis.fr\/en\/1998\/50-especes-despaces\/\" title=\"50 esp\u00e8ces d\u2019espaces\" data-modal-link=\"#modal-blog-block_62d7ca49184e9\">\n\t\t\t\t\t\t50 esp\u00e8ces d\u2019espaces\t\t\t\t\t<\/a>\n\t\t\t\t<\/h2>\n\t\t\t\t<p class=\"afg-metadata\">\n\t\t\t<span class=\"place\">MAC et la Vieille Charit\u00e9, Marseille<\/span>\t\t<span class=\"dates\">27 Nov 1998 &#8211; 30 May 1999<\/span><\/p>\n\t\t\t\t\t\t\t<\/figcaption>\n\t\t<\/figure>\n<\/article>\t\t\t\t\t<article id=\"post-3462\" class=\" to-sort \">\n\t\t<figure class=\"afg-post-item-content\">\n\t\t\t\t\t\t\t<a href=\"https:\/\/www.sarkis.fr\/en\/1998\/ma-chambre-de-la-rue-krutenau-en-satellite-la-7eme-interpretation\/\" title=\"Ma Chambre de la rue Krutenau en Satellite, (La 7\u00e8me Int\u00e9rpr\u00e9tation)\" data-modal-link=\"#modal-blog-block_62d7ca49184e9\" class=\"landscape\">\n\t\t\t\t\t<img loading=\"lazy\" decoding=\"async\" width=\"1200\" height=\"825\" src=\"https:\/\/www.sarkis.fr\/wp-content\/uploads\/2009\/05\/1998-Ma-chambre-de-la-rue-Krutenau-en-Satellite-la-7eme-interpretation-Musee-dArt-Moderne-et-Contemporain-de-Strasbourg-.webp\" class=\"attachment-full size-full\" alt=\"\" srcset=\"https:\/\/www.sarkis.fr\/wp-content\/uploads\/2009\/05\/1998-Ma-chambre-de-la-rue-Krutenau-en-Satellite-la-7eme-interpretation-Musee-dArt-Moderne-et-Contemporain-de-Strasbourg-.webp 1200w, https:\/\/www.sarkis.fr\/wp-content\/uploads\/2009\/05\/1998-Ma-chambre-de-la-rue-Krutenau-en-Satellite-la-7eme-interpretation-Musee-dArt-Moderne-et-Contemporain-de-Strasbourg--300x206.webp 300w, https:\/\/www.sarkis.fr\/wp-content\/uploads\/2009\/05\/1998-Ma-chambre-de-la-rue-Krutenau-en-Satellite-la-7eme-interpretation-Musee-dArt-Moderne-et-Contemporain-de-Strasbourg--1030x708.webp 1030w, https:\/\/www.sarkis.fr\/wp-content\/uploads\/2009\/05\/1998-Ma-chambre-de-la-rue-Krutenau-en-Satellite-la-7eme-interpretation-Musee-dArt-Moderne-et-Contemporain-de-Strasbourg--768x528.webp 768w\" sizes=\"auto, (max-width: 1200px) 100vw, 1200px\" \/>\t\t\t\t<\/a>\n\t\t\t\t\t\t<figcaption>\n\t\t\t\t<h2>\n\t\t\t\t\t<a href=\"https:\/\/www.sarkis.fr\/en\/1998\/ma-chambre-de-la-rue-krutenau-en-satellite-la-7eme-interpretation\/\" title=\"Ma Chambre de la rue Krutenau en Satellite, (La 7\u00e8me Int\u00e9rpr\u00e9tation)\" data-modal-link=\"#modal-blog-block_62d7ca49184e9\">\n\t\t\t\t\t\tMa Chambre de la rue Krutenau en Satellite, (La 7\u00e8me Int\u00e9rpr\u00e9tation)\t\t\t\t\t<\/a>\n\t\t\t\t<\/h2>\n\t\t\t\t<p class=\"afg-metadata\">\n\t\t\t<span class=\"place\">Mus\u00e9e d\u2019Art Moderne et Contemporain, Strasbourg<\/span>\t\t<span class=\"dates\">6 Nov 1998<\/span><\/p>\n\t\t\t\t\t\t\t<\/figcaption>\n\t\t<\/figure>\n<\/article>\t\t\t\t\t<div id=\"post-3463\" class=\"afg-list-item to-sort \">\n\t<div class=\"afg-list-item-content\">\n\t\t<h3>Paradoxes of the Reality, the Reality of Utopia<\/h3>\n\t\t<p class=\"afg-metadata\">\n\t\t\t<span class=\"place\">The Zacheta Gallery of Contemporary Art, Warszawa<\/span>\t\t<span class=\"dates\">26 Oct &#8211; 6 Dec 1998<\/span><\/p>\n\t<\/div>\n<\/div>\t\t\t\t\t<div id=\"post-3464\" class=\"afg-list-item to-sort \">\n\t<div class=\"afg-list-item-content\">\n\t\t<h3>ISKORPIT (Actuelle Kunst aus Istanbul)<\/h3>\n\t\t<p class=\"afg-metadata\">\n\t\t\t<span class=\"place\">Haus des Kulturen des Welt, Berlin<\/span>\t\t<span class=\"dates\">15 Oct &#8211; 15 Nov 1998<\/span><\/p>\n\t<\/div>\n<\/div>\t\t\t\t\t<div id=\"post-3465\" class=\"afg-list-item to-sort \">\n\t<div class=\"afg-list-item-content\">\n\t\t<h3>Memento Metropolis<\/h3>\n\t\t<p class=\"afg-metadata\">\n\t\t\t<span class=\"place\">Kulturfabrik, Stockholm<\/span>\t\t<span class=\"dates\">30 Sep &#8211; 15 Nov 1998<\/span><\/p>\n\t<\/div>\n<\/div>\t\t\t\t\t<article id=\"post-306\" class=\" to-sort \">\n\t\t<figure class=\"afg-post-item-content\">\n\t\t\t\t\t\t\t<a href=\"https:\/\/www.sarkis.fr\/en\/1998\/nights-and-days\/\" title=\"Nights and Days\" data-modal-link=\"#modal-blog-block_62d7ca49184e9\" class=\"landscape\">\n\t\t\t\t\t<img loading=\"lazy\" decoding=\"async\" width=\"800\" height=\"532\" src=\"https:\/\/www.sarkis.fr\/wp-content\/uploads\/2009\/06\/Sarkis_1999-Nordland.jpg\" class=\"attachment-full size-full\" alt=\"Sarkis_1999-Nordland\" srcset=\"https:\/\/www.sarkis.fr\/wp-content\/uploads\/2009\/06\/Sarkis_1999-Nordland.jpg 800w, https:\/\/www.sarkis.fr\/wp-content\/uploads\/2009\/06\/Sarkis_1999-Nordland-300x200.jpg 300w\" sizes=\"auto, (max-width: 800px) 100vw, 800px\" \/>\t\t\t\t<\/a>\n\t\t\t\t\t\t<figcaption>\n\t\t\t\t<h2>\n\t\t\t\t\t<a href=\"https:\/\/www.sarkis.fr\/en\/1998\/nights-and-days\/\" title=\"Nights and Days\" data-modal-link=\"#modal-blog-block_62d7ca49184e9\">\n\t\t\t\t\t\tNights and Days\t\t\t\t\t<\/a>\n\t\t\t\t<\/h2>\n\t\t\t\t<p class=\"afg-metadata\">\n\t\t\t<span class=\"place\">Storkmarknes, Hadsel Kommune, Nordland<\/span>\t\t<span class=\"dates\">4 Sep 1998<\/span><span class=\"solo\">Solo<\/span><\/p>\n\t<p class=\"afg-title-notes\">\n\t\tPublic sculpture\t<\/p>\t\n\t\t\t\t\t\t\t<\/figcaption>\n\t\t<\/figure>\n<\/article>\t\t\t\t\t<div id=\"post-3466\" class=\"afg-list-item to-sort \">\n\t<div class=\"afg-list-item-content\">\n\t\t<h3>FACE AU SILENCE<\/h3>\n\t\t<p class=\"afg-metadata\">\n\t\t\t<span class=\"place\">Ch\u00e2teau de Chazeron-Le Bourg, Loubeyrat<\/span>\t\t<span class=\"dates\">3 Jul &#8211; 30 Sep 1998<\/span><\/p>\n\t<\/div>\n<\/div>\t\t\t\t\t<article id=\"post-300\" class=\" to-sort \">\n\t\t<figure class=\"afg-post-item-content\">\n\t\t\t\t\t\t\t<a href=\"https:\/\/www.sarkis.fr\/en\/1998\/pres-de-l-arbre-brule-a-matthias-gruenewald\/\" title=\"Pr\u00e8s de l&#8217;arbre br\u00fbl\u00e9 (\u00e0 Matthias Gr\u00fcnewald)\" data-modal-link=\"#modal-blog-block_62d7ca49184e9\" class=\"portrait\">\n\t\t\t\t\t<img loading=\"lazy\" decoding=\"async\" width=\"526\" height=\"800\" src=\"https:\/\/www.sarkis.fr\/wp-content\/uploads\/2009\/06\/Sarkis_1998-Pourtales-Strasbourg.jpg\" class=\"attachment-full size-full\" alt=\"Sarkis_1998-Pourtales-Strasbourg\" srcset=\"https:\/\/www.sarkis.fr\/wp-content\/uploads\/2009\/06\/Sarkis_1998-Pourtales-Strasbourg.jpg 526w, https:\/\/www.sarkis.fr\/wp-content\/uploads\/2009\/06\/Sarkis_1998-Pourtales-Strasbourg-197x300.jpg 197w\" sizes=\"auto, (max-width: 526px) 100vw, 526px\" \/>\t\t\t\t<\/a>\n\t\t\t\t\t\t<figcaption>\n\t\t\t\t<h2>\n\t\t\t\t\t<a href=\"https:\/\/www.sarkis.fr\/en\/1998\/pres-de-l-arbre-brule-a-matthias-gruenewald\/\" title=\"Pr\u00e8s de l&#8217;arbre br\u00fbl\u00e9 (\u00e0 Matthias Gr\u00fcnewald)\" data-modal-link=\"#modal-blog-block_62d7ca49184e9\">\n\t\t\t\t\t\tPr\u00e8s de l&#8217;arbre br\u00fbl\u00e9 (\u00e0 Matthias Gr\u00fcnewald)\t\t\t\t\t<\/a>\n\t\t\t\t<\/h2>\n\t\t\t\t<p class=\"afg-metadata\">\n\t\t\t<span class=\"place\">Parc de Pourtal\u00e8s, Strasbourg<\/span>\t\t<span class=\"dates\">19 Jun 1998<\/span><span class=\"solo\">Solo<\/span><\/p>\n\t<p class=\"afg-title-notes\">\n\t\tInstallation publique\t<\/p>\t\n\t\t\t\t\t\t\t<\/figcaption>\n\t\t<\/figure>\n<\/article>\t\t\t\t\t<div id=\"post-3467\" class=\"afg-list-item to-sort \">\n\t<div class=\"afg-list-item-content\">\n\t\t<h3>CROSSINGS<\/h3>\n\t\t<p class=\"afg-metadata\">\n\t\t\t<span class=\"place\">Kunsthalle Wien<\/span>\t\t<span class=\"dates\">29 May &#8211; 13 Sep 1998<\/span><\/p>\n\t<\/div>\n<\/div>\t\t\t\t\t<div id=\"post-3469\" class=\"afg-list-item to-sort \">\n\t<div class=\"afg-list-item-content\">\n\t\t<h3>Tr\u00e9sors de Mnemosyne<\/h3>\n\t\t<p class=\"afg-metadata\">\n\t\t\t<span class=\"place\">dans \u00ab Ainsi de suite 2 \u00bb, Centre R\u00e9gional d\u2019Art Contemporain, S\u00e8te<\/span>\t\t<span class=\"dates\">30 Apr 1998<\/span><\/p>\n\t<\/div>\n<\/div>\t\t\t\t\t<article id=\"post-296\" class=\" to-sort \">\n\t\t<figure class=\"afg-post-item-content\">\n\t\t\t\t\t\t\t<a href=\"https:\/\/www.sarkis.fr\/en\/1998\/au-commencement-le-son-des-4-lumieres-a-larrivee\/\" title=\"Au commencement, le son des 4 lumi\u00e8res, \u00e0 l&#8217;arriv\u00e9e\" data-modal-link=\"#modal-blog-block_62d7ca49184e9\" class=\"landscape\">\n\t\t\t\t\t<img loading=\"lazy\" decoding=\"async\" width=\"800\" height=\"529\" src=\"https:\/\/www.sarkis.fr\/wp-content\/uploads\/2009\/06\/Sarkis_1998-Lyon-Musique-en-scne.jpg\" class=\"attachment-full size-full\" alt=\"Sarkis_1998-Lyon-Musique-en-scne\" srcset=\"https:\/\/www.sarkis.fr\/wp-content\/uploads\/2009\/06\/Sarkis_1998-Lyon-Musique-en-scne.jpg 800w, https:\/\/www.sarkis.fr\/wp-content\/uploads\/2009\/06\/Sarkis_1998-Lyon-Musique-en-scne-300x198.jpg 300w\" sizes=\"auto, (max-width: 800px) 100vw, 800px\" \/>\t\t\t\t<\/a>\n\t\t\t\t\t\t<figcaption>\n\t\t\t\t<h2>\n\t\t\t\t\t<a href=\"https:\/\/www.sarkis.fr\/en\/1998\/au-commencement-le-son-des-4-lumieres-a-larrivee\/\" title=\"Au commencement, le son des 4 lumi\u00e8res, \u00e0 l&#8217;arriv\u00e9e\" data-modal-link=\"#modal-blog-block_62d7ca49184e9\">\n\t\t\t\t\t\tAu commencement, le son des 4 lumi\u00e8res, \u00e0 l&#8217;arriv\u00e9e\t\t\t\t\t<\/a>\n\t\t\t\t<\/h2>\n\t\t\t\t<p class=\"afg-metadata\">\n\t\t\t<span class=\"place\">Mus\u00e9e d&#039;Art Contemporain, Lyon<\/span>\t\t<span class=\"dates\">4 Mar &#8211; 12 May 1998<\/span><\/p>\n\t<p class=\"afg-title-notes\">\n\t\tExposition &#8220;Musiques en Sc\u00e8ne&#8221;\t<\/p>\t\n\t\t\t\t\t\t\t\t<p class=\"afg-metadata\" style=\"opacity:.7;font-size:8pt;line-height:8pt;\">\n\t\t\t\t1 more image<\/p>\n\t\t\t\t\t\t\t<\/figcaption>\n\t\t<\/figure>\n<\/article>\t\t\t\t\t<article id=\"post-294\" class=\" to-sort \">\n\t\t<figure class=\"afg-post-item-content\">\n\t\t\t\t\t\t\t<a href=\"https:\/\/www.sarkis.fr\/en\/1998\/au-commencement-le-son-du-silence\/\" title=\"Au commencement, le son du silence\" data-modal-link=\"#modal-blog-block_62d7ca49184e9\" class=\"landscape\">\n\t\t\t\t\t<img loading=\"lazy\" decoding=\"async\" width=\"800\" height=\"509\" src=\"https:\/\/www.sarkis.fr\/wp-content\/uploads\/2009\/06\/Sarkis_1998-_30.8.19970_-pendant-_Ainsi-de-suite_-C.A.C.SteCC8C.jpg\" class=\"attachment-full size-full\" alt=\"Sarkis_1998-_30.8.19970_-pendant-_Ainsi-de-suite_-C.A.C.SteCC8C\" srcset=\"https:\/\/www.sarkis.fr\/wp-content\/uploads\/2009\/06\/Sarkis_1998-_30.8.19970_-pendant-_Ainsi-de-suite_-C.A.C.SteCC8C.jpg 800w, https:\/\/www.sarkis.fr\/wp-content\/uploads\/2009\/06\/Sarkis_1998-_30.8.19970_-pendant-_Ainsi-de-suite_-C.A.C.SteCC8C-300x191.jpg 300w\" sizes=\"auto, (max-width: 800px) 100vw, 800px\" \/>\t\t\t\t<\/a>\n\t\t\t\t\t\t<figcaption>\n\t\t\t\t<h2>\n\t\t\t\t\t<a href=\"https:\/\/www.sarkis.fr\/en\/1998\/au-commencement-le-son-du-silence\/\" title=\"Au commencement, le son du silence\" data-modal-link=\"#modal-blog-block_62d7ca49184e9\">\n\t\t\t\t\t\tAu commencement, le son du silence\t\t\t\t\t<\/a>\n\t\t\t\t<\/h2>\n\t\t\t\t<p class=\"afg-metadata\">\n\t\t\t<span class=\"place\">Centre R\u00e9gional d&#039;Art Contemporain, S\u00e8te<\/span>\t\t<span class=\"dates\">14 Feb &#8211; 15 Jun 1998<\/span><\/p>\n\t<p class=\"afg-title-notes\">\n\t\tDans l&#8217;exposition &#8220;Ainsi de suite 2&#8221;\t<\/p>\t\n\t\t\t\t\t\t\t<\/figcaption>\n\t\t<\/figure>\n<\/article>\t\t\t\t\t<article id=\"post-298\" class=\" to-sort \">\n\t\t<figure class=\"afg-post-item-content\">\n\t\t\t\t\t\t\t<a href=\"https:\/\/www.sarkis.fr\/en\/1998\/tapko-sunday-morningwalk\/\" title=\"Tapko-Sunday morningwalk\" data-modal-link=\"#modal-blog-block_62d7ca49184e9\" class=\"portrait\">\n\t\t\t\t\t<img loading=\"lazy\" decoding=\"async\" width=\"515\" height=\"800\" src=\"https:\/\/www.sarkis.fr\/wp-content\/uploads\/2009\/06\/Sarkis_1998-Odense.jpg\" class=\"attachment-full size-full\" alt=\"Sarkis_1998-Odense\" srcset=\"https:\/\/www.sarkis.fr\/wp-content\/uploads\/2009\/06\/Sarkis_1998-Odense.jpg 515w, https:\/\/www.sarkis.fr\/wp-content\/uploads\/2009\/06\/Sarkis_1998-Odense-193x300.jpg 193w\" sizes=\"auto, (max-width: 515px) 100vw, 515px\" \/>\t\t\t\t<\/a>\n\t\t\t\t\t\t<figcaption>\n\t\t\t\t<h2>\n\t\t\t\t\t<a href=\"https:\/\/www.sarkis.fr\/en\/1998\/tapko-sunday-morningwalk\/\" title=\"Tapko-Sunday morningwalk\" data-modal-link=\"#modal-blog-block_62d7ca49184e9\">\n\t\t\t\t\t\tTapko-Sunday morningwalk\t\t\t\t\t<\/a>\n\t\t\t\t<\/h2>\n\t\t\t\t<p class=\"afg-metadata\">\n\t\t\t<span class=\"place\">Kunsthallen Brandts Klaedefabrik, Odense<\/span>\t\t<span class=\"dates\">7 Feb &#8211; 13 Apr 1998<\/span><\/p>\n\t\t\t\t\t\t\t<\/figcaption>\n\t\t<\/figure>\n<\/article>\t\t\t\t\t\t\t\t\t\t\t\t<p class=\"timeline line to-sort\" id=\"section-1997\" data-year=\"1997\">1997<\/p>\n\t\t\t\t\t\t\t<article id=\"post-290\" class=\" to-sort \">\n\t\t<figure class=\"afg-post-item-content\">\n\t\t\t\t\t\t\t<a href=\"https:\/\/www.sarkis.fr\/en\/1997\/here-the-night-is-immense\/\" title=\"here the night is immense\" data-modal-link=\"#modal-blog-block_62d7ca49184e9\" class=\"portrait\">\n\t\t\t\t\t<img loading=\"lazy\" decoding=\"async\" width=\"549\" height=\"800\" src=\"https:\/\/www.sarkis.fr\/wp-content\/uploads\/2009\/06\/Sarkis_1997-Roman-Cemetery-Honolulu.jpg\" class=\"attachment-full size-full\" alt=\"Sarkis_1997-Roman-Cemetery-Honolulu\" srcset=\"https:\/\/www.sarkis.fr\/wp-content\/uploads\/2009\/06\/Sarkis_1997-Roman-Cemetery-Honolulu.jpg 549w, https:\/\/www.sarkis.fr\/wp-content\/uploads\/2009\/06\/Sarkis_1997-Roman-Cemetery-Honolulu-206x300.jpg 206w\" sizes=\"auto, (max-width: 549px) 100vw, 549px\" \/>\t\t\t\t<\/a>\n\t\t\t\t\t\t<figcaption>\n\t\t\t\t<h2>\n\t\t\t\t\t<a href=\"https:\/\/www.sarkis.fr\/en\/1997\/here-the-night-is-immense\/\" title=\"here the night is immense\" data-modal-link=\"#modal-blog-block_62d7ca49184e9\">\n\t\t\t\t\t\there the night is immense\t\t\t\t\t<\/a>\n\t\t\t\t<\/h2>\n\t\t\t\t<p class=\"afg-metadata\">\n\t\t\t<span class=\"place\">Roman Mission Cemetery, Honolulu<\/span>\t\t<span class=\"dates\">5 Oct &#8211; 31 Oct 1997<\/span><span class=\"solo\">Solo<\/span><\/p>\n\t\t\t\t\t\t\t<\/figcaption>\n\t\t<\/figure>\n<\/article>\t\t\t\t\t<article id=\"post-286\" class=\" to-sort \">\n\t\t<figure class=\"afg-post-item-content\">\n\t\t\t\t\t\t\t<a href=\"https:\/\/www.sarkis.fr\/en\/1997\/here-the-light-is-immense\/\" title=\"here the light is immense\" data-modal-link=\"#modal-blog-block_62d7ca49184e9\" class=\"portrait\">\n\t\t\t\t\t<img loading=\"lazy\" decoding=\"async\" width=\"509\" height=\"800\" src=\"https:\/\/www.sarkis.fr\/wp-content\/uploads\/2009\/06\/Sarkis_1997-City-Hall-Honolulu.jpg\" class=\"attachment-full size-full\" alt=\"Sarkis_1997-City-Hall-Honolulu\" srcset=\"https:\/\/www.sarkis.fr\/wp-content\/uploads\/2009\/06\/Sarkis_1997-City-Hall-Honolulu.jpg 509w, https:\/\/www.sarkis.fr\/wp-content\/uploads\/2009\/06\/Sarkis_1997-City-Hall-Honolulu-191x300.jpg 191w\" sizes=\"auto, (max-width: 509px) 100vw, 509px\" \/>\t\t\t\t<\/a>\n\t\t\t\t\t\t<figcaption>\n\t\t\t\t<h2>\n\t\t\t\t\t<a href=\"https:\/\/www.sarkis.fr\/en\/1997\/here-the-light-is-immense\/\" title=\"here the light is immense\" data-modal-link=\"#modal-blog-block_62d7ca49184e9\">\n\t\t\t\t\t\there the light is immense\t\t\t\t\t<\/a>\n\t\t\t\t<\/h2>\n\t\t\t\t<p class=\"afg-metadata\">\n\t\t\t<span class=\"place\">Honolulu Hale(City Hall), Honolulu<\/span>\t\t<span class=\"dates\">5 Oct &#8211; 31 Oct 1997<\/span><span class=\"solo\">Solo<\/span><\/p>\n\t\t\t\t\t\t\t\t<p class=\"afg-metadata\" style=\"opacity:.7;font-size:8pt;line-height:8pt;\">\n\t\t\t\t1 more image<\/p>\n\t\t\t\t\t\t\t<\/figcaption>\n\t\t<\/figure>\n<\/article>\t\t\t\t\t<div id=\"post-3470\" class=\"afg-list-item to-sort \">\n\t<div class=\"afg-list-item-content\">\n\t\t<h3>L\u2019arriv\u00e9e des images aux \u00ab Poternes \u00bb \u00e0 Phalsbourg<\/h3>\n\t\t<p class=\"afg-metadata\">\n\t\t\t<span class=\"dates\">July &#8211; October 1997<\/span><span class=\"solo\">Solo<\/span><\/p>\n\t<\/div>\n<\/div>\t\t\t\t\t<div id=\"post-3472\" class=\"afg-list-item to-sort \">\n\t<div class=\"afg-list-item-content\">\n\t\t<h3>odeurs\u2026une odyss\u00e9e<\/h3>\n\t\t<p class=\"afg-metadata\">\n\t\t\t<span class=\"place\">Passage de Retz, Paris<\/span>\t\t<span class=\"dates\">24 Jun &#8211; 31 Aug 1997<\/span><\/p>\n\t<\/div>\n<\/div>\t\t\t\t\t<div id=\"post-3471\" class=\"afg-list-item to-sort \">\n\t<div class=\"afg-list-item-content\">\n\t\t<h3>Introduction color\u00e9e, Faux Mouvement<\/h3>\n\t\t<p class=\"afg-metadata\">\n\t\t\t<span class=\"place\">Metz<\/span>\t\t<span class=\"dates\">June 1997<\/span><span class=\"solo\">Solo<\/span><\/p>\n\t<\/div>\n<\/div>\t\t\t\t\t<div id=\"post-3473\" class=\"afg-list-item to-sort \">\n\t<div class=\"afg-list-item-content\">\n\t\t<h3>Antonin Artaud, T\u00eate \u00e0 t\u00eate<\/h3>\n\t\t<p class=\"afg-metadata\">\n\t\t\t<span class=\"place\">Galerie de France<\/span>\t\t<span class=\"dates\">29 May &#8211; 26 Jul 1997<\/span><\/p>\n\t<\/div>\n<\/div>\t\t\t\t\t<div id=\"post-3474\" class=\"afg-list-item to-sort \">\n\t<div class=\"afg-list-item-content\">\n\t\t<h3>La visite Galerie de Zaal<\/h3>\n\t\t<p class=\"afg-metadata\">\n\t\t\t<span class=\"place\">Delft<\/span>\t\t<span class=\"dates\">3 May &#8211; 15 Jun 1997<\/span><span class=\"solo\">Solo<\/span><\/p>\n\t<\/div>\n<\/div>\t\t\t\t\t<article id=\"post-292\" class=\" to-sort \">\n\t\t<figure class=\"afg-post-item-content\">\n\t\t\t\t\t\t\t<a href=\"https:\/\/www.sarkis.fr\/en\/1997\/faxxx-19970\/\" title=\"FAXXX 19970\" data-modal-link=\"#modal-blog-block_62d7ca49184e9\" class=\"landscape\">\n\t\t\t\t\t<img loading=\"lazy\" decoding=\"async\" width=\"800\" height=\"517\" src=\"https:\/\/www.sarkis.fr\/wp-content\/uploads\/2009\/06\/Sarkis_1997-Tilburg.jpg\" class=\"attachment-full size-full\" alt=\"Sarkis_1997-Tilburg\" srcset=\"https:\/\/www.sarkis.fr\/wp-content\/uploads\/2009\/06\/Sarkis_1997-Tilburg.jpg 800w, https:\/\/www.sarkis.fr\/wp-content\/uploads\/2009\/06\/Sarkis_1997-Tilburg-300x194.jpg 300w\" sizes=\"auto, (max-width: 800px) 100vw, 800px\" \/>\t\t\t\t<\/a>\n\t\t\t\t\t\t<figcaption>\n\t\t\t\t<h2>\n\t\t\t\t\t<a href=\"https:\/\/www.sarkis.fr\/en\/1997\/faxxx-19970\/\" title=\"FAXXX 19970\" data-modal-link=\"#modal-blog-block_62d7ca49184e9\">\n\t\t\t\t\t\tFAXXX 19970\t\t\t\t\t<\/a>\n\t\t\t\t<\/h2>\n\t\t\t\t<p class=\"afg-metadata\">\n\t\t\t<span class=\"place\">FAXX podium voor Hedendaagse Kunst, Tilburg<\/span>\t\t<span class=\"dates\">23 Mar &#8211; 11 May 1997<\/span><span class=\"solo\">Solo<\/span><\/p>\n\t\t\t\t\t\t\t<\/figcaption>\n\t\t<\/figure>\n<\/article>\t\t\t\t\t<div id=\"post-3478\" class=\"afg-list-item to-sort \">\n\t<div class=\"afg-list-item-content\">\n\t\t<h3>SOUS LE MANTEAU<\/h3>\n\t\t<p class=\"afg-metadata\">\n\t\t\t<span class=\"place\">Galerie Thaddaeus Ropac, Paris<\/span>\t\t<span class=\"dates\">18 Mar &#8211; 26 Apr 1997<\/span><\/p>\n\t<\/div>\n<\/div>\t\t\t\t\t<div id=\"post-3477\" class=\"afg-list-item to-sort \">\n\t<div class=\"afg-list-item-content\">\n\t\t<h3>MEDITATION<\/h3>\n\t\t<p class=\"afg-metadata\">\n\t\t\t<span class=\"place\">Medersa Ibn Youssef, Marrakech<\/span>\t\t<span class=\"dates\">15 Mar &#8211; 15 Apr 1997<\/span><\/p>\n\t<\/div>\n<\/div>\t\t\t\t\t<article id=\"post-288\" class=\" to-sort \">\n\t\t<figure class=\"afg-post-item-content\">\n\t\t\t\t\t\t\t<a href=\"https:\/\/www.sarkis.fr\/en\/1997\/au-commencement-le-son-de-la-lumiere-a-larrivee\/\" title=\"AU COMMENCEMENT, LE SON DE LA LUMIERE, A L&#8217;ARRIVEE\" data-modal-link=\"#modal-blog-block_62d7ca49184e9\" class=\"portrait\">\n\t\t\t\t\t<img loading=\"lazy\" decoding=\"async\" width=\"506\" height=\"755\" src=\"https:\/\/www.sarkis.fr\/wp-content\/uploads\/2009\/06\/sarkis-1997-au-commencement-le-son-de-la-lumiere-a-l-arrivee.jpg\" class=\"attachment-full size-full\" alt=\"sarkis-1997-au-commencement-le-son-de-la-lumiere-a-l-arrivee\" srcset=\"https:\/\/www.sarkis.fr\/wp-content\/uploads\/2009\/06\/sarkis-1997-au-commencement-le-son-de-la-lumiere-a-l-arrivee.jpg 506w, https:\/\/www.sarkis.fr\/wp-content\/uploads\/2009\/06\/sarkis-1997-au-commencement-le-son-de-la-lumiere-a-l-arrivee-201x300.jpg 201w\" sizes=\"auto, (max-width: 506px) 100vw, 506px\" \/>\t\t\t\t<\/a>\n\t\t\t\t\t\t<figcaption>\n\t\t\t\t<h2>\n\t\t\t\t\t<a href=\"https:\/\/www.sarkis.fr\/en\/1997\/au-commencement-le-son-de-la-lumiere-a-larrivee\/\" title=\"AU COMMENCEMENT, LE SON DE LA LUMIERE, A L&#8217;ARRIVEE\" data-modal-link=\"#modal-blog-block_62d7ca49184e9\">\n\t\t\t\t\t\tAU COMMENCEMENT, LE SON DE LA LUMIERE, A L&#8217;ARRIVEE\t\t\t\t\t<\/a>\n\t\t\t\t<\/h2>\n\t\t\t\t<p class=\"afg-metadata\">\n\t\t\t<span class=\"place\">Mus\u00e9e des Beaux-Arts, Nantes<\/span>\t\t<span class=\"dates\">8 Mar &#8211; 19 May 1997<\/span><span class=\"solo\">Solo<\/span><\/p>\n\t\t\t\t\t\t\t\t<p class=\"afg-metadata\" style=\"opacity:.7;font-size:8pt;line-height:8pt;\">\n\t\t\t\t1 more image<\/p>\n\t\t\t\t\t\t\t<\/figcaption>\n\t\t<\/figure>\n<\/article>\t\t\t\t\t<article id=\"post-3479\" class=\" to-sort \">\n\t\t<figure class=\"afg-post-item-content\">\n\t\t\t\t\t\t\t<a href=\"https:\/\/www.sarkis.fr\/en\/1997\/froid-au-dos\/\" title=\"FROID AU DOS\" data-modal-link=\"#modal-blog-block_62d7ca49184e9\" class=\"landscape\">\n\t\t\t\t\t<img loading=\"lazy\" decoding=\"async\" width=\"1200\" height=\"797\" src=\"https:\/\/www.sarkis.fr\/wp-content\/uploads\/2022\/07\/1997-Froid-au-dos-Nantes.webp\" class=\"attachment-full size-full\" alt=\"\" srcset=\"https:\/\/www.sarkis.fr\/wp-content\/uploads\/2022\/07\/1997-Froid-au-dos-Nantes.webp 1200w, https:\/\/www.sarkis.fr\/wp-content\/uploads\/2022\/07\/1997-Froid-au-dos-Nantes-300x199.webp 300w, https:\/\/www.sarkis.fr\/wp-content\/uploads\/2022\/07\/1997-Froid-au-dos-Nantes-1030x684.webp 1030w, https:\/\/www.sarkis.fr\/wp-content\/uploads\/2022\/07\/1997-Froid-au-dos-Nantes-768x510.webp 768w\" sizes=\"auto, (max-width: 1200px) 100vw, 1200px\" \/>\t\t\t\t<\/a>\n\t\t\t\t\t\t<figcaption>\n\t\t\t\t<h2>\n\t\t\t\t\t<a href=\"https:\/\/www.sarkis.fr\/en\/1997\/froid-au-dos\/\" title=\"FROID AU DOS\" data-modal-link=\"#modal-blog-block_62d7ca49184e9\">\n\t\t\t\t\t\tFROID AU DOS\t\t\t\t\t<\/a>\n\t\t\t\t<\/h2>\n\t\t\t\t<p class=\"afg-metadata\">\n\t\t\t<span class=\"place\">FRAC des pays de la Loire,Nantes,<\/span>\t\t<span class=\"dates\">March &#8211; April 1997<\/span><span class=\"solo\">Solo<\/span><\/p>\n\t\t\t\t\t\t\t<\/figcaption>\n\t\t<\/figure>\n<\/article>\t\t\t\t\t<div id=\"post-3476\" class=\"afg-list-item to-sort \">\n\t<div class=\"afg-list-item-content\">\n\t\t<h3>Nord Ost West S\u00fcd, En aquarelle rouge<\/h3>\n\t\t<p class=\"afg-metadata\">\n\t\t\t<span class=\"place\">Galerie Barbara Claassen-Schmal, Bremen<\/span>\t\t<span class=\"dates\">22 Feb &#8211; 25 Apr 1997<\/span><span class=\"solo\">Solo<\/span><\/p>\n\t<\/div>\n<\/div>\t\t\t\t\t<div id=\"post-10353\" class=\"afg-list-item to-sort \">\n\t<div class=\"afg-list-item-content\">\n\t\t<h3>Memento Metropolis<\/h3>\n\t\t<p class=\"afg-metadata\">\n\t\t\t<span class=\"place\">Hessenhuis, Antwerpen<\/span>\t\t<span class=\"dates\">15 Feb &#8211; 11 May 1997<\/span><\/p>\n\t<\/div>\n<\/div>\t\t\t\t\t<article id=\"post-3481\" class=\" to-sort \">\n\t\t<figure class=\"afg-post-item-content\">\n\t\t\t\t\t\t\t<a href=\"https:\/\/www.sarkis.fr\/en\/1997\/parisiennes\/\" title=\"PARISIEN(NE)S\" data-modal-link=\"#modal-blog-block_62d7ca49184e9\" class=\"landscape\">\n\t\t\t\t\t<img loading=\"lazy\" decoding=\"async\" width=\"1200\" height=\"794\" src=\"https:\/\/www.sarkis.fr\/wp-content\/uploads\/2022\/07\/1997-Parisiennes-.webp\" class=\"attachment-full size-full\" alt=\"\" srcset=\"https:\/\/www.sarkis.fr\/wp-content\/uploads\/2022\/07\/1997-Parisiennes-.webp 1200w, https:\/\/www.sarkis.fr\/wp-content\/uploads\/2022\/07\/1997-Parisiennes--300x199.webp 300w, https:\/\/www.sarkis.fr\/wp-content\/uploads\/2022\/07\/1997-Parisiennes--1030x682.webp 1030w, https:\/\/www.sarkis.fr\/wp-content\/uploads\/2022\/07\/1997-Parisiennes--768x508.webp 768w\" sizes=\"auto, (max-width: 1200px) 100vw, 1200px\" \/>\t\t\t\t<\/a>\n\t\t\t\t\t\t<figcaption>\n\t\t\t\t<h2>\n\t\t\t\t\t<a href=\"https:\/\/www.sarkis.fr\/en\/1997\/parisiennes\/\" title=\"PARISIEN(NE)S\" data-modal-link=\"#modal-blog-block_62d7ca49184e9\">\n\t\t\t\t\t\tPARISIEN(NE)S\t\t\t\t\t<\/a>\n\t\t\t\t<\/h2>\n\t\t\t\t<p class=\"afg-metadata\">\n\t\t\t<span class=\"place\">Camden Arts Centre, Londres<\/span>\t\t<span class=\"dates\">6 Feb &#8211; 23 Mar 1997<\/span><\/p>\n\t\t\t\t\t\t\t\t<p class=\"afg-metadata\" style=\"opacity:.7;font-size:8pt;line-height:8pt;\">\n\t\t\t\t2 more images<\/p>\n\t\t\t\t\t\t\t<\/figcaption>\n\t\t<\/figure>\n<\/article>\t\t\t\t\t<article id=\"post-3482\" class=\" to-sort \">\n\t\t<figure class=\"afg-post-item-content\">\n\t\t\t\t\t\t\t<a href=\"https:\/\/www.sarkis.fr\/en\/1997\/paysage-brule\/\" title=\"PAYSAGE BRULE\" data-modal-link=\"#modal-blog-block_62d7ca49184e9\" class=\"landscape\">\n\t\t\t\t\t<img loading=\"lazy\" decoding=\"async\" width=\"1200\" height=\"791\" src=\"https:\/\/www.sarkis.fr\/wp-content\/uploads\/2022\/07\/1997-Paysage-Brule.webp\" class=\"attachment-full size-full\" alt=\"\" srcset=\"https:\/\/www.sarkis.fr\/wp-content\/uploads\/2022\/07\/1997-Paysage-Brule.webp 1200w, https:\/\/www.sarkis.fr\/wp-content\/uploads\/2022\/07\/1997-Paysage-Brule-300x198.webp 300w, https:\/\/www.sarkis.fr\/wp-content\/uploads\/2022\/07\/1997-Paysage-Brule-1030x679.webp 1030w, https:\/\/www.sarkis.fr\/wp-content\/uploads\/2022\/07\/1997-Paysage-Brule-768x506.webp 768w\" sizes=\"auto, (max-width: 1200px) 100vw, 1200px\" \/>\t\t\t\t<\/a>\n\t\t\t\t\t\t<figcaption>\n\t\t\t\t<h2>\n\t\t\t\t\t<a href=\"https:\/\/www.sarkis.fr\/en\/1997\/paysage-brule\/\" title=\"PAYSAGE BRULE\" data-modal-link=\"#modal-blog-block_62d7ca49184e9\">\n\t\t\t\t\t\tPAYSAGE BRULE\t\t\t\t\t<\/a>\n\t\t\t\t<\/h2>\n\t\t\t\t<p class=\"afg-metadata\">\n\t\t\t<span class=\"place\">Galerie Arlogos, Nantes<\/span>\t\t<span class=\"dates\">18 Jan &#8211; 15 Mar 1997<\/span><span class=\"solo\">Solo<\/span><\/p>\n\t\t\t\t\t\t\t<\/figcaption>\n\t\t<\/figure>\n<\/article>\t\t\t\t\t<div id=\"post-3483\" class=\"afg-list-item to-sort \">\n\t<div class=\"afg-list-item-content\">\n\t\t<h3>DEUX<\/h3>\n\t\t<p class=\"afg-metadata\">\n\t\t\t<span class=\"place\">Tour 46, Mus\u00e9e d\u2019Art et d\u2019Histoire de Belfort<\/span>\t\t<span class=\"dates\">18 Jan &#8211; 2 Mar 1997<\/span><span class=\"solo\">Solo<\/span><\/p>\n\t<\/div>\n<\/div>\t\t\t\t\t<div id=\"post-3484\" class=\"afg-list-item to-sort \">\n\t<div class=\"afg-list-item-content\">\n\t\t<h3>GEISTESBLITZ<\/h3>\n\t\t<p class=\"afg-metadata\">\n\t\t\t<span class=\"place\">Yeni Tzami, Tessalonique<\/span>\t\t<span class=\"dates\">9 Jan &#8211; 1 Feb 1997<\/span><span class=\"solo\">Solo<\/span><\/p>\n\t<\/div>\n<\/div>\t\t\t\t\t<div id=\"post-3485\" class=\"afg-list-item to-sort \">\n\t<div class=\"afg-list-item-content\">\n\t\t<h3>TRESORS<\/h3>\n\t\t<p class=\"afg-metadata\">\n\t\t\t<span class=\"place\">Nouvelle salle de l\u2019Institut Fra\u00e7ais, Thessalonique<\/span>\t\t<span class=\"dates\">9 Jan &#8211; 1 Feb 1997<\/span><span class=\"solo\">Solo<\/span><\/p>\n\t<\/div>\n<\/div>\t\t\t\t\t<div id=\"post-3486\" class=\"afg-list-item to-sort \">\n\t<div class=\"afg-list-item-content\">\n\t\t<h3>Composition Musicale<\/h3>\n\t\t<p class=\"afg-metadata\">\n\t\t\t<span class=\"place\">Espace Boris Vian, Monlu\u00e7on<\/span>\t\t<span class=\"dates\">9 Jan 1997<\/span><\/p>\n\t<\/div>\n<\/div>\t\t\t\t\t\t\t\t\t\t\t\t<p class=\"timeline line to-sort\" id=\"section-1996\" data-year=\"1996\">1996<\/p>\n\t\t\t\t\t\t\t<div id=\"post-3487\" class=\"afg-list-item to-sort \">\n\t<div class=\"afg-list-item-content\">\n\t\t<h3>L\u2019humaine condition<\/h3>\n\t\t<p class=\"afg-metadata\">\n\t\t\t<span class=\"place\">Espace d\u2019Art Contemporain Andr\u00e9 Malraux, Colmar<\/span>\t\t<span class=\"dates\">14 Dec 1996 &#8211; 2 Feb 1997<\/span><\/p>\n\t<\/div>\n<\/div>\t\t\t\t\t<div id=\"post-3488\" class=\"afg-list-item to-sort \">\n\t<div class=\"afg-list-item-content\">\n\t\t<h3>L\u2019ECART<\/h3>\n\t\t<p class=\"afg-metadata\">\n\t\t\t<span class=\"place\">Le Centre d\u2019Art Contemporain de la Ferme du Buisson<\/span>\t\t<span class=\"dates\">22 Nov 1996 &#8211; 12 Jan 1997<\/span><\/p>\n\t<\/div>\n<\/div>\t\t\t\t\t<article id=\"post-284\" class=\" to-sort \">\n\t\t<figure class=\"afg-post-item-content\">\n\t\t\t\t\t\t\t<a href=\"https:\/\/www.sarkis.fr\/en\/1996\/vingt-quatre-ans-apres-quelques-secondes\/\" title=\"Vingt quatre ans apr\u00e8s quelques secondes\" data-modal-link=\"#modal-blog-block_62d7ca49184e9\" class=\"landscape\">\n\t\t\t\t\t<img loading=\"lazy\" decoding=\"async\" width=\"800\" height=\"515\" src=\"https:\/\/www.sarkis.fr\/wp-content\/uploads\/2009\/06\/Sarkis_1996-Gal.-de-Paris.jpg\" class=\"attachment-full size-full\" alt=\"Sarkis_1996-Gal.-de-Paris\" srcset=\"https:\/\/www.sarkis.fr\/wp-content\/uploads\/2009\/06\/Sarkis_1996-Gal.-de-Paris.jpg 800w, https:\/\/www.sarkis.fr\/wp-content\/uploads\/2009\/06\/Sarkis_1996-Gal.-de-Paris-300x193.jpg 300w\" sizes=\"auto, (max-width: 800px) 100vw, 800px\" \/>\t\t\t\t<\/a>\n\t\t\t\t\t\t<figcaption>\n\t\t\t\t<h2>\n\t\t\t\t\t<a href=\"https:\/\/www.sarkis.fr\/en\/1996\/vingt-quatre-ans-apres-quelques-secondes\/\" title=\"Vingt quatre ans apr\u00e8s quelques secondes\" data-modal-link=\"#modal-blog-block_62d7ca49184e9\">\n\t\t\t\t\t\tVingt quatre ans apr\u00e8s quelques secondes\t\t\t\t\t<\/a>\n\t\t\t\t<\/h2>\n\t\t\t\t<p class=\"afg-metadata\">\n\t\t\t<span class=\"place\">Galerie de Paris<\/span>\t\t<span class=\"dates\">19 Oct &#8211; 16 Nov 1996<\/span><span class=\"solo\">Solo<\/span><\/p>\n\t\t\t\t\t\t\t<\/figcaption>\n\t\t<\/figure>\n<\/article>\t\t\t\t\t<article id=\"post-10354\" class=\" to-sort \">\n\t\t<figure class=\"afg-post-item-content\">\n\t\t\t\t\t\t\t<a href=\"https:\/\/www.sarkis.fr\/en\/1996\/memento-metropolis-3\/\" title=\"Memento Metropolis\" data-modal-link=\"#modal-blog-block_62d7ca49184e9\" class=\"landscape\">\n\t\t\t\t\t<img loading=\"lazy\" decoding=\"async\" width=\"1160\" height=\"910\" src=\"https:\/\/www.sarkis.fr\/wp-content\/uploads\/2022\/07\/1996-Memento-Metropolis-.webp\" class=\"attachment-full size-full\" alt=\"\" srcset=\"https:\/\/www.sarkis.fr\/wp-content\/uploads\/2022\/07\/1996-Memento-Metropolis-.webp 1160w, https:\/\/www.sarkis.fr\/wp-content\/uploads\/2022\/07\/1996-Memento-Metropolis--300x235.webp 300w, https:\/\/www.sarkis.fr\/wp-content\/uploads\/2022\/07\/1996-Memento-Metropolis--1030x808.webp 1030w, https:\/\/www.sarkis.fr\/wp-content\/uploads\/2022\/07\/1996-Memento-Metropolis--768x602.webp 768w\" sizes=\"auto, (max-width: 1160px) 100vw, 1160px\" \/>\t\t\t\t<\/a>\n\t\t\t\t\t\t<figcaption>\n\t\t\t\t<h2>\n\t\t\t\t\t<a href=\"https:\/\/www.sarkis.fr\/en\/1996\/memento-metropolis-3\/\" title=\"Memento Metropolis\" data-modal-link=\"#modal-blog-block_62d7ca49184e9\">\n\t\t\t\t\t\tMemento Metropolis\t\t\t\t\t<\/a>\n\t\t\t\t<\/h2>\n\t\t\t\t<p class=\"afg-metadata\">\n\t\t\t<span class=\"place\">Turbinehallen, Copenhague<\/span>\t\t<span class=\"dates\">17 Oct &#8211; 15 Dec 1996<\/span><\/p>\n\t\t\t\t\t\t\t\t<p class=\"afg-metadata\" style=\"opacity:.7;font-size:8pt;line-height:8pt;\">\n\t\t\t\t1 more image<\/p>\n\t\t\t\t\t\t\t<\/figcaption>\n\t\t<\/figure>\n<\/article>\t\t\t\t\t<div id=\"post-3490\" class=\"afg-list-item to-sort \">\n\t<div class=\"afg-list-item-content\">\n\t\t<h3>Installations &#038; Sculptures<\/h3>\n\t\t<p class=\"afg-metadata\">\n\t\t\t<span class=\"place\">FDAC, Seine Saint-Denis<\/span>\t\t<span class=\"dates\">8 Oct &#8211; 23 Nov 1996<\/span><\/p>\n\t<\/div>\n<\/div>\t\t\t\t\t<article id=\"post-280\" class=\" to-sort \">\n\t\t<figure class=\"afg-post-item-content\">\n\t\t\t\t\t\t\t<a href=\"https:\/\/www.sarkis.fr\/en\/1996\/geistersblitz\/\" title=\"Geistersblitz\" data-modal-link=\"#modal-blog-block_62d7ca49184e9\" class=\"portrait\">\n\t\t\t\t\t<img loading=\"lazy\" decoding=\"async\" width=\"532\" height=\"800\" src=\"https:\/\/www.sarkis.fr\/wp-content\/uploads\/2009\/06\/sarkis-1996-geistersblitz.jpg\" class=\"attachment-full size-full\" alt=\"\" srcset=\"https:\/\/www.sarkis.fr\/wp-content\/uploads\/2009\/06\/sarkis-1996-geistersblitz.jpg 532w, https:\/\/www.sarkis.fr\/wp-content\/uploads\/2009\/06\/sarkis-1996-geistersblitz-200x300.jpg 200w\" sizes=\"auto, (max-width: 532px) 100vw, 532px\" \/>\t\t\t\t<\/a>\n\t\t\t\t\t\t<figcaption>\n\t\t\t\t<h2>\n\t\t\t\t\t<a href=\"https:\/\/www.sarkis.fr\/en\/1996\/geistersblitz\/\" title=\"Geistersblitz\" data-modal-link=\"#modal-blog-block_62d7ca49184e9\">\n\t\t\t\t\t\tGeistersblitz\t\t\t\t\t<\/a>\n\t\t\t\t<\/h2>\n\t\t\t\t<p class=\"afg-metadata\">\n\t\t\t<span class=\"place\">Akademie der K\u00fcnste, Berlin<\/span>\t\t<span class=\"dates\">19 Sep &#8211; 20 Oct 1996<\/span><span class=\"solo\">Solo<\/span><\/p>\n\t\t\t\t\t\t\t<\/figcaption>\n\t\t<\/figure>\n<\/article>\t\t\t\t\t<div id=\"post-3491\" class=\"afg-list-item to-sort \">\n\t<div class=\"afg-list-item-content\">\n\t\t<h3>Tapisseries r\u00e9centes<\/h3>\n\t\t<p class=\"afg-metadata\">\n\t\t\t<span class=\"place\">Mus\u00e9e de la Tapisserie, Aubusson<\/span>\t\t<span class=\"dates\">15 Jun &#8211; 22 Sep 1996<\/span><\/p>\n\t<\/div>\n<\/div>\t\t\t\t\t<article id=\"post-3492\" class=\" to-sort \">\n\t\t<figure class=\"afg-post-item-content\">\n\t\t\t\t\t\t\t<a href=\"https:\/\/www.sarkis.fr\/en\/1996\/marks-abu-tor\/\" title=\"Marks, Abu Tor\" data-modal-link=\"#modal-blog-block_62d7ca49184e9\" class=\"landscape\">\n\t\t\t\t\t<img loading=\"lazy\" decoding=\"async\" width=\"1200\" height=\"746\" src=\"https:\/\/www.sarkis.fr\/wp-content\/uploads\/2022\/07\/1996-Atelier-Jerusalem.webp\" class=\"attachment-full size-full\" alt=\"\" srcset=\"https:\/\/www.sarkis.fr\/wp-content\/uploads\/2022\/07\/1996-Atelier-Jerusalem.webp 1200w, https:\/\/www.sarkis.fr\/wp-content\/uploads\/2022\/07\/1996-Atelier-Jerusalem-300x187.webp 300w, https:\/\/www.sarkis.fr\/wp-content\/uploads\/2022\/07\/1996-Atelier-Jerusalem-1030x640.webp 1030w, https:\/\/www.sarkis.fr\/wp-content\/uploads\/2022\/07\/1996-Atelier-Jerusalem-768x477.webp 768w\" sizes=\"auto, (max-width: 1200px) 100vw, 1200px\" \/>\t\t\t\t<\/a>\n\t\t\t\t\t\t<figcaption>\n\t\t\t\t<h2>\n\t\t\t\t\t<a href=\"https:\/\/www.sarkis.fr\/en\/1996\/marks-abu-tor\/\" title=\"Marks, Abu Tor\" data-modal-link=\"#modal-blog-block_62d7ca49184e9\">\n\t\t\t\t\t\tMarks, Abu Tor\t\t\t\t\t<\/a>\n\t\t\t\t<\/h2>\n\t\t\t\t<p class=\"afg-metadata\">\n\t\t\t<span class=\"place\">Jerusalem<\/span>\t\t<span class=\"dates\">6 Jun &#8211; 6 Sep 1996<\/span><\/p>\n\t<p class=\"afg-title-notes\">\n\t\tOrganis\u00e9 par The Isra\u00ebl Museum\t<\/p>\t\n\t\t\t\t\t\t\t\t<p class=\"afg-metadata\" style=\"opacity:.7;font-size:8pt;line-height:8pt;\">\n\t\t\t\t1 more image<\/p>\n\t\t\t\t\t\t\t<\/figcaption>\n\t\t<\/figure>\n<\/article>\t\t\t\t\t<div id=\"post-3493\" class=\"afg-list-item to-sort \">\n\t<div class=\"afg-list-item-content\">\n\t\t<h3>Mus\u00e9e de l\u2019objet<\/h3>\n\t\t<p class=\"afg-metadata\">\n\t\t\t<span class=\"place\">Blois<\/span>\t\t<span class=\"dates\">31 May 1996<\/span><\/p>\n\t<\/div>\n<\/div>\t\t\t\t\t<article id=\"post-3494\" class=\" to-sort \">\n\t\t<figure class=\"afg-post-item-content\">\n\t\t\t\t\t\t\t<a href=\"https:\/\/www.sarkis.fr\/en\/1996\/kunsten-soger-hjem-art-at-home\/\" title=\"Kunsten soger hjem (Art at home)\" data-modal-link=\"#modal-blog-block_62d7ca49184e9\" class=\"landscape\">\n\t\t\t\t\t<img loading=\"lazy\" decoding=\"async\" width=\"1200\" height=\"830\" src=\"https:\/\/www.sarkis.fr\/wp-content\/uploads\/2022\/07\/1996-Transflammation.webp\" class=\"attachment-full size-full\" alt=\"\" srcset=\"https:\/\/www.sarkis.fr\/wp-content\/uploads\/2022\/07\/1996-Transflammation.webp 1200w, https:\/\/www.sarkis.fr\/wp-content\/uploads\/2022\/07\/1996-Transflammation-300x208.webp 300w, https:\/\/www.sarkis.fr\/wp-content\/uploads\/2022\/07\/1996-Transflammation-1030x712.webp 1030w, https:\/\/www.sarkis.fr\/wp-content\/uploads\/2022\/07\/1996-Transflammation-768x531.webp 768w\" sizes=\"auto, (max-width: 1200px) 100vw, 1200px\" \/>\t\t\t\t<\/a>\n\t\t\t\t\t\t<figcaption>\n\t\t\t\t<h2>\n\t\t\t\t\t<a href=\"https:\/\/www.sarkis.fr\/en\/1996\/kunsten-soger-hjem-art-at-home\/\" title=\"Kunsten soger hjem (Art at home)\" data-modal-link=\"#modal-blog-block_62d7ca49184e9\">\n\t\t\t\t\t\tKunsten soger hjem (Art at home)\t\t\t\t\t<\/a>\n\t\t\t\t<\/h2>\n\t\t\t\t<p class=\"afg-metadata\">\n\t\t\t<span class=\"place\">Egeberg, Ballerup, Danemark<\/span>\t\t<span class=\"dates\">24 May &#8211; 27 Jun 1996<\/span><\/p>\n\t\t\t\t\t\t\t\t<p class=\"afg-metadata\" style=\"opacity:.7;font-size:8pt;line-height:8pt;\">\n\t\t\t\t1 more image<\/p>\n\t\t\t\t\t\t\t<\/figcaption>\n\t\t<\/figure>\n<\/article>\t\t\t\t\t<div id=\"post-3495\" class=\"afg-list-item to-sort \">\n\t<div class=\"afg-list-item-content\">\n\t\t<h3>Sarkis<\/h3>\n\t\t<p class=\"afg-metadata\">\n\t\t\t<span class=\"place\">Galerie de Zaal, Westgasfabrik, Art Amsterdam<\/span>\t\t<span class=\"dates\">23 May &#8211; 27 May 1996<\/span><\/p>\n\t<\/div>\n<\/div>\t\t\t\t\t<div id=\"post-3496\" class=\"afg-list-item to-sort \">\n\t<div class=\"afg-list-item-content\">\n\t\t<h3>Vom Drinnendraussen<\/h3>\n\t\t<p class=\"afg-metadata\">\n\t\t\t<span class=\"place\">Galerie Ursula Walbr\u00f6l, D\u00fcsseldorf<\/span>\t\t<span class=\"dates\">16 Mar &#8211; 26 Apr 1996<\/span><\/p>\n\t<\/div>\n<\/div>\t\t\t\t\t<article id=\"post-282\" class=\" to-sort \">\n\t\t<figure class=\"afg-post-item-content\">\n\t\t\t\t\t\t\t<a href=\"https:\/\/www.sarkis.fr\/en\/1996\/3-zones-one\/\" title=\"3 Zones + One\" data-modal-link=\"#modal-blog-block_62d7ca49184e9\" class=\"landscape\">\n\t\t\t\t\t<img loading=\"lazy\" decoding=\"async\" width=\"800\" height=\"530\" src=\"https:\/\/www.sarkis.fr\/wp-content\/uploads\/2009\/06\/sarkis-1996-3-zones-one.jpg\" class=\"attachment-full size-full\" alt=\"sarkis-1996-3-zones-one\" srcset=\"https:\/\/www.sarkis.fr\/wp-content\/uploads\/2009\/06\/sarkis-1996-3-zones-one.jpg 800w, https:\/\/www.sarkis.fr\/wp-content\/uploads\/2009\/06\/sarkis-1996-3-zones-one-300x199.jpg 300w\" sizes=\"auto, (max-width: 800px) 100vw, 800px\" \/>\t\t\t\t<\/a>\n\t\t\t\t\t\t<figcaption>\n\t\t\t\t<h2>\n\t\t\t\t\t<a href=\"https:\/\/www.sarkis.fr\/en\/1996\/3-zones-one\/\" title=\"3 Zones + One\" data-modal-link=\"#modal-blog-block_62d7ca49184e9\">\n\t\t\t\t\t\t3 Zones + One\t\t\t\t\t<\/a>\n\t\t\t\t<\/h2>\n\t\t\t\t<p class=\"afg-metadata\">\n\t\t\t<span class=\"place\">Capp Street Project, San Francisco<\/span>\t\t<span class=\"dates\">8 Mar &#8211; 27 Apr 1996<\/span><span class=\"solo\">Solo<\/span><\/p>\n\t\t\t\t\t\t\t<\/figcaption>\n\t\t<\/figure>\n<\/article>\t\t\t\t\t<article id=\"post-3497\" class=\" to-sort \">\n\t\t<figure class=\"afg-post-item-content\">\n\t\t\t\t\t\t\t<a href=\"https:\/\/www.sarkis.fr\/en\/1996\/sculptures-obscures-1969-1975-a-aram-iynedjian\/\" title=\"Sculptures obscures 1969-1975 (\u00e0 Aram Iynedjian)\" data-modal-link=\"#modal-blog-block_62d7ca49184e9\" class=\"portrait\">\n\t\t\t\t\t<img loading=\"lazy\" decoding=\"async\" width=\"1067\" height=\"1604\" src=\"https:\/\/www.sarkis.fr\/wp-content\/uploads\/2022\/07\/1996-Sculptures-Obscures_.webp\" class=\"attachment-full size-full\" alt=\"\" srcset=\"https:\/\/www.sarkis.fr\/wp-content\/uploads\/2022\/07\/1996-Sculptures-Obscures_.webp 1067w, https:\/\/www.sarkis.fr\/wp-content\/uploads\/2022\/07\/1996-Sculptures-Obscures_-200x300.webp 200w, https:\/\/www.sarkis.fr\/wp-content\/uploads\/2022\/07\/1996-Sculptures-Obscures_-685x1030.webp 685w, https:\/\/www.sarkis.fr\/wp-content\/uploads\/2022\/07\/1996-Sculptures-Obscures_-768x1155.webp 768w, https:\/\/www.sarkis.fr\/wp-content\/uploads\/2022\/07\/1996-Sculptures-Obscures_-1022x1536.webp 1022w\" sizes=\"auto, (max-width: 1067px) 100vw, 1067px\" \/>\t\t\t\t<\/a>\n\t\t\t\t\t\t<figcaption>\n\t\t\t\t<h2>\n\t\t\t\t\t<a href=\"https:\/\/www.sarkis.fr\/en\/1996\/sculptures-obscures-1969-1975-a-aram-iynedjian\/\" title=\"Sculptures obscures 1969-1975 (\u00e0 Aram Iynedjian)\" data-modal-link=\"#modal-blog-block_62d7ca49184e9\">\n\t\t\t\t\t\tSculptures obscures 1969-1975 (\u00e0 Aram Iynedjian)\t\t\t\t\t<\/a>\n\t\t\t\t<\/h2>\n\t\t\t\t<p class=\"afg-metadata\">\n\t\t\t<span class=\"place\">MAMAC, Gen\u00e8ve<\/span>\t\t<span class=\"dates\">3 Feb &#8211; 19 May 1996<\/span><\/p>\n\t\t\t\t\t\t\t\t<p class=\"afg-metadata\" style=\"opacity:.7;font-size:8pt;line-height:8pt;\">\n\t\t\t\t2 more images<\/p>\n\t\t\t\t\t\t\t<\/figcaption>\n\t\t<\/figure>\n<\/article>\t\t\t\t\t<div id=\"post-3498\" class=\"afg-list-item to-sort \">\n\t<div class=\"afg-list-item-content\">\n\t\t<h3>Brennendes \u201ck\u201d<\/h3>\n\t\t<p class=\"afg-metadata\">\n\t\t\t<span class=\"place\">Galerie Gebauer u. G\u00fcnther, Berlin<\/span>\t\t<span class=\"dates\">13 Jan &#8211; 24 Feb 1996<\/span><\/p>\n\t<\/div>\n<\/div>\t\t\t\t\t\t\t\t\t\t\t\t<p class=\"timeline line to-sort\" id=\"section-1995\" data-year=\"1995\">1995<\/p>\n\t\t\t\t\t\t\t<div id=\"post-3499\" class=\"afg-list-item to-sort \">\n\t<div class=\"afg-list-item-content\">\n\t\t<h3>Deux Zones, Faux-Mouvement<\/h3>\n\t\t<p class=\"afg-metadata\">\n\t\t\t<span class=\"place\">Metz<\/span>\t\t<span class=\"dates\">22 Dec 1995 &#8211; 18 Feb 1996<\/span><\/p>\n\t<\/div>\n<\/div>\t\t\t\t\t<article id=\"post-3500\" class=\" to-sort \">\n\t\t<figure class=\"afg-post-item-content\">\n\t\t\t\t\t\t\t<a href=\"https:\/\/www.sarkis.fr\/en\/1995\/mises-en-scene\/\" title=\"Mises en sc\u00e8ne\" data-modal-link=\"#modal-blog-block_62d7ca49184e9\" class=\"landscape\">\n\t\t\t\t\t<img loading=\"lazy\" decoding=\"async\" width=\"1200\" height=\"663\" src=\"https:\/\/www.sarkis.fr\/wp-content\/uploads\/2022\/07\/Mises-en-scenes-Seoul.webp\" class=\"attachment-full size-full\" alt=\"\" srcset=\"https:\/\/www.sarkis.fr\/wp-content\/uploads\/2022\/07\/Mises-en-scenes-Seoul.webp 1200w, https:\/\/www.sarkis.fr\/wp-content\/uploads\/2022\/07\/Mises-en-scenes-Seoul-300x166.webp 300w, https:\/\/www.sarkis.fr\/wp-content\/uploads\/2022\/07\/Mises-en-scenes-Seoul-1030x569.webp 1030w, https:\/\/www.sarkis.fr\/wp-content\/uploads\/2022\/07\/Mises-en-scenes-Seoul-768x424.webp 768w\" sizes=\"auto, (max-width: 1200px) 100vw, 1200px\" \/>\t\t\t\t<\/a>\n\t\t\t\t\t\t<figcaption>\n\t\t\t\t<h2>\n\t\t\t\t\t<a href=\"https:\/\/www.sarkis.fr\/en\/1995\/mises-en-scene\/\" title=\"Mises en sc\u00e8ne\" data-modal-link=\"#modal-blog-block_62d7ca49184e9\">\n\t\t\t\t\t\tMises en sc\u00e8ne\t\t\t\t\t<\/a>\n\t\t\t\t<\/h2>\n\t\t\t\t<p class=\"afg-metadata\">\n\t\t\t<span class=\"place\">Ho-Am Museum, S\u00e9oul<\/span>\t\t<span class=\"dates\">13 Dec 1995 &#8211; 21 Jan 1996<\/span><\/p>\n\t\t\t\t\t\t\t\t<p class=\"afg-metadata\" style=\"opacity:.7;font-size:8pt;line-height:8pt;\">\n\t\t\t\t1 more image<\/p>\n\t\t\t\t\t\t\t<\/figcaption>\n\t\t<\/figure>\n<\/article>\t\t\t\t\t<div id=\"post-3501\" class=\"afg-list-item to-sort \">\n\t<div class=\"afg-list-item-content\">\n\t\t<h3>Pour Yano<\/h3>\n\t\t<p class=\"afg-metadata\">\n\t\t\t<span class=\"place\">Angoul\u00eame<\/span>\t\t<span class=\"dates\">1 Dec 1995<\/span><span class=\"solo\">Solo<\/span><\/p>\n\t<p class=\"afg-title-notes\">\n\t\tjourn\u00e9e mondiale de lutte contre le sida,\t<\/p>\t\n\t<\/div>\n<\/div>\t\t\t\t\t<article id=\"post-3502\" class=\" to-sort \">\n\t\t<figure class=\"afg-post-item-content\">\n\t\t\t\t\t\t\t<a href=\"https:\/\/www.sarkis.fr\/en\/1995\/biennale-distanbul-orient-ation\/\" title=\"Biennale d\u2019Istanbul, (Orient-ation)\" data-modal-link=\"#modal-blog-block_62d7ca49184e9\" class=\"landscape\">\n\t\t\t\t\t<img loading=\"lazy\" decoding=\"async\" width=\"1400\" height=\"1050\" src=\"https:\/\/www.sarkis.fr\/wp-content\/uploads\/2022\/07\/1995-biennale-Ist.-.webp\" class=\"attachment-full size-full\" alt=\"\" srcset=\"https:\/\/www.sarkis.fr\/wp-content\/uploads\/2022\/07\/1995-biennale-Ist.-.webp 1400w, https:\/\/www.sarkis.fr\/wp-content\/uploads\/2022\/07\/1995-biennale-Ist.--300x225.webp 300w, https:\/\/www.sarkis.fr\/wp-content\/uploads\/2022\/07\/1995-biennale-Ist.--1030x773.webp 1030w, https:\/\/www.sarkis.fr\/wp-content\/uploads\/2022\/07\/1995-biennale-Ist.--768x576.webp 768w\" sizes=\"auto, (max-width: 1400px) 100vw, 1400px\" \/>\t\t\t\t<\/a>\n\t\t\t\t\t\t<figcaption>\n\t\t\t\t<h2>\n\t\t\t\t\t<a href=\"https:\/\/www.sarkis.fr\/en\/1995\/biennale-distanbul-orient-ation\/\" title=\"Biennale d\u2019Istanbul, (Orient-ation)\" data-modal-link=\"#modal-blog-block_62d7ca49184e9\">\n\t\t\t\t\t\tBiennale d\u2019Istanbul, (Orient-ation)\t\t\t\t\t<\/a>\n\t\t\t\t<\/h2>\n\t\t\t\t<p class=\"afg-metadata\">\n\t\t\t<span class=\"place\">Istanbul<\/span>\t\t<span class=\"dates\">10 Nov &#8211; 10 Dec 1995<\/span><\/p>\n\t\t\t\t\t\t\t<\/figcaption>\n\t\t<\/figure>\n<\/article>\t\t\t\t\t<div id=\"post-3503\" class=\"afg-list-item to-sort \">\n\t<div class=\"afg-list-item-content\">\n\t\t<h3>Aquarelle\/N\u00e9on<\/h3>\n\t\t<p class=\"afg-metadata\">\n\t\t\t<span class=\"place\">Galerie de Zaal, Delft<\/span>\t\t<span class=\"dates\">29 Oct &#8211; 10 Dec 1995<\/span><\/p>\n\t<\/div>\n<\/div>\t\t\t\t\t<article id=\"post-278\" class=\" to-sort \">\n\t\t<figure class=\"afg-post-item-content\">\n\t\t\t\t\t\t\t<a href=\"https:\/\/www.sarkis.fr\/en\/1995\/l-arrivee-des-images-et-l-envolee-d-agra-a-verdun\/\" title=\"L\u2019arriv\u00e9e des images et L\u2019envol\u00e9e d\u2019Agra \u00e0 Verdun.\" data-modal-link=\"#modal-blog-block_62d7ca49184e9\" class=\"landscape\">\n\t\t\t\t\t<img loading=\"lazy\" decoding=\"async\" width=\"800\" height=\"501\" src=\"https:\/\/www.sarkis.fr\/wp-content\/uploads\/2009\/06\/Sarkis_1995-Verdun.jpg\" class=\"attachment-full size-full\" alt=\"Sarkis_1995-Verdun\" srcset=\"https:\/\/www.sarkis.fr\/wp-content\/uploads\/2009\/06\/Sarkis_1995-Verdun.jpg 800w, https:\/\/www.sarkis.fr\/wp-content\/uploads\/2009\/06\/Sarkis_1995-Verdun-300x188.jpg 300w\" sizes=\"auto, (max-width: 800px) 100vw, 800px\" \/>\t\t\t\t<\/a>\n\t\t\t\t\t\t<figcaption>\n\t\t\t\t<h2>\n\t\t\t\t\t<a href=\"https:\/\/www.sarkis.fr\/en\/1995\/l-arrivee-des-images-et-l-envolee-d-agra-a-verdun\/\" title=\"L\u2019arriv\u00e9e des images et L\u2019envol\u00e9e d\u2019Agra \u00e0 Verdun.\" data-modal-link=\"#modal-blog-block_62d7ca49184e9\">\n\t\t\t\t\t\tL\u2019arriv\u00e9e des images et L\u2019envol\u00e9e d\u2019Agra \u00e0 Verdun.\t\t\t\t\t<\/a>\n\t\t\t\t<\/h2>\n\t\t\t\t<p class=\"afg-metadata\">\n\t\t\t<span class=\"place\">Chapelle Buvignier et le Th\u00e9\u00e2tre de Verdun<\/span>\t\t<span class=\"dates\">21 Oct &#8211; 10 Dec 1995<\/span><span class=\"solo\">Solo<\/span><\/p>\n\t\t\t\t\t\t\t<\/figcaption>\n\t\t<\/figure>\n<\/article>\t\t\t\t\t<article id=\"post-274\" class=\" to-sort \">\n\t\t<figure class=\"afg-post-item-content\">\n\t\t\t\t\t\t\t<a href=\"https:\/\/www.sarkis.fr\/en\/1995\/26-9-19380\/\" title=\"&#8220;26. 9. 19380&#8221;\" data-modal-link=\"#modal-blog-block_62d7ca49184e9\" class=\"landscape\">\n\t\t\t\t\t<img loading=\"lazy\" decoding=\"async\" width=\"748\" height=\"500\" src=\"https:\/\/www.sarkis.fr\/wp-content\/uploads\/2009\/06\/sarkis-1995-26-9-19380.jpg\" class=\"attachment-full size-full\" alt=\"sarkis-1995-26-9-19380\" srcset=\"https:\/\/www.sarkis.fr\/wp-content\/uploads\/2009\/06\/sarkis-1995-26-9-19380.jpg 748w, https:\/\/www.sarkis.fr\/wp-content\/uploads\/2009\/06\/sarkis-1995-26-9-19380-300x201.jpg 300w\" sizes=\"auto, (max-width: 748px) 100vw, 748px\" \/>\t\t\t\t<\/a>\n\t\t\t\t\t\t<figcaption>\n\t\t\t\t<h2>\n\t\t\t\t\t<a href=\"https:\/\/www.sarkis.fr\/en\/1995\/26-9-19380\/\" title=\"&#8220;26. 9. 19380&#8221;\" data-modal-link=\"#modal-blog-block_62d7ca49184e9\">\n\t\t\t\t\t\t&#8220;26. 9. 19380&#8221;\t\t\t\t\t<\/a>\n\t\t\t\t<\/h2>\n\t\t\t\t<p class=\"afg-metadata\">\n\t\t\t<span class=\"place\">Kunst-und Ausstellungshalle der Bundesrepublik Deutschland, Bonn<\/span>\t\t<span class=\"dates\">29 Sep 1995 &#8211; 7 Jan 1996<\/span><span class=\"solo\">Solo<\/span><\/p>\n\t\t\t\t\t\t\t\t<p class=\"afg-metadata\" style=\"opacity:.7;font-size:8pt;line-height:8pt;\">\n\t\t\t\t2 more images<\/p>\n\t\t\t\t\t\t\t<\/figcaption>\n\t\t<\/figure>\n<\/article>\t\t\t\t\t<div id=\"post-3506\" class=\"afg-list-item to-sort \">\n\t<div class=\"afg-list-item-content\">\n\t\t<h3>Dialogues de Paix<\/h3>\n\t\t<p class=\"afg-metadata\">\n\t\t\t<span class=\"place\">Palais des Nations, ONU, Gen\u00e8ve<\/span>\t\t<span class=\"dates\">3 Jul &#8211; 26 Oct 1995<\/span><\/p>\n\t<\/div>\n<\/div>\t\t\t\t\t<div id=\"post-3505\" class=\"afg-list-item to-sort \">\n\t<div class=\"afg-list-item-content\">\n\t\t<h3>Klangskulpturen Augenmusik<\/h3>\n\t\t<p class=\"afg-metadata\">\n\t\t\t<span class=\"place\">Ludwig Museum, Koblenz<\/span>\t\t<span class=\"dates\">2 Jul &#8211; 24 Sep 1995<\/span><\/p>\n\t<\/div>\n<\/div>\t\t\t\t\t<div id=\"post-3507\" class=\"afg-list-item to-sort \">\n\t<div class=\"afg-list-item-content\">\n\t\t<h3>Des artistes \u00e0 travers l\u2019archive<\/h3>\n\t\t<p class=\"afg-metadata\">\n\t\t\t<span class=\"place\">Ecole Nationale des Beaux-Arts, Nancy<\/span>\t\t<span class=\"dates\">23 Mar &#8211; 16 Feb 1995<\/span><\/p>\n\t<\/div>\n<\/div>\t\t\t\t\t<article id=\"post-276\" class=\" to-sort \">\n\t\t<figure class=\"afg-post-item-content\">\n\t\t\t\t\t\t\t<a href=\"https:\/\/www.sarkis.fr\/en\/1995\/das-licht-des-blitzes-der-laerm-des-donners\/\" title=\"Das Licht des Blitzes, Der L\u00e4rm des Donners\" data-modal-link=\"#modal-blog-block_62d7ca49184e9\" class=\"portrait\">\n\t\t\t\t\t<img loading=\"lazy\" decoding=\"async\" width=\"519\" height=\"800\" src=\"https:\/\/www.sarkis.fr\/wp-content\/uploads\/2009\/06\/Sarkis_1995-Palais-Liechtenstein.jpg\" class=\"attachment-full size-full\" alt=\"Sarkis_1995-Palais-Liechtenstein\" srcset=\"https:\/\/www.sarkis.fr\/wp-content\/uploads\/2009\/06\/Sarkis_1995-Palais-Liechtenstein.jpg 519w, https:\/\/www.sarkis.fr\/wp-content\/uploads\/2009\/06\/Sarkis_1995-Palais-Liechtenstein-195x300.jpg 195w\" sizes=\"auto, (max-width: 519px) 100vw, 519px\" \/>\t\t\t\t<\/a>\n\t\t\t\t\t\t<figcaption>\n\t\t\t\t<h2>\n\t\t\t\t\t<a href=\"https:\/\/www.sarkis.fr\/en\/1995\/das-licht-des-blitzes-der-laerm-des-donners\/\" title=\"Das Licht des Blitzes, Der L\u00e4rm des Donners\" data-modal-link=\"#modal-blog-block_62d7ca49184e9\">\n\t\t\t\t\t\tDas Licht des Blitzes, Der L\u00e4rm des Donners\t\t\t\t\t<\/a>\n\t\t\t\t<\/h2>\n\t\t\t\t<p class=\"afg-metadata\">\n\t\t\t<span class=\"place\">Museum Moderner Kunst Stiftung Ludwig Wien, Palais Lichtenstein, Vienna<\/span>\t\t<span class=\"dates\">4 Mar &#8211; 23 Apr 1995<\/span><span class=\"solo\">Solo<\/span><\/p>\n\t\t\t\t\t\t\t\t<p class=\"afg-metadata\" style=\"opacity:.7;font-size:8pt;line-height:8pt;\">\n\t\t\t\t1 more image<\/p>\n\t\t\t\t\t\t\t<\/figcaption>\n\t\t<\/figure>\n<\/article>\t\t\t\t\t<div id=\"post-3508\" class=\"afg-list-item to-sort \">\n\t<div class=\"afg-list-item-content\">\n\t\t<h3>Vagabondages<\/h3>\n\t\t<p class=\"afg-metadata\">\n\t\t\t<span class=\"place\">Centre d\u2019Art Contemporain de Castres<\/span>\t\t<span class=\"dates\">18 Jan &#8211; 18 Mar 1995<\/span><\/p>\n\t<\/div>\n<\/div>\t\t\t\t\t<article id=\"post-3509\" class=\" to-sort \">\n\t\t<figure class=\"afg-post-item-content\">\n\t\t\t\t\t\t\t<a href=\"https:\/\/www.sarkis.fr\/en\/1995\/thresholds\/\" title=\"Thresholds\" data-modal-link=\"#modal-blog-block_62d7ca49184e9\" class=\"portrait\">\n\t\t\t\t\t<img loading=\"lazy\" decoding=\"async\" width=\"1079\" height=\"1571\" src=\"https:\/\/www.sarkis.fr\/wp-content\/uploads\/2022\/07\/1995-Tresholds.webp\" class=\"attachment-full size-full\" alt=\"\" srcset=\"https:\/\/www.sarkis.fr\/wp-content\/uploads\/2022\/07\/1995-Tresholds.webp 1079w, https:\/\/www.sarkis.fr\/wp-content\/uploads\/2022\/07\/1995-Tresholds-206x300.webp 206w, https:\/\/www.sarkis.fr\/wp-content\/uploads\/2022\/07\/1995-Tresholds-707x1030.webp 707w, https:\/\/www.sarkis.fr\/wp-content\/uploads\/2022\/07\/1995-Tresholds-768x1118.webp 768w, https:\/\/www.sarkis.fr\/wp-content\/uploads\/2022\/07\/1995-Tresholds-1055x1536.webp 1055w\" sizes=\"auto, (max-width: 1079px) 100vw, 1079px\" \/>\t\t\t\t<\/a>\n\t\t\t\t\t\t<figcaption>\n\t\t\t\t<h2>\n\t\t\t\t\t<a href=\"https:\/\/www.sarkis.fr\/en\/1995\/thresholds\/\" title=\"Thresholds\" data-modal-link=\"#modal-blog-block_62d7ca49184e9\">\n\t\t\t\t\t\tThresholds\t\t\t\t\t<\/a>\n\t\t\t\t<\/h2>\n\t\t\t\t<p class=\"afg-metadata\">\n\t\t\t<span class=\"place\">National Gallery of Modern Art, New Dehli<\/span>\t\t<span class=\"dates\">14 Jan &#8211; 28 Feb 1995<\/span><\/p>\n\t\t\t\t\t\t\t<\/figcaption>\n\t\t<\/figure>\n<\/article>\t\t\t\t\t\t\t\t\t\t\t\t<p class=\"timeline line to-sort\" id=\"section-1994\" data-year=\"1994\">1994<\/p>\n\t\t\t\t\t\t\t<article id=\"post-268\" class=\" to-sort \">\n\t\t<figure class=\"afg-post-item-content\">\n\t\t\t\t\t\t\t<a href=\"https:\/\/www.sarkis.fr\/en\/1994\/mesures-d-elevation\/\" title=\"Mesures d&#8217;\u00e9l\u00e9vation\" data-modal-link=\"#modal-blog-block_62d7ca49184e9\" class=\"landscape\">\n\t\t\t\t\t<img loading=\"lazy\" decoding=\"async\" width=\"800\" height=\"506\" src=\"https:\/\/www.sarkis.fr\/wp-content\/uploads\/2009\/06\/Sarkis_1994-Ga.de-Paris.jpg\" class=\"attachment-full size-full\" alt=\"Sarkis_1994-Ga.de-Paris\" srcset=\"https:\/\/www.sarkis.fr\/wp-content\/uploads\/2009\/06\/Sarkis_1994-Ga.de-Paris.jpg 800w, https:\/\/www.sarkis.fr\/wp-content\/uploads\/2009\/06\/Sarkis_1994-Ga.de-Paris-300x190.jpg 300w\" sizes=\"auto, (max-width: 800px) 100vw, 800px\" \/>\t\t\t\t<\/a>\n\t\t\t\t\t\t<figcaption>\n\t\t\t\t<h2>\n\t\t\t\t\t<a href=\"https:\/\/www.sarkis.fr\/en\/1994\/mesures-d-elevation\/\" title=\"Mesures d&#8217;\u00e9l\u00e9vation\" data-modal-link=\"#modal-blog-block_62d7ca49184e9\">\n\t\t\t\t\t\tMesures d&#8217;\u00e9l\u00e9vation\t\t\t\t\t<\/a>\n\t\t\t\t<\/h2>\n\t\t\t\t<p class=\"afg-metadata\">\n\t\t\t<span class=\"place\">Galerie de Paris<\/span>\t\t<span class=\"dates\">19 Nov &#8211; 17 Dec 1994<\/span><span class=\"solo\">Solo<\/span><\/p>\n\t\t\t\t\t\t\t<\/figcaption>\n\t\t<\/figure>\n<\/article>\t\t\t\t\t<div id=\"post-3521\" class=\"afg-list-item to-sort \">\n\t<div class=\"afg-list-item-content\">\n\t\t<h3>Juxtapositions<\/h3>\n\t\t<p class=\"afg-metadata\">\n\t\t\t<span class=\"place\">Grande Halle, Gare d\u2019Austerlitz, Paris<\/span>\t\t<span class=\"dates\">7 Oct &#8211; 7 Nov 1994<\/span><\/p>\n\t<\/div>\n<\/div>\t\t\t\t\t<article id=\"post-272\" class=\" to-sort \">\n\t\t<figure class=\"afg-post-item-content\">\n\t\t\t\t\t\t\t<a href=\"https:\/\/www.sarkis.fr\/en\/1994\/zone\/\" title=\"Zone\" data-modal-link=\"#modal-blog-block_62d7ca49184e9\" class=\"landscape\">\n\t\t\t\t\t<img loading=\"lazy\" decoding=\"async\" width=\"800\" height=\"539\" src=\"https:\/\/www.sarkis.fr\/wp-content\/uploads\/2009\/06\/Sarkis_1994-ZONE-Kitekanto-Museum-Maebashi.jpg\" class=\"attachment-full size-full\" alt=\"Sarkis_1994-ZONE-Kitekanto-Museum-Maebashi\" srcset=\"https:\/\/www.sarkis.fr\/wp-content\/uploads\/2009\/06\/Sarkis_1994-ZONE-Kitekanto-Museum-Maebashi.jpg 800w, https:\/\/www.sarkis.fr\/wp-content\/uploads\/2009\/06\/Sarkis_1994-ZONE-Kitekanto-Museum-Maebashi-300x202.jpg 300w\" sizes=\"auto, (max-width: 800px) 100vw, 800px\" \/>\t\t\t\t<\/a>\n\t\t\t\t\t\t<figcaption>\n\t\t\t\t<h2>\n\t\t\t\t\t<a href=\"https:\/\/www.sarkis.fr\/en\/1994\/zone\/\" title=\"Zone\" data-modal-link=\"#modal-blog-block_62d7ca49184e9\">\n\t\t\t\t\t\tZone\t\t\t\t\t<\/a>\n\t\t\t\t<\/h2>\n\t\t\t\t<p class=\"afg-metadata\">\n\t\t\t<span class=\"place\">Kitakanto Museum of Fine Arts, Maebashi<\/span>\t\t<span class=\"dates\">19 Sep &#8211; 3 Nov 1994<\/span><span class=\"solo\">Solo<\/span><\/p>\n\t\t\t\t\t\t\t<\/figcaption>\n\t\t<\/figure>\n<\/article>\t\t\t\t\t<article id=\"post-3510\" class=\" to-sort \">\n\t\t<figure class=\"afg-post-item-content\">\n\t\t\t\t\t\t\t<a href=\"https:\/\/www.sarkis.fr\/en\/1994\/a-partir-de-19380\/\" title=\"A partir de 19380\" data-modal-link=\"#modal-blog-block_62d7ca49184e9\" class=\"landscape\">\n\t\t\t\t\t<img loading=\"lazy\" decoding=\"async\" width=\"1200\" height=\"766\" src=\"https:\/\/www.sarkis.fr\/wp-content\/uploads\/2022\/07\/1994-19380.webp\" class=\"attachment-full size-full\" alt=\"\" srcset=\"https:\/\/www.sarkis.fr\/wp-content\/uploads\/2022\/07\/1994-19380.webp 1200w, https:\/\/www.sarkis.fr\/wp-content\/uploads\/2022\/07\/1994-19380-300x192.webp 300w, https:\/\/www.sarkis.fr\/wp-content\/uploads\/2022\/07\/1994-19380-1030x657.webp 1030w, https:\/\/www.sarkis.fr\/wp-content\/uploads\/2022\/07\/1994-19380-768x490.webp 768w\" sizes=\"auto, (max-width: 1200px) 100vw, 1200px\" \/>\t\t\t\t<\/a>\n\t\t\t\t\t\t<figcaption>\n\t\t\t\t<h2>\n\t\t\t\t\t<a href=\"https:\/\/www.sarkis.fr\/en\/1994\/a-partir-de-19380\/\" title=\"A partir de 19380\" data-modal-link=\"#modal-blog-block_62d7ca49184e9\">\n\t\t\t\t\t\tA partir de 19380\t\t\t\t\t<\/a>\n\t\t\t\t<\/h2>\n\t\t\t\t<p class=\"afg-metadata\">\n\t\t\t<span class=\"place\">MAMCO, Gen\u00e8ve<\/span>\t\t<span class=\"dates\">17 Sep 1994<\/span><\/p>\n\t\t\t\t\t\t\t\t<p class=\"afg-metadata\" style=\"opacity:.7;font-size:8pt;line-height:8pt;\">\n\t\t\t\t1 more image<\/p>\n\t\t\t\t\t\t\t<\/figcaption>\n\t\t<\/figure>\n<\/article>\t\t\t\t\t<article id=\"post-3511\" class=\" to-sort \">\n\t\t<figure class=\"afg-post-item-content\">\n\t\t\t\t\t\t\t<a href=\"https:\/\/www.sarkis.fr\/en\/1994\/les-mains-qui-se-chauffent\/\" title=\"Les mains qui se chauffent\" data-modal-link=\"#modal-blog-block_62d7ca49184e9\" class=\"landscape\">\n\t\t\t\t\t<img loading=\"lazy\" decoding=\"async\" width=\"1200\" height=\"779\" src=\"https:\/\/www.sarkis.fr\/wp-content\/uploads\/2022\/07\/1994-Les-mains-qui-se-chtif.webp\" class=\"attachment-full size-full\" alt=\"\" srcset=\"https:\/\/www.sarkis.fr\/wp-content\/uploads\/2022\/07\/1994-Les-mains-qui-se-chtif.webp 1200w, https:\/\/www.sarkis.fr\/wp-content\/uploads\/2022\/07\/1994-Les-mains-qui-se-chtif-300x195.webp 300w, https:\/\/www.sarkis.fr\/wp-content\/uploads\/2022\/07\/1994-Les-mains-qui-se-chtif-1030x669.webp 1030w, https:\/\/www.sarkis.fr\/wp-content\/uploads\/2022\/07\/1994-Les-mains-qui-se-chtif-768x499.webp 768w\" sizes=\"auto, (max-width: 1200px) 100vw, 1200px\" \/>\t\t\t\t<\/a>\n\t\t\t\t\t\t<figcaption>\n\t\t\t\t<h2>\n\t\t\t\t\t<a href=\"https:\/\/www.sarkis.fr\/en\/1994\/les-mains-qui-se-chauffent\/\" title=\"Les mains qui se chauffent\" data-modal-link=\"#modal-blog-block_62d7ca49184e9\">\n\t\t\t\t\t\tLes mains qui se chauffent\t\t\t\t\t<\/a>\n\t\t\t\t<\/h2>\n\t\t\t\t<p class=\"afg-metadata\">\n\t\t\t<span class=\"place\">Crypte Saint-Sylvain de l\u2019Eglise d\u2019Ahun &#8211; Eglise du Moutier d\u2019Ahun<\/span>\t\t<span class=\"dates\">2 Jul &#8211; 17 Jul 1994<\/span><span class=\"solo\">Solo<\/span><\/p>\n\t\t\t\t\t\t\t<\/figcaption>\n\t\t<\/figure>\n<\/article>\t\t\t\t\t<article id=\"post-3512\" class=\" to-sort \">\n\t\t<figure class=\"afg-post-item-content\">\n\t\t\t\t\t\t\t<a href=\"https:\/\/www.sarkis.fr\/en\/1994\/les-7-tresors-de-guerre-de-la-reunion\/\" title=\"Les 7 Tr\u00e9sors de Guerre de La R\u00e9union\" data-modal-link=\"#modal-blog-block_62d7ca49184e9\" class=\"landscape\">\n\t\t\t\t\t<img loading=\"lazy\" decoding=\"async\" width=\"1200\" height=\"779\" src=\"https:\/\/www.sarkis.fr\/wp-content\/uploads\/2022\/07\/1994-Les-7-Tresors.webp\" class=\"attachment-full size-full\" alt=\"\" srcset=\"https:\/\/www.sarkis.fr\/wp-content\/uploads\/2022\/07\/1994-Les-7-Tresors.webp 1200w, https:\/\/www.sarkis.fr\/wp-content\/uploads\/2022\/07\/1994-Les-7-Tresors-300x195.webp 300w, https:\/\/www.sarkis.fr\/wp-content\/uploads\/2022\/07\/1994-Les-7-Tresors-1030x669.webp 1030w, https:\/\/www.sarkis.fr\/wp-content\/uploads\/2022\/07\/1994-Les-7-Tresors-768x499.webp 768w\" sizes=\"auto, (max-width: 1200px) 100vw, 1200px\" \/>\t\t\t\t<\/a>\n\t\t\t\t\t\t<figcaption>\n\t\t\t\t<h2>\n\t\t\t\t\t<a href=\"https:\/\/www.sarkis.fr\/en\/1994\/les-7-tresors-de-guerre-de-la-reunion\/\" title=\"Les 7 Tr\u00e9sors de Guerre de La R\u00e9union\" data-modal-link=\"#modal-blog-block_62d7ca49184e9\">\n\t\t\t\t\t\tLes 7 Tr\u00e9sors de Guerre de La R\u00e9union\t\t\t\t\t<\/a>\n\t\t\t\t<\/h2>\n\t\t\t\t<p class=\"afg-metadata\">\n\t\t\t<span class=\"place\">Mus\u00e9e L\u00e9on Dierx, Saint-Denis de La R\u00e9union<\/span>\t\t<span class=\"dates\">24 Jun 1994 &#8211; 25 Jan 1995<\/span><span class=\"solo\">Solo<\/span><\/p>\n\t\t\t\t\t\t\t\t<p class=\"afg-metadata\" style=\"opacity:.7;font-size:8pt;line-height:8pt;\">\n\t\t\t\t2 more images<\/p>\n\t\t\t\t\t\t\t<\/figcaption>\n\t\t<\/figure>\n<\/article>\t\t\t\t\t<div id=\"post-10349\" class=\"afg-list-item to-sort \">\n\t<div class=\"afg-list-item-content\">\n\t\t<h3>Des artistes \u00e0 travers l\u2019archive<\/h3>\n\t\t<p class=\"afg-metadata\">\n\t\t\t<span class=\"place\">Le Nouveau Mus\u00e9e, Villeurbanne<\/span>\t\t<span class=\"dates\">24 Jun &#8211; 23 Jul 1994<\/span><\/p>\n\t<\/div>\n<\/div>\t\t\t\t\t<article id=\"post-3514\" class=\" to-sort \">\n\t\t<figure class=\"afg-post-item-content\">\n\t\t\t\t\t\t\t<a href=\"https:\/\/www.sarkis.fr\/en\/1994\/paysage\/\" title=\"PAYSAGE\" data-modal-link=\"#modal-blog-block_62d7ca49184e9\" class=\"landscape\">\n\t\t\t\t\t<img loading=\"lazy\" decoding=\"async\" width=\"1200\" height=\"779\" src=\"https:\/\/www.sarkis.fr\/wp-content\/uploads\/2022\/07\/1994-Paysages-Cluny.webp\" class=\"attachment-full size-full\" alt=\"\" srcset=\"https:\/\/www.sarkis.fr\/wp-content\/uploads\/2022\/07\/1994-Paysages-Cluny.webp 1200w, https:\/\/www.sarkis.fr\/wp-content\/uploads\/2022\/07\/1994-Paysages-Cluny-300x195.webp 300w, https:\/\/www.sarkis.fr\/wp-content\/uploads\/2022\/07\/1994-Paysages-Cluny-1030x669.webp 1030w, https:\/\/www.sarkis.fr\/wp-content\/uploads\/2022\/07\/1994-Paysages-Cluny-768x499.webp 768w\" sizes=\"auto, (max-width: 1200px) 100vw, 1200px\" \/>\t\t\t\t<\/a>\n\t\t\t\t\t\t<figcaption>\n\t\t\t\t<h2>\n\t\t\t\t\t<a href=\"https:\/\/www.sarkis.fr\/en\/1994\/paysage\/\" title=\"PAYSAGE\" data-modal-link=\"#modal-blog-block_62d7ca49184e9\">\n\t\t\t\t\t\tPAYSAGE\t\t\t\t\t<\/a>\n\t\t\t\t<\/h2>\n\t\t\t\t<p class=\"afg-metadata\">\n\t\t\t<span class=\"place\">Ecuries Saint-Hugues, Cluny<\/span>\t\t<span class=\"dates\">11 Jun 1994 &#8211; 3 Jan 1970<\/span><span class=\"solo\">Solo<\/span><\/p>\n\t\t\t\t\t\t\t\t<p class=\"afg-metadata\" style=\"opacity:.7;font-size:8pt;line-height:8pt;\">\n\t\t\t\t2 more images<\/p>\n\t\t\t\t\t\t\t<\/figcaption>\n\t\t<\/figure>\n<\/article>\t\t\t\t\t<div id=\"post-3515\" class=\"afg-list-item to-sort \">\n\t<div class=\"afg-list-item-content\">\n\t\t<h3>Le saut dans le vide<\/h3>\n\t\t<p class=\"afg-metadata\">\n\t\t\t<span class=\"place\">05son Centrale des Artistes, Moscou<\/span>\t\t<span class=\"dates\">18 May &#8211; 19 Jun 1994<\/span><\/p>\n\t<\/div>\n<\/div>\t\t\t\t\t<div id=\"post-3516\" class=\"afg-list-item to-sort \">\n\t<div class=\"afg-list-item-content\">\n\t\t<h3>Introduction \u00e0 l\u2019exposition de Sarkis aux Ecuries Saint-Hugues<\/h3>\n\t\t<p class=\"afg-metadata\">\n\t\t\t<span class=\"place\">Salle Victor Duruy, Cluny<\/span>\t\t<span class=\"dates\">15 Apr &#8211; 30 Jun 1994<\/span><span class=\"solo\">Solo<\/span><\/p>\n\t<\/div>\n<\/div>\t\t\t\t\t<article id=\"post-3517\" class=\" to-sort \">\n\t\t<figure class=\"afg-post-item-content\">\n\t\t\t\t\t\t\t<a href=\"https:\/\/www.sarkis.fr\/en\/1994\/silence-silence\/\" title=\"Silence, Silence\" data-modal-link=\"#modal-blog-block_62d7ca49184e9\" class=\"landscape\">\n\t\t\t\t\t<img loading=\"lazy\" decoding=\"async\" width=\"1200\" height=\"815\" src=\"https:\/\/www.sarkis.fr\/wp-content\/uploads\/2022\/07\/1994-galerie-Verney-Caron-Silence-Silence001.webp\" class=\"attachment-full size-full\" alt=\"\" srcset=\"https:\/\/www.sarkis.fr\/wp-content\/uploads\/2022\/07\/1994-galerie-Verney-Caron-Silence-Silence001.webp 1200w, https:\/\/www.sarkis.fr\/wp-content\/uploads\/2022\/07\/1994-galerie-Verney-Caron-Silence-Silence001-300x204.webp 300w, https:\/\/www.sarkis.fr\/wp-content\/uploads\/2022\/07\/1994-galerie-Verney-Caron-Silence-Silence001-1030x700.webp 1030w, https:\/\/www.sarkis.fr\/wp-content\/uploads\/2022\/07\/1994-galerie-Verney-Caron-Silence-Silence001-768x522.webp 768w\" sizes=\"auto, (max-width: 1200px) 100vw, 1200px\" \/>\t\t\t\t<\/a>\n\t\t\t\t\t\t<figcaption>\n\t\t\t\t<h2>\n\t\t\t\t\t<a href=\"https:\/\/www.sarkis.fr\/en\/1994\/silence-silence\/\" title=\"Silence, Silence\" data-modal-link=\"#modal-blog-block_62d7ca49184e9\">\n\t\t\t\t\t\tSilence, Silence\t\t\t\t\t<\/a>\n\t\t\t\t<\/h2>\n\t\t\t\t<p class=\"afg-metadata\">\n\t\t\t<span class=\"place\">Galerie Georges Verney-Carron, Villeurbanne<\/span>\t\t<span class=\"dates\">4 Mar &#8211; 4 May 1994<\/span><span class=\"solo\">Solo<\/span><\/p>\n\t\t\t\t\t\t\t<\/figcaption>\n\t\t<\/figure>\n<\/article>\t\t\t\t\t<div id=\"post-3518\" class=\"afg-list-item to-sort \">\n\t<div class=\"afg-list-item-content\">\n\t\t<h3>Arte in Francia 1970-1993<\/h3>\n\t\t<p class=\"afg-metadata\">\n\t\t\t<span class=\"place\">Galleria Communale d\u2019Arte Moderna di Bologna<\/span>\t\t<span class=\"dates\">26 Feb 1994<\/span><\/p>\n\t<\/div>\n<\/div>\t\t\t\t\t<article id=\"post-3519\" class=\" to-sort \">\n\t\t<figure class=\"afg-post-item-content\">\n\t\t\t\t\t\t\t<a href=\"https:\/\/www.sarkis.fr\/en\/1994\/eighth-triennale-india\/\" title=\"Eighth Triennale-India\" data-modal-link=\"#modal-blog-block_62d7ca49184e9\" class=\"landscape\">\n\t\t\t\t\t<img loading=\"lazy\" decoding=\"async\" width=\"1200\" height=\"805\" src=\"https:\/\/www.sarkis.fr\/wp-content\/uploads\/2022\/07\/1994-Triennale-New-Delhi.webp\" class=\"attachment-full size-full\" alt=\"\" srcset=\"https:\/\/www.sarkis.fr\/wp-content\/uploads\/2022\/07\/1994-Triennale-New-Delhi.webp 1200w, https:\/\/www.sarkis.fr\/wp-content\/uploads\/2022\/07\/1994-Triennale-New-Delhi-300x201.webp 300w, https:\/\/www.sarkis.fr\/wp-content\/uploads\/2022\/07\/1994-Triennale-New-Delhi-1030x691.webp 1030w, https:\/\/www.sarkis.fr\/wp-content\/uploads\/2022\/07\/1994-Triennale-New-Delhi-768x515.webp 768w\" sizes=\"auto, (max-width: 1200px) 100vw, 1200px\" \/>\t\t\t\t<\/a>\n\t\t\t\t\t\t<figcaption>\n\t\t\t\t<h2>\n\t\t\t\t\t<a href=\"https:\/\/www.sarkis.fr\/en\/1994\/eighth-triennale-india\/\" title=\"Eighth Triennale-India\" data-modal-link=\"#modal-blog-block_62d7ca49184e9\">\n\t\t\t\t\t\tEighth Triennale-India\t\t\t\t\t<\/a>\n\t\t\t\t<\/h2>\n\t\t\t\t<p class=\"afg-metadata\">\n\t\t\t<span class=\"place\">New Dehli<\/span>\t\t<span class=\"dates\">16 Feb &#8211; 15 Mar 1994<\/span><\/p>\n\t\t\t\t\t\t\t<\/figcaption>\n\t\t<\/figure>\n<\/article>\t\t\t\t\t<div id=\"post-3520\" class=\"afg-list-item to-sort \">\n\t<div class=\"afg-list-item-content\">\n\t\t<h3>Sculptures 1994<\/h3>\n\t\t<p class=\"afg-metadata\">\n\t\t\t<span class=\"place\">Galerie de Zaal, Delft<\/span>\t\t<span class=\"dates\">3 Feb &#8211; 13 Mar 1994<\/span><\/p>\n\t<\/div>\n<\/div>\t\t\t\t\t\t\t\t\t\t\t\t<p class=\"timeline line to-sort\" id=\"section-1993\" data-year=\"1993\">1993<\/p>\n\t\t\t\t\t\t\t<article id=\"post-270\" class=\" to-sort \">\n\t\t<figure class=\"afg-post-item-content\">\n\t\t\t\t\t\t\t<a href=\"https:\/\/www.sarkis.fr\/en\/1993\/le-decalage-entre-la-lumiere-de-leclair-et-le-bruit-du-tonnerre\/\" title=\"Le d\u00e9calage entre la lumi\u00e8re de l\u2019\u00e9clair et le bruit du tonnerre\" data-modal-link=\"#modal-blog-block_62d7ca49184e9\" class=\"landscape\">\n\t\t\t\t\t<img loading=\"lazy\" decoding=\"async\" width=\"800\" height=\"603\" src=\"https:\/\/www.sarkis.fr\/wp-content\/uploads\/2009\/06\/Sarkis_1994-MNAM-dcallage.jpg\" class=\"attachment-full size-full\" alt=\"Sarkis_1994-MNAM-dcallage\" srcset=\"https:\/\/www.sarkis.fr\/wp-content\/uploads\/2009\/06\/Sarkis_1994-MNAM-dcallage.jpg 800w, https:\/\/www.sarkis.fr\/wp-content\/uploads\/2009\/06\/Sarkis_1994-MNAM-dcallage-300x226.jpg 300w\" sizes=\"auto, (max-width: 800px) 100vw, 800px\" \/>\t\t\t\t<\/a>\n\t\t\t\t\t\t<figcaption>\n\t\t\t\t<h2>\n\t\t\t\t\t<a href=\"https:\/\/www.sarkis.fr\/en\/1993\/le-decalage-entre-la-lumiere-de-leclair-et-le-bruit-du-tonnerre\/\" title=\"Le d\u00e9calage entre la lumi\u00e8re de l\u2019\u00e9clair et le bruit du tonnerre\" data-modal-link=\"#modal-blog-block_62d7ca49184e9\">\n\t\t\t\t\t\tLe d\u00e9calage entre la lumi\u00e8re de l\u2019\u00e9clair et le bruit du tonnerre\t\t\t\t\t<\/a>\n\t\t\t\t<\/h2>\n\t\t\t\t<p class=\"afg-metadata\">\n\t\t\t<span class=\"place\">Centre Georges Pompidou, Paris<\/span>\t\t<span class=\"dates\">December 1993 &#8211; December 1994<\/span><span class=\"solo\">Solo<\/span><\/p>\n\t\t\t\t\t\t\t<\/figcaption>\n\t\t<\/figure>\n<\/article>\t\t\t\t\t<article id=\"post-487\" class=\" to-sort \">\n\t\t<figure class=\"afg-post-item-content\">\n\t\t\t\t\t\t\t<a href=\"https:\/\/www.sarkis.fr\/en\/1993\/ouverture-2\/\" title=\"Ouverture\" data-modal-link=\"#modal-blog-block_62d7ca49184e9\" class=\"portrait\">\n\t\t\t\t\t<img loading=\"lazy\" decoding=\"async\" width=\"524\" height=\"800\" src=\"https:\/\/www.sarkis.fr\/wp-content\/uploads\/2009\/06\/Sarkis_1993-Perrugia.jpg\" class=\"attachment-full size-full\" alt=\"Sarkis_1993-Perrugia\" srcset=\"https:\/\/www.sarkis.fr\/wp-content\/uploads\/2009\/06\/Sarkis_1993-Perrugia.jpg 524w, https:\/\/www.sarkis.fr\/wp-content\/uploads\/2009\/06\/Sarkis_1993-Perrugia-197x300.jpg 197w\" sizes=\"auto, (max-width: 524px) 100vw, 524px\" \/>\t\t\t\t<\/a>\n\t\t\t\t\t\t<figcaption>\n\t\t\t\t<h2>\n\t\t\t\t\t<a href=\"https:\/\/www.sarkis.fr\/en\/1993\/ouverture-2\/\" title=\"Ouverture\" data-modal-link=\"#modal-blog-block_62d7ca49184e9\">\n\t\t\t\t\t\tOuverture\t\t\t\t\t<\/a>\n\t\t\t\t<\/h2>\n\t\t\t\t<p class=\"afg-metadata\">\n\t\t\t<span class=\"place\">Rocca Paolina, Perugia<\/span>\t\t<span class=\"dates\">18 Nov 1993 &#8211; 4 Jan 1994<\/span><span class=\"solo\">Solo<\/span><\/p>\n\t\t\t\t\t\t\t<\/figcaption>\n\t\t<\/figure>\n<\/article>\t\t\t\t\t<article id=\"post-3522\" class=\" to-sort \">\n\t\t<figure class=\"afg-post-item-content\">\n\t\t\t\t\t\t\t<a href=\"https:\/\/www.sarkis.fr\/en\/1993\/le-forgeron-en-masque-de-sarkis-en-rouge-et-vert-hommage-a-walter-benjamin\/\" title=\"Le forgeron en masque de Sarkis en rouge et vert, Hommage \u00e0 Walter Benjamin\" data-modal-link=\"#modal-blog-block_62d7ca49184e9\" class=\"landscape\">\n\t\t\t\t\t<img loading=\"lazy\" decoding=\"async\" width=\"1200\" height=\"819\" src=\"https:\/\/www.sarkis.fr\/wp-content\/uploads\/2022\/07\/1993-Port-Bou005-copie.webp\" class=\"attachment-full size-full\" alt=\"\" srcset=\"https:\/\/www.sarkis.fr\/wp-content\/uploads\/2022\/07\/1993-Port-Bou005-copie.webp 1200w, https:\/\/www.sarkis.fr\/wp-content\/uploads\/2022\/07\/1993-Port-Bou005-copie-300x205.webp 300w, https:\/\/www.sarkis.fr\/wp-content\/uploads\/2022\/07\/1993-Port-Bou005-copie-1030x703.webp 1030w, https:\/\/www.sarkis.fr\/wp-content\/uploads\/2022\/07\/1993-Port-Bou005-copie-768x524.webp 768w\" sizes=\"auto, (max-width: 1200px) 100vw, 1200px\" \/>\t\t\t\t<\/a>\n\t\t\t\t\t\t<figcaption>\n\t\t\t\t<h2>\n\t\t\t\t\t<a href=\"https:\/\/www.sarkis.fr\/en\/1993\/le-forgeron-en-masque-de-sarkis-en-rouge-et-vert-hommage-a-walter-benjamin\/\" title=\"Le forgeron en masque de Sarkis en rouge et vert, Hommage \u00e0 Walter Benjamin\" data-modal-link=\"#modal-blog-block_62d7ca49184e9\">\n\t\t\t\t\t\tLe forgeron en masque de Sarkis en rouge et vert, Hommage \u00e0 Walter Benjamin\t\t\t\t\t<\/a>\n\t\t\t\t<\/h2>\n\t\t\t\t<p class=\"afg-metadata\">\n\t\t\t<span class=\"place\">Cimeti\u00e8re de Portbou<\/span>\t\t<span class=\"dates\">24 Sep &#8211; 25 Sep 1993<\/span><span class=\"solo\">Solo<\/span><\/p>\n\t<p class=\"afg-title-notes\">\n\t\tNuit du 24 au 25 septembre\t<\/p>\t\n\t\t\t\t\t\t\t\t<p class=\"afg-metadata\" style=\"opacity:.7;font-size:8pt;line-height:8pt;\">\n\t\t\t\t1 more image<\/p>\n\t\t\t\t\t\t\t<\/figcaption>\n\t\t<\/figure>\n<\/article>\t\t\t\t\t<div id=\"post-3523\" class=\"afg-list-item to-sort \">\n\t<div class=\"afg-list-item-content\">\n\t\t<h3>La parole haute<\/h3>\n\t\t<p class=\"afg-metadata\">\n\t\t\t<span class=\"place\">Galerie de Paris<\/span>\t\t<span class=\"dates\">21 Sep &#8211; 31 Dec 1993<\/span><\/p>\n\t<\/div>\n<\/div>\t\t\t\t\t<article id=\"post-260\" class=\" to-sort \">\n\t\t<figure class=\"afg-post-item-content\">\n\t\t\t\t\t\t\t<a href=\"https:\/\/www.sarkis.fr\/en\/1993\/51-48-04-40\/\" title=\"51\u00b0 48\u2019 &#8211; 04 \u00b040\u2019.\" data-modal-link=\"#modal-blog-block_62d7ca49184e9\" class=\"portrait\">\n\t\t\t\t\t<img loading=\"lazy\" decoding=\"async\" width=\"508\" height=\"800\" src=\"https:\/\/www.sarkis.fr\/wp-content\/uploads\/2009\/06\/Sarkis_1993-_Les-fentres-rouges_-Dordrecht63D1.jpg\" class=\"attachment-full size-full\" alt=\"Sarkis_1993-_Les-fentres-rouges_-Dordrecht63D1\" srcset=\"https:\/\/www.sarkis.fr\/wp-content\/uploads\/2009\/06\/Sarkis_1993-_Les-fentres-rouges_-Dordrecht63D1.jpg 508w, https:\/\/www.sarkis.fr\/wp-content\/uploads\/2009\/06\/Sarkis_1993-_Les-fentres-rouges_-Dordrecht63D1-191x300.jpg 191w\" sizes=\"auto, (max-width: 508px) 100vw, 508px\" \/>\t\t\t\t<\/a>\n\t\t\t\t\t\t<figcaption>\n\t\t\t\t<h2>\n\t\t\t\t\t<a href=\"https:\/\/www.sarkis.fr\/en\/1993\/51-48-04-40\/\" title=\"51\u00b0 48\u2019 &#8211; 04 \u00b040\u2019.\" data-modal-link=\"#modal-blog-block_62d7ca49184e9\">\n\t\t\t\t\t\t51\u00b0 48\u2019 &#8211; 04 \u00b040\u2019.\t\t\t\t\t<\/a>\n\t\t\t\t<\/h2>\n\t\t\t\t<p class=\"afg-metadata\">\n\t\t\t<span class=\"place\">Dordrecht<\/span>\t\t<span class=\"dates\">4 Sep &#8211; 31 Oct 1993<\/span><\/p>\n\t\t\t\t\t\t\t<\/figcaption>\n\t\t<\/figure>\n<\/article>\t\t\t\t\t<article id=\"post-3525\" class=\" to-sort \">\n\t\t<figure class=\"afg-post-item-content\">\n\t\t\t\t\t\t\t<a href=\"https:\/\/www.sarkis.fr\/en\/1993\/devant-le-futur\/\" title=\"Devant, le futur\" data-modal-link=\"#modal-blog-block_62d7ca49184e9\" class=\"landscape\">\n\t\t\t\t\t<img loading=\"lazy\" decoding=\"async\" width=\"1200\" height=\"779\" src=\"https:\/\/www.sarkis.fr\/wp-content\/uploads\/2022\/07\/1993-Taejon007-copie.webp\" class=\"attachment-full size-full\" alt=\"\" srcset=\"https:\/\/www.sarkis.fr\/wp-content\/uploads\/2022\/07\/1993-Taejon007-copie.webp 1200w, https:\/\/www.sarkis.fr\/wp-content\/uploads\/2022\/07\/1993-Taejon007-copie-300x195.webp 300w, https:\/\/www.sarkis.fr\/wp-content\/uploads\/2022\/07\/1993-Taejon007-copie-1030x669.webp 1030w, https:\/\/www.sarkis.fr\/wp-content\/uploads\/2022\/07\/1993-Taejon007-copie-768x499.webp 768w\" sizes=\"auto, (max-width: 1200px) 100vw, 1200px\" \/>\t\t\t\t<\/a>\n\t\t\t\t\t\t<figcaption>\n\t\t\t\t<h2>\n\t\t\t\t\t<a href=\"https:\/\/www.sarkis.fr\/en\/1993\/devant-le-futur\/\" title=\"Devant, le futur\" data-modal-link=\"#modal-blog-block_62d7ca49184e9\">\n\t\t\t\t\t\tDevant, le futur\t\t\t\t\t<\/a>\n\t\t\t\t<\/h2>\n\t\t\t\t<p class=\"afg-metadata\">\n\t\t\t<span class=\"place\">Taejon<\/span>\t\t<span class=\"dates\">7 Aug &#8211; 7 Nov 1993<\/span><\/p>\n\t\t\t\t\t\t\t\t<p class=\"afg-metadata\" style=\"opacity:.7;font-size:8pt;line-height:8pt;\">\n\t\t\t\t2 more images<\/p>\n\t\t\t\t\t\t\t<\/figcaption>\n\t\t<\/figure>\n<\/article>\t\t\t\t\t<article id=\"post-3526\" class=\" to-sort \">\n\t\t<figure class=\"afg-post-item-content\">\n\t\t\t\t\t\t\t<a href=\"https:\/\/www.sarkis.fr\/en\/1993\/le-milieu-du-monde\/\" title=\"Le milieu du monde\" data-modal-link=\"#modal-blog-block_62d7ca49184e9\" class=\"landscape\">\n\t\t\t\t\t<img loading=\"lazy\" decoding=\"async\" width=\"1200\" height=\"778\" src=\"https:\/\/www.sarkis.fr\/wp-content\/uploads\/2022\/07\/1993-Sete001-copie-2.webp\" class=\"attachment-full size-full\" alt=\"\" srcset=\"https:\/\/www.sarkis.fr\/wp-content\/uploads\/2022\/07\/1993-Sete001-copie-2.webp 1200w, https:\/\/www.sarkis.fr\/wp-content\/uploads\/2022\/07\/1993-Sete001-copie-2-300x195.webp 300w, https:\/\/www.sarkis.fr\/wp-content\/uploads\/2022\/07\/1993-Sete001-copie-2-1030x668.webp 1030w, https:\/\/www.sarkis.fr\/wp-content\/uploads\/2022\/07\/1993-Sete001-copie-2-768x498.webp 768w\" sizes=\"auto, (max-width: 1200px) 100vw, 1200px\" \/>\t\t\t\t<\/a>\n\t\t\t\t\t\t<figcaption>\n\t\t\t\t<h2>\n\t\t\t\t\t<a href=\"https:\/\/www.sarkis.fr\/en\/1993\/le-milieu-du-monde\/\" title=\"Le milieu du monde\" data-modal-link=\"#modal-blog-block_62d7ca49184e9\">\n\t\t\t\t\t\tLe milieu du monde\t\t\t\t\t<\/a>\n\t\t\t\t<\/h2>\n\t\t\t\t<p class=\"afg-metadata\">\n\t\t\t<span class=\"place\">S\u00e8te<\/span>\t\t<span class=\"dates\">26 Jun &#8211; 30 Sep 1993<\/span><\/p>\n\t\t\t\t\t\t\t\t<p class=\"afg-metadata\" style=\"opacity:.7;font-size:8pt;line-height:8pt;\">\n\t\t\t\t2 more images<\/p>\n\t\t\t\t\t\t\t<\/figcaption>\n\t\t<\/figure>\n<\/article>\t\t\t\t\t<div id=\"post-3527\" class=\"afg-list-item to-sort \">\n\t<div class=\"afg-list-item-content\">\n\t\t<h3>Tr\u00e9sors de voyage<\/h3>\n\t\t<p class=\"afg-metadata\">\n\t\t\t<span class=\"place\">San Lazzaro, Biennale de Venise<\/span>\t\t<span class=\"dates\">9 Jun &#8211; 10 Oct 1993<\/span><\/p>\n\t<\/div>\n<\/div>\t\t\t\t\t<article id=\"post-3529\" class=\" to-sort \">\n\t\t<figure class=\"afg-post-item-content\">\n\t\t\t\t\t\t\t<a href=\"https:\/\/www.sarkis.fr\/en\/1993\/warmte-en-licht\/\" title=\"Warmte en licht\" data-modal-link=\"#modal-blog-block_62d7ca49184e9\" class=\"landscape\">\n\t\t\t\t\t<img loading=\"lazy\" decoding=\"async\" width=\"1200\" height=\"803\" src=\"https:\/\/www.sarkis.fr\/wp-content\/uploads\/2022\/07\/Warmte-en-Licht009-copie.webp\" class=\"attachment-full size-full\" alt=\"\" srcset=\"https:\/\/www.sarkis.fr\/wp-content\/uploads\/2022\/07\/Warmte-en-Licht009-copie.webp 1200w, https:\/\/www.sarkis.fr\/wp-content\/uploads\/2022\/07\/Warmte-en-Licht009-copie-300x201.webp 300w, https:\/\/www.sarkis.fr\/wp-content\/uploads\/2022\/07\/Warmte-en-Licht009-copie-1030x689.webp 1030w, https:\/\/www.sarkis.fr\/wp-content\/uploads\/2022\/07\/Warmte-en-Licht009-copie-768x514.webp 768w\" sizes=\"auto, (max-width: 1200px) 100vw, 1200px\" \/>\t\t\t\t<\/a>\n\t\t\t\t\t\t<figcaption>\n\t\t\t\t<h2>\n\t\t\t\t\t<a href=\"https:\/\/www.sarkis.fr\/en\/1993\/warmte-en-licht\/\" title=\"Warmte en licht\" data-modal-link=\"#modal-blog-block_62d7ca49184e9\">\n\t\t\t\t\t\tWarmte en licht\t\t\t\t\t<\/a>\n\t\t\t\t<\/h2>\n\t\t\t\t<p class=\"afg-metadata\">\n\t\t\t<span class=\"place\">Galerie de Zaal, Delft<\/span>\t\t<span class=\"dates\">13 Mar 1993 &#8211; 24 Jan 1970<\/span><span class=\"solo\">Solo<\/span><\/p>\n\t\t\t\t\t\t\t<\/figcaption>\n\t\t<\/figure>\n<\/article>\t\t\t\t\t<article id=\"post-266\" class=\" to-sort \">\n\t\t<figure class=\"afg-post-item-content\">\n\t\t\t\t\t\t\t<a href=\"https:\/\/www.sarkis.fr\/en\/1993\/point-de-rencontre-le-reve\/\" title=\"Point de rencontre : le r\u00eave\" data-modal-link=\"#modal-blog-block_62d7ca49184e9\" class=\"landscape\">\n\t\t\t\t\t<img loading=\"lazy\" decoding=\"async\" width=\"769\" height=\"506\" src=\"https:\/\/www.sarkis.fr\/wp-content\/uploads\/2009\/06\/sarkis-1993-point-de-rencontre-le-reve.jpg\" class=\"attachment-full size-full\" alt=\"sarkis-1993-point-de-rencontre-le-reve\" srcset=\"https:\/\/www.sarkis.fr\/wp-content\/uploads\/2009\/06\/sarkis-1993-point-de-rencontre-le-reve.jpg 769w, https:\/\/www.sarkis.fr\/wp-content\/uploads\/2009\/06\/sarkis-1993-point-de-rencontre-le-reve-300x197.jpg 300w\" sizes=\"auto, (max-width: 769px) 100vw, 769px\" \/>\t\t\t\t<\/a>\n\t\t\t\t\t\t<figcaption>\n\t\t\t\t<h2>\n\t\t\t\t\t<a href=\"https:\/\/www.sarkis.fr\/en\/1993\/point-de-rencontre-le-reve\/\" title=\"Point de rencontre : le r\u00eave\" data-modal-link=\"#modal-blog-block_62d7ca49184e9\">\n\t\t\t\t\t\tPoint de rencontre : le r\u00eave\t\t\t\t\t<\/a>\n\t\t\t\t<\/h2>\n\t\t\t\t<p class=\"afg-metadata\">\n\t\t\t<span class=\"place\">S\u00e9lestat<\/span>\t\t<span class=\"dates\">18 Feb 1993<\/span><\/p>\n\t<p class=\"afg-title-notes\">\n\t\tCommande publique\t<\/p>\t\n\t\t\t\t\t\t\t<\/figcaption>\n\t\t<\/figure>\n<\/article>\t\t\t\t\t<div id=\"post-3530\" class=\"afg-list-item to-sort \">\n\t<div class=\"afg-list-item-content\">\n\t\t<h3>Leidschatz<\/h3>\n\t\t<p class=\"afg-metadata\">\n\t\t\t<span class=\"place\">Galerie Gebauer und G\u00fcnther, Berlin<\/span>\t\t<span class=\"dates\">24 Jan &#8211; 25 Feb 1993<\/span><span class=\"solo\">Solo<\/span><\/p>\n\t<\/div>\n<\/div>\t\t\t\t\t<article id=\"post-262\" class=\" to-sort \">\n\t\t<figure class=\"afg-post-item-content\">\n\t\t\t\t\t\t\t<a href=\"https:\/\/www.sarkis.fr\/en\/1993\/ankaradan-buguene\/\" title=\"Ankara\u2019dan bug\u00fcne\" data-modal-link=\"#modal-blog-block_62d7ca49184e9\" class=\"landscape\">\n\t\t\t\t\t<img loading=\"lazy\" decoding=\"async\" width=\"800\" height=\"556\" src=\"https:\/\/www.sarkis.fr\/wp-content\/uploads\/2009\/06\/Sarkis_1993-Ankaradan-bugune.jpg\" class=\"attachment-full size-full\" alt=\"Sarkis_1993-Ankaradan-bugune\" srcset=\"https:\/\/www.sarkis.fr\/wp-content\/uploads\/2009\/06\/Sarkis_1993-Ankaradan-bugune.jpg 800w, https:\/\/www.sarkis.fr\/wp-content\/uploads\/2009\/06\/Sarkis_1993-Ankaradan-bugune-300x209.jpg 300w\" sizes=\"auto, (max-width: 800px) 100vw, 800px\" \/>\t\t\t\t<\/a>\n\t\t\t\t\t\t<figcaption>\n\t\t\t\t<h2>\n\t\t\t\t\t<a href=\"https:\/\/www.sarkis.fr\/en\/1993\/ankaradan-buguene\/\" title=\"Ankara\u2019dan bug\u00fcne\" data-modal-link=\"#modal-blog-block_62d7ca49184e9\">\n\t\t\t\t\t\tAnkara\u2019dan bug\u00fcne\t\t\t\t\t<\/a>\n\t\t\t\t<\/h2>\n\t\t\t\t<p class=\"afg-metadata\">\n\t\t\t<span class=\"place\">Zon galerisi, Ankara<\/span>\t\t<span class=\"dates\">7 Jan &#8211; 11 Feb 1993<\/span><span class=\"solo\">Solo<\/span><\/p>\n\t\t\t\t\t\t\t<\/figcaption>\n\t\t<\/figure>\n<\/article>\t\t\t\t\t\t\t\t\t\t\t\t<p class=\"timeline line to-sort\" id=\"section-1992\" data-year=\"1992\">1992<\/p>\n\t\t\t\t\t\t\t<article id=\"post-256\" class=\" to-sort \">\n\t\t<figure class=\"afg-post-item-content\">\n\t\t\t\t\t\t\t<a href=\"https:\/\/www.sarkis.fr\/en\/1992\/19380-19930\/\" title=\"19380 -19930\" data-modal-link=\"#modal-blog-block_62d7ca49184e9\" class=\"landscape\">\n\t\t\t\t\t<img loading=\"lazy\" decoding=\"async\" width=\"1200\" height=\"839\" src=\"https:\/\/www.sarkis.fr\/wp-content\/uploads\/2009\/06\/1993-Sanat006-copie-2.webp\" class=\"attachment-full size-full\" alt=\"\" srcset=\"https:\/\/www.sarkis.fr\/wp-content\/uploads\/2009\/06\/1993-Sanat006-copie-2.webp 1200w, https:\/\/www.sarkis.fr\/wp-content\/uploads\/2009\/06\/1993-Sanat006-copie-2-300x210.webp 300w, https:\/\/www.sarkis.fr\/wp-content\/uploads\/2009\/06\/1993-Sanat006-copie-2-1030x720.webp 1030w, https:\/\/www.sarkis.fr\/wp-content\/uploads\/2009\/06\/1993-Sanat006-copie-2-768x537.webp 768w\" sizes=\"auto, (max-width: 1200px) 100vw, 1200px\" \/>\t\t\t\t<\/a>\n\t\t\t\t\t\t<figcaption>\n\t\t\t\t<h2>\n\t\t\t\t\t<a href=\"https:\/\/www.sarkis.fr\/en\/1992\/19380-19930\/\" title=\"19380 -19930\" data-modal-link=\"#modal-blog-block_62d7ca49184e9\">\n\t\t\t\t\t\t19380 -19930\t\t\t\t\t<\/a>\n\t\t\t\t<\/h2>\n\t\t\t\t<p class=\"afg-metadata\">\n\t\t\t<span class=\"place\">Ma\u00e7ka Sanat Galerisi, Istanbul<\/span>\t\t<span class=\"dates\">29 Dec 1992 &#8211; 23 Jan 1993<\/span><span class=\"solo\">Solo<\/span><\/p>\n\t\t\t\t\t\t\t\t<p class=\"afg-metadata\" style=\"opacity:.7;font-size:8pt;line-height:8pt;\">\n\t\t\t\t1 more image<\/p>\n\t\t\t\t\t\t\t<\/figcaption>\n\t\t<\/figure>\n<\/article>\t\t\t\t\t<article id=\"post-252\" class=\" to-sort \">\n\t\t<figure class=\"afg-post-item-content\">\n\t\t\t\t\t\t\t<a href=\"https:\/\/www.sarkis.fr\/en\/1991\/scenes-de-nuit-scenes-de-jour\/\" title=\"Sc\u00e8nes de nuit &#8211; Sc\u00e8nes de jour\" data-modal-link=\"#modal-blog-block_62d7ca49184e9\" class=\"landscape\">\n\t\t\t\t\t<img loading=\"lazy\" decoding=\"async\" width=\"800\" height=\"520\" src=\"https:\/\/www.sarkis.fr\/wp-content\/uploads\/2009\/06\/Sarkis_1991-Grenoble-Magazin.jpg\" class=\"attachment-full size-full\" alt=\"Sarkis_1991-Grenoble-Magazin\" srcset=\"https:\/\/www.sarkis.fr\/wp-content\/uploads\/2009\/06\/Sarkis_1991-Grenoble-Magazin.jpg 800w, https:\/\/www.sarkis.fr\/wp-content\/uploads\/2009\/06\/Sarkis_1991-Grenoble-Magazin-300x195.jpg 300w\" sizes=\"auto, (max-width: 800px) 100vw, 800px\" \/>\t\t\t\t<\/a>\n\t\t\t\t\t\t<figcaption>\n\t\t\t\t<h2>\n\t\t\t\t\t<a href=\"https:\/\/www.sarkis.fr\/en\/1991\/scenes-de-nuit-scenes-de-jour\/\" title=\"Sc\u00e8nes de nuit &#8211; Sc\u00e8nes de jour\" data-modal-link=\"#modal-blog-block_62d7ca49184e9\">\n\t\t\t\t\t\tSc\u00e8nes de nuit &#8211; Sc\u00e8nes de jour\t\t\t\t\t<\/a>\n\t\t\t\t<\/h2>\n\t\t\t\t<p class=\"afg-metadata\">\n\t\t\t<span class=\"place\">Centre National d\u2019Art Contemporain, Grenoble<\/span>\t\t<span class=\"dates\">15 Dec &#8211; 23 Feb 1992<\/span><span class=\"solo\">Solo<\/span><\/p>\n\t\t\t\t\t\t\t<\/figcaption>\n\t\t<\/figure>\n<\/article>\t\t\t\t\t<article id=\"post-3531\" class=\" to-sort \">\n\t\t<figure class=\"afg-post-item-content\">\n\t\t\t\t\t\t\t<a href=\"https:\/\/www.sarkis.fr\/en\/1992\/blikket\/\" title=\"Blikket\" data-modal-link=\"#modal-blog-block_62d7ca49184e9\" class=\"landscape\">\n\t\t\t\t\t<img loading=\"lazy\" decoding=\"async\" width=\"1200\" height=\"816\" src=\"https:\/\/www.sarkis.fr\/wp-content\/uploads\/2022\/07\/1992-Blikket008-copie-2.webp\" class=\"attachment-full size-full\" alt=\"\" srcset=\"https:\/\/www.sarkis.fr\/wp-content\/uploads\/2022\/07\/1992-Blikket008-copie-2.webp 1200w, https:\/\/www.sarkis.fr\/wp-content\/uploads\/2022\/07\/1992-Blikket008-copie-2-300x204.webp 300w, https:\/\/www.sarkis.fr\/wp-content\/uploads\/2022\/07\/1992-Blikket008-copie-2-1030x700.webp 1030w, https:\/\/www.sarkis.fr\/wp-content\/uploads\/2022\/07\/1992-Blikket008-copie-2-768x522.webp 768w\" sizes=\"auto, (max-width: 1200px) 100vw, 1200px\" \/>\t\t\t\t<\/a>\n\t\t\t\t\t\t<figcaption>\n\t\t\t\t<h2>\n\t\t\t\t\t<a href=\"https:\/\/www.sarkis.fr\/en\/1992\/blikket\/\" title=\"Blikket\" data-modal-link=\"#modal-blog-block_62d7ca49184e9\">\n\t\t\t\t\t\tBlikket\t\t\t\t\t<\/a>\n\t\t\t\t<\/h2>\n\t\t\t\t<p class=\"afg-metadata\">\n\t\t\t<span class=\"place\">Tapko, Copenhague<\/span>\t\t<span class=\"dates\">27 Nov &#8211; 19 Dec 1992<\/span><span class=\"solo\">Solo<\/span><\/p>\n\t\t\t\t\t\t\t\t<p class=\"afg-metadata\" style=\"opacity:.7;font-size:8pt;line-height:8pt;\">\n\t\t\t\t1 more image<\/p>\n\t\t\t\t\t\t\t<\/figcaption>\n\t\t<\/figure>\n<\/article>\t\t\t\t\t<div id=\"post-3532\" class=\"afg-list-item to-sort \">\n\t<div class=\"afg-list-item-content\">\n\t\t<h3>R\u00eave du jour et de nuit (1980)<\/h3>\n\t\t<p class=\"afg-metadata\">\n\t\t\t<span class=\"place\">Galerie Arlogos, Nantes<\/span>\t\t<span class=\"dates\">19 Sep &#8211; 26 Apr 1992<\/span><span class=\"solo\">Solo<\/span><\/p>\n\t<\/div>\n<\/div>\t\t\t\t\t<article id=\"post-3533\" class=\" to-sort \">\n\t\t<figure class=\"afg-post-item-content\">\n\t\t\t\t\t\t\t<a href=\"https:\/\/www.sarkis.fr\/en\/1992\/19380\/\" title=\"19380\" data-modal-link=\"#modal-blog-block_62d7ca49184e9\" class=\"landscape\">\n\t\t\t\t\t<img loading=\"lazy\" decoding=\"async\" width=\"1200\" height=\"799\" src=\"https:\/\/www.sarkis.fr\/wp-content\/uploads\/2022\/07\/19380004-copie.webp\" class=\"attachment-full size-full\" alt=\"\" srcset=\"https:\/\/www.sarkis.fr\/wp-content\/uploads\/2022\/07\/19380004-copie.webp 1200w, https:\/\/www.sarkis.fr\/wp-content\/uploads\/2022\/07\/19380004-copie-300x200.webp 300w, https:\/\/www.sarkis.fr\/wp-content\/uploads\/2022\/07\/19380004-copie-1030x686.webp 1030w, https:\/\/www.sarkis.fr\/wp-content\/uploads\/2022\/07\/19380004-copie-768x511.webp 768w\" sizes=\"auto, (max-width: 1200px) 100vw, 1200px\" \/>\t\t\t\t<\/a>\n\t\t\t\t\t\t<figcaption>\n\t\t\t\t<h2>\n\t\t\t\t\t<a href=\"https:\/\/www.sarkis.fr\/en\/1992\/19380\/\" title=\"19380\" data-modal-link=\"#modal-blog-block_62d7ca49184e9\">\n\t\t\t\t\t\t19380\t\t\t\t\t<\/a>\n\t\t\t\t<\/h2>\n\t\t\t\t<p class=\"afg-metadata\">\n\t\t\t<span class=\"place\">Galerie de Paris<\/span>\t\t<span class=\"dates\">12 Sep &#8211; 10 Oct 1992<\/span><span class=\"solo\">Solo<\/span><\/p>\n\t\t\t\t\t\t\t\t<p class=\"afg-metadata\" style=\"opacity:.7;font-size:8pt;line-height:8pt;\">\n\t\t\t\t2 more images<\/p>\n\t\t\t\t\t\t\t<\/figcaption>\n\t\t<\/figure>\n<\/article>\t\t\t\t\t<div id=\"post-3535\" class=\"afg-list-item to-sort \">\n\t<div class=\"afg-list-item-content\">\n\t\t<h3>Territorium Artis<\/h3>\n\t\t<p class=\"afg-metadata\">\n\t\t\t<span class=\"place\">Kunst und Austellungshalle, Bonn<\/span>\t\t<span class=\"dates\">17 Jun &#8211; 20 Sep 1992<\/span><\/p>\n\t<\/div>\n<\/div>\t\t\t\t\t<div id=\"post-3536\" class=\"afg-list-item to-sort \">\n\t<div class=\"afg-list-item-content\">\n\t\t<h3>Terra de nadie<\/h3>\n\t\t<p class=\"afg-metadata\">\n\t\t\t<span class=\"place\">Hospital Real, Granada<\/span>\t\t<span class=\"dates\">15 Jun &#8211; 15 Jul 1992<\/span><\/p>\n\t<\/div>\n<\/div>\t\t\t\t\t<div id=\"post-3537\" class=\"afg-list-item to-sort \">\n\t<div class=\"afg-list-item-content\">\n\t\t<h3>Bornes<\/h3>\n\t\t<p class=\"afg-metadata\">\n\t\t\t<span class=\"place\">Espace Tecnic, Mulhouse<\/span>\t\t<span class=\"dates\">15 May &#8211; 13 Jun 1992<\/span><span class=\"solo\">Solo<\/span><\/p>\n\t<\/div>\n<\/div>\t\t\t\t\t<article id=\"post-258\" class=\" to-sort \">\n\t\t<figure class=\"afg-post-item-content\">\n\t\t\t\t\t\t\t<a href=\"https:\/\/www.sarkis.fr\/en\/1992\/scenes-de-nuit-de-jours\/\" title=\"Sc\u00e8nes de nuit, de jours\" data-modal-link=\"#modal-blog-block_62d7ca49184e9\" class=\"landscape\">\n\t\t\t\t\t<img loading=\"lazy\" decoding=\"async\" width=\"800\" height=\"513\" src=\"https:\/\/www.sarkis.fr\/wp-content\/uploads\/2009\/06\/Sarkis_1992-Utrecht.jpg\" class=\"attachment-full size-full\" alt=\"Sarkis_1992-Utrecht\" srcset=\"https:\/\/www.sarkis.fr\/wp-content\/uploads\/2009\/06\/Sarkis_1992-Utrecht.jpg 800w, https:\/\/www.sarkis.fr\/wp-content\/uploads\/2009\/06\/Sarkis_1992-Utrecht-300x192.jpg 300w\" sizes=\"auto, (max-width: 800px) 100vw, 800px\" \/>\t\t\t\t<\/a>\n\t\t\t\t\t\t<figcaption>\n\t\t\t\t<h2>\n\t\t\t\t\t<a href=\"https:\/\/www.sarkis.fr\/en\/1992\/scenes-de-nuit-de-jours\/\" title=\"Sc\u00e8nes de nuit, de jours\" data-modal-link=\"#modal-blog-block_62d7ca49184e9\">\n\t\t\t\t\t\tSc\u00e8nes de nuit, de jours\t\t\t\t\t<\/a>\n\t\t\t\t<\/h2>\n\t\t\t\t<p class=\"afg-metadata\">\n\t\t\t<span class=\"place\">Centraal Museum, Utrecht<\/span>\t\t<span class=\"dates\">10 Apr &#8211; 7 Jun 1992<\/span><span class=\"solo\">Solo<\/span><\/p>\n\t\t\t\t\t\t\t<\/figcaption>\n\t\t<\/figure>\n<\/article>\t\t\t\t\t<div id=\"post-3538\" class=\"afg-list-item to-sort \">\n\t<div class=\"afg-list-item-content\">\n\t\t<h3>Francia-K\u00f6zelmult<\/h3>\n\t\t<p class=\"afg-metadata\">\n\t\t\t<span class=\"place\">Magyar Nemzeti Galeria, Budapest<\/span>\t\t<span class=\"dates\">27 Mar &#8211; 24 May 1992<\/span><\/p>\n\t<\/div>\n<\/div>\t\t\t\t\t<div id=\"post-3540\" class=\"afg-list-item to-sort \">\n\t<div class=\"afg-list-item-content\">\n\t\t<h3>Vers Brioude<\/h3>\n\t\t<p class=\"afg-metadata\">\n\t\t\t<span class=\"place\">05son de Mandrin, Brioude, FRAC Auvergne<\/span>\t\t<span class=\"dates\">10 Jan &#8211; 29 Feb 1992<\/span><span class=\"solo\">Solo<\/span><\/p>\n\t<\/div>\n<\/div>\t\t\t\t\t\t\t\t\t\t\t\t<p class=\"timeline line to-sort\" id=\"section-1991\" data-year=\"1991\">1991<\/p>\n\t\t\t\t\t\t\t<article id=\"post-250\" class=\" to-sort \">\n\t\t<figure class=\"afg-post-item-content\">\n\t\t\t\t\t\t\t<a href=\"https:\/\/www.sarkis.fr\/en\/1991\/rhizome\/\" title=\"Rhizome\" data-modal-link=\"#modal-blog-block_62d7ca49184e9\" class=\"landscape\">\n\t\t\t\t\t<img loading=\"lazy\" decoding=\"async\" width=\"800\" height=\"621\" src=\"https:\/\/www.sarkis.fr\/wp-content\/uploads\/2009\/06\/Sarkis_1991-Den-Haag.jpg\" class=\"attachment-full size-full\" alt=\"Sarkis_1991-Den-Haag\" srcset=\"https:\/\/www.sarkis.fr\/wp-content\/uploads\/2009\/06\/Sarkis_1991-Den-Haag.jpg 800w, https:\/\/www.sarkis.fr\/wp-content\/uploads\/2009\/06\/Sarkis_1991-Den-Haag-300x233.jpg 300w\" sizes=\"auto, (max-width: 800px) 100vw, 800px\" \/>\t\t\t\t<\/a>\n\t\t\t\t\t\t<figcaption>\n\t\t\t\t<h2>\n\t\t\t\t\t<a href=\"https:\/\/www.sarkis.fr\/en\/1991\/rhizome\/\" title=\"Rhizome\" data-modal-link=\"#modal-blog-block_62d7ca49184e9\">\n\t\t\t\t\t\tRhizome\t\t\t\t\t<\/a>\n\t\t\t\t<\/h2>\n\t\t\t\t<p class=\"afg-metadata\">\n\t\t\t<span class=\"place\">Haags Gemeentemuseum, Den Haag<\/span>\t\t<span class=\"dates\">25 Nov &#8211; 19 Jan 1991<\/span><\/p>\n\t\t\t\t\t\t\t<\/figcaption>\n\t\t<\/figure>\n<\/article>\t\t\t\t\t<article id=\"post-248\" class=\" to-sort \">\n\t\t<figure class=\"afg-post-item-content\">\n\t\t\t\t\t\t\t<a href=\"https:\/\/www.sarkis.fr\/en\/1991\/paysage-brule-2\/\" title=\"Paysage (br\u00fbl\u00e9)\" data-modal-link=\"#modal-blog-block_62d7ca49184e9\" class=\"landscape\">\n\t\t\t\t\t<img loading=\"lazy\" decoding=\"async\" width=\"800\" height=\"515\" src=\"https:\/\/www.sarkis.fr\/wp-content\/uploads\/2009\/06\/Sarkis_1991-Biennale-Lyon.jpg\" class=\"attachment-full size-full\" alt=\"Sarkis_1991-Biennale-Lyon\" srcset=\"https:\/\/www.sarkis.fr\/wp-content\/uploads\/2009\/06\/Sarkis_1991-Biennale-Lyon.jpg 800w, https:\/\/www.sarkis.fr\/wp-content\/uploads\/2009\/06\/Sarkis_1991-Biennale-Lyon-300x193.jpg 300w\" sizes=\"auto, (max-width: 800px) 100vw, 800px\" \/>\t\t\t\t<\/a>\n\t\t\t\t\t\t<figcaption>\n\t\t\t\t<h2>\n\t\t\t\t\t<a href=\"https:\/\/www.sarkis.fr\/en\/1991\/paysage-brule-2\/\" title=\"Paysage (br\u00fbl\u00e9)\" data-modal-link=\"#modal-blog-block_62d7ca49184e9\">\n\t\t\t\t\t\tPaysage (br\u00fbl\u00e9)\t\t\t\t\t<\/a>\n\t\t\t\t<\/h2>\n\t\t\t\t<p class=\"afg-metadata\">\n\t\t\t<span class=\"place\">Halle Tony Garnier, Biennale d\u2019Art Contemporain, Lyon<\/span>\t\t<span class=\"dates\">1 Sep &#8211; 13 Oct 1991<\/span><span class=\"solo\">Solo<\/span><\/p>\n\t\t\t\t\t\t\t<\/figcaption>\n\t\t<\/figure>\n<\/article>\t\t\t\t\t<article id=\"post-254\" class=\" to-sort \">\n\t\t<figure class=\"afg-post-item-content\">\n\t\t\t\t\t\t\t<a href=\"https:\/\/www.sarkis.fr\/en\/1991\/les-douze-rues-des-chambres-brulees-la-cite-leidschatz\/\" title=\"Les douze rues des chambres brul\u00e9es (la cit\u00e9 Leidschatz)\" data-modal-link=\"#modal-blog-block_62d7ca49184e9\" class=\"landscape\">\n\t\t\t\t\t<img loading=\"lazy\" decoding=\"async\" width=\"800\" height=\"522\" src=\"https:\/\/www.sarkis.fr\/wp-content\/uploads\/2009\/06\/Sarkis_1991-Le-Moulin-Albigeois-2.jpg\" class=\"attachment-full size-full\" alt=\"Sarkis_1991-Le-Moulin-Albigeois-2\" srcset=\"https:\/\/www.sarkis.fr\/wp-content\/uploads\/2009\/06\/Sarkis_1991-Le-Moulin-Albigeois-2.jpg 800w, https:\/\/www.sarkis.fr\/wp-content\/uploads\/2009\/06\/Sarkis_1991-Le-Moulin-Albigeois-2-300x196.jpg 300w\" sizes=\"auto, (max-width: 800px) 100vw, 800px\" \/>\t\t\t\t<\/a>\n\t\t\t\t\t\t<figcaption>\n\t\t\t\t<h2>\n\t\t\t\t\t<a href=\"https:\/\/www.sarkis.fr\/en\/1991\/les-douze-rues-des-chambres-brulees-la-cite-leidschatz\/\" title=\"Les douze rues des chambres brul\u00e9es (la cit\u00e9 Leidschatz)\" data-modal-link=\"#modal-blog-block_62d7ca49184e9\">\n\t\t\t\t\t\tLes douze rues des chambres brul\u00e9es (la cit\u00e9 Leidschatz)\t\t\t\t\t<\/a>\n\t\t\t\t<\/h2>\n\t\t\t\t<p class=\"afg-metadata\">\n\t\t\t<span class=\"place\">Cimaise et Portique, Les moulins albigeois, Albi<\/span>\t\t<span class=\"dates\">29 Jun &#8211; 29 Sep 1991<\/span><span class=\"solo\">Solo<\/span><\/p>\n\t\t\t\t\t\t\t<\/figcaption>\n\t\t<\/figure>\n<\/article>\t\t\t\t\t<div id=\"post-3541\" class=\"afg-list-item to-sort \">\n\t<div class=\"afg-list-item-content\">\n\t\t<h3>Trente \u0153uvres du Fonds National d\u2019Art Contemporain<\/h3>\n\t\t<p class=\"afg-metadata\">\n\t\t\t<span class=\"place\">La D\u00e9fense<\/span>\t\t<span class=\"dates\">27 Jun &#8211; 18 Sep 1991<\/span><\/p>\n\t<\/div>\n<\/div>\t\t\t\t\t<div id=\"post-3542\" class=\"afg-list-item to-sort \">\n\t<div class=\"afg-list-item-content\">\n\t\t<h3>Biennale de Cetinje<\/h3>\n\t\t<p class=\"afg-metadata\">\n\t\t\t<span class=\"place\">Montenegro<\/span>\t\t<span class=\"dates\">June 1991<\/span><\/p>\n\t<p class=\"afg-title-notes\">\n\t\tinstallation \u201cpermanente\u201d\t<\/p>\t\n\t<\/div>\n<\/div>\t\t\t\t\t<div id=\"post-3543\" class=\"afg-list-item to-sort \">\n\t<div class=\"afg-list-item-content\">\n\t\t<h3>Une sc\u00e8ne parisienne, 1968-1972<\/h3>\n\t\t<p class=\"afg-metadata\">\n\t\t\t<span class=\"place\">La Cri\u00e9e, Rennes<\/span>\t\t<span class=\"dates\">15 May &#8211; 30 Jun 1991<\/span><\/p>\n\t<\/div>\n<\/div>\t\t\t\t\t<article id=\"post-3544\" class=\" to-sort \">\n\t\t<figure class=\"afg-post-item-content\">\n\t\t\t\t\t\t\t<a href=\"https:\/\/www.sarkis.fr\/en\/1991\/night-lines\/\" title=\"Night Lines\" data-modal-link=\"#modal-blog-block_62d7ca49184e9\" class=\"landscape\">\n\t\t\t\t\t<img loading=\"lazy\" decoding=\"async\" width=\"1200\" height=\"778\" src=\"https:\/\/www.sarkis.fr\/wp-content\/uploads\/2022\/07\/1991-Night-Lines.webp\" class=\"attachment-full size-full\" alt=\"\" srcset=\"https:\/\/www.sarkis.fr\/wp-content\/uploads\/2022\/07\/1991-Night-Lines.webp 1200w, https:\/\/www.sarkis.fr\/wp-content\/uploads\/2022\/07\/1991-Night-Lines-300x195.webp 300w, https:\/\/www.sarkis.fr\/wp-content\/uploads\/2022\/07\/1991-Night-Lines-1030x668.webp 1030w, https:\/\/www.sarkis.fr\/wp-content\/uploads\/2022\/07\/1991-Night-Lines-768x498.webp 768w\" sizes=\"auto, (max-width: 1200px) 100vw, 1200px\" \/>\t\t\t\t<\/a>\n\t\t\t\t\t\t<figcaption>\n\t\t\t\t<h2>\n\t\t\t\t\t<a href=\"https:\/\/www.sarkis.fr\/en\/1991\/night-lines\/\" title=\"Night Lines\" data-modal-link=\"#modal-blog-block_62d7ca49184e9\">\n\t\t\t\t\t\tNight Lines\t\t\t\t\t<\/a>\n\t\t\t\t<\/h2>\n\t\t\t\t<p class=\"afg-metadata\">\n\t\t\t<span class=\"place\">Centraal Museum, Utrecht<\/span>\t\t<span class=\"dates\">26 Apr 1991 &#8211; 24 Jan 1970<\/span><\/p>\n\t\t\t\t\t\t\t<\/figcaption>\n\t\t<\/figure>\n<\/article>\t\t\t\t\t<div id=\"post-3545\" class=\"afg-list-item to-sort \">\n\t<div class=\"afg-list-item-content\">\n\t\t<h3>Dessins et Dessins<\/h3>\n\t\t<p class=\"afg-metadata\">\n\t\t\t<span class=\"place\">Mus\u00e9e des Beaux-Arts, Mulhouse<\/span>\t\t<span class=\"dates\">25 Apr &#8211; 3 Mar 1991<\/span><\/p>\n\t<\/div>\n<\/div>\t\t\t\t\t<div id=\"post-3547\" class=\"afg-list-item to-sort \">\n\t<div class=\"afg-list-item-content\">\n\t\t<h3>Heimat<\/h3>\n\t\t<p class=\"afg-metadata\">\n\t\t\t<span class=\"place\">Wewerka &amp; Weiss Galerie, Berlin<\/span>\t\t<span class=\"dates\">4 Feb &#8211; 16 Mar 1991<\/span><\/p>\n\t<\/div>\n<\/div>\t\t\t\t\t<div id=\"post-10350\" class=\"afg-list-item to-sort \">\n\t<div class=\"afg-list-item-content\">\n\t\t<h3>Deux<\/h3>\n\t\t<p class=\"afg-metadata\">\n\t\t\t<span class=\"place\">Mus\u00e9e de Dole<\/span>\t\t<span class=\"dates\">18 Jan &#8211; 2 Mar 1991<\/span><span class=\"solo\">Solo<\/span><\/p>\n\t<\/div>\n<\/div>\t\t\t\t\t<div id=\"post-3548\" class=\"afg-list-item to-sort \">\n\t<div class=\"afg-list-item-content\">\n\t\t<h3>Re-Writing History, Ikon Gallery<\/h3>\n\t\t<p class=\"afg-metadata\">\n\t\t\t<span class=\"place\">Ikon Gallery, Birmingham-Cornerhouse, Manchester<\/span>\t\t<span class=\"dates\">17 Jan &#8211; 5 May 1991<\/span><\/p>\n\t<p class=\"afg-title-notes\">\n\t\tIkon Gallery, Birmingham, 17 01-23 02-Cornerhouse, Manchester, 24 03-5 05\t<\/p>\t\n\t<\/div>\n<\/div>\t\t\t\t\t<div id=\"post-3549\" class=\"afg-list-item to-sort \">\n\t<div class=\"afg-list-item-content\">\n\t\t<h3>Les 12 coins du monde<\/h3>\n\t\t<p class=\"afg-metadata\">\n\t\t\t<span class=\"place\">Galerie Arlogos, Nantes<\/span>\t\t<span class=\"dates\">12 Jan &#8211; 8 Feb 1991<\/span><span class=\"solo\">Solo<\/span><\/p>\n\t<\/div>\n<\/div>\t\t\t\t\t\t\t\t\t\t\t\t<p class=\"timeline line to-sort\" id=\"section-1990\" data-year=\"1990\">1990<\/p>\n\t\t\t\t\t\t\t<div id=\"post-3550\" class=\"afg-list-item to-sort \">\n\t<div class=\"afg-list-item-content\">\n\t\t<h3>12th International Biennale of Drawings 1990<\/h3>\n\t\t<p class=\"afg-metadata\">\n\t\t\t<span class=\"place\">Museum of Modern Art, Rijeka, Yugoslavia<\/span>\t\t<span class=\"dates\">20 Dec 1990 &#8211; 17 Feb 1991<\/span><\/p>\n\t<\/div>\n<\/div>\t\t\t\t\t<div id=\"post-3553\" class=\"afg-list-item to-sort \">\n\t<div class=\"afg-list-item-content\">\n\t\t<h3>Les 13 Ik\u00f4nes en aquarelle et n\u00e9on<\/h3>\n\t\t<p class=\"afg-metadata\">\n\t\t\t<span class=\"place\">FIAC 1990, Galerie de Paris<\/span>\t\t<span class=\"dates\">24 Oct &#8211; 2 Nov 1990<\/span><span class=\"solo\">Solo<\/span><\/p>\n\t<\/div>\n<\/div>\t\t\t\t\t<article id=\"post-242\" class=\" to-sort \">\n\t\t<figure class=\"afg-post-item-content\">\n\t\t\t\t\t\t\t<a href=\"https:\/\/www.sarkis.fr\/en\/1990\/elle-danse-dans-latelier-de-sarkis-avec-le-quatuor-nd15-de-dmitri-shostakovitch\/\" title=\"Elle danse dans l\u2019atelier de Sarkis avec le Quatuor n\u00b015 de Dmitri Shostakovitch\" data-modal-link=\"#modal-blog-block_62d7ca49184e9\" class=\"landscape\">\n\t\t\t\t\t<img loading=\"lazy\" decoding=\"async\" width=\"751\" height=\"491\" src=\"https:\/\/www.sarkis.fr\/wp-content\/uploads\/2009\/06\/sarkis-1990-elle-danse-dans-l-atelier-de-sarkis-avec-le-quatuor-n-15-de-dmitri-shostakovitch.jpg\" class=\"attachment-full size-full\" alt=\"sarkis-1990-elle-danse-dans-l-atelier-de-sarkis-avec-le-quatuor-n-15-de-dmitri-shostakovitch\" srcset=\"https:\/\/www.sarkis.fr\/wp-content\/uploads\/2009\/06\/sarkis-1990-elle-danse-dans-l-atelier-de-sarkis-avec-le-quatuor-n-15-de-dmitri-shostakovitch.jpg 751w, https:\/\/www.sarkis.fr\/wp-content\/uploads\/2009\/06\/sarkis-1990-elle-danse-dans-l-atelier-de-sarkis-avec-le-quatuor-n-15-de-dmitri-shostakovitch-300x196.jpg 300w\" sizes=\"auto, (max-width: 751px) 100vw, 751px\" \/>\t\t\t\t<\/a>\n\t\t\t\t\t\t<figcaption>\n\t\t\t\t<h2>\n\t\t\t\t\t<a href=\"https:\/\/www.sarkis.fr\/en\/1990\/elle-danse-dans-latelier-de-sarkis-avec-le-quatuor-nd15-de-dmitri-shostakovitch\/\" title=\"Elle danse dans l\u2019atelier de Sarkis avec le Quatuor n\u00b015 de Dmitri Shostakovitch\" data-modal-link=\"#modal-blog-block_62d7ca49184e9\">\n\t\t\t\t\t\tElle danse dans l\u2019atelier de Sarkis avec le Quatuor n\u00b015 de Dmitri Shostakovitch\t\t\t\t\t<\/a>\n\t\t\t\t<\/h2>\n\t\t\t\t<p class=\"afg-metadata\">\n\t\t\t<span class=\"place\">Galerie de Paris<\/span>\t\t<span class=\"dates\">13 Oct &#8211; 13 Nov 1990<\/span><span class=\"solo\">Solo<\/span><\/p>\n\t\t\t\t\t\t\t<\/figcaption>\n\t\t<\/figure>\n<\/article>\t\t\t\t\t<div id=\"post-3551\" class=\"afg-list-item to-sort \">\n\t<div class=\"afg-list-item-content\">\n\t\t<h3>Nature Artificielle<\/h3>\n\t\t<p class=\"afg-metadata\">\n\t\t\t<span class=\"place\">Espace Electra, Paris<\/span>\t\t<span class=\"dates\">9 Oct &#8211; 30 Dec 1990<\/span><\/p>\n\t<\/div>\n<\/div>\t\t\t\t\t<div id=\"post-3552\" class=\"afg-list-item to-sort \">\n\t<div class=\"afg-list-item-content\">\n\t\t<h3>Parcours Priv\u00e9s<\/h3>\n\t\t<p class=\"afg-metadata\">\n\t\t\t<span class=\"place\">Paris<\/span>\t\t<span class=\"dates\">4 Oct &#8211; 6 Oct 1990<\/span><\/p>\n\t<\/div>\n<\/div>\t\t\t\t\t<article id=\"post-246\" class=\" to-sort \">\n\t\t<figure class=\"afg-post-item-content\">\n\t\t\t\t\t\t\t<a href=\"https:\/\/www.sarkis.fr\/en\/1990\/re-writing-history-kettle-s-yard-gallery\/\" title=\"Re-Writing History, Kettle\u2019s Yard Gallery\" data-modal-link=\"#modal-blog-block_62d7ca49184e9\" class=\"landscape\">\n\t\t\t\t\t<img loading=\"lazy\" decoding=\"async\" width=\"800\" height=\"521\" src=\"https:\/\/www.sarkis.fr\/wp-content\/uploads\/2009\/06\/Sarkis_1990-Rewriting-Histotr-Kettles-Yard-Cambrige.jpg\" class=\"attachment-full size-full\" alt=\"Sarkis_1990-Rewriting-Histotr-Kettles-Yard-Cambrige\" srcset=\"https:\/\/www.sarkis.fr\/wp-content\/uploads\/2009\/06\/Sarkis_1990-Rewriting-Histotr-Kettles-Yard-Cambrige.jpg 800w, https:\/\/www.sarkis.fr\/wp-content\/uploads\/2009\/06\/Sarkis_1990-Rewriting-Histotr-Kettles-Yard-Cambrige-300x195.jpg 300w\" sizes=\"auto, (max-width: 800px) 100vw, 800px\" \/>\t\t\t\t<\/a>\n\t\t\t\t\t\t<figcaption>\n\t\t\t\t<h2>\n\t\t\t\t\t<a href=\"https:\/\/www.sarkis.fr\/en\/1990\/re-writing-history-kettle-s-yard-gallery\/\" title=\"Re-Writing History, Kettle\u2019s Yard Gallery\" data-modal-link=\"#modal-blog-block_62d7ca49184e9\">\n\t\t\t\t\t\tRe-Writing History, Kettle\u2019s Yard Gallery\t\t\t\t\t<\/a>\n\t\t\t\t<\/h2>\n\t\t\t\t<p class=\"afg-metadata\">\n\t\t\t<span class=\"place\">Cambridge &#8211; Anthony Reynolds Gallery, London<\/span>\t\t<span class=\"dates\">29 Sep 1990 &#8211; 6 Jan 1991<\/span><\/p>\n\t<p class=\"afg-title-notes\">\n\t\tCambridge, 29 sep &#8211; 4 nov &#8211; Anthony Reynolds Gallery, 14 nov &#8211; 6 jan\t<\/p>\t\n\t\t\t\t\t\t\t<\/figcaption>\n\t\t<\/figure>\n<\/article>\t\t\t\t\t<div id=\"post-3554\" class=\"afg-list-item to-sort \">\n\t<div class=\"afg-list-item-content\">\n\t\t<h3>Aktuelle kunst Europas<\/h3>\n\t\t<p class=\"afg-metadata\">\n\t\t\t<span class=\"place\">Centre Georges Pompidou, Paris &#8211; Deichtorhallen, Hamburg<\/span>\t\t<span class=\"dates\">13 Jul &#8211; 30 Sep 1990<\/span><\/p>\n\t<p class=\"afg-title-notes\">\n\t\tSammlung\t<\/p>\t\n\t<\/div>\n<\/div>\t\t\t\t\t<article id=\"post-244\" class=\" to-sort \">\n\t\t<figure class=\"afg-post-item-content\">\n\t\t\t\t\t\t\t<a href=\"https:\/\/www.sarkis.fr\/en\/1990\/les-territoires-de-lart\/\" title=\"Les territoires de l&#8217;Art\" data-modal-link=\"#modal-blog-block_62d7ca49184e9\" class=\"landscape\">\n\t\t\t\t\t<img loading=\"lazy\" decoding=\"async\" width=\"800\" height=\"524\" src=\"https:\/\/www.sarkis.fr\/wp-content\/uploads\/2009\/06\/Sarkis_1990-Muse-Russe-Leningrad.jpg\" class=\"attachment-full size-full\" alt=\"Sarkis_1990-Muse-Russe-Leningrad\" srcset=\"https:\/\/www.sarkis.fr\/wp-content\/uploads\/2009\/06\/Sarkis_1990-Muse-Russe-Leningrad.jpg 800w, https:\/\/www.sarkis.fr\/wp-content\/uploads\/2009\/06\/Sarkis_1990-Muse-Russe-Leningrad-300x197.jpg 300w\" sizes=\"auto, (max-width: 800px) 100vw, 800px\" \/>\t\t\t\t<\/a>\n\t\t\t\t\t\t<figcaption>\n\t\t\t\t<h2>\n\t\t\t\t\t<a href=\"https:\/\/www.sarkis.fr\/en\/1990\/les-territoires-de-lart\/\" title=\"Les territoires de l&#8217;Art\" data-modal-link=\"#modal-blog-block_62d7ca49184e9\">\n\t\t\t\t\t\tLes territoires de l&#8217;Art\t\t\t\t\t<\/a>\n\t\t\t\t<\/h2>\n\t\t\t\t<p class=\"afg-metadata\">\n\t\t\t<span class=\"place\">Mus\u00e9e Russe, Leningrad<\/span>\t\t<span class=\"dates\">1 Jun &#8211; 15 Jul 1990<\/span><\/p>\n\t\t\t\t\t\t\t<\/figcaption>\n\t\t<\/figure>\n<\/article>\t\t\t\t\t<article id=\"post-80\" class=\" to-sort \">\n\t\t<figure class=\"afg-post-item-content\">\n\t\t\t\t\t\t\t<a href=\"https:\/\/www.sarkis.fr\/en\/1990\/ma-chambre-de-la-rue-krutenau-a-1990-san-lazzaro-la-2eme-interpretation\/\" title=\"Ma Chambre de la Rue Krutenau \u00e0 San Lazzaro, (La 2\u00e8me Interpr\u00e9tation).\" data-modal-link=\"#modal-blog-block_62d7ca49184e9\" class=\"landscape\">\n\t\t\t\t\t<img loading=\"lazy\" decoding=\"async\" width=\"749\" height=\"503\" src=\"https:\/\/www.sarkis.fr\/wp-content\/uploads\/2009\/05\/sarkis-1990-ma-chambre-de-la-rue-krutenau-a-san-lazzaro-la-2eme-interpretation.jpg\" class=\"attachment-full size-full\" alt=\"sarkis-1990-ma-chambre-de-la-rue-krutenau-a-san-lazzaro-la-2eme-interpretation\" srcset=\"https:\/\/www.sarkis.fr\/wp-content\/uploads\/2009\/05\/sarkis-1990-ma-chambre-de-la-rue-krutenau-a-san-lazzaro-la-2eme-interpretation.jpg 749w, https:\/\/www.sarkis.fr\/wp-content\/uploads\/2009\/05\/sarkis-1990-ma-chambre-de-la-rue-krutenau-a-san-lazzaro-la-2eme-interpretation-300x201.jpg 300w\" sizes=\"auto, (max-width: 749px) 100vw, 749px\" \/>\t\t\t\t<\/a>\n\t\t\t\t\t\t<figcaption>\n\t\t\t\t<h2>\n\t\t\t\t\t<a href=\"https:\/\/www.sarkis.fr\/en\/1990\/ma-chambre-de-la-rue-krutenau-a-1990-san-lazzaro-la-2eme-interpretation\/\" title=\"Ma Chambre de la Rue Krutenau \u00e0 San Lazzaro, (La 2\u00e8me Interpr\u00e9tation).\" data-modal-link=\"#modal-blog-block_62d7ca49184e9\">\n\t\t\t\t\t\tMa Chambre de la Rue Krutenau \u00e0 San Lazzaro, (La 2\u00e8me Interpr\u00e9tation).\t\t\t\t\t<\/a>\n\t\t\t\t<\/h2>\n\t\t\t\t<p class=\"afg-metadata\">\n\t\t\t<span class=\"place\">San Lazzaro dei Armeni, Biennale de Venise<\/span>\t\t<span class=\"dates\">23 May &#8211; 30 Sep 1990<\/span><span class=\"solo\">Solo<\/span><\/p>\n\t\t\t\t\t\t\t<\/figcaption>\n\t\t<\/figure>\n<\/article>\t\t\t\t\t<div id=\"post-3555\" class=\"afg-list-item to-sort \">\n\t<div class=\"afg-list-item-content\">\n\t\t<h3>The Readymade Boomerang<\/h3>\n\t\t<p class=\"afg-metadata\">\n\t\t\t<span class=\"place\">8th Biennale of Sydney<\/span>\t\t<span class=\"dates\">11 Apr &#8211; 4 Mar 1990<\/span><\/p>\n\t<\/div>\n<\/div>\t\t\t\t\t<div id=\"post-3556\" class=\"afg-list-item to-sort \">\n\t<div class=\"afg-list-item-content\">\n\t\t<h3>103 Akvaller og 42 Ulvetimer<\/h3>\n\t\t<p class=\"afg-metadata\">\n\t\t\t<span class=\"place\">Nordjylands Kunstmuseum<\/span>\t\t<span class=\"dates\">26 Jan &#8211; 3 Feb 1990<\/span><span class=\"solo\">Solo<\/span><\/p>\n\t<\/div>\n<\/div>\t\t\t\t\t\t\t\t\t\t\t\t<p class=\"timeline line to-sort\" id=\"section-1989\" data-year=\"1989\">1989<\/p>\n\t\t\t\t\t\t\t<div id=\"post-3558\" class=\"afg-list-item to-sort \">\n\t<div class=\"afg-list-item-content\">\n\t\t<h3>103 Aquarelles et 42 Heures du Loup<\/h3>\n\t\t<p class=\"afg-metadata\">\n\t\t\t<span class=\"place\">Mus\u00e9e des Beaux-Arts de Nantes<\/span>\t\t<span class=\"dates\">3 Nov 1989 &#8211; 18 Jan 1990<\/span><span class=\"solo\">Solo<\/span><\/p>\n\t<\/div>\n<\/div>\t\t\t\t\t<div id=\"post-3559\" class=\"afg-list-item to-sort \">\n\t<div class=\"afg-list-item-content\">\n\t\t<h3>Les Gr\u00e2ces de la Nature, (Temple Vesta pour Sarkis)<\/h3>\n\t\t<p class=\"afg-metadata\">\n\t\t\t<span class=\"place\">Frac des Pays de la Loire, Clisson<\/span>\t\t<span class=\"dates\">22 Oct &#8211; 17 Dec 1989<\/span><\/p>\n\t<\/div>\n<\/div>\t\t\t\t\t<article id=\"post-370\" class=\" to-sort \">\n\t\t<figure class=\"afg-post-item-content\">\n\t\t\t\t\t\t\t<a href=\"https:\/\/www.sarkis.fr\/en\/1989\/ii-biennale-distanbul\/\" title=\"II Biennale d&#8217;Istanbul\" data-modal-link=\"#modal-blog-block_62d7ca49184e9\" class=\"portrait\">\n\t\t\t\t\t<img loading=\"lazy\" decoding=\"async\" width=\"601\" height=\"800\" src=\"https:\/\/www.sarkis.fr\/wp-content\/uploads\/2009\/06\/Sarkis_1990-AVIZE-.jpg\" class=\"attachment-full size-full\" alt=\"Sarkis_1990-AVIZE-\" srcset=\"https:\/\/www.sarkis.fr\/wp-content\/uploads\/2009\/06\/Sarkis_1990-AVIZE-.jpg 601w, https:\/\/www.sarkis.fr\/wp-content\/uploads\/2009\/06\/Sarkis_1990-AVIZE--225x300.jpg 225w\" sizes=\"auto, (max-width: 601px) 100vw, 601px\" \/>\t\t\t\t<\/a>\n\t\t\t\t\t\t<figcaption>\n\t\t\t\t<h2>\n\t\t\t\t\t<a href=\"https:\/\/www.sarkis.fr\/en\/1989\/ii-biennale-distanbul\/\" title=\"II Biennale d&#8217;Istanbul\" data-modal-link=\"#modal-blog-block_62d7ca49184e9\">\n\t\t\t\t\t\tII Biennale d&#8217;Istanbul\t\t\t\t\t<\/a>\n\t\t\t\t<\/h2>\n\t\t\t\t<p class=\"afg-metadata\">\n\t\t\t<span class=\"place\">Mus\u00e9e Sainte Sophie, Istanbul<\/span>\t\t<span class=\"dates\">29 Sep &#8211; 31 Oct 1989<\/span><\/p>\n\t\t\t\t\t\t\t<\/figcaption>\n\t\t<\/figure>\n<\/article>\t\t\t\t\t<div id=\"post-3560\" class=\"afg-list-item to-sort \">\n\t<div class=\"afg-list-item-content\">\n\t\t<h3>Effets de Miroir<\/h3>\n\t\t<p class=\"afg-metadata\">\n\t\t\t<span class=\"place\">Centre d\u2019Art Contemporain de Pablo Neruda, Corbeil<\/span>\t\t<span class=\"dates\">23 Sep &#8211; 17 Nov 1989<\/span><\/p>\n\t<\/div>\n<\/div>\t\t\t\t\t<article id=\"post-3561\" class=\" to-sort \">\n\t\t<figure class=\"afg-post-item-content\">\n\t\t\t\t\t\t\t<a href=\"https:\/\/www.sarkis.fr\/en\/1989\/valmy\/\" title=\"VALMY\" data-modal-link=\"#modal-blog-block_62d7ca49184e9\" class=\"landscape\">\n\t\t\t\t\t<img loading=\"lazy\" decoding=\"async\" width=\"1200\" height=\"778\" src=\"https:\/\/www.sarkis.fr\/wp-content\/uploads\/2022\/07\/1989-VALMY-Naissance-dune-Nation-Valmy.webp\" class=\"attachment-full size-full\" alt=\"\" srcset=\"https:\/\/www.sarkis.fr\/wp-content\/uploads\/2022\/07\/1989-VALMY-Naissance-dune-Nation-Valmy.webp 1200w, https:\/\/www.sarkis.fr\/wp-content\/uploads\/2022\/07\/1989-VALMY-Naissance-dune-Nation-Valmy-300x195.webp 300w, https:\/\/www.sarkis.fr\/wp-content\/uploads\/2022\/07\/1989-VALMY-Naissance-dune-Nation-Valmy-1030x668.webp 1030w, https:\/\/www.sarkis.fr\/wp-content\/uploads\/2022\/07\/1989-VALMY-Naissance-dune-Nation-Valmy-768x498.webp 768w\" sizes=\"auto, (max-width: 1200px) 100vw, 1200px\" \/>\t\t\t\t<\/a>\n\t\t\t\t\t\t<figcaption>\n\t\t\t\t<h2>\n\t\t\t\t\t<a href=\"https:\/\/www.sarkis.fr\/en\/1989\/valmy\/\" title=\"VALMY\" data-modal-link=\"#modal-blog-block_62d7ca49184e9\">\n\t\t\t\t\t\tVALMY\t\t\t\t\t<\/a>\n\t\t\t\t<\/h2>\n\t\t\t\t<p class=\"afg-metadata\">\n\t\t\t<span class=\"place\">Naissance d\u2019une Nation, Valmy<\/span>\t\t<span class=\"dates\">16 Sep &#8211; 24 Sep 1989<\/span><\/p>\n\t\t\t\t\t\t\t\t<p class=\"afg-metadata\" style=\"opacity:.7;font-size:8pt;line-height:8pt;\">\n\t\t\t\t2 more images<\/p>\n\t\t\t\t\t\t\t<\/figcaption>\n\t\t<\/figure>\n<\/article>\t\t\t\t\t<div id=\"post-3562\" class=\"afg-list-item to-sort \">\n\t<div class=\"afg-list-item-content\">\n\t\t<h3>Estampes et R\u00e9volution 200 ans apr\u00e8s<\/h3>\n\t\t<p class=\"afg-metadata\">\n\t\t\t<span class=\"place\">CNAP, Paris<\/span>\t\t<span class=\"dates\">27 Jun &#8211; 27 Aug 1989<\/span><\/p>\n\t<\/div>\n<\/div>\t\t\t\t\t<div id=\"post-3563\" class=\"afg-list-item to-sort \">\n\t<div class=\"afg-list-item-content\">\n\t\t<h3>Histoires de Mus\u00e9e<\/h3>\n\t\t<p class=\"afg-metadata\">\n\t\t\t<span class=\"place\">Mus\u00e9e d\u2019Art Moderne de la Ville de Paris<\/span>\t\t<span class=\"dates\">22 Jun &#8211; 15 Oct 1989<\/span><\/p>\n\t<\/div>\n<\/div>\t\t\t\t\t<div id=\"post-3564\" class=\"afg-list-item to-sort \">\n\t<div class=\"afg-list-item-content\">\n\t\t<h3>Simplon-Express, Paris-Zagreb<\/h3>\n\t\t<p class=\"afg-metadata\">\n\t\t\t<span class=\"place\">Galerie des Locataires<\/span>\t\t<span class=\"dates\">12 Jun &#8211; 14 Jun 1989<\/span><\/p>\n\t<\/div>\n<\/div>\t\t\t\t\t<article id=\"post-236\" class=\" to-sort \">\n\t\t<figure class=\"afg-post-item-content\">\n\t\t\t\t\t\t\t<a href=\"https:\/\/www.sarkis.fr\/en\/1989\/les-magiciens-de-la-terre\/\" title=\"Les Magiciens de la Terre\" data-modal-link=\"#modal-blog-block_62d7ca49184e9\" class=\"landscape\">\n\t\t\t\t\t<img loading=\"lazy\" decoding=\"async\" width=\"800\" height=\"529\" src=\"https:\/\/www.sarkis.fr\/wp-content\/uploads\/2009\/05\/Sarkis_1989-Caylak-Sokak-au-Les-Magiciens-de-la-Terr-Centre-Georges-Pompidou.jpg\" class=\"attachment-full size-full\" alt=\"Sarkis_1989-Caylak-Sokak-au-Les-Magiciens-de-la-Terr-Centre-Georges-Pompidou\" srcset=\"https:\/\/www.sarkis.fr\/wp-content\/uploads\/2009\/05\/Sarkis_1989-Caylak-Sokak-au-Les-Magiciens-de-la-Terr-Centre-Georges-Pompidou.jpg 800w, https:\/\/www.sarkis.fr\/wp-content\/uploads\/2009\/05\/Sarkis_1989-Caylak-Sokak-au-Les-Magiciens-de-la-Terr-Centre-Georges-Pompidou-300x198.jpg 300w\" sizes=\"auto, (max-width: 800px) 100vw, 800px\" \/>\t\t\t\t<\/a>\n\t\t\t\t\t\t<figcaption>\n\t\t\t\t<h2>\n\t\t\t\t\t<a href=\"https:\/\/www.sarkis.fr\/en\/1989\/les-magiciens-de-la-terre\/\" title=\"Les Magiciens de la Terre\" data-modal-link=\"#modal-blog-block_62d7ca49184e9\">\n\t\t\t\t\t\tLes Magiciens de la Terre\t\t\t\t\t<\/a>\n\t\t\t\t<\/h2>\n\t\t\t\t<p class=\"afg-metadata\">\n\t\t\t<span class=\"place\">Centre Georges Pompidou, Paris &#8211; Grande Halle de la Villette, Paris<\/span>\t\t<span class=\"dates\">18 May &#8211; 14 Aug 1989<\/span><\/p>\n\t\t\t\t\t\t\t<\/figcaption>\n\t\t<\/figure>\n<\/article>\t\t\t\t\t<div id=\"post-3565\" class=\"afg-list-item to-sort \">\n\t<div class=\"afg-list-item-content\">\n\t\t<h3>Balkon mit F\u00e4cher<\/h3>\n\t\t<p class=\"afg-metadata\">\n\t\t\t<span class=\"place\">DuMont Kunsthalle, K\u00f6ln<\/span>\t\t<span class=\"dates\">17 May 1989<\/span><\/p>\n\t<\/div>\n<\/div>\t\t\t\t\t<div id=\"post-3566\" class=\"afg-list-item to-sort \">\n\t<div class=\"afg-list-item-content\">\n\t\t<h3>Le Pont des Travailleurs en Rouge et Vert<\/h3>\n\t\t<p class=\"afg-metadata\">\n\t\t\t<span class=\"place\">Le Pont Kennedy, Strasbourg<\/span>\t\t<span class=\"dates\">27 Apr &#8211; 28 May 1989<\/span><span class=\"solo\">Solo<\/span><\/p>\n\t<\/div>\n<\/div>\t\t\t\t\t<div id=\"post-3567\" class=\"afg-list-item to-sort \">\n\t<div class=\"afg-list-item-content\">\n\t\t<h3>Sarkis interpr\u00e8te le Mus\u00e9e Constantin Meunier<\/h3>\n\t\t<p class=\"afg-metadata\">\n\t\t\t<span class=\"place\">Mus\u00e9e Constantin Meunier, Bruxelles<\/span>\t\t<span class=\"dates\">27 Apr &#8211; 28 May 1989<\/span><span class=\"solo\">Solo<\/span><\/p>\n\t<\/div>\n<\/div>\t\t\t\t\t<article id=\"post-240\" class=\" to-sort \">\n\t\t<figure class=\"afg-post-item-content\">\n\t\t\t\t\t\t\t<a href=\"https:\/\/www.sarkis.fr\/en\/1989\/le-forgeron-en-masque-de-sarkis-en-rouge-et-vert-regarde-latelier-de-antoine-wiertz\/\" title=\"Le Forgeron en masque de Sarkis en rouge et vert regarde l\u2019Atelier de Antoine Wiertz\" data-modal-link=\"#modal-blog-block_62d7ca49184e9\" class=\"landscape\">\n\t\t\t\t\t<img loading=\"lazy\" decoding=\"async\" width=\"800\" height=\"532\" src=\"https:\/\/www.sarkis.fr\/wp-content\/uploads\/2009\/05\/Sarkis_1989-Muse-Wirtz-Bruxelles.jpg\" class=\"attachment-full size-full\" alt=\"Sarkis_1989-Muse-Wirtz-Bruxelles\" srcset=\"https:\/\/www.sarkis.fr\/wp-content\/uploads\/2009\/05\/Sarkis_1989-Muse-Wirtz-Bruxelles.jpg 800w, https:\/\/www.sarkis.fr\/wp-content\/uploads\/2009\/05\/Sarkis_1989-Muse-Wirtz-Bruxelles-300x200.jpg 300w\" sizes=\"auto, (max-width: 800px) 100vw, 800px\" \/>\t\t\t\t<\/a>\n\t\t\t\t\t\t<figcaption>\n\t\t\t\t<h2>\n\t\t\t\t\t<a href=\"https:\/\/www.sarkis.fr\/en\/1989\/le-forgeron-en-masque-de-sarkis-en-rouge-et-vert-regarde-latelier-de-antoine-wiertz\/\" title=\"Le Forgeron en masque de Sarkis en rouge et vert regarde l\u2019Atelier de Antoine Wiertz\" data-modal-link=\"#modal-blog-block_62d7ca49184e9\">\n\t\t\t\t\t\tLe Forgeron en masque de Sarkis en rouge et vert regarde l\u2019Atelier de Antoine Wiertz\t\t\t\t\t<\/a>\n\t\t\t\t<\/h2>\n\t\t\t\t<p class=\"afg-metadata\">\n\t\t\t<span class=\"place\">Mus\u00e9e Antoine Wiertz, Bruxelles<\/span>\t\t<span class=\"dates\">27 Apr &#8211; 28 May 1989<\/span><span class=\"solo\">Solo<\/span><\/p>\n\t\t\t\t\t\t\t<\/figcaption>\n\t\t<\/figure>\n<\/article>\t\t\t\t\t<article id=\"post-238\" class=\" to-sort \">\n\t\t<figure class=\"afg-post-item-content\">\n\t\t\t\t\t\t\t<a href=\"https:\/\/www.sarkis.fr\/en\/1989\/ma-chambre-de-la-rue-krutenau-en-satellite-et-103-aquarelles\/\" title=\"Ma Chambre de la Rue Krutenau en Satellite et 103 Aquarelles\" data-modal-link=\"#modal-blog-block_62d7ca49184e9\" class=\"landscape\">\n\t\t\t\t\t<img loading=\"lazy\" decoding=\"async\" width=\"739\" height=\"448\" src=\"https:\/\/www.sarkis.fr\/wp-content\/uploads\/2009\/05\/sarkis-1989-ma-chambre-de-la-rue-krutenau-en-satellite-et-103-aquarelles.jpg\" class=\"attachment-full size-full\" alt=\"sarkis-1989-ma-chambre-de-la-rue-krutenau-en-satellite-et-103-aquarelles\" srcset=\"https:\/\/www.sarkis.fr\/wp-content\/uploads\/2009\/05\/sarkis-1989-ma-chambre-de-la-rue-krutenau-en-satellite-et-103-aquarelles.jpg 739w, https:\/\/www.sarkis.fr\/wp-content\/uploads\/2009\/05\/sarkis-1989-ma-chambre-de-la-rue-krutenau-en-satellite-et-103-aquarelles-300x182.jpg 300w\" sizes=\"auto, (max-width: 739px) 100vw, 739px\" \/>\t\t\t\t<\/a>\n\t\t\t\t\t\t<figcaption>\n\t\t\t\t<h2>\n\t\t\t\t\t<a href=\"https:\/\/www.sarkis.fr\/en\/1989\/ma-chambre-de-la-rue-krutenau-en-satellite-et-103-aquarelles\/\" title=\"Ma Chambre de la Rue Krutenau en Satellite et 103 Aquarelles\" data-modal-link=\"#modal-blog-block_62d7ca49184e9\">\n\t\t\t\t\t\tMa Chambre de la Rue Krutenau en Satellite et 103 Aquarelles\t\t\t\t\t<\/a>\n\t\t\t\t<\/h2>\n\t\t\t\t<p class=\"afg-metadata\">\n\t\t\t<span class=\"place\">L\u2019Ancienne Douane, Strasbourg<\/span>\t\t<span class=\"dates\">14 Apr &#8211; 2 Jul 1989<\/span><span class=\"solo\">Solo<\/span><\/p>\n\t\t\t\t\t\t\t<\/figcaption>\n\t\t<\/figure>\n<\/article>\t\t\t\t\t<div id=\"post-3568\" class=\"afg-list-item to-sort \">\n\t<div class=\"afg-list-item-content\">\n\t\t<h3>L\u2019Art en France, un si\u00e8cle d\u2019inventions<\/h3>\n\t\t<p class=\"afg-metadata\">\n\t\t\t<span class=\"place\">Mus\u00e9e Pouchkine, Moscou &#8211; Mus\u00e9e de l\u2019Ermitage, Saint-P\u00e9tersbourg<\/span>\t\t<span class=\"dates\">28 Mar &#8211; 12 Jul 1989<\/span><\/p>\n\t<p class=\"afg-title-notes\">\n\t\tMus\u00e9e Pouchkine du 28 mars au 9 mai, Mus\u00e9e de l\u2019Ermitage du 6 juin au 12 juillet\t<\/p>\t\n\t<\/div>\n<\/div>\t\t\t\t\t<div id=\"post-3569\" class=\"afg-list-item to-sort \">\n\t<div class=\"afg-list-item-content\">\n\t\t<h3>Vive le Nouveau Mus\u00e9e<\/h3>\n\t\t<p class=\"afg-metadata\">\n\t\t\t<span class=\"place\">Palais des Beaux-Arts, Charleroi<\/span>\t\t<span class=\"dates\">11 Mar &#8211; 16 Apr 1989<\/span><\/p>\n\t<\/div>\n<\/div>\t\t\t\t\t<article id=\"post-234\" class=\" to-sort \">\n\t\t<figure class=\"afg-post-item-content\">\n\t\t\t\t\t\t\t<a href=\"https:\/\/www.sarkis.fr\/en\/1989\/3-icones-en-neon\/\" title=\"3 Ic\u00f4nes en N\u00e9on\" data-modal-link=\"#modal-blog-block_62d7ca49184e9\" class=\"landscape\">\n\t\t\t\t\t<img loading=\"lazy\" decoding=\"async\" width=\"800\" height=\"541\" src=\"https:\/\/www.sarkis.fr\/wp-content\/uploads\/2009\/05\/Sarkis_1989-3-Ikones-en-non-galerie-Pailhas-Marseille.jpg\" class=\"attachment-full size-full\" alt=\"Sarkis_1989-3-Ikones-en-non-galerie-Pailhas-Marseille\" srcset=\"https:\/\/www.sarkis.fr\/wp-content\/uploads\/2009\/05\/Sarkis_1989-3-Ikones-en-non-galerie-Pailhas-Marseille.jpg 800w, https:\/\/www.sarkis.fr\/wp-content\/uploads\/2009\/05\/Sarkis_1989-3-Ikones-en-non-galerie-Pailhas-Marseille-300x203.jpg 300w\" sizes=\"auto, (max-width: 800px) 100vw, 800px\" \/>\t\t\t\t<\/a>\n\t\t\t\t\t\t<figcaption>\n\t\t\t\t<h2>\n\t\t\t\t\t<a href=\"https:\/\/www.sarkis.fr\/en\/1989\/3-icones-en-neon\/\" title=\"3 Ic\u00f4nes en N\u00e9on\" data-modal-link=\"#modal-blog-block_62d7ca49184e9\">\n\t\t\t\t\t\t3 Ic\u00f4nes en N\u00e9on\t\t\t\t\t<\/a>\n\t\t\t\t<\/h2>\n\t\t\t\t<p class=\"afg-metadata\">\n\t\t\t<span class=\"place\">Galerie Roger Pailhas, Marseille<\/span>\t\t<span class=\"dates\">11 Mar &#8211; 11 Apr 1989<\/span><span class=\"solo\">Solo<\/span><\/p>\n\t\t\t\t\t\t\t<\/figcaption>\n\t\t<\/figure>\n<\/article>\t\t\t\t\t<div id=\"post-3570\" class=\"afg-list-item to-sort \">\n\t<div class=\"afg-list-item-content\">\n\t\t<h3>Hommage \u00e0 la D\u00e9claration Universelle des Droits de l\u2019Homme, \u0152uvres sur papier d\u2019artistes des cinq continents<\/h3>\n\t\t<p class=\"afg-metadata\">\n\t\t\t<span class=\"place\">Centre d\u2019Art Contemporain, Gen\u00e8ve<\/span>\t\t<span class=\"dates\">20 Feb &#8211; 2 Feb 1989<\/span><\/p>\n\t<\/div>\n<\/div>\t\t\t\t\t<div id=\"post-3571\" class=\"afg-list-item to-sort \">\n\t<div class=\"afg-list-item-content\">\n\t\t<h3>Savas Melegi<\/h3>\n\t\t<p class=\"afg-metadata\">\n\t\t\t<span class=\"place\">Ma\u00e7ka Sanat Galerisi, Istanbul<\/span>\t\t<span class=\"dates\">23 Jan &#8211; 25 Feb 1989<\/span><span class=\"solo\">Solo<\/span><\/p>\n\t<\/div>\n<\/div>\t\t\t\t\t<div id=\"post-3572\" class=\"afg-list-item to-sort \">\n\t<div class=\"afg-list-item-content\">\n\t\t<h3>Coup d\u2019envois<\/h3>\n\t\t<p class=\"afg-metadata\">\n\t\t\t<span class=\"place\">Mus\u00e9e de la Poste, Paris<\/span>\t\t<span class=\"dates\">9 Jan 1989<\/span><\/p>\n\t<\/div>\n<\/div>\t\t\t\t\t<article id=\"post-232\" class=\" to-sort \">\n\t\t<figure class=\"afg-post-item-content\">\n\t\t\t\t\t\t\t<a href=\"https:\/\/www.sarkis.fr\/en\/1989\/le-forgeron-en-masque-de-sarkis-rouge-et-vert-visite-autun\/\" title=\"Le Forgeron en masque de Sarkis, rouge et vert, visite Autun\" data-modal-link=\"#modal-blog-block_62d7ca49184e9\" class=\"portrait\">\n\t\t\t\t\t<img loading=\"lazy\" decoding=\"async\" width=\"478\" height=\"735\" src=\"https:\/\/www.sarkis.fr\/wp-content\/uploads\/2009\/05\/sarkis-1989-le-forgeron-en-masque-de-sarkis-rouge-et-vert-visite-autun.jpg\" class=\"attachment-full size-full\" alt=\"sarkis-1989-le-forgeron-en-masque-de-sarkis-rouge-et-vert-visite-autun\" srcset=\"https:\/\/www.sarkis.fr\/wp-content\/uploads\/2009\/05\/sarkis-1989-le-forgeron-en-masque-de-sarkis-rouge-et-vert-visite-autun.jpg 478w, https:\/\/www.sarkis.fr\/wp-content\/uploads\/2009\/05\/sarkis-1989-le-forgeron-en-masque-de-sarkis-rouge-et-vert-visite-autun-195x300.jpg 195w\" sizes=\"auto, (max-width: 478px) 100vw, 478px\" \/>\t\t\t\t<\/a>\n\t\t\t\t\t\t<figcaption>\n\t\t\t\t<h2>\n\t\t\t\t\t<a href=\"https:\/\/www.sarkis.fr\/en\/1989\/le-forgeron-en-masque-de-sarkis-rouge-et-vert-visite-autun\/\" title=\"Le Forgeron en masque de Sarkis, rouge et vert, visite Autun\" data-modal-link=\"#modal-blog-block_62d7ca49184e9\">\n\t\t\t\t\t\tLe Forgeron en masque de Sarkis, rouge et vert, visite Autun\t\t\t\t\t<\/a>\n\t\t\t\t<\/h2>\n\t\t\t\t<p class=\"afg-metadata\">\n\t\t\t<span class=\"place\">Chapelle Notre Dame des Bonnes-\u0152uvres, Autun<\/span>\t\t<span class=\"dates\">7 Jan 1989<\/span><span class=\"solo\">Solo<\/span><\/p>\n\t\t\t\t\t\t\t<\/figcaption>\n\t\t<\/figure>\n<\/article>\t\t\t\t\t\t\t\t\t\t\t\t<p class=\"timeline line to-sort\" id=\"section-1988\" data-year=\"1988\">1988<\/p>\n\t\t\t\t\t\t\t<div id=\"post-3574\" class=\"afg-list-item to-sort \">\n\t<div class=\"afg-list-item-content\">\n\t\t<h3>Balkon mit f\u00e4sher<\/h3>\n\t\t<p class=\"afg-metadata\">\n\t\t\t<span class=\"place\">Akademie der Kunste, Berlin<\/span>\t\t<span class=\"dates\">19 Dec 1988 &#8211; 5 Feb 1989<\/span><\/p>\n\t<\/div>\n<\/div>\t\t\t\t\t<div id=\"post-3575\" class=\"afg-list-item to-sort \">\n\t<div class=\"afg-list-item-content\">\n\t\t<h3>La Source \u00e9claire toujours<\/h3>\n\t\t<p class=\"afg-metadata\">\n\t\t\t<span class=\"place\">Finnegan\u2019s, Strasbourg<\/span>\t\t<span class=\"dates\">8 Dec 1988 &#8211; 8 Jan 1989<\/span><span class=\"solo\">Solo<\/span><\/p>\n\t<\/div>\n<\/div>\t\t\t\t\t<div id=\"post-3576\" class=\"afg-list-item to-sort \">\n\t<div class=\"afg-list-item-content\">\n\t\t<h3>Territoire d\u2019atterrissage<\/h3>\n\t\t<p class=\"afg-metadata\">\n\t\t\t<span class=\"place\">Galerie de Paris, Paris<\/span>\t\t<span class=\"dates\">24 Sep 1988<\/span><span class=\"solo\">Solo<\/span><\/p>\n\t<\/div>\n<\/div>\t\t\t\t\t<article id=\"post-230\" class=\" to-sort \">\n\t\t<figure class=\"afg-post-item-content\">\n\t\t\t\t\t\t\t<a href=\"https:\/\/www.sarkis.fr\/en\/1988\/saturne-en-europe\/\" title=\"Saturne en Europe\" data-modal-link=\"#modal-blog-block_62d7ca49184e9\" class=\"portrait\">\n\t\t\t\t\t<img loading=\"lazy\" decoding=\"async\" width=\"515\" height=\"788\" src=\"https:\/\/www.sarkis.fr\/wp-content\/uploads\/2009\/05\/sarkis-1988-saturne-en-europe.jpg\" class=\"attachment-full size-full\" alt=\"sarkis-1988-saturne-en-europe\" srcset=\"https:\/\/www.sarkis.fr\/wp-content\/uploads\/2009\/05\/sarkis-1988-saturne-en-europe.jpg 515w, https:\/\/www.sarkis.fr\/wp-content\/uploads\/2009\/05\/sarkis-1988-saturne-en-europe-196x300.jpg 196w\" sizes=\"auto, (max-width: 515px) 100vw, 515px\" \/>\t\t\t\t<\/a>\n\t\t\t\t\t\t<figcaption>\n\t\t\t\t<h2>\n\t\t\t\t\t<a href=\"https:\/\/www.sarkis.fr\/en\/1988\/saturne-en-europe\/\" title=\"Saturne en Europe\" data-modal-link=\"#modal-blog-block_62d7ca49184e9\">\n\t\t\t\t\t\tSaturne en Europe\t\t\t\t\t<\/a>\n\t\t\t\t<\/h2>\n\t\t\t\t<p class=\"afg-metadata\">\n\t\t\t<span class=\"place\">Les Mus\u00e9es de Strasbourg<\/span>\t\t<span class=\"dates\">17 Sep &#8211; 4 Dec 1988<\/span><\/p>\n\t\t\t\t\t\t\t<\/figcaption>\n\t\t<\/figure>\n<\/article>\t\t\t\t\t<article id=\"post-228\" class=\" to-sort \">\n\t\t<figure class=\"afg-post-item-content\">\n\t\t\t\t\t\t\t<a href=\"https:\/\/www.sarkis.fr\/en\/1988\/sous-le-soleil\/\" title=\"Sous le soleil\" data-modal-link=\"#modal-blog-block_62d7ca49184e9\" class=\"landscape\">\n\t\t\t\t\t<img loading=\"lazy\" decoding=\"async\" width=\"797\" height=\"510\" src=\"https:\/\/www.sarkis.fr\/wp-content\/uploads\/2009\/05\/sarkis-1988-sous-le-soleil.jpg\" class=\"attachment-full size-full\" alt=\"sarkis-1988-sous-le-soleil\" srcset=\"https:\/\/www.sarkis.fr\/wp-content\/uploads\/2009\/05\/sarkis-1988-sous-le-soleil.jpg 797w, https:\/\/www.sarkis.fr\/wp-content\/uploads\/2009\/05\/sarkis-1988-sous-le-soleil-300x192.jpg 300w, https:\/\/www.sarkis.fr\/wp-content\/uploads\/2009\/05\/sarkis-1988-sous-le-soleil-460x295.jpg 460w\" sizes=\"auto, (max-width: 797px) 100vw, 797px\" \/>\t\t\t\t<\/a>\n\t\t\t\t\t\t<figcaption>\n\t\t\t\t<h2>\n\t\t\t\t\t<a href=\"https:\/\/www.sarkis.fr\/en\/1988\/sous-le-soleil\/\" title=\"Sous le soleil\" data-modal-link=\"#modal-blog-block_62d7ca49184e9\">\n\t\t\t\t\t\tSous le soleil\t\t\t\t\t<\/a>\n\t\t\t\t<\/h2>\n\t\t\t\t<p class=\"afg-metadata\">\n\t\t\t<span class=\"place\">Villa Arson, Nice<\/span>\t\t<span class=\"dates\">15 Jul 1988<\/span><\/p>\n\t\t\t\t\t\t\t<\/figcaption>\n\t\t<\/figure>\n<\/article>\t\t\t\t\t<div id=\"post-3577\" class=\"afg-list-item to-sort \">\n\t<div class=\"afg-list-item-content\">\n\t\t<h3>MELTEM<\/h3>\n\t\t<p class=\"afg-metadata\">\n\t\t\t<span class=\"place\">Magasin, Centre National d\u2019Art Contemporain, Grenoble<\/span>\t\t<span class=\"dates\">10 Jul &#8211; 11 Sep 1988<\/span><\/p>\n\t<\/div>\n<\/div>\t\t\t\t\t<article id=\"post-226\" class=\" to-sort \">\n\t\t<figure class=\"afg-post-item-content\">\n\t\t\t\t\t\t\t<a href=\"https:\/\/www.sarkis.fr\/en\/1988\/clarte\/\" title=\"CLARTE\" data-modal-link=\"#modal-blog-block_62d7ca49184e9\" class=\"landscape\">\n\t\t\t\t\t<img loading=\"lazy\" decoding=\"async\" width=\"800\" height=\"531\" src=\"https:\/\/www.sarkis.fr\/wp-content\/uploads\/2009\/05\/Sarkis_1988-Aalborg.jpg\" class=\"attachment-full size-full\" alt=\"Sarkis_1988-Aalborg\" srcset=\"https:\/\/www.sarkis.fr\/wp-content\/uploads\/2009\/05\/Sarkis_1988-Aalborg.jpg 800w, https:\/\/www.sarkis.fr\/wp-content\/uploads\/2009\/05\/Sarkis_1988-Aalborg-300x199.jpg 300w\" sizes=\"auto, (max-width: 800px) 100vw, 800px\" \/>\t\t\t\t<\/a>\n\t\t\t\t\t\t<figcaption>\n\t\t\t\t<h2>\n\t\t\t\t\t<a href=\"https:\/\/www.sarkis.fr\/en\/1988\/clarte\/\" title=\"CLARTE\" data-modal-link=\"#modal-blog-block_62d7ca49184e9\">\n\t\t\t\t\t\tCLARTE\t\t\t\t\t<\/a>\n\t\t\t\t<\/h2>\n\t\t\t\t<p class=\"afg-metadata\">\n\t\t\t<span class=\"place\">Nordjyllands Kunstmuseum, Aalborg<\/span>\t\t<span class=\"dates\">1 Jul 1988<\/span><\/p>\n\t\t\t\t\t\t\t<\/figcaption>\n\t\t<\/figure>\n<\/article>\t\t\t\t\t<div id=\"post-3580\" class=\"afg-list-item to-sort \">\n\t<div class=\"afg-list-item-content\">\n\t\t<h3>Feu d\u2019artifice rouill\u00e9<\/h3>\n\t\t<p class=\"afg-metadata\">\n\t\t\t<span class=\"place\">Transit, Strasbourg<\/span>\t\t<span class=\"dates\">10 Jun &#8211; 25 Jun 1988<\/span><span class=\"solo\">Solo<\/span><\/p>\n\t<\/div>\n<\/div>\t\t\t\t\t<div id=\"post-3581\" class=\"afg-list-item to-sort \">\n\t<div class=\"afg-list-item-content\">\n\t\t<h3>Collection (Accrochage 4)<\/h3>\n\t\t<p class=\"afg-metadata\">\n\t\t\t<span class=\"place\">Le Nouveau Mus\u00e9e, Villeurbanne<\/span>\t\t<span class=\"dates\">3 Jun &#8211; 31 Jul 1988<\/span><\/p>\n\t<\/div>\n<\/div>\t\t\t\t\t<div id=\"post-3582\" class=\"afg-list-item to-sort \">\n\t<div class=\"afg-list-item-content\">\n\t\t<h3>Collection Sonnabend<\/h3>\n\t\t<p class=\"afg-metadata\">\n\t\t\t<span class=\"place\">CAPC Mus\u00e9e d\u2019Art Contemporain, Entrep\u00f4t La\u00een\u00e9, Bordeaux<\/span>\t\t<span class=\"dates\">6 May &#8211; 25 Sep 1988<\/span><\/p>\n\t<\/div>\n<\/div>\t\t\t\t\t<div id=\"post-3573\" class=\"afg-list-item to-sort \">\n\t<div class=\"afg-list-item-content\">\n\t\t<h3>Broken Music<\/h3>\n\t\t<p class=\"afg-metadata\">\n\t\t\t<span class=\"place\">Daad Galerie, Berlin<\/span>\t\t<span class=\"dates\">1988<\/span><\/p>\n\t<\/div>\n<\/div>\t\t\t\t\t<div id=\"post-3579\" class=\"afg-list-item to-sort \">\n\t<div class=\"afg-list-item-content\">\n\t\t<h3>Art pour l\u2019Afrique<\/h3>\n\t\t<p class=\"afg-metadata\">\n\t\t\t<span class=\"place\">Mus\u00e9e National des Arts Africains et Oc\u00e9aniens, Paris<\/span>\t\t<span class=\"dates\">1988<\/span><\/p>\n\t<\/div>\n<\/div>\t\t\t\t\t\t\t\t\t\t\t\t<p class=\"timeline line to-sort\" id=\"section-1987\" data-year=\"1987\">1987<\/p>\n\t\t\t\t\t\t\t<div id=\"post-3583\" class=\"afg-list-item to-sort \">\n\t<div class=\"afg-list-item-content\">\n\t\t<h3>La Coleccion Sonnabend<\/h3>\n\t\t<p class=\"afg-metadata\">\n\t\t\t<span class=\"place\">Centro de Arte Reina Sofia, Madrid<\/span>\t\t<span class=\"dates\">30 Oct 1987<\/span><\/p>\n\t<\/div>\n<\/div>\t\t\t\t\t<div id=\"post-3585\" class=\"afg-list-item to-sort \">\n\t<div class=\"afg-list-item-content\">\n\t\t<h3>Du Go\u00fbt et des Couleurs<\/h3>\n\t\t<p class=\"afg-metadata\">\n\t\t\t<span class=\"place\">Centre National des Arts Plastiques, Paris<\/span>\t\t<span class=\"dates\">22 Oct &#8211; 28 Apr 1987<\/span><\/p>\n\t<\/div>\n<\/div>\t\t\t\t\t<article id=\"post-78\" class=\" to-sort \">\n\t\t<figure class=\"afg-post-item-content\">\n\t\t\t\t\t\t\t<a href=\"https:\/\/www.sarkis.fr\/en\/1987\/1987-salle-silencieuse-rouge-et-verte\/\" title=\"Salle Silencieuse Rouge et Verte.\" data-modal-link=\"#modal-blog-block_62d7ca49184e9\" class=\"landscape\">\n\t\t\t\t\t<img loading=\"lazy\" decoding=\"async\" width=\"800\" height=\"539\" src=\"https:\/\/www.sarkis.fr\/wp-content\/uploads\/2009\/05\/Sarkis_1987-Abbaye-de-Tournus.jpg\" class=\"attachment-full size-full\" alt=\"Sarkis_1987-Abbaye-de-Tournus\" srcset=\"https:\/\/www.sarkis.fr\/wp-content\/uploads\/2009\/05\/Sarkis_1987-Abbaye-de-Tournus.jpg 800w, https:\/\/www.sarkis.fr\/wp-content\/uploads\/2009\/05\/Sarkis_1987-Abbaye-de-Tournus-300x202.jpg 300w\" sizes=\"auto, (max-width: 800px) 100vw, 800px\" \/>\t\t\t\t<\/a>\n\t\t\t\t\t\t<figcaption>\n\t\t\t\t<h2>\n\t\t\t\t\t<a href=\"https:\/\/www.sarkis.fr\/en\/1987\/1987-salle-silencieuse-rouge-et-verte\/\" title=\"Salle Silencieuse Rouge et Verte.\" data-modal-link=\"#modal-blog-block_62d7ca49184e9\">\n\t\t\t\t\t\tSalle Silencieuse Rouge et Verte.\t\t\t\t\t<\/a>\n\t\t\t\t<\/h2>\n\t\t\t\t<p class=\"afg-metadata\">\n\t\t\t<span class=\"place\">Cellier de l\u2019Abbaye de Tournus, Mus\u00e9e Greuze, Tournus<\/span>\t\t<span class=\"dates\">18 Oct &#8211; 18 Nov 1987<\/span><span class=\"solo\">Solo<\/span><\/p>\n\t\t\t\t\t\t\t<\/figcaption>\n\t\t<\/figure>\n<\/article>\t\t\t\t\t<div id=\"post-3589\" class=\"afg-list-item to-sort \">\n\t<div class=\"afg-list-item-content\">\n\t\t<h3>Danse dans le hammam de Sainte-Sophie<\/h3>\n\t\t<p class=\"afg-metadata\">\n\t\t\t<span class=\"place\">1\u00e8re Biennale d\u2019Istanbul<\/span>\t\t<span class=\"dates\">25 Sep 1987<\/span><\/p>\n\t<\/div>\n<\/div>\t\t\t\t\t<div id=\"post-10352\" class=\"afg-list-item to-sort \">\n\t<div class=\"afg-list-item-content\">\n\t\t<h3>MELTEM<\/h3>\n\t\t<p class=\"afg-metadata\">\n\t\t\t<span class=\"place\">Ch\u00e2teau Oiron<\/span>\t\t<span class=\"dates\">12 Sep &#8211; 15 Oct 1987<\/span><\/p>\n\t<\/div>\n<\/div>\t\t\t\t\t<article id=\"post-224\" class=\" to-sort \">\n\t\t<figure class=\"afg-post-item-content\">\n\t\t\t\t\t\t\t<a href=\"https:\/\/www.sarkis.fr\/en\/1987\/capt-sarkis-invite-boecklin-a-t-kromhout-museum\/\" title=\"Capt. Sarkis invite B\u00f6cklin \u00e0 T Kromhout Museum\" data-modal-link=\"#modal-blog-block_62d7ca49184e9\" class=\"portrait\">\n\t\t\t\t\t<img loading=\"lazy\" decoding=\"async\" width=\"523\" height=\"788\" src=\"https:\/\/www.sarkis.fr\/wp-content\/uploads\/2009\/05\/sarkis-1987-capt-sarkis-invite-bocklin-a-t-kromhout-museum.jpg\" class=\"attachment-full size-full\" alt=\"sarkis-1987-capt-sarkis-invite-bocklin-a-t-kromhout-museum\" srcset=\"https:\/\/www.sarkis.fr\/wp-content\/uploads\/2009\/05\/sarkis-1987-capt-sarkis-invite-bocklin-a-t-kromhout-museum.jpg 523w, https:\/\/www.sarkis.fr\/wp-content\/uploads\/2009\/05\/sarkis-1987-capt-sarkis-invite-bocklin-a-t-kromhout-museum-199x300.jpg 199w\" sizes=\"auto, (max-width: 523px) 100vw, 523px\" \/>\t\t\t\t<\/a>\n\t\t\t\t\t\t<figcaption>\n\t\t\t\t<h2>\n\t\t\t\t\t<a href=\"https:\/\/www.sarkis.fr\/en\/1987\/capt-sarkis-invite-boecklin-a-t-kromhout-museum\/\" title=\"Capt. Sarkis invite B\u00f6cklin \u00e0 T Kromhout Museum\" data-modal-link=\"#modal-blog-block_62d7ca49184e9\">\n\t\t\t\t\t\tCapt. Sarkis invite B\u00f6cklin \u00e0 T Kromhout Museum\t\t\t\t\t<\/a>\n\t\t\t\t<\/h2>\n\t\t\t\t<p class=\"afg-metadata\">\n\t\t\t<span class=\"place\">T KROMHOUT museum, Amsterdam<\/span>\t\t<span class=\"dates\">7 Aug &#8211; 14 Sep 1987<\/span><span class=\"solo\">Solo<\/span><\/p>\n\t\t\t\t\t\t\t<\/figcaption>\n\t\t<\/figure>\n<\/article>\t\t\t\t\t<div id=\"post-3591\" class=\"afg-list-item to-sort \">\n\t<div class=\"afg-list-item-content\">\n\t\t<h3>Les Cendres de Gramsci (sculptures de chemin\u00e9e)<\/h3>\n\t\t<p class=\"afg-metadata\">\n\t\t\t<span class=\"place\">Vitrine 2 Quai des P\u00eacheurs, Strasbourg<\/span>\t\t<span class=\"dates\">6 Jul &#8211; 4 Aug 1987<\/span><span class=\"solo\">Solo<\/span><\/p>\n\t<\/div>\n<\/div>\t\t\t\t\t<div id=\"post-3592\" class=\"afg-list-item to-sort \">\n\t<div class=\"afg-list-item-content\">\n\t\t<h3>P\u00e9rigueux, Collections pour une r\u00e9gion<\/h3>\n\t\t<p class=\"afg-metadata\">\n\t\t\t<span class=\"place\">Chapelle des Augustins, Mus\u00e9e du P\u00e9rigord<\/span>\t\t<span class=\"dates\">29 Jun &#8211; 30 Sep 1987<\/span><\/p>\n\t<\/div>\n<\/div>\t\t\t\t\t<div id=\"post-3594\" class=\"afg-list-item to-sort \">\n\t<div class=\"afg-list-item-content\">\n\t\t<h3>And It\u2019s Time, Time, Time (avec Domenika)<\/h3>\n\t\t<p class=\"afg-metadata\">\n\t\t\t<span class=\"place\">05son de la Culture de La Rochelle<\/span>\t\t<span class=\"dates\">28 May &#8211; 21 Jun 1987<\/span><\/p>\n\t<\/div>\n<\/div>\t\t\t\t\t<div id=\"post-3595\" class=\"afg-list-item to-sort \">\n\t<div class=\"afg-list-item-content\">\n\t\t<h3>Taxis avant Minuit<\/h3>\n\t\t<p class=\"afg-metadata\">\n\t\t\t<span class=\"place\">Paris<\/span>\t\t<span class=\"dates\">27 May 1987<\/span><\/p>\n\t<\/div>\n<\/div>\t\t\t\t\t<div id=\"post-3596\" class=\"afg-list-item to-sort \">\n\t<div class=\"afg-list-item-content\">\n\t\t<h3>Artistes, aujourd\u2019hui en Alsace<\/h3>\n\t\t<p class=\"afg-metadata\">\n\t\t\t<span class=\"place\">Kunstverein, Hamburg<\/span>\t\t<span class=\"dates\">7 May &#8211; 29 May 1987<\/span><\/p>\n\t<\/div>\n<\/div>\t\t\t\t\t<div id=\"post-3597\" class=\"afg-list-item to-sort \">\n\t<div class=\"afg-list-item-content\">\n\t\t<h3>Entr\u2019acte en vert et rouge<\/h3>\n\t\t<p class=\"afg-metadata\">\n\t\t\t<span class=\"place\">Ch\u00e2teau des Rohan, Saverne<\/span>\t\t<span class=\"dates\">10 Apr 1987<\/span><span class=\"solo\">Solo<\/span><\/p>\n\t<\/div>\n<\/div>\t\t\t\t\t<div id=\"post-3598\" class=\"afg-list-item to-sort \">\n\t<div class=\"afg-list-item-content\">\n\t\t<h3>MAINTENANT<\/h3>\n\t\t<p class=\"afg-metadata\">\n\t\t\t<span class=\"place\">Palais des Rohan, Strasbourg<\/span>\t\t<span class=\"dates\">21 Mar &#8211; 31 May 1987<\/span><\/p>\n\t<\/div>\n<\/div>\t\t\t\t\t<div id=\"post-3587\" class=\"afg-list-item to-sort \">\n\t<div class=\"afg-list-item-content\">\n\t\t<h3>Sarkis Dreams (avec Amer, Bougeard, Davis, Jezequel, Emilsson, Caty, Ramette, Trouv\u00e9, Faessler, Simonnet, Caminiti, Maegerlin, Guillotin, Sommerhalter)<\/h3>\n\t\t<p class=\"afg-metadata\">\n\t\t\t<span class=\"place\">Villa Arson, Nice<\/span>\t\t<span class=\"dates\">March 1987<\/span><\/p>\n\t<\/div>\n<\/div>\t\t\t\t\t<div id=\"post-3599\" class=\"afg-list-item to-sort \">\n\t<div class=\"afg-list-item-content\">\n\t\t<h3>Ohne die Rose tun wir\u2019s nicht (Gr\u00fcsse an Beuys von 199 K\u00fcnstlern)<\/h3>\n\t\t<p class=\"afg-metadata\">\n\t\t\t<span class=\"place\">St\u00e4dtisches Museum Haus Koekkoek, Kleve-Stadtmuseum, Ratingen<\/span>\t\t<span class=\"dates\">1 Mar &#8211; 17 May 1987<\/span><\/p>\n\t<p class=\"afg-title-notes\">\n\t\tSt\u00e4dtisches Museum Haus Koekkoek, Kleve, 29 02-29 03-Stadtmuseum, Ratingen, 11 04-17 05\t<\/p>\t\n\t<\/div>\n<\/div>\t\t\t\t\t<div id=\"post-3588\" class=\"afg-list-item to-sort \">\n\t<div class=\"afg-list-item-content\">\n\t\t<h3>D\u00e9cor du Kiosque de Cristal<\/h3>\n\t\t<p class=\"afg-metadata\">\n\t\t\t<span class=\"place\">Centre Culturel de Cergy-Pontoise<\/span>\t\t<span class=\"dates\">1987<\/span><\/p>\n\t<p class=\"afg-title-notes\">\n\t\tMise en sc\u00e8ne Lulu Menas\u00e9\t<\/p>\t\n\t<\/div>\n<\/div>\t\t\t\t\t<div id=\"post-3586\" class=\"afg-list-item to-sort \">\n\t<div class=\"afg-list-item-content\">\n\t\t<h3>8 artistes fran\u00e7ais contemporains<\/h3>\n\t\t<p class=\"afg-metadata\">\n\t\t\t<span class=\"place\">Kunstverein Villa Franck und Schloss, Ludwigsburg<\/span>\t\t<span class=\"dates\">1987<\/span><\/p>\n\t<\/div>\n<\/div>\t\t\t\t\t\t\t\t\t\t\t\t<p class=\"timeline line to-sort\" id=\"section-1986\" data-year=\"1986\">1986<\/p>\n\t\t\t\t\t\t\t<div id=\"post-3600\" class=\"afg-list-item to-sort \">\n\t<div class=\"afg-list-item-content\">\n\t\t<h3>EUROPALIA<\/h3>\n\t\t<p class=\"afg-metadata\">\n\t\t\t<span class=\"place\">Ospedale degli Innocenti, Firenze<\/span>\t\t<span class=\"dates\">14 Nov 1986<\/span><\/p>\n\t<\/div>\n<\/div>\t\t\t\t\t<article id=\"post-222\" class=\" to-sort \">\n\t\t<figure class=\"afg-post-item-content\">\n\t\t\t\t\t\t\t<a href=\"https:\/\/www.sarkis.fr\/en\/1986\/chambre-sourde\/\" title=\"Chambre Sourde\" data-modal-link=\"#modal-blog-block_62d7ca49184e9\" class=\"landscape\">\n\t\t\t\t\t<img loading=\"lazy\" decoding=\"async\" width=\"800\" height=\"526\" src=\"https:\/\/www.sarkis.fr\/wp-content\/uploads\/2009\/05\/Sarkis_1986-Chambre-Sourde-G.-Fabre-Paris.jpg\" class=\"attachment-full size-full\" alt=\"Sarkis_1986-Chambre-Sourde-G.-Fabre-Paris\" srcset=\"https:\/\/www.sarkis.fr\/wp-content\/uploads\/2009\/05\/Sarkis_1986-Chambre-Sourde-G.-Fabre-Paris.jpg 800w, https:\/\/www.sarkis.fr\/wp-content\/uploads\/2009\/05\/Sarkis_1986-Chambre-Sourde-G.-Fabre-Paris-300x197.jpg 300w\" sizes=\"auto, (max-width: 800px) 100vw, 800px\" \/>\t\t\t\t<\/a>\n\t\t\t\t\t\t<figcaption>\n\t\t\t\t<h2>\n\t\t\t\t\t<a href=\"https:\/\/www.sarkis.fr\/en\/1986\/chambre-sourde\/\" title=\"Chambre Sourde\" data-modal-link=\"#modal-blog-block_62d7ca49184e9\">\n\t\t\t\t\t\tChambre Sourde\t\t\t\t\t<\/a>\n\t\t\t\t<\/h2>\n\t\t\t\t<p class=\"afg-metadata\">\n\t\t\t<span class=\"place\">Galerie de Paris<\/span>\t\t<span class=\"dates\">20 Sep &#8211; 31 Oct 1986<\/span><span class=\"solo\">Solo<\/span><\/p>\n\t\t\t\t\t\t\t<\/figcaption>\n\t\t<\/figure>\n<\/article>\t\t\t\t\t<div id=\"post-3602\" class=\"afg-list-item to-sort \">\n\t<div class=\"afg-list-item-content\">\n\t\t<h3>Dimensions singuli\u00e8res : Sculpture<\/h3>\n\t\t<p class=\"afg-metadata\">\n\t\t\t<span class=\"place\">Chateau des Rohan, Saverne<\/span>\t\t<span class=\"dates\">13 Sep 1986 &#8211; 28 Apr 2026<\/span><\/p>\n\t<\/div>\n<\/div>\t\t\t\t\t<div id=\"post-3604\" class=\"afg-list-item to-sort \">\n\t<div class=\"afg-list-item-content\">\n\t\t<h3>AUDITION<\/h3>\n\t\t<p class=\"afg-metadata\">\n\t\t\t<span class=\"place\">Le placard de Erik Satie, Paris<\/span>\t\t<span class=\"dates\">21 Jun 1986<\/span><span class=\"solo\">Solo<\/span><\/p>\n\t<\/div>\n<\/div>\t\t\t\t\t<div id=\"post-3605\" class=\"afg-list-item to-sort \">\n\t<div class=\"afg-list-item-content\">\n\t\t<h3>Collections-Collectionneurs<\/h3>\n\t\t<p class=\"afg-metadata\">\n\t\t\t<span class=\"place\">Maison de la Culture de Saint-Etienne<\/span>\t\t<span class=\"dates\">7 Jun &#8211; 12 Jul 1986<\/span><\/p>\n\t<\/div>\n<\/div>\t\t\t\t\t<div id=\"post-3606\" class=\"afg-list-item to-sort \">\n\t<div class=\"afg-list-item-content\">\n\t\t<h3>Signes d\u2019Etangs, Traces-Signes<\/h3>\n\t\t<p class=\"afg-metadata\">\n\t\t\t<span class=\"place\">Altkirsch<\/span>\t\t<span class=\"dates\">5 May &#8211; 31 May 1986<\/span><\/p>\n\t<\/div>\n<\/div>\t\t\t\t\t<article id=\"post-220\" class=\" to-sort \">\n\t\t<figure class=\"afg-post-item-content\">\n\t\t\t\t\t\t\t<a href=\"https:\/\/www.sarkis.fr\/en\/1986\/caylak-sokak-2\/\" title=\"CAYLAK SOKAK\" data-modal-link=\"#modal-blog-block_62d7ca49184e9\" class=\"landscape\">\n\t\t\t\t\t<img loading=\"lazy\" decoding=\"async\" width=\"800\" height=\"533\" src=\"https:\/\/www.sarkis.fr\/wp-content\/uploads\/2009\/05\/Sarkis_1986-Caylak-Sokak-Istanbul.jpg\" class=\"attachment-full size-full\" alt=\"Sarkis_1986-Caylak-Sokak-Istanbul\" srcset=\"https:\/\/www.sarkis.fr\/wp-content\/uploads\/2009\/05\/Sarkis_1986-Caylak-Sokak-Istanbul.jpg 800w, https:\/\/www.sarkis.fr\/wp-content\/uploads\/2009\/05\/Sarkis_1986-Caylak-Sokak-Istanbul-300x200.jpg 300w\" sizes=\"auto, (max-width: 800px) 100vw, 800px\" \/>\t\t\t\t<\/a>\n\t\t\t\t\t\t<figcaption>\n\t\t\t\t<h2>\n\t\t\t\t\t<a href=\"https:\/\/www.sarkis.fr\/en\/1986\/caylak-sokak-2\/\" title=\"CAYLAK SOKAK\" data-modal-link=\"#modal-blog-block_62d7ca49184e9\">\n\t\t\t\t\t\tCAYLAK SOKAK\t\t\t\t\t<\/a>\n\t\t\t\t<\/h2>\n\t\t\t\t<p class=\"afg-metadata\">\n\t\t\t<span class=\"place\">Ma\u00e7ka Sanat Galerisi, Istanbul<\/span>\t\t<span class=\"dates\">25 Feb &#8211; 15 Mar 1986<\/span><span class=\"solo\">Solo<\/span><\/p>\n\t\t\t\t\t\t\t<\/figcaption>\n\t\t<\/figure>\n<\/article>\t\t\t\t\t<div id=\"post-3607\" class=\"afg-list-item to-sort \">\n\t<div class=\"afg-list-item-content\">\n\t\t<h3>K\u00fcnstlerschallplatten<\/h3>\n\t\t<p class=\"afg-metadata\">\n\t\t\t<span class=\"place\">Gelbe Musik, Berlin<\/span>\t\t<span class=\"dates\">1 Feb &#8211; 15 Mar 1986<\/span><\/p>\n\t<\/div>\n<\/div>\t\t\t\t\t<div id=\"post-3608\" class=\"afg-list-item to-sort \">\n\t<div class=\"afg-list-item-content\">\n\t\t<h3>A quoi bon la lumi\u00e8re<\/h3>\n\t\t<p class=\"afg-metadata\">\n\t\t\t<span class=\"place\">Ecole Nationale d\u2019Art D\u00e9coratif, Limoges<\/span>\t\t<span class=\"dates\">8 Jan &#8211; 30 Jan 1986<\/span><span class=\"solo\">Solo<\/span><\/p>\n\t<\/div>\n<\/div>\t\t\t\t\t<div id=\"post-3601\" class=\"afg-list-item to-sort \">\n\t<div class=\"afg-list-item-content\">\n\t\t<h3>Collection Souvenir<\/h3>\n\t\t<p class=\"afg-metadata\">\n\t\t\t<span class=\"place\">Le Nouveau Mus\u00e9e, Villeurbanne<\/span>\t\t<span class=\"dates\">1986<\/span><\/p>\n\t<\/div>\n<\/div>\t\t\t\t\t\t\t\t\t\t\t\t<p class=\"timeline line to-sort\" id=\"section-1985\" data-year=\"1985\">1985<\/p>\n\t\t\t\t\t\t\t<div id=\"post-3609\" class=\"afg-list-item to-sort \">\n\t<div class=\"afg-list-item-content\">\n\t\t<h3>Biennale des Friedens<\/h3>\n\t\t<p class=\"afg-metadata\">\n\t\t\t<span class=\"place\">Kunstverein et Kunsthaus, Hamburg<\/span>\t\t<span class=\"dates\">1 Dec 1985 &#8211; 12 Jan 1986<\/span><\/p>\n\t<\/div>\n<\/div>\t\t\t\t\t<div id=\"post-3610\" class=\"afg-list-item to-sort \">\n\t<div class=\"afg-list-item-content\">\n\t\t<h3>Sculptures<\/h3>\n\t\t<p class=\"afg-metadata\">\n\t\t\t<span class=\"place\">Fondation Cartier, Jouy-en-Josas<\/span>\t\t<span class=\"dates\">6 Oct 1985 &#8211; 5 Jan 1986<\/span><\/p>\n\t<\/div>\n<\/div>\t\t\t\t\t<article id=\"post-218\" class=\" to-sort \">\n\t\t<figure class=\"afg-post-item-content\">\n\t\t\t\t\t\t\t<a href=\"https:\/\/www.sarkis.fr\/en\/1985\/les-tresors-du-capt-sarkis\/\" title=\"Les Tr\u00e9sors du Capt. Sarkis\" data-modal-link=\"#modal-blog-block_62d7ca49184e9\" class=\"landscape\">\n\t\t\t\t\t<img loading=\"lazy\" decoding=\"async\" width=\"800\" height=\"512\" src=\"https:\/\/www.sarkis.fr\/wp-content\/uploads\/2009\/05\/1985-Nouveau-Muse-Villeurbann.jpg\" class=\"attachment-full size-full\" alt=\"1985-Nouveau-Muse-Villeurbann\" srcset=\"https:\/\/www.sarkis.fr\/wp-content\/uploads\/2009\/05\/1985-Nouveau-Muse-Villeurbann.jpg 800w, https:\/\/www.sarkis.fr\/wp-content\/uploads\/2009\/05\/1985-Nouveau-Muse-Villeurbann-300x192.jpg 300w\" sizes=\"auto, (max-width: 800px) 100vw, 800px\" \/>\t\t\t\t<\/a>\n\t\t\t\t\t\t<figcaption>\n\t\t\t\t<h2>\n\t\t\t\t\t<a href=\"https:\/\/www.sarkis.fr\/en\/1985\/les-tresors-du-capt-sarkis\/\" title=\"Les Tr\u00e9sors du Capt. Sarkis\" data-modal-link=\"#modal-blog-block_62d7ca49184e9\">\n\t\t\t\t\t\tLes Tr\u00e9sors du Capt. Sarkis\t\t\t\t\t<\/a>\n\t\t\t\t<\/h2>\n\t\t\t\t<p class=\"afg-metadata\">\n\t\t\t<span class=\"place\">Le Nouveau Mus\u00e9e, Villeurbanne<\/span>\t\t<span class=\"dates\">20 Sep &#8211; 24 Nov 1985<\/span><span class=\"solo\">Solo<\/span><\/p>\n\t\t\t\t\t\t\t<\/figcaption>\n\t\t<\/figure>\n<\/article>\t\t\t\t\t<article id=\"post-216\" class=\" to-sort \">\n\t\t<figure class=\"afg-post-item-content\">\n\t\t\t\t\t\t\t<a href=\"https:\/\/www.sarkis.fr\/en\/1985\/trio-avec-piano-kriegsschatz-viola-damour-flute-de-guatemala-devant-le-decor-des-3-expositions-de-sarkis-au-centre-dart-contemporain\/\" title=\"Trio avec Piano Kriegsschatz, Viola d\u2019Amour, Fl\u00fbte de Guatemala devant le D\u00e9cor des 3 Expositions de Sarkis au Centre d\u2019Art Contemporain\" data-modal-link=\"#modal-blog-block_62d7ca49184e9\" class=\"landscape\">\n\t\t\t\t\t<img loading=\"lazy\" decoding=\"async\" width=\"800\" height=\"525\" src=\"https:\/\/www.sarkis.fr\/wp-content\/uploads\/2009\/05\/Sarkis_1985-Trio-Genve.jpg\" class=\"attachment-full size-full\" alt=\"Sarkis_1985-Trio-Genve\" srcset=\"https:\/\/www.sarkis.fr\/wp-content\/uploads\/2009\/05\/Sarkis_1985-Trio-Genve.jpg 800w, https:\/\/www.sarkis.fr\/wp-content\/uploads\/2009\/05\/Sarkis_1985-Trio-Genve-300x197.jpg 300w\" sizes=\"auto, (max-width: 800px) 100vw, 800px\" \/>\t\t\t\t<\/a>\n\t\t\t\t\t\t<figcaption>\n\t\t\t\t<h2>\n\t\t\t\t\t<a href=\"https:\/\/www.sarkis.fr\/en\/1985\/trio-avec-piano-kriegsschatz-viola-damour-flute-de-guatemala-devant-le-decor-des-3-expositions-de-sarkis-au-centre-dart-contemporain\/\" title=\"Trio avec Piano Kriegsschatz, Viola d\u2019Amour, Fl\u00fbte de Guatemala devant le D\u00e9cor des 3 Expositions de Sarkis au Centre d\u2019Art Contemporain\" data-modal-link=\"#modal-blog-block_62d7ca49184e9\">\n\t\t\t\t\t\tTrio avec Piano Kriegsschatz, Viola d\u2019Amour, Fl\u00fbte de Guatemala devant le D\u00e9cor des 3 Expositions de Sarkis au Centre d\u2019Art Contemporain\t\t\t\t\t<\/a>\n\t\t\t\t<\/h2>\n\t\t\t\t<p class=\"afg-metadata\">\n\t\t\t<span class=\"place\">Centre d\u2019Art Contemporain de Gen\u00e8ve<\/span>\t\t<span class=\"dates\">13 Sep &#8211; 20 Oct 1985<\/span><span class=\"solo\">Solo<\/span><\/p>\n\t\t\t\t\t\t\t<\/figcaption>\n\t\t<\/figure>\n<\/article>\t\t\t\t\t<div id=\"post-3612\" class=\"afg-list-item to-sort \">\n\t<div class=\"afg-list-item-content\">\n\t\t<h3>Biennale de S\u00e3o Paulo<\/h3>\n\t\t<p class=\"afg-metadata\">\n\t\t\t<span class=\"dates\">September 1985<\/span><\/p>\n\t<\/div>\n<\/div>\t\t\t\t\t<div id=\"post-3613\" class=\"afg-list-item to-sort \">\n\t<div class=\"afg-list-item-content\">\n\t\t<h3>Joyeux Anniversaire<\/h3>\n\t\t<p class=\"afg-metadata\">\n\t\t\t<span class=\"place\">Mus\u00e9e Lapidaire, Autun<\/span>\t\t<span class=\"dates\">13 Jul 1985<\/span><\/p>\n\t<\/div>\n<\/div>\t\t\t\t\t<div id=\"post-3614\" class=\"afg-list-item to-sort \">\n\t<div class=\"afg-list-item-content\">\n\t\t<h3>\u00d6nc\u00fc T\u00fcrk Sanatindan bir kesit<\/h3>\n\t\t<p class=\"afg-metadata\">\n\t\t\t<span class=\"place\">Yildiz \u00dcniversitesi, Istanbul<\/span>\t\t<span class=\"dates\">27 Jun &#8211; 15 Jul 1985<\/span><\/p>\n\t<\/div>\n<\/div>\t\t\t\t\t<article id=\"post-214\" class=\" to-sort \">\n\t\t<figure class=\"afg-post-item-content\">\n\t\t\t\t\t\t\t<a href=\"https:\/\/www.sarkis.fr\/en\/1985\/1985-ma-memoire-est-ma-patrie\/\" title=\"Ma M\u00e9moire est ma Patrie\" data-modal-link=\"#modal-blog-block_62d7ca49184e9\" class=\"landscape\">\n\t\t\t\t\t<img loading=\"lazy\" decoding=\"async\" width=\"800\" height=\"536\" src=\"https:\/\/www.sarkis.fr\/wp-content\/uploads\/2009\/05\/1985-Kunsthalle-Bern.jpg\" class=\"attachment-full size-full\" alt=\"1985-Kunsthalle-Bern\" srcset=\"https:\/\/www.sarkis.fr\/wp-content\/uploads\/2009\/05\/1985-Kunsthalle-Bern.jpg 800w, https:\/\/www.sarkis.fr\/wp-content\/uploads\/2009\/05\/1985-Kunsthalle-Bern-300x201.jpg 300w\" sizes=\"auto, (max-width: 800px) 100vw, 800px\" \/>\t\t\t\t<\/a>\n\t\t\t\t\t\t<figcaption>\n\t\t\t\t<h2>\n\t\t\t\t\t<a href=\"https:\/\/www.sarkis.fr\/en\/1985\/1985-ma-memoire-est-ma-patrie\/\" title=\"Ma M\u00e9moire est ma Patrie\" data-modal-link=\"#modal-blog-block_62d7ca49184e9\">\n\t\t\t\t\t\tMa M\u00e9moire est ma Patrie\t\t\t\t\t<\/a>\n\t\t\t\t<\/h2>\n\t\t\t\t<p class=\"afg-metadata\">\n\t\t\t<span class=\"place\">Kunsthalle Bern<\/span>\t\t<span class=\"dates\">14 Jun &#8211; 18 Aug 1985<\/span><span class=\"solo\">Solo<\/span><\/p>\n\t\t\t\t\t\t\t<\/figcaption>\n\t\t<\/figure>\n<\/article>\t\t\t\t\t<div id=\"post-3615\" class=\"afg-list-item to-sort \">\n\t<div class=\"afg-list-item-content\">\n\t\t<h3>Promenades<\/h3>\n\t\t<p class=\"afg-metadata\">\n\t\t\t<span class=\"place\">Parc Lullin, Genthod, Gen\u00e8ve<\/span>\t\t<span class=\"dates\">8 Jun &#8211; 8 Sep 1985<\/span><\/p>\n\t<\/div>\n<\/div>\t\t\t\t\t<div id=\"post-3616\" class=\"afg-list-item to-sort \">\n\t<div class=\"afg-list-item-content\">\n\t\t<h3>Little Sparta &#038; Kriegsschatz \u00e0 Paris (Ian Hamilton Finlay-Sarkis)<\/h3>\n\t\t<p class=\"afg-metadata\">\n\t\t\t<span class=\"place\">Galerie Eric Fabre, Paris<\/span>\t\t<span class=\"dates\">27 Apr 1985<\/span><span class=\"solo\">Solo<\/span><\/p>\n\t<\/div>\n<\/div>\t\t\t\t\t<div id=\"post-3617\" class=\"afg-list-item to-sort \">\n\t<div class=\"afg-list-item-content\">\n\t\t<h3>Le D\u00e9partement des Kornemuses (avec Michel Aubry)<\/h3>\n\t\t<p class=\"afg-metadata\">\n\t\t\t<span class=\"place\">Centre d\u2019Art Contemporain, Chateauroux<\/span>\t\t<span class=\"dates\">20 Apr &#8211; 25 May 1985<\/span><span class=\"solo\">Solo<\/span><\/p>\n\t<\/div>\n<\/div>\t\t\t\t\t<div id=\"post-3618\" class=\"afg-list-item to-sort \">\n\t<div class=\"afg-list-item-content\">\n\t\t<h3>L\u2019\u0152il Musicien<\/h3>\n\t\t<p class=\"afg-metadata\">\n\t\t\t<span class=\"place\">Palais des Beaux-Arts, Charleroi<\/span>\t\t<span class=\"dates\">28 Mar &#8211; 12 May 1985<\/span><\/p>\n\t<\/div>\n<\/div>\t\t\t\t\t<article id=\"post-212\" class=\" to-sort \">\n\t\t<figure class=\"afg-post-item-content\">\n\t\t\t\t\t\t\t<a href=\"https:\/\/www.sarkis.fr\/en\/1985\/1985-little-sparta-a-kriegsschatz-ian-hamilton-finlay-sarkis\/\" title=\"Little Sparta &#038; Kriegsschatz  (Ian Hamilton Finlay &#8211; Sarkis)\" data-modal-link=\"#modal-blog-block_62d7ca49184e9\" class=\"landscape\">\n\t\t\t\t\t<img loading=\"lazy\" decoding=\"async\" width=\"800\" height=\"531\" src=\"https:\/\/www.sarkis.fr\/wp-content\/uploads\/2009\/05\/1985-Nevers-Finlay_SarkisECCA.jpg\" class=\"attachment-full size-full\" alt=\"1985-Nevers-Finlay_SarkisECCA\" srcset=\"https:\/\/www.sarkis.fr\/wp-content\/uploads\/2009\/05\/1985-Nevers-Finlay_SarkisECCA.jpg 800w, https:\/\/www.sarkis.fr\/wp-content\/uploads\/2009\/05\/1985-Nevers-Finlay_SarkisECCA-300x199.jpg 300w\" sizes=\"auto, (max-width: 800px) 100vw, 800px\" \/>\t\t\t\t<\/a>\n\t\t\t\t\t\t<figcaption>\n\t\t\t\t<h2>\n\t\t\t\t\t<a href=\"https:\/\/www.sarkis.fr\/en\/1985\/1985-little-sparta-a-kriegsschatz-ian-hamilton-finlay-sarkis\/\" title=\"Little Sparta &#038; Kriegsschatz  (Ian Hamilton Finlay &#8211; Sarkis)\" data-modal-link=\"#modal-blog-block_62d7ca49184e9\">\n\t\t\t\t\t\tLittle Sparta &#038; Kriegsschatz  (Ian Hamilton Finlay &#8211; Sarkis)\t\t\t\t\t<\/a>\n\t\t\t\t<\/h2>\n\t\t\t\t<p class=\"afg-metadata\">\n\t\t\t<span class=\"place\">Apac, Chapelle Sainte-Marie, Nevers<\/span>\t\t<span class=\"dates\">9 Mar &#8211; 13 Apr 1985<\/span><span class=\"solo\">Solo<\/span><\/p>\n\t\t\t\t\t\t\t<\/figcaption>\n\t\t<\/figure>\n<\/article>\t\t\t\t\t<div id=\"post-3619\" class=\"afg-list-item to-sort \">\n\t<div class=\"afg-list-item-content\">\n\t\t<h3>Les Ruines de l\u2019Esprit<\/h3>\n\t\t<p class=\"afg-metadata\">\n\t\t\t<span class=\"place\">Toulouse-Le-Mirail et Le Parvis, Tarbes<\/span>\t\t<span class=\"dates\">19 Feb &#8211; 19 Mar 1985<\/span><\/p>\n\t<\/div>\n<\/div>\t\t\t\t\t<div id=\"post-3620\" class=\"afg-list-item to-sort \">\n\t<div class=\"afg-list-item-content\">\n\t\t<h3>G\u00e9n\u00e9ration Polaro\u00efd<\/h3>\n\t\t<p class=\"afg-metadata\">\n\t\t\t<span class=\"place\">Pavillon des Arts, Paris<\/span>\t\t<span class=\"dates\">14 Feb 1985<\/span><\/p>\n\t<\/div>\n<\/div>\t\t\t\t\t<div id=\"post-3621\" class=\"afg-list-item to-sort \">\n\t<div class=\"afg-list-item-content\">\n\t\t<h3>Aux Poteaux de la Couleur<\/h3>\n\t\t<p class=\"afg-metadata\">\n\t\t\t<span class=\"place\">Frac Aquitaine, Mus\u00e9e Albert-Marzelles, Marmande, Lot-et-Garonne<\/span>\t\t<span class=\"dates\">10 Feb &#8211; 10 Mar 1985<\/span><\/p>\n\t<\/div>\n<\/div>\t\t\t\t\t<div id=\"post-3611\" class=\"afg-list-item to-sort \">\n\t<div class=\"afg-list-item-content\">\n\t\t<h3>Sur \/ Exposition<\/h3>\n\t\t<p class=\"afg-metadata\">\n\t\t\t<span class=\"place\">Mus\u00e9e des Beaux-Arts, Rennes<\/span>\t\t<span class=\"dates\">1985<\/span><\/p>\n\t<\/div>\n<\/div>\t\t\t\t\t\t\t\t\t\t\t\t<p class=\"timeline line to-sort\" id=\"section-1984\" data-year=\"1984\">1984<\/p>\n\t\t\t\t\t\t\t<div id=\"post-3623\" class=\"afg-list-item to-sort \">\n\t<div class=\"afg-list-item-content\">\n\t\t<h3>Echanges (artistes fran\u00e7ais \u00e0 Berlin)<\/h3>\n\t\t<p class=\"afg-metadata\">\n\t\t\t<span class=\"place\">Goethe-Institut, Paris<\/span>\t\t<span class=\"dates\">22 Oct &#8211; 15 Nov 1984<\/span><\/p>\n\t<\/div>\n<\/div>\t\t\t\t\t<div id=\"post-3624\" class=\"afg-list-item to-sort \">\n\t<div class=\"afg-list-item-content\">\n\t\t<h3>A Pierre et Marie, une Exposition en Travaux<\/h3>\n\t\t<p class=\"afg-metadata\">\n\t\t\t<span class=\"place\">36, rue d\u2019Ulm, Paris<\/span>\t\t<span class=\"dates\">9 Oct &#8211; 21 Oct 1984<\/span><\/p>\n\t<p class=\"afg-title-notes\">\n\t\t9 octobre et 21 octobre\t<\/p>\t\n\t<\/div>\n<\/div>\t\t\t\t\t<div id=\"post-3625\" class=\"afg-list-item to-sort \">\n\t<div class=\"afg-list-item-content\">\n\t\t<h3>FRAC Alsace<\/h3>\n\t\t<p class=\"afg-metadata\">\n\t\t\t<span class=\"place\">Mulhouse, S\u00e9lestat, Strasbourg<\/span>\t\t<span class=\"dates\">29 Sep &#8211; 27 Oct 1984<\/span><\/p>\n\t<\/div>\n<\/div>\t\t\t\t\t<div id=\"post-3626\" class=\"afg-list-item to-sort \">\n\t<div class=\"afg-list-item-content\">\n\t\t<h3>DEVANTURES 84<\/h3>\n\t\t<p class=\"afg-metadata\">\n\t\t\t<span class=\"place\">Strasbourg<\/span>\t\t<span class=\"dates\">18 Sep &#8211; 30 Sep 1984<\/span><\/p>\n\t<\/div>\n<\/div>\t\t\t\t\t<div id=\"post-3627\" class=\"afg-list-item to-sort \">\n\t<div class=\"afg-list-item-content\">\n\t\t<h3>N\u00e9on, Fluor et Cie<\/h3>\n\t\t<p class=\"afg-metadata\">\n\t\t\t<span class=\"place\">ISELP, Bruxelles<\/span>\t\t<span class=\"dates\">15 Sep &#8211; 18 Oct 1984<\/span><\/p>\n\t<\/div>\n<\/div>\t\t\t\t\t<div id=\"post-3629\" class=\"afg-list-item to-sort \">\n\t<div class=\"afg-list-item-content\">\n\t\t<h3>D\u00e9cor de th\u00e9\u00e2tre pour V\u00e9nus et Adonis d\u2019apr\u00e8s William Shakespeare<\/h3>\n\t\t<p class=\"afg-metadata\">\n\t\t\t<span class=\"place\">Festival de La Rochelle &#8211; Fort de France<\/span>\t\t<span class=\"dates\">29 Jun &#8211; 9 Jul 1984<\/span><\/p>\n\t<p class=\"afg-title-notes\">\n\t\tMise en sc\u00e8ne Luiz Menas\u00e9. Festival de La Rochelle, 29 et 30 juin, Fort de France, 6, 7 et 9 juillet.\t<\/p>\t\n\t<\/div>\n<\/div>\t\t\t\t\t<div id=\"post-10345\" class=\"afg-list-item to-sort \">\n\t<div class=\"afg-list-item-content\">\n\t\t<h3>A Pierre et Marie, une Exposition en Travaux<\/h3>\n\t\t<p class=\"afg-metadata\">\n\t\t\t<span class=\"place\">36 rue d\u2019Ulm, Paris<\/span>\t\t<span class=\"dates\">24 Jun 1984<\/span><\/p>\n\t<p class=\"afg-title-notes\">\n\t\tn\u00b08\t<\/p>\t\n\t<\/div>\n<\/div>\t\t\t\t\t<div id=\"post-3631\" class=\"afg-list-item to-sort \">\n\t<div class=\"afg-list-item-content\">\n\t\t<h3>Pour vivre heureux, vivons cach\u00e9s<\/h3>\n\t\t<p class=\"afg-metadata\">\n\t\t\t<span class=\"place\">Association pour l\u2019Art Contemporain, Nevers<\/span>\t\t<span class=\"dates\">30 May &#8211; 30 Jun 1984<\/span><\/p>\n\t<\/div>\n<\/div>\t\t\t\t\t<article id=\"post-210\" class=\" to-sort \">\n\t\t<figure class=\"afg-post-item-content\">\n\t\t\t\t\t\t\t<a href=\"https:\/\/www.sarkis.fr\/en\/1984\/1984-der-anfang-der-jahrhunderte\/\" title=\"Der Anfang der Jahrhunderte\" data-modal-link=\"#modal-blog-block_62d7ca49184e9\" class=\"landscape\">\n\t\t\t\t\t<img loading=\"lazy\" decoding=\"async\" width=\"800\" height=\"554\" src=\"https:\/\/www.sarkis.fr\/wp-content\/uploads\/2009\/05\/1984-DAAD-Berlin.jpg\" class=\"attachment-full size-full\" alt=\"1984-DAAD-Berlin\" srcset=\"https:\/\/www.sarkis.fr\/wp-content\/uploads\/2009\/05\/1984-DAAD-Berlin.jpg 800w, https:\/\/www.sarkis.fr\/wp-content\/uploads\/2009\/05\/1984-DAAD-Berlin-300x208.jpg 300w\" sizes=\"auto, (max-width: 800px) 100vw, 800px\" \/>\t\t\t\t<\/a>\n\t\t\t\t\t\t<figcaption>\n\t\t\t\t<h2>\n\t\t\t\t\t<a href=\"https:\/\/www.sarkis.fr\/en\/1984\/1984-der-anfang-der-jahrhunderte\/\" title=\"Der Anfang der Jahrhunderte\" data-modal-link=\"#modal-blog-block_62d7ca49184e9\">\n\t\t\t\t\t\tDer Anfang der Jahrhunderte\t\t\t\t\t<\/a>\n\t\t\t\t<\/h2>\n\t\t\t\t<p class=\"afg-metadata\">\n\t\t\t<span class=\"place\">DAAD Galerie, Berlin<\/span>\t\t<span class=\"dates\">23 Mar &#8211; 23 May 1984<\/span><span class=\"solo\">Solo<\/span><\/p>\n\t\t\t\t\t\t\t<\/figcaption>\n\t\t<\/figure>\n<\/article>\t\t\t\t\t<div id=\"post-3634\" class=\"afg-list-item to-sort \">\n\t<div class=\"afg-list-item-content\">\n\t\t<h3>Quelques Jours apr\u00e8s la fin des Si\u00e8cles et le D\u00e9but des Si\u00e8cles<\/h3>\n\t\t<p class=\"afg-metadata\">\n\t\t\t<span class=\"place\">Galerie Eric Fabre, Paris<\/span>\t\t<span class=\"dates\">19 Feb 1984<\/span><span class=\"solo\">Solo<\/span><\/p>\n\t<p class=\"afg-title-notes\">\n\t\tAvec un film de Robert Kramer et la musique de Barre Philips\t<\/p>\t\n\t<\/div>\n<\/div>\t\t\t\t\t<article id=\"post-208\" class=\" to-sort \">\n\t\t<figure class=\"afg-post-item-content\">\n\t\t\t\t\t\t\t<a href=\"https:\/\/www.sarkis.fr\/en\/1984\/1984-la-fin-des-siecles-le-debut-des-siecles\/\" title=\"La Fin des Si\u00e8cles, Le D\u00e9but des Si\u00e8cles\" data-modal-link=\"#modal-blog-block_62d7ca49184e9\" class=\"landscape\">\n\t\t\t\t\t<img loading=\"lazy\" decoding=\"async\" width=\"800\" height=\"524\" src=\"https:\/\/www.sarkis.fr\/wp-content\/uploads\/2009\/05\/1984-Debut-des-sicles-Fin-des-Sicles-ARC-MAMVParis.jpg\" class=\"attachment-full size-full\" alt=\"1984-Debut-des-sicles-Fin-des-Sicles-ARC-MAMVParis\" srcset=\"https:\/\/www.sarkis.fr\/wp-content\/uploads\/2009\/05\/1984-Debut-des-sicles-Fin-des-Sicles-ARC-MAMVParis.jpg 800w, https:\/\/www.sarkis.fr\/wp-content\/uploads\/2009\/05\/1984-Debut-des-sicles-Fin-des-Sicles-ARC-MAMVParis-300x197.jpg 300w\" sizes=\"auto, (max-width: 800px) 100vw, 800px\" \/>\t\t\t\t<\/a>\n\t\t\t\t\t\t<figcaption>\n\t\t\t\t<h2>\n\t\t\t\t\t<a href=\"https:\/\/www.sarkis.fr\/en\/1984\/1984-la-fin-des-siecles-le-debut-des-siecles\/\" title=\"La Fin des Si\u00e8cles, Le D\u00e9but des Si\u00e8cles\" data-modal-link=\"#modal-blog-block_62d7ca49184e9\">\n\t\t\t\t\t\tLa Fin des Si\u00e8cles, Le D\u00e9but des Si\u00e8cles\t\t\t\t\t<\/a>\n\t\t\t\t<\/h2>\n\t\t\t\t<p class=\"afg-metadata\">\n\t\t\t<span class=\"place\">Mus\u00e9e d\u2019Art Moderne de la Ville de Paris<\/span>\t\t<span class=\"dates\">8 Feb &#8211; 11 Mar 1984<\/span><span class=\"solo\">Solo<\/span><\/p>\n\t\t\t\t\t\t\t<\/figcaption>\n\t\t<\/figure>\n<\/article>\t\t\t\t\t<div id=\"post-3635\" class=\"afg-list-item to-sort \">\n\t<div class=\"afg-list-item-content\">\n\t\t<h3>Hommage \u00e0 Felix Handschin<\/h3>\n\t\t<p class=\"afg-metadata\">\n\t\t\t<span class=\"place\">Galerie Littmann, Basel<\/span>\t\t<span class=\"dates\">4 Feb &#8211; 17 Mar 1984<\/span><\/p>\n\t<p class=\"afg-title-notes\">\n\t\tDie Anf\u00e4nge du 4 au 24 f\u00e9vrier, Die Jungen du 28 septembre au 17 mars.\t<\/p>\t\n\t<\/div>\n<\/div>\t\t\t\t\t<div id=\"post-10346\" class=\"afg-list-item to-sort \">\n\t<div class=\"afg-list-item-content\">\n\t\t<h3>A Pierre et Marie, une Exposition en Travaux<\/h3>\n\t\t<p class=\"afg-metadata\">\n\t\t\t<span class=\"place\">36 rue d\u2019Ulm, Paris<\/span>\t\t<span class=\"dates\">1984<\/span><\/p>\n\t<p class=\"afg-title-notes\">\n\t\tn\u00b0 6 et n\u00b0 7\t<\/p>\t\n\t<\/div>\n<\/div>\t\t\t\t\t<div id=\"post-3628\" class=\"afg-list-item to-sort \">\n\t<div class=\"afg-list-item-content\">\n\t\t<h3>Vivant et Artificiel<\/h3>\n\t\t<p class=\"afg-metadata\">\n\t\t\t<span class=\"place\">Hospice Saint-Louis, Avignon<\/span>\t\t<span class=\"dates\">1984<\/span><\/p>\n\t<\/div>\n<\/div>\t\t\t\t\t\t\t\t\t\t\t\t<p class=\"timeline line to-sort\" id=\"section-1983\" data-year=\"1983\">1983<\/p>\n\t\t\t\t\t\t\t<article id=\"post-368\" class=\" to-sort \">\n\t\t<figure class=\"afg-post-item-content\">\n\t\t\t\t\t\t\t<a href=\"https:\/\/www.sarkis.fr\/en\/1983\/electra\/\" title=\"Electra\" data-modal-link=\"#modal-blog-block_62d7ca49184e9\" class=\"landscape\">\n\t\t\t\t\t<img loading=\"lazy\" decoding=\"async\" width=\"800\" height=\"567\" src=\"https:\/\/www.sarkis.fr\/wp-content\/uploads\/2009\/06\/Electra-ARCMAM1983.jpg\" class=\"attachment-full size-full\" alt=\"Electra-ARCMAM1983\" srcset=\"https:\/\/www.sarkis.fr\/wp-content\/uploads\/2009\/06\/Electra-ARCMAM1983.jpg 800w, https:\/\/www.sarkis.fr\/wp-content\/uploads\/2009\/06\/Electra-ARCMAM1983-300x213.jpg 300w\" sizes=\"auto, (max-width: 800px) 100vw, 800px\" \/>\t\t\t\t<\/a>\n\t\t\t\t\t\t<figcaption>\n\t\t\t\t<h2>\n\t\t\t\t\t<a href=\"https:\/\/www.sarkis.fr\/en\/1983\/electra\/\" title=\"Electra\" data-modal-link=\"#modal-blog-block_62d7ca49184e9\">\n\t\t\t\t\t\tElectra\t\t\t\t\t<\/a>\n\t\t\t\t<\/h2>\n\t\t\t\t<p class=\"afg-metadata\">\n\t\t\t<span class=\"place\">Mus\u00e9e d\u2019Art Moderne de la ville Paris<\/span>\t\t<span class=\"dates\">10 Dec 1983 &#8211; 5 Feb 1984<\/span><\/p>\n\t\t\t\t\t\t\t<\/figcaption>\n\t\t<\/figure>\n<\/article>\t\t\t\t\t<div id=\"post-3637\" class=\"afg-list-item to-sort \">\n\t<div class=\"afg-list-item-content\">\n\t\t<h3>Gouaches 1961-62 sign\u00e9es Serko<\/h3>\n\t\t<p class=\"afg-metadata\">\n\t\t\t<span class=\"place\">Ma\u00e7ka Sanat Galerisi, Istanbul<\/span>\t\t<span class=\"dates\">1 Nov &#8211; 26 Nov 1983<\/span><span class=\"solo\">Solo<\/span><\/p>\n\t<\/div>\n<\/div>\t\t\t\t\t<div id=\"post-3638\" class=\"afg-list-item to-sort \">\n\t<div class=\"afg-list-item-content\">\n\t\t<h3>The Drama of the K<\/h3>\n\t\t<p class=\"afg-metadata\">\n\t\t\t<span class=\"place\">Tartar Gallery, Edinburgh<\/span>\t\t<span class=\"dates\">21 Aug &#8211; 10 Sep 1983<\/span><span class=\"solo\">Solo<\/span><\/p>\n\t<\/div>\n<\/div>\t\t\t\t\t<div id=\"post-3639\" class=\"afg-list-item to-sort \">\n\t<div class=\"afg-list-item-content\">\n\t\t<h3>Conversation on a Raft (Defraoui), Letters of K.R.I.E.G.S.S.C.H.A.T.Z. try to remove the rust from Capt. Sarkis\u2019s room (Sarkis), They have blue suits (Krauth), Imprints of a n\u00b050 brush repeated at regular intervals (30 cm) (Toroni)<\/h3>\n\t\t<p class=\"afg-metadata\">\n\t\t\t<span class=\"place\">City Art Centre, Edinburgh<\/span>\t\t<span class=\"dates\">9 Jul &#8211; 31 Jul 1983<\/span><\/p>\n\t<\/div>\n<\/div>\t\t\t\t\t<div id=\"post-3640\" class=\"afg-list-item to-sort \">\n\t<div class=\"afg-list-item-content\">\n\t\t<h3>PASSPORSTRIP (avec Robert Kramer et Barre Philips)<\/h3>\n\t\t<p class=\"afg-metadata\">\n\t\t\t<span class=\"place\">Grand Garage, Strasbourg<\/span>\t\t<span class=\"dates\">24 Jun 1983<\/span><span class=\"solo\">Solo<\/span><\/p>\n\t<\/div>\n<\/div>\t\t\t\t\t<div id=\"post-3641\" class=\"afg-list-item to-sort \">\n\t<div class=\"afg-list-item-content\">\n\t\t<h3>Rupture Pas Rupture<\/h3>\n\t\t<p class=\"afg-metadata\">\n\t\t\t<span class=\"place\">Centre Culturel Le Parvis, Tarbes<\/span>\t\t<span class=\"dates\">29 Apr &#8211; 31 May 1983<\/span><\/p>\n\t<\/div>\n<\/div>\t\t\t\t\t<div id=\"post-3636\" class=\"afg-list-item to-sort \">\n\t<div class=\"afg-list-item-content\">\n\t\t<h3>A Pierre et \u00e0 Marie, une Exposition en Travaux<\/h3>\n\t\t<p class=\"afg-metadata\">\n\t\t\t<span class=\"place\">36, rue d\u2019Ulm, Paris<\/span>\t\t<span class=\"dates\">1983<\/span><\/p>\n\t<\/div>\n<\/div>\t\t\t\t\t\t\t\t\t\t\t\t<p class=\"timeline line to-sort\" id=\"section-1982\" data-year=\"1982\">1982<\/p>\n\t\t\t\t\t\t\t<div id=\"post-3642\" class=\"afg-list-item to-sort \">\n\t<div class=\"afg-list-item-content\">\n\t\t<h3>Pr\u00e9figuration pour le Centre d\u2019Art Contemporain de Buisson Rond<\/h3>\n\t\t<p class=\"afg-metadata\">\n\t\t\t<span class=\"place\">Mus\u00e9e de Chambery<\/span>\t\t<span class=\"dates\">9 Oct &#8211; 31 Oct 1982<\/span><\/p>\n\t<\/div>\n<\/div>\t\t\t\t\t<article id=\"post-124\" class=\" to-sort \">\n\t\t<figure class=\"afg-post-item-content\">\n\t\t\t\t\t\t\t<a href=\"https:\/\/www.sarkis.fr\/en\/1982\/sculptures-du-decor\/\" title=\"Sculptures du D\u00e9cor\" data-modal-link=\"#modal-blog-block_62d7ca49184e9\" class=\"landscape\">\n\t\t\t\t\t<img loading=\"lazy\" decoding=\"async\" width=\"800\" height=\"526\" src=\"https:\/\/www.sarkis.fr\/wp-content\/uploads\/2009\/05\/1982-Sculptures-de-Decor-Galerie-Eric-Fabre-Paris.jpg\" class=\"attachment-full size-full\" alt=\"1982-Sculptures-de-Decor-Galerie-Eric-Fabre-Paris\" srcset=\"https:\/\/www.sarkis.fr\/wp-content\/uploads\/2009\/05\/1982-Sculptures-de-Decor-Galerie-Eric-Fabre-Paris.jpg 800w, https:\/\/www.sarkis.fr\/wp-content\/uploads\/2009\/05\/1982-Sculptures-de-Decor-Galerie-Eric-Fabre-Paris-300x197.jpg 300w\" sizes=\"auto, (max-width: 800px) 100vw, 800px\" \/>\t\t\t\t<\/a>\n\t\t\t\t\t\t<figcaption>\n\t\t\t\t<h2>\n\t\t\t\t\t<a href=\"https:\/\/www.sarkis.fr\/en\/1982\/sculptures-du-decor\/\" title=\"Sculptures du D\u00e9cor\" data-modal-link=\"#modal-blog-block_62d7ca49184e9\">\n\t\t\t\t\t\tSculptures du D\u00e9cor\t\t\t\t\t<\/a>\n\t\t\t\t<\/h2>\n\t\t\t\t<p class=\"afg-metadata\">\n\t\t\t<span class=\"place\">Galerie Eric Fabre, Paris<\/span>\t\t<span class=\"dates\">18 Sep &#8211; 16 Oct 1982<\/span><span class=\"solo\">Solo<\/span><\/p>\n\t\t\t\t\t\t\t<\/figcaption>\n\t\t<\/figure>\n<\/article>\t\t\t\t\t<article id=\"post-206\" class=\" to-sort \">\n\t\t<figure class=\"afg-post-item-content\">\n\t\t\t\t\t\t\t<a href=\"https:\/\/www.sarkis.fr\/en\/1982\/1982-documenta-vii\/\" title=\"DOCUMENTA VII\" data-modal-link=\"#modal-blog-block_62d7ca49184e9\" class=\"portrait\">\n\t\t\t\t\t<img loading=\"lazy\" decoding=\"async\" width=\"519\" height=\"800\" src=\"https:\/\/www.sarkis.fr\/wp-content\/uploads\/2009\/05\/1982-Documenta-Kassel.jpg\" class=\"attachment-full size-full\" alt=\"1982-Documenta-Kassel\" srcset=\"https:\/\/www.sarkis.fr\/wp-content\/uploads\/2009\/05\/1982-Documenta-Kassel.jpg 519w, https:\/\/www.sarkis.fr\/wp-content\/uploads\/2009\/05\/1982-Documenta-Kassel-195x300.jpg 195w\" sizes=\"auto, (max-width: 519px) 100vw, 519px\" \/>\t\t\t\t<\/a>\n\t\t\t\t\t\t<figcaption>\n\t\t\t\t<h2>\n\t\t\t\t\t<a href=\"https:\/\/www.sarkis.fr\/en\/1982\/1982-documenta-vii\/\" title=\"DOCUMENTA VII\" data-modal-link=\"#modal-blog-block_62d7ca49184e9\">\n\t\t\t\t\t\tDOCUMENTA VII\t\t\t\t\t<\/a>\n\t\t\t\t<\/h2>\n\t\t\t\t<p class=\"afg-metadata\">\n\t\t\t<span class=\"place\">Documenta VII, Kassel<\/span>\t\t<span class=\"dates\">18 Jun &#8211; 26 Sep 1982<\/span><\/p>\n\t\t\t\t\t\t\t<\/figcaption>\n\t\t<\/figure>\n<\/article>\t\t\t\t\t<div id=\"post-3644\" class=\"afg-list-item to-sort \">\n\t<div class=\"afg-list-item-content\">\n\t\t<h3>Le Voyage de la Sculpture du P\u00eacheur en Monte-charge<\/h3>\n\t\t<p class=\"afg-metadata\">\n\t\t\t<span class=\"place\">Galerie J.J Donguy, Paris<\/span>\t\t<span class=\"dates\">23 Apr &#8211; 15 May 1982<\/span><\/p>\n\t<\/div>\n<\/div>\t\t\t\t\t<article id=\"post-204\" class=\" to-sort \">\n\t\t<figure class=\"afg-post-item-content\">\n\t\t\t\t\t\t\t<a href=\"https:\/\/www.sarkis.fr\/en\/1982\/1982-biennale-de-sydney\/\" title=\"Biennale de Sydney\" data-modal-link=\"#modal-blog-block_62d7ca49184e9\" class=\"landscape\">\n\t\t\t\t\t<img loading=\"lazy\" decoding=\"async\" width=\"800\" height=\"514\" src=\"https:\/\/www.sarkis.fr\/wp-content\/uploads\/2009\/05\/1982-Biennale-de-Sydney.jpg\" class=\"attachment-full size-full\" alt=\"1982-Biennale-de-Sydney\" srcset=\"https:\/\/www.sarkis.fr\/wp-content\/uploads\/2009\/05\/1982-Biennale-de-Sydney.jpg 800w, https:\/\/www.sarkis.fr\/wp-content\/uploads\/2009\/05\/1982-Biennale-de-Sydney-300x193.jpg 300w\" sizes=\"auto, (max-width: 800px) 100vw, 800px\" \/>\t\t\t\t<\/a>\n\t\t\t\t\t\t<figcaption>\n\t\t\t\t<h2>\n\t\t\t\t\t<a href=\"https:\/\/www.sarkis.fr\/en\/1982\/1982-biennale-de-sydney\/\" title=\"Biennale de Sydney\" data-modal-link=\"#modal-blog-block_62d7ca49184e9\">\n\t\t\t\t\t\tBiennale de Sydney\t\t\t\t\t<\/a>\n\t\t\t\t<\/h2>\n\t\t\t\t<p class=\"afg-metadata\">\n\t\t\t<span class=\"place\">Art Gallery of New South Wales, Biennale de Sydney<\/span>\t\t<span class=\"dates\">6 Apr &#8211; 15 May 1982<\/span><\/p>\n\t\t\t\t\t\t\t<\/figcaption>\n\t\t<\/figure>\n<\/article>\t\t\t\t\t<div id=\"post-3645\" class=\"afg-list-item to-sort \">\n\t<div class=\"afg-list-item-content\">\n\t\t<h3>De la catastrophe<\/h3>\n\t\t<p class=\"afg-metadata\">\n\t\t\t<span class=\"place\">Centre d\u2019Art Contemporain, Gen\u00e8ve<\/span>\t\t<span class=\"dates\">April &#8211; May 1982<\/span><\/p>\n\t<\/div>\n<\/div>\t\t\t\t\t<article id=\"post-68\" class=\" to-sort \">\n\t\t<figure class=\"afg-post-item-content\">\n\t\t\t\t\t\t\t<a href=\"https:\/\/www.sarkis.fr\/en\/1982\/a-pierre-et-a-marie-une-exposition-en-travaux-2\/\" title=\"A Pierre et \u00e0 Marie, une Exposition en Travaux.\" data-modal-link=\"#modal-blog-block_62d7ca49184e9\" class=\"landscape\">\n\t\t\t\t\t<img loading=\"lazy\" decoding=\"async\" width=\"788\" height=\"538\" src=\"https:\/\/www.sarkis.fr\/wp-content\/uploads\/2009\/05\/sarkis-1982-a-pierre-et-marie-une-exposition-en-travaux.jpg\" class=\"attachment-full size-full\" alt=\"sarkis-1982-a-pierre-et-marie-une-exposition-en-travaux\" srcset=\"https:\/\/www.sarkis.fr\/wp-content\/uploads\/2009\/05\/sarkis-1982-a-pierre-et-marie-une-exposition-en-travaux.jpg 788w, https:\/\/www.sarkis.fr\/wp-content\/uploads\/2009\/05\/sarkis-1982-a-pierre-et-marie-une-exposition-en-travaux-300x205.jpg 300w\" sizes=\"auto, (max-width: 788px) 100vw, 788px\" \/>\t\t\t\t<\/a>\n\t\t\t\t\t\t<figcaption>\n\t\t\t\t<h2>\n\t\t\t\t\t<a href=\"https:\/\/www.sarkis.fr\/en\/1982\/a-pierre-et-a-marie-une-exposition-en-travaux-2\/\" title=\"A Pierre et \u00e0 Marie, une Exposition en Travaux.\" data-modal-link=\"#modal-blog-block_62d7ca49184e9\">\n\t\t\t\t\t\tA Pierre et \u00e0 Marie, une Exposition en Travaux.\t\t\t\t\t<\/a>\n\t\t\t\t<\/h2>\n\t\t\t\t<p class=\"afg-metadata\">\n\t\t\t<span class=\"place\">36, rue d\u2019Ulm, Paris<\/span>\t\t<span class=\"dates\">23 Jan &#8211; 27 Jun 1982<\/span><\/p>\n\t<p class=\"afg-title-notes\">\n\t\t1 : le 23 janvier, 2 : le 20 mars, 3 : le 27 juin\t<\/p>\t\n\t\t\t\t\t\t\t<\/figcaption>\n\t\t<\/figure>\n<\/article>\t\t\t\t\t<div id=\"post-3643\" class=\"afg-list-item to-sort \">\n\t<div class=\"afg-list-item-content\">\n\t\t<h3>De LASCAUX \u00e0 KRIEGSSCHATZ<\/h3>\n\t\t<p class=\"afg-metadata\">\n\t\t\t<span class=\"place\">Galerie Catherine Issert, Saint-Paul de Vence<\/span>\t\t<span class=\"dates\">1982<\/span><span class=\"solo\">Solo<\/span><\/p>\n\t<p class=\"afg-title-notes\">\n\t\tDans ce programme des Dessins Disparus, des El\u00e9ments Flottants, des Passe-Partout\t<\/p>\t\n\t<\/div>\n<\/div>\t\t\t\t\t\t\t\t\t\t\t\t<p class=\"timeline line to-sort\" id=\"section-1981\" data-year=\"1981\">1981<\/p>\n\t\t\t\t\t\t\t<div id=\"post-3646\" class=\"afg-list-item to-sort \">\n\t<div class=\"afg-list-item-content\">\n\t\t<h3>Machins. Machines<\/h3>\n\t\t<p class=\"afg-metadata\">\n\t\t\t<span class=\"place\">Centre Culturel de Bretigny<\/span>\t\t<span class=\"dates\">19 Dec 1981 &#8211; 30 Jan 1982<\/span><\/p>\n\t<\/div>\n<\/div>\t\t\t\t\t<div id=\"post-3647\" class=\"afg-list-item to-sort \">\n\t<div class=\"afg-list-item-content\">\n\t\t<h3>HammerAustellung II<\/h3>\n\t\t<p class=\"afg-metadata\">\n\t\t\t<span class=\"place\">Basel<\/span>\t\t<span class=\"dates\">23 May &#8211; 30 Jun 1981<\/span><\/p>\n\t<\/div>\n<\/div>\t\t\t\t\t<div id=\"post-3649\" class=\"afg-list-item to-sort \">\n\t<div class=\"afg-list-item-content\">\n\t\t<h3>Les El\u00e9ments Mouill\u00e9s et Flottants de Kriegsschatz<\/h3>\n\t\t<p class=\"afg-metadata\">\n\t\t\t<span class=\"place\">Galerie Albert Baronian, Bruxelles<\/span>\t\t<span class=\"dates\">16 May &#8211; 13 Jun 1981<\/span><span class=\"solo\">Solo<\/span><\/p>\n\t<\/div>\n<\/div>\t\t\t\t\t<div id=\"post-3650\" class=\"afg-list-item to-sort \">\n\t<div class=\"afg-list-item-content\">\n\t\t<h3>Between 8<\/h3>\n\t\t<p class=\"afg-metadata\">\n\t\t\t<span class=\"place\">Kunsthalle, D\u00fcsseldorf<\/span>\t\t<span class=\"dates\">9 May &#8211; 17 May 1981<\/span><\/p>\n\t<\/div>\n<\/div>\t\t\t\t\t<div id=\"post-3651\" class=\"afg-list-item to-sort \">\n\t<div class=\"afg-list-item-content\">\n\t\t<h3>Sammlung Heidy und Louis Lambelet<\/h3>\n\t\t<p class=\"afg-metadata\">\n\t\t\t<span class=\"place\">Basel, Galerie N\u00e4chst St. Stephan, Wien<\/span>\t\t<span class=\"dates\">29 Apr &#8211; 12 May 1981<\/span><\/p>\n\t<\/div>\n<\/div>\t\t\t\t\t<div id=\"post-3652\" class=\"afg-list-item to-sort \">\n\t<div class=\"afg-list-item-content\">\n\t\t<h3>K<\/h3>\n\t\t<p class=\"afg-metadata\">\n\t\t\t<span class=\"place\">Centre d\u2019Art Contemporain, Gen\u00e8ve<\/span>\t\t<span class=\"dates\">23 Mar 1981<\/span><span class=\"solo\">Solo<\/span><\/p>\n\t<\/div>\n<\/div>\t\t\t\t\t<div id=\"post-3648\" class=\"afg-list-item to-sort \">\n\t<div class=\"afg-list-item-content\">\n\t\t<h3>Avangarden Retrospektive<\/h3>\n\t\t<p class=\"afg-metadata\">\n\t\t\t<span class=\"place\">Westf\u00e4lischer Kunstverein, M\u00fcnster<\/span>\t\t<span class=\"dates\">1981<\/span><\/p>\n\t<\/div>\n<\/div>\t\t\t\t\t\t\t\t\t\t\t\t<p class=\"timeline line to-sort\" id=\"section-1980\" data-year=\"1980\">1980<\/p>\n\t\t\t\t\t\t\t<div id=\"post-3653\" class=\"afg-list-item to-sort \">\n\t<div class=\"afg-list-item-content\">\n\t\t<h3>Ils se disent peintres, ils se disent photographes<\/h3>\n\t\t<p class=\"afg-metadata\">\n\t\t\t<span class=\"place\">ARC 2, Mus\u00e9e d\u2019Art Moderne, Paris<\/span>\t\t<span class=\"dates\">21 Nov &#8211; 4 Jan 1980<\/span><\/p>\n\t<\/div>\n<\/div>\t\t\t\t\t<div id=\"post-3654\" class=\"afg-list-item to-sort \">\n\t<div class=\"afg-list-item-content\">\n\t\t<h3>6 Fotografes<\/h3>\n\t\t<p class=\"afg-metadata\">\n\t\t\t<span class=\"place\">Studio 666, Paris<\/span>\t\t<span class=\"dates\">6 Nov &#8211; 30 Nov 1980<\/span><\/p>\n\t<\/div>\n<\/div>\t\t\t\t\t<div id=\"post-3655\" class=\"afg-list-item to-sort \">\n\t<div class=\"afg-list-item-content\">\n\t\t<h3>Le Silence Eclair\u00e9 de Blackout<\/h3>\n\t\t<p class=\"afg-metadata\">\n\t\t\t<span class=\"place\">\u201cAttitude\u201d, Strasbourg<\/span>\t\t<span class=\"dates\">15 Oct 1980<\/span><span class=\"solo\">Solo<\/span><\/p>\n\t<\/div>\n<\/div>\t\t\t\t\t<div id=\"post-443\" class=\"afg-list-item to-sort \">\n\t<div class=\"afg-list-item-content\">\n\t\t<h3>Le Silence \u00e9clair\u00e9 du Blackout<\/h3>\n\t\t<p class=\"afg-metadata\">\n\t\t\t<span class=\"place\">Attitude, Strasbourg<\/span>\t\t<span class=\"dates\">15 Oct 1980<\/span><span class=\"solo\">Solo<\/span><\/p>\n\t<\/div>\n<\/div>\t\t\t\t\t<article id=\"post-202\" class=\" to-sort \">\n\t\t<figure class=\"afg-post-item-content\">\n\t\t\t\t\t\t\t<a href=\"https:\/\/www.sarkis.fr\/en\/1980\/1980-ecouter-par-les-yeux\/\" title=\"\u00c9couter par les yeux.\" data-modal-link=\"#modal-blog-block_62d7ca49184e9\" class=\"landscape\">\n\t\t\t\t\t<img loading=\"lazy\" decoding=\"async\" width=\"785\" height=\"512\" src=\"https:\/\/www.sarkis.fr\/wp-content\/uploads\/2009\/05\/sarkis-1980-ecouter-par-les-yeux1.jpg\" class=\"attachment-full size-full\" alt=\"\" srcset=\"https:\/\/www.sarkis.fr\/wp-content\/uploads\/2009\/05\/sarkis-1980-ecouter-par-les-yeux1.jpg 785w, https:\/\/www.sarkis.fr\/wp-content\/uploads\/2009\/05\/sarkis-1980-ecouter-par-les-yeux1-300x196.jpg 300w\" sizes=\"auto, (max-width: 785px) 100vw, 785px\" \/>\t\t\t\t<\/a>\n\t\t\t\t\t\t<figcaption>\n\t\t\t\t<h2>\n\t\t\t\t\t<a href=\"https:\/\/www.sarkis.fr\/en\/1980\/1980-ecouter-par-les-yeux\/\" title=\"\u00c9couter par les yeux.\" data-modal-link=\"#modal-blog-block_62d7ca49184e9\">\n\t\t\t\t\t\t\u00c9couter par les yeux.\t\t\t\t\t<\/a>\n\t\t\t\t<\/h2>\n\t\t\t\t<p class=\"afg-metadata\">\n\t\t\t<span class=\"place\">ARC 2, Mus\u00e9e d\u2019Art Moderne, Paris<\/span>\t\t<span class=\"dates\">18 Jun &#8211; 24 Aug 1980<\/span><\/p>\n\t\t\t\t\t\t\t<\/figcaption>\n\t\t<\/figure>\n<\/article>\t\t\t\t\t<div id=\"post-3656\" class=\"afg-list-item to-sort \">\n\t<div class=\"afg-list-item-content\">\n\t\t<h3>Europe 80<\/h3>\n\t\t<p class=\"afg-metadata\">\n\t\t\t<span class=\"place\">ELAC, Lyon<\/span>\t\t<span class=\"dates\">6 Jun &#8211; 6 Sep 1980<\/span><\/p>\n\t<\/div>\n<\/div>\t\t\t\t\t<div id=\"post-3657\" class=\"afg-list-item to-sort \">\n\t<div class=\"afg-list-item-content\">\n\t\t<h3>Esperienza a Bordeaux<\/h3>\n\t\t<p class=\"afg-metadata\">\n\t\t\t<span class=\"place\">CAPC Biennale de Venise<\/span>\t\t<span class=\"dates\">29 May &#8211; 29 Sep 1980<\/span><\/p>\n\t<\/div>\n<\/div>\t\t\t\t\t<article id=\"post-120\" class=\" to-sort \">\n\t\t<figure class=\"afg-post-item-content\">\n\t\t\t\t\t\t\t<a href=\"https:\/\/www.sarkis.fr\/en\/1980\/le-reve-du-jour-et-de-nuit-du-peintre-en-batiment\/\" title=\"Le R\u00eave du Jour et de Nuit du Peintre en B\u00e2timent\" data-modal-link=\"#modal-blog-block_62d7ca49184e9\" class=\"landscape\">\n\t\t\t\t\t<img loading=\"lazy\" decoding=\"async\" width=\"789\" height=\"516\" src=\"https:\/\/www.sarkis.fr\/wp-content\/uploads\/2009\/05\/sarkis-1980-le-reve-du-jour-et-de-nuit-du-peintre-en-batiment.jpg\" class=\"attachment-full size-full\" alt=\"sarkis-1980-le-reve-du-jour-et-de-nuit-du-peintre-en-batiment\" srcset=\"https:\/\/www.sarkis.fr\/wp-content\/uploads\/2009\/05\/sarkis-1980-le-reve-du-jour-et-de-nuit-du-peintre-en-batiment.jpg 789w, https:\/\/www.sarkis.fr\/wp-content\/uploads\/2009\/05\/sarkis-1980-le-reve-du-jour-et-de-nuit-du-peintre-en-batiment-300x196.jpg 300w\" sizes=\"auto, (max-width: 789px) 100vw, 789px\" \/>\t\t\t\t<\/a>\n\t\t\t\t\t\t<figcaption>\n\t\t\t\t<h2>\n\t\t\t\t\t<a href=\"https:\/\/www.sarkis.fr\/en\/1980\/le-reve-du-jour-et-de-nuit-du-peintre-en-batiment\/\" title=\"Le R\u00eave du Jour et de Nuit du Peintre en B\u00e2timent\" data-modal-link=\"#modal-blog-block_62d7ca49184e9\">\n\t\t\t\t\t\tLe R\u00eave du Jour et de Nuit du Peintre en B\u00e2timent\t\t\t\t\t<\/a>\n\t\t\t\t<\/h2>\n\t\t\t\t<p class=\"afg-metadata\">\n\t\t\t<span class=\"place\">Ancien Th\u00e9\u00e2tre de Moli\u00e8re, Paris &#8211; Galerie Sonnabend, Paris<\/span>\t\t<span class=\"dates\">16 May &#8211; 31 May 1980<\/span><span class=\"solo\">Solo<\/span><\/p>\n\t\t\t\t\t\t\t<\/figcaption>\n\t\t<\/figure>\n<\/article>\t\t\t\t\t<div id=\"post-3658\" class=\"afg-list-item to-sort \">\n\t<div class=\"afg-list-item-content\">\n\t\t<h3>Kunstler B\u00fccher<\/h3>\n\t\t<p class=\"afg-metadata\">\n\t\t\t<span class=\"place\">Galerie Lydia Megert, Bern<\/span>\t\t<span class=\"dates\">1980<\/span><\/p>\n\t<\/div>\n<\/div>\t\t\t\t\t<div id=\"post-3659\" class=\"afg-list-item to-sort \">\n\t<div class=\"afg-list-item-content\">\n\t\t<h3>F\u00fcr Augen und Ohren<\/h3>\n\t\t<p class=\"afg-metadata\">\n\t\t\t<span class=\"place\">Kunst Akademie, Berlin<\/span>\t\t<span class=\"dates\">1980<\/span><\/p>\n\t<\/div>\n<\/div>\t\t\t\t\t<article id=\"post-118\" class=\" to-sort \">\n\t\t<figure class=\"afg-post-item-content\">\n\t\t\t\t\t\t\t<a href=\"https:\/\/www.sarkis.fr\/en\/1980\/reserves-sans-retour\/\" title=\"R\u00e9serves Sans Retour\" data-modal-link=\"#modal-blog-block_62d7ca49184e9\" class=\"landscape\">\n\t\t\t\t\t<img loading=\"lazy\" decoding=\"async\" width=\"800\" height=\"569\" src=\"https:\/\/www.sarkis.fr\/wp-content\/uploads\/2009\/05\/1980-Base-Soumarine-All.-Bordeaux.jpg\" class=\"attachment-full size-full\" alt=\"1980-Base-Soumarine-All.-Bordeaux\" srcset=\"https:\/\/www.sarkis.fr\/wp-content\/uploads\/2009\/05\/1980-Base-Soumarine-All.-Bordeaux.jpg 800w, https:\/\/www.sarkis.fr\/wp-content\/uploads\/2009\/05\/1980-Base-Soumarine-All.-Bordeaux-300x213.jpg 300w\" sizes=\"auto, (max-width: 800px) 100vw, 800px\" \/>\t\t\t\t<\/a>\n\t\t\t\t\t\t<figcaption>\n\t\t\t\t<h2>\n\t\t\t\t\t<a href=\"https:\/\/www.sarkis.fr\/en\/1980\/reserves-sans-retour\/\" title=\"R\u00e9serves Sans Retour\" data-modal-link=\"#modal-blog-block_62d7ca49184e9\">\n\t\t\t\t\t\tR\u00e9serves Sans Retour\t\t\t\t\t<\/a>\n\t\t\t\t<\/h2>\n\t\t\t\t<p class=\"afg-metadata\">\n\t\t\t<span class=\"place\">Base sous-marine Allemande, Bordeaux<\/span>\t\t<span class=\"dates\">1980<\/span><span class=\"solo\">Solo<\/span><\/p>\n\t<p class=\"afg-title-notes\">\n\t\tAvec le CAPC de Bordeaux\t<\/p>\t\n\t\t\t\t\t\t\t<\/figcaption>\n\t\t<\/figure>\n<\/article>\t\t\t\t\t\t\t\t\t\t\t\t<p class=\"timeline line to-sort\" id=\"section-1979\" data-year=\"1979\">1979<\/p>\n\t\t\t\t\t\t\t<div id=\"post-3661\" class=\"afg-list-item to-sort \">\n\t<div class=\"afg-list-item-content\">\n\t\t<h3>Partis Pris Autres<\/h3>\n\t\t<p class=\"afg-metadata\">\n\t\t\t<span class=\"place\">ARC 2, Mus\u00e9e d\u2019Art Moderne, Paris<\/span>\t\t<span class=\"dates\">14 Dec 1979 &#8211; 20 Jan 1980<\/span><\/p>\n\t<\/div>\n<\/div>\t\t\t\t\t<div id=\"post-3663\" class=\"afg-list-item to-sort \">\n\t<div class=\"afg-list-item-content\">\n\t\t<h3>DER TRAUM DES ANSTREICHERS (DER ERSTE TRAUM)<\/h3>\n\t\t<p class=\"afg-metadata\">\n\t\t\t<span class=\"place\">Galerie Felix Handschin, Basel<\/span>\t\t<span class=\"dates\">23 Oct &#8211; 11 Nov 1979<\/span><span class=\"solo\">Solo<\/span><\/p>\n\t<\/div>\n<\/div>\t\t\t\t\t<div id=\"post-3664\" class=\"afg-list-item to-sort \">\n\t<div class=\"afg-list-item-content\">\n\t\t<h3>\u0152uvres Contemporaines des Collections Nationales, Accrochages III<\/h3>\n\t\t<p class=\"afg-metadata\">\n\t\t\t<span class=\"place\">Centre Georges Pompidou, Paris<\/span>\t\t<span class=\"dates\">10 Oct &#8211; 19 Nov 1979<\/span><\/p>\n\t<\/div>\n<\/div>\t\t\t\t\t<div id=\"post-3665\" class=\"afg-list-item to-sort \">\n\t<div class=\"afg-list-item-content\">\n\t\t<h3>der Blackout deckt nicht Dewez, Braase und Sarkis<\/h3>\n\t\t<p class=\"afg-metadata\">\n\t\t\t<span class=\"place\">Forum Kunst, Rottweil<\/span>\t\t<span class=\"dates\">28 Apr &#8211; 27 May 1979<\/span><span class=\"solo\">Solo<\/span><\/p>\n\t<\/div>\n<\/div>\t\t\t\t\t<article id=\"post-200\" class=\" to-sort \">\n\t\t<figure class=\"afg-post-item-content\">\n\t\t\t\t\t\t\t<a href=\"https:\/\/www.sarkis.fr\/en\/1979\/1979-der-blackout-ist-voller-schwarzer\/\" title=\"DER BLACKOUT IST VOLLER SCHWARZER BLAUER ROTER GOLDENER FARBE SO WIE DER ANSTREICHER\" data-modal-link=\"#modal-blog-block_62d7ca49184e9\" class=\"landscape\">\n\t\t\t\t\t<img loading=\"lazy\" decoding=\"async\" width=\"761\" height=\"494\" src=\"https:\/\/www.sarkis.fr\/wp-content\/uploads\/2009\/05\/sarkis-1979-der-blackout-ist-voller-schwarzer1.jpg\" class=\"attachment-full size-full\" alt=\"sarkis-1979-der-blackout-ist-voller-schwarzer\" srcset=\"https:\/\/www.sarkis.fr\/wp-content\/uploads\/2009\/05\/sarkis-1979-der-blackout-ist-voller-schwarzer1.jpg 761w, https:\/\/www.sarkis.fr\/wp-content\/uploads\/2009\/05\/sarkis-1979-der-blackout-ist-voller-schwarzer1-300x195.jpg 300w\" sizes=\"auto, (max-width: 761px) 100vw, 761px\" \/>\t\t\t\t<\/a>\n\t\t\t\t\t\t<figcaption>\n\t\t\t\t<h2>\n\t\t\t\t\t<a href=\"https:\/\/www.sarkis.fr\/en\/1979\/1979-der-blackout-ist-voller-schwarzer\/\" title=\"DER BLACKOUT IST VOLLER SCHWARZER BLAUER ROTER GOLDENER FARBE SO WIE DER ANSTREICHER\" data-modal-link=\"#modal-blog-block_62d7ca49184e9\">\n\t\t\t\t\t\tDER BLACKOUT IST VOLLER SCHWARZER BLAUER ROTER GOLDENER FARBE SO WIE DER ANSTREICHER\t\t\t\t\t<\/a>\n\t\t\t\t<\/h2>\n\t\t\t\t<p class=\"afg-metadata\">\n\t\t\t<span class=\"place\">Neue Galerie, Sammlung Ludwig, Stadt Aachen<\/span>\t\t<span class=\"dates\">7 Apr &#8211; 8 May 1979<\/span><span class=\"solo\">Solo<\/span><\/p>\n\t\t\t\t\t\t\t<\/figcaption>\n\t\t<\/figure>\n<\/article>\t\t\t\t\t<div id=\"post-3666\" class=\"afg-list-item to-sort \">\n\t<div class=\"afg-list-item-content\">\n\t\t<h3>Paris-Istanbul, Vitrine pour l\u2019Art Actuel<\/h3>\n\t\t<p class=\"afg-metadata\">\n\t\t\t<span class=\"place\">Paris<\/span>\t\t<span class=\"dates\">24 Mar &#8211; 31 Mar 1979<\/span><span class=\"solo\">Solo<\/span><\/p>\n\t<\/div>\n<\/div>\t\t\t\t\t<article id=\"post-198\" class=\" to-sort \">\n\t\t<figure class=\"afg-post-item-content\">\n\t\t\t\t\t\t\t<a href=\"https:\/\/www.sarkis.fr\/en\/1979\/1979-reserves-accessibles\/\" title=\"R\u00e9serves Accessibles\" data-modal-link=\"#modal-blog-block_62d7ca49184e9\" class=\"landscape\">\n\t\t\t\t\t<img loading=\"lazy\" decoding=\"async\" width=\"733\" height=\"490\" src=\"https:\/\/www.sarkis.fr\/wp-content\/uploads\/2009\/05\/sarkis-1979-reserves-accessibles1.jpg\" class=\"attachment-full size-full\" alt=\"sarkis-1979-reserves-accessibles\" srcset=\"https:\/\/www.sarkis.fr\/wp-content\/uploads\/2009\/05\/sarkis-1979-reserves-accessibles1.jpg 733w, https:\/\/www.sarkis.fr\/wp-content\/uploads\/2009\/05\/sarkis-1979-reserves-accessibles1-300x201.jpg 300w\" sizes=\"auto, (max-width: 733px) 100vw, 733px\" \/>\t\t\t\t<\/a>\n\t\t\t\t\t\t<figcaption>\n\t\t\t\t<h2>\n\t\t\t\t\t<a href=\"https:\/\/www.sarkis.fr\/en\/1979\/1979-reserves-accessibles\/\" title=\"R\u00e9serves Accessibles\" data-modal-link=\"#modal-blog-block_62d7ca49184e9\">\n\t\t\t\t\t\tR\u00e9serves Accessibles\t\t\t\t\t<\/a>\n\t\t\t\t<\/h2>\n\t\t\t\t<p class=\"afg-metadata\">\n\t\t\t<span class=\"place\">Mus\u00e9e National d\u2019Art Moderne, Centre Georges Pompidou, Paris<\/span>\t\t<span class=\"dates\">22 Feb &#8211; 18 Apr 1979<\/span><span class=\"solo\">Solo<\/span><\/p>\n\t\t\t\t\t\t\t<\/figcaption>\n\t\t<\/figure>\n<\/article>\t\t\t\t\t<article id=\"post-64\" class=\" to-sort \">\n\t\t<figure class=\"afg-post-item-content\">\n\t\t\t\t\t\t\t<a href=\"https:\/\/www.sarkis.fr\/en\/1979\/1979-crise-en-rouge-et-vert\/\" title=\"CRISE (en rouge et vert).\" data-modal-link=\"#modal-blog-block_62d7ca49184e9\" class=\"landscape\">\n\t\t\t\t\t<img loading=\"lazy\" decoding=\"async\" width=\"800\" height=\"530\" src=\"https:\/\/www.sarkis.fr\/wp-content\/uploads\/2009\/05\/1979-CRISE-Sonnabend-2.jpg\" class=\"attachment-full size-full\" alt=\"1979-CRISE-Sonnabend-2\" srcset=\"https:\/\/www.sarkis.fr\/wp-content\/uploads\/2009\/05\/1979-CRISE-Sonnabend-2.jpg 800w, https:\/\/www.sarkis.fr\/wp-content\/uploads\/2009\/05\/1979-CRISE-Sonnabend-2-300x199.jpg 300w\" sizes=\"auto, (max-width: 800px) 100vw, 800px\" \/>\t\t\t\t<\/a>\n\t\t\t\t\t\t<figcaption>\n\t\t\t\t<h2>\n\t\t\t\t\t<a href=\"https:\/\/www.sarkis.fr\/en\/1979\/1979-crise-en-rouge-et-vert\/\" title=\"CRISE (en rouge et vert).\" data-modal-link=\"#modal-blog-block_62d7ca49184e9\">\n\t\t\t\t\t\tCRISE (en rouge et vert).\t\t\t\t\t<\/a>\n\t\t\t\t<\/h2>\n\t\t\t\t<p class=\"afg-metadata\">\n\t\t\t<span class=\"place\">Galerie Sonnabend, Paris<\/span>\t\t<span class=\"dates\">January 1979<\/span><span class=\"solo\">Solo<\/span><\/p>\n\t\t\t\t\t\t\t<\/figcaption>\n\t\t<\/figure>\n<\/article>\t\t\t\t\t<div id=\"post-3662\" class=\"afg-list-item to-sort \">\n\t<div class=\"afg-list-item-content\">\n\t\t<h3>Lux Perpetua<\/h3>\n\t\t<p class=\"afg-metadata\">\n\t\t\t<span class=\"place\">Clo\u00eetre Saint-Trophisme, Arles<\/span>\t\t<span class=\"dates\">1979<\/span><\/p>\n\t<\/div>\n<\/div>\t\t\t\t\t\t\t\t\t\t\t\t<p class=\"timeline line to-sort\" id=\"section-1978\" data-year=\"1978\">1978<\/p>\n\t\t\t\t\t\t\t<div id=\"post-3668\" class=\"afg-list-item to-sort \">\n\t<div class=\"afg-list-item-content\">\n\t\t<h3>Ib Braase Ragna Braase Rosita Dewez Osman Sarkis PARTERRE<\/h3>\n\t\t<p class=\"afg-metadata\">\n\t\t\t<span class=\"place\">Galerie Charley Chevalier, Paris<\/span>\t\t<span class=\"dates\">7 Nov &#8211; 1 Dec 1978<\/span><\/p>\n\t<\/div>\n<\/div>\t\t\t\t\t<div id=\"post-3669\" class=\"afg-list-item to-sort \">\n\t<div class=\"afg-list-item-content\">\n\t\t<h3>HammerAuesstellung<\/h3>\n\t\t<p class=\"afg-metadata\">\n\t\t\t<span class=\"place\">Basel<\/span>\t\t<span class=\"dates\">23 Sep 1978<\/span><\/p>\n\t<\/div>\n<\/div>\t\t\t\t\t<div id=\"post-3670\" class=\"afg-list-item to-sort \">\n\t<div class=\"afg-list-item-content\">\n\t\t<h3>Aspects de l\u2019Art en France<\/h3>\n\t\t<p class=\"afg-metadata\">\n\t\t\t<span class=\"place\">ART 9\u201978 Basel<\/span>\t\t<span class=\"dates\">14 Jun &#8211; 19 Jun 1978<\/span><\/p>\n\t<\/div>\n<\/div>\t\t\t\t\t<div id=\"post-3671\" class=\"afg-list-item to-sort \">\n\t<div class=\"afg-list-item-content\">\n\t\t<h3>Impr\u00e9gn\u00e9 de Rouge et de Vert le peintre en b\u00e2timent parle des grandes \u00e9poques qui viennent<\/h3>\n\t\t<p class=\"afg-metadata\">\n\t\t\t<span class=\"place\">Centre d\u2019Art Contemporain, Gen\u00e8ve, ouverture 6 06.<\/span>\t\t<span class=\"dates\">6 Jun 1978<\/span><span class=\"solo\">Solo<\/span><\/p>\n\t<\/div>\n<\/div>\t\t\t\t\t<article id=\"post-196\" class=\" to-sort \">\n\t\t<figure class=\"afg-post-item-content\">\n\t\t\t\t\t\t\t<a href=\"https:\/\/www.sarkis.fr\/en\/1978\/1978-maiakovski-lissitzky-ou-la-source-eclaire\/\" title=\"Maiakovski &#8211; Lissitzky ou La Source Eclaire.\" data-modal-link=\"#modal-blog-block_62d7ca49184e9\" class=\"landscape\">\n\t\t\t\t\t<img loading=\"lazy\" decoding=\"async\" width=\"772\" height=\"481\" src=\"https:\/\/www.sarkis.fr\/wp-content\/uploads\/2009\/05\/sarkis-1978-maiakovski-lissitzky-ou-la-source-eclaire1.jpg\" class=\"attachment-full size-full\" alt=\"sarkis-1978-maiakovski-lissitzky-ou-la-source-eclaire\" srcset=\"https:\/\/www.sarkis.fr\/wp-content\/uploads\/2009\/05\/sarkis-1978-maiakovski-lissitzky-ou-la-source-eclaire1.jpg 772w, https:\/\/www.sarkis.fr\/wp-content\/uploads\/2009\/05\/sarkis-1978-maiakovski-lissitzky-ou-la-source-eclaire1-300x187.jpg 300w\" sizes=\"auto, (max-width: 772px) 100vw, 772px\" \/>\t\t\t\t<\/a>\n\t\t\t\t\t\t<figcaption>\n\t\t\t\t<h2>\n\t\t\t\t\t<a href=\"https:\/\/www.sarkis.fr\/en\/1978\/1978-maiakovski-lissitzky-ou-la-source-eclaire\/\" title=\"Maiakovski &#8211; Lissitzky ou La Source Eclaire.\" data-modal-link=\"#modal-blog-block_62d7ca49184e9\">\n\t\t\t\t\t\tMaiakovski &#8211; Lissitzky ou La Source Eclaire.\t\t\t\t\t<\/a>\n\t\t\t\t<\/h2>\n\t\t\t\t<p class=\"afg-metadata\">\n\t\t\t<span class=\"place\">Galerie Surface de R\u00e9paration, Saint-Etienne<\/span>\t\t<span class=\"dates\">6 Mar &#8211; 26 Mar 1978<\/span><span class=\"solo\">Solo<\/span><\/p>\n\t\t\t\t\t\t\t<\/figcaption>\n\t\t<\/figure>\n<\/article>\t\t\t\t\t<div id=\"post-3672\" class=\"afg-list-item to-sort \">\n\t<div class=\"afg-list-item-content\">\n\t\t<h3>7 K\u00fcnstler in einem Raum<\/h3>\n\t\t<p class=\"afg-metadata\">\n\t\t\t<span class=\"place\">Kunstverein Bochum<\/span>\t\t<span class=\"dates\">2 Mar &#8211; 9 Apr 1978<\/span><\/p>\n\t<\/div>\n<\/div>\t\t\t\t\t<article id=\"post-114\" class=\" to-sort \">\n\t\t<figure class=\"afg-post-item-content\">\n\t\t\t\t\t\t\t<a href=\"https:\/\/www.sarkis.fr\/en\/1978\/kriegsschatz-klassenkrieg\/\" title=\"KRIEGSSCHATZ KLASSENKRIEG\" data-modal-link=\"#modal-blog-block_62d7ca49184e9\" class=\"landscape\">\n\t\t\t\t\t<img loading=\"lazy\" decoding=\"async\" width=\"749\" height=\"487\" src=\"https:\/\/www.sarkis.fr\/wp-content\/uploads\/2009\/05\/sarkis-1978-kriegsschatz-klassenkrieg1.jpg\" class=\"attachment-full size-full\" alt=\"\" srcset=\"https:\/\/www.sarkis.fr\/wp-content\/uploads\/2009\/05\/sarkis-1978-kriegsschatz-klassenkrieg1.jpg 749w, https:\/\/www.sarkis.fr\/wp-content\/uploads\/2009\/05\/sarkis-1978-kriegsschatz-klassenkrieg1-300x195.jpg 300w\" sizes=\"auto, (max-width: 749px) 100vw, 749px\" \/>\t\t\t\t<\/a>\n\t\t\t\t\t\t<figcaption>\n\t\t\t\t<h2>\n\t\t\t\t\t<a href=\"https:\/\/www.sarkis.fr\/en\/1978\/kriegsschatz-klassenkrieg\/\" title=\"KRIEGSSCHATZ KLASSENKRIEG\" data-modal-link=\"#modal-blog-block_62d7ca49184e9\">\n\t\t\t\t\t\tKRIEGSSCHATZ KLASSENKRIEG\t\t\t\t\t<\/a>\n\t\t\t\t<\/h2>\n\t\t\t\t<p class=\"afg-metadata\">\n\t\t\t<span class=\"place\">Westf\u00e4lischer Kunstverein, M\u00fcnster<\/span>\t\t<span class=\"dates\">14 Jan &#8211; 25 Feb 1978<\/span><span class=\"solo\">Solo<\/span><\/p>\n\t\t\t\t\t\t\t<\/figcaption>\n\t\t<\/figure>\n<\/article>\t\t\t\t\t<div id=\"post-3667\" class=\"afg-list-item to-sort \">\n\t<div class=\"afg-list-item-content\">\n\t\t<h3>The Record as Artwork (from Futurism to Conceptual Art)<\/h3>\n\t\t<p class=\"afg-metadata\">\n\t\t\t<span class=\"place\">The Fort Worth Art Museum, Texas &lt;br \/&gt;\r\n &#8211; Moor College of Art Gallery, Philadelphia<\/span>\t\t<span class=\"dates\">1978<\/span><\/p>\n\t<\/div>\n<\/div>\t\t\t\t\t\t\t\t\t\t\t\t<p class=\"timeline line to-sort\" id=\"section-1977\" data-year=\"1977\">1977<\/p>\n\t\t\t\t\t\t\t<div id=\"post-3680\" class=\"afg-list-item to-sort \">\n\t<div class=\"afg-list-item-content\">\n\t\t<h3>Le Peintre en b\u00e2timent parle des grandes \u00e9poques qui viennent (d\u2019apr\u00e8s Bertold Brecht)<\/h3>\n\t\t<p class=\"afg-metadata\">\n\t\t\t<span class=\"place\">Sarkis et la Galerie Sonnabend, 137, rue Saint-Martin, Paris<\/span>\t\t<span class=\"dates\">28 Sep 1977<\/span><span class=\"solo\">Solo<\/span><\/p>\n\t<p class=\"afg-title-notes\">\n\t\t\u201couverture\u201d jour et nuit\t<\/p>\t\n\t<\/div>\n<\/div>\t\t\t\t\t<div id=\"post-3681\" class=\"afg-list-item to-sort \">\n\t<div class=\"afg-list-item-content\">\n\t\t<h3>Wandarbeit gegen\u00fcber dem Standort der U-Boot-Marine Bordeaux<\/h3>\n\t\t<p class=\"afg-metadata\">\n\t\t\t<span class=\"place\">Galerie Maier-Hahn, D\u00fcsseldorf<\/span>\t\t<span class=\"dates\">22 Apr 1977<\/span><span class=\"solo\">Solo<\/span><\/p>\n\t<\/div>\n<\/div>\t\t\t\t\t<div id=\"post-3682\" class=\"afg-list-item to-sort \">\n\t<div class=\"afg-list-item-content\">\n\t\t<h3>Neun-neuf<\/h3>\n\t\t<p class=\"afg-metadata\">\n\t\t\t<span class=\"place\">Galerie Jasa, Munich<\/span>\t\t<span class=\"dates\">3 Feb &#8211; 23 Feb 1977<\/span><\/p>\n\t<p class=\"afg-title-notes\">\n\t\tavec Fleischer\t<\/p>\t\n\t<\/div>\n<\/div>\t\t\t\t\t<div id=\"post-3683\" class=\"afg-list-item to-sort \">\n\t<div class=\"afg-list-item-content\">\n\t\t<h3>1866-13.1.1977<\/h3>\n\t\t<p class=\"afg-metadata\">\n\t\t\t<span class=\"place\">Galerie JASA, Munich<\/span>\t\t<span class=\"dates\">13 Jan &#8211; 23 Feb 1977<\/span><span class=\"solo\">Solo<\/span><\/p>\n\t<\/div>\n<\/div>\t\t\t\t\t<div id=\"post-3674\" class=\"afg-list-item to-sort \">\n\t<div class=\"afg-list-item-content\">\n\t\t<h3>3 villes : 3 collections<\/h3>\n\t\t<p class=\"afg-metadata\">\n\t\t\t<span class=\"place\">Mus\u00e9e Cantini, Marseille &#8211; Mus\u00e9e d\u2019Art et d\u2019Industrie, Saint-Etienne &#8211; Mus\u00e9e de Peinture et de Sculpture, Grenoble &#8211; Centre National d\u2019Art et de Culture Georges Pompidou, Paris<\/span>\t\t<span class=\"dates\">1977<\/span><\/p>\n\t<p class=\"afg-title-notes\">\n\t\t1977\t<\/p>\t\n\t<\/div>\n<\/div>\t\t\t\t\t<div id=\"post-3673\" class=\"afg-list-item to-sort \">\n\t<div class=\"afg-list-item-content\">\n\t\t<h3>DOCUMENTA VI<\/h3>\n\t\t<p class=\"afg-metadata\">\n\t\t\t<span class=\"place\">Kassel<\/span>\t\t<span class=\"dates\">1977<\/span><\/p>\n\t<\/div>\n<\/div>\t\t\t\t\t<div id=\"post-3675\" class=\"afg-list-item to-sort \">\n\t<div class=\"afg-list-item-content\">\n\t\t<h3>Ib Braase, Sarkis, Dewez<\/h3>\n\t\t<p class=\"afg-metadata\">\n\t\t\t<span class=\"place\">Kunstforeningen Kopenhague<\/span>\t\t<span class=\"dates\">1977<\/span><\/p>\n\t<\/div>\n<\/div>\t\t\t\t\t<div id=\"post-3676\" class=\"afg-list-item to-sort \">\n\t<div class=\"afg-list-item-content\">\n\t\t<h3>BLACKOUT<\/h3>\n\t\t<p class=\"afg-metadata\">\n\t\t\t<span class=\"place\">New York<\/span>\t\t<span class=\"dates\">1977<\/span><span class=\"solo\">Solo<\/span><\/p>\n\t<p class=\"afg-title-notes\">\n\t\tBlackout = 20, avec ArtForum\t<\/p>\t\n\t<\/div>\n<\/div>\t\t\t\t\t<div id=\"post-3677\" class=\"afg-list-item to-sort \">\n\t<div class=\"afg-list-item-content\">\n\t\t<h3>Autopsie d\u2019un travail anonyme mural en face de la base sous-marine \u00e0 Bordeaux<\/h3>\n\t\t<p class=\"afg-metadata\">\n\t\t\t<span class=\"place\">Foire de Bari, Galerie Sonnabend<\/span>\t\t<span class=\"dates\">1977<\/span><span class=\"solo\">Solo<\/span><\/p>\n\t<\/div>\n<\/div>\t\t\t\t\t<div id=\"post-3679\" class=\"afg-list-item to-sort \">\n\t<div class=\"afg-list-item-content\">\n\t\t<h3>BLACKOUT 19<\/h3>\n\t\t<p class=\"afg-metadata\">\n\t\t\t<span class=\"place\">Foire de Bologne, Galerie Maier-Hahn<\/span>\t\t<span class=\"dates\">1977<\/span><span class=\"solo\">Solo<\/span><\/p>\n\t<\/div>\n<\/div>\t\t\t\t\t\t\t\t\t\t\t\t<p class=\"timeline line to-sort\" id=\"section-1976\" data-year=\"1976\">1976<\/p>\n\t\t\t\t\t\t\t<div id=\"post-3686\" class=\"afg-list-item to-sort \">\n\t<div class=\"afg-list-item-content\">\n\t\t<h3>Autopsie d\u2019une peinture anonyme murale en face de la Base Sous-marine \u00e0 Bordeaux<\/h3>\n\t\t<p class=\"afg-metadata\">\n\t\t\t<span class=\"place\">CAPC de Bordeaux<\/span>\t\t<span class=\"dates\">26 Oct &#8211; 27 Nov 1976<\/span><\/p>\n\t<\/div>\n<\/div>\t\t\t\t\t<div id=\"post-3687\" class=\"afg-list-item to-sort \">\n\t<div class=\"afg-list-item-content\">\n\t\t<h3>Tr\u00e9sor de Guerre<\/h3>\n\t\t<p class=\"afg-metadata\">\n\t\t\t<span class=\"place\">Festival de Nyon<\/span>\t\t<span class=\"dates\">16 Oct &#8211; 23 Oct 1976<\/span><span class=\"solo\">Solo<\/span><\/p>\n\t<\/div>\n<\/div>\t\t\t\t\t<div id=\"post-10348\" class=\"afg-list-item to-sort \">\n\t<div class=\"afg-list-item-content\">\n\t\t<h3>Blackout<\/h3>\n\t\t<p class=\"afg-metadata\">\n\t\t\t<span class=\"place\">Leica Museum, Foire de D\u00fcsseldorf, Galerie Skulima<\/span>\t\t<span class=\"dates\">September 1976<\/span><span class=\"solo\">Solo<\/span><\/p>\n\t<\/div>\n<\/div>\t\t\t\t\t<article id=\"post-194\" class=\" to-sort \">\n\t\t<figure class=\"afg-post-item-content\">\n\t\t\t\t\t\t\t<a href=\"https:\/\/www.sarkis.fr\/en\/1976\/1976-loi-1901-et-1881\/\" title=\"Loi 1901 et 1881\" data-modal-link=\"#modal-blog-block_62d7ca49184e9\" class=\"landscape\">\n\t\t\t\t\t<img loading=\"lazy\" decoding=\"async\" width=\"800\" height=\"537\" src=\"https:\/\/www.sarkis.fr\/wp-content\/uploads\/2009\/05\/1976-loi-1901-et-1881-galerie-C.M.-Saint-Etienne.jpg\" class=\"attachment-full size-full\" alt=\"1976-loi-1901-et-1881-galerie-C.M.-Saint-Etienne\" srcset=\"https:\/\/www.sarkis.fr\/wp-content\/uploads\/2009\/05\/1976-loi-1901-et-1881-galerie-C.M.-Saint-Etienne.jpg 800w, https:\/\/www.sarkis.fr\/wp-content\/uploads\/2009\/05\/1976-loi-1901-et-1881-galerie-C.M.-Saint-Etienne-300x201.jpg 300w\" sizes=\"auto, (max-width: 800px) 100vw, 800px\" \/>\t\t\t\t<\/a>\n\t\t\t\t\t\t<figcaption>\n\t\t\t\t<h2>\n\t\t\t\t\t<a href=\"https:\/\/www.sarkis.fr\/en\/1976\/1976-loi-1901-et-1881\/\" title=\"Loi 1901 et 1881\" data-modal-link=\"#modal-blog-block_62d7ca49184e9\">\n\t\t\t\t\t\tLoi 1901 et 1881\t\t\t\t\t<\/a>\n\t\t\t\t<\/h2>\n\t\t\t\t<p class=\"afg-metadata\">\n\t\t\t<span class=\"place\">Galerie C.M. Saint-Etienne<\/span>\t\t<span class=\"dates\">2 Jun 1976<\/span><span class=\"solo\">Solo<\/span><\/p>\n\t\t\t\t\t\t\t<\/figcaption>\n\t\t<\/figure>\n<\/article>\t\t\t\t\t<div id=\"post-3691\" class=\"afg-list-item to-sort \">\n\t<div class=\"afg-list-item-content\">\n\t\t<h3>Identit\u00e9 \/ Identification<\/h3>\n\t\t<p class=\"afg-metadata\">\n\t\t\t<span class=\"place\">CAPC de Bordeaux et Palais des Beaux-Arts de Bruxelles<\/span>\t\t<span class=\"dates\">20 Apr &#8211; 5 Jun 1976<\/span><\/p>\n\t<\/div>\n<\/div>\t\t\t\t\t<div id=\"post-3692\" class=\"afg-list-item to-sort \">\n\t<div class=\"afg-list-item-content\">\n\t\t<h3>Riferimento<\/h3>\n\t\t<p class=\"afg-metadata\">\n\t\t\t<span class=\"place\">Cenobio Visualita, Milano<\/span>\t\t<span class=\"dates\">28 Jan 1976<\/span><span class=\"solo\">Solo<\/span><\/p>\n\t<\/div>\n<\/div>\t\t\t\t\t<article id=\"post-60\" class=\" to-sort \">\n\t\t<figure class=\"afg-post-item-content\">\n\t\t\t\t\t\t\t<a href=\"https:\/\/www.sarkis.fr\/en\/1976\/1976-blackout-rouge\/\" title=\"Des Formes \u00e9l\u00e9mentaires en Qualit\u00e9 Militaire ou BLACKOUT ROUGE\" data-modal-link=\"#modal-blog-block_62d7ca49184e9\" class=\"landscape\">\n\t\t\t\t\t<img loading=\"lazy\" decoding=\"async\" width=\"789\" height=\"527\" src=\"https:\/\/www.sarkis.fr\/wp-content\/uploads\/2009\/05\/sarkis-1976-blackout-rouge1.jpg\" class=\"attachment-full size-full\" alt=\"sarkis-1976-blackout-rouge\" srcset=\"https:\/\/www.sarkis.fr\/wp-content\/uploads\/2009\/05\/sarkis-1976-blackout-rouge1.jpg 789w, https:\/\/www.sarkis.fr\/wp-content\/uploads\/2009\/05\/sarkis-1976-blackout-rouge1-300x200.jpg 300w\" sizes=\"auto, (max-width: 789px) 100vw, 789px\" \/>\t\t\t\t<\/a>\n\t\t\t\t\t\t<figcaption>\n\t\t\t\t<h2>\n\t\t\t\t\t<a href=\"https:\/\/www.sarkis.fr\/en\/1976\/1976-blackout-rouge\/\" title=\"Des Formes \u00e9l\u00e9mentaires en Qualit\u00e9 Militaire ou BLACKOUT ROUGE\" data-modal-link=\"#modal-blog-block_62d7ca49184e9\">\n\t\t\t\t\t\tDes Formes \u00e9l\u00e9mentaires en Qualit\u00e9 Militaire ou BLACKOUT ROUGE\t\t\t\t\t<\/a>\n\t\t\t\t<\/h2>\n\t\t\t\t<p class=\"afg-metadata\">\n\t\t\t<span class=\"place\">Galerie Sonnabend, Paris<\/span>\t\t<span class=\"dates\">8 Jan 1976<\/span><span class=\"solo\">Solo<\/span><\/p>\n\t\t\t\t\t\t\t<\/figcaption>\n\t\t<\/figure>\n<\/article>\t\t\t\t\t<div id=\"post-3684\" class=\"afg-list-item to-sort \">\n\t<div class=\"afg-list-item-content\">\n\t\t<h3>Bo\u00eetes<\/h3>\n\t\t<p class=\"afg-metadata\">\n\t\t\t<span class=\"place\">Mus\u00e9e d\u2019Art Moderne, ARC 2, Paris<\/span>\t\t<span class=\"dates\">1976<\/span><\/p>\n\t<\/div>\n<\/div>\t\t\t\t\t<div id=\"post-3688\" class=\"afg-list-item to-sort \">\n\t<div class=\"afg-list-item-content\">\n\t\t<h3>BLACKOUT (The Book)<\/h3>\n\t\t<p class=\"afg-metadata\">\n\t\t\t<span class=\"place\">Daner Galleriet, Kopenhague<\/span>\t\t<span class=\"dates\">1976<\/span><span class=\"solo\">Solo<\/span><\/p>\n\t<\/div>\n<\/div>\t\t\t\t\t<div id=\"post-3690\" class=\"afg-list-item to-sort \">\n\t<div class=\"afg-list-item-content\">\n\t\t<h3>Travail Manuel<\/h3>\n\t\t<p class=\"afg-metadata\">\n\t\t\t<span class=\"place\">Galerie 16-28, Paris<\/span>\t\t<span class=\"dates\">1976<\/span><span class=\"solo\">Solo<\/span><\/p>\n\t<\/div>\n<\/div>\t\t\t\t\t\t\t\t\t\t\t\t<p class=\"timeline line to-sort\" id=\"section-1975\" data-year=\"1975\">1975<\/p>\n\t\t\t\t\t\t\t<div id=\"post-3694\" class=\"afg-list-item to-sort \">\n\t<div class=\"afg-list-item-content\">\n\t\t<h3>REVOLUTION<\/h3>\n\t\t<p class=\"afg-metadata\">\n\t\t\t<span class=\"place\">Galerie Felix Handschin, Basel<\/span>\t\t<span class=\"dates\">September 1975<\/span><span class=\"solo\">Solo<\/span><\/p>\n\t<\/div>\n<\/div>\t\t\t\t\t<div id=\"post-3695\" class=\"afg-list-item to-sort \">\n\t<div class=\"afg-list-item-content\">\n\t\t<h3>BLACKOUT BLACKIN<\/h3>\n\t\t<p class=\"afg-metadata\">\n\t\t\t<span class=\"place\">Galerie Skulima, Berlin<\/span>\t\t<span class=\"dates\">9 May 1975<\/span><span class=\"solo\">Solo<\/span><\/p>\n\t<\/div>\n<\/div>\t\t\t\t\t<div id=\"post-3696\" class=\"afg-list-item to-sort \">\n\t<div class=\"afg-list-item-content\">\n\t\t<h3>BLACKOUT 9<\/h3>\n\t\t<p class=\"afg-metadata\">\n\t\t\t<span class=\"place\">Centre d\u2019Art Contemporain, Gen\u00e8ve<\/span>\t\t<span class=\"dates\">17 Apr &#8211; 17 May 1975<\/span><span class=\"solo\">Solo<\/span><\/p>\n\t<\/div>\n<\/div>\t\t\t\t\t<article id=\"post-192\" class=\" to-sort \">\n\t\t<figure class=\"afg-post-item-content\">\n\t\t\t\t\t\t\t<a href=\"https:\/\/www.sarkis.fr\/en\/1975\/1975-blackout-8\/\" title=\"BLACKOUT 8\" data-modal-link=\"#modal-blog-block_62d7ca49184e9\" class=\"landscape\">\n\t\t\t\t\t<img loading=\"lazy\" decoding=\"async\" width=\"800\" height=\"537\" src=\"https:\/\/www.sarkis.fr\/wp-content\/uploads\/2009\/05\/1975-BLACKOUT-8-le-Mtronome-Paris.jpg\" class=\"attachment-full size-full\" alt=\"1975-BLACKOUT-8-le-Mtronome-Paris\" srcset=\"https:\/\/www.sarkis.fr\/wp-content\/uploads\/2009\/05\/1975-BLACKOUT-8-le-Mtronome-Paris.jpg 800w, https:\/\/www.sarkis.fr\/wp-content\/uploads\/2009\/05\/1975-BLACKOUT-8-le-Mtronome-Paris-300x201.jpg 300w\" sizes=\"auto, (max-width: 800px) 100vw, 800px\" \/>\t\t\t\t<\/a>\n\t\t\t\t\t\t<figcaption>\n\t\t\t\t<h2>\n\t\t\t\t\t<a href=\"https:\/\/www.sarkis.fr\/en\/1975\/1975-blackout-8\/\" title=\"BLACKOUT 8\" data-modal-link=\"#modal-blog-block_62d7ca49184e9\">\n\t\t\t\t\t\tBLACKOUT 8\t\t\t\t\t<\/a>\n\t\t\t\t<\/h2>\n\t\t\t\t<p class=\"afg-metadata\">\n\t\t\t<span class=\"place\">Le M\u00e9tronome, Paris<\/span>\t\t<span class=\"dates\">17 Mar &#8211; 17 Apr 1975<\/span><span class=\"solo\">Solo<\/span><\/p>\n\t\t\t\t\t\t\t<\/figcaption>\n\t\t<\/figure>\n<\/article>\t\t\t\t\t<div id=\"post-3697\" class=\"afg-list-item to-sort \">\n\t<div class=\"afg-list-item-content\">\n\t\t<h3>Gun Metal 2 BLACKOUT 7<\/h3>\n\t\t<p class=\"afg-metadata\">\n\t\t\t<span class=\"place\">Cenobio Visualita, Milano<\/span>\t\t<span class=\"dates\">January 1975<\/span><span class=\"solo\">Solo<\/span><\/p>\n\t<\/div>\n<\/div>\t\t\t\t\t<div id=\"post-3698\" class=\"afg-list-item to-sort \">\n\t<div class=\"afg-list-item-content\">\n\t\t<h3>1924<\/h3>\n\t\t<p class=\"afg-metadata\">\n\t\t\t<span class=\"place\">Galerie des Locataires, Milan, Paris, Zagreb, D\u00fcsseldorf, Londres<\/span>\t\t<span class=\"dates\">January 1975<\/span><span class=\"solo\">Solo<\/span><\/p>\n\t<\/div>\n<\/div>\t\t\t\t\t<div id=\"post-7241\" class=\"afg-list-item to-sort \">\n\t<div class=\"afg-list-item-content\">\n\t\t<h3>1924 janvier 1975<\/h3>\n\t\t<p class=\"afg-metadata\">\n\t\t\t<span class=\"place\">Galerie des Locataires, Milan, Paris, Zagreb, D\u00fcsseldorf, Londres<\/span>\t\t<span class=\"dates\">January 1975<\/span><span class=\"solo\">Solo<\/span><\/p>\n\t<\/div>\n<\/div>\t\t\t\t\t\t\t\t\t\t\t\t<p class=\"timeline line to-sort\" id=\"section-1974\" data-year=\"1974\">1974<\/p>\n\t\t\t\t\t\t\t<article id=\"post-56\" class=\" to-sort \">\n\t\t<figure class=\"afg-post-item-content\">\n\t\t\t\t\t\t\t<a href=\"https:\/\/www.sarkis.fr\/en\/1974\/1974-blackout-1\/\" title=\"BLACKOUT 1\" data-modal-link=\"#modal-blog-block_62d7ca49184e9\" class=\"landscape\">\n\t\t\t\t\t<img loading=\"lazy\" decoding=\"async\" width=\"800\" height=\"577\" src=\"https:\/\/www.sarkis.fr\/wp-content\/uploads\/2009\/05\/sarkis-1974-blackout-11.jpg\" class=\"attachment-full size-full\" alt=\"sarkis-1974-blackout-1\" srcset=\"https:\/\/www.sarkis.fr\/wp-content\/uploads\/2009\/05\/sarkis-1974-blackout-11.jpg 800w, https:\/\/www.sarkis.fr\/wp-content\/uploads\/2009\/05\/sarkis-1974-blackout-11-300x216.jpg 300w\" sizes=\"auto, (max-width: 800px) 100vw, 800px\" \/>\t\t\t\t<\/a>\n\t\t\t\t\t\t<figcaption>\n\t\t\t\t<h2>\n\t\t\t\t\t<a href=\"https:\/\/www.sarkis.fr\/en\/1974\/1974-blackout-1\/\" title=\"BLACKOUT 1\" data-modal-link=\"#modal-blog-block_62d7ca49184e9\">\n\t\t\t\t\t\tBLACKOUT 1\t\t\t\t\t<\/a>\n\t\t\t\t<\/h2>\n\t\t\t\t<p class=\"afg-metadata\">\n\t\t\t<span class=\"place\">Galerie Handschin, Basel<\/span>\t\t<span class=\"dates\">September &#8211; November 1974<\/span><span class=\"solo\">Solo<\/span><\/p>\n\t\t\t\t\t\t\t<\/figcaption>\n\t\t<\/figure>\n<\/article>\t\t\t\t\t<article id=\"post-190\" class=\" to-sort \">\n\t\t<figure class=\"afg-post-item-content\">\n\t\t\t\t\t\t\t<a href=\"https:\/\/www.sarkis.fr\/en\/1974\/1974-gun-metal\/\" title=\"Gun Metal\" data-modal-link=\"#modal-blog-block_62d7ca49184e9\" class=\"landscape\">\n\t\t\t\t\t<img loading=\"lazy\" decoding=\"async\" width=\"800\" height=\"502\" src=\"https:\/\/www.sarkis.fr\/wp-content\/uploads\/2009\/05\/1974-Gun-Metal-galerie-Sonnabend-Paris-solo.jpg\" class=\"attachment-full size-full\" alt=\"1974-Gun-Metal-galerie-Sonnabend-Paris-solo\" srcset=\"https:\/\/www.sarkis.fr\/wp-content\/uploads\/2009\/05\/1974-Gun-Metal-galerie-Sonnabend-Paris-solo.jpg 800w, https:\/\/www.sarkis.fr\/wp-content\/uploads\/2009\/05\/1974-Gun-Metal-galerie-Sonnabend-Paris-solo-300x188.jpg 300w\" sizes=\"auto, (max-width: 800px) 100vw, 800px\" \/>\t\t\t\t<\/a>\n\t\t\t\t\t\t<figcaption>\n\t\t\t\t<h2>\n\t\t\t\t\t<a href=\"https:\/\/www.sarkis.fr\/en\/1974\/1974-gun-metal\/\" title=\"Gun Metal\" data-modal-link=\"#modal-blog-block_62d7ca49184e9\">\n\t\t\t\t\t\tGun Metal\t\t\t\t\t<\/a>\n\t\t\t\t<\/h2>\n\t\t\t\t<p class=\"afg-metadata\">\n\t\t\t<span class=\"place\">Galerie Sonnabend, Paris<\/span>\t\t<span class=\"dates\">17 Sep 1974<\/span><span class=\"solo\">Solo<\/span><\/p>\n\t\t\t\t\t\t\t<\/figcaption>\n\t\t<\/figure>\n<\/article>\t\t\t\t\t<div id=\"post-3701\" class=\"afg-list-item to-sort \">\n\t<div class=\"afg-list-item-content\">\n\t\t<h3>Schallplatte als Kunstwerk, Record as Artwork<\/h3>\n\t\t<p class=\"afg-metadata\">\n\t\t\t<span class=\"place\">Galerie Ricke, K\u00f6ln<\/span>\t\t<span class=\"dates\">26 Apr 1974<\/span><\/p>\n\t<\/div>\n<\/div>\t\t\t\t\t<div id=\"post-3702\" class=\"afg-list-item to-sort \">\n\t<div class=\"afg-list-item-content\">\n\t\t<h3>Signori, tutto ci\u00f2 che avete detto \u00e8 stato registrato. Vi far\u00f2 ascoltare la registrazione. L\u2019affare non \u00e8 stato archiviato, signori<\/h3>\n\t\t<p class=\"afg-metadata\">\n\t\t\t<span class=\"place\">Modern Art Agency Lucio Amelio, Napoli<\/span>\t\t<span class=\"dates\">2 Mar 1974<\/span><span class=\"solo\">Solo<\/span><\/p>\n\t<\/div>\n<\/div>\t\t\t\t\t<div id=\"post-3703\" class=\"afg-list-item to-sort \">\n\t<div class=\"afg-list-item-content\">\n\t\t<h3>ARS 74<\/h3>\n\t\t<p class=\"afg-metadata\">\n\t\t\t<span class=\"place\">Ateneum Museum, Helsinki<\/span>\t\t<span class=\"dates\">14 Feb 1974<\/span><\/p>\n\t<\/div>\n<\/div>\t\t\t\t\t<article id=\"post-188\" class=\" to-sort \">\n\t\t<figure class=\"afg-post-item-content\">\n\t\t\t\t\t\t\t<a href=\"https:\/\/www.sarkis.fr\/en\/1974\/1974-la-drama-of-the-tempest\/\" title=\"La Drama of the Tempest avec la Suite de l\u2019Op\u00e9ration Organe avec les Armes de Saint-Etienne avec l\u2019Atelier-Habitation ou D\u00e9p\u00f4t d\u2019Armes de la rue Vergniaud avec presque toutes les pi\u00e8ces CLASSEes avec les disques camoufl\u00e9s&#8230; de Sarkis Zabunyan\" data-modal-link=\"#modal-blog-block_62d7ca49184e9\" class=\"landscape\">\n\t\t\t\t\t<img loading=\"lazy\" decoding=\"async\" width=\"800\" height=\"533\" src=\"https:\/\/www.sarkis.fr\/wp-content\/uploads\/2009\/05\/1974-La-Drama-of-the-Tempest-Muse-Saint-Etienne-solo-.jpg\" class=\"attachment-full size-full\" alt=\"1974-La-Drama-of-the-Tempest-Muse-Saint-Etienne-solo-\" srcset=\"https:\/\/www.sarkis.fr\/wp-content\/uploads\/2009\/05\/1974-La-Drama-of-the-Tempest-Muse-Saint-Etienne-solo-.jpg 800w, https:\/\/www.sarkis.fr\/wp-content\/uploads\/2009\/05\/1974-La-Drama-of-the-Tempest-Muse-Saint-Etienne-solo--300x200.jpg 300w\" sizes=\"auto, (max-width: 800px) 100vw, 800px\" \/>\t\t\t\t<\/a>\n\t\t\t\t\t\t<figcaption>\n\t\t\t\t<h2>\n\t\t\t\t\t<a href=\"https:\/\/www.sarkis.fr\/en\/1974\/1974-la-drama-of-the-tempest\/\" title=\"La Drama of the Tempest avec la Suite de l\u2019Op\u00e9ration Organe avec les Armes de Saint-Etienne avec l\u2019Atelier-Habitation ou D\u00e9p\u00f4t d\u2019Armes de la rue Vergniaud avec presque toutes les pi\u00e8ces CLASSEes avec les disques camoufl\u00e9s&#8230; de Sarkis Zabunyan\" data-modal-link=\"#modal-blog-block_62d7ca49184e9\">\n\t\t\t\t\t\tLa Drama of the Tempest avec la Suite de l\u2019Op\u00e9ration Organe avec les Armes de Saint-Etienne avec l\u2019Atelier-Habitation ou D\u00e9p\u00f4t d\u2019Armes de la rue Vergniaud avec presque toutes les pi\u00e8ces CLASSEes avec les disques camoufl\u00e9s&#8230; de Sarkis Zabunyan\t\t\t\t\t<\/a>\n\t\t\t\t<\/h2>\n\t\t\t\t<p class=\"afg-metadata\">\n\t\t\t<span class=\"place\">Mus\u00e9e d\u2019Art et d\u2019Industrie, Saint-Etienne<\/span>\t\t<span class=\"dates\">7 Jan 1974<\/span><span class=\"solo\">Solo<\/span><\/p>\n\t\t\t\t\t\t\t<\/figcaption>\n\t\t<\/figure>\n<\/article>\t\t\t\t\t<article id=\"post-58\" class=\" to-sort \">\n\t\t<figure class=\"afg-post-item-content\">\n\t\t\t\t\t\t\t<a href=\"https:\/\/www.sarkis.fr\/en\/1974\/1974-la-drama-of-the-tempesta\/\" title=\"La Drama of the Tempesta.\" data-modal-link=\"#modal-blog-block_62d7ca49184e9\" class=\"landscape\">\n\t\t\t\t\t<img loading=\"lazy\" decoding=\"async\" width=\"784\" height=\"529\" src=\"https:\/\/www.sarkis.fr\/wp-content\/uploads\/2009\/05\/sarkis-1974-la-drama-of-the-tempesta1.jpg\" class=\"attachment-full size-full\" alt=\"\" srcset=\"https:\/\/www.sarkis.fr\/wp-content\/uploads\/2009\/05\/sarkis-1974-la-drama-of-the-tempesta1.jpg 784w, https:\/\/www.sarkis.fr\/wp-content\/uploads\/2009\/05\/sarkis-1974-la-drama-of-the-tempesta1-300x202.jpg 300w\" sizes=\"auto, (max-width: 784px) 100vw, 784px\" \/>\t\t\t\t<\/a>\n\t\t\t\t\t\t<figcaption>\n\t\t\t\t<h2>\n\t\t\t\t\t<a href=\"https:\/\/www.sarkis.fr\/en\/1974\/1974-la-drama-of-the-tempesta\/\" title=\"La Drama of the Tempesta.\" data-modal-link=\"#modal-blog-block_62d7ca49184e9\">\n\t\t\t\t\t\tLa Drama of the Tempesta.\t\t\t\t\t<\/a>\n\t\t\t\t<\/h2>\n\t\t\t\t<p class=\"afg-metadata\">\n\t\t\t<span class=\"place\">Gallerie La Salita, Roma<\/span>\t\t<span class=\"dates\">January 1974<\/span><span class=\"solo\">Solo<\/span><\/p>\n\t\t\t\t\t\t\t<\/figcaption>\n\t\t<\/figure>\n<\/article>\t\t\t\t\t<div id=\"post-3699\" class=\"afg-list-item to-sort \">\n\t<div class=\"afg-list-item-content\">\n\t\t<h3>Multiples<\/h3>\n\t\t<p class=\"afg-metadata\">\n\t\t\t<span class=\"place\">Neuen Berliner Kunstverein, Berlin<\/span>\t\t<span class=\"dates\">1974<\/span><\/p>\n\t<\/div>\n<\/div>\t\t\t\t\t<div id=\"post-3700\" class=\"afg-list-item to-sort \">\n\t<div class=\"afg-list-item-content\">\n\t\t<h3>BLACKOUT 2<\/h3>\n\t\t<p class=\"afg-metadata\">\n\t\t\t<span class=\"place\">Galerie Handschin, Kunstmark, K\u00f6ln<\/span>\t\t<span class=\"dates\">1974<\/span><span class=\"solo\">Solo<\/span><\/p>\n\t<\/div>\n<\/div>\t\t\t\t\t\t\t\t\t\t\t\t<p class=\"timeline line to-sort\" id=\"section-1973\" data-year=\"1973\">1973<\/p>\n\t\t\t\t\t\t\t<div id=\"post-3704\" class=\"afg-list-item to-sort \">\n\t<div class=\"afg-list-item-content\">\n\t\t<h3>Ferrograph 722 H<\/h3>\n\t\t<p class=\"afg-metadata\">\n\t\t\t<span class=\"place\">Institut Pierre et Marie Curie, Paris<\/span>\t\t<span class=\"dates\">10 Dec 1973<\/span><span class=\"solo\">Solo<\/span><\/p>\n\t<p class=\"afg-title-notes\">\n\t\t\u00e0 18 h 30.\t<\/p>\t\n\t<\/div>\n<\/div>\t\t\t\t\t<article id=\"post-186\" class=\" to-sort \">\n\t\t<figure class=\"afg-post-item-content\">\n\t\t\t\t\t\t\t<a href=\"https:\/\/www.sarkis.fr\/en\/1973\/1973-tableaux-dune-exposition\/\" title=\"Tableaux d&#8217;une Exposition\" data-modal-link=\"#modal-blog-block_62d7ca49184e9\" class=\"landscape\">\n\t\t\t\t\t<img loading=\"lazy\" decoding=\"async\" width=\"800\" height=\"521\" src=\"https:\/\/www.sarkis.fr\/wp-content\/uploads\/2009\/05\/1973.9.30-Tableaux-dune-exposition-Pont-des-Arts-Paris-solo.jpg\" class=\"attachment-full size-full\" alt=\"1973.9.30-Tableaux-dune-exposition-Pont-des-Arts-Paris-solo\" srcset=\"https:\/\/www.sarkis.fr\/wp-content\/uploads\/2009\/05\/1973.9.30-Tableaux-dune-exposition-Pont-des-Arts-Paris-solo.jpg 800w, https:\/\/www.sarkis.fr\/wp-content\/uploads\/2009\/05\/1973.9.30-Tableaux-dune-exposition-Pont-des-Arts-Paris-solo-300x195.jpg 300w\" sizes=\"auto, (max-width: 800px) 100vw, 800px\" \/>\t\t\t\t<\/a>\n\t\t\t\t\t\t<figcaption>\n\t\t\t\t<h2>\n\t\t\t\t\t<a href=\"https:\/\/www.sarkis.fr\/en\/1973\/1973-tableaux-dune-exposition\/\" title=\"Tableaux d&#8217;une Exposition\" data-modal-link=\"#modal-blog-block_62d7ca49184e9\">\n\t\t\t\t\t\tTableaux d&#8217;une Exposition\t\t\t\t\t<\/a>\n\t\t\t\t<\/h2>\n\t\t\t\t<p class=\"afg-metadata\">\n\t\t\t<span class=\"place\">Pont des Arts, Paris<\/span>\t\t<span class=\"dates\">30 Sep &#8211; 4 Oct 1973<\/span><span class=\"solo\">Solo<\/span><\/p>\n\t\t\t\t\t\t\t<\/figcaption>\n\t\t<\/figure>\n<\/article>\t\t\t\t\t<div id=\"post-3705\" class=\"afg-list-item to-sort \">\n\t<div class=\"afg-list-item-content\">\n\t\t<h3>Aspects de l\u2019Art Actuel<\/h3>\n\t\t<p class=\"afg-metadata\">\n\t\t\t<span class=\"place\">Galerie Sonnabend au Mus\u00e9e Galliera, Paris<\/span>\t\t<span class=\"dates\">14 Sep 1973<\/span><\/p>\n\t<p class=\"afg-title-notes\">\n\t\tFestival d\u2019Automne\t<\/p>\t\n\t<\/div>\n<\/div>\t\t\t\t\t<div id=\"post-3706\" class=\"afg-list-item to-sort \">\n\t<div class=\"afg-list-item-content\">\n\t\t<h3>La Drama of the Tempest<\/h3>\n\t\t<p class=\"afg-metadata\">\n\t\t\t<span class=\"place\">Mus\u00e9e Galliera, Paris<\/span>\t\t<span class=\"dates\">1 Jan 1973<\/span><span class=\"solo\">Solo<\/span><\/p>\n\t<\/div>\n<\/div>\t\t\t\t\t\t\t\t\t\t\t\t<p class=\"timeline line to-sort\" id=\"section-1972\" data-year=\"1972\">1972<\/p>\n\t\t\t\t\t\t\t<div id=\"post-3707\" class=\"afg-list-item to-sort \">\n\t<div class=\"afg-list-item-content\">\n\t\t<h3>Suite de l\u2019Op\u00e9ration Organe<\/h3>\n\t\t<p class=\"afg-metadata\">\n\t\t\t<span class=\"place\">Galerie Sonnabend, Paris<\/span>\t\t<span class=\"dates\">26 Oct 1972<\/span><span class=\"solo\">Solo<\/span><\/p>\n\t<\/div>\n<\/div>\t\t\t\t\t<div id=\"post-7409\" class=\"afg-list-item to-sort \">\n\t<div class=\"afg-list-item-content\">\n\t\t<h3>Suite de l\u2019Op\u00e9ration Organe<\/h3>\n\t\t<p class=\"afg-metadata\">\n\t\t\t<span class=\"place\">Galerie Sonnabend, Paris<\/span>\t\t<span class=\"dates\">26 Oct 1972<\/span><span class=\"solo\">Solo<\/span><\/p>\n\t<\/div>\n<\/div>\t\t\t\t\t<article id=\"post-12\" class=\" to-sort \">\n\t\t<figure class=\"afg-post-item-content\">\n\t\t\t\t\t\t\t<a href=\"https:\/\/www.sarkis.fr\/en\/1972\/operation-organe\/\" title=\"Op\u00e9ration Organe\" data-modal-link=\"#modal-blog-block_62d7ca49184e9\" class=\"landscape\">\n\t\t\t\t\t<img loading=\"lazy\" decoding=\"async\" width=\"800\" height=\"528\" src=\"https:\/\/www.sarkis.fr\/wp-content\/uploads\/2009\/04\/1972_operation_organe.jpg\" class=\"attachment-full size-full\" alt=\"Sarkis, Op\u00e9ration Organe, Kunsthalle, D\u00fcsseldorf, 15 sep. - 15 oct. 1972\" srcset=\"https:\/\/www.sarkis.fr\/wp-content\/uploads\/2009\/04\/1972_operation_organe.jpg 800w, https:\/\/www.sarkis.fr\/wp-content\/uploads\/2009\/04\/1972_operation_organe-300x198.jpg 300w\" sizes=\"auto, (max-width: 800px) 100vw, 800px\" \/>\t\t\t\t<\/a>\n\t\t\t\t\t\t<figcaption>\n\t\t\t\t<h2>\n\t\t\t\t\t<a href=\"https:\/\/www.sarkis.fr\/en\/1972\/operation-organe\/\" title=\"Op\u00e9ration Organe\" data-modal-link=\"#modal-blog-block_62d7ca49184e9\">\n\t\t\t\t\t\tOp\u00e9ration Organe\t\t\t\t\t<\/a>\n\t\t\t\t<\/h2>\n\t\t\t\t<p class=\"afg-metadata\">\n\t\t\t<span class=\"place\">Kunsthalle, D\u00fcsseldorf<\/span>\t\t<span class=\"dates\">15 Sep &#8211; 15 Oct 1972<\/span><span class=\"solo\">Solo<\/span><\/p>\n\t\t\t\t\t\t\t<\/figcaption>\n\t\t<\/figure>\n<\/article>\t\t\t\t\t<div id=\"post-3708\" class=\"afg-list-item to-sort \">\n\t<div class=\"afg-list-item-content\">\n\t\t<h3>A l\u2019Akademia Raymond Duncan (avec Sauerwein, Borgeaud, Le Gac, Boltanski, Messager, Sarkis)<\/h3>\n\t\t<p class=\"afg-metadata\">\n\t\t\t<span class=\"place\">Paris<\/span>\t\t<span class=\"dates\">1 Apr &#8211; 29 Apr 1972<\/span><\/p>\n\t<\/div>\n<\/div>\t\t\t\t\t\t\t\t\t\t\t\t<p class=\"timeline line to-sort\" id=\"section-1971\" data-year=\"1971\">1971<\/p>\n\t\t\t\t\t\t\t<article id=\"post-184\" class=\" to-sort \">\n\t\t<figure class=\"afg-post-item-content\">\n\t\t\t\t\t\t\t<a href=\"https:\/\/www.sarkis.fr\/en\/1971\/1971-le-iiieme-reich-des-origines-a-la-chute\/\" title=\"Le III\u00e8me Reich des origines \u00e0 la chute\" data-modal-link=\"#modal-blog-block_62d7ca49184e9\" class=\"landscape\">\n\t\t\t\t\t<img loading=\"lazy\" decoding=\"async\" width=\"800\" height=\"532\" src=\"https:\/\/www.sarkis.fr\/wp-content\/uploads\/2009\/05\/1971-le-III.-reich-des-origines--la-chute-galerie-Sonnabend-Paris-solo.jpg\" class=\"attachment-full size-full\" alt=\"1971-le-III.-reich-des-origines--la-chute-galerie-Sonnabend-Paris-solo\" srcset=\"https:\/\/www.sarkis.fr\/wp-content\/uploads\/2009\/05\/1971-le-III.-reich-des-origines--la-chute-galerie-Sonnabend-Paris-solo.jpg 800w, https:\/\/www.sarkis.fr\/wp-content\/uploads\/2009\/05\/1971-le-III.-reich-des-origines--la-chute-galerie-Sonnabend-Paris-solo-300x200.jpg 300w\" sizes=\"auto, (max-width: 800px) 100vw, 800px\" \/>\t\t\t\t<\/a>\n\t\t\t\t\t\t<figcaption>\n\t\t\t\t<h2>\n\t\t\t\t\t<a href=\"https:\/\/www.sarkis.fr\/en\/1971\/1971-le-iiieme-reich-des-origines-a-la-chute\/\" title=\"Le III\u00e8me Reich des origines \u00e0 la chute\" data-modal-link=\"#modal-blog-block_62d7ca49184e9\">\n\t\t\t\t\t\tLe III\u00e8me Reich des origines \u00e0 la chute\t\t\t\t\t<\/a>\n\t\t\t\t<\/h2>\n\t\t\t\t<p class=\"afg-metadata\">\n\t\t\t<span class=\"place\">Galerie Sonnabend, Paris<\/span>\t\t<span class=\"dates\">18 Nov &#8211; 30 Nov 1971<\/span><span class=\"solo\">Solo<\/span><\/p>\n\t\t\t\t\t\t\t<\/figcaption>\n\t\t<\/figure>\n<\/article>\t\t\t\t\t<article id=\"post-110\" class=\" to-sort \">\n\t\t<figure class=\"afg-post-item-content\">\n\t\t\t\t\t\t\t<a href=\"https:\/\/www.sarkis.fr\/en\/1971\/sarkis-6\/\" title=\"Sarkis\" data-modal-link=\"#modal-blog-block_62d7ca49184e9\" class=\"landscape\">\n\t\t\t\t\t<img loading=\"lazy\" decoding=\"async\" width=\"800\" height=\"538\" src=\"https:\/\/www.sarkis.fr\/wp-content\/uploads\/2009\/05\/1971-Piece-attachee-au-sol-gal.-Handschin-Basel.jpg\" class=\"attachment-full size-full\" alt=\"1971-Piece-attachee-au-sol-gal.-Handschin-Basel\" srcset=\"https:\/\/www.sarkis.fr\/wp-content\/uploads\/2009\/05\/1971-Piece-attachee-au-sol-gal.-Handschin-Basel.jpg 800w, https:\/\/www.sarkis.fr\/wp-content\/uploads\/2009\/05\/1971-Piece-attachee-au-sol-gal.-Handschin-Basel-300x202.jpg 300w\" sizes=\"auto, (max-width: 800px) 100vw, 800px\" \/>\t\t\t\t<\/a>\n\t\t\t\t\t\t<figcaption>\n\t\t\t\t<h2>\n\t\t\t\t\t<a href=\"https:\/\/www.sarkis.fr\/en\/1971\/sarkis-6\/\" title=\"Sarkis\" data-modal-link=\"#modal-blog-block_62d7ca49184e9\">\n\t\t\t\t\t\tSarkis\t\t\t\t\t<\/a>\n\t\t\t\t<\/h2>\n\t\t\t\t<p class=\"afg-metadata\">\n\t\t\t<span class=\"place\">Galerie Handschin, Basel<\/span>\t\t<span class=\"dates\">1 Oct &#8211; 30 Oct 1971<\/span><span class=\"solo\">Solo<\/span><\/p>\n\t\t\t\t\t\t\t<\/figcaption>\n\t\t<\/figure>\n<\/article>\t\t\t\t\t<article id=\"post-182\" class=\" to-sort \">\n\t\t<figure class=\"afg-post-item-content\">\n\t\t\t\t\t\t\t<a href=\"https:\/\/www.sarkis.fr\/en\/1971\/1971-chiens-loups\/\" title=\"Chiens-Loups\" data-modal-link=\"#modal-blog-block_62d7ca49184e9\" class=\"portrait\">\n\t\t\t\t\t<img loading=\"lazy\" decoding=\"async\" width=\"514\" height=\"794\" src=\"https:\/\/www.sarkis.fr\/wp-content\/uploads\/2009\/05\/sarkis-1971-chiens-loups1.jpg\" class=\"attachment-full size-full\" alt=\"sarkis-1971-chiens-loups\" srcset=\"https:\/\/www.sarkis.fr\/wp-content\/uploads\/2009\/05\/sarkis-1971-chiens-loups1.jpg 514w, https:\/\/www.sarkis.fr\/wp-content\/uploads\/2009\/05\/sarkis-1971-chiens-loups1-194x300.jpg 194w\" sizes=\"auto, (max-width: 514px) 100vw, 514px\" \/>\t\t\t\t<\/a>\n\t\t\t\t\t\t<figcaption>\n\t\t\t\t<h2>\n\t\t\t\t\t<a href=\"https:\/\/www.sarkis.fr\/en\/1971\/1971-chiens-loups\/\" title=\"Chiens-Loups\" data-modal-link=\"#modal-blog-block_62d7ca49184e9\">\n\t\t\t\t\t\tChiens-Loups\t\t\t\t\t<\/a>\n\t\t\t\t<\/h2>\n\t\t\t\t<p class=\"afg-metadata\">\n\t\t\t<span class=\"place\">Pont des Arts, Paris<\/span>\t\t<span class=\"dates\">17 Jul &#8211; 21 Jul 1971<\/span><span class=\"solo\">Solo<\/span><\/p>\n\t\t\t\t\t\t\t<\/figcaption>\n\t\t<\/figure>\n<\/article>\t\t\t\t\t<div id=\"post-3710\" class=\"afg-list-item to-sort \">\n\t<div class=\"afg-list-item-content\">\n\t\t<h3>Sarkis<\/h3>\n\t\t<p class=\"afg-metadata\">\n\t\t\t<span class=\"place\">Galerie Ben Doute de Tout, Nice<\/span>\t\t<span class=\"dates\">15 May 1971<\/span><span class=\"solo\">Solo<\/span><\/p>\n\t<\/div>\n<\/div>\t\t\t\t\t<div id=\"post-3709\" class=\"afg-list-item to-sort \">\n\t<div class=\"afg-list-item-content\">\n\t\t<h3>Boltanski, Borgeaud, Le Gac, Tysh, Cadere, Sarkis<\/h3>\n\t\t<p class=\"afg-metadata\">\n\t\t\t<span class=\"place\">Centre Culturel Am\u00e9ricain, Paris<\/span>\t\t<span class=\"dates\">1971<\/span><\/p>\n\t<\/div>\n<\/div>\t\t\t\t\t\t\t\t\t\t\t\t<p class=\"timeline line to-sort\" id=\"section-1970\" data-year=\"1970\">1970<\/p>\n\t\t\t\t\t\t\t<article id=\"post-366\" class=\" to-sort \">\n\t\t<figure class=\"afg-post-item-content\">\n\t\t\t\t\t\t\t<a href=\"https:\/\/www.sarkis.fr\/en\/1970\/arc\/\" title=\"ARC\" data-modal-link=\"#modal-blog-block_62d7ca49184e9\" class=\"portrait\">\n\t\t\t\t\t<img loading=\"lazy\" decoding=\"async\" width=\"432\" height=\"663\" src=\"https:\/\/www.sarkis.fr\/wp-content\/uploads\/2009\/06\/1970_ARC.jpg\" class=\"attachment-full size-full\" alt=\"1970_ARC\" srcset=\"https:\/\/www.sarkis.fr\/wp-content\/uploads\/2009\/06\/1970_ARC.jpg 432w, https:\/\/www.sarkis.fr\/wp-content\/uploads\/2009\/06\/1970_ARC-195x300.jpg 195w\" sizes=\"auto, (max-width: 432px) 100vw, 432px\" \/>\t\t\t\t<\/a>\n\t\t\t\t\t\t<figcaption>\n\t\t\t\t<h2>\n\t\t\t\t\t<a href=\"https:\/\/www.sarkis.fr\/en\/1970\/arc\/\" title=\"ARC\" data-modal-link=\"#modal-blog-block_62d7ca49184e9\">\n\t\t\t\t\t\tARC\t\t\t\t\t<\/a>\n\t\t\t\t<\/h2>\n\t\t\t\t<p class=\"afg-metadata\">\n\t\t\t<span class=\"place\">Mus\u00e9e d\u2019Art Moderne de la Ville de Paris<\/span>\t\t<span class=\"dates\">October 1970<\/span><\/p>\n\t<p class=\"afg-title-notes\">\n\t\tAvec Christian Boltanski\t<\/p>\t\n\t\t\t\t\t\t\t<\/figcaption>\n\t\t<\/figure>\n<\/article>\t\t\t\t\t<div id=\"post-3593\" class=\"afg-list-item to-sort \">\n\t<div class=\"afg-list-item-content\">\n\t\t<h3>Le Bateau Ivre navigue dans le corps de la Sculpture<\/h3>\n\t\t<p class=\"afg-metadata\">\n\t\t\t<span class=\"place\">Ch\u00e2teau Lynch-Bages, Pauillac, Bordeaux<\/span>\t\t<span class=\"dates\">20 Jun 1970<\/span><\/p>\n\t<p class=\"afg-title-notes\">\n\t\tDans le cadre Du go\u00fbt et des Couleurs\t<\/p>\t\n\t<\/div>\n<\/div>\t\t\t\t\t<article id=\"post-180\" class=\" to-sort \">\n\t\t<figure class=\"afg-post-item-content\">\n\t\t\t\t\t\t\t<a href=\"https:\/\/www.sarkis.fr\/en\/1970\/1970-mekkano-goudron\/\" title=\"Mekkano + Goudron.\" data-modal-link=\"#modal-blog-block_62d7ca49184e9\" class=\"landscape\">\n\t\t\t\t\t<img loading=\"lazy\" decoding=\"async\" width=\"786\" height=\"520\" src=\"https:\/\/www.sarkis.fr\/wp-content\/uploads\/2009\/05\/sarkis-1970-mekkano-goudron1.jpg\" class=\"attachment-full size-full\" alt=\"sarkis-1970-mekkano-goudron\" srcset=\"https:\/\/www.sarkis.fr\/wp-content\/uploads\/2009\/05\/sarkis-1970-mekkano-goudron1.jpg 786w, https:\/\/www.sarkis.fr\/wp-content\/uploads\/2009\/05\/sarkis-1970-mekkano-goudron1-300x198.jpg 300w\" sizes=\"auto, (max-width: 786px) 100vw, 786px\" \/>\t\t\t\t<\/a>\n\t\t\t\t\t\t<figcaption>\n\t\t\t\t<h2>\n\t\t\t\t\t<a href=\"https:\/\/www.sarkis.fr\/en\/1970\/1970-mekkano-goudron\/\" title=\"Mekkano + Goudron.\" data-modal-link=\"#modal-blog-block_62d7ca49184e9\">\n\t\t\t\t\t\tMekkano + Goudron.\t\t\t\t\t<\/a>\n\t\t\t\t<\/h2>\n\t\t\t\t<p class=\"afg-metadata\">\n\t\t\t<span class=\"place\">Galerie Sonnabend, Paris<\/span>\t\t<span class=\"dates\">14 Apr 1970<\/span><span class=\"solo\">Solo<\/span><\/p>\n\t\t\t\t\t\t\t<\/figcaption>\n\t\t<\/figure>\n<\/article>\t\t\t\t\t<div id=\"post-3324\" class=\"afg-list-item to-sort \">\n\t<div class=\"afg-list-item-content\">\n\t\t<h3>Magiciens de la Terre (retour sur une exposition l\u00e9gendaire)<\/h3>\n\t\t<p class=\"afg-metadata\">\n\t\t\t<span class=\"place\">Centre Georges Pompidou, Paris<\/span>\t\t<span class=\"dates\">24 Jan 1970 &#8211; 8 Sep 2014<\/span><\/p>\n\t<\/div>\n<\/div>\t\t\t\t\t<div id=\"post-3410\" class=\"afg-list-item to-sort \">\n\t<div class=\"afg-list-item-content\">\n\t\t<h3>IN DEN SCHLUCHTEN DES BALKAN<\/h3>\n\t\t<p class=\"afg-metadata\">\n\t\t\t<span class=\"place\">Kunsthalle Fridericianum, Kassel<\/span>\t\t<span class=\"dates\">24 Jan 1970 &#8211; 23 Nov 2003<\/span><\/p>\n\t<\/div>\n<\/div>\t\t\t\t\t<div id=\"post-3420\" class=\"afg-list-item to-sort \">\n\t<div class=\"afg-list-item-content\">\n\t\t<h3>Le Diaphane &#038; l\u2019Obscur<\/h3>\n\t\t<p class=\"afg-metadata\">\n\t\t\t<span class=\"place\">Maison Europ\u00e9enne de la Photographie, Paris<\/span>\t\t<span class=\"dates\">24 Jan 1970 &#8211; 8 Sep 2002<\/span><\/p>\n\t<\/div>\n<\/div>\t\t\t\t\t<div id=\"post-3528\" class=\"afg-list-item to-sort \">\n\t<div class=\"afg-list-item-content\">\n\t\t<h3>Froid, au dos<\/h3>\n\t\t<p class=\"afg-metadata\">\n\t\t\t<span class=\"place\">Frac des Pays de la Loire, Ch\u00e2teau d\u2019Angers, Angers<\/span>\t\t<span class=\"dates\">24 Jan 1970 &#8211; 29 Aug 1993<\/span><span class=\"solo\">Solo<\/span><\/p>\n\t<\/div>\n<\/div>\t\t\t\t\t<div id=\"post-3578\" class=\"afg-list-item to-sort \">\n\t<div class=\"afg-list-item-content\">\n\t\t<h3>L\u2019art moderne \u00e0 Marseille, la collection du Mus\u00e9e Cantini<\/h3>\n\t\t<p class=\"afg-metadata\">\n\t\t\t<span class=\"place\">Mus\u00e9e Cantini, Marseille<\/span>\t\t<span class=\"dates\">24 Jan 1970 &#8211; 19 Sep 1988<\/span><\/p>\n\t<\/div>\n<\/div>\t\t\t\t\t<div id=\"post-3622\" class=\"afg-list-item to-sort \">\n\t<div class=\"afg-list-item-content\">\n\t\t<h3>SCULPTURES DANS L\u2019USINE<\/h3>\n\t\t<p class=\"afg-metadata\">\n\t\t\t<span class=\"place\">Mus\u00e9e des Beaux-Arts Andr\u00e9 Malraux, Le Havre Comit\u00e9 d\u2019Etablissement Renault Sandouville<\/span>\t\t<span class=\"dates\">1 Jan &#8211; 1 Jan 1970<\/span><\/p>\n\t<\/div>\n<\/div>\t\t\t\t\t\t\t\t\t\t\t\t<p class=\"timeline line to-sort\" id=\"section-1969\" data-year=\"1969\">1969<\/p>\n\t\t\t\t\t\t\t<article id=\"post-108\" class=\" to-sort \">\n\t\t<figure class=\"afg-post-item-content\">\n\t\t\t\t\t\t\t<a href=\"https:\/\/www.sarkis.fr\/en\/1969\/quand-les-attitudes-deviennent-formes\/\" title=\"Quand les Attitudes deviennent Formes\" data-modal-link=\"#modal-blog-block_62d7ca49184e9\" class=\"landscape\">\n\t\t\t\t\t<img loading=\"lazy\" decoding=\"async\" width=\"800\" height=\"572\" src=\"https:\/\/www.sarkis.fr\/wp-content\/uploads\/2009\/05\/1969-Quand-les-attitudes-deviennent-formes-Museum-Haus-Lange-Krefeld-.jpg\" class=\"attachment-full size-full\" alt=\"1969-Quand-les-attitudes-deviennent-formes-Museum-Haus-Lange-Krefeld-\" srcset=\"https:\/\/www.sarkis.fr\/wp-content\/uploads\/2009\/05\/1969-Quand-les-attitudes-deviennent-formes-Museum-Haus-Lange-Krefeld-.jpg 800w, https:\/\/www.sarkis.fr\/wp-content\/uploads\/2009\/05\/1969-Quand-les-attitudes-deviennent-formes-Museum-Haus-Lange-Krefeld--300x215.jpg 300w\" sizes=\"auto, (max-width: 800px) 100vw, 800px\" \/>\t\t\t\t<\/a>\n\t\t\t\t\t\t<figcaption>\n\t\t\t\t<h2>\n\t\t\t\t\t<a href=\"https:\/\/www.sarkis.fr\/en\/1969\/quand-les-attitudes-deviennent-formes\/\" title=\"Quand les Attitudes deviennent Formes\" data-modal-link=\"#modal-blog-block_62d7ca49184e9\">\n\t\t\t\t\t\tQuand les Attitudes deviennent Formes\t\t\t\t\t<\/a>\n\t\t\t\t<\/h2>\n\t\t\t\t<p class=\"afg-metadata\">\n\t\t\t<span class=\"place\">Museum Haus Lange Krefeld, Kunsthalle Bern &#8211; I.C.A, Londres<\/span>\t\t<span class=\"dates\">22 Mar &#8211; 27 Apr 1969<\/span><\/p>\n\t\t\t\t\t\t\t<\/figcaption>\n\t\t<\/figure>\n<\/article>\t\t\t\t\t<div id=\"post-3711\" class=\"afg-list-item to-sort \">\n\t<div class=\"afg-list-item-content\">\n\t\t<h3>Biennale de Paris<\/h3>\n\t\t<p class=\"afg-metadata\">\n\t\t\t<span class=\"place\">Paris<\/span>\t\t<span class=\"dates\">1969<\/span><\/p>\n\t<\/div>\n<\/div>\t\t\t\t\t<article id=\"post-106\" class=\" to-sort \">\n\t\t<figure class=\"afg-post-item-content\">\n\t\t\t\t\t\t\t<a href=\"https:\/\/www.sarkis.fr\/en\/1969\/connaissez-vous-joseph-beuys\/\" title=\"Connaissez-vous Joseph Beuys ?\" data-modal-link=\"#modal-blog-block_62d7ca49184e9\" class=\"landscape\">\n\t\t\t\t\t<img loading=\"lazy\" decoding=\"async\" width=\"800\" height=\"535\" src=\"https:\/\/www.sarkis.fr\/wp-content\/uploads\/2009\/05\/1969-Connaissez-vous-J.Beuys.jpg\" class=\"attachment-full size-full\" alt=\"1969-Connaissez-vous-J.Beuys\" srcset=\"https:\/\/www.sarkis.fr\/wp-content\/uploads\/2009\/05\/1969-Connaissez-vous-J.Beuys.jpg 800w, https:\/\/www.sarkis.fr\/wp-content\/uploads\/2009\/05\/1969-Connaissez-vous-J.Beuys-300x201.jpg 300w\" sizes=\"auto, (max-width: 800px) 100vw, 800px\" \/>\t\t\t\t<\/a>\n\t\t\t\t\t\t<figcaption>\n\t\t\t\t<h2>\n\t\t\t\t\t<a href=\"https:\/\/www.sarkis.fr\/en\/1969\/connaissez-vous-joseph-beuys\/\" title=\"Connaissez-vous Joseph Beuys ?\" data-modal-link=\"#modal-blog-block_62d7ca49184e9\">\n\t\t\t\t\t\tConnaissez-vous Joseph Beuys ?\t\t\t\t\t<\/a>\n\t\t\t\t<\/h2>\n\t\t\t\t<p class=\"afg-metadata\">\n\t\t\t<span class=\"dates\">1969<\/span><\/p>\n\t\t\t\t\t\t\t<\/figcaption>\n\t\t<\/figure>\n<\/article>\t\t\t\t\t\t\t\t\t\t\t\t<p class=\"timeline line to-sort\" id=\"section-1968\" data-year=\"1968\">1968<\/p>\n\t\t\t\t\t\t\t<div id=\"post-10356\" class=\"afg-list-item to-sort \">\n\t<div class=\"afg-list-item-content\">\n\t\t<h3>Sarkis<\/h3>\n\t\t<p class=\"afg-metadata\">\n\t\t\t<span class=\"place\">Galerie Klippan, G\u00f6teborg<\/span>\t\t<span class=\"dates\">17 Mar 1968<\/span><span class=\"solo\">Solo<\/span><\/p>\n\t<\/div>\n<\/div>\t\t\t\t\t\t\t\t\t\t\t\t<p class=\"timeline line to-sort\" id=\"section-1967\" data-year=\"1967\">1967<\/p>\n\t\t\t\t\t\t\t<div id=\"post-7453\" class=\"afg-list-item to-sort \">\n\t<div class=\"afg-list-item-content\">\n\t\t<h3>Salon de Mai<\/h3>\n\t\t<p class=\"afg-metadata\">\n\t\t\t<span class=\"place\">Paris<\/span>\t\t<span class=\"dates\">1967<\/span><\/p>\n\t<\/div>\n<\/div>\t\t\t\t\t<div id=\"post-10347\" class=\"afg-list-item to-sort \">\n\t<div class=\"afg-list-item-content\">\n\t\t<h3>Biennale de Paris<\/h3>\n\t\t<p class=\"afg-metadata\">\n\t\t\t<span class=\"place\">Paris<\/span>\t\t<span class=\"dates\">1967<\/span><\/p>\n\t<\/div>\n<\/div>\t\t\t\t\t<div id=\"post-10357\" class=\"afg-list-item to-sort \">\n\t<div class=\"afg-list-item-content\">\n\t\t<h3>Sarkis<\/h3>\n\t\t<p class=\"afg-metadata\">\n\t\t\t<span class=\"place\">Galerie Blumenthal-Mommaton, Paris<\/span>\t\t<span class=\"dates\">1967<\/span><span class=\"solo\">Solo<\/span><\/p>\n\t<\/div>\n<\/div>\t\t\t\t\t<div id=\"post-3714\" class=\"afg-list-item to-sort \">\n\t<div class=\"afg-list-item-content\">\n\t\t<h3>Salon de la Jeune Peinture<\/h3>\n\t\t<p class=\"afg-metadata\">\n\t\t\t<span class=\"place\">Paris<\/span>\t\t<span class=\"dates\">1967<\/span><\/p>\n\t<\/div>\n<\/div>\t\t\t\t\t<div id=\"post-3715\" class=\"afg-list-item to-sort \">\n\t<div class=\"afg-list-item-content\">\n\t\t<h3>Salon de Mai<\/h3>\n\t\t<p class=\"afg-metadata\">\n\t\t\t<span class=\"place\">Paris<\/span>\t\t<span class=\"dates\">1967<\/span><\/p>\n\t<\/div>\n<\/div>\t\t\t\t\t<div id=\"post-3685\" class=\"afg-list-item to-sort \">\n\t<div class=\"afg-list-item-content\">\n\t\t<h3>The Artist and The Photograph<\/h3>\n\t\t<p class=\"afg-metadata\">\n\t\t\t<span class=\"place\">Israel Museum, Jerusalem<\/span>\t\t<span class=\"dates\">1967<\/span><\/p>\n\t<\/div>\n<\/div>\t\t\t\t\t\t\t\t\t\t\t\t<p class=\"timeline line to-sort\" id=\"section-1966\" data-year=\"1966\">1966<\/p>\n\t\t\t\t\t\t\t<div id=\"post-10355\" class=\"afg-list-item to-sort \">\n\t<div class=\"afg-list-item-content\">\n\t\t<h3>Salon de la Jeune Peinture<\/h3>\n\t\t<p class=\"afg-metadata\">\n\t\t\t<span class=\"place\">Mus\u00e9e d\u2019Art Moderne, Paris<\/span>\t\t<span class=\"dates\">1966<\/span><\/p>\n\t<\/div>\n<\/div>\t\t\t\t\t\t\t\t\t\t\t\t<p class=\"timeline line to-sort\" id=\"section-1965\" data-year=\"1965\">1965<\/p>\n\t\t\t\t\t\t\t<div id=\"post-3719\" class=\"afg-list-item to-sort \">\n\t<div class=\"afg-list-item-content\">\n\t\t<h3>La Figuration Narrative dans l\u2019Art Contemporain<\/h3>\n\t\t<p class=\"afg-metadata\">\n\t\t\t<span class=\"place\">Galerie Creuse, Paris<\/span>\t\t<span class=\"dates\">1965<\/span><\/p>\n\t<\/div>\n<\/div>\t\t\t\t\t\t\t\t\t\t\t\t<p class=\"timeline line to-sort\" id=\"section-1963\" data-year=\"1963\">1963<\/p>\n\t\t\t\t\t\t\t<div id=\"post-10358\" class=\"afg-list-item to-sort \">\n\t<div class=\"afg-list-item-content\">\n\t\t<h3>Sarkis<\/h3>\n\t\t<p class=\"afg-metadata\">\n\t\t\t<span class=\"place\">Centre Culturel Turc-Allemand, Ankara<\/span>\t\t<span class=\"dates\">1963<\/span><span class=\"solo\">Solo<\/span><\/p>\n\t<\/div>\n<\/div>\t\t\t\t\t\t\t\t\t\t\t\t<p class=\"timeline line to-sort\" id=\"section-1962\" data-year=\"1962\">1962<\/p>\n\t\t\t\t\t\t\t<div id=\"post-10359\" class=\"afg-list-item to-sort \">\n\t<div class=\"afg-list-item-content\">\n\t\t<h3>Sarkis<\/h3>\n\t\t<p class=\"afg-metadata\">\n\t\t\t<span class=\"place\">Centre Culturel Turc-Allemand, Istanbul<\/span>\t\t<span class=\"dates\">1962<\/span><span class=\"solo\">Solo<\/span><\/p>\n\t<\/div>\n<\/div>\t\t\t\t\t\t\t\t\t\t\t\t<p class=\"timeline line to-sort\" id=\"section-1960\" data-year=\"1960\">1960<\/p>\n\t\t\t\t\t\t\t<div id=\"post-3722\" class=\"afg-list-item to-sort \">\n\t<div class=\"afg-list-item-content\">\n\t\t<h3>Sarkis Zabunyan<\/h3>\n\t\t<p class=\"afg-metadata\">\n\t\t\t<span class=\"place\">Galerie de la Ville, Istanbul<\/span>\t\t<span class=\"dates\">1960<\/span><span class=\"solo\">Solo<\/span><\/p>\n\t<\/div>\n<\/div>\t\t\t\t\t\t\t\t\t\t\t\t\t\t\t\t\t<\/div>\n\t\t\t<div id=\"modal-blog-block_62d7ca49184e9\" class=\"afg-modal\">\n    <div class=\"afg-modal-header\">\n        <button class=\"afg-modal-close\" type=\"button\" aria-label=\"Close modal\">Close modal<\/button>\n    <\/div>\n            <a href=\"#\" class=\"swiper-arrow prev\">Previous exhibition view<\/a>\n        <div class=\"afg-modal-content swiper\">\n        <div class=\"swiper-wrapper\">\n                                <figure class=\"swiper-slide\" data-post-id=\"post-13862\">\n                                                                                    <img loading=\"lazy\" decoding=\"async\" width=\"1200\" height=\"675\" src=\"https:\/\/www.sarkis.fr\/wp-content\/uploads\/2026\/04\/1-Le-Regard-.webp\" class=\"attachment-full size-full\" alt=\"\" srcset=\"https:\/\/www.sarkis.fr\/wp-content\/uploads\/2026\/04\/1-Le-Regard-.webp 1200w, https:\/\/www.sarkis.fr\/wp-content\/uploads\/2026\/04\/1-Le-Regard--300x169.webp 300w, https:\/\/www.sarkis.fr\/wp-content\/uploads\/2026\/04\/1-Le-Regard--1030x579.webp 1030w, https:\/\/www.sarkis.fr\/wp-content\/uploads\/2026\/04\/1-Le-Regard--768x432.webp 768w\" sizes=\"auto, (max-width: 1200px) 100vw, 1200px\" \/>                                                        <figcaption>\n                                <div class=\"title-wrapper\">\n                                    <h3>Le Regard, Tapko &#8211; The Place, 1992-2026<\/h3>\n                                    <p class=\"afg-metadata\">\n\t\t\t<span class=\"place\">Garage Osmos, Bruxelles<\/span>\t\t<span class=\"dates\">23 Apr &#8211; 20 Apr 2026<\/span><span class=\"solo\">Solo<\/span><\/p>\n                                <\/div>\n                                <div class=\"post-link\">\n                                    <p class=\"link\"><a href=\"https:\/\/www.sarkis.fr\/en\/2026\/le-regard-tapko-the-place-1992-2026\/\" title=\"Le Regard, Tapko &#8211; The Place, 1992-2026\">See exhibition page<\/a><\/p>\n                                    <p class=\"afg-metadatas\">4 more images<\/p>\n                                <\/div>\n                            <\/figcaption>\n                                           <\/figure>\n                                    <figure class=\"swiper-slide\" data-post-id=\"post-13845\">\n                                                                                    <img loading=\"lazy\" decoding=\"async\" width=\"1300\" height=\"731\" src=\"https:\/\/www.sarkis.fr\/wp-content\/uploads\/2026\/04\/1.webp\" class=\"attachment-full size-full\" alt=\"\" srcset=\"https:\/\/www.sarkis.fr\/wp-content\/uploads\/2026\/04\/1.webp 1300w, https:\/\/www.sarkis.fr\/wp-content\/uploads\/2026\/04\/1-300x169.webp 300w, https:\/\/www.sarkis.fr\/wp-content\/uploads\/2026\/04\/1-1030x579.webp 1030w, https:\/\/www.sarkis.fr\/wp-content\/uploads\/2026\/04\/1-768x432.webp 768w\" sizes=\"auto, (max-width: 1300px) 100vw, 1300px\" \/>                                                        <figcaption>\n                                <div class=\"title-wrapper\">\n                                    <h3>Au commencement la bougie (\u00e0 Christian Bernard)<\/h3>\n                                    <p class=\"afg-metadata\">\n\t\t\t<span class=\"place\">Roche-la-Moli\u00e8re, France<\/span>\t\t<span class=\"dates\">4 Apr &#8211; 17 Apr 2026<\/span><span class=\"solo\">Solo<\/span><\/p>\n                                <\/div>\n                                <div class=\"post-link\">\n                                    <p class=\"link\"><a href=\"https:\/\/www.sarkis.fr\/en\/2026\/au-commencement-la-bougie-a-christian-bernard\/\" title=\"Au commencement la bougie (\u00e0 Christian Bernard)\">See exhibition page<\/a><\/p>\n                                    <p class=\"afg-metadatas\">4 more images<\/p>\n                                <\/div>\n                            <\/figcaption>\n                                           <\/figure>\n                                    <figure class=\"swiper-slide\" data-post-id=\"post-13597\">\n                                                                                    <img loading=\"lazy\" decoding=\"async\" width=\"1400\" height=\"1050\" src=\"https:\/\/www.sarkis.fr\/wp-content\/uploads\/2026\/01\/2.webp\" class=\"attachment-full size-full\" alt=\"\" srcset=\"https:\/\/www.sarkis.fr\/wp-content\/uploads\/2026\/01\/2.webp 1400w, https:\/\/www.sarkis.fr\/wp-content\/uploads\/2026\/01\/2-300x225.webp 300w, https:\/\/www.sarkis.fr\/wp-content\/uploads\/2026\/01\/2-1030x773.webp 1030w, https:\/\/www.sarkis.fr\/wp-content\/uploads\/2026\/01\/2-768x576.webp 768w\" sizes=\"auto, (max-width: 1400px) 100vw, 1400px\" \/>                                                        <figcaption>\n                                <div class=\"title-wrapper\">\n                                    <h3>Duel et Pluriel \u2013 une exposition \u00e0 la m\u00e9moire de Alpagut G\u00fcltekin<\/h3>\n                                    <p class=\"afg-metadata\">\n\t\t\t<span class=\"place\">Galerie \u00d6ktem Aykut &#8211; Istanbul<\/span>\t\t<span class=\"dates\">6 Jan &#8211; 7 Feb 2026<\/span><span class=\"solo\">Solo<\/span><\/p>\n                                <\/div>\n                                <div class=\"post-link\">\n                                    <p class=\"link\"><a href=\"https:\/\/www.sarkis.fr\/en\/2026\/duel-et-pluriel\/\" title=\"Duel et Pluriel \u2013 une exposition \u00e0 la m\u00e9moire de Alpagut G\u00fcltekin\">See exhibition page<\/a><\/p>\n                                    <p class=\"afg-metadatas\">10 more images<\/p>\n                                <\/div>\n                            <\/figcaption>\n                                           <\/figure>\n                                    <figure class=\"swiper-slide\" data-post-id=\"post-13566\">\n                                                                                    <img loading=\"lazy\" decoding=\"async\" width=\"1200\" height=\"891\" src=\"https:\/\/www.sarkis.fr\/wp-content\/uploads\/2025\/11\/1.webp\" class=\"attachment-full size-full\" alt=\"\" srcset=\"https:\/\/www.sarkis.fr\/wp-content\/uploads\/2025\/11\/1.webp 1200w, https:\/\/www.sarkis.fr\/wp-content\/uploads\/2025\/11\/1-300x223.webp 300w, https:\/\/www.sarkis.fr\/wp-content\/uploads\/2025\/11\/1-1030x765.webp 1030w, https:\/\/www.sarkis.fr\/wp-content\/uploads\/2025\/11\/1-768x570.webp 768w\" sizes=\"auto, (max-width: 1200px) 100vw, 1200px\" \/>                                                        <figcaption>\n                                <div class=\"title-wrapper\">\n                                    <h3>Stay Together &#8211; Bir Arada(d\u0131r)lar<\/h3>\n                                    <p class=\"afg-metadata\">\n\t\t\t<span class=\"place\">Dirimart London<\/span>\t\t<span class=\"dates\">25 Nov 2025 &#8211; 10 Jan 2026<\/span><span class=\"solo\">Solo<\/span><\/p>\n                                <\/div>\n                                <div class=\"post-link\">\n                                    <p class=\"link\"><a href=\"https:\/\/www.sarkis.fr\/en\/2025\/stay-together-bir-aradadirlar\/\" title=\"Stay Together &#8211; Bir Arada(d\u0131r)lar\">See exhibition page<\/a><\/p>\n                                    <p class=\"afg-metadatas\">10 more images<\/p>\n                                <\/div>\n                            <\/figcaption>\n                                           <\/figure>\n                                    <figure class=\"swiper-slide\" data-post-id=\"post-13543\">\n                                                                                    <img loading=\"lazy\" decoding=\"async\" width=\"1200\" height=\"900\" src=\"https:\/\/www.sarkis.fr\/wp-content\/uploads\/2025\/09\/1-fift.webp\" class=\"attachment-full size-full\" alt=\"\" srcset=\"https:\/\/www.sarkis.fr\/wp-content\/uploads\/2025\/09\/1-fift.webp 1200w, https:\/\/www.sarkis.fr\/wp-content\/uploads\/2025\/09\/1-fift-300x225.webp 300w, https:\/\/www.sarkis.fr\/wp-content\/uploads\/2025\/09\/1-fift-1030x773.webp 1030w, https:\/\/www.sarkis.fr\/wp-content\/uploads\/2025\/09\/1-fift-768x576.webp 768w\" sizes=\"auto, (max-width: 1200px) 100vw, 1200px\" \/>                                                        <figcaption>\n                                <div class=\"title-wrapper\">\n                                    <h3>Five Icons framed in Edirne-style wooden ornemention<\/h3>\n                                    <p class=\"afg-metadata\">\n\t\t\t<span class=\"place\">Dirimart Gallery, Istanbul<\/span>\t\t<span class=\"dates\">3 Sep &#8211; 12 Oct 2025<\/span><span class=\"solo\">Solo<\/span><\/p>\n                                <\/div>\n                                <div class=\"post-link\">\n                                    <p class=\"link\"><a href=\"https:\/\/www.sarkis.fr\/en\/2025\/five-icons-framed-in-edirne-style-wooden-ornemention\/\" title=\"Five Icons framed in Edirne-style wooden ornemention\">See exhibition page<\/a><\/p>\n                                    <p class=\"afg-metadatas\">8 more images<\/p>\n                                <\/div>\n                            <\/figcaption>\n                                           <\/figure>\n                                    <figure class=\"swiper-slide\" data-post-id=\"post-13519\">\n                                                                                    <img loading=\"lazy\" decoding=\"async\" width=\"1200\" height=\"900\" src=\"https:\/\/www.sarkis.fr\/wp-content\/uploads\/2025\/08\/1.webp\" class=\"attachment-full size-full\" alt=\"\" \/>                                                        <figcaption>\n                                <div class=\"title-wrapper\">\n                                    <h3>Sarkis, Eden Morfaux, Franck Patte<\/h3>\n                                    <p class=\"afg-metadata\">\n\t\t\t<span class=\"place\">Biennale d&#039;Autun, Festival International d&#039;Art Sacr\u00e9<\/span>\t\t<span class=\"dates\">18 Jul &#8211; 10 Aug 2025<\/span><\/p>\n                                <\/div>\n                                <div class=\"post-link\">\n                                    <p class=\"link\"><a href=\"https:\/\/www.sarkis.fr\/en\/2025\/sarkis-eden-morfaux-franck-patte-biennale-dautun-festival-international-dart-sacre\/\" title=\"Sarkis, Eden Morfaux, Franck Patte\">See exhibition page<\/a><\/p>\n                                    <p class=\"afg-metadatas\">6 more images<\/p>\n                                <\/div>\n                            <\/figcaption>\n                                           <\/figure>\n                                    <figure class=\"swiper-slide\" data-post-id=\"post-13498\">\n                                                                                    <img loading=\"lazy\" decoding=\"async\" width=\"1200\" height=\"690\" src=\"https:\/\/www.sarkis.fr\/wp-content\/uploads\/2025\/03\/obad-0.webp\" class=\"attachment-full size-full\" alt=\"\" srcset=\"https:\/\/www.sarkis.fr\/wp-content\/uploads\/2025\/03\/obad-0.webp 1200w, https:\/\/www.sarkis.fr\/wp-content\/uploads\/2025\/03\/obad-0-300x173.webp 300w, https:\/\/www.sarkis.fr\/wp-content\/uploads\/2025\/03\/obad-0-1030x592.webp 1030w, https:\/\/www.sarkis.fr\/wp-content\/uploads\/2025\/03\/obad-0-768x442.webp 768w\" sizes=\"auto, (max-width: 1200px) 100vw, 1200px\" \/>                                                        <figcaption>\n                                <div class=\"title-wrapper\">\n                                    <h3>Infini croisement des d\u00e9tails avec sa mesure en lumi\u00e8re<\/h3>\n                                    <p class=\"afg-metadata\">\n\t\t\t<span class=\"place\">Galerie Nathalie Obadia, Paris, France<\/span>\t\t<span class=\"dates\">22 Mar &#8211; 3 May 2025<\/span><span class=\"solo\">Solo<\/span><\/p>\n                                <\/div>\n                                <div class=\"post-link\">\n                                    <p class=\"link\"><a href=\"https:\/\/www.sarkis.fr\/en\/2025\/infini-croisement-des-details-avec-sa-mesure-en-lumiere\/\" title=\"Infini croisement des d\u00e9tails avec sa mesure en lumi\u00e8re\">See exhibition page<\/a><\/p>\n                                    <p class=\"afg-metadatas\">4 more images<\/p>\n                                <\/div>\n                            <\/figcaption>\n                                           <\/figure>\n                                    <figure class=\"swiper-slide\" data-post-id=\"post-13206\">\n                                                                                    <img loading=\"lazy\" decoding=\"async\" width=\"611\" height=\"480\" src=\"https:\/\/www.sarkis.fr\/wp-content\/uploads\/2025\/01\/19380-20250-depuis-1992-Istanbul-Modern-1.webp\" class=\"attachment-full size-full\" alt=\"\" srcset=\"https:\/\/www.sarkis.fr\/wp-content\/uploads\/2025\/01\/19380-20250-depuis-1992-Istanbul-Modern-1.webp 611w, https:\/\/www.sarkis.fr\/wp-content\/uploads\/2025\/01\/19380-20250-depuis-1992-Istanbul-Modern-1-300x236.webp 300w\" sizes=\"auto, (max-width: 611px) 100vw, 611px\" \/>                                                        <figcaption>\n                                <div class=\"title-wrapper\">\n                                    <h3>19380 -20250<\/h3>\n                                    <p class=\"afg-metadata\">\n\t\t\t<span class=\"place\">\u0130stanbul Modern<\/span>\t\t<span class=\"dates\">1 Jan &#8211; 1 Jan 2025<\/span><span class=\"solo\">Solo<\/span><\/p>\n                                <\/div>\n                                <div class=\"post-link\">\n                                    <p class=\"link\"><a href=\"https:\/\/www.sarkis.fr\/en\/2025\/19380-20250\/\" title=\"19380 -20250\">See exhibition page<\/a><\/p>\n                                    <p class=\"afg-metadatas\">No more image<\/p>\n                                <\/div>\n                            <\/figcaption>\n                                           <\/figure>\n                                    <figure class=\"swiper-slide\" data-post-id=\"post-13192\">\n                                                                                    <img loading=\"lazy\" decoding=\"async\" width=\"1200\" height=\"861\" src=\"https:\/\/www.sarkis.fr\/wp-content\/uploads\/2024\/12\/Children_s_Rain_Call_1.webp\" class=\"attachment-full size-full\" alt=\"\" srcset=\"https:\/\/www.sarkis.fr\/wp-content\/uploads\/2024\/12\/Children_s_Rain_Call_1.webp 1200w, https:\/\/www.sarkis.fr\/wp-content\/uploads\/2024\/12\/Children_s_Rain_Call_1-300x215.webp 300w, https:\/\/www.sarkis.fr\/wp-content\/uploads\/2024\/12\/Children_s_Rain_Call_1-1030x739.webp 1030w, https:\/\/www.sarkis.fr\/wp-content\/uploads\/2024\/12\/Children_s_Rain_Call_1-768x551.webp 768w\" sizes=\"auto, (max-width: 1200px) 100vw, 1200px\" \/>                                                        <figcaption>\n                                <div class=\"title-wrapper\">\n                                    <h3>Children\u2019s Rain Call with the Colours of the Rainbow<\/h3>\n                                    <p class=\"afg-metadata\">\n\t\t\t<span class=\"place\">Galerie Dirimart, Istanbul<\/span>\t\t<span class=\"dates\">4 Dec 2024 &#8211; 4 Jan 2025<\/span><span class=\"solo\">Solo<\/span><\/p>\n                                <\/div>\n                                <div class=\"post-link\">\n                                    <p class=\"link\"><a href=\"https:\/\/www.sarkis.fr\/en\/2024\/childrens-rain-call-with-the-colours-of-the-rainbow\/\" title=\"Children\u2019s Rain Call with the Colours of the Rainbow\">See exhibition page<\/a><\/p>\n                                    <p class=\"afg-metadatas\">3 more images<\/p>\n                                <\/div>\n                            <\/figcaption>\n                                           <\/figure>\n                                    <figure class=\"swiper-slide\" data-post-id=\"post-13176\">\n                                                                                    <img loading=\"lazy\" decoding=\"async\" width=\"1200\" height=\"797\" src=\"https:\/\/www.sarkis.fr\/wp-content\/uploads\/2024\/09\/ContainerEDEN0.webp\" class=\"attachment-full size-full\" alt=\"\" srcset=\"https:\/\/www.sarkis.fr\/wp-content\/uploads\/2024\/09\/ContainerEDEN0.webp 1200w, https:\/\/www.sarkis.fr\/wp-content\/uploads\/2024\/09\/ContainerEDEN0-300x199.webp 300w, https:\/\/www.sarkis.fr\/wp-content\/uploads\/2024\/09\/ContainerEDEN0-1030x684.webp 1030w, https:\/\/www.sarkis.fr\/wp-content\/uploads\/2024\/09\/ContainerEDEN0-768x510.webp 768w\" sizes=\"auto, (max-width: 1200px) 100vw, 1200px\" \/>                                                        <figcaption>\n                                <div class=\"title-wrapper\">\n                                    <h3>Le Container EDEN<\/h3>\n                                    <p class=\"afg-metadata\">\n\t\t\t<span class=\"place\">Villejuif, France<\/span>\t\t<span class=\"dates\">September 2024<\/span><\/p>\n                                <\/div>\n                                <div class=\"post-link\">\n                                    <p class=\"link\"><a href=\"https:\/\/www.sarkis.fr\/en\/2024\/le-container-eden\/\" title=\"Le Container EDEN\">See exhibition page<\/a><\/p>\n                                    <p class=\"afg-metadatas\">1 more image<\/p>\n                                <\/div>\n                            <\/figcaption>\n                                           <\/figure>\n                                    <figure class=\"swiper-slide\" data-post-id=\"post-13163\">\n                                                                                    <img loading=\"lazy\" decoding=\"async\" width=\"1200\" height=\"1600\" src=\"https:\/\/www.sarkis.fr\/wp-content\/uploads\/2024\/05\/10.05.2024-4emeBiennale-Mardin-Turquie-.jpg\" class=\"attachment-full size-full\" alt=\"\" srcset=\"https:\/\/www.sarkis.fr\/wp-content\/uploads\/2024\/05\/10.05.2024-4emeBiennale-Mardin-Turquie-.jpg 1200w, https:\/\/www.sarkis.fr\/wp-content\/uploads\/2024\/05\/10.05.2024-4emeBiennale-Mardin-Turquie--225x300.jpg 225w, https:\/\/www.sarkis.fr\/wp-content\/uploads\/2024\/05\/10.05.2024-4emeBiennale-Mardin-Turquie--773x1030.jpg 773w, https:\/\/www.sarkis.fr\/wp-content\/uploads\/2024\/05\/10.05.2024-4emeBiennale-Mardin-Turquie--768x1024.jpg 768w, https:\/\/www.sarkis.fr\/wp-content\/uploads\/2024\/05\/10.05.2024-4emeBiennale-Mardin-Turquie--1152x1536.jpg 1152w\" sizes=\"auto, (max-width: 1200px) 100vw, 1200px\" \/>                                                        <figcaption>\n                                <div class=\"title-wrapper\">\n                                    <h3>4\u00e8me Biennale Mardin, Turquie<\/h3>\n                                    <p class=\"afg-metadata\">\n\t\t\t<span class=\"place\">Mardin, Turquie<\/span>\t\t<span class=\"dates\">10 May 2024<\/span><\/p>\n                                <\/div>\n                                <div class=\"post-link\">\n                                    <p class=\"link\"><a href=\"https:\/\/www.sarkis.fr\/en\/2024\/4eme-biennale-mardin-turquie\/\" title=\"4\u00e8me Biennale Mardin, Turquie\">See exhibition page<\/a><\/p>\n                                    <p class=\"afg-metadatas\">1 more image<\/p>\n                                <\/div>\n                            <\/figcaption>\n                                           <\/figure>\n                                    <figure class=\"swiper-slide\" data-post-id=\"post-13051\">\n                                                                                    <img loading=\"lazy\" decoding=\"async\" width=\"1200\" height=\"672\" src=\"https:\/\/www.sarkis.fr\/wp-content\/uploads\/2024\/03\/1-2024.03.18-Mamco-Geneve-Pluie-Arc-en-ciel.webp\" class=\"attachment-full size-full\" alt=\"\" srcset=\"https:\/\/www.sarkis.fr\/wp-content\/uploads\/2024\/03\/1-2024.03.18-Mamco-Geneve-Pluie-Arc-en-ciel.webp 1200w, https:\/\/www.sarkis.fr\/wp-content\/uploads\/2024\/03\/1-2024.03.18-Mamco-Geneve-Pluie-Arc-en-ciel-300x168.webp 300w, https:\/\/www.sarkis.fr\/wp-content\/uploads\/2024\/03\/1-2024.03.18-Mamco-Geneve-Pluie-Arc-en-ciel-1030x577.webp 1030w, https:\/\/www.sarkis.fr\/wp-content\/uploads\/2024\/03\/1-2024.03.18-Mamco-Geneve-Pluie-Arc-en-ciel-768x430.webp 768w\" sizes=\"auto, (max-width: 1200px) 100vw, 1200px\" \/>                                                        <figcaption>\n                                <div class=\"title-wrapper\">\n                                    <h3>Pluie Arc-en-ciel<\/h3>\n                                    <p class=\"afg-metadata\">\n\t\t\t<span class=\"place\">MAMCO, Gen\u00e8ve, Suisse<\/span>\t\t<span class=\"dates\">March 2024<\/span><\/p>\n                                <\/div>\n                                <div class=\"post-link\">\n                                    <p class=\"link\"><a href=\"https:\/\/www.sarkis.fr\/en\/2024\/pluie-arc-en-ciel\/\" title=\"Pluie Arc-en-ciel\">See exhibition page<\/a><\/p>\n                                    <p class=\"afg-metadatas\">3 more images<\/p>\n                                <\/div>\n                            <\/figcaption>\n                                           <\/figure>\n                                    <figure class=\"swiper-slide\" data-post-id=\"post-12940\">\n                                                                                    <img loading=\"lazy\" decoding=\"async\" width=\"1300\" height=\"751\" src=\"https:\/\/www.sarkis.fr\/wp-content\/uploads\/2024\/03\/SAF_WW-1.webp\" class=\"attachment-full size-full\" alt=\"\" srcset=\"https:\/\/www.sarkis.fr\/wp-content\/uploads\/2024\/03\/SAF_WW-1.webp 1300w, https:\/\/www.sarkis.fr\/wp-content\/uploads\/2024\/03\/SAF_WW-1-300x173.webp 300w, https:\/\/www.sarkis.fr\/wp-content\/uploads\/2024\/03\/SAF_WW-1-1030x595.webp 1030w, https:\/\/www.sarkis.fr\/wp-content\/uploads\/2024\/03\/SAF_WW-1-768x444.webp 768w\" sizes=\"auto, (max-width: 1300px) 100vw, 1300px\" \/>                                                        <figcaption>\n                                <div class=\"title-wrapper\">\n                                    <h3>Fields of Forces, Serendipity Art Festival<\/h3>\n                                    <p class=\"afg-metadata\">\n\t\t\t<span class=\"place\">Goa, Inde, D\u00e9cembre 2023.<\/span>\t\t<span class=\"dates\">December 2023<\/span><\/p>\n                                <\/div>\n                                <div class=\"post-link\">\n                                    <p class=\"link\"><a href=\"https:\/\/www.sarkis.fr\/en\/2023\/fields-of-forces\/\" title=\"Fields of Forces, Serendipity Art Festival\">See exhibition page<\/a><\/p>\n                                    <p class=\"afg-metadatas\">2 more images<\/p>\n                                <\/div>\n                            <\/figcaption>\n                                           <\/figure>\n                                    <figure class=\"swiper-slide\" data-post-id=\"post-12255\">\n                                                                                    <img loading=\"lazy\" decoding=\"async\" width=\"1200\" height=\"900\" src=\"https:\/\/www.sarkis.fr\/wp-content\/uploads\/2023\/11\/Future-Lies-Ahead-1993-2023-Daejeon-Museum-of-Art-Coree-6.11.2023_.webp\" class=\"attachment-full size-full\" alt=\"\" srcset=\"https:\/\/www.sarkis.fr\/wp-content\/uploads\/2023\/11\/Future-Lies-Ahead-1993-2023-Daejeon-Museum-of-Art-Coree-6.11.2023_.webp 1200w, https:\/\/www.sarkis.fr\/wp-content\/uploads\/2023\/11\/Future-Lies-Ahead-1993-2023-Daejeon-Museum-of-Art-Coree-6.11.2023_-300x225.webp 300w, https:\/\/www.sarkis.fr\/wp-content\/uploads\/2023\/11\/Future-Lies-Ahead-1993-2023-Daejeon-Museum-of-Art-Coree-6.11.2023_-1030x773.webp 1030w, https:\/\/www.sarkis.fr\/wp-content\/uploads\/2023\/11\/Future-Lies-Ahead-1993-2023-Daejeon-Museum-of-Art-Coree-6.11.2023_-768x576.webp 768w\" sizes=\"auto, (max-width: 1200px) 100vw, 1200px\" \/>                                                        <figcaption>\n                                <div class=\"title-wrapper\">\n                                    <h3>Future Lies Ahead 1993-2023<\/h3>\n                                    <p class=\"afg-metadata\">\n\t\t\t<span class=\"place\">Daejeon Museum of Art, Core\u0301e<\/span>\t\t<span class=\"dates\">6 Nov 2023<\/span><\/p>\n                                <\/div>\n                                <div class=\"post-link\">\n                                    <p class=\"link\"><a href=\"https:\/\/www.sarkis.fr\/en\/2023\/future-lies-ahead-1993-2023\/\" title=\"Future Lies Ahead 1993-2023\">See exhibition page<\/a><\/p>\n                                    <p class=\"afg-metadatas\">2 more images<\/p>\n                                <\/div>\n                            <\/figcaption>\n                                           <\/figure>\n                                    <figure class=\"swiper-slide\" data-post-id=\"post-12192\">\n                                                                                    <img loading=\"lazy\" decoding=\"async\" width=\"1200\" height=\"900\" src=\"https:\/\/www.sarkis.fr\/wp-content\/uploads\/2023\/10\/IMG_1118-copie.webp\" class=\"attachment-full size-full\" alt=\"\" srcset=\"https:\/\/www.sarkis.fr\/wp-content\/uploads\/2023\/10\/IMG_1118-copie.webp 1200w, https:\/\/www.sarkis.fr\/wp-content\/uploads\/2023\/10\/IMG_1118-copie-300x225.webp 300w, https:\/\/www.sarkis.fr\/wp-content\/uploads\/2023\/10\/IMG_1118-copie-1030x773.webp 1030w, https:\/\/www.sarkis.fr\/wp-content\/uploads\/2023\/10\/IMG_1118-copie-768x576.webp 768w\" sizes=\"auto, (max-width: 1200px) 100vw, 1200px\" \/>                                                        <figcaption>\n                                <div class=\"title-wrapper\">\n                                    <h3>7 Tage 7 N\u00e4chte<\/h3>\n                                    <p class=\"afg-metadata\">\n\t\t\t<span class=\"place\">Kusthalle Baden Baden, Deutschland<\/span>\t\t<span class=\"dates\">27 Oct 2023 &#8211; 4 Feb 2024<\/span><span class=\"solo\">Solo<\/span><\/p>\n                                <\/div>\n                                <div class=\"post-link\">\n                                    <p class=\"link\"><a href=\"https:\/\/www.sarkis.fr\/en\/2023\/7-tage-7-nachte\/\" title=\"7 Tage 7 N\u00e4chte\">See exhibition page<\/a><\/p>\n                                    <p class=\"afg-metadatas\">8 more images<\/p>\n                                <\/div>\n                            <\/figcaption>\n                                           <\/figure>\n                                    <figure class=\"swiper-slide\" data-post-id=\"post-12080\">\n                                                                                    <img loading=\"lazy\" decoding=\"async\" width=\"1200\" height=\"900\" src=\"https:\/\/www.sarkis.fr\/wp-content\/uploads\/2023\/10\/1-85-Screams-After-Munch-2023_34.webp\" class=\"attachment-full size-full\" alt=\"\" srcset=\"https:\/\/www.sarkis.fr\/wp-content\/uploads\/2023\/10\/1-85-Screams-After-Munch-2023_34.webp 1200w, https:\/\/www.sarkis.fr\/wp-content\/uploads\/2023\/10\/1-85-Screams-After-Munch-2023_34-300x225.webp 300w, https:\/\/www.sarkis.fr\/wp-content\/uploads\/2023\/10\/1-85-Screams-After-Munch-2023_34-1030x773.webp 1030w, https:\/\/www.sarkis.fr\/wp-content\/uploads\/2023\/10\/1-85-Screams-After-Munch-2023_34-768x576.webp 768w\" sizes=\"auto, (max-width: 1200px) 100vw, 1200px\" \/>                                                        <figcaption>\n                                <div class=\"title-wrapper\">\n                                    <h3>85 CRIS d\u2019apr\u00e8s Munch<\/h3>\n                                    <p class=\"afg-metadata\">\n\t\t\t<span class=\"place\">Galerie Dirimart, Istanbul<\/span>\t\t<span class=\"dates\">3 Sep &#8211; 14 Oct 2023<\/span><span class=\"solo\">Solo<\/span><\/p>\n                                <\/div>\n                                <div class=\"post-link\">\n                                    <p class=\"link\"><a href=\"https:\/\/www.sarkis.fr\/en\/2023\/85-cris-dapres-munch\/\" title=\"85 CRIS d\u2019apr\u00e8s Munch\">See exhibition page<\/a><\/p>\n                                    <p class=\"afg-metadatas\">3 more images<\/p>\n                                <\/div>\n                            <\/figcaption>\n                                           <\/figure>\n                                    <figure class=\"swiper-slide\" data-post-id=\"post-12064\">\n                                                                                    <img loading=\"lazy\" decoding=\"async\" width=\"1500\" height=\"1125\" src=\"https:\/\/www.sarkis.fr\/wp-content\/uploads\/2023\/10\/5-Les-Vitraux-de-Chapelle-Cluny.jpg\" class=\"attachment-full size-full\" alt=\"\" srcset=\"https:\/\/www.sarkis.fr\/wp-content\/uploads\/2023\/10\/5-Les-Vitraux-de-Chapelle-Cluny.jpg 1500w, https:\/\/www.sarkis.fr\/wp-content\/uploads\/2023\/10\/5-Les-Vitraux-de-Chapelle-Cluny-300x225.jpg 300w, https:\/\/www.sarkis.fr\/wp-content\/uploads\/2023\/10\/5-Les-Vitraux-de-Chapelle-Cluny-1030x773.jpg 1030w, https:\/\/www.sarkis.fr\/wp-content\/uploads\/2023\/10\/5-Les-Vitraux-de-Chapelle-Cluny-768x576.jpg 768w\" sizes=\"auto, (max-width: 1500px) 100vw, 1500px\" \/>                                                        <figcaption>\n                                <div class=\"title-wrapper\">\n                                    <h3>Les Vitraux de la Chapelle CLUNY<\/h3>\n                                    <p class=\"afg-metadata\">\n\t\t\t<span class=\"place\">Abbaye de Cluny<\/span>\t\t<span class=\"dates\">5 Jul 2023<\/span><\/p>\n                                <\/div>\n                                <div class=\"post-link\">\n                                    <p class=\"link\"><a href=\"https:\/\/www.sarkis.fr\/en\/2023\/les-vitraux-de-la-chapelle-cluny\/\" title=\"Les Vitraux de la Chapelle CLUNY\">See exhibition page<\/a><\/p>\n                                    <p class=\"afg-metadatas\">4 more images<\/p>\n                                <\/div>\n                            <\/figcaption>\n                                           <\/figure>\n                                    <figure class=\"swiper-slide\" data-post-id=\"post-12053\">\n                                                                                    <img loading=\"lazy\" decoding=\"async\" width=\"1500\" height=\"801\" src=\"https:\/\/www.sarkis.fr\/wp-content\/uploads\/2023\/10\/2023.06-La-Nuit-Blanche-Villejuif.jpg\" class=\"attachment-full size-full\" alt=\"\" srcset=\"https:\/\/www.sarkis.fr\/wp-content\/uploads\/2023\/10\/2023.06-La-Nuit-Blanche-Villejuif.jpg 1500w, https:\/\/www.sarkis.fr\/wp-content\/uploads\/2023\/10\/2023.06-La-Nuit-Blanche-Villejuif-300x160.jpg 300w, https:\/\/www.sarkis.fr\/wp-content\/uploads\/2023\/10\/2023.06-La-Nuit-Blanche-Villejuif-1030x550.jpg 1030w, https:\/\/www.sarkis.fr\/wp-content\/uploads\/2023\/10\/2023.06-La-Nuit-Blanche-Villejuif-768x410.jpg 768w\" sizes=\"auto, (max-width: 1500px) 100vw, 1500px\" \/>                                                        <figcaption>\n                                <div class=\"title-wrapper\">\n                                    <h3>La Nuit Blanche<\/h3>\n                                    <p class=\"afg-metadata\">\n\t\t\t<span class=\"place\">Villejuif, France<\/span>\t\t<span class=\"dates\">21 Jun 2023<\/span><\/p>\n                                <\/div>\n                                <div class=\"post-link\">\n                                    <p class=\"link\"><a href=\"https:\/\/www.sarkis.fr\/en\/2023\/__trashed\/\" title=\"La Nuit Blanche\">See exhibition page<\/a><\/p>\n                                    <p class=\"afg-metadatas\">No more image<\/p>\n                                <\/div>\n                            <\/figcaption>\n                                           <\/figure>\n                                    <figure class=\"swiper-slide\" data-post-id=\"post-12046\">\n                                                                                    <img loading=\"lazy\" decoding=\"async\" width=\"1500\" height=\"2000\" src=\"https:\/\/www.sarkis.fr\/wp-content\/uploads\/2023\/10\/18.05.2023-15-ans-de-la-Galerie-Nathalie-Bruxelles-1-1.jpg\" class=\"attachment-full size-full\" alt=\"\" srcset=\"https:\/\/www.sarkis.fr\/wp-content\/uploads\/2023\/10\/18.05.2023-15-ans-de-la-Galerie-Nathalie-Bruxelles-1-1.jpg 1500w, https:\/\/www.sarkis.fr\/wp-content\/uploads\/2023\/10\/18.05.2023-15-ans-de-la-Galerie-Nathalie-Bruxelles-1-1-225x300.jpg 225w, https:\/\/www.sarkis.fr\/wp-content\/uploads\/2023\/10\/18.05.2023-15-ans-de-la-Galerie-Nathalie-Bruxelles-1-1-773x1030.jpg 773w, https:\/\/www.sarkis.fr\/wp-content\/uploads\/2023\/10\/18.05.2023-15-ans-de-la-Galerie-Nathalie-Bruxelles-1-1-768x1024.jpg 768w, https:\/\/www.sarkis.fr\/wp-content\/uploads\/2023\/10\/18.05.2023-15-ans-de-la-Galerie-Nathalie-Bruxelles-1-1-1152x1536.jpg 1152w\" sizes=\"auto, (max-width: 1500px) 100vw, 1500px\" \/>                                                        <figcaption>\n                                <div class=\"title-wrapper\">\n                                    <h3>15 ans de la galerie Obadia Bruxelles<\/h3>\n                                    <p class=\"afg-metadata\">\n\t\t\t<span class=\"place\">Galerie Obadia, Bruxelles, Belgique<\/span>\t\t<span class=\"dates\">2023<\/span><\/p>\n                                <\/div>\n                                <div class=\"post-link\">\n                                    <p class=\"link\"><a href=\"https:\/\/www.sarkis.fr\/en\/2023\/15-ans-de-la-galerie-obadia-bruxelles\/\" title=\"15 ans de la galerie Obadia Bruxelles\">See exhibition page<\/a><\/p>\n                                    <p class=\"afg-metadatas\">No more image<\/p>\n                                <\/div>\n                            <\/figcaption>\n                                           <\/figure>\n                                    <figure class=\"swiper-slide\" data-post-id=\"post-12090\">\n                                                                                    <img loading=\"lazy\" decoding=\"async\" width=\"1600\" height=\"1681\" src=\"https:\/\/www.sarkis.fr\/wp-content\/uploads\/2023\/10\/1-Endless-2023.05-Arter-1.jpg\" class=\"attachment-full size-full\" alt=\"\" srcset=\"https:\/\/www.sarkis.fr\/wp-content\/uploads\/2023\/10\/1-Endless-2023.05-Arter-1.jpg 1600w, https:\/\/www.sarkis.fr\/wp-content\/uploads\/2023\/10\/1-Endless-2023.05-Arter-1-286x300.jpg 286w, https:\/\/www.sarkis.fr\/wp-content\/uploads\/2023\/10\/1-Endless-2023.05-Arter-1-980x1030.jpg 980w, https:\/\/www.sarkis.fr\/wp-content\/uploads\/2023\/10\/1-Endless-2023.05-Arter-1-768x807.jpg 768w, https:\/\/www.sarkis.fr\/wp-content\/uploads\/2023\/10\/1-Endless-2023.05-Arter-1-1462x1536.jpg 1462w\" sizes=\"auto, (max-width: 1600px) 100vw, 1600px\" \/>                                                        <figcaption>\n                                <div class=\"title-wrapper\">\n                                    <h3>ENDLESS<\/h3>\n                                    <p class=\"afg-metadata\">\n\t\t\t<span class=\"place\">Mus\u00e9e ARTER Istanbul<\/span>\t\t<span class=\"dates\">3 May 2023 &#8211; 4 Feb 2024<\/span><span class=\"solo\">Solo<\/span><\/p>\n                                <\/div>\n                                <div class=\"post-link\">\n                                    <p class=\"link\"><a href=\"https:\/\/www.sarkis.fr\/en\/2023\/endless\/\" title=\"ENDLESS\">See exhibition page<\/a><\/p>\n                                    <p class=\"afg-metadatas\">2 more images<\/p>\n                                <\/div>\n                            <\/figcaption>\n                                           <\/figure>\n                                    <figure class=\"swiper-slide\" data-post-id=\"post-12027\">\n                                                                                    <img loading=\"lazy\" decoding=\"async\" width=\"640\" height=\"480\" src=\"https:\/\/www.sarkis.fr\/wp-content\/uploads\/2024\/01\/2024.01.01-Istanbul-Modern-mon-espace.webp\" class=\"attachment-full size-full\" alt=\"\" srcset=\"https:\/\/www.sarkis.fr\/wp-content\/uploads\/2024\/01\/2024.01.01-Istanbul-Modern-mon-espace.webp 640w, https:\/\/www.sarkis.fr\/wp-content\/uploads\/2024\/01\/2024.01.01-Istanbul-Modern-mon-espace-300x225.webp 300w\" sizes=\"auto, (max-width: 640px) 100vw, 640px\" \/>                                                        <figcaption>\n                                <div class=\"title-wrapper\">\n                                    <h3>Room Sarkis, \u0130stanbul Modern<\/h3>\n                                    <p class=\"afg-metadata\">\n\t\t\t<span class=\"place\">\u0130stanbul Modern<\/span>\t\t<span class=\"dates\">2023 &#8211; 2030<\/span><span class=\"solo\">Solo<\/span><\/p>\n                                <\/div>\n                                <div class=\"post-link\">\n                                    <p class=\"link\"><a href=\"https:\/\/www.sarkis.fr\/en\/2023\/sarkis-room-istanbul-modern\/\" title=\"Room Sarkis, \u0130stanbul Modern\">See exhibition page<\/a><\/p>\n                                    <p class=\"afg-metadatas\">2 more images<\/p>\n                                <\/div>\n                            <\/figcaption>\n                                           <\/figure>\n                                    <figure class=\"swiper-slide\" data-post-id=\"post-11610\">\n                                                                                    <img loading=\"lazy\" decoding=\"async\" width=\"1500\" height=\"1000\" src=\"https:\/\/www.sarkis.fr\/wp-content\/uploads\/2023\/01\/2022.10-Les-Anges-de-Beppu-Japon-projet-definitif-8x9-metres.webp\" class=\"attachment-full size-full\" alt=\"\" srcset=\"https:\/\/www.sarkis.fr\/wp-content\/uploads\/2023\/01\/2022.10-Les-Anges-de-Beppu-Japon-projet-definitif-8x9-metres.webp 1500w, https:\/\/www.sarkis.fr\/wp-content\/uploads\/2023\/01\/2022.10-Les-Anges-de-Beppu-Japon-projet-definitif-8x9-metres-300x200.webp 300w, https:\/\/www.sarkis.fr\/wp-content\/uploads\/2023\/01\/2022.10-Les-Anges-de-Beppu-Japon-projet-definitif-8x9-metres-1030x687.webp 1030w, https:\/\/www.sarkis.fr\/wp-content\/uploads\/2023\/01\/2022.10-Les-Anges-de-Beppu-Japon-projet-definitif-8x9-metres-768x512.webp 768w\" sizes=\"auto, (max-width: 1500px) 100vw, 1500px\" \/>                                                        <figcaption>\n                                <div class=\"title-wrapper\">\n                                    <h3>Les Anges de Beppu<\/h3>\n                                    <p class=\"afg-metadata\">\n\t\t\t<span class=\"place\">Beppu, Japon<\/span>\t\t<span class=\"dates\">October 2022<\/span><\/p>\n                                <\/div>\n                                <div class=\"post-link\">\n                                    <p class=\"link\"><a href=\"https:\/\/www.sarkis.fr\/en\/2022\/les-anges-de-beppu\/\" title=\"Les Anges de Beppu\">See exhibition page<\/a><\/p>\n                                    <p class=\"afg-metadatas\">No more image<\/p>\n                                <\/div>\n                            <\/figcaption>\n                                           <\/figure>\n                                    <figure class=\"swiper-slide\" data-post-id=\"post-11556\">\n                                                                                    <img loading=\"lazy\" decoding=\"async\" width=\"1400\" height=\"1050\" src=\"https:\/\/www.sarkis.fr\/wp-content\/uploads\/2022\/08\/2022.05-Mon-Atelier-depuis-19380-Mamco-Gene\u0300ve.webp\" class=\"attachment-full size-full\" alt=\"\" srcset=\"https:\/\/www.sarkis.fr\/wp-content\/uploads\/2022\/08\/2022.05-Mon-Atelier-depuis-19380-Mamco-Gene\u0300ve.webp 1400w, https:\/\/www.sarkis.fr\/wp-content\/uploads\/2022\/08\/2022.05-Mon-Atelier-depuis-19380-Mamco-Gene\u0300ve-300x225.webp 300w, https:\/\/www.sarkis.fr\/wp-content\/uploads\/2022\/08\/2022.05-Mon-Atelier-depuis-19380-Mamco-Gene\u0300ve-1030x773.webp 1030w, https:\/\/www.sarkis.fr\/wp-content\/uploads\/2022\/08\/2022.05-Mon-Atelier-depuis-19380-Mamco-Gene\u0300ve-768x576.webp 768w\" sizes=\"auto, (max-width: 1400px) 100vw, 1400px\" \/>                                                        <figcaption>\n                                <div class=\"title-wrapper\">\n                                    <h3>Mon atelier depuis 19380<\/h3>\n                                    <p class=\"afg-metadata\">\n\t\t\t<span class=\"place\">MAMCO, Gen\u00e8ve<\/span>\t\t<span class=\"dates\">May 2022<\/span><\/p>\n                                <\/div>\n                                <div class=\"post-link\">\n                                    <p class=\"link\"><a href=\"https:\/\/www.sarkis.fr\/en\/2022\/mon-atelier-depuis-19380-3\/\" title=\"Mon atelier depuis 19380\">See exhibition page<\/a><\/p>\n                                    <p class=\"afg-metadatas\">No more image<\/p>\n                                <\/div>\n                            <\/figcaption>\n                                           <\/figure>\n                                    <figure class=\"swiper-slide\" data-post-id=\"post-11548\">\n                                                                                    <img loading=\"lazy\" decoding=\"async\" width=\"667\" height=\"1000\" src=\"https:\/\/www.sarkis.fr\/wp-content\/uploads\/2022\/08\/2022.04-Base-sous-marine-CAPC-Bordeaux-Hypernuit.webp\" class=\"attachment-full size-full\" alt=\"\" srcset=\"https:\/\/www.sarkis.fr\/wp-content\/uploads\/2022\/08\/2022.04-Base-sous-marine-CAPC-Bordeaux-Hypernuit.webp 667w, https:\/\/www.sarkis.fr\/wp-content\/uploads\/2022\/08\/2022.04-Base-sous-marine-CAPC-Bordeaux-Hypernuit-200x300.webp 200w\" sizes=\"auto, (max-width: 667px) 100vw, 667px\" \/>                                                        <figcaption>\n                                <div class=\"title-wrapper\">\n                                    <h3>Les Ateliers br\u00fbl\u00e9s<\/h3>\n                                    <p class=\"afg-metadata\">\n\t\t\t<span class=\"place\">CAPC Bordeaux<\/span>\t\t<span class=\"dates\">14 Apr &#8211; 28 Aug 2022<\/span><\/p>\n\t<p class=\"afg-title-notes\">\n\t\tExposition Hypernuit\t<\/p>\t\n                                <\/div>\n                                <div class=\"post-link\">\n                                    <p class=\"link\"><a href=\"https:\/\/www.sarkis.fr\/en\/2022\/les-ateliers-brules\/\" title=\"Les Ateliers br\u00fbl\u00e9s\">See exhibition page<\/a><\/p>\n                                    <p class=\"afg-metadatas\">No more image<\/p>\n                                <\/div>\n                            <\/figcaption>\n                                           <\/figure>\n                                    <figure class=\"swiper-slide\" data-post-id=\"post-11542\">\n                                                                                    <img loading=\"lazy\" decoding=\"async\" width=\"1400\" height=\"933\" src=\"https:\/\/www.sarkis.fr\/wp-content\/uploads\/2022\/08\/2022.04-Defile\u0301-du-Sie\u0300cle-Muse\u0301e-Energie-Silahtaraga-Istanbul.webp\" class=\"attachment-full size-full\" alt=\"\" srcset=\"https:\/\/www.sarkis.fr\/wp-content\/uploads\/2022\/08\/2022.04-Defile\u0301-du-Sie\u0300cle-Muse\u0301e-Energie-Silahtaraga-Istanbul.webp 1400w, https:\/\/www.sarkis.fr\/wp-content\/uploads\/2022\/08\/2022.04-Defile\u0301-du-Sie\u0300cle-Muse\u0301e-Energie-Silahtaraga-Istanbul-300x200.webp 300w, https:\/\/www.sarkis.fr\/wp-content\/uploads\/2022\/08\/2022.04-Defile\u0301-du-Sie\u0300cle-Muse\u0301e-Energie-Silahtaraga-Istanbul-1030x686.webp 1030w, https:\/\/www.sarkis.fr\/wp-content\/uploads\/2022\/08\/2022.04-Defile\u0301-du-Sie\u0300cle-Muse\u0301e-Energie-Silahtaraga-Istanbul-768x512.webp 768w\" sizes=\"auto, (max-width: 1400px) 100vw, 1400px\" \/>                                                        <figcaption>\n                                <div class=\"title-wrapper\">\n                                    <h3>D\u00e9fil\u00e9 du si\u00e8cle<\/h3>\n                                    <p class=\"afg-metadata\">\n\t\t\t<span class=\"place\">Mus\u00e9e Energie, Silahtaraga, Istanbul<\/span>\t\t<span class=\"dates\">April 2022<\/span><span class=\"solo\">Solo<\/span><\/p>\n                                <\/div>\n                                <div class=\"post-link\">\n                                    <p class=\"link\"><a href=\"https:\/\/www.sarkis.fr\/en\/2022\/defile-du-siecle\/\" title=\"D\u00e9fil\u00e9 du si\u00e8cle\">See exhibition page<\/a><\/p>\n                                    <p class=\"afg-metadatas\">1 more image<\/p>\n                                <\/div>\n                            <\/figcaption>\n                                           <\/figure>\n                                    <figure class=\"swiper-slide\" data-post-id=\"post-11537\">\n                                                                                    <img loading=\"lazy\" decoding=\"async\" width=\"667\" height=\"1000\" src=\"https:\/\/www.sarkis.fr\/wp-content\/uploads\/2022\/08\/2022.03.25-27-Spark-Art-Fair-le\u0301chaffaudage-couleur-or.webp\" class=\"attachment-full size-full\" alt=\"\" srcset=\"https:\/\/www.sarkis.fr\/wp-content\/uploads\/2022\/08\/2022.03.25-27-Spark-Art-Fair-le\u0301chaffaudage-couleur-or.webp 667w, https:\/\/www.sarkis.fr\/wp-content\/uploads\/2022\/08\/2022.03.25-27-Spark-Art-Fair-le\u0301chaffaudage-couleur-or-200x300.webp 200w\" sizes=\"auto, (max-width: 667px) 100vw, 667px\" \/>                                                        <figcaption>\n                                <div class=\"title-wrapper\">\n                                    <h3>\u00c9chafaudage couleur or<\/h3>\n                                    <p class=\"afg-metadata\">\n\t\t\t<span class=\"place\">Spark Art Fair, Vienna<\/span>\t\t<span class=\"dates\">25 Mar &#8211; 27 Mar 2022<\/span><\/p>\n                                <\/div>\n                                <div class=\"post-link\">\n                                    <p class=\"link\"><a href=\"https:\/\/www.sarkis.fr\/en\/2022\/echafaudage-couleur-or\/\" title=\"\u00c9chafaudage couleur or\">See exhibition page<\/a><\/p>\n                                    <p class=\"afg-metadatas\">No more image<\/p>\n                                <\/div>\n                            <\/figcaption>\n                                           <\/figure>\n                                    <figure class=\"swiper-slide\" data-post-id=\"post-11531\">\n                                                                                    <img loading=\"lazy\" decoding=\"async\" width=\"1400\" height=\"933\" src=\"https:\/\/www.sarkis.fr\/wp-content\/uploads\/2022\/08\/2022-Depot-BoijmansRotterdam-Vitrine-Sarkis.webp\" class=\"attachment-full size-full\" alt=\"\" srcset=\"https:\/\/www.sarkis.fr\/wp-content\/uploads\/2022\/08\/2022-Depot-BoijmansRotterdam-Vitrine-Sarkis.webp 1400w, https:\/\/www.sarkis.fr\/wp-content\/uploads\/2022\/08\/2022-Depot-BoijmansRotterdam-Vitrine-Sarkis-300x200.webp 300w, https:\/\/www.sarkis.fr\/wp-content\/uploads\/2022\/08\/2022-Depot-BoijmansRotterdam-Vitrine-Sarkis-1030x686.webp 1030w, https:\/\/www.sarkis.fr\/wp-content\/uploads\/2022\/08\/2022-Depot-BoijmansRotterdam-Vitrine-Sarkis-768x512.webp 768w\" sizes=\"auto, (max-width: 1400px) 100vw, 1400px\" \/>                                                        <figcaption>\n                                <div class=\"title-wrapper\">\n                                    <h3>DEPOT<\/h3>\n                                    <p class=\"afg-metadata\">\n\t\t\t<span class=\"place\">Vitrine, Museum Boijmans Van Beuningen, Rotterdam<\/span>\t\t<span class=\"dates\">January 2022<\/span><\/p>\n                                <\/div>\n                                <div class=\"post-link\">\n                                    <p class=\"link\"><a href=\"https:\/\/www.sarkis.fr\/en\/2022\/depot\/\" title=\"DEPOT\">See exhibition page<\/a><\/p>\n                                    <p class=\"afg-metadatas\">No more image<\/p>\n                                <\/div>\n                            <\/figcaption>\n                                           <\/figure>\n                                    <figure class=\"swiper-slide\" data-post-id=\"post-11644\">\n                                                                                    <img loading=\"lazy\" decoding=\"async\" width=\"2000\" height=\"1207\" src=\"https:\/\/www.sarkis.fr\/wp-content\/uploads\/2023\/04\/5-7-janvier-2022-_7-Jours-7-Nuits-Galerie-Obadia-Paris-1.webp\" class=\"attachment-full size-full\" alt=\"\" srcset=\"https:\/\/www.sarkis.fr\/wp-content\/uploads\/2023\/04\/5-7-janvier-2022-_7-Jours-7-Nuits-Galerie-Obadia-Paris-1.webp 2000w, https:\/\/www.sarkis.fr\/wp-content\/uploads\/2023\/04\/5-7-janvier-2022-_7-Jours-7-Nuits-Galerie-Obadia-Paris-1-300x181.webp 300w, https:\/\/www.sarkis.fr\/wp-content\/uploads\/2023\/04\/5-7-janvier-2022-_7-Jours-7-Nuits-Galerie-Obadia-Paris-1-1030x622.webp 1030w, https:\/\/www.sarkis.fr\/wp-content\/uploads\/2023\/04\/5-7-janvier-2022-_7-Jours-7-Nuits-Galerie-Obadia-Paris-1-768x463.webp 768w, https:\/\/www.sarkis.fr\/wp-content\/uploads\/2023\/04\/5-7-janvier-2022-_7-Jours-7-Nuits-Galerie-Obadia-Paris-1-1536x927.webp 1536w\" sizes=\"auto, (max-width: 2000px) 100vw, 2000px\" \/>                                                        <figcaption>\n                                <div class=\"title-wrapper\">\n                                    <h3>7 Jours 7 Nuits<\/h3>\n                                    <p class=\"afg-metadata\">\n\t\t\t<span class=\"place\">Galerie Nathalie Obadia, Paris<\/span>\t\t<span class=\"dates\">5 Jan &#8211; 7 Jan 2022<\/span><span class=\"solo\">Solo<\/span><\/p>\n                                <\/div>\n                                <div class=\"post-link\">\n                                    <p class=\"link\"><a href=\"https:\/\/www.sarkis.fr\/en\/2022\/7-jours-7-nuits-2\/\" title=\"7 Jours 7 Nuits\">See exhibition page<\/a><\/p>\n                                    <p class=\"afg-metadatas\">2 more images<\/p>\n                                <\/div>\n                            <\/figcaption>\n                                           <\/figure>\n                                    <figure class=\"swiper-slide\" data-post-id=\"post-2860\">\n                                                                                    <img loading=\"lazy\" decoding=\"async\" width=\"1300\" height=\"1036\" src=\"https:\/\/www.sarkis.fr\/wp-content\/uploads\/2020\/11\/une-Ikona-185x193cm-le-mural-nomade-couvent-de-la-tourette-22.9.2020-1.jpg\" class=\"attachment-full size-full\" alt=\"\" srcset=\"https:\/\/www.sarkis.fr\/wp-content\/uploads\/2020\/11\/une-Ikona-185x193cm-le-mural-nomade-couvent-de-la-tourette-22.9.2020-1.jpg 1300w, https:\/\/www.sarkis.fr\/wp-content\/uploads\/2020\/11\/une-Ikona-185x193cm-le-mural-nomade-couvent-de-la-tourette-22.9.2020-1-300x239.jpg 300w, https:\/\/www.sarkis.fr\/wp-content\/uploads\/2020\/11\/une-Ikona-185x193cm-le-mural-nomade-couvent-de-la-tourette-22.9.2020-1-768x612.jpg 768w, https:\/\/www.sarkis.fr\/wp-content\/uploads\/2020\/11\/une-Ikona-185x193cm-le-mural-nomade-couvent-de-la-tourette-22.9.2020-1-1030x821.jpg 1030w, https:\/\/www.sarkis.fr\/wp-content\/uploads\/2020\/11\/une-Ikona-185x193cm-le-mural-nomade-couvent-de-la-tourette-22.9.2020-1-177x142.jpg 177w, https:\/\/www.sarkis.fr\/wp-content\/uploads\/2020\/11\/une-Ikona-185x193cm-le-mural-nomade-couvent-de-la-tourette-22.9.2020-1-200x159.jpg 200w, https:\/\/www.sarkis.fr\/wp-content\/uploads\/2020\/11\/une-Ikona-185x193cm-le-mural-nomade-couvent-de-la-tourette-22.9.2020-1-400x319.jpg 400w, https:\/\/www.sarkis.fr\/wp-content\/uploads\/2020\/11\/une-Ikona-185x193cm-le-mural-nomade-couvent-de-la-tourette-22.9.2020-1-600x478.jpg 600w, https:\/\/www.sarkis.fr\/wp-content\/uploads\/2020\/11\/une-Ikona-185x193cm-le-mural-nomade-couvent-de-la-tourette-22.9.2020-1-800x638.jpg 800w, https:\/\/www.sarkis.fr\/wp-content\/uploads\/2020\/11\/une-Ikona-185x193cm-le-mural-nomade-couvent-de-la-tourette-22.9.2020-1-1200x956.jpg 1200w\" sizes=\"auto, (max-width: 1300px) 100vw, 1300px\" \/>                                                        <figcaption>\n                                <div class=\"title-wrapper\">\n                                    <h3>Le Mural Nomade<\/h3>\n                                    <p class=\"afg-metadata\">\n\t\t\t<span class=\"place\">Couvent de la Tourette, Eveux<\/span>\t\t<span class=\"dates\">22 Sep &#8211; 20 Dec 2020<\/span><\/p>\n                                <\/div>\n                                <div class=\"post-link\">\n                                    <p class=\"link\"><a href=\"https:\/\/www.sarkis.fr\/en\/2020\/le-mural-nomade\/\" title=\"Le Mural Nomade\">See exhibition page<\/a><\/p>\n                                    <p class=\"afg-metadatas\">No more image<\/p>\n                                <\/div>\n                            <\/figcaption>\n                                           <\/figure>\n                                    <figure class=\"swiper-slide\" data-post-id=\"post-2856\">\n                                                                                    <img loading=\"lazy\" decoding=\"async\" width=\"1300\" height=\"869\" src=\"https:\/\/www.sarkis.fr\/wp-content\/uploads\/2020\/11\/prismes-goethe-CEAAC-AAE-octobre-2020-1.jpg\" class=\"attachment-full size-full\" alt=\"\" srcset=\"https:\/\/www.sarkis.fr\/wp-content\/uploads\/2020\/11\/prismes-goethe-CEAAC-AAE-octobre-2020-1.jpg 1300w, https:\/\/www.sarkis.fr\/wp-content\/uploads\/2020\/11\/prismes-goethe-CEAAC-AAE-octobre-2020-1-300x201.jpg 300w, https:\/\/www.sarkis.fr\/wp-content\/uploads\/2020\/11\/prismes-goethe-CEAAC-AAE-octobre-2020-1-768x513.jpg 768w, https:\/\/www.sarkis.fr\/wp-content\/uploads\/2020\/11\/prismes-goethe-CEAAC-AAE-octobre-2020-1-1030x689.jpg 1030w, https:\/\/www.sarkis.fr\/wp-content\/uploads\/2020\/11\/prismes-goethe-CEAAC-AAE-octobre-2020-1-200x134.jpg 200w, https:\/\/www.sarkis.fr\/wp-content\/uploads\/2020\/11\/prismes-goethe-CEAAC-AAE-octobre-2020-1-400x267.jpg 400w, https:\/\/www.sarkis.fr\/wp-content\/uploads\/2020\/11\/prismes-goethe-CEAAC-AAE-octobre-2020-1-600x401.jpg 600w, https:\/\/www.sarkis.fr\/wp-content\/uploads\/2020\/11\/prismes-goethe-CEAAC-AAE-octobre-2020-1-800x535.jpg 800w, https:\/\/www.sarkis.fr\/wp-content\/uploads\/2020\/11\/prismes-goethe-CEAAC-AAE-octobre-2020-1-1200x802.jpg 1200w\" sizes=\"auto, (max-width: 1300px) 100vw, 1300px\" \/>                                                        <figcaption>\n                                <div class=\"title-wrapper\">\n                                    <h3>Prismes-Goethe<\/h3>\n                                    <p class=\"afg-metadata\">\n\t\t\t<span class=\"place\">CEAAC, Strasbourg<\/span>\t\t<span class=\"dates\">18 Sep &#8211; 22 Nov 2020<\/span><\/p>\n                                <\/div>\n                                <div class=\"post-link\">\n                                    <p class=\"link\"><a href=\"https:\/\/www.sarkis.fr\/en\/2020\/prismes-goethe\/\" title=\"Prismes-Goethe\">See exhibition page<\/a><\/p>\n                                    <p class=\"afg-metadatas\">No more image<\/p>\n                                <\/div>\n                            <\/figcaption>\n                                           <\/figure>\n                                    <figure class=\"swiper-slide\" data-post-id=\"post-2875\">\n                                                                                    <img loading=\"lazy\" decoding=\"async\" width=\"1300\" height=\"867\" src=\"https:\/\/www.sarkis.fr\/wp-content\/uploads\/2020\/11\/UNTITLED-galerie-dirimart-istanbul-9.2020.jpg\" class=\"attachment-full size-full\" alt=\"\" srcset=\"https:\/\/www.sarkis.fr\/wp-content\/uploads\/2020\/11\/UNTITLED-galerie-dirimart-istanbul-9.2020.jpg 1300w, https:\/\/www.sarkis.fr\/wp-content\/uploads\/2020\/11\/UNTITLED-galerie-dirimart-istanbul-9.2020-300x200.jpg 300w, https:\/\/www.sarkis.fr\/wp-content\/uploads\/2020\/11\/UNTITLED-galerie-dirimart-istanbul-9.2020-768x512.jpg 768w, https:\/\/www.sarkis.fr\/wp-content\/uploads\/2020\/11\/UNTITLED-galerie-dirimart-istanbul-9.2020-1030x687.jpg 1030w, https:\/\/www.sarkis.fr\/wp-content\/uploads\/2020\/11\/UNTITLED-galerie-dirimart-istanbul-9.2020-200x133.jpg 200w, https:\/\/www.sarkis.fr\/wp-content\/uploads\/2020\/11\/UNTITLED-galerie-dirimart-istanbul-9.2020-400x267.jpg 400w, https:\/\/www.sarkis.fr\/wp-content\/uploads\/2020\/11\/UNTITLED-galerie-dirimart-istanbul-9.2020-600x400.jpg 600w, https:\/\/www.sarkis.fr\/wp-content\/uploads\/2020\/11\/UNTITLED-galerie-dirimart-istanbul-9.2020-800x534.jpg 800w, https:\/\/www.sarkis.fr\/wp-content\/uploads\/2020\/11\/UNTITLED-galerie-dirimart-istanbul-9.2020-1200x800.jpg 1200w\" sizes=\"auto, (max-width: 1300px) 100vw, 1300px\" \/>                                                        <figcaption>\n                                <div class=\"title-wrapper\">\n                                    <h3>UNTITLED<\/h3>\n                                    <p class=\"afg-metadata\">\n\t\t\t<span class=\"place\">Galerie Dirimart, Istanbul<\/span>\t\t<span class=\"dates\">10 Sep &#8211; 10 Nov 2020<\/span><span class=\"solo\">Solo<\/span><\/p>\n                                <\/div>\n                                <div class=\"post-link\">\n                                    <p class=\"link\"><a href=\"https:\/\/www.sarkis.fr\/en\/2020\/untitled\/\" title=\"UNTITLED\">See exhibition page<\/a><\/p>\n                                    <p class=\"afg-metadatas\">No more image<\/p>\n                                <\/div>\n                            <\/figcaption>\n                                           <\/figure>\n                                    <figure class=\"swiper-slide\" data-post-id=\"post-2850\">\n                                                                                    <img loading=\"lazy\" decoding=\"async\" width=\"1300\" height=\"867\" src=\"https:\/\/www.sarkis.fr\/wp-content\/uploads\/2020\/11\/sarkis-le-sol-en-kintsugi-eglise-saint-point-lac-7.2020.webp\" class=\"attachment-full size-full\" alt=\"\" srcset=\"https:\/\/www.sarkis.fr\/wp-content\/uploads\/2020\/11\/sarkis-le-sol-en-kintsugi-eglise-saint-point-lac-7.2020.webp 1300w, https:\/\/www.sarkis.fr\/wp-content\/uploads\/2020\/11\/sarkis-le-sol-en-kintsugi-eglise-saint-point-lac-7.2020-300x200.webp 300w, https:\/\/www.sarkis.fr\/wp-content\/uploads\/2020\/11\/sarkis-le-sol-en-kintsugi-eglise-saint-point-lac-7.2020-1030x687.webp 1030w, https:\/\/www.sarkis.fr\/wp-content\/uploads\/2020\/11\/sarkis-le-sol-en-kintsugi-eglise-saint-point-lac-7.2020-768x512.webp 768w\" sizes=\"auto, (max-width: 1300px) 100vw, 1300px\" \/>                                                        <figcaption>\n                                <div class=\"title-wrapper\">\n                                    <h3>Le sol en Kintsugi<\/h3>\n                                    <p class=\"afg-metadata\">\n\t\t\t<span class=\"place\">Art en chapelles, \u00c9glise Saint-Point-Lac<\/span>\t\t<span class=\"dates\">5 Jul &#8211; 23 Aug 2020<\/span><\/p>\n                                <\/div>\n                                <div class=\"post-link\">\n                                    <p class=\"link\"><a href=\"https:\/\/www.sarkis.fr\/en\/2020\/le-sol-en-kintsugi\/\" title=\"Le sol en Kintsugi\">See exhibition page<\/a><\/p>\n                                    <p class=\"afg-metadatas\">No more image<\/p>\n                                <\/div>\n                            <\/figcaption>\n                                           <\/figure>\n                                    <figure class=\"swiper-slide\" data-post-id=\"post-2879\">\n                                                                                    <img loading=\"lazy\" decoding=\"async\" width=\"1300\" height=\"975\" src=\"https:\/\/www.sarkis.fr\/wp-content\/uploads\/2020\/11\/vermeer-cezanne-MAMCO-geneve-juin-2020.jpg\" class=\"attachment-full size-full\" alt=\"\" srcset=\"https:\/\/www.sarkis.fr\/wp-content\/uploads\/2020\/11\/vermeer-cezanne-MAMCO-geneve-juin-2020.jpg 1300w, https:\/\/www.sarkis.fr\/wp-content\/uploads\/2020\/11\/vermeer-cezanne-MAMCO-geneve-juin-2020-300x225.jpg 300w, https:\/\/www.sarkis.fr\/wp-content\/uploads\/2020\/11\/vermeer-cezanne-MAMCO-geneve-juin-2020-768x576.jpg 768w, https:\/\/www.sarkis.fr\/wp-content\/uploads\/2020\/11\/vermeer-cezanne-MAMCO-geneve-juin-2020-1030x773.jpg 1030w, https:\/\/www.sarkis.fr\/wp-content\/uploads\/2020\/11\/vermeer-cezanne-MAMCO-geneve-juin-2020-200x150.jpg 200w, https:\/\/www.sarkis.fr\/wp-content\/uploads\/2020\/11\/vermeer-cezanne-MAMCO-geneve-juin-2020-400x300.jpg 400w, https:\/\/www.sarkis.fr\/wp-content\/uploads\/2020\/11\/vermeer-cezanne-MAMCO-geneve-juin-2020-600x450.jpg 600w, https:\/\/www.sarkis.fr\/wp-content\/uploads\/2020\/11\/vermeer-cezanne-MAMCO-geneve-juin-2020-800x600.jpg 800w, https:\/\/www.sarkis.fr\/wp-content\/uploads\/2020\/11\/vermeer-cezanne-MAMCO-geneve-juin-2020-1200x900.jpg 1200w\" sizes=\"auto, (max-width: 1300px) 100vw, 1300px\" \/>                                                        <figcaption>\n                                <div class=\"title-wrapper\">\n                                    <h3>Vermeer \u2013 C\u00e9zanne<\/h3>\n                                    <p class=\"afg-metadata\">\n\t\t\t<span class=\"place\">Mamco, Gen\u00e8ve<\/span>\t\t<span class=\"dates\">June 2020<\/span><\/p>\n                                <\/div>\n                                <div class=\"post-link\">\n                                    <p class=\"link\"><a href=\"https:\/\/www.sarkis.fr\/en\/2020\/vermeer-cezanne-2\/\" title=\"Vermeer \u2013 C\u00e9zanne\">See exhibition page<\/a><\/p>\n                                    <p class=\"afg-metadatas\">No more image<\/p>\n                                <\/div>\n                            <\/figcaption>\n                                           <\/figure>\n                                    <figure class=\"swiper-slide\" data-post-id=\"post-2831\">\n                                                                                    <img loading=\"lazy\" decoding=\"async\" width=\"1300\" height=\"583\" src=\"https:\/\/www.sarkis.fr\/wp-content\/uploads\/2019\/10\/2019.10.04-Les-Vitraux-mobiles-de-Sarkis-Gal.-Obadia.jpg\" class=\"attachment-full size-full\" alt=\"\" srcset=\"https:\/\/www.sarkis.fr\/wp-content\/uploads\/2019\/10\/2019.10.04-Les-Vitraux-mobiles-de-Sarkis-Gal.-Obadia.jpg 1300w, https:\/\/www.sarkis.fr\/wp-content\/uploads\/2019\/10\/2019.10.04-Les-Vitraux-mobiles-de-Sarkis-Gal.-Obadia-300x135.jpg 300w, https:\/\/www.sarkis.fr\/wp-content\/uploads\/2019\/10\/2019.10.04-Les-Vitraux-mobiles-de-Sarkis-Gal.-Obadia-768x344.jpg 768w, https:\/\/www.sarkis.fr\/wp-content\/uploads\/2019\/10\/2019.10.04-Les-Vitraux-mobiles-de-Sarkis-Gal.-Obadia-1030x462.jpg 1030w, https:\/\/www.sarkis.fr\/wp-content\/uploads\/2019\/10\/2019.10.04-Les-Vitraux-mobiles-de-Sarkis-Gal.-Obadia-200x90.jpg 200w, https:\/\/www.sarkis.fr\/wp-content\/uploads\/2019\/10\/2019.10.04-Les-Vitraux-mobiles-de-Sarkis-Gal.-Obadia-400x179.jpg 400w, https:\/\/www.sarkis.fr\/wp-content\/uploads\/2019\/10\/2019.10.04-Les-Vitraux-mobiles-de-Sarkis-Gal.-Obadia-600x269.jpg 600w, https:\/\/www.sarkis.fr\/wp-content\/uploads\/2019\/10\/2019.10.04-Les-Vitraux-mobiles-de-Sarkis-Gal.-Obadia-800x359.jpg 800w, https:\/\/www.sarkis.fr\/wp-content\/uploads\/2019\/10\/2019.10.04-Les-Vitraux-mobiles-de-Sarkis-Gal.-Obadia-1200x538.jpg 1200w\" sizes=\"auto, (max-width: 1300px) 100vw, 1300px\" \/>                                                        <figcaption>\n                                <div class=\"title-wrapper\">\n                                    <h3>Les Vitraux Mobiles de Sarkis<\/h3>\n                                    <p class=\"afg-metadata\">\n\t\t\t<span class=\"place\">Galerie Nathalie Obadia, Paris<\/span>\t\t<span class=\"dates\">5 Oct &#8211; 21 Dec 2019<\/span><span class=\"solo\">Solo<\/span><\/p>\n                                <\/div>\n                                <div class=\"post-link\">\n                                    <p class=\"link\"><a href=\"https:\/\/www.sarkis.fr\/en\/2019\/les-vitraux-mobiles-de-sarkis\/\" title=\"Les Vitraux Mobiles de Sarkis\">See exhibition page<\/a><\/p>\n                                    <p class=\"afg-metadatas\">No more image<\/p>\n                                <\/div>\n                            <\/figcaption>\n                                           <\/figure>\n                                    <figure class=\"swiper-slide\" data-post-id=\"post-2825\">\n                                                                                    <img loading=\"lazy\" decoding=\"async\" width=\"1300\" height=\"865\" src=\"https:\/\/www.sarkis.fr\/wp-content\/uploads\/2019\/10\/2019.09.27-12_01_2020-Les-Abeilles-de-lInvisible-Muse\u0301e-des-Arts-Contemporans-au-Grand-Hornu-Belgique.webp\" class=\"attachment-full size-full\" alt=\"\" srcset=\"https:\/\/www.sarkis.fr\/wp-content\/uploads\/2019\/10\/2019.09.27-12_01_2020-Les-Abeilles-de-lInvisible-Muse\u0301e-des-Arts-Contemporans-au-Grand-Hornu-Belgique.webp 1300w, https:\/\/www.sarkis.fr\/wp-content\/uploads\/2019\/10\/2019.09.27-12_01_2020-Les-Abeilles-de-lInvisible-Muse\u0301e-des-Arts-Contemporans-au-Grand-Hornu-Belgique-300x200.webp 300w, https:\/\/www.sarkis.fr\/wp-content\/uploads\/2019\/10\/2019.09.27-12_01_2020-Les-Abeilles-de-lInvisible-Muse\u0301e-des-Arts-Contemporans-au-Grand-Hornu-Belgique-1030x685.webp 1030w, https:\/\/www.sarkis.fr\/wp-content\/uploads\/2019\/10\/2019.09.27-12_01_2020-Les-Abeilles-de-lInvisible-Muse\u0301e-des-Arts-Contemporans-au-Grand-Hornu-Belgique-768x511.webp 768w\" sizes=\"auto, (max-width: 1300px) 100vw, 1300px\" \/>                                                        <figcaption>\n                                <div class=\"title-wrapper\">\n                                    <h3>Les Abeilles de l&#8217;Invisible<\/h3>\n                                    <p class=\"afg-metadata\">\n\t\t\t<span class=\"place\">Muse\u0301e des Arts Contemporains, Grand-Hornu, Mons, Belgique<\/span>\t\t<span class=\"dates\">27 Sep 2019 &#8211; 12 Jan 2020<\/span><\/p>\n                                <\/div>\n                                <div class=\"post-link\">\n                                    <p class=\"link\"><a href=\"https:\/\/www.sarkis.fr\/en\/2019\/les-abeilles-de-linvisible\/\" title=\"Les Abeilles de l&#8217;Invisible\">See exhibition page<\/a><\/p>\n                                    <p class=\"afg-metadatas\">No more image<\/p>\n                                <\/div>\n                            <\/figcaption>\n                                           <\/figure>\n                                    <figure class=\"swiper-slide\" data-post-id=\"post-2821\">\n                                                                                    <img loading=\"lazy\" decoding=\"async\" width=\"1300\" height=\"821\" src=\"https:\/\/www.sarkis.fr\/wp-content\/uploads\/2019\/10\/2019.09-Caylak-Sokak-1986-2019-Arter-Museum-Istanbul.jpg\" class=\"attachment-full size-full\" alt=\"\" srcset=\"https:\/\/www.sarkis.fr\/wp-content\/uploads\/2019\/10\/2019.09-Caylak-Sokak-1986-2019-Arter-Museum-Istanbul.jpg 1300w, https:\/\/www.sarkis.fr\/wp-content\/uploads\/2019\/10\/2019.09-Caylak-Sokak-1986-2019-Arter-Museum-Istanbul-300x189.jpg 300w, https:\/\/www.sarkis.fr\/wp-content\/uploads\/2019\/10\/2019.09-Caylak-Sokak-1986-2019-Arter-Museum-Istanbul-768x485.jpg 768w, https:\/\/www.sarkis.fr\/wp-content\/uploads\/2019\/10\/2019.09-Caylak-Sokak-1986-2019-Arter-Museum-Istanbul-1030x650.jpg 1030w, https:\/\/www.sarkis.fr\/wp-content\/uploads\/2019\/10\/2019.09-Caylak-Sokak-1986-2019-Arter-Museum-Istanbul-320x202.jpg 320w, https:\/\/www.sarkis.fr\/wp-content\/uploads\/2019\/10\/2019.09-Caylak-Sokak-1986-2019-Arter-Museum-Istanbul-700x441.jpg 700w, https:\/\/www.sarkis.fr\/wp-content\/uploads\/2019\/10\/2019.09-Caylak-Sokak-1986-2019-Arter-Museum-Istanbul-200x126.jpg 200w, https:\/\/www.sarkis.fr\/wp-content\/uploads\/2019\/10\/2019.09-Caylak-Sokak-1986-2019-Arter-Museum-Istanbul-400x253.jpg 400w, https:\/\/www.sarkis.fr\/wp-content\/uploads\/2019\/10\/2019.09-Caylak-Sokak-1986-2019-Arter-Museum-Istanbul-600x379.jpg 600w, https:\/\/www.sarkis.fr\/wp-content\/uploads\/2019\/10\/2019.09-Caylak-Sokak-1986-2019-Arter-Museum-Istanbul-800x505.jpg 800w, https:\/\/www.sarkis.fr\/wp-content\/uploads\/2019\/10\/2019.09-Caylak-Sokak-1986-2019-Arter-Museum-Istanbul-1200x758.jpg 1200w\" sizes=\"auto, (max-width: 1300px) 100vw, 1300px\" \/>                                                        <figcaption>\n                                <div class=\"title-wrapper\">\n                                    <h3>Caylak Sokak<\/h3>\n                                    <p class=\"afg-metadata\">\n\t\t\t<span class=\"place\">ARTER, Istanbul<\/span>\t\t<span class=\"dates\">9 Sep 2019<\/span><\/p>\n\t<p class=\"afg-title-notes\">\n\t\tOuverture du mus\u00e9e\t<\/p>\t\n                                <\/div>\n                                <div class=\"post-link\">\n                                    <p class=\"link\"><a href=\"https:\/\/www.sarkis.fr\/en\/2019\/caylak-sokak\/\" title=\"Caylak Sokak\">See exhibition page<\/a><\/p>\n                                    <p class=\"afg-metadatas\">No more image<\/p>\n                                <\/div>\n                            <\/figcaption>\n                                           <\/figure>\n                                    <figure class=\"swiper-slide\" data-post-id=\"post-2790\">\n                                                                                    <img loading=\"lazy\" decoding=\"async\" width=\"1252\" height=\"833\" src=\"https:\/\/www.sarkis.fr\/wp-content\/uploads\/2019\/06\/artiste-contemporain-sarkis-au-commencement-le-retable-dissenheim-chapelle-de-la-visitation-thonon-les-bains-21.06-2.webp\" class=\"attachment-full size-full\" alt=\"\" srcset=\"https:\/\/www.sarkis.fr\/wp-content\/uploads\/2019\/06\/artiste-contemporain-sarkis-au-commencement-le-retable-dissenheim-chapelle-de-la-visitation-thonon-les-bains-21.06-2.webp 1252w, https:\/\/www.sarkis.fr\/wp-content\/uploads\/2019\/06\/artiste-contemporain-sarkis-au-commencement-le-retable-dissenheim-chapelle-de-la-visitation-thonon-les-bains-21.06-2-300x200.webp 300w, https:\/\/www.sarkis.fr\/wp-content\/uploads\/2019\/06\/artiste-contemporain-sarkis-au-commencement-le-retable-dissenheim-chapelle-de-la-visitation-thonon-les-bains-21.06-2-1030x685.webp 1030w, https:\/\/www.sarkis.fr\/wp-content\/uploads\/2019\/06\/artiste-contemporain-sarkis-au-commencement-le-retable-dissenheim-chapelle-de-la-visitation-thonon-les-bains-21.06-2-768x511.webp 768w\" sizes=\"auto, (max-width: 1252px) 100vw, 1252px\" \/>                                                        <figcaption>\n                                <div class=\"title-wrapper\">\n                                    <h3>Au commencement le retable d\u2019Issenheim<\/h3>\n                                    <p class=\"afg-metadata\">\n\t\t\t<span class=\"place\">Chapelle de la Visitation, Thonon les Bains<\/span>\t\t<span class=\"dates\">21 Jun &#8211; 22 Sep 2019<\/span><span class=\"solo\">Solo<\/span><\/p>\n                                <\/div>\n                                <div class=\"post-link\">\n                                    <p class=\"link\"><a href=\"https:\/\/www.sarkis.fr\/en\/2019\/au-commencement-le-retable-dissenheim\/\" title=\"Au commencement le retable d\u2019Issenheim\">See exhibition page<\/a><\/p>\n                                    <p class=\"afg-metadatas\">2 more images<\/p>\n                                <\/div>\n                            <\/figcaption>\n                                           <\/figure>\n                                    <figure class=\"swiper-slide\" data-post-id=\"post-2796\">\n                                                                                    <img loading=\"lazy\" decoding=\"async\" width=\"1134\" height=\"850\" src=\"https:\/\/www.sarkis.fr\/wp-content\/uploads\/2019\/06\/artiste-contemporain-sarkis-mon-atelier-depuis-19380-mamco-geneve-28.04.webp\" class=\"attachment-full size-full\" alt=\"\" srcset=\"https:\/\/www.sarkis.fr\/wp-content\/uploads\/2019\/06\/artiste-contemporain-sarkis-mon-atelier-depuis-19380-mamco-geneve-28.04.webp 1134w, https:\/\/www.sarkis.fr\/wp-content\/uploads\/2019\/06\/artiste-contemporain-sarkis-mon-atelier-depuis-19380-mamco-geneve-28.04-300x225.webp 300w, https:\/\/www.sarkis.fr\/wp-content\/uploads\/2019\/06\/artiste-contemporain-sarkis-mon-atelier-depuis-19380-mamco-geneve-28.04-1030x772.webp 1030w, https:\/\/www.sarkis.fr\/wp-content\/uploads\/2019\/06\/artiste-contemporain-sarkis-mon-atelier-depuis-19380-mamco-geneve-28.04-768x576.webp 768w\" sizes=\"auto, (max-width: 1134px) 100vw, 1134px\" \/>                                                        <figcaption>\n                                <div class=\"title-wrapper\">\n                                    <h3>Mon Atelier depuis 19380<\/h3>\n                                    <p class=\"afg-metadata\">\n\t\t\t<span class=\"place\">MAMCO, Gen\u00e8ve<\/span>\t\t<span class=\"dates\">28 Apr 2019<\/span><\/p>\n                                <\/div>\n                                <div class=\"post-link\">\n                                    <p class=\"link\"><a href=\"https:\/\/www.sarkis.fr\/en\/2019\/mon-atelier-depuis-19380-2\/\" title=\"Mon Atelier depuis 19380\">See exhibition page<\/a><\/p>\n                                    <p class=\"afg-metadatas\">1 more image<\/p>\n                                <\/div>\n                            <\/figcaption>\n                                           <\/figure>\n                                    <figure class=\"swiper-slide\" data-post-id=\"post-2802\">\n                                                                                    <img loading=\"lazy\" decoding=\"async\" width=\"750\" height=\"1000\" src=\"https:\/\/www.sarkis.fr\/wp-content\/uploads\/2019\/06\/artiste-contemporain-sarkis-hrant-dink-memory-museum-istanbul-23.4.2019-1200x1599-copie.webp\" class=\"attachment-full size-full\" alt=\"\" srcset=\"https:\/\/www.sarkis.fr\/wp-content\/uploads\/2019\/06\/artiste-contemporain-sarkis-hrant-dink-memory-museum-istanbul-23.4.2019-1200x1599-copie.webp 750w, https:\/\/www.sarkis.fr\/wp-content\/uploads\/2019\/06\/artiste-contemporain-sarkis-hrant-dink-memory-museum-istanbul-23.4.2019-1200x1599-copie-225x300.webp 225w\" sizes=\"auto, (max-width: 750px) 100vw, 750px\" \/>                                                        <figcaption>\n                                <div class=\"title-wrapper\">\n                                    <h3>Hrant Dink Museum of Memory<\/h3>\n                                    <p class=\"afg-metadata\">\n\t\t\t<span class=\"place\">Istanbul<\/span>\t\t<span class=\"dates\">23 Apr 2019<\/span><\/p>\n                                <\/div>\n                                <div class=\"post-link\">\n                                    <p class=\"link\"><a href=\"https:\/\/www.sarkis.fr\/en\/2019\/hrant-dink-museum-of-memory\/\" title=\"Hrant Dink Museum of Memory\">See exhibition page<\/a><\/p>\n                                    <p class=\"afg-metadatas\">No more image<\/p>\n                                <\/div>\n                            <\/figcaption>\n                                           <\/figure>\n                                    <figure class=\"swiper-slide\" data-post-id=\"post-2758\">\n                                                                                    <img loading=\"lazy\" decoding=\"async\" width=\"1500\" height=\"1000\" src=\"https:\/\/www.sarkis.fr\/wp-content\/uploads\/2019\/04\/14-3-2019-inviting-museum-cricoteka-cracovie-1.jpg\" class=\"attachment-full size-full\" alt=\"\" srcset=\"https:\/\/www.sarkis.fr\/wp-content\/uploads\/2019\/04\/14-3-2019-inviting-museum-cricoteka-cracovie-1.jpg 1500w, https:\/\/www.sarkis.fr\/wp-content\/uploads\/2019\/04\/14-3-2019-inviting-museum-cricoteka-cracovie-1-300x200.jpg 300w, https:\/\/www.sarkis.fr\/wp-content\/uploads\/2019\/04\/14-3-2019-inviting-museum-cricoteka-cracovie-1-768x512.jpg 768w, https:\/\/www.sarkis.fr\/wp-content\/uploads\/2019\/04\/14-3-2019-inviting-museum-cricoteka-cracovie-1-1030x687.jpg 1030w, https:\/\/www.sarkis.fr\/wp-content\/uploads\/2019\/04\/14-3-2019-inviting-museum-cricoteka-cracovie-1-200x133.jpg 200w, https:\/\/www.sarkis.fr\/wp-content\/uploads\/2019\/04\/14-3-2019-inviting-museum-cricoteka-cracovie-1-400x267.jpg 400w, https:\/\/www.sarkis.fr\/wp-content\/uploads\/2019\/04\/14-3-2019-inviting-museum-cricoteka-cracovie-1-600x400.jpg 600w, https:\/\/www.sarkis.fr\/wp-content\/uploads\/2019\/04\/14-3-2019-inviting-museum-cricoteka-cracovie-1-800x533.jpg 800w, https:\/\/www.sarkis.fr\/wp-content\/uploads\/2019\/04\/14-3-2019-inviting-museum-cricoteka-cracovie-1-1200x800.jpg 1200w\" sizes=\"auto, (max-width: 1500px) 100vw, 1500px\" \/>                                                        <figcaption>\n                                <div class=\"title-wrapper\">\n                                    <h3>Inviting<\/h3>\n                                    <p class=\"afg-metadata\">\n\t\t\t<span class=\"place\">Museum Cricoteka, Cracovie<\/span>\t\t<span class=\"dates\">15 Mar &#8211; 11 Aug 2019<\/span><\/p>\n                                <\/div>\n                                <div class=\"post-link\">\n                                    <p class=\"link\"><a href=\"https:\/\/www.sarkis.fr\/en\/2019\/inviting\/\" title=\"Inviting\">See exhibition page<\/a><\/p>\n                                    <p class=\"afg-metadatas\">No more image<\/p>\n                                <\/div>\n                            <\/figcaption>\n                                           <\/figure>\n                                    <figure class=\"swiper-slide\" data-post-id=\"post-2751\">\n                                                                                    <img loading=\"lazy\" decoding=\"async\" width=\"1463\" height=\"852\" src=\"https:\/\/www.sarkis.fr\/wp-content\/uploads\/2019\/01\/sarkis-In-the-beginning-dazzling-night.jpg\" class=\"attachment-full size-full\" alt=\"\" srcset=\"https:\/\/www.sarkis.fr\/wp-content\/uploads\/2019\/01\/sarkis-In-the-beginning-dazzling-night.jpg 1463w, https:\/\/www.sarkis.fr\/wp-content\/uploads\/2019\/01\/sarkis-In-the-beginning-dazzling-night-300x175.jpg 300w, https:\/\/www.sarkis.fr\/wp-content\/uploads\/2019\/01\/sarkis-In-the-beginning-dazzling-night-768x447.jpg 768w, https:\/\/www.sarkis.fr\/wp-content\/uploads\/2019\/01\/sarkis-In-the-beginning-dazzling-night-1030x600.jpg 1030w, https:\/\/www.sarkis.fr\/wp-content\/uploads\/2019\/01\/sarkis-In-the-beginning-dazzling-night-200x116.jpg 200w, https:\/\/www.sarkis.fr\/wp-content\/uploads\/2019\/01\/sarkis-In-the-beginning-dazzling-night-400x233.jpg 400w, https:\/\/www.sarkis.fr\/wp-content\/uploads\/2019\/01\/sarkis-In-the-beginning-dazzling-night-600x349.jpg 600w, https:\/\/www.sarkis.fr\/wp-content\/uploads\/2019\/01\/sarkis-In-the-beginning-dazzling-night-800x466.jpg 800w, https:\/\/www.sarkis.fr\/wp-content\/uploads\/2019\/01\/sarkis-In-the-beginning-dazzling-night-1200x699.jpg 1200w\" sizes=\"auto, (max-width: 1463px) 100vw, 1463px\" \/>                                                        <figcaption>\n                                <div class=\"title-wrapper\">\n                                    <h3>In the beginning dazzling night<\/h3>\n                                    <p class=\"afg-metadata\">\n\t\t\t<span class=\"place\">Merdiven, Istanbul<\/span>\t\t<span class=\"dates\">21 Dec 2018 &#8211; 26 Jan 2019<\/span><\/p>\n\t<p class=\"afg-title-notes\">\n\t\tBerat Isik &amp; Sarkis\t<\/p>\t\n                                <\/div>\n                                <div class=\"post-link\">\n                                    <p class=\"link\"><a href=\"https:\/\/www.sarkis.fr\/en\/2018\/in-the-beginning-dazzling-night\/\" title=\"In the beginning dazzling night\">See exhibition page<\/a><\/p>\n                                    <p class=\"afg-metadatas\">No more image<\/p>\n                                <\/div>\n                            <\/figcaption>\n                                           <\/figure>\n                                    <figure class=\"swiper-slide\" data-post-id=\"post-2729\">\n                                                                                    <img loading=\"lazy\" decoding=\"async\" width=\"1280\" height=\"354\" src=\"https:\/\/www.sarkis.fr\/wp-content\/uploads\/2018\/12\/birlesen.jpg\" class=\"attachment-full size-full\" alt=\"\" srcset=\"https:\/\/www.sarkis.fr\/wp-content\/uploads\/2018\/12\/birlesen.jpg 1280w, https:\/\/www.sarkis.fr\/wp-content\/uploads\/2018\/12\/birlesen-300x83.jpg 300w, https:\/\/www.sarkis.fr\/wp-content\/uploads\/2018\/12\/birlesen-768x212.jpg 768w, https:\/\/www.sarkis.fr\/wp-content\/uploads\/2018\/12\/birlesen-1030x285.jpg 1030w, https:\/\/www.sarkis.fr\/wp-content\/uploads\/2018\/12\/birlesen-200x55.jpg 200w, https:\/\/www.sarkis.fr\/wp-content\/uploads\/2018\/12\/birlesen-400x111.jpg 400w, https:\/\/www.sarkis.fr\/wp-content\/uploads\/2018\/12\/birlesen-600x166.jpg 600w, https:\/\/www.sarkis.fr\/wp-content\/uploads\/2018\/12\/birlesen-800x221.jpg 800w, https:\/\/www.sarkis.fr\/wp-content\/uploads\/2018\/12\/birlesen-1200x332.jpg 1200w\" sizes=\"auto, (max-width: 1280px) 100vw, 1280px\" \/>                                                        <figcaption>\n                                <div class=\"title-wrapper\">\n                                    <h3>Paradjanov with Sarkis<\/h3>\n                                    <p class=\"afg-metadata\">\n\t\t\t<span class=\"place\">Pera Museum, Istanbul<\/span>\t\t<span class=\"dates\">12 Dec 2018 &#8211; 12 Mar 2019<\/span><\/p>\n                                <\/div>\n                                <div class=\"post-link\">\n                                    <p class=\"link\"><a href=\"https:\/\/www.sarkis.fr\/en\/2018\/paradjanov-with-sarkis\/\" title=\"Paradjanov with Sarkis\">See exhibition page<\/a><\/p>\n                                    <p class=\"afg-metadatas\">No more image<\/p>\n                                <\/div>\n                            <\/figcaption>\n                                           <\/figure>\n                                    <figure class=\"swiper-slide\" data-post-id=\"post-2708\">\n                                                                                    <img loading=\"lazy\" decoding=\"async\" width=\"1000\" height=\"826\" src=\"https:\/\/www.sarkis.fr\/wp-content\/uploads\/2018\/12\/mesure-de-la-lumiere.jpg\" class=\"attachment-full size-full\" alt=\"\" srcset=\"https:\/\/www.sarkis.fr\/wp-content\/uploads\/2018\/12\/mesure-de-la-lumiere.jpg 1000w, https:\/\/www.sarkis.fr\/wp-content\/uploads\/2018\/12\/mesure-de-la-lumiere-300x248.jpg 300w, https:\/\/www.sarkis.fr\/wp-content\/uploads\/2018\/12\/mesure-de-la-lumiere-768x634.jpg 768w, https:\/\/www.sarkis.fr\/wp-content\/uploads\/2018\/12\/mesure-de-la-lumiere-200x165.jpg 200w, https:\/\/www.sarkis.fr\/wp-content\/uploads\/2018\/12\/mesure-de-la-lumiere-400x330.jpg 400w, https:\/\/www.sarkis.fr\/wp-content\/uploads\/2018\/12\/mesure-de-la-lumiere-600x496.jpg 600w, https:\/\/www.sarkis.fr\/wp-content\/uploads\/2018\/12\/mesure-de-la-lumiere-800x661.jpg 800w\" sizes=\"auto, (max-width: 1000px) 100vw, 1000px\" \/>                                                        <figcaption>\n                                <div class=\"title-wrapper\">\n                                    <h3>Mesure de la Lumie\u0300re<\/h3>\n                                    <p class=\"afg-metadata\">\n\t\t\t<span class=\"place\">Couvent des Jacobins, Toulouse<\/span>\t\t<span class=\"dates\">September 2018<\/span><\/p>\n                                <\/div>\n                                <div class=\"post-link\">\n                                    <p class=\"link\"><a href=\"https:\/\/www.sarkis.fr\/en\/2018\/mesure-de-la-lumiere\/\" title=\"Mesure de la Lumie\u0300re\">See exhibition page<\/a><\/p>\n                                    <p class=\"afg-metadatas\">No more image<\/p>\n                                <\/div>\n                            <\/figcaption>\n                                           <\/figure>\n                                    <figure class=\"swiper-slide\" data-post-id=\"post-2694\">\n                                                                                    <img loading=\"lazy\" decoding=\"async\" width=\"1280\" height=\"854\" src=\"https:\/\/www.sarkis.fr\/wp-content\/uploads\/2018\/07\/2018-cappadox-anatolie-juin.jpg\" class=\"attachment-full size-full\" alt=\"\" srcset=\"https:\/\/www.sarkis.fr\/wp-content\/uploads\/2018\/07\/2018-cappadox-anatolie-juin.jpg 1280w, https:\/\/www.sarkis.fr\/wp-content\/uploads\/2018\/07\/2018-cappadox-anatolie-juin-300x200.jpg 300w, https:\/\/www.sarkis.fr\/wp-content\/uploads\/2018\/07\/2018-cappadox-anatolie-juin-768x512.jpg 768w, https:\/\/www.sarkis.fr\/wp-content\/uploads\/2018\/07\/2018-cappadox-anatolie-juin-1030x687.jpg 1030w, https:\/\/www.sarkis.fr\/wp-content\/uploads\/2018\/07\/2018-cappadox-anatolie-juin-200x133.jpg 200w, https:\/\/www.sarkis.fr\/wp-content\/uploads\/2018\/07\/2018-cappadox-anatolie-juin-400x267.jpg 400w, https:\/\/www.sarkis.fr\/wp-content\/uploads\/2018\/07\/2018-cappadox-anatolie-juin-600x400.jpg 600w, https:\/\/www.sarkis.fr\/wp-content\/uploads\/2018\/07\/2018-cappadox-anatolie-juin-800x534.jpg 800w, https:\/\/www.sarkis.fr\/wp-content\/uploads\/2018\/07\/2018-cappadox-anatolie-juin-1200x801.jpg 1200w\" sizes=\"auto, (max-width: 1280px) 100vw, 1280px\" \/>                                                        <figcaption>\n                                <div class=\"title-wrapper\">\n                                    <h3>Silence<\/h3>\n                                    <p class=\"afg-metadata\">\n\t\t\t<span class=\"place\">Festival Cappadox, Anatolie<\/span>\t\t<span class=\"dates\">14 Jun &#8211; 9 Jul 2018<\/span><\/p>\n                                <\/div>\n                                <div class=\"post-link\">\n                                    <p class=\"link\"><a href=\"https:\/\/www.sarkis.fr\/en\/2018\/silence\/\" title=\"Silence\">See exhibition page<\/a><\/p>\n                                    <p class=\"afg-metadatas\">2 more images<\/p>\n                                <\/div>\n                            <\/figcaption>\n                                           <\/figure>\n                                    <figure class=\"swiper-slide\" data-post-id=\"post-2676\">\n                                                                                    <img loading=\"lazy\" decoding=\"async\" width=\"1276\" height=\"850\" src=\"https:\/\/www.sarkis.fr\/wp-content\/uploads\/2018\/07\/2018-06-les-vitraux-de-sarkis-les-pecheries-musee-de-fecamp-1.jpg\" class=\"attachment-full size-full\" alt=\"\" srcset=\"https:\/\/www.sarkis.fr\/wp-content\/uploads\/2018\/07\/2018-06-les-vitraux-de-sarkis-les-pecheries-musee-de-fecamp-1.jpg 1276w, https:\/\/www.sarkis.fr\/wp-content\/uploads\/2018\/07\/2018-06-les-vitraux-de-sarkis-les-pecheries-musee-de-fecamp-1-300x200.jpg 300w, https:\/\/www.sarkis.fr\/wp-content\/uploads\/2018\/07\/2018-06-les-vitraux-de-sarkis-les-pecheries-musee-de-fecamp-1-768x512.jpg 768w, https:\/\/www.sarkis.fr\/wp-content\/uploads\/2018\/07\/2018-06-les-vitraux-de-sarkis-les-pecheries-musee-de-fecamp-1-1030x686.jpg 1030w, https:\/\/www.sarkis.fr\/wp-content\/uploads\/2018\/07\/2018-06-les-vitraux-de-sarkis-les-pecheries-musee-de-fecamp-1-200x133.jpg 200w, https:\/\/www.sarkis.fr\/wp-content\/uploads\/2018\/07\/2018-06-les-vitraux-de-sarkis-les-pecheries-musee-de-fecamp-1-400x266.jpg 400w, https:\/\/www.sarkis.fr\/wp-content\/uploads\/2018\/07\/2018-06-les-vitraux-de-sarkis-les-pecheries-musee-de-fecamp-1-600x400.jpg 600w, https:\/\/www.sarkis.fr\/wp-content\/uploads\/2018\/07\/2018-06-les-vitraux-de-sarkis-les-pecheries-musee-de-fecamp-1-800x533.jpg 800w, https:\/\/www.sarkis.fr\/wp-content\/uploads\/2018\/07\/2018-06-les-vitraux-de-sarkis-les-pecheries-musee-de-fecamp-1-1200x799.jpg 1200w\" sizes=\"auto, (max-width: 1276px) 100vw, 1276px\" \/>                                                        <figcaption>\n                                <div class=\"title-wrapper\">\n                                    <h3>Les Vitraux de Sarkis<\/h3>\n                                    <p class=\"afg-metadata\">\n\t\t\t<span class=\"place\">Les P\u00eacheries, Mus\u00e9e de F\u00e9camp<\/span>\t\t<span class=\"dates\">9 Jun &#8211; 12 Nov 2018<\/span><span class=\"solo\">Solo<\/span><\/p>\n                                <\/div>\n                                <div class=\"post-link\">\n                                    <p class=\"link\"><a href=\"https:\/\/www.sarkis.fr\/en\/2018\/les-vitraux-de-sarkis\/\" title=\"Les Vitraux de Sarkis\">See exhibition page<\/a><\/p>\n                                    <p class=\"afg-metadatas\">No more image<\/p>\n                                <\/div>\n                            <\/figcaption>\n                                           <\/figure>\n                                    <figure class=\"swiper-slide\" data-post-id=\"post-2706\">\n                                                                                    <img loading=\"lazy\" decoding=\"async\" width=\"1000\" height=\"667\" src=\"https:\/\/www.sarkis.fr\/wp-content\/uploads\/2018\/12\/large-meadow.jpg\" class=\"attachment-full size-full\" alt=\"\" srcset=\"https:\/\/www.sarkis.fr\/wp-content\/uploads\/2018\/12\/large-meadow.jpg 1000w, https:\/\/www.sarkis.fr\/wp-content\/uploads\/2018\/12\/large-meadow-300x200.jpg 300w, https:\/\/www.sarkis.fr\/wp-content\/uploads\/2018\/12\/large-meadow-768x512.jpg 768w, https:\/\/www.sarkis.fr\/wp-content\/uploads\/2018\/12\/large-meadow-200x133.jpg 200w, https:\/\/www.sarkis.fr\/wp-content\/uploads\/2018\/12\/large-meadow-400x267.jpg 400w, https:\/\/www.sarkis.fr\/wp-content\/uploads\/2018\/12\/large-meadow-600x400.jpg 600w, https:\/\/www.sarkis.fr\/wp-content\/uploads\/2018\/12\/large-meadow-800x534.jpg 800w\" sizes=\"auto, (max-width: 1000px) 100vw, 1000px\" \/>                                                        <figcaption>\n                                <div class=\"title-wrapper\">\n                                    <h3>Large Meadow<\/h3>\n                                    <p class=\"afg-metadata\">\n\t\t\t<span class=\"place\">Riverrun, Istanbul<\/span>\t\t<span class=\"dates\">June 2018<\/span><\/p>\n                                <\/div>\n                                <div class=\"post-link\">\n                                    <p class=\"link\"><a href=\"https:\/\/www.sarkis.fr\/en\/2018\/large-meadow\/\" title=\"Large Meadow\">See exhibition page<\/a><\/p>\n                                    <p class=\"afg-metadatas\">No more image<\/p>\n                                <\/div>\n                            <\/figcaption>\n                                           <\/figure>\n                                    <figure class=\"swiper-slide\" data-post-id=\"post-2672\">\n                                                                                    <img loading=\"lazy\" decoding=\"async\" width=\"1276\" height=\"850\" src=\"https:\/\/www.sarkis.fr\/wp-content\/uploads\/2018\/07\/2018-05-punctum-galerie-mezzanin-geneve-.jpg\" class=\"attachment-full size-full\" alt=\"\" srcset=\"https:\/\/www.sarkis.fr\/wp-content\/uploads\/2018\/07\/2018-05-punctum-galerie-mezzanin-geneve-.jpg 1276w, https:\/\/www.sarkis.fr\/wp-content\/uploads\/2018\/07\/2018-05-punctum-galerie-mezzanin-geneve--300x200.jpg 300w, https:\/\/www.sarkis.fr\/wp-content\/uploads\/2018\/07\/2018-05-punctum-galerie-mezzanin-geneve--768x512.jpg 768w, https:\/\/www.sarkis.fr\/wp-content\/uploads\/2018\/07\/2018-05-punctum-galerie-mezzanin-geneve--1030x686.jpg 1030w, https:\/\/www.sarkis.fr\/wp-content\/uploads\/2018\/07\/2018-05-punctum-galerie-mezzanin-geneve--200x133.jpg 200w, https:\/\/www.sarkis.fr\/wp-content\/uploads\/2018\/07\/2018-05-punctum-galerie-mezzanin-geneve--400x266.jpg 400w, https:\/\/www.sarkis.fr\/wp-content\/uploads\/2018\/07\/2018-05-punctum-galerie-mezzanin-geneve--600x400.jpg 600w, https:\/\/www.sarkis.fr\/wp-content\/uploads\/2018\/07\/2018-05-punctum-galerie-mezzanin-geneve--800x533.jpg 800w, https:\/\/www.sarkis.fr\/wp-content\/uploads\/2018\/07\/2018-05-punctum-galerie-mezzanin-geneve--1200x799.jpg 1200w\" sizes=\"auto, (max-width: 1276px) 100vw, 1276px\" \/>                                                        <figcaption>\n                                <div class=\"title-wrapper\">\n                                    <h3>PUNCTUM<\/h3>\n                                    <p class=\"afg-metadata\">\n\t\t\t<span class=\"place\">Galerie Mezzanin, Gen\u00e8ve<\/span>\t\t<span class=\"dates\">3 May &#8211; 30 Jun 2018<\/span><span class=\"solo\">Solo<\/span><\/p>\n                                <\/div>\n                                <div class=\"post-link\">\n                                    <p class=\"link\"><a href=\"https:\/\/www.sarkis.fr\/en\/2018\/punctum\/\" title=\"PUNCTUM\">See exhibition page<\/a><\/p>\n                                    <p class=\"afg-metadatas\">No more image<\/p>\n                                <\/div>\n                            <\/figcaption>\n                                           <\/figure>\n                                    <figure class=\"swiper-slide\" data-post-id=\"post-2668\">\n                                                                                    <img loading=\"lazy\" decoding=\"async\" width=\"1267\" height=\"850\" src=\"https:\/\/www.sarkis.fr\/wp-content\/uploads\/2018\/07\/2018-03-palais-des-beaux-arts-paris-images-en-lutte-la-culture-visuelle-de-l-extreme-gauche-en-france-1968-1974.jpg\" class=\"attachment-full size-full\" alt=\"\" srcset=\"https:\/\/www.sarkis.fr\/wp-content\/uploads\/2018\/07\/2018-03-palais-des-beaux-arts-paris-images-en-lutte-la-culture-visuelle-de-l-extreme-gauche-en-france-1968-1974.jpg 1267w, https:\/\/www.sarkis.fr\/wp-content\/uploads\/2018\/07\/2018-03-palais-des-beaux-arts-paris-images-en-lutte-la-culture-visuelle-de-l-extreme-gauche-en-france-1968-1974-300x201.jpg 300w, https:\/\/www.sarkis.fr\/wp-content\/uploads\/2018\/07\/2018-03-palais-des-beaux-arts-paris-images-en-lutte-la-culture-visuelle-de-l-extreme-gauche-en-france-1968-1974-768x515.jpg 768w, https:\/\/www.sarkis.fr\/wp-content\/uploads\/2018\/07\/2018-03-palais-des-beaux-arts-paris-images-en-lutte-la-culture-visuelle-de-l-extreme-gauche-en-france-1968-1974-1030x691.jpg 1030w, https:\/\/www.sarkis.fr\/wp-content\/uploads\/2018\/07\/2018-03-palais-des-beaux-arts-paris-images-en-lutte-la-culture-visuelle-de-l-extreme-gauche-en-france-1968-1974-200x134.jpg 200w, https:\/\/www.sarkis.fr\/wp-content\/uploads\/2018\/07\/2018-03-palais-des-beaux-arts-paris-images-en-lutte-la-culture-visuelle-de-l-extreme-gauche-en-france-1968-1974-400x268.jpg 400w, https:\/\/www.sarkis.fr\/wp-content\/uploads\/2018\/07\/2018-03-palais-des-beaux-arts-paris-images-en-lutte-la-culture-visuelle-de-l-extreme-gauche-en-france-1968-1974-600x403.jpg 600w, https:\/\/www.sarkis.fr\/wp-content\/uploads\/2018\/07\/2018-03-palais-des-beaux-arts-paris-images-en-lutte-la-culture-visuelle-de-l-extreme-gauche-en-france-1968-1974-800x537.jpg 800w, https:\/\/www.sarkis.fr\/wp-content\/uploads\/2018\/07\/2018-03-palais-des-beaux-arts-paris-images-en-lutte-la-culture-visuelle-de-l-extreme-gauche-en-france-1968-1974-1200x805.jpg 1200w\" sizes=\"auto, (max-width: 1267px) 100vw, 1267px\" \/>                                                        <figcaption>\n                                <div class=\"title-wrapper\">\n                                    <h3>La culture visuelle de l&#8217;extr\u00eame gauche en France 1968 -1974<\/h3>\n                                    <p class=\"afg-metadata\">\n\t\t\t<span class=\"place\">Palais des Beaux-Arts, Paris<\/span>\t\t<span class=\"dates\">21 Feb &#8211; 20 May 2018<\/span><\/p>\n\t<p class=\"afg-title-notes\">\n\t\tExposition Images en lutte\t<\/p>\t\n                                <\/div>\n                                <div class=\"post-link\">\n                                    <p class=\"link\"><a href=\"https:\/\/www.sarkis.fr\/en\/2018\/la-culture-visuelle-de-lextreme-gauche-en-france-1968-1974-images-en-lutte\/\" title=\"La culture visuelle de l&#8217;extr\u00eame gauche en France 1968 -1974\">See exhibition page<\/a><\/p>\n                                    <p class=\"afg-metadatas\">No more image<\/p>\n                                <\/div>\n                            <\/figcaption>\n                                           <\/figure>\n                                    <figure class=\"swiper-slide\" data-post-id=\"post-2660\">\n                                                                                    <img loading=\"lazy\" decoding=\"async\" width=\"2011\" height=\"1071\" src=\"https:\/\/www.sarkis.fr\/wp-content\/uploads\/2018\/02\/INTERIEURS-avec-Eugene-Leroy.jpg\" class=\"attachment-full size-full\" alt=\"\" srcset=\"https:\/\/www.sarkis.fr\/wp-content\/uploads\/2018\/02\/INTERIEURS-avec-Eugene-Leroy.jpg 2011w, https:\/\/www.sarkis.fr\/wp-content\/uploads\/2018\/02\/INTERIEURS-avec-Eugene-Leroy-300x160.jpg 300w, https:\/\/www.sarkis.fr\/wp-content\/uploads\/2018\/02\/INTERIEURS-avec-Eugene-Leroy-768x409.jpg 768w, https:\/\/www.sarkis.fr\/wp-content\/uploads\/2018\/02\/INTERIEURS-avec-Eugene-Leroy-1030x549.jpg 1030w, https:\/\/www.sarkis.fr\/wp-content\/uploads\/2018\/02\/INTERIEURS-avec-Eugene-Leroy-200x107.jpg 200w, https:\/\/www.sarkis.fr\/wp-content\/uploads\/2018\/02\/INTERIEURS-avec-Eugene-Leroy-400x213.jpg 400w, https:\/\/www.sarkis.fr\/wp-content\/uploads\/2018\/02\/INTERIEURS-avec-Eugene-Leroy-600x320.jpg 600w, https:\/\/www.sarkis.fr\/wp-content\/uploads\/2018\/02\/INTERIEURS-avec-Eugene-Leroy-800x426.jpg 800w, https:\/\/www.sarkis.fr\/wp-content\/uploads\/2018\/02\/INTERIEURS-avec-Eugene-Leroy-1200x639.jpg 1200w\" sizes=\"auto, (max-width: 2011px) 100vw, 2011px\" \/>                                                        <figcaption>\n                                <div class=\"title-wrapper\">\n                                    <h3>INTERIEURS (avec Eug\u00e8ne Leroy)<\/h3>\n                                    <p class=\"afg-metadata\">\n\t\t\t<span class=\"place\">Galerie Nathalie Obadia, Paris<\/span>\t\t<span class=\"dates\">12 Jan &#8211; 17 Mar 2018<\/span><\/p>\n                                <\/div>\n                                <div class=\"post-link\">\n                                    <p class=\"link\"><a href=\"https:\/\/www.sarkis.fr\/en\/2018\/interieurs-avec-eugene-leroy\/\" title=\"INTERIEURS (avec Eug\u00e8ne Leroy)\">See exhibition page<\/a><\/p>\n                                    <p class=\"afg-metadatas\">No more image<\/p>\n                                <\/div>\n                            <\/figcaption>\n                                           <\/figure>\n                                    <figure class=\"swiper-slide\" data-post-id=\"post-2654\">\n                                                                                    <img loading=\"lazy\" decoding=\"async\" width=\"1500\" height=\"1000\" src=\"https:\/\/www.sarkis.fr\/wp-content\/uploads\/2018\/02\/2017.11-Angel-Rainbow-Zachetta-Varsovie.jpg\" class=\"attachment-full size-full\" alt=\"\" srcset=\"https:\/\/www.sarkis.fr\/wp-content\/uploads\/2018\/02\/2017.11-Angel-Rainbow-Zachetta-Varsovie.jpg 1500w, https:\/\/www.sarkis.fr\/wp-content\/uploads\/2018\/02\/2017.11-Angel-Rainbow-Zachetta-Varsovie-300x200.jpg 300w, https:\/\/www.sarkis.fr\/wp-content\/uploads\/2018\/02\/2017.11-Angel-Rainbow-Zachetta-Varsovie-768x512.jpg 768w, https:\/\/www.sarkis.fr\/wp-content\/uploads\/2018\/02\/2017.11-Angel-Rainbow-Zachetta-Varsovie-1030x687.jpg 1030w, https:\/\/www.sarkis.fr\/wp-content\/uploads\/2018\/02\/2017.11-Angel-Rainbow-Zachetta-Varsovie-200x133.jpg 200w, https:\/\/www.sarkis.fr\/wp-content\/uploads\/2018\/02\/2017.11-Angel-Rainbow-Zachetta-Varsovie-400x267.jpg 400w, https:\/\/www.sarkis.fr\/wp-content\/uploads\/2018\/02\/2017.11-Angel-Rainbow-Zachetta-Varsovie-600x400.jpg 600w, https:\/\/www.sarkis.fr\/wp-content\/uploads\/2018\/02\/2017.11-Angel-Rainbow-Zachetta-Varsovie-800x533.jpg 800w, https:\/\/www.sarkis.fr\/wp-content\/uploads\/2018\/02\/2017.11-Angel-Rainbow-Zachetta-Varsovie-1200x800.jpg 1200w\" sizes=\"auto, (max-width: 1500px) 100vw, 1500px\" \/>                                                        <figcaption>\n                                <div class=\"title-wrapper\">\n                                    <h3>Angel Rainbow<\/h3>\n                                    <p class=\"afg-metadata\">\n\t\t\t<span class=\"place\">Zachetta, Varsovie<\/span>\t\t<span class=\"dates\">27 Nov &#8211; 18 Feb 2017<\/span><span class=\"solo\">Solo<\/span><\/p>\n                                <\/div>\n                                <div class=\"post-link\">\n                                    <p class=\"link\"><a href=\"https:\/\/www.sarkis.fr\/en\/2017\/angel-rainbow\/\" title=\"Angel Rainbow\">See exhibition page<\/a><\/p>\n                                    <p class=\"afg-metadatas\">No more image<\/p>\n                                <\/div>\n                            <\/figcaption>\n                                           <\/figure>\n                                    <figure class=\"swiper-slide\" data-post-id=\"post-2648\">\n                                                                                    <img loading=\"lazy\" decoding=\"async\" width=\"1194\" height=\"785\" src=\"https:\/\/www.sarkis.fr\/wp-content\/uploads\/2018\/02\/2017.11-Mon-atelier-depuis-19380-Mamco-Geneve.jpg\" class=\"attachment-full size-full\" alt=\"\" srcset=\"https:\/\/www.sarkis.fr\/wp-content\/uploads\/2018\/02\/2017.11-Mon-atelier-depuis-19380-Mamco-Geneve.jpg 1194w, https:\/\/www.sarkis.fr\/wp-content\/uploads\/2018\/02\/2017.11-Mon-atelier-depuis-19380-Mamco-Geneve-300x197.jpg 300w, https:\/\/www.sarkis.fr\/wp-content\/uploads\/2018\/02\/2017.11-Mon-atelier-depuis-19380-Mamco-Geneve-768x505.jpg 768w, https:\/\/www.sarkis.fr\/wp-content\/uploads\/2018\/02\/2017.11-Mon-atelier-depuis-19380-Mamco-Geneve-1030x677.jpg 1030w, https:\/\/www.sarkis.fr\/wp-content\/uploads\/2018\/02\/2017.11-Mon-atelier-depuis-19380-Mamco-Geneve-200x131.jpg 200w, https:\/\/www.sarkis.fr\/wp-content\/uploads\/2018\/02\/2017.11-Mon-atelier-depuis-19380-Mamco-Geneve-400x263.jpg 400w, https:\/\/www.sarkis.fr\/wp-content\/uploads\/2018\/02\/2017.11-Mon-atelier-depuis-19380-Mamco-Geneve-600x394.jpg 600w, https:\/\/www.sarkis.fr\/wp-content\/uploads\/2018\/02\/2017.11-Mon-atelier-depuis-19380-Mamco-Geneve-800x526.jpg 800w\" sizes=\"auto, (max-width: 1194px) 100vw, 1194px\" \/>                                                        <figcaption>\n                                <div class=\"title-wrapper\">\n                                    <h3>Mon atelier depuis 19380 (suite)<\/h3>\n                                    <p class=\"afg-metadata\">\n\t\t\t<span class=\"place\">MAMCO, Gen\u00e8ve<\/span>\t\t<span class=\"dates\">17 Nov 2017<\/span><\/p>\n                                <\/div>\n                                <div class=\"post-link\">\n                                    <p class=\"link\"><a href=\"https:\/\/www.sarkis.fr\/en\/2017\/mon-atelier-depuis-19380-suite\/\" title=\"Mon atelier depuis 19380 (suite)\">See exhibition page<\/a><\/p>\n                                    <p class=\"afg-metadatas\">No more image<\/p>\n                                <\/div>\n                            <\/figcaption>\n                                           <\/figure>\n                                    <figure class=\"swiper-slide\" data-post-id=\"post-2651\">\n                                                                                    <img loading=\"lazy\" decoding=\"async\" width=\"1276\" height=\"850\" src=\"https:\/\/www.sarkis.fr\/wp-content\/uploads\/2018\/02\/2017.10.-PERFORMANCE-Tripostal-Lille.jpg\" class=\"attachment-full size-full\" alt=\"\" srcset=\"https:\/\/www.sarkis.fr\/wp-content\/uploads\/2018\/02\/2017.10.-PERFORMANCE-Tripostal-Lille.jpg 1276w, https:\/\/www.sarkis.fr\/wp-content\/uploads\/2018\/02\/2017.10.-PERFORMANCE-Tripostal-Lille-300x200.jpg 300w, https:\/\/www.sarkis.fr\/wp-content\/uploads\/2018\/02\/2017.10.-PERFORMANCE-Tripostal-Lille-768x512.jpg 768w, https:\/\/www.sarkis.fr\/wp-content\/uploads\/2018\/02\/2017.10.-PERFORMANCE-Tripostal-Lille-1030x686.jpg 1030w, https:\/\/www.sarkis.fr\/wp-content\/uploads\/2018\/02\/2017.10.-PERFORMANCE-Tripostal-Lille-200x133.jpg 200w, https:\/\/www.sarkis.fr\/wp-content\/uploads\/2018\/02\/2017.10.-PERFORMANCE-Tripostal-Lille-400x266.jpg 400w, https:\/\/www.sarkis.fr\/wp-content\/uploads\/2018\/02\/2017.10.-PERFORMANCE-Tripostal-Lille-600x400.jpg 600w, https:\/\/www.sarkis.fr\/wp-content\/uploads\/2018\/02\/2017.10.-PERFORMANCE-Tripostal-Lille-800x533.jpg 800w, https:\/\/www.sarkis.fr\/wp-content\/uploads\/2018\/02\/2017.10.-PERFORMANCE-Tripostal-Lille-1200x799.jpg 1200w\" sizes=\"auto, (max-width: 1276px) 100vw, 1276px\" \/>                                                        <figcaption>\n                                <div class=\"title-wrapper\">\n                                    <h3>PERFORMANCE  !<\/h3>\n                                    <p class=\"afg-metadata\">\n\t\t\t<span class=\"place\">Tripostal, Lille<\/span>\t\t<span class=\"dates\">6 Oct 2017 &#8211; 14 Jan 2018<\/span><\/p>\n                                <\/div>\n                                <div class=\"post-link\">\n                                    <p class=\"link\"><a href=\"https:\/\/www.sarkis.fr\/en\/2017\/performance\/\" title=\"PERFORMANCE  !\">See exhibition page<\/a><\/p>\n                                    <p class=\"afg-metadatas\">No more image<\/p>\n                                <\/div>\n                            <\/figcaption>\n                                           <\/figure>\n                                    <figure class=\"swiper-slide\" data-post-id=\"post-2657\">\n                                                                                    <img loading=\"lazy\" decoding=\"async\" width=\"1134\" height=\"850\" src=\"https:\/\/www.sarkis.fr\/wp-content\/uploads\/2018\/02\/Yellow-Punctum-19.9.2017-Riverrun-Bunker-Istanbul.jpg\" class=\"attachment-full size-full\" alt=\"\" srcset=\"https:\/\/www.sarkis.fr\/wp-content\/uploads\/2018\/02\/Yellow-Punctum-19.9.2017-Riverrun-Bunker-Istanbul.jpg 1134w, https:\/\/www.sarkis.fr\/wp-content\/uploads\/2018\/02\/Yellow-Punctum-19.9.2017-Riverrun-Bunker-Istanbul-300x225.jpg 300w, https:\/\/www.sarkis.fr\/wp-content\/uploads\/2018\/02\/Yellow-Punctum-19.9.2017-Riverrun-Bunker-Istanbul-768x576.jpg 768w, https:\/\/www.sarkis.fr\/wp-content\/uploads\/2018\/02\/Yellow-Punctum-19.9.2017-Riverrun-Bunker-Istanbul-1030x772.jpg 1030w, https:\/\/www.sarkis.fr\/wp-content\/uploads\/2018\/02\/Yellow-Punctum-19.9.2017-Riverrun-Bunker-Istanbul-200x150.jpg 200w, https:\/\/www.sarkis.fr\/wp-content\/uploads\/2018\/02\/Yellow-Punctum-19.9.2017-Riverrun-Bunker-Istanbul-400x300.jpg 400w, https:\/\/www.sarkis.fr\/wp-content\/uploads\/2018\/02\/Yellow-Punctum-19.9.2017-Riverrun-Bunker-Istanbul-600x450.jpg 600w, https:\/\/www.sarkis.fr\/wp-content\/uploads\/2018\/02\/Yellow-Punctum-19.9.2017-Riverrun-Bunker-Istanbul-800x600.jpg 800w\" sizes=\"auto, (max-width: 1134px) 100vw, 1134px\" \/>                                                        <figcaption>\n                                <div class=\"title-wrapper\">\n                                    <h3>Yellow Punctum<\/h3>\n                                    <p class=\"afg-metadata\">\n\t\t\t<span class=\"place\">Riverrun, Bunker, Istanbul<\/span>\t\t<span class=\"dates\">17 Sep 2017<\/span><span class=\"solo\">Solo<\/span><\/p>\n                                <\/div>\n                                <div class=\"post-link\">\n                                    <p class=\"link\"><a href=\"https:\/\/www.sarkis.fr\/en\/2017\/yellow-punctum\/\" title=\"Yellow Punctum\">See exhibition page<\/a><\/p>\n                                    <p class=\"afg-metadatas\">No more image<\/p>\n                                <\/div>\n                            <\/figcaption>\n                                           <\/figure>\n                                    <figure class=\"swiper-slide\" data-post-id=\"post-2617\">\n                                                                                    <img loading=\"lazy\" decoding=\"async\" width=\"1500\" height=\"998\" src=\"https:\/\/www.sarkis.fr\/wp-content\/uploads\/2017\/06\/2017.04.11-MAMCO-Mon-Atelier-depuis-19380.jpg\" class=\"attachment-full size-full\" alt=\"\" srcset=\"https:\/\/www.sarkis.fr\/wp-content\/uploads\/2017\/06\/2017.04.11-MAMCO-Mon-Atelier-depuis-19380.jpg 1500w, https:\/\/www.sarkis.fr\/wp-content\/uploads\/2017\/06\/2017.04.11-MAMCO-Mon-Atelier-depuis-19380-300x200.jpg 300w, https:\/\/www.sarkis.fr\/wp-content\/uploads\/2017\/06\/2017.04.11-MAMCO-Mon-Atelier-depuis-19380-768x511.jpg 768w, https:\/\/www.sarkis.fr\/wp-content\/uploads\/2017\/06\/2017.04.11-MAMCO-Mon-Atelier-depuis-19380-1030x685.jpg 1030w, https:\/\/www.sarkis.fr\/wp-content\/uploads\/2017\/06\/2017.04.11-MAMCO-Mon-Atelier-depuis-19380-200x133.jpg 200w, https:\/\/www.sarkis.fr\/wp-content\/uploads\/2017\/06\/2017.04.11-MAMCO-Mon-Atelier-depuis-19380-400x266.jpg 400w, https:\/\/www.sarkis.fr\/wp-content\/uploads\/2017\/06\/2017.04.11-MAMCO-Mon-Atelier-depuis-19380-600x399.jpg 600w, https:\/\/www.sarkis.fr\/wp-content\/uploads\/2017\/06\/2017.04.11-MAMCO-Mon-Atelier-depuis-19380-800x532.jpg 800w, https:\/\/www.sarkis.fr\/wp-content\/uploads\/2017\/06\/2017.04.11-MAMCO-Mon-Atelier-depuis-19380-1200x798.jpg 1200w\" sizes=\"auto, (max-width: 1500px) 100vw, 1500px\" \/>                                                        <figcaption>\n                                <div class=\"title-wrapper\">\n                                    <h3>Mon Atelier depuis 19380<\/h3>\n                                    <p class=\"afg-metadata\">\n\t\t\t<span class=\"place\">MAMCO, Gen\u00e8ve<\/span>\t\t<span class=\"dates\">4 Apr 2017<\/span><\/p>\n                                <\/div>\n                                <div class=\"post-link\">\n                                    <p class=\"link\"><a href=\"https:\/\/www.sarkis.fr\/en\/2017\/mon-atelier-depuis-19380\/\" title=\"Mon Atelier depuis 19380\">See exhibition page<\/a><\/p>\n                                    <p class=\"afg-metadatas\">No more image<\/p>\n                                <\/div>\n                            <\/figcaption>\n                                           <\/figure>\n                                    <figure class=\"swiper-slide\" data-post-id=\"post-2614\">\n                                                                                    <img loading=\"lazy\" decoding=\"async\" width=\"1500\" height=\"1131\" src=\"https:\/\/www.sarkis.fr\/wp-content\/uploads\/2017\/06\/2017.04.03-_100-Cries-after-Munch_-Galerie-de-Zaal-Delft-solo.jpg\" class=\"attachment-full size-full\" alt=\"\" srcset=\"https:\/\/www.sarkis.fr\/wp-content\/uploads\/2017\/06\/2017.04.03-_100-Cries-after-Munch_-Galerie-de-Zaal-Delft-solo.jpg 1500w, https:\/\/www.sarkis.fr\/wp-content\/uploads\/2017\/06\/2017.04.03-_100-Cries-after-Munch_-Galerie-de-Zaal-Delft-solo-300x226.jpg 300w, https:\/\/www.sarkis.fr\/wp-content\/uploads\/2017\/06\/2017.04.03-_100-Cries-after-Munch_-Galerie-de-Zaal-Delft-solo-768x579.jpg 768w, https:\/\/www.sarkis.fr\/wp-content\/uploads\/2017\/06\/2017.04.03-_100-Cries-after-Munch_-Galerie-de-Zaal-Delft-solo-1030x777.jpg 1030w, https:\/\/www.sarkis.fr\/wp-content\/uploads\/2017\/06\/2017.04.03-_100-Cries-after-Munch_-Galerie-de-Zaal-Delft-solo-200x151.jpg 200w, https:\/\/www.sarkis.fr\/wp-content\/uploads\/2017\/06\/2017.04.03-_100-Cries-after-Munch_-Galerie-de-Zaal-Delft-solo-400x302.jpg 400w, https:\/\/www.sarkis.fr\/wp-content\/uploads\/2017\/06\/2017.04.03-_100-Cries-after-Munch_-Galerie-de-Zaal-Delft-solo-600x452.jpg 600w, https:\/\/www.sarkis.fr\/wp-content\/uploads\/2017\/06\/2017.04.03-_100-Cries-after-Munch_-Galerie-de-Zaal-Delft-solo-800x603.jpg 800w, https:\/\/www.sarkis.fr\/wp-content\/uploads\/2017\/06\/2017.04.03-_100-Cries-after-Munch_-Galerie-de-Zaal-Delft-solo-1200x905.jpg 1200w\" sizes=\"auto, (max-width: 1500px) 100vw, 1500px\" \/>                                                        <figcaption>\n                                <div class=\"title-wrapper\">\n                                    <h3>100 Cries after Munch<\/h3>\n                                    <p class=\"afg-metadata\">\n\t\t\t<span class=\"place\">Galerie Zaal, Delft<\/span>\t\t<span class=\"dates\">3 Apr 2017<\/span><span class=\"solo\">Solo<\/span><\/p>\n                                <\/div>\n                                <div class=\"post-link\">\n                                    <p class=\"link\"><a href=\"https:\/\/www.sarkis.fr\/en\/2017\/100-cries-after-munch\/\" title=\"100 Cries after Munch\">See exhibition page<\/a><\/p>\n                                    <p class=\"afg-metadatas\">No more image<\/p>\n                                <\/div>\n                            <\/figcaption>\n                                           <\/figure>\n                                    <figure class=\"swiper-slide\" data-post-id=\"post-2605\">\n                                                                                    <img loading=\"lazy\" decoding=\"async\" width=\"1500\" height=\"998\" src=\"https:\/\/www.sarkis.fr\/wp-content\/uploads\/2017\/03\/2017-03-Art-Basel-Hong-Kong-SIRT_DOS-179x276cm-.jpg\" class=\"attachment-full size-full\" alt=\"\" srcset=\"https:\/\/www.sarkis.fr\/wp-content\/uploads\/2017\/03\/2017-03-Art-Basel-Hong-Kong-SIRT_DOS-179x276cm-.jpg 1500w, https:\/\/www.sarkis.fr\/wp-content\/uploads\/2017\/03\/2017-03-Art-Basel-Hong-Kong-SIRT_DOS-179x276cm--300x200.jpg 300w, https:\/\/www.sarkis.fr\/wp-content\/uploads\/2017\/03\/2017-03-Art-Basel-Hong-Kong-SIRT_DOS-179x276cm--768x511.jpg 768w, https:\/\/www.sarkis.fr\/wp-content\/uploads\/2017\/03\/2017-03-Art-Basel-Hong-Kong-SIRT_DOS-179x276cm--1030x685.jpg 1030w, https:\/\/www.sarkis.fr\/wp-content\/uploads\/2017\/03\/2017-03-Art-Basel-Hong-Kong-SIRT_DOS-179x276cm--200x133.jpg 200w, https:\/\/www.sarkis.fr\/wp-content\/uploads\/2017\/03\/2017-03-Art-Basel-Hong-Kong-SIRT_DOS-179x276cm--400x266.jpg 400w, https:\/\/www.sarkis.fr\/wp-content\/uploads\/2017\/03\/2017-03-Art-Basel-Hong-Kong-SIRT_DOS-179x276cm--600x399.jpg 600w, https:\/\/www.sarkis.fr\/wp-content\/uploads\/2017\/03\/2017-03-Art-Basel-Hong-Kong-SIRT_DOS-179x276cm--800x532.jpg 800w, https:\/\/www.sarkis.fr\/wp-content\/uploads\/2017\/03\/2017-03-Art-Basel-Hong-Kong-SIRT_DOS-179x276cm--1200x798.jpg 1200w\" sizes=\"auto, (max-width: 1500px) 100vw, 1500px\" \/>                                                        <figcaption>\n                                <div class=\"title-wrapper\">\n                                    <h3>Angel Rainbow<\/h3>\n                                    <p class=\"afg-metadata\">\n\t\t\t<span class=\"place\">Galerie Dirimart, Art Basel in Hong Kong<\/span>\t\t<span class=\"dates\">21 Mar &#8211; 25 Mar 2017<\/span><\/p>\n                                <\/div>\n                                <div class=\"post-link\">\n                                    <p class=\"link\"><a href=\"https:\/\/www.sarkis.fr\/en\/2017\/angel-rainbow-art-basel-hong-kong-galerie-dirimart\/\" title=\"Angel Rainbow\">See exhibition page<\/a><\/p>\n                                    <p class=\"afg-metadatas\">No more image<\/p>\n                                <\/div>\n                            <\/figcaption>\n                                           <\/figure>\n                                    <figure class=\"swiper-slide\" data-post-id=\"post-2563\">\n                                                                                    <img loading=\"lazy\" decoding=\"async\" width=\"1800\" height=\"485\" src=\"https:\/\/www.sarkis.fr\/wp-content\/uploads\/2016\/02\/Mirror-Dirimart-Galerie-Istanbul-17-01-2017_.jpg\" class=\"attachment-full size-full\" alt=\"\" srcset=\"https:\/\/www.sarkis.fr\/wp-content\/uploads\/2016\/02\/Mirror-Dirimart-Galerie-Istanbul-17-01-2017_.jpg 1800w, https:\/\/www.sarkis.fr\/wp-content\/uploads\/2016\/02\/Mirror-Dirimart-Galerie-Istanbul-17-01-2017_-300x81.jpg 300w, https:\/\/www.sarkis.fr\/wp-content\/uploads\/2016\/02\/Mirror-Dirimart-Galerie-Istanbul-17-01-2017_-768x207.jpg 768w, https:\/\/www.sarkis.fr\/wp-content\/uploads\/2016\/02\/Mirror-Dirimart-Galerie-Istanbul-17-01-2017_-1030x278.jpg 1030w, https:\/\/www.sarkis.fr\/wp-content\/uploads\/2016\/02\/Mirror-Dirimart-Galerie-Istanbul-17-01-2017_-200x54.jpg 200w, https:\/\/www.sarkis.fr\/wp-content\/uploads\/2016\/02\/Mirror-Dirimart-Galerie-Istanbul-17-01-2017_-400x108.jpg 400w, https:\/\/www.sarkis.fr\/wp-content\/uploads\/2016\/02\/Mirror-Dirimart-Galerie-Istanbul-17-01-2017_-600x162.jpg 600w, https:\/\/www.sarkis.fr\/wp-content\/uploads\/2016\/02\/Mirror-Dirimart-Galerie-Istanbul-17-01-2017_-800x216.jpg 800w, https:\/\/www.sarkis.fr\/wp-content\/uploads\/2016\/02\/Mirror-Dirimart-Galerie-Istanbul-17-01-2017_-1200x323.jpg 1200w\" sizes=\"auto, (max-width: 1800px) 100vw, 1800px\" \/>                                                        <figcaption>\n                                <div class=\"title-wrapper\">\n                                    <h3>Mirror<\/h3>\n                                    <p class=\"afg-metadata\">\n\t\t\t<span class=\"place\">Galerie Dirimart, Dolapdere, Istanbul<\/span>\t\t<span class=\"dates\">17 Jan &#8211; 19 Feb 2017<\/span><span class=\"solo\">Solo<\/span><\/p>\n                                <\/div>\n                                <div class=\"post-link\">\n                                    <p class=\"link\"><a href=\"https:\/\/www.sarkis.fr\/en\/2017\/mirror\/\" title=\"Mirror\">See exhibition page<\/a><\/p>\n                                    <p class=\"afg-metadatas\">No more image<\/p>\n                                <\/div>\n                            <\/figcaption>\n                                           <\/figure>\n                                    <figure class=\"swiper-slide\" data-post-id=\"post-2548\">\n                                                                                    <img loading=\"lazy\" decoding=\"async\" width=\"1000\" height=\"666\" src=\"https:\/\/www.sarkis.fr\/wp-content\/uploads\/2016\/04\/2016.03.25-Les-Re\u0301ve\u0301lations-de-Sarkis-leffaceur-DOC-Paris.jpg\" class=\"attachment-full size-full\" alt=\"\" srcset=\"https:\/\/www.sarkis.fr\/wp-content\/uploads\/2016\/04\/2016.03.25-Les-Re\u0301ve\u0301lations-de-Sarkis-leffaceur-DOC-Paris.jpg 1000w, https:\/\/www.sarkis.fr\/wp-content\/uploads\/2016\/04\/2016.03.25-Les-Re\u0301ve\u0301lations-de-Sarkis-leffaceur-DOC-Paris-300x200.jpg 300w, https:\/\/www.sarkis.fr\/wp-content\/uploads\/2016\/04\/2016.03.25-Les-Re\u0301ve\u0301lations-de-Sarkis-leffaceur-DOC-Paris-768x511.jpg 768w\" sizes=\"auto, (max-width: 1000px) 100vw, 1000px\" \/>                                                        <figcaption>\n                                <div class=\"title-wrapper\">\n                                    <h3>Les r\u00e9v\u00e9lations de Sarkis l\u2019effaceur<\/h3>\n                                    <p class=\"afg-metadata\">\n\t\t\t<span class=\"place\">DOC, Paris<\/span>\t\t<span class=\"dates\">25 Mar &#8211; 10 Apr 2016<\/span><span class=\"solo\">Solo<\/span><\/p>\n                                <\/div>\n                                <div class=\"post-link\">\n                                    <p class=\"link\"><a href=\"https:\/\/www.sarkis.fr\/en\/2016\/les-revelations-de-sarkis-leffaceur\/\" title=\"Les r\u00e9v\u00e9lations de Sarkis l\u2019effaceur\">See exhibition page<\/a><\/p>\n                                    <p class=\"afg-metadatas\">No more image<\/p>\n                                <\/div>\n                            <\/figcaption>\n                                           <\/figure>\n                                    <figure class=\"swiper-slide\" data-post-id=\"post-2539\">\n                                                                                    <img loading=\"lazy\" decoding=\"async\" width=\"750\" height=\"1000\" src=\"https:\/\/www.sarkis.fr\/wp-content\/uploads\/2016\/04\/2016.03.03-07.04-Carambolages-Grand-Palais-Paris-.jpg\" class=\"attachment-full size-full\" alt=\"\" srcset=\"https:\/\/www.sarkis.fr\/wp-content\/uploads\/2016\/04\/2016.03.03-07.04-Carambolages-Grand-Palais-Paris-.jpg 750w, https:\/\/www.sarkis.fr\/wp-content\/uploads\/2016\/04\/2016.03.03-07.04-Carambolages-Grand-Palais-Paris--225x300.jpg 225w\" sizes=\"auto, (max-width: 750px) 100vw, 750px\" \/>                                                        <figcaption>\n                                <div class=\"title-wrapper\">\n                                    <h3>CARAMBOLAGES<\/h3>\n                                    <p class=\"afg-metadata\">\n\t\t\t<span class=\"place\">Grand Palais, Paris<\/span>\t\t<span class=\"dates\">3 Mar &#8211; 7 Apr 2016<\/span><\/p>\n                                <\/div>\n                                <div class=\"post-link\">\n                                    <p class=\"link\"><a href=\"https:\/\/www.sarkis.fr\/en\/2016\/carambolages\/\" title=\"CARAMBOLAGES\">See exhibition page<\/a><\/p>\n                                    <p class=\"afg-metadatas\">No more image<\/p>\n                                <\/div>\n                            <\/figcaption>\n                                           <\/figure>\n                                    <figure class=\"swiper-slide\" data-post-id=\"post-2531\">\n                                                                                    <img loading=\"lazy\" decoding=\"async\" width=\"1000\" height=\"764\" src=\"https:\/\/www.sarkis.fr\/wp-content\/uploads\/2016\/02\/2016-IL-GRIDO-Galerie-Nathalie-Obadia-Bruxelles-On-the-Breaking-Bad-s-wallpaper-between-the-Cry-and-the-Masks-2015.jpg\" class=\"attachment-full size-full\" alt=\"\" srcset=\"https:\/\/www.sarkis.fr\/wp-content\/uploads\/2016\/02\/2016-IL-GRIDO-Galerie-Nathalie-Obadia-Bruxelles-On-the-Breaking-Bad-s-wallpaper-between-the-Cry-and-the-Masks-2015.jpg 1000w, https:\/\/www.sarkis.fr\/wp-content\/uploads\/2016\/02\/2016-IL-GRIDO-Galerie-Nathalie-Obadia-Bruxelles-On-the-Breaking-Bad-s-wallpaper-between-the-Cry-and-the-Masks-2015-300x229.jpg 300w, https:\/\/www.sarkis.fr\/wp-content\/uploads\/2016\/02\/2016-IL-GRIDO-Galerie-Nathalie-Obadia-Bruxelles-On-the-Breaking-Bad-s-wallpaper-between-the-Cry-and-the-Masks-2015-768x587.jpg 768w, https:\/\/www.sarkis.fr\/wp-content\/uploads\/2016\/02\/2016-IL-GRIDO-Galerie-Nathalie-Obadia-Bruxelles-On-the-Breaking-Bad-s-wallpaper-between-the-Cry-and-the-Masks-2015-180x138.jpg 180w\" sizes=\"auto, (max-width: 1000px) 100vw, 1000px\" \/>                                                        <figcaption>\n                                <div class=\"title-wrapper\">\n                                    <h3>Il Grido<\/h3>\n                                    <p class=\"afg-metadata\">\n\t\t\t<span class=\"place\">Galerie Nathalie Obadia, Bruxelles<\/span>\t\t<span class=\"dates\">3 Feb &#8211; 26 Mar 2016<\/span><span class=\"solo\">Solo<\/span><\/p>\n                                <\/div>\n                                <div class=\"post-link\">\n                                    <p class=\"link\"><a href=\"https:\/\/www.sarkis.fr\/en\/2016\/il-grido\/\" title=\"Il Grido\">See exhibition page<\/a><\/p>\n                                    <p class=\"afg-metadatas\">No more image<\/p>\n                                <\/div>\n                            <\/figcaption>\n                                           <\/figure>\n                                    <figure class=\"swiper-slide\" data-post-id=\"post-2622\">\n                                                                                    <img loading=\"lazy\" decoding=\"async\" width=\"1500\" height=\"1035\" src=\"https:\/\/www.sarkis.fr\/wp-content\/uploads\/2017\/06\/2017-Girouette-19320-for-Henning-Christiansen-Moen-Denmark.jpg\" class=\"attachment-full size-full\" alt=\"\" srcset=\"https:\/\/www.sarkis.fr\/wp-content\/uploads\/2017\/06\/2017-Girouette-19320-for-Henning-Christiansen-Moen-Denmark.jpg 1500w, https:\/\/www.sarkis.fr\/wp-content\/uploads\/2017\/06\/2017-Girouette-19320-for-Henning-Christiansen-Moen-Denmark-300x207.jpg 300w, https:\/\/www.sarkis.fr\/wp-content\/uploads\/2017\/06\/2017-Girouette-19320-for-Henning-Christiansen-Moen-Denmark-768x530.jpg 768w, https:\/\/www.sarkis.fr\/wp-content\/uploads\/2017\/06\/2017-Girouette-19320-for-Henning-Christiansen-Moen-Denmark-1030x711.jpg 1030w, https:\/\/www.sarkis.fr\/wp-content\/uploads\/2017\/06\/2017-Girouette-19320-for-Henning-Christiansen-Moen-Denmark-200x138.jpg 200w, https:\/\/www.sarkis.fr\/wp-content\/uploads\/2017\/06\/2017-Girouette-19320-for-Henning-Christiansen-Moen-Denmark-400x276.jpg 400w, https:\/\/www.sarkis.fr\/wp-content\/uploads\/2017\/06\/2017-Girouette-19320-for-Henning-Christiansen-Moen-Denmark-600x414.jpg 600w, https:\/\/www.sarkis.fr\/wp-content\/uploads\/2017\/06\/2017-Girouette-19320-for-Henning-Christiansen-Moen-Denmark-800x552.jpg 800w, https:\/\/www.sarkis.fr\/wp-content\/uploads\/2017\/06\/2017-Girouette-19320-for-Henning-Christiansen-Moen-Denmark-1200x828.jpg 1200w\" sizes=\"auto, (max-width: 1500px) 100vw, 1500px\" \/>                                                        <figcaption>\n                                <div class=\"title-wrapper\">\n                                    <h3>Girouettes<\/h3>\n                                    <p class=\"afg-metadata\">\n\t\t\t<span class=\"place\">Paris &#8211; Kunsthal 44 M\u00f8en, Denmark<\/span>\t\t<span class=\"dates\">2016 &#8211; 2017<\/span><\/p>\n                                <\/div>\n                                <div class=\"post-link\">\n                                    <p class=\"link\"><a href=\"https:\/\/www.sarkis.fr\/en\/2016\/girouettes-paris-et-kunsthal-44-moen-denmark\/\" title=\"Girouettes\">See exhibition page<\/a><\/p>\n                                    <p class=\"afg-metadatas\">1 more image<\/p>\n                                <\/div>\n                            <\/figcaption>\n                                           <\/figure>\n                                    <figure class=\"swiper-slide\" data-post-id=\"post-2526\">\n                                                                                    <img loading=\"lazy\" decoding=\"async\" width=\"1000\" height=\"645\" src=\"https:\/\/www.sarkis.fr\/wp-content\/uploads\/2016\/02\/2015-12-Istanbul-Passion-Joy-Fury-MAXXI-Roma.jpg\" class=\"attachment-full size-full\" alt=\"\" srcset=\"https:\/\/www.sarkis.fr\/wp-content\/uploads\/2016\/02\/2015-12-Istanbul-Passion-Joy-Fury-MAXXI-Roma.jpg 1000w, https:\/\/www.sarkis.fr\/wp-content\/uploads\/2016\/02\/2015-12-Istanbul-Passion-Joy-Fury-MAXXI-Roma-300x194.jpg 300w, https:\/\/www.sarkis.fr\/wp-content\/uploads\/2016\/02\/2015-12-Istanbul-Passion-Joy-Fury-MAXXI-Roma-768x495.jpg 768w\" sizes=\"auto, (max-width: 1000px) 100vw, 1000px\" \/>                                                        <figcaption>\n                                <div class=\"title-wrapper\">\n                                    <h3>ISTANBUL PASSION JOY FURY<\/h3>\n                                    <p class=\"afg-metadata\">\n\t\t\t<span class=\"place\">MAXXI, Roma<\/span>\t\t<span class=\"dates\">11 Dec 2015 &#8211; 30 Apr 2016<\/span><\/p>\n                                <\/div>\n                                <div class=\"post-link\">\n                                    <p class=\"link\"><a href=\"https:\/\/www.sarkis.fr\/en\/2015\/istanbul-passion-joy-fury\/\" title=\"ISTANBUL PASSION JOY FURY\">See exhibition page<\/a><\/p>\n                                    <p class=\"afg-metadatas\">No more image<\/p>\n                                <\/div>\n                            <\/figcaption>\n                                           <\/figure>\n                                    <figure class=\"swiper-slide\" data-post-id=\"post-2521\">\n                                                                                    <img loading=\"lazy\" decoding=\"async\" width=\"1000\" height=\"667\" src=\"https:\/\/www.sarkis.fr\/wp-content\/uploads\/2016\/02\/2015-Atelier-d-Aquarelle-dans-l-eau-la-sculpture-FRAC-Alsace.jpg\" class=\"attachment-full size-full\" alt=\"\" srcset=\"https:\/\/www.sarkis.fr\/wp-content\/uploads\/2016\/02\/2015-Atelier-d-Aquarelle-dans-l-eau-la-sculpture-FRAC-Alsace.jpg 1000w, https:\/\/www.sarkis.fr\/wp-content\/uploads\/2016\/02\/2015-Atelier-d-Aquarelle-dans-l-eau-la-sculpture-FRAC-Alsace-300x200.jpg 300w, https:\/\/www.sarkis.fr\/wp-content\/uploads\/2016\/02\/2015-Atelier-d-Aquarelle-dans-l-eau-la-sculpture-FRAC-Alsace-768x512.jpg 768w\" sizes=\"auto, (max-width: 1000px) 100vw, 1000px\" \/>                                                        <figcaption>\n                                <div class=\"title-wrapper\">\n                                    <h3>Atelier d\u2019Aquarelle dans l\u2019Eau, la sculpture<\/h3>\n                                    <p class=\"afg-metadata\">\n\t\t\t<span class=\"place\">FRAC Alsace, S\u00e9lestat<\/span>\t\t<span class=\"dates\">December 2015 &#8211; January 2016<\/span><\/p>\n                                <\/div>\n                                <div class=\"post-link\">\n                                    <p class=\"link\"><a href=\"https:\/\/www.sarkis.fr\/en\/2015\/atelier-daquarelle-dans-l-eau-la-sculpture\/\" title=\"Atelier d\u2019Aquarelle dans l\u2019Eau, la sculpture\">See exhibition page<\/a><\/p>\n                                    <p class=\"afg-metadatas\">No more image<\/p>\n                                <\/div>\n                            <\/figcaption>\n                                           <\/figure>\n                                    <figure class=\"swiper-slide\" data-post-id=\"post-2507\">\n                                                                                    <img loading=\"lazy\" decoding=\"async\" width=\"1000\" height=\"666\" src=\"https:\/\/www.sarkis.fr\/wp-content\/uploads\/2016\/02\/2015-11-Mon-Atelier-19380-Mamco-Geneve-1.jpg\" class=\"attachment-full size-full\" alt=\"\" srcset=\"https:\/\/www.sarkis.fr\/wp-content\/uploads\/2016\/02\/2015-11-Mon-Atelier-19380-Mamco-Geneve-1.jpg 1000w, https:\/\/www.sarkis.fr\/wp-content\/uploads\/2016\/02\/2015-11-Mon-Atelier-19380-Mamco-Geneve-1-300x200.jpg 300w, https:\/\/www.sarkis.fr\/wp-content\/uploads\/2016\/02\/2015-11-Mon-Atelier-19380-Mamco-Geneve-1-768x511.jpg 768w\" sizes=\"auto, (max-width: 1000px) 100vw, 1000px\" \/>                                                        <figcaption>\n                                <div class=\"title-wrapper\">\n                                    <h3>Mon Atelier 19380<\/h3>\n                                    <p class=\"afg-metadata\">\n\t\t\t<span class=\"place\">MAMCO, Gen\u00e8ve<\/span>\t\t<span class=\"dates\">November 2015<\/span><\/p>\n                                <\/div>\n                                <div class=\"post-link\">\n                                    <p class=\"link\"><a href=\"https:\/\/www.sarkis.fr\/en\/2015\/mon-atelier-19380\/\" title=\"Mon Atelier 19380\">See exhibition page<\/a><\/p>\n                                    <p class=\"afg-metadatas\">No more image<\/p>\n                                <\/div>\n                            <\/figcaption>\n                                           <\/figure>\n                                    <figure class=\"swiper-slide\" data-post-id=\"post-2502\">\n                                                                                    <img loading=\"lazy\" decoding=\"async\" width=\"1000\" height=\"493\" src=\"https:\/\/www.sarkis.fr\/wp-content\/uploads\/2016\/02\/2015-10-Master-Frieze-Oeuvres-des-annees-1970.jpg\" class=\"attachment-full size-full\" alt=\"\" srcset=\"https:\/\/www.sarkis.fr\/wp-content\/uploads\/2016\/02\/2015-10-Master-Frieze-Oeuvres-des-annees-1970.jpg 1000w, https:\/\/www.sarkis.fr\/wp-content\/uploads\/2016\/02\/2015-10-Master-Frieze-Oeuvres-des-annees-1970-300x148.jpg 300w, https:\/\/www.sarkis.fr\/wp-content\/uploads\/2016\/02\/2015-10-Master-Frieze-Oeuvres-des-annees-1970-768x379.jpg 768w\" sizes=\"auto, (max-width: 1000px) 100vw, 1000px\" \/>                                                        <figcaption>\n                                <div class=\"title-wrapper\">\n                                    <h3>Frieze Masters<\/h3>\n                                    <p class=\"afg-metadata\">\n\t\t\t<span class=\"place\">Galerie Nathalie Obadia, Londres<\/span>\t\t<span class=\"dates\">October 2015<\/span><\/p>\n                                <\/div>\n                                <div class=\"post-link\">\n                                    <p class=\"link\"><a href=\"https:\/\/www.sarkis.fr\/en\/2015\/frieze-master\/\" title=\"Frieze Masters\">See exhibition page<\/a><\/p>\n                                    <p class=\"afg-metadatas\">No more image<\/p>\n                                <\/div>\n                            <\/figcaption>\n                                           <\/figure>\n                                    <figure class=\"swiper-slide\" data-post-id=\"post-2477\">\n                                                                                    <img loading=\"lazy\" decoding=\"async\" width=\"1500\" height=\"974\" src=\"https:\/\/www.sarkis.fr\/wp-content\/uploads\/2015\/09\/Sarkis-with-Paradjanov-Fondation-Boghossian-Bruxelles-24-09-2015-24-01-2016.jpg\" class=\"attachment-full size-full\" alt=\"Sarkis with Paradjanov Fondation-Boghossian Bruxelles 24-09-2015 24-01-2016\" srcset=\"https:\/\/www.sarkis.fr\/wp-content\/uploads\/2015\/09\/Sarkis-with-Paradjanov-Fondation-Boghossian-Bruxelles-24-09-2015-24-01-2016.jpg 1500w, https:\/\/www.sarkis.fr\/wp-content\/uploads\/2015\/09\/Sarkis-with-Paradjanov-Fondation-Boghossian-Bruxelles-24-09-2015-24-01-2016-300x195.jpg 300w, https:\/\/www.sarkis.fr\/wp-content\/uploads\/2015\/09\/Sarkis-with-Paradjanov-Fondation-Boghossian-Bruxelles-24-09-2015-24-01-2016-1030x669.jpg 1030w\" sizes=\"auto, (max-width: 1500px) 100vw, 1500px\" \/>                                                        <figcaption>\n                                <div class=\"title-wrapper\">\n                                    <h3>Sarkis With Paradjanov<\/h3>\n                                    <p class=\"afg-metadata\">\n\t\t\t<span class=\"place\">Fondation Boghossian, Bruxelles<\/span>\t\t<span class=\"dates\">24 Sep 2015 &#8211; 24 Jan 2016<\/span><\/p>\n                                <\/div>\n                                <div class=\"post-link\">\n                                    <p class=\"link\"><a href=\"https:\/\/www.sarkis.fr\/en\/2015\/sarkis-with-paradjanov\/\" title=\"Sarkis With Paradjanov\">See exhibition page<\/a><\/p>\n                                    <p class=\"afg-metadatas\">No more image<\/p>\n                                <\/div>\n                            <\/figcaption>\n                                           <\/figure>\n                                    <figure class=\"swiper-slide\" data-post-id=\"post-513\">\n                                                                                    <img loading=\"lazy\" decoding=\"async\" width=\"1500\" height=\"998\" src=\"https:\/\/www.sarkis.fr\/wp-content\/uploads\/2009\/12\/Sarkis_Biennale_de_Venise_Pavillon_Armenien_San_Lazzaro_degli_Armeni_Mai-Novembre_2015_.jpg\" class=\"attachment-full size-full\" alt=\"Sarkis Biennale de Venise Pavillon Armenien San Lazzaro degli Armeni Mai-Novembre 2015\" \/>                                                        <figcaption>\n                                <div class=\"title-wrapper\">\n                                    <h3>ARMENITY<\/h3>\n                                    <p class=\"afg-metadata\">\n\t\t\t<span class=\"place\">Pavillon Arm\u00e9nien, San Lazzaro, Biennale de Venise<\/span>\t\t<span class=\"dates\">7 May &#8211; 30 Nov 2015<\/span><\/p>\n                                <\/div>\n                                <div class=\"post-link\">\n                                    <p class=\"link\"><a href=\"https:\/\/www.sarkis.fr\/en\/2015\/armenity\/\" title=\"ARMENITY\">See exhibition page<\/a><\/p>\n                                    <p class=\"afg-metadatas\">No more image<\/p>\n                                <\/div>\n                            <\/figcaption>\n                                           <\/figure>\n                                    <figure class=\"swiper-slide\" data-post-id=\"post-512\">\n                                                                                    <img loading=\"lazy\" decoding=\"async\" width=\"1200\" height=\"900\" src=\"https:\/\/www.sarkis.fr\/wp-content\/uploads\/2009\/12\/Sarkis__Respiro__Biennale_de_Venise_Pavillon_de_la_Turquie_Mai-Novembre_2015_photo_Andre_Morin_.jpg\" class=\"attachment-full size-full\" alt=\"Sarkis, Respiro, Biennale de Venise, Pavillon de la Turquie, Mai - Novembre 2015. Photographie Andr\u00e9 Morin\" \/>                                                        <figcaption>\n                                <div class=\"title-wrapper\">\n                                    <h3>RESPIRO<\/h3>\n                                    <p class=\"afg-metadata\">\n\t\t\t<span class=\"place\">Pavillon de la Turquie, Biennale de Venise<\/span>\t\t<span class=\"dates\">7 May &#8211; 30 Nov 2015<\/span><\/p>\n                                <\/div>\n                                <div class=\"post-link\">\n                                    <p class=\"link\"><a href=\"https:\/\/www.sarkis.fr\/en\/2015\/respiro-biennale-de-venise\/\" title=\"RESPIRO\">See exhibition page<\/a><\/p>\n                                    <p class=\"afg-metadatas\">9 more images<\/p>\n                                <\/div>\n                            <\/figcaption>\n                                           <\/figure>\n                                    <figure class=\"swiper-slide\" data-post-id=\"post-511\">\n                                                                                    <img loading=\"lazy\" decoding=\"async\" width=\"1063\" height=\"709\" src=\"https:\/\/www.sarkis.fr\/wp-content\/uploads\/2014\/06\/Musee-du-Chateau-des-ducs-de-Wurtemberg-Montbeliard-6.6.2014-4.1.2015.webp\" class=\"attachment-full size-full\" alt=\"\" srcset=\"https:\/\/www.sarkis.fr\/wp-content\/uploads\/2014\/06\/Musee-du-Chateau-des-ducs-de-Wurtemberg-Montbeliard-6.6.2014-4.1.2015.webp 1063w, https:\/\/www.sarkis.fr\/wp-content\/uploads\/2014\/06\/Musee-du-Chateau-des-ducs-de-Wurtemberg-Montbeliard-6.6.2014-4.1.2015-300x200.webp 300w, https:\/\/www.sarkis.fr\/wp-content\/uploads\/2014\/06\/Musee-du-Chateau-des-ducs-de-Wurtemberg-Montbeliard-6.6.2014-4.1.2015-1030x687.webp 1030w, https:\/\/www.sarkis.fr\/wp-content\/uploads\/2014\/06\/Musee-du-Chateau-des-ducs-de-Wurtemberg-Montbeliard-6.6.2014-4.1.2015-768x512.webp 768w\" sizes=\"auto, (max-width: 1063px) 100vw, 1063px\" \/>                                                        <figcaption>\n                                <div class=\"title-wrapper\">\n                                    <h3>LES P\u00d4LES DES AIMANTS<\/h3>\n                                    <p class=\"afg-metadata\">\n\t\t\t<span class=\"place\">Mus\u00e9e du Ch\u00e2teau des ducs de Wurtemberg, Montb\u00e9liard<\/span>\t\t<span class=\"dates\">6 Jun 2014 &#8211; 4 Jan 2015<\/span><\/p>\n                                <\/div>\n                                <div class=\"post-link\">\n                                    <p class=\"link\"><a href=\"https:\/\/www.sarkis.fr\/en\/2014\/les-poles-des-aimants\/\" title=\"LES P\u00d4LES DES AIMANTS\">See exhibition page<\/a><\/p>\n                                    <p class=\"afg-metadatas\">No more image<\/p>\n                                <\/div>\n                            <\/figcaption>\n                                           <\/figure>\n                                    <figure class=\"swiper-slide\" data-post-id=\"post-510\">\n                                                                                    <img loading=\"lazy\" decoding=\"async\" width=\"962\" height=\"567\" src=\"https:\/\/www.sarkis.fr\/wp-content\/uploads\/2014\/06\/the-ARK-Bucarest-16-5-29-06.webp\" class=\"attachment-full size-full\" alt=\"\" srcset=\"https:\/\/www.sarkis.fr\/wp-content\/uploads\/2014\/06\/the-ARK-Bucarest-16-5-29-06.webp 962w, https:\/\/www.sarkis.fr\/wp-content\/uploads\/2014\/06\/the-ARK-Bucarest-16-5-29-06-300x177.webp 300w, https:\/\/www.sarkis.fr\/wp-content\/uploads\/2014\/06\/the-ARK-Bucarest-16-5-29-06-768x453.webp 768w\" sizes=\"auto, (max-width: 962px) 100vw, 962px\" \/>                                                        <figcaption>\n                                <div class=\"title-wrapper\">\n                                    <h3>At The Other End Of The Rainbow<\/h3>\n                                    <p class=\"afg-metadata\">\n\t\t\t<span class=\"place\">The ARK, International Center for Contemporay Arts, Bucarest<\/span>\t\t<span class=\"dates\">16 May &#8211; 29 Jun 2014<\/span><\/p>\n                                <\/div>\n                                <div class=\"post-link\">\n                                    <p class=\"link\"><a href=\"https:\/\/www.sarkis.fr\/en\/2014\/at-the-other-end-of-the-rainbow\/\" title=\"At The Other End Of The Rainbow\">See exhibition page<\/a><\/p>\n                                    <p class=\"afg-metadatas\">No more image<\/p>\n                                <\/div>\n                            <\/figcaption>\n                                           <\/figure>\n                                    <figure class=\"swiper-slide\" data-post-id=\"post-509\">\n                                                                                    <img loading=\"lazy\" decoding=\"async\" width=\"1063\" height=\"709\" src=\"https:\/\/www.sarkis.fr\/wp-content\/uploads\/2014\/06\/Museum-of-Contemporary-Arts-Bucarest-16-05-_7-09.webp\" class=\"attachment-full size-full\" alt=\"\" srcset=\"https:\/\/www.sarkis.fr\/wp-content\/uploads\/2014\/06\/Museum-of-Contemporary-Arts-Bucarest-16-05-_7-09.webp 1063w, https:\/\/www.sarkis.fr\/wp-content\/uploads\/2014\/06\/Museum-of-Contemporary-Arts-Bucarest-16-05-_7-09-300x200.webp 300w, https:\/\/www.sarkis.fr\/wp-content\/uploads\/2014\/06\/Museum-of-Contemporary-Arts-Bucarest-16-05-_7-09-1030x687.webp 1030w, https:\/\/www.sarkis.fr\/wp-content\/uploads\/2014\/06\/Museum-of-Contemporary-Arts-Bucarest-16-05-_7-09-768x512.webp 768w\" sizes=\"auto, (max-width: 1063px) 100vw, 1063px\" \/>                                                        <figcaption>\n                                <div class=\"title-wrapper\">\n                                    <h3>At The Other End Of The Rainbow<\/h3>\n                                    <p class=\"afg-metadata\">\n\t\t\t<span class=\"place\">National Museum of Contemporary Arts, Bucarest<\/span>\t\t<span class=\"dates\">16 May &#8211; 7 Sep 2014<\/span><\/p>\n                                <\/div>\n                                <div class=\"post-link\">\n                                    <p class=\"link\"><a href=\"https:\/\/www.sarkis.fr\/en\/2014\/at-the-other-end-of-the-rainbow-2\/\" title=\"At The Other End Of The Rainbow\">See exhibition page<\/a><\/p>\n                                    <p class=\"afg-metadatas\">No more image<\/p>\n                                <\/div>\n                            <\/figcaption>\n                                           <\/figure>\n                                    <figure class=\"swiper-slide\" data-post-id=\"post-508\">\n                                                                                    <img loading=\"lazy\" decoding=\"async\" width=\"1118\" height=\"567\" src=\"https:\/\/www.sarkis.fr\/wp-content\/uploads\/2014\/06\/Museum-of-Romanian-Peasent_16-05-29.06-2014.webp\" class=\"attachment-full size-full\" alt=\"\" srcset=\"https:\/\/www.sarkis.fr\/wp-content\/uploads\/2014\/06\/Museum-of-Romanian-Peasent_16-05-29.06-2014.webp 1118w, https:\/\/www.sarkis.fr\/wp-content\/uploads\/2014\/06\/Museum-of-Romanian-Peasent_16-05-29.06-2014-300x152.webp 300w, https:\/\/www.sarkis.fr\/wp-content\/uploads\/2014\/06\/Museum-of-Romanian-Peasent_16-05-29.06-2014-1030x522.webp 1030w, https:\/\/www.sarkis.fr\/wp-content\/uploads\/2014\/06\/Museum-of-Romanian-Peasent_16-05-29.06-2014-768x389.webp 768w\" sizes=\"auto, (max-width: 1118px) 100vw, 1118px\" \/>                                                        <figcaption>\n                                <div class=\"title-wrapper\">\n                                    <h3>At The Other End Of The Rainbow<\/h3>\n                                    <p class=\"afg-metadata\">\n\t\t\t<span class=\"place\">National Museum of the Romanian Peasent, Bucarest<\/span>\t\t<span class=\"dates\">16 May &#8211; 29 Jun 2014<\/span><\/p>\n                                <\/div>\n                                <div class=\"post-link\">\n                                    <p class=\"link\"><a href=\"https:\/\/www.sarkis.fr\/en\/2014\/at-the-other-end-of-the-rainbow-3\/\" title=\"At The Other End Of The Rainbow\">See exhibition page<\/a><\/p>\n                                    <p class=\"afg-metadatas\">No more image<\/p>\n                                <\/div>\n                            <\/figcaption>\n                                           <\/figure>\n                                    <figure class=\"swiper-slide\" data-post-id=\"post-507\">\n                                                                                    <img loading=\"lazy\" decoding=\"async\" width=\"1200\" height=\"800\" src=\"https:\/\/www.sarkis.fr\/wp-content\/uploads\/2009\/12\/Sarkis-Au-commencement-le-blanc-Galerie-Nathalie-Obadia-Paris-9-1-1-3-2014.jpg\" class=\"attachment-full size-full\" alt=\"Sarkis-Au-commencement-le-blanc-Galerie-Nathalie-Obadia-Paris-9-1-1-3-2014\" \/>                                                        <figcaption>\n                                <div class=\"title-wrapper\">\n                                    <h3>Au commencement le blanc<\/h3>\n                                    <p class=\"afg-metadata\">\n\t\t\t<span class=\"place\">Galerie Nathalie Obadia, Paris<\/span>\t\t<span class=\"dates\">9 Jan &#8211; 1 Mar 2014<\/span><span class=\"solo\">Solo<\/span><\/p>\n                                <\/div>\n                                <div class=\"post-link\">\n                                    <p class=\"link\"><a href=\"https:\/\/www.sarkis.fr\/en\/2014\/au-commencement-le-blanc\/\" title=\"Au commencement le blanc\">See exhibition page<\/a><\/p>\n                                    <p class=\"afg-metadatas\">No more image<\/p>\n                                <\/div>\n                            <\/figcaption>\n                                           <\/figure>\n                                    <figure class=\"swiper-slide\" data-post-id=\"post-506\">\n                                                                                    <img loading=\"lazy\" decoding=\"async\" width=\"1000\" height=\"706\" src=\"https:\/\/www.sarkis.fr\/wp-content\/uploads\/2009\/12\/Sarkis_RAINBOW_Installation_permanente_sur_la_facade_du_Musee_Istanbul_Modern_1_1_2014.jpg\" class=\"attachment-full size-full\" alt=\"Sarkis RAINBOW Installation permanente sur la fa\u00e7ade du Mus\u00e9e Istanbul Modern 1 1 2014\" \/>                                                        <figcaption>\n                                <div class=\"title-wrapper\">\n                                    <h3>Rainbow<\/h3>\n                                    <p class=\"afg-metadata\">\n\t\t\t<span class=\"place\">Istanbul Modern, Istanbul<\/span>\t\t<span class=\"dates\">1 Jan 2014<\/span><\/p>\n\t<p class=\"afg-title-notes\">\n\t\tInstallation permanente sur la fa\u00e7ade du mus\u00e9e Istanbul Modern\t<\/p>\t\n                                <\/div>\n                                <div class=\"post-link\">\n                                    <p class=\"link\"><a href=\"https:\/\/www.sarkis.fr\/en\/2014\/rainbow-installation-permanente-istanbul\/\" title=\"Rainbow\">See exhibition page<\/a><\/p>\n                                    <p class=\"afg-metadatas\">No more image<\/p>\n                                <\/div>\n                            <\/figcaption>\n                                           <\/figure>\n                                    <figure class=\"swiper-slide\" data-post-id=\"post-505\">\n                                                                                    <img loading=\"lazy\" decoding=\"async\" width=\"1000\" height=\"726\" src=\"https:\/\/www.sarkis.fr\/wp-content\/uploads\/2013\/11\/interpretation-on-Cage_Ryoanjie-Arter-Istanbul-14.11.2013-12.1.2014.jpg\" class=\"attachment-full size-full\" alt=\"Interpretation on Cage, Ryoanjie Arter Istanbul, 14.11.2013-12.1.2014\" srcset=\"https:\/\/www.sarkis.fr\/wp-content\/uploads\/2013\/11\/interpretation-on-Cage_Ryoanjie-Arter-Istanbul-14.11.2013-12.1.2014.jpg 1000w, https:\/\/www.sarkis.fr\/wp-content\/uploads\/2013\/11\/interpretation-on-Cage_Ryoanjie-Arter-Istanbul-14.11.2013-12.1.2014-300x218.jpg 300w\" sizes=\"auto, (max-width: 1000px) 100vw, 1000px\" \/>                                                        <figcaption>\n                                <div class=\"title-wrapper\">\n                                    <h3>Interpretation of Cage\/Ryoanji<\/h3>\n                                    <p class=\"afg-metadata\">\n\t\t\t<span class=\"place\">ARTER, Istanbul<\/span>\t\t<span class=\"dates\">15 Nov 2013 &#8211; 12 Jan 2014<\/span><span class=\"solo\">Solo<\/span><\/p>\n\t<p class=\"afg-title-notes\">\n\t\tLive interpretation by Kudsi Erguner and Jean-Fran\u00e7ois Lagrost\t<\/p>\t\n                                <\/div>\n                                <div class=\"post-link\">\n                                    <p class=\"link\"><a href=\"https:\/\/www.sarkis.fr\/en\/2013\/interpretation-of-cage-ryoanji\/\" title=\"Interpretation of Cage\/Ryoanji\">See exhibition page<\/a><\/p>\n                                    <p class=\"afg-metadatas\">No more image<\/p>\n                                <\/div>\n                            <\/figcaption>\n                                           <\/figure>\n                                    <figure class=\"swiper-slide\" data-post-id=\"post-503\">\n                                                                                    <img loading=\"lazy\" decoding=\"async\" width=\"1013\" height=\"673\" src=\"https:\/\/www.sarkis.fr\/wp-content\/uploads\/2009\/12\/Twin_Rainbow_Galerie_Mana_Istanbul_10_9_2013.jpg\" class=\"attachment-full size-full\" alt=\"Twin Rainbow Galerie Mana Istanbul 10 9 2013\" \/>                                                        <figcaption>\n                                <div class=\"title-wrapper\">\n                                    <h3>Twin Rainbow<\/h3>\n                                    <p class=\"afg-metadata\">\n\t\t\t<span class=\"place\">Galerie Mana\u0302, Istanbul<\/span>\t\t<span class=\"dates\">10 Sep 2013<\/span><\/p>\n                                <\/div>\n                                <div class=\"post-link\">\n                                    <p class=\"link\"><a href=\"https:\/\/www.sarkis.fr\/en\/2013\/twin-rainbow\/\" title=\"Twin Rainbow\">See exhibition page<\/a><\/p>\n                                    <p class=\"afg-metadatas\">No more image<\/p>\n                                <\/div>\n                            <\/figcaption>\n                                           <\/figure>\n                                    <figure class=\"swiper-slide\" data-post-id=\"post-501\">\n                                                                                    <img loading=\"lazy\" decoding=\"async\" width=\"852\" height=\"567\" src=\"https:\/\/www.sarkis.fr\/wp-content\/uploads\/2009\/12\/Frise_Kriegsschats_Red_Queen_Mona_Hobart_Tasmania_19.6.-21.4.2014.jpg\" class=\"attachment-full size-full\" alt=\"Frise Kriegsschats Red Queen Mona Hobart Tasmania 19.6.-21.4.2014\" \/>                                                        <figcaption>\n                                <div class=\"title-wrapper\">\n                                    <h3>The Red Queen<\/h3>\n                                    <p class=\"afg-metadata\">\n\t\t\t<span class=\"place\">Mona, Hobart, Tasmania<\/span>\t\t<span class=\"dates\">19 Jun 2013 &#8211; 21 Apr 2014<\/span><\/p>\n                                <\/div>\n                                <div class=\"post-link\">\n                                    <p class=\"link\"><a href=\"https:\/\/www.sarkis.fr\/en\/2013\/the-red-queen\/\" title=\"The Red Queen\">See exhibition page<\/a><\/p>\n                                    <p class=\"afg-metadatas\">No more image<\/p>\n                                <\/div>\n                            <\/figcaption>\n                                           <\/figure>\n                                    <figure class=\"swiper-slide\" data-post-id=\"post-500\">\n                                                                                    <img loading=\"lazy\" decoding=\"async\" width=\"1200\" height=\"847\" src=\"https:\/\/www.sarkis.fr\/wp-content\/uploads\/2009\/12\/Sarkis_Ikiz-Twin_Galerie_Mana_Istanbul_mai_2013.jpg\" class=\"attachment-full size-full\" alt=\"Sarkis Ikiz-Twin Galerie Mana Istanbul mai 2013\" \/>                                                        <figcaption>\n                                <div class=\"title-wrapper\">\n                                    <h3>Ikiz\/Twin<\/h3>\n                                    <p class=\"afg-metadata\">\n\t\t\t<span class=\"place\">Galeri Man\u00e2, Istanbul<\/span>\t\t<span class=\"dates\">23 May &#8211; 15 Jul 2013<\/span><span class=\"solo\">Solo<\/span><\/p>\n                                <\/div>\n                                <div class=\"post-link\">\n                                    <p class=\"link\"><a href=\"https:\/\/www.sarkis.fr\/en\/2013\/ikiztwin\/\" title=\"Ikiz\/Twin\">See exhibition page<\/a><\/p>\n                                    <p class=\"afg-metadatas\">No more image<\/p>\n                                <\/div>\n                            <\/figcaption>\n                                           <\/figure>\n                                    <figure class=\"swiper-slide\" data-post-id=\"post-499\">\n                                                                                    <img loading=\"lazy\" decoding=\"async\" width=\"1135\" height=\"567\" src=\"https:\/\/www.sarkis.fr\/wp-content\/uploads\/2009\/12\/Sarkis_Rossellini_d_Assise_ici_ailleurs_au_Panorama_a_la_Friche_Belle_de_Mai_janvier-2013.jpg\" class=\"attachment-full size-full\" alt=\"Sarkis Rossellini d Assise ici ailleurs au Panorama a la Friche Belle de Mai janvier-2013\" \/>                                                        <figcaption>\n                                <div class=\"title-wrapper\">\n                                    <h3>ICI, AILLEURS<\/h3>\n                                    <p class=\"afg-metadata\">\n\t\t\t<span class=\"place\">Friche La Belle de Mai, Marseille<\/span>\t\t<span class=\"dates\">12 Jan &#8211; 31 Mar 2013<\/span><\/p>\n                                <\/div>\n                                <div class=\"post-link\">\n                                    <p class=\"link\"><a href=\"https:\/\/www.sarkis.fr\/en\/2013\/ici-ailleurs\/\" title=\"ICI, AILLEURS\">See exhibition page<\/a><\/p>\n                                    <p class=\"afg-metadatas\">No more image<\/p>\n                                <\/div>\n                            <\/figcaption>\n                                           <\/figure>\n                                    <figure class=\"swiper-slide\" data-post-id=\"post-498\">\n                                                                                    <img loading=\"lazy\" decoding=\"async\" width=\"1200\" height=\"777\" src=\"https:\/\/www.sarkis.fr\/wp-content\/uploads\/2009\/12\/Opus_series_in_Delft_Galerie_de_Zaal_Delft_2012.jpg\" class=\"attachment-full size-full\" alt=\"Opus_series_in_Delft_Galerie_de_Zaal_Delft_2012\" \/>                                                        <figcaption>\n                                <div class=\"title-wrapper\">\n                                    <h3>OPUS series in Delft<\/h3>\n                                    <p class=\"afg-metadata\">\n\t\t\t<span class=\"place\">Galerie de Zaal, Delft<\/span>\t\t<span class=\"dates\">6 Oct &#8211; 5 Nov 2012<\/span><span class=\"solo\">Solo<\/span><\/p>\n                                <\/div>\n                                <div class=\"post-link\">\n                                    <p class=\"link\"><a href=\"https:\/\/www.sarkis.fr\/en\/2012\/opus-series-in-delft\/\" title=\"OPUS series in Delft\">See exhibition page<\/a><\/p>\n                                    <p class=\"afg-metadatas\">No more image<\/p>\n                                <\/div>\n                            <\/figcaption>\n                                           <\/figure>\n                                    <figure class=\"swiper-slide\" data-post-id=\"post-497\">\n                                                                                    <img loading=\"lazy\" decoding=\"async\" width=\"1200\" height=\"799\" src=\"https:\/\/www.sarkis.fr\/wp-content\/uploads\/2009\/12\/2012-Passages-Croises_chateau-d_Angers.jpg\" class=\"attachment-full size-full\" alt=\"2012-Passages-Croises_chateau-d_Angers\" \/>                                                        <figcaption>\n                                <div class=\"title-wrapper\">\n                                    <h3>Passages crois\u00e9s en or<\/h3>\n                                    <p class=\"afg-metadata\">\n\t\t\t<span class=\"place\">Chapelle du Ch\u00e2teau d\u2019Angers<\/span>\t\t<span class=\"dates\">5 Oct 2012<\/span><span class=\"solo\">Solo<\/span><\/p>\n                                <\/div>\n                                <div class=\"post-link\">\n                                    <p class=\"link\"><a href=\"https:\/\/www.sarkis.fr\/en\/2012\/passages-croises-en-or\/\" title=\"Passages crois\u00e9s en or\">See exhibition page<\/a><\/p>\n                                    <p class=\"afg-metadatas\">No more image<\/p>\n                                <\/div>\n                            <\/figcaption>\n                                           <\/figure>\n                                    <figure class=\"swiper-slide\" data-post-id=\"post-495\">\n                                                                                    <img loading=\"lazy\" decoding=\"async\" width=\"852\" height=\"567\" src=\"https:\/\/www.sarkis.fr\/wp-content\/uploads\/2009\/12\/_La_partition_Ryoanji_de_Cage_selon_Sarkis__Boijmans_Museum_Rotterdam__2_6__10_10_2012.jpg\" class=\"attachment-full size-full\" alt=\"_La_partition_Ryoanji_de_Cage_selon_Sarkis__Boijmans_Museum_Rotterdam__2_6__10_10_2012\" \/>                                                        <figcaption>\n                                <div class=\"title-wrapper\">\n                                    <h3>Partition Ryoanji Cage selon Sarkis<\/h3>\n                                    <p class=\"afg-metadata\">\n\t\t\t<span class=\"place\">Boijmans Museum, Rotterdam<\/span>\t\t<span class=\"dates\">2 Jun &#8211; 10 Oct 2012<\/span><\/p>\n                                <\/div>\n                                <div class=\"post-link\">\n                                    <p class=\"link\"><a href=\"https:\/\/www.sarkis.fr\/en\/2012\/partition-ryoanji-cage-selon-sarkis\/\" title=\"Partition Ryoanji Cage selon Sarkis\">See exhibition page<\/a><\/p>\n                                    <p class=\"afg-metadatas\">No more image<\/p>\n                                <\/div>\n                            <\/figcaption>\n                                           <\/figure>\n                                    <figure class=\"swiper-slide\" data-post-id=\"post-494\">\n                                                                                    <img loading=\"lazy\" decoding=\"async\" width=\"1200\" height=\"900\" src=\"https:\/\/www.sarkis.fr\/wp-content\/uploads\/2009\/12\/Ballads__Boijmans_Submarine_Waff__Rotterdam__2_6__30_9_2012.jpg\" class=\"attachment-full size-full\" alt=\"Ballads__Boijmans_Submarine_Waff__Rotterdam__2_6__30_9_2012\" \/>                                                        <figcaption>\n                                <div class=\"title-wrapper\">\n                                    <h3>Ballads<\/h3>\n                                    <p class=\"afg-metadata\">\n\t\t\t<span class=\"place\">Boijmans Museum, Rotterdam &#8211; Submarine Waff, Rotterdam<\/span>\t\t<span class=\"dates\">2 Jun &#8211; 30 Sep 2012<\/span><\/p>\n                                <\/div>\n                                <div class=\"post-link\">\n                                    <p class=\"link\"><a href=\"https:\/\/www.sarkis.fr\/en\/2012\/ballads\/\" title=\"Ballads\">See exhibition page<\/a><\/p>\n                                    <p class=\"afg-metadatas\">No more image<\/p>\n                                <\/div>\n                            <\/figcaption>\n                                           <\/figure>\n                                    <figure class=\"swiper-slide\" data-post-id=\"post-496\">\n                                                                                    <img loading=\"lazy\" decoding=\"async\" width=\"1200\" height=\"653\" src=\"https:\/\/www.sarkis.fr\/wp-content\/uploads\/2009\/12\/2012-La-frize-des-Tresors-de-Guerre-Triennale-Palais-de-Tokyo-Paris.jpg\" class=\"attachment-full size-full\" alt=\"2012-La-frize-des-Tresors-de-Guerre-Triennale-Palais-de-Tokyo-Paris\" \/>                                                        <figcaption>\n                                <div class=\"title-wrapper\">\n                                    <h3>Intense Proximit\u00e9<\/h3>\n                                    <p class=\"afg-metadata\">\n\t\t\t<span class=\"place\">Triennale, Palais de Tokyo, Paris<\/span>\t\t<span class=\"dates\">19 Apr &#8211; 26 Aug 2012<\/span><\/p>\n                                <\/div>\n                                <div class=\"post-link\">\n                                    <p class=\"link\"><a href=\"https:\/\/www.sarkis.fr\/en\/2012\/intense-proximite\/\" title=\"Intense Proximit\u00e9\">See exhibition page<\/a><\/p>\n                                    <p class=\"afg-metadatas\">No more image<\/p>\n                                <\/div>\n                            <\/figcaption>\n                                           <\/figure>\n                                    <figure class=\"swiper-slide\" data-post-id=\"post-493\">\n                                                                                    <img loading=\"lazy\" decoding=\"async\" width=\"1278\" height=\"850\" src=\"https:\/\/www.sarkis.fr\/wp-content\/uploads\/2009\/12\/Treusor_de_la_Meumoire_2002_2012_MacVal__Vitry_Paris__photos_Andreu_Morin.jpg\" class=\"attachment-full size-full\" alt=\"Treusor_de_la_Meumoire_2002_2012_MacVal__Vitry_Paris__photos_Andreu_Morin\" \/>                                                        <figcaption>\n                                <div class=\"title-wrapper\">\n                                    <h3>Tr\u00e9sor de M\u00e9moire<\/h3>\n                                    <p class=\"afg-metadata\">\n\t\t\t<span class=\"place\">Mac Val, Vitry-sur-Seine<\/span>\t\t<span class=\"dates\">24 Feb 2012<\/span><\/p>\n                                <\/div>\n                                <div class=\"post-link\">\n                                    <p class=\"link\"><a href=\"https:\/\/www.sarkis.fr\/en\/2012\/2012-tresor-de-memoire\/\" title=\"Tr\u00e9sor de M\u00e9moire\">See exhibition page<\/a><\/p>\n                                    <p class=\"afg-metadatas\">No more image<\/p>\n                                <\/div>\n                            <\/figcaption>\n                                           <\/figure>\n                                    <figure class=\"swiper-slide\" data-post-id=\"post-490\">\n                                                                                    <img loading=\"lazy\" decoding=\"async\" width=\"1276\" height=\"850\" src=\"https:\/\/www.sarkis.fr\/wp-content\/uploads\/2009\/12\/AILLEURS_ICI.jpg\" class=\"attachment-full size-full\" alt=\"AILLEURS_ICI\" \/>                                                        <figcaption>\n                                <div class=\"title-wrapper\">\n                                    <h3>AILLEURS, ICI<\/h3>\n                                    <p class=\"afg-metadata\">\n\t\t\t<span class=\"place\">Ch\u00e2teaux de Chaumont<\/span>\t\t<span class=\"dates\">April 2011 &#8211; January 2014<\/span><span class=\"solo\">Solo<\/span><\/p>\n                                <\/div>\n                                <div class=\"post-link\">\n                                    <p class=\"link\"><a href=\"https:\/\/www.sarkis.fr\/en\/2011\/ailleurs-ici\/\" title=\"AILLEURS, ICI\">See exhibition page<\/a><\/p>\n                                    <p class=\"afg-metadatas\">No more image<\/p>\n                                <\/div>\n                            <\/figcaption>\n                                           <\/figure>\n                                    <figure class=\"swiper-slide\" data-post-id=\"post-489\">\n                                                                                    <img loading=\"lazy\" decoding=\"async\" width=\"1400\" height=\"838\" src=\"https:\/\/www.sarkis.fr\/wp-content\/uploads\/2011\/04\/OPUS-N2-galerie-Nathalie-Obadia-Paris-11-3-3-5-2011.webp\" class=\"attachment-full size-full\" alt=\"\" srcset=\"https:\/\/www.sarkis.fr\/wp-content\/uploads\/2011\/04\/OPUS-N2-galerie-Nathalie-Obadia-Paris-11-3-3-5-2011.webp 1400w, https:\/\/www.sarkis.fr\/wp-content\/uploads\/2011\/04\/OPUS-N2-galerie-Nathalie-Obadia-Paris-11-3-3-5-2011-300x180.webp 300w, https:\/\/www.sarkis.fr\/wp-content\/uploads\/2011\/04\/OPUS-N2-galerie-Nathalie-Obadia-Paris-11-3-3-5-2011-1030x617.webp 1030w, https:\/\/www.sarkis.fr\/wp-content\/uploads\/2011\/04\/OPUS-N2-galerie-Nathalie-Obadia-Paris-11-3-3-5-2011-768x460.webp 768w\" sizes=\"auto, (max-width: 1400px) 100vw, 1400px\" \/>                                                        <figcaption>\n                                <div class=\"title-wrapper\">\n                                    <h3>Opus N\u00b02<\/h3>\n                                    <p class=\"afg-metadata\">\n\t\t\t<span class=\"place\">Galerie Nathalie Obadia, Paris<\/span>\t\t<span class=\"dates\">11 Mar &#8211; 3 May 2011<\/span><span class=\"solo\">Solo<\/span><\/p>\n                                <\/div>\n                                <div class=\"post-link\">\n                                    <p class=\"link\"><a href=\"https:\/\/www.sarkis.fr\/en\/2011\/opus-n-2\/\" title=\"Opus N\u00b02\">See exhibition page<\/a><\/p>\n                                    <p class=\"afg-metadatas\">No more image<\/p>\n                                <\/div>\n                            <\/figcaption>\n                                           <\/figure>\n                                    <figure class=\"swiper-slide\" data-post-id=\"post-488\">\n                                                                                    <img loading=\"lazy\" decoding=\"async\" width=\"1276\" height=\"850\" src=\"https:\/\/www.sarkis.fr\/wp-content\/uploads\/2009\/12\/Hotel-Sarkis-MAMCO-Geneve-fev-mai-2011.jpg\" class=\"attachment-full size-full\" alt=\"Hotel-Sarkis-MAMCO-Geneve-fev-mai-2011\" \/>                                                        <figcaption>\n                                <div class=\"title-wrapper\">\n                                    <h3>HOTEL SARKIS<\/h3>\n                                    <p class=\"afg-metadata\">\n\t\t\t<span class=\"place\">MAMCO, Gen\u00e8ve<\/span>\t\t<span class=\"dates\">15 Feb &#8211; 8 May 2011<\/span><span class=\"solo\">Solo<\/span><\/p>\n                                <\/div>\n                                <div class=\"post-link\">\n                                    <p class=\"link\"><a href=\"https:\/\/www.sarkis.fr\/en\/2011\/hotel-sarkis\/\" title=\"HOTEL SARKIS\">See exhibition page<\/a><\/p>\n                                    <p class=\"afg-metadatas\">No more image<\/p>\n                                <\/div>\n                            <\/figcaption>\n                                           <\/figure>\n                                    <figure class=\"swiper-slide\" data-post-id=\"post-491\">\n                                                                                    <img loading=\"lazy\" decoding=\"async\" width=\"1385\" height=\"968\" src=\"https:\/\/www.sarkis.fr\/wp-content\/uploads\/2009\/12\/The_speed-of-colors-Tanas-Berlin-1.2.-14.5.2011.jpg\" class=\"attachment-full size-full\" alt=\"The_speed-of-colors-Tanas-Berlin-1.2.-14.5.2011\" \/>                                                        <figcaption>\n                                <div class=\"title-wrapper\">\n                                    <h3>The speed of colors<\/h3>\n                                    <p class=\"afg-metadata\">\n\t\t\t<span class=\"place\">Tanas, Berlin<\/span>\t\t<span class=\"dates\">1 Feb &#8211; 14 May 2011<\/span><span class=\"solo\">Solo<\/span><\/p>\n                                <\/div>\n                                <div class=\"post-link\">\n                                    <p class=\"link\"><a href=\"https:\/\/www.sarkis.fr\/en\/2011\/the-speed-of-colors\/\" title=\"The speed of colors\">See exhibition page<\/a><\/p>\n                                    <p class=\"afg-metadatas\">No more image<\/p>\n                                <\/div>\n                            <\/figcaption>\n                                           <\/figure>\n                                    <figure class=\"swiper-slide\" data-post-id=\"post-484\">\n                                                                                    <img loading=\"lazy\" decoding=\"async\" width=\"835\" height=\"542\" src=\"https:\/\/www.sarkis.fr\/wp-content\/uploads\/2009\/12\/bir-ikona-kazim-taskent-gallery-Istanbul-020910-201010.jpg\" class=\"attachment-full size-full\" alt=\"Sarkis, Bir Ikona, Kazim Taskent Galerisi, Istanbul, 2 sep - 20 oct 2010\" \/>                                                        <figcaption>\n                                <div class=\"title-wrapper\">\n                                    <h3>Bir Ikona<\/h3>\n                                    <p class=\"afg-metadata\">\n\t\t\t<span class=\"place\">Kazim Taskent Galerisi, Istanbul<\/span>\t\t<span class=\"dates\">2 Sep &#8211; 20 Oct 2010<\/span><span class=\"solo\">Solo<\/span><\/p>\n                                <\/div>\n                                <div class=\"post-link\">\n                                    <p class=\"link\"><a href=\"https:\/\/www.sarkis.fr\/en\/2010\/bir-ikona\/\" title=\"Bir Ikona\">See exhibition page<\/a><\/p>\n                                    <p class=\"afg-metadatas\">No more image<\/p>\n                                <\/div>\n                            <\/figcaption>\n                                           <\/figure>\n                                    <figure class=\"swiper-slide\" data-post-id=\"post-483\">\n                                                                                    <img loading=\"lazy\" decoding=\"async\" width=\"1587\" height=\"893\" src=\"https:\/\/www.sarkis.fr\/wp-content\/uploads\/2009\/12\/La-tragdie-de-Richard-II-mise-en-scne-Jean-Baptiste-Sastre-scnographie-Sarkis.jpg\" class=\"attachment-full size-full\" alt=\"La-tragdie-de-Richard-II-mise-en-scne-Jean-Baptiste-Sastre-scnographie-Sarkis\" \/>                                                        <figcaption>\n                                <div class=\"title-wrapper\">\n                                    <h3>La Trag\u00e9die du roi Richard II<\/h3>\n                                    <p class=\"afg-metadata\">\n\t\t\t<span class=\"place\">Festival d&#039;Avignon<\/span>\t\t<span class=\"dates\">20 Jul &#8211; 27 Jul 2010<\/span><\/p>\n\t<p class=\"afg-title-notes\">\n\t\tMise en sc\u00e8ne Jean-Baptiste Sastre, sc\u00e9nographie Sarkis\t<\/p>\t\n                                <\/div>\n                                <div class=\"post-link\">\n                                    <p class=\"link\"><a href=\"https:\/\/www.sarkis.fr\/en\/2010\/la-tragedie-du-roi-richard-ii-scenographie-de-sarkis\/\" title=\"La Trag\u00e9die du roi Richard II\">See exhibition page<\/a><\/p>\n                                    <p class=\"afg-metadatas\">No more image<\/p>\n                                <\/div>\n                            <\/figcaption>\n                                           <\/figure>\n                                    <figure class=\"swiper-slide\" data-post-id=\"post-481\">\n                                                                                    <img loading=\"lazy\" decoding=\"async\" width=\"1000\" height=\"563\" src=\"https:\/\/www.sarkis.fr\/wp-content\/uploads\/2009\/12\/2010-opus.jpg\" class=\"attachment-full size-full\" alt=\"2010-opus\" \/>                                                        <figcaption>\n                                <div class=\"title-wrapper\">\n                                    <h3>Opus : Galerist Istanbul.<\/h3>\n                                    <p class=\"afg-metadata\">\n\t\t\t<span class=\"place\">Galerist Istanbul<\/span>\t\t<span class=\"dates\">5 Mar &#8211; 10 Apr 2010<\/span><span class=\"solo\">Solo<\/span><\/p>\n                                <\/div>\n                                <div class=\"post-link\">\n                                    <p class=\"link\"><a href=\"https:\/\/www.sarkis.fr\/en\/2010\/opus-galerist-istanbul\/\" title=\"Opus : Galerist Istanbul.\">See exhibition page<\/a><\/p>\n                                    <p class=\"afg-metadatas\">No more image<\/p>\n                                <\/div>\n                            <\/figcaption>\n                                           <\/figure>\n                                    <figure class=\"swiper-slide\" data-post-id=\"post-480\">\n                                                                                    <img loading=\"lazy\" decoding=\"async\" width=\"1000\" height=\"687\" src=\"https:\/\/www.sarkis.fr\/wp-content\/uploads\/2010\/02\/sarkis_passages.jpg\" class=\"attachment-full size-full\" alt=\"Sarkis, Passages\" srcset=\"https:\/\/www.sarkis.fr\/wp-content\/uploads\/2010\/02\/sarkis_passages.jpg 1000w, https:\/\/www.sarkis.fr\/wp-content\/uploads\/2010\/02\/sarkis_passages-300x206.jpg 300w\" sizes=\"auto, (max-width: 1000px) 100vw, 1000px\" \/>                                                        <figcaption>\n                                <div class=\"title-wrapper\">\n                                    <h3>Sarkis, Passages<\/h3>\n                                    <p class=\"afg-metadata\">\n\t\t\t<span class=\"place\">Atelier Brancusi, Centre Pompidou, Paris<\/span>\t\t<span class=\"dates\">10 Feb &#8211; 21 Jun 2010<\/span><\/p>\n                                <\/div>\n                                <div class=\"post-link\">\n                                    <p class=\"link\"><a href=\"https:\/\/www.sarkis.fr\/en\/2010\/sarkis-passages\/\" title=\"Sarkis, Passages\">See exhibition page<\/a><\/p>\n                                    <p class=\"afg-metadatas\">No more image<\/p>\n                                <\/div>\n                            <\/figcaption>\n                                           <\/figure>\n                                    <figure class=\"swiper-slide\" data-post-id=\"post-447\">\n                                                                                    <img loading=\"lazy\" decoding=\"async\" width=\"1000\" height=\"681\" src=\"https:\/\/www.sarkis.fr\/wp-content\/uploads\/2009\/10\/chaffaudage_en_or_Novembre_2009_Istanbul.jpg\" class=\"attachment-full size-full\" alt=\"chaffaudage_en_or_Novembre_2009_Istanbul\" \/>                                                        <figcaption>\n                                <div class=\"title-wrapper\">\n                                    <h3>Altin Iskele (l&#8217;\u00e9chaffaudage en or).<\/h3>\n                                    <p class=\"afg-metadata\">\n\t\t\t<span class=\"place\">Atik Valide Kulliyesi, Uskudar, Istanbul<\/span>\t\t<span class=\"dates\">14 Nov 2009<\/span><\/p>\n                                <\/div>\n                                <div class=\"post-link\">\n                                    <p class=\"link\"><a href=\"https:\/\/www.sarkis.fr\/en\/2009\/altin-iskele-l-echaffaudage-en-or\/\" title=\"Altin Iskele (l&#8217;\u00e9chaffaudage en or).\">See exhibition page<\/a><\/p>\n                                    <p class=\"afg-metadatas\">No more image<\/p>\n                                <\/div>\n                            <\/figcaption>\n                                           <\/figure>\n                                    <figure class=\"swiper-slide\" data-post-id=\"post-445\">\n                                                                                    <img loading=\"lazy\" decoding=\"async\" width=\"809\" height=\"518\" src=\"https:\/\/www.sarkis.fr\/wp-content\/uploads\/2009\/10\/Litanies_Nuit_Blanche_La_Grande_Mosque_de_Paris_3_octobre_2009.jpg\" class=\"attachment-full size-full\" alt=\"Litanies_Nuit_Blanche_La_Grande_Mosque_de_Paris_3_octobre_2009\" \/>                                                        <figcaption>\n                                <div class=\"title-wrapper\">\n                                    <h3>Litanies<\/h3>\n                                    <p class=\"afg-metadata\">\n\t\t\t<span class=\"place\">Nuit Blanche, La Grande Mosqu\u00e9e de Paris<\/span>\t\t<span class=\"dates\">3 Oct 2009<\/span><\/p>\n                                <\/div>\n                                <div class=\"post-link\">\n                                    <p class=\"link\"><a href=\"https:\/\/www.sarkis.fr\/en\/2009\/litanies\/\" title=\"Litanies\">See exhibition page<\/a><\/p>\n                                    <p class=\"afg-metadatas\">No more image<\/p>\n                                <\/div>\n                            <\/figcaption>\n                                           <\/figure>\n                                    <figure class=\"swiper-slide\" data-post-id=\"post-440\">\n                                                                                    <img loading=\"lazy\" decoding=\"async\" width=\"800\" height=\"534\" src=\"https:\/\/www.sarkis.fr\/wp-content\/uploads\/2009\/10\/Louverture_10e_biennale_lyon.jpg\" class=\"attachment-full size-full\" alt=\"Louverture_10e_biennale_lyon\" \/>                                                        <figcaption>\n                                <div class=\"title-wrapper\">\n                                    <h3>L&#8217;ouverture<\/h3>\n                                    <p class=\"afg-metadata\">\n\t\t\t<span class=\"place\">10\u00e8me Biennale de Lyon<\/span>\t\t<span class=\"dates\">15 Sep 2009 &#8211; 3 Jan 2010<\/span><\/p>\n                                <\/div>\n                                <div class=\"post-link\">\n                                    <p class=\"link\"><a href=\"https:\/\/www.sarkis.fr\/en\/2009\/l-ouverture\/\" title=\"L&#8217;ouverture\">See exhibition page<\/a><\/p>\n                                    <p class=\"afg-metadatas\">No more image<\/p>\n                                <\/div>\n                            <\/figcaption>\n                                           <\/figure>\n                                    <figure class=\"swiper-slide\" data-post-id=\"post-442\">\n                                                                                    <img loading=\"lazy\" decoding=\"async\" width=\"850\" height=\"362\" src=\"https:\/\/www.sarkis.fr\/wp-content\/uploads\/2009\/10\/2009_Istanbul.jpg\" class=\"attachment-full size-full\" alt=\"2009_Istanbul\" \/>                                                        <figcaption>\n                                <div class=\"title-wrapper\">\n                                    <h3>SITE<\/h3>\n                                    <p class=\"afg-metadata\">\n\t\t\t<span class=\"place\">Istanbul Modern, Istanbul<\/span>\t\t<span class=\"dates\">10 Sep 2009 &#8211; 10 Jan 2010<\/span><span class=\"solo\">Solo<\/span><\/p>\n                                <\/div>\n                                <div class=\"post-link\">\n                                    <p class=\"link\"><a href=\"https:\/\/www.sarkis.fr\/en\/2009\/site\/\" title=\"SITE\">See exhibition page<\/a><\/p>\n                                    <p class=\"afg-metadatas\">No more image<\/p>\n                                <\/div>\n                            <\/figcaption>\n                                           <\/figure>\n                                    <figure class=\"swiper-slide\" data-post-id=\"post-435\">\n                                                                                    <img loading=\"lazy\" decoding=\"async\" width=\"800\" height=\"600\" src=\"https:\/\/www.sarkis.fr\/wp-content\/uploads\/2009\/07\/Sarkis_2009-Beppu-Japan.jpg\" class=\"attachment-full size-full\" alt=\"Sarkis_2009-Beppu-Japan\" srcset=\"https:\/\/www.sarkis.fr\/wp-content\/uploads\/2009\/07\/Sarkis_2009-Beppu-Japan.jpg 800w, https:\/\/www.sarkis.fr\/wp-content\/uploads\/2009\/07\/Sarkis_2009-Beppu-Japan-300x225.jpg 300w\" sizes=\"auto, (max-width: 800px) 100vw, 800px\" \/>                                                        <figcaption>\n                                <div class=\"title-wrapper\">\n                                    <h3>Mixed Bathing World<\/h3>\n                                    <p class=\"afg-metadata\">\n\t\t\t<span class=\"place\">Beppu, Japon<\/span>\t\t<span class=\"dates\">11 Apr &#8211; 14 Jun 2009<\/span><\/p>\n                                <\/div>\n                                <div class=\"post-link\">\n                                    <p class=\"link\"><a href=\"https:\/\/www.sarkis.fr\/en\/2009\/mixed-bathing-world\/\" title=\"Mixed Bathing World\">See exhibition page<\/a><\/p>\n                                    <p class=\"afg-metadatas\">No more image<\/p>\n                                <\/div>\n                            <\/figcaption>\n                                           <\/figure>\n                                    <figure class=\"swiper-slide\" data-post-id=\"post-437\">\n                                                                                    <img loading=\"lazy\" decoding=\"async\" width=\"800\" height=\"533\" src=\"https:\/\/www.sarkis.fr\/wp-content\/uploads\/2009\/07\/Sarkis_2009-Europe-XXL-Traversee.jpg\" class=\"attachment-full size-full\" alt=\"Sarkis_2009-Europe-XXL-Traversee\" \/>                                                        <figcaption>\n                                <div class=\"title-wrapper\">\n                                    <h3>Europe XXL ; Istanbul, Travers\u00e9e<\/h3>\n                                    <p class=\"afg-metadata\">\n\t\t\t<span class=\"place\">Palais des Beaux-Arts, Lille<\/span>\t\t<span class=\"dates\">14 Mar &#8211; 12 Jul 2009<\/span><\/p>\n                                <\/div>\n                                <div class=\"post-link\">\n                                    <p class=\"link\"><a href=\"https:\/\/www.sarkis.fr\/en\/2009\/europe-xxl-istanbul-traversee\/\" title=\"Europe XXL ; Istanbul, Travers\u00e9e\">See exhibition page<\/a><\/p>\n                                    <p class=\"afg-metadatas\">No more image<\/p>\n                                <\/div>\n                            <\/figcaption>\n                                           <\/figure>\n                                    <figure class=\"swiper-slide\" data-post-id=\"post-431\">\n                                                                                    <img loading=\"lazy\" decoding=\"async\" width=\"800\" height=\"603\" src=\"https:\/\/www.sarkis.fr\/wp-content\/uploads\/2009\/07\/sarkis_d_aprs_et_aprs.jpg\" class=\"attachment-full size-full\" alt=\"sarkis_d_aprs_et_aprs\" \/>                                                        <figcaption>\n                                <div class=\"title-wrapper\">\n                                    <h3>D&#8217;apr\u00e8s et apr\u00e8s<\/h3>\n                                    <p class=\"afg-metadata\">\n\t\t\t<span class=\"place\">\u00c9cole des Beaux-Arts, Rennes<\/span>\t\t<span class=\"dates\">4 Mar &#8211; 14 Apr 2009<\/span><span class=\"solo\">Solo<\/span><\/p>\n                                <\/div>\n                                <div class=\"post-link\">\n                                    <p class=\"link\"><a href=\"https:\/\/www.sarkis.fr\/en\/2009\/d-apres-et-apres\/\" title=\"D&#8217;apr\u00e8s et apr\u00e8s\">See exhibition page<\/a><\/p>\n                                    <p class=\"afg-metadatas\">No more image<\/p>\n                                <\/div>\n                            <\/figcaption>\n                                           <\/figure>\n                                    <figure class=\"swiper-slide\" data-post-id=\"post-363\">\n                                                                                    <img loading=\"lazy\" decoding=\"async\" width=\"545\" height=\"410\" src=\"https:\/\/www.sarkis.fr\/wp-content\/uploads\/2009\/06\/sarkis-2009-ekphrasis.jpg\" class=\"attachment-full size-full\" alt=\"sarkis-2009-ekphrasis\" srcset=\"https:\/\/www.sarkis.fr\/wp-content\/uploads\/2009\/06\/sarkis-2009-ekphrasis.jpg 545w, https:\/\/www.sarkis.fr\/wp-content\/uploads\/2009\/06\/sarkis-2009-ekphrasis-300x226.jpg 300w\" sizes=\"auto, (max-width: 545px) 100vw, 545px\" \/>                                                        <figcaption>\n                                <div class=\"title-wrapper\">\n                                    <h3>Ekphrasis<\/h3>\n                                    <p class=\"afg-metadata\">\n\t\t\t<span class=\"place\">Galerie Art &amp; Essai, Rennes<\/span>\t\t<span class=\"dates\">4 Mar &#8211; 14 Apr 2009<\/span><span class=\"solo\">Solo<\/span><\/p>\n                                <\/div>\n                                <div class=\"post-link\">\n                                    <p class=\"link\"><a href=\"https:\/\/www.sarkis.fr\/en\/2009\/ekphrasis\/\" title=\"Ekphrasis\">See exhibition page<\/a><\/p>\n                                    <p class=\"afg-metadatas\">No more image<\/p>\n                                <\/div>\n                            <\/figcaption>\n                                           <\/figure>\n                                    <figure class=\"swiper-slide\" data-post-id=\"post-16\">\n                                                                                    <img loading=\"lazy\" decoding=\"async\" width=\"800\" height=\"533\" src=\"https:\/\/www.sarkis.fr\/wp-content\/uploads\/2009\/05\/2008-Boijmans-Rotterdam_F70C.jpg\" class=\"attachment-full size-full\" alt=\"2008-Boijmans-Rotterdam_F70C\" srcset=\"https:\/\/www.sarkis.fr\/wp-content\/uploads\/2009\/05\/2008-Boijmans-Rotterdam_F70C.jpg 800w, https:\/\/www.sarkis.fr\/wp-content\/uploads\/2009\/05\/2008-Boijmans-Rotterdam_F70C-300x200.jpg 300w\" sizes=\"auto, (max-width: 800px) 100vw, 800px\" \/>                                                        <figcaption>\n                                <div class=\"title-wrapper\">\n                                    <h3>Landscape Forever<\/h3>\n                                    <p class=\"afg-metadata\">\n\t\t\t<span class=\"place\">Museum Boijmans van Beuningen, Rotterdam<\/span>\t\t<span class=\"dates\">16 Feb &#8211; 25 May 2008<\/span><span class=\"solo\">Solo<\/span><\/p>\n                                <\/div>\n                                <div class=\"post-link\">\n                                    <p class=\"link\"><a href=\"https:\/\/www.sarkis.fr\/en\/2008\/landscape-forever-2008-museum-boijmans-van-beuningen-rotterdam\/\" title=\"Landscape Forever\">See exhibition page<\/a><\/p>\n                                    <p class=\"afg-metadatas\">No more image<\/p>\n                                <\/div>\n                            <\/figcaption>\n                                           <\/figure>\n                                    <figure class=\"swiper-slide\" data-post-id=\"post-362\">\n                                                                                    <img loading=\"lazy\" decoding=\"async\" width=\"800\" height=\"533\" src=\"https:\/\/www.sarkis.fr\/wp-content\/uploads\/2009\/06\/Sarkis_2008-Boijmans-Rotterdam.jpg\" class=\"attachment-full size-full\" alt=\"Sarkis_2008-Boijmans-Rotterdam\" srcset=\"https:\/\/www.sarkis.fr\/wp-content\/uploads\/2009\/06\/Sarkis_2008-Boijmans-Rotterdam.jpg 800w, https:\/\/www.sarkis.fr\/wp-content\/uploads\/2009\/06\/Sarkis_2008-Boijmans-Rotterdam-300x200.jpg 300w\" sizes=\"auto, (max-width: 800px) 100vw, 800px\" \/>                                                        <figcaption>\n                                <div class=\"title-wrapper\">\n                                    <h3>Landscape Forever<\/h3>\n                                    <p class=\"afg-metadata\">\n\t\t\t<span class=\"place\">Museum Boijmans van Beuningen, Rotterdam<\/span>\t\t<span class=\"dates\">16 Feb &#8211; 25 May 2008<\/span><span class=\"solo\">Solo<\/span><\/p>\n                                <\/div>\n                                <div class=\"post-link\">\n                                    <p class=\"link\"><a href=\"https:\/\/www.sarkis.fr\/en\/2008\/landscape-forever\/\" title=\"Landscape Forever\">See exhibition page<\/a><\/p>\n                                    <p class=\"afg-metadatas\">No more image<\/p>\n                                <\/div>\n                            <\/figcaption>\n                                           <\/figure>\n                                    <figure class=\"swiper-slide\" data-post-id=\"post-9426\">\n                                                                                    <img loading=\"lazy\" decoding=\"async\" width=\"800\" height=\"533\" src=\"https:\/\/www.sarkis.fr\/wp-content\/uploads\/2009\/06\/Sarkis_2007-Maison-Rouge.jpg\" class=\"attachment-full size-full\" alt=\"Sarkis_2007-Maison-Rouge\" srcset=\"https:\/\/www.sarkis.fr\/wp-content\/uploads\/2009\/06\/Sarkis_2007-Maison-Rouge.jpg 800w, https:\/\/www.sarkis.fr\/wp-content\/uploads\/2009\/06\/Sarkis_2007-Maison-Rouge-300x200.jpg 300w\" sizes=\"auto, (max-width: 800px) 100vw, 800px\" \/>                                                        <figcaption>\n                                <div class=\"title-wrapper\">\n                                    <h3>La Suite des Innocents<\/h3>\n                                    <p class=\"afg-metadata\">\n\t\t\t<span class=\"place\">La Maison Rouge, Paris<\/span>\t\t<span class=\"dates\">16 Jun &#8211; 2 Sep 2007<\/span><span class=\"solo\">Solo<\/span><\/p>\n                                <\/div>\n                                <div class=\"post-link\">\n                                    <p class=\"link\"><a href=\"https:\/\/www.sarkis.fr\/en\/2007\/la-suite-des-innocents\/\" title=\"La Suite des Innocents\">See exhibition page<\/a><\/p>\n                                    <p class=\"afg-metadatas\">No more image<\/p>\n                                <\/div>\n                            <\/figcaption>\n                                           <\/figure>\n                                    <figure class=\"swiper-slide\" data-post-id=\"post-353\">\n                                                                                    <img loading=\"lazy\" decoding=\"async\" width=\"800\" height=\"524\" src=\"https:\/\/www.sarkis.fr\/wp-content\/uploads\/2009\/06\/Sarkis_2007-Bode-Berlin.jpg\" class=\"attachment-full size-full\" alt=\"Sarkis_2007-Bode-Berlin\" srcset=\"https:\/\/www.sarkis.fr\/wp-content\/uploads\/2009\/06\/Sarkis_2007-Bode-Berlin.jpg 800w, https:\/\/www.sarkis.fr\/wp-content\/uploads\/2009\/06\/Sarkis_2007-Bode-Berlin-300x197.jpg 300w\" sizes=\"auto, (max-width: 800px) 100vw, 800px\" \/>                                                        <figcaption>\n                                <div class=\"title-wrapper\">\n                                    <h3>IKONEN<\/h3>\n                                    <p class=\"afg-metadata\">\n\t\t\t<span class=\"place\">Bode Museum, Berlin<\/span>\t\t<span class=\"dates\">1 Jun &#8211; 15 Jul 2007<\/span><span class=\"solo\">Solo<\/span><\/p>\n                                <\/div>\n                                <div class=\"post-link\">\n                                    <p class=\"link\"><a href=\"https:\/\/www.sarkis.fr\/en\/2007\/ikonen\/\" title=\"IKONEN\">See exhibition page<\/a><\/p>\n                                    <p class=\"afg-metadatas\">No more image<\/p>\n                                <\/div>\n                            <\/figcaption>\n                                           <\/figure>\n                                    <figure class=\"swiper-slide\" data-post-id=\"post-357\">\n                                                                                    <img loading=\"lazy\" decoding=\"async\" width=\"789\" height=\"533\" src=\"https:\/\/www.sarkis.fr\/wp-content\/uploads\/2009\/06\/sarkis-2007-rencontre-avec-uccello-grunewald-munch-beuys.jpg\" class=\"attachment-full size-full\" alt=\"sarkis-2007-rencontre-avec-uccello-grunewald-munch-beuys\" srcset=\"https:\/\/www.sarkis.fr\/wp-content\/uploads\/2009\/06\/sarkis-2007-rencontre-avec-uccello-grunewald-munch-beuys.jpg 789w, https:\/\/www.sarkis.fr\/wp-content\/uploads\/2009\/06\/sarkis-2007-rencontre-avec-uccello-grunewald-munch-beuys-300x203.jpg 300w\" sizes=\"auto, (max-width: 789px) 100vw, 789px\" \/>                                                        <figcaption>\n                                <div class=\"title-wrapper\">\n                                    <h3>Rencontre avec Uccello, Gr\u00fcnewald, Munch, Beuys<\/h3>\n                                    <p class=\"afg-metadata\">\n\t\t\t<span class=\"place\">Mus\u00e9e du Louvre, Paris<\/span>\t\t<span class=\"dates\">21 Feb &#8211; 21 May 2007<\/span><span class=\"solo\">Solo<\/span><\/p>\n                                <\/div>\n                                <div class=\"post-link\">\n                                    <p class=\"link\"><a href=\"https:\/\/www.sarkis.fr\/en\/2007\/rencontre-avec-uccello-gruenewald-munch-beuys\/\" title=\"Rencontre avec Uccello, Gr\u00fcnewald, Munch, Beuys\">See exhibition page<\/a><\/p>\n                                    <p class=\"afg-metadatas\">No more image<\/p>\n                                <\/div>\n                            <\/figcaption>\n                                           <\/figure>\n                                    <figure class=\"swiper-slide\" data-post-id=\"post-102\">\n                                                                                    <img loading=\"lazy\" decoding=\"async\" width=\"800\" height=\"534\" src=\"https:\/\/www.sarkis.fr\/wp-content\/uploads\/2009\/05\/2007-Bourdelle-2.jpg\" class=\"attachment-full size-full\" alt=\"2007-Bourdelle-2\" srcset=\"https:\/\/www.sarkis.fr\/wp-content\/uploads\/2009\/05\/2007-Bourdelle-2.jpg 800w, https:\/\/www.sarkis.fr\/wp-content\/uploads\/2009\/05\/2007-Bourdelle-2-300x200.jpg 300w\" sizes=\"auto, (max-width: 800px) 100vw, 800px\" \/>                                                        <figcaption>\n                                <div class=\"title-wrapper\">\n                                    <h3>Inclinaison<\/h3>\n                                    <p class=\"afg-metadata\">\n\t\t\t<span class=\"place\">Mus\u00e9e Bourdelle, Paris<\/span>\t\t<span class=\"dates\">25 Jan &#8211; 4 Jan 2007<\/span><span class=\"solo\">Solo<\/span><\/p>\n                                <\/div>\n                                <div class=\"post-link\">\n                                    <p class=\"link\"><a href=\"https:\/\/www.sarkis.fr\/en\/2007\/inclinaison\/\" title=\"Inclinaison\">See exhibition page<\/a><\/p>\n                                    <p class=\"afg-metadatas\">No more image<\/p>\n                                <\/div>\n                            <\/figcaption>\n                                           <\/figure>\n                                    <figure class=\"swiper-slide\" data-post-id=\"post-351\">\n                                                                                    <img loading=\"lazy\" decoding=\"async\" width=\"800\" height=\"600\" src=\"https:\/\/www.sarkis.fr\/wp-content\/uploads\/2009\/06\/Sarkis_2006-SFAI.jpg\" class=\"attachment-full size-full\" alt=\"Sarkis_2006-SFAI\" srcset=\"https:\/\/www.sarkis.fr\/wp-content\/uploads\/2009\/06\/Sarkis_2006-SFAI.jpg 800w, https:\/\/www.sarkis.fr\/wp-content\/uploads\/2009\/06\/Sarkis_2006-SFAI-300x225.jpg 300w\" sizes=\"auto, (max-width: 800px) 100vw, 800px\" \/>                                                        <figcaption>\n                                <div class=\"title-wrapper\">\n                                    <h3>Alive and After<\/h3>\n                                    <p class=\"afg-metadata\">\n\t\t\t<span class=\"place\">Art Institute, San Francisco<\/span>\t\t<span class=\"dates\">21 Sep &#8211; 9 Dec 2006<\/span><span class=\"solo\">Solo<\/span><\/p>\n                                <\/div>\n                                <div class=\"post-link\">\n                                    <p class=\"link\"><a href=\"https:\/\/www.sarkis.fr\/en\/2006\/alive-and-after\/\" title=\"Alive and After\">See exhibition page<\/a><\/p>\n                                    <p class=\"afg-metadatas\">No more image<\/p>\n                                <\/div>\n                            <\/figcaption>\n                                           <\/figure>\n                                    <figure class=\"swiper-slide\" data-post-id=\"post-349\">\n                                                                                    <img loading=\"lazy\" decoding=\"async\" width=\"800\" height=\"586\" src=\"https:\/\/www.sarkis.fr\/wp-content\/uploads\/2009\/06\/Sarkis_2005-Unterlinden.jpg\" class=\"attachment-full size-full\" alt=\"Au commencement le toucher : 2005, 8.11.05 \u2013 9.2.2006. Le Mus\u00e9e Unterlinden, Colmar.\" srcset=\"https:\/\/www.sarkis.fr\/wp-content\/uploads\/2009\/06\/Sarkis_2005-Unterlinden.jpg 800w, https:\/\/www.sarkis.fr\/wp-content\/uploads\/2009\/06\/Sarkis_2005-Unterlinden-300x220.jpg 300w\" sizes=\"auto, (max-width: 800px) 100vw, 800px\" \/>                                                        <figcaption>\n                                <div class=\"title-wrapper\">\n                                    <h3>Au commencement le toucher<\/h3>\n                                    <p class=\"afg-metadata\">\n\t\t\t<span class=\"place\">Mus\u00e9e Unterlinden, Colmar &#8211; Chapelle Saint Quirin, S\u00e9lestat &#8211; FRAC Alsace, S\u00e9lestat<\/span>\t\t<span class=\"dates\">8 Nov 2005 &#8211; 9 Feb 2006<\/span><\/p>\n                                <\/div>\n                                <div class=\"post-link\">\n                                    <p class=\"link\"><a href=\"https:\/\/www.sarkis.fr\/en\/2005\/au-commencement-le-toucher\/\" title=\"Au commencement le toucher\">See exhibition page<\/a><\/p>\n                                    <p class=\"afg-metadatas\">No more image<\/p>\n                                <\/div>\n                            <\/figcaption>\n                                           <\/figure>\n                                    <figure class=\"swiper-slide\" data-post-id=\"post-343\">\n                                                                                    <img loading=\"lazy\" decoding=\"async\" width=\"800\" height=\"532\" src=\"https:\/\/www.sarkis.fr\/wp-content\/uploads\/2009\/06\/Sarkis_2005-Brolly.jpg\" class=\"attachment-full size-full\" alt=\"Sarkis_2005-Brolly\" srcset=\"https:\/\/www.sarkis.fr\/wp-content\/uploads\/2009\/06\/Sarkis_2005-Brolly.jpg 800w, https:\/\/www.sarkis.fr\/wp-content\/uploads\/2009\/06\/Sarkis_2005-Brolly-300x200.jpg 300w\" sizes=\"auto, (max-width: 800px) 100vw, 800px\" \/>                                                        <figcaption>\n                                <div class=\"title-wrapper\">\n                                    <h3>Sevgili Istanbul<\/h3>\n                                    <p class=\"afg-metadata\">\n\t\t\t<span class=\"place\">Galerie Jean Brolly, Paris<\/span>\t\t<span class=\"dates\">22 Oct &#8211; 19 Nov 2005<\/span><\/p>\n\t<p class=\"afg-title-notes\">\n\t\tAvec Ara G\u00fcler\t<\/p>\t\n                                <\/div>\n                                <div class=\"post-link\">\n                                    <p class=\"link\"><a href=\"https:\/\/www.sarkis.fr\/en\/2005\/sevgili-istanbul-avec-ara-gueler\/\" title=\"Sevgili Istanbul\">See exhibition page<\/a><\/p>\n                                    <p class=\"afg-metadatas\">No more image<\/p>\n                                <\/div>\n                            <\/figcaption>\n                                           <\/figure>\n                                    <figure class=\"swiper-slide\" data-post-id=\"post-341\">\n                                                                                    <img loading=\"lazy\" decoding=\"async\" width=\"800\" height=\"600\" src=\"https:\/\/www.sarkis.fr\/wp-content\/uploads\/2009\/06\/Sarkis_2005-Aksanat.jpg\" class=\"attachment-full size-full\" alt=\"Sarkis, A milestone, Aksanat, Istanbul, 6 avril - 28 mai 2005\" srcset=\"https:\/\/www.sarkis.fr\/wp-content\/uploads\/2009\/06\/Sarkis_2005-Aksanat.jpg 800w, https:\/\/www.sarkis.fr\/wp-content\/uploads\/2009\/06\/Sarkis_2005-Aksanat-300x225.jpg 300w\" sizes=\"auto, (max-width: 800px) 100vw, 800px\" \/>                                                        <figcaption>\n                                <div class=\"title-wrapper\">\n                                    <h3>A milestone<\/h3>\n                                    <p class=\"afg-metadata\">\n\t\t\t<span class=\"place\">Aksanat, Istanbul<\/span>\t\t<span class=\"dates\">6 Apr &#8211; 28 May 2005<\/span><span class=\"solo\">Solo<\/span><\/p>\n                                <\/div>\n                                <div class=\"post-link\">\n                                    <p class=\"link\"><a href=\"https:\/\/www.sarkis.fr\/en\/2005\/a-milestone\/\" title=\"A milestone\">See exhibition page<\/a><\/p>\n                                    <p class=\"afg-metadatas\">No more image<\/p>\n                                <\/div>\n                            <\/figcaption>\n                                           <\/figure>\n                                    <figure class=\"swiper-slide\" data-post-id=\"post-364\">\n                                                                                    <img loading=\"lazy\" decoding=\"async\" width=\"1392\" height=\"1050\" src=\"https:\/\/www.sarkis.fr\/wp-content\/uploads\/2009\/06\/sarkis-2005-Au-commencement-l-apparition.jpg\" class=\"attachment-full size-full\" alt=\"Sarkis, Au commencement, l&#039;apparition, 2005, film, 3 minutes 39 secondes\" srcset=\"https:\/\/www.sarkis.fr\/wp-content\/uploads\/2009\/06\/sarkis-2005-Au-commencement-l-apparition.jpg 1392w, https:\/\/www.sarkis.fr\/wp-content\/uploads\/2009\/06\/sarkis-2005-Au-commencement-l-apparition-300x226.jpg 300w, https:\/\/www.sarkis.fr\/wp-content\/uploads\/2009\/06\/sarkis-2005-Au-commencement-l-apparition-1030x777.jpg 1030w\" sizes=\"auto, (max-width: 1392px) 100vw, 1392px\" \/>                                                        <figcaption>\n                                <div class=\"title-wrapper\">\n                                    <h3>Au commencement, l&#8217;apparition<\/h3>\n                                    <p class=\"afg-metadata\">\n\t\t\t<span class=\"dates\">2005<\/span><\/p>\n\t<p class=\"afg-title-notes\">\n\t\tFilm, 3 minutes et 39 secondes\t<\/p>\t\n                                <\/div>\n                                <div class=\"post-link\">\n                                    <p class=\"link\"><a href=\"https:\/\/www.sarkis.fr\/en\/2005\/au-commencement-lapparition\/\" title=\"Au commencement, l&#8217;apparition\">See exhibition page<\/a><\/p>\n                                    <p class=\"afg-metadatas\">No more image<\/p>\n                                <\/div>\n                            <\/figcaption>\n                                           <\/figure>\n                                    <figure class=\"swiper-slide\" data-post-id=\"post-337\">\n                                                                                    <img loading=\"lazy\" decoding=\"async\" width=\"800\" height=\"600\" src=\"https:\/\/www.sarkis.fr\/wp-content\/uploads\/2009\/06\/Sarkis_2004-Dusseldorf-Kunst-Palast.jpg\" class=\"attachment-full size-full\" alt=\"Sarkis_2004-Dusseldorf-Kunst-Palast\" srcset=\"https:\/\/www.sarkis.fr\/wp-content\/uploads\/2009\/06\/Sarkis_2004-Dusseldorf-Kunst-Palast.jpg 800w, https:\/\/www.sarkis.fr\/wp-content\/uploads\/2009\/06\/Sarkis_2004-Dusseldorf-Kunst-Palast-300x225.jpg 300w\" sizes=\"auto, (max-width: 800px) 100vw, 800px\" \/>                                                        <figcaption>\n                                <div class=\"title-wrapper\">\n                                    <h3>148 IKONAS<\/h3>\n                                    <p class=\"afg-metadata\">\n\t\t\t<span class=\"place\">Museum Kunst Palast, D\u00fcsseldorf<\/span>\t\t<span class=\"dates\">19 Nov 2004 &#8211; 9 Jan 2005<\/span><span class=\"solo\">Solo<\/span><\/p>\n                                <\/div>\n                                <div class=\"post-link\">\n                                    <p class=\"link\"><a href=\"https:\/\/www.sarkis.fr\/en\/2004\/148-ikonas\/\" title=\"148 IKONAS\">See exhibition page<\/a><\/p>\n                                    <p class=\"afg-metadatas\">No more image<\/p>\n                                <\/div>\n                            <\/figcaption>\n                                           <\/figure>\n                                    <figure class=\"swiper-slide\" data-post-id=\"post-333\">\n                                                                                    <img loading=\"lazy\" decoding=\"async\" width=\"800\" height=\"600\" src=\"https:\/\/www.sarkis.fr\/wp-content\/uploads\/2009\/06\/Sarkis_2004-Adhemar.jpg\" class=\"attachment-full size-full\" alt=\"Sarkis_2004-Adhemar\" srcset=\"https:\/\/www.sarkis.fr\/wp-content\/uploads\/2009\/06\/Sarkis_2004-Adhemar.jpg 800w, https:\/\/www.sarkis.fr\/wp-content\/uploads\/2009\/06\/Sarkis_2004-Adhemar-300x225.jpg 300w\" sizes=\"auto, (max-width: 800px) 100vw, 800px\" \/>                                                        <figcaption>\n                                <div class=\"title-wrapper\">\n                                    <h3>L\u2019homme qui essayait d\u2019attraper la lumi\u00e8re<\/h3>\n                                    <p class=\"afg-metadata\">\n\t\t\t<span class=\"place\">Ch\u00e2teau des Adh\u00e9mars, Mont\u00e9limar<\/span>\t\t<span class=\"dates\">25 Jun &#8211; 3 Oct 2004<\/span><span class=\"solo\">Solo<\/span><\/p>\n                                <\/div>\n                                <div class=\"post-link\">\n                                    <p class=\"link\"><a href=\"https:\/\/www.sarkis.fr\/en\/2004\/l-homme-qui-essayait-d-attraper-la-lumiere\/\" title=\"L\u2019homme qui essayait d\u2019attraper la lumi\u00e8re\">See exhibition page<\/a><\/p>\n                                    <p class=\"afg-metadatas\">No more image<\/p>\n                                <\/div>\n                            <\/figcaption>\n                                           <\/figure>\n                                    <figure class=\"swiper-slide\" data-post-id=\"post-335\">\n                                                                                    <img loading=\"lazy\" decoding=\"async\" width=\"600\" height=\"800\" src=\"https:\/\/www.sarkis.fr\/wp-content\/uploads\/2009\/06\/Sarkis_2004-Brigittines_Bruxelles6730.jpg\" class=\"attachment-full size-full\" alt=\"Sarkis_2004-Brigittines_Bruxelles6730\" srcset=\"https:\/\/www.sarkis.fr\/wp-content\/uploads\/2009\/06\/Sarkis_2004-Brigittines_Bruxelles6730.jpg 600w, https:\/\/www.sarkis.fr\/wp-content\/uploads\/2009\/06\/Sarkis_2004-Brigittines_Bruxelles6730-225x300.jpg 225w\" sizes=\"auto, (max-width: 600px) 100vw, 600px\" \/>                                                        <figcaption>\n                                <div class=\"title-wrapper\">\n                                    <h3>Avant et apr\u00e8s le silence<\/h3>\n                                    <p class=\"afg-metadata\">\n\t\t\t<span class=\"place\">Chapelle des Brigittines, Bruxelles<\/span>\t\t<span class=\"dates\">2 Jun &#8211; 30 Jun 2004<\/span><span class=\"solo\">Solo<\/span><\/p>\n                                <\/div>\n                                <div class=\"post-link\">\n                                    <p class=\"link\"><a href=\"https:\/\/www.sarkis.fr\/en\/2004\/avant-et-apres-le-silence\/\" title=\"Avant et apr\u00e8s le silence\">See exhibition page<\/a><\/p>\n                                    <p class=\"afg-metadatas\">No more image<\/p>\n                                <\/div>\n                            <\/figcaption>\n                                           <\/figure>\n                                    <figure class=\"swiper-slide\" data-post-id=\"post-54\">\n                                                                                    <img loading=\"lazy\" decoding=\"async\" width=\"614\" height=\"461\" src=\"https:\/\/www.sarkis.fr\/wp-content\/uploads\/2009\/05\/2004-Paradjanov--.jpg\" class=\"attachment-full size-full\" alt=\"Sarkis, le reflet et le sublime, Mus\u00e9e Serguei Paradjanov, Erevan, 19 mai -29 ao\u00fbt 2004\" srcset=\"https:\/\/www.sarkis.fr\/wp-content\/uploads\/2009\/05\/2004-Paradjanov--.jpg 614w, https:\/\/www.sarkis.fr\/wp-content\/uploads\/2009\/05\/2004-Paradjanov---300x225.jpg 300w\" sizes=\"auto, (max-width: 614px) 100vw, 614px\" \/>                                                        <figcaption>\n                                <div class=\"title-wrapper\">\n                                    <h3>Le reflet et le sublime, Erevan<\/h3>\n                                    <p class=\"afg-metadata\">\n\t\t\t<span class=\"place\">Mus\u00e9e Serguei Paradjanov, Erevan<\/span>\t\t<span class=\"dates\">19 May &#8211; 29 Aug 2004<\/span><span class=\"solo\">Solo<\/span><\/p>\n                                <\/div>\n                                <div class=\"post-link\">\n                                    <p class=\"link\"><a href=\"https:\/\/www.sarkis.fr\/en\/2004\/2004-le-reflet-et-le-sublime\/\" title=\"Le reflet et le sublime, Erevan\">See exhibition page<\/a><\/p>\n                                    <p class=\"afg-metadatas\">No more image<\/p>\n                                <\/div>\n                            <\/figcaption>\n                                           <\/figure>\n                                    <figure class=\"swiper-slide\" data-post-id=\"post-1266\">\n                                                                                    <img loading=\"lazy\" decoding=\"async\" width=\"800\" height=\"600\" src=\"https:\/\/www.sarkis.fr\/wp-content\/uploads\/2009\/05\/2004.05-HAY-ART---24.jpg\" class=\"attachment-full size-full\" alt=\"Sarkis, \u00c0 l\u2019int\u00e9rieur de la zone, Centre Culturel Hay Art, Erevan, 19 mai - 29 ao\u00fbt 2004\" srcset=\"https:\/\/www.sarkis.fr\/wp-content\/uploads\/2009\/05\/2004.05-HAY-ART---24.jpg 800w, https:\/\/www.sarkis.fr\/wp-content\/uploads\/2009\/05\/2004.05-HAY-ART---24-300x225.jpg 300w\" sizes=\"auto, (max-width: 800px) 100vw, 800px\" \/>                                                        <figcaption>\n                                <div class=\"title-wrapper\">\n                                    <h3>\u00e0 l&#8217;int\u00e9rieur de la zone<\/h3>\n                                    <p class=\"afg-metadata\">\n\t\t\t<span class=\"place\">Centre Culturel Hay Art, Erevan<\/span>\t\t<span class=\"dates\">19 May &#8211; 29 Aug 2004<\/span><span class=\"solo\">Solo<\/span><\/p>\n                                <\/div>\n                                <div class=\"post-link\">\n                                    <p class=\"link\"><a href=\"https:\/\/www.sarkis.fr\/en\/2004\/a-linterieur-de-la-zone-erevan\/\" title=\"\u00e0 l&#8217;int\u00e9rieur de la zone\">See exhibition page<\/a><\/p>\n                                    <p class=\"afg-metadatas\">No more image<\/p>\n                                <\/div>\n                            <\/figcaption>\n                                           <\/figure>\n                                    <figure class=\"swiper-slide\" data-post-id=\"post-339\">\n                                                                                    <img loading=\"lazy\" decoding=\"async\" width=\"800\" height=\"600\" src=\"https:\/\/www.sarkis.fr\/wp-content\/uploads\/2009\/06\/Sarkis_2004-P.Rameau-Lille.jpg\" class=\"attachment-full size-full\" alt=\"Sarkis_2004-P.Rameau-Lille\" srcset=\"https:\/\/www.sarkis.fr\/wp-content\/uploads\/2009\/06\/Sarkis_2004-P.Rameau-Lille.jpg 800w, https:\/\/www.sarkis.fr\/wp-content\/uploads\/2009\/06\/Sarkis_2004-P.Rameau-Lille-300x225.jpg 300w\" sizes=\"auto, (max-width: 800px) 100vw, 800px\" \/>                                                        <figcaption>\n                                <div class=\"title-wrapper\">\n                                    <h3>Ici la nuit verte est immense<\/h3>\n                                    <p class=\"afg-metadata\">\n\t\t\t<span class=\"place\">Palais Rameau, Lille<\/span>\t\t<span class=\"dates\">6 Mar 2004<\/span><\/p>\n                                <\/div>\n                                <div class=\"post-link\">\n                                    <p class=\"link\"><a href=\"https:\/\/www.sarkis.fr\/en\/2004\/ici-la-nuit-verte-est-immense\/\" title=\"Ici la nuit verte est immense\">See exhibition page<\/a><\/p>\n                                    <p class=\"afg-metadatas\">No more image<\/p>\n                                <\/div>\n                            <\/figcaption>\n                                           <\/figure>\n                                    <figure class=\"swiper-slide\" data-post-id=\"post-167\">\n                                                                                    <img loading=\"lazy\" decoding=\"async\" width=\"800\" height=\"600\" src=\"https:\/\/www.sarkis.fr\/wp-content\/uploads\/2009\/05\/2003-Montral-UQAM.jpg\" class=\"attachment-full size-full\" alt=\"Sarkis, 2600 ans apr\u00e8s 10 minutes 44 secondes, Galerie de l\u2019UQAM, Montr\u00e9al, 16 oct \u2013 22 nov 2003\" srcset=\"https:\/\/www.sarkis.fr\/wp-content\/uploads\/2009\/05\/2003-Montral-UQAM.jpg 800w, https:\/\/www.sarkis.fr\/wp-content\/uploads\/2009\/05\/2003-Montral-UQAM-300x225.jpg 300w\" sizes=\"auto, (max-width: 800px) 100vw, 800px\" \/>                                                        <figcaption>\n                                <div class=\"title-wrapper\">\n                                    <h3>2600 ans apr\u00e8s 10 minutes 44 secondes<\/h3>\n                                    <p class=\"afg-metadata\">\n\t\t\t<span class=\"place\">Galerie de l&#039;UQAM, Montr\u00e9al<\/span>\t\t<span class=\"dates\">16 Oct &#8211; 22 Nov 2003<\/span><span class=\"solo\">Solo<\/span><\/p>\n                                <\/div>\n                                <div class=\"post-link\">\n                                    <p class=\"link\"><a href=\"https:\/\/www.sarkis.fr\/en\/2003\/2600-ans-apres-10-minutes-44-secondes\/\" title=\"2600 ans apr\u00e8s 10 minutes 44 secondes\">See exhibition page<\/a><\/p>\n                                    <p class=\"afg-metadatas\">No more image<\/p>\n                                <\/div>\n                            <\/figcaption>\n                                           <\/figure>\n                                    <figure class=\"swiper-slide\" data-post-id=\"post-325\">\n                                                                                    <img loading=\"lazy\" decoding=\"async\" width=\"800\" height=\"600\" src=\"https:\/\/www.sarkis.fr\/wp-content\/uploads\/2009\/06\/Sarkis_2002-Ikones-chapelles.jpg\" class=\"attachment-full size-full\" alt=\"Sarkis_2002-Ikones-chapelles\" srcset=\"https:\/\/www.sarkis.fr\/wp-content\/uploads\/2009\/06\/Sarkis_2002-Ikones-chapelles.jpg 800w, https:\/\/www.sarkis.fr\/wp-content\/uploads\/2009\/06\/Sarkis_2002-Ikones-chapelles-300x225.jpg 300w\" sizes=\"auto, (max-width: 800px) 100vw, 800px\" \/>                                                        <figcaption>\n                                <div class=\"title-wrapper\">\n                                    <h3>Ikones dans la Chapelle<\/h3>\n                                    <p class=\"afg-metadata\">\n\t\t\t<span class=\"place\">\u00c9cole Nationale Sup\u00e9rieure des Beaux-Arts, Paris<\/span>\t\t<span class=\"dates\">16 Dec 2002 &#8211; 2 Feb 2003<\/span><span class=\"solo\">Solo<\/span><\/p>\n                                <\/div>\n                                <div class=\"post-link\">\n                                    <p class=\"link\"><a href=\"https:\/\/www.sarkis.fr\/en\/2002\/ikones-dans-la-chapelle\/\" title=\"Ikones dans la Chapelle\">See exhibition page<\/a><\/p>\n                                    <p class=\"afg-metadatas\">No more image<\/p>\n                                <\/div>\n                            <\/figcaption>\n                                           <\/figure>\n                                    <figure class=\"swiper-slide\" data-post-id=\"post-329\">\n                                                                                    <img loading=\"lazy\" decoding=\"async\" width=\"800\" height=\"600\" src=\"https:\/\/www.sarkis.fr\/wp-content\/uploads\/2009\/06\/Sarkis_2002-Retz.jpg\" class=\"attachment-full size-full\" alt=\"Sarkis_2002-Retz\" srcset=\"https:\/\/www.sarkis.fr\/wp-content\/uploads\/2009\/06\/Sarkis_2002-Retz.jpg 800w, https:\/\/www.sarkis.fr\/wp-content\/uploads\/2009\/06\/Sarkis_2002-Retz-300x225.jpg 300w\" sizes=\"auto, (max-width: 800px) 100vw, 800px\" \/>                                                        <figcaption>\n                                <div class=\"title-wrapper\">\n                                    <h3>ATELIERS COMME EXPOSITION<\/h3>\n                                    <p class=\"afg-metadata\">\n\t\t\t<span class=\"place\">Passage de Retz, Paris<\/span>\t\t<span class=\"dates\">29 Oct 2002 &#8211; 6 Jan 2003<\/span><\/p>\n                                <\/div>\n                                <div class=\"post-link\">\n                                    <p class=\"link\"><a href=\"https:\/\/www.sarkis.fr\/en\/2002\/ateliers-comme-exposition\/\" title=\"ATELIERS COMME EXPOSITION\">See exhibition page<\/a><\/p>\n                                    <p class=\"afg-metadatas\">No more image<\/p>\n                                <\/div>\n                            <\/figcaption>\n                                           <\/figure>\n                                    <figure class=\"swiper-slide\" data-post-id=\"post-321\">\n                                                                                    <img loading=\"lazy\" decoding=\"async\" width=\"750\" height=\"488\" src=\"https:\/\/www.sarkis.fr\/wp-content\/uploads\/2009\/06\/sarkis-2002-le-voyage-le-soleil-l-obscurite.jpg\" class=\"attachment-full size-full\" alt=\"sarkis-2002-le-voyage-le-soleil-l-obscurite\" srcset=\"https:\/\/www.sarkis.fr\/wp-content\/uploads\/2009\/06\/sarkis-2002-le-voyage-le-soleil-l-obscurite.jpg 750w, https:\/\/www.sarkis.fr\/wp-content\/uploads\/2009\/06\/sarkis-2002-le-voyage-le-soleil-l-obscurite-300x195.jpg 300w\" sizes=\"auto, (max-width: 750px) 100vw, 750px\" \/>                                                        <figcaption>\n                                <div class=\"title-wrapper\">\n                                    <h3>Le voyage. Le soleil. L&#8217;obscurit\u00e9.<\/h3>\n                                    <p class=\"afg-metadata\">\n\t\t\t<span class=\"place\">Mus\u00e9e d&#039;Art Moderne de C\u00e9ret<\/span>\t\t<span class=\"dates\">22 Jun &#8211; 25 Sep 2002<\/span><span class=\"solo\">Solo<\/span><\/p>\n                                <\/div>\n                                <div class=\"post-link\">\n                                    <p class=\"link\"><a href=\"https:\/\/www.sarkis.fr\/en\/2002\/le-voyage-le-soleil-lobscurite\/\" title=\"Le voyage. Le soleil. L&#8217;obscurit\u00e9.\">See exhibition page<\/a><\/p>\n                                    <p class=\"afg-metadatas\">No more image<\/p>\n                                <\/div>\n                            <\/figcaption>\n                                           <\/figure>\n                                    <figure class=\"swiper-slide\" data-post-id=\"post-323\">\n                                                                                    <img loading=\"lazy\" decoding=\"async\" width=\"747\" height=\"493\" src=\"https:\/\/www.sarkis.fr\/wp-content\/uploads\/2009\/06\/sarkis-2002-der-besuch-das-gesprach-die-erwartung.jpg\" class=\"attachment-full size-full\" alt=\"sarkis-2002-der-besuch-das-gesprach-die-erwartung\" srcset=\"https:\/\/www.sarkis.fr\/wp-content\/uploads\/2009\/06\/sarkis-2002-der-besuch-das-gesprach-die-erwartung.jpg 747w, https:\/\/www.sarkis.fr\/wp-content\/uploads\/2009\/06\/sarkis-2002-der-besuch-das-gesprach-die-erwartung-300x198.jpg 300w\" sizes=\"auto, (max-width: 747px) 100vw, 747px\" \/>                                                        <figcaption>\n                                <div class=\"title-wrapper\">\n                                    <h3>Der Besuch. Das Gespr\u00e4ch. Die Erwartung.<\/h3>\n                                    <p class=\"afg-metadata\">\n\t\t\t<span class=\"place\">Hessisches Landesmuseum, Darmstadt<\/span>\t\t<span class=\"dates\">17 Feb &#8211; 14 Apr 2002<\/span><span class=\"solo\">Solo<\/span><\/p>\n                                <\/div>\n                                <div class=\"post-link\">\n                                    <p class=\"link\"><a href=\"https:\/\/www.sarkis.fr\/en\/2002\/der-besuch-das-gespraech-die-erwartung\/\" title=\"Der Besuch. Das Gespr\u00e4ch. Die Erwartung.\">See exhibition page<\/a><\/p>\n                                    <p class=\"afg-metadatas\">No more image<\/p>\n                                <\/div>\n                            <\/figcaption>\n                                           <\/figure>\n                                    <figure class=\"swiper-slide\" data-post-id=\"post-160\">\n                                                                                    <img loading=\"lazy\" decoding=\"async\" width=\"750\" height=\"492\" src=\"https:\/\/www.sarkis.fr\/wp-content\/uploads\/2009\/05\/sarkis-2002-le-monde-est-illisible-mon-c\u0153ur-si-2eme-scene.jpg\" class=\"attachment-full size-full\" alt=\"sarkis-2002-le-monde-est-illisible-mon-c\u0153ur-si-2eme-scene\" srcset=\"https:\/\/www.sarkis.fr\/wp-content\/uploads\/2009\/05\/sarkis-2002-le-monde-est-illisible-mon-c\u0153ur-si-2eme-scene.jpg 750w, https:\/\/www.sarkis.fr\/wp-content\/uploads\/2009\/05\/sarkis-2002-le-monde-est-illisible-mon-c\u0153ur-si-2eme-scene-300x197.jpg 300w\" sizes=\"auto, (max-width: 750px) 100vw, 750px\" \/>                                                        <figcaption>\n                                <div class=\"title-wrapper\">\n                                    <h3>Le monde est illisible, mon c\u0153ur si<\/h3>\n                                    <p class=\"afg-metadata\">\n\t\t\t<span class=\"place\">Mus\u00e9e d&#039;Art Contemporain, Lyon<\/span>\t\t<span class=\"dates\">1 Feb &#8211; 18 May 2002<\/span><\/p>\n                                <\/div>\n                                <div class=\"post-link\">\n                                    <p class=\"link\"><a href=\"https:\/\/www.sarkis.fr\/en\/2002\/le-monde-est-illisible-mon-coeur-si\/\" title=\"Le monde est illisible, mon c\u0153ur si\">See exhibition page<\/a><\/p>\n                                    <p class=\"afg-metadatas\">No more image<\/p>\n                                <\/div>\n                            <\/figcaption>\n                                           <\/figure>\n                                    <figure class=\"swiper-slide\" data-post-id=\"post-317\">\n                                                                                    <img loading=\"lazy\" decoding=\"async\" width=\"800\" height=\"542\" src=\"https:\/\/www.sarkis.fr\/wp-content\/uploads\/2009\/06\/Sarkis_2001-Carquefou-FRAC.jpg\" class=\"attachment-full size-full\" alt=\"Sarkis_2001-Carquefou-FRAC\" srcset=\"https:\/\/www.sarkis.fr\/wp-content\/uploads\/2009\/06\/Sarkis_2001-Carquefou-FRAC.jpg 800w, https:\/\/www.sarkis.fr\/wp-content\/uploads\/2009\/06\/Sarkis_2001-Carquefou-FRAC-300x203.jpg 300w\" sizes=\"auto, (max-width: 800px) 100vw, 800px\" \/>                                                        <figcaption>\n                                <div class=\"title-wrapper\">\n                                    <h3>Transflammation<\/h3>\n                                    <p class=\"afg-metadata\">\n\t\t\t<span class=\"place\">FRAC des Pays de la Loire, Carquefou<\/span>\t\t<span class=\"dates\">6 Oct &#8211; 16 Dec 2001<\/span><span class=\"solo\">Solo<\/span><\/p>\n                                <\/div>\n                                <div class=\"post-link\">\n                                    <p class=\"link\"><a href=\"https:\/\/www.sarkis.fr\/en\/2001\/transflammation\/\" title=\"Transflammation\">See exhibition page<\/a><\/p>\n                                    <p class=\"afg-metadatas\">No more image<\/p>\n                                <\/div>\n                            <\/figcaption>\n                                           <\/figure>\n                                    <figure class=\"swiper-slide\" data-post-id=\"post-319\">\n                                                                                    <img loading=\"lazy\" decoding=\"async\" width=\"560\" height=\"800\" src=\"https:\/\/www.sarkis.fr\/wp-content\/uploads\/2009\/06\/Sarkis_2001-Silvacane.jpg\" class=\"attachment-full size-full\" alt=\"Sarkis_2001-Silvacane\" srcset=\"https:\/\/www.sarkis.fr\/wp-content\/uploads\/2009\/06\/Sarkis_2001-Silvacane.jpg 560w, https:\/\/www.sarkis.fr\/wp-content\/uploads\/2009\/06\/Sarkis_2001-Silvacane-210x300.jpg 210w\" sizes=\"auto, (max-width: 560px) 100vw, 560px\" \/>                                                        <figcaption>\n                                <div class=\"title-wrapper\">\n                                    <h3>Les Vitraux de l&#8217;Abbaye Silvacane + Les 109 Ik\u00f4nes<\/h3>\n                                    <p class=\"afg-metadata\">\n\t\t\t<span class=\"place\">Abbaye de Silvacane, La Roque-d&#039;Anth\u00e9ron<\/span>\t\t<span class=\"dates\">1 Jun 2001<\/span><span class=\"solo\">Solo<\/span><\/p>\n                                <\/div>\n                                <div class=\"post-link\">\n                                    <p class=\"link\"><a href=\"https:\/\/www.sarkis.fr\/en\/2001\/les-vitraux-de-labbaye-silvacane-les-109-ikones\/\" title=\"Les Vitraux de l&#8217;Abbaye Silvacane + Les 109 Ik\u00f4nes\">See exhibition page<\/a><\/p>\n                                    <p class=\"afg-metadatas\">No more image<\/p>\n                                <\/div>\n                            <\/figcaption>\n                                           <\/figure>\n                                    <figure class=\"swiper-slide\" data-post-id=\"post-309\">\n                                                                                    <img loading=\"lazy\" decoding=\"async\" width=\"784\" height=\"529\" src=\"https:\/\/www.sarkis.fr\/wp-content\/uploads\/2009\/06\/sarkis-2000-een-overnachting-op-oud-amelisweerd.jpg\" class=\"attachment-full size-full\" alt=\"sarkis-2000-een-overnachting-op-oud-amelisweerd\" srcset=\"https:\/\/www.sarkis.fr\/wp-content\/uploads\/2009\/06\/sarkis-2000-een-overnachting-op-oud-amelisweerd.jpg 784w, https:\/\/www.sarkis.fr\/wp-content\/uploads\/2009\/06\/sarkis-2000-een-overnachting-op-oud-amelisweerd-300x202.jpg 300w\" sizes=\"auto, (max-width: 784px) 100vw, 784px\" \/>                                                        <figcaption>\n                                <div class=\"title-wrapper\">\n                                    <h3>Een overnachting op Oud-Amelisweerd<\/h3>\n                                    <p class=\"afg-metadata\">\n\t\t\t<span class=\"place\">Utrecht<\/span>\t\t<span class=\"dates\">24 Nov &#8211; 16 Dec 2000<\/span><\/p>\n\t<p class=\"afg-title-notes\">\n\t\tAvec Berry Visser, 12 nuits entre le 24 nov et le 16 d\u00e9c\t<\/p>\t\n                                <\/div>\n                                <div class=\"post-link\">\n                                    <p class=\"link\"><a href=\"https:\/\/www.sarkis.fr\/en\/2000\/een-overnachting-op-oud-amelisweerd\/\" title=\"Een overnachting op Oud-Amelisweerd\">See exhibition page<\/a><\/p>\n                                    <p class=\"afg-metadatas\">No more image<\/p>\n                                <\/div>\n                            <\/figcaption>\n                                           <\/figure>\n                                    <figure class=\"swiper-slide\" data-post-id=\"post-313\">\n                                                                                    <img loading=\"lazy\" decoding=\"async\" width=\"800\" height=\"534\" src=\"https:\/\/www.sarkis.fr\/wp-content\/uploads\/2009\/06\/Sarkis_2000-Carquefou-Nantes.jpg\" class=\"attachment-full size-full\" alt=\"Sarkis_2000-Carquefou-Nantes\" srcset=\"https:\/\/www.sarkis.fr\/wp-content\/uploads\/2009\/06\/Sarkis_2000-Carquefou-Nantes.jpg 800w, https:\/\/www.sarkis.fr\/wp-content\/uploads\/2009\/06\/Sarkis_2000-Carquefou-Nantes-300x200.jpg 300w\" sizes=\"auto, (max-width: 800px) 100vw, 800px\" \/>                                                        <figcaption>\n                                <div class=\"title-wrapper\">\n                                    <h3>Le d\u00e9fil\u00e9 du si\u00e8cle en fluo<\/h3>\n                                    <p class=\"afg-metadata\">\n\t\t\t<span class=\"place\">FRAC des Pays de la Loire, Carquefou<\/span>\t\t<span class=\"dates\">14 Sep &#8211; 17 Dec 2000<\/span><\/p>\n                                <\/div>\n                                <div class=\"post-link\">\n                                    <p class=\"link\"><a href=\"https:\/\/www.sarkis.fr\/en\/2000\/le-defile-du-siecle-en-fluo\/\" title=\"Le d\u00e9fil\u00e9 du si\u00e8cle en fluo\">See exhibition page<\/a><\/p>\n                                    <p class=\"afg-metadatas\">No more image<\/p>\n                                <\/div>\n                            <\/figcaption>\n                                           <\/figure>\n                                    <figure class=\"swiper-slide\" data-post-id=\"post-486\">\n                                                                                    <img loading=\"lazy\" decoding=\"async\" width=\"800\" height=\"526\" src=\"https:\/\/www.sarkis.fr\/wp-content\/uploads\/2009\/06\/Sarkis_2000-Panthon-Paris.jpg\" class=\"attachment-full size-full\" alt=\"Sarkis_2000-Panthon-Paris\" srcset=\"https:\/\/www.sarkis.fr\/wp-content\/uploads\/2009\/06\/Sarkis_2000-Panthon-Paris.jpg 800w, https:\/\/www.sarkis.fr\/wp-content\/uploads\/2009\/06\/Sarkis_2000-Panthon-Paris-300x197.jpg 300w\" sizes=\"auto, (max-width: 800px) 100vw, 800px\" \/>                                                        <figcaption>\n                                <div class=\"title-wrapper\">\n                                    <h3>Respiration<\/h3>\n                                    <p class=\"afg-metadata\">\n\t\t\t<span class=\"place\">Le Panth\u00e9on, Paris<\/span>\t\t<span class=\"dates\">7 Jun &#8211; 14 Nov 2000<\/span><span class=\"solo\">Solo<\/span><\/p>\n                                <\/div>\n                                <div class=\"post-link\">\n                                    <p class=\"link\"><a href=\"https:\/\/www.sarkis.fr\/en\/2000\/respiration-2\/\" title=\"Respiration\">See exhibition page<\/a><\/p>\n                                    <p class=\"afg-metadatas\">No more image<\/p>\n                                <\/div>\n                            <\/figcaption>\n                                           <\/figure>\n                                    <figure class=\"swiper-slide\" data-post-id=\"post-311\">\n                                                                                    <img loading=\"lazy\" decoding=\"async\" width=\"530\" height=\"369\" src=\"https:\/\/www.sarkis.fr\/wp-content\/uploads\/2009\/06\/2000-CAPC.jpg\" class=\"attachment-full size-full\" alt=\"2000-CAPC\" srcset=\"https:\/\/www.sarkis.fr\/wp-content\/uploads\/2009\/06\/2000-CAPC.jpg 530w, https:\/\/www.sarkis.fr\/wp-content\/uploads\/2009\/06\/2000-CAPC-300x209.jpg 300w\" sizes=\"auto, (max-width: 530px) 100vw, 530px\" \/>                                                        <figcaption>\n                                <div class=\"title-wrapper\">\n                                    <h3>SARKIS 21.01.2000 &#8211; 09.04.2000<\/h3>\n                                    <p class=\"afg-metadata\">\n\t\t\t<span class=\"place\">CAPC mus\u00e9e d&#039;art contemporain Bordeaux<\/span>\t\t<span class=\"dates\">21 Jan &#8211; 9 Apr 2000<\/span><span class=\"solo\">Solo<\/span><\/p>\n                                <\/div>\n                                <div class=\"post-link\">\n                                    <p class=\"link\"><a href=\"https:\/\/www.sarkis.fr\/en\/2000\/sarkis-21012000-09042000\/\" title=\"SARKIS 21.01.2000 &#8211; 09.04.2000\">See exhibition page<\/a><\/p>\n                                    <p class=\"afg-metadatas\">No more image<\/p>\n                                <\/div>\n                            <\/figcaption>\n                                           <\/figure>\n                                    <figure class=\"swiper-slide\" data-post-id=\"post-158\">\n                                                                                    <img loading=\"lazy\" decoding=\"async\" width=\"800\" height=\"548\" src=\"https:\/\/www.sarkis.fr\/wp-content\/uploads\/2009\/05\/1999-Guggenheim-N.Y.jpg\" class=\"attachment-full size-full\" alt=\"1999-Guggenheim-N.Y\" srcset=\"https:\/\/www.sarkis.fr\/wp-content\/uploads\/2009\/05\/1999-Guggenheim-N.Y.jpg 800w, https:\/\/www.sarkis.fr\/wp-content\/uploads\/2009\/05\/1999-Guggenheim-N.Y-300x206.jpg 300w\" sizes=\"auto, (max-width: 800px) 100vw, 800px\" \/>                                                        <figcaption>\n                                <div class=\"title-wrapper\">\n                                    <h3>PREMISES<\/h3>\n                                    <p class=\"afg-metadata\">\n\t\t\t<span class=\"place\">Solomon R. Guggenheim Museum, Soho, New York<\/span>\t\t<span class=\"dates\">13 Oct &#8211; 15 Jan 1999<\/span><\/p>\n                                <\/div>\n                                <div class=\"post-link\">\n                                    <p class=\"link\"><a href=\"https:\/\/www.sarkis.fr\/en\/1999\/premises\/\" title=\"PREMISES\">See exhibition page<\/a><\/p>\n                                    <p class=\"afg-metadatas\">3 more images<\/p>\n                                <\/div>\n                            <\/figcaption>\n                                           <\/figure>\n                                    <figure class=\"swiper-slide\" data-post-id=\"post-304\">\n                                                                                    <img loading=\"lazy\" decoding=\"async\" width=\"800\" height=\"504\" src=\"https:\/\/www.sarkis.fr\/wp-content\/uploads\/2009\/06\/Sarkis_1999-La-Havane.jpg\" class=\"attachment-full size-full\" alt=\"Sarkis_1999-La-Havane\" srcset=\"https:\/\/www.sarkis.fr\/wp-content\/uploads\/2009\/06\/Sarkis_1999-La-Havane.jpg 800w, https:\/\/www.sarkis.fr\/wp-content\/uploads\/2009\/06\/Sarkis_1999-La-Havane-300x189.jpg 300w\" sizes=\"auto, (max-width: 800px) 100vw, 800px\" \/>                                                        <figcaption>\n                                <div class=\"title-wrapper\">\n                                    <h3>El mundo no es legible, pero mi corazon si !<\/h3>\n                                    <p class=\"afg-metadata\">\n\t\t\t<span class=\"place\">Centro de Arte Contempor\u00e1neo Wifredo Lam, La Habana<\/span>\t\t<span class=\"dates\">7 Oct &#8211; 7 Nov 1999<\/span><span class=\"solo\">Solo<\/span><\/p>\n\t<p class=\"afg-title-notes\">\n\t\tAvec Patrick Neu\t<\/p>\t\n                                <\/div>\n                                <div class=\"post-link\">\n                                    <p class=\"link\"><a href=\"https:\/\/www.sarkis.fr\/en\/1999\/el-mundo-no-es-legible-pero-mi-corazon-si\/\" title=\"El mundo no es legible, pero mi corazon si !\">See exhibition page<\/a><\/p>\n                                    <p class=\"afg-metadatas\">No more image<\/p>\n                                <\/div>\n                            <\/figcaption>\n                                           <\/figure>\n                                    <figure class=\"swiper-slide\" data-post-id=\"post-3451\">\n                                                                                    <img loading=\"lazy\" decoding=\"async\" width=\"1200\" height=\"755\" src=\"https:\/\/www.sarkis.fr\/wp-content\/uploads\/2009\/05\/1999-KRONOS-KAIROS-Museum-Fridericianum-Kassel_-.webp\" class=\"attachment-full size-full\" alt=\"\" srcset=\"https:\/\/www.sarkis.fr\/wp-content\/uploads\/2009\/05\/1999-KRONOS-KAIROS-Museum-Fridericianum-Kassel_-.webp 1200w, https:\/\/www.sarkis.fr\/wp-content\/uploads\/2009\/05\/1999-KRONOS-KAIROS-Museum-Fridericianum-Kassel_--300x189.webp 300w, https:\/\/www.sarkis.fr\/wp-content\/uploads\/2009\/05\/1999-KRONOS-KAIROS-Museum-Fridericianum-Kassel_--1030x648.webp 1030w, https:\/\/www.sarkis.fr\/wp-content\/uploads\/2009\/05\/1999-KRONOS-KAIROS-Museum-Fridericianum-Kassel_--768x483.webp 768w\" sizes=\"auto, (max-width: 1200px) 100vw, 1200px\" \/>                                                        <figcaption>\n                                <div class=\"title-wrapper\">\n                                    <h3>KRONOS &#038; KAIROS<\/h3>\n                                    <p class=\"afg-metadata\">\n\t\t\t<span class=\"place\">Museum Fridericianum, Kassel<\/span>\t\t<span class=\"dates\">5 Sep &#8211; 7 Nov 1999<\/span><\/p>\n                                <\/div>\n                                <div class=\"post-link\">\n                                    <p class=\"link\"><a href=\"https:\/\/www.sarkis.fr\/en\/1999\/kronos-kairos\/\" title=\"KRONOS &#038; KAIROS\">See exhibition page<\/a><\/p>\n                                    <p class=\"afg-metadatas\">1 more image<\/p>\n                                <\/div>\n                            <\/figcaption>\n                                           <\/figure>\n                                    <figure class=\"swiper-slide\" data-post-id=\"post-3455\">\n                                                                                    <img loading=\"lazy\" decoding=\"async\" width=\"1200\" height=\"780\" src=\"https:\/\/www.sarkis.fr\/wp-content\/uploads\/2009\/05\/1999-ISKORPIT-Badisher-Kunstverein-Karlsruhe-.webp\" class=\"attachment-full size-full\" alt=\"\" srcset=\"https:\/\/www.sarkis.fr\/wp-content\/uploads\/2009\/05\/1999-ISKORPIT-Badisher-Kunstverein-Karlsruhe-.webp 1200w, https:\/\/www.sarkis.fr\/wp-content\/uploads\/2009\/05\/1999-ISKORPIT-Badisher-Kunstverein-Karlsruhe--300x195.webp 300w, https:\/\/www.sarkis.fr\/wp-content\/uploads\/2009\/05\/1999-ISKORPIT-Badisher-Kunstverein-Karlsruhe--1030x670.webp 1030w, https:\/\/www.sarkis.fr\/wp-content\/uploads\/2009\/05\/1999-ISKORPIT-Badisher-Kunstverein-Karlsruhe--768x499.webp 768w\" sizes=\"auto, (max-width: 1200px) 100vw, 1200px\" \/>                                                        <figcaption>\n                                <div class=\"title-wrapper\">\n                                    <h3>ISKORPIT<\/h3>\n                                    <p class=\"afg-metadata\">\n\t\t\t<span class=\"place\">Badisher Kunstverein, Karlsruhe<\/span>\t\t<span class=\"dates\">29 Apr &#8211; 6 Jun 1999<\/span><\/p>\n                                <\/div>\n                                <div class=\"post-link\">\n                                    <p class=\"link\"><a href=\"https:\/\/www.sarkis.fr\/en\/1999\/iskorpit\/\" title=\"ISKORPIT\">See exhibition page<\/a><\/p>\n                                    <p class=\"afg-metadatas\">No more image<\/p>\n                                <\/div>\n                            <\/figcaption>\n                                           <\/figure>\n                                    <figure class=\"swiper-slide\" data-post-id=\"post-3456\">\n                                                                                    <img loading=\"lazy\" decoding=\"async\" width=\"1200\" height=\"779\" src=\"https:\/\/www.sarkis.fr\/wp-content\/uploads\/2009\/05\/1999-dapres-et-apres-Musee-dAfrique-et-Oceanie-Paris-.webp\" class=\"attachment-full size-full\" alt=\"\" srcset=\"https:\/\/www.sarkis.fr\/wp-content\/uploads\/2009\/05\/1999-dapres-et-apres-Musee-dAfrique-et-Oceanie-Paris-.webp 1200w, https:\/\/www.sarkis.fr\/wp-content\/uploads\/2009\/05\/1999-dapres-et-apres-Musee-dAfrique-et-Oceanie-Paris--300x195.webp 300w, https:\/\/www.sarkis.fr\/wp-content\/uploads\/2009\/05\/1999-dapres-et-apres-Musee-dAfrique-et-Oceanie-Paris--1030x669.webp 1030w, https:\/\/www.sarkis.fr\/wp-content\/uploads\/2009\/05\/1999-dapres-et-apres-Musee-dAfrique-et-Oceanie-Paris--768x499.webp 768w\" sizes=\"auto, (max-width: 1200px) 100vw, 1200px\" \/>                                                        <figcaption>\n                                <div class=\"title-wrapper\">\n                                    <h3>d\u2019apr\u00e8s et apr\u00e8s<\/h3>\n                                    <p class=\"afg-metadata\">\n\t\t\t<span class=\"place\">Mus\u00e9e d\u2019Afrique et Oc\u00e9anie, Paris<\/span>\t\t<span class=\"dates\">16 Apr 1999<\/span><\/p>\n\t<p class=\"afg-title-notes\">\n\t\tde 18h \u00e0 20h\t<\/p>\t\n                                <\/div>\n                                <div class=\"post-link\">\n                                    <p class=\"link\"><a href=\"https:\/\/www.sarkis.fr\/en\/1999\/dapres-et-apres\/\" title=\"d\u2019apr\u00e8s et apr\u00e8s\">See exhibition page<\/a><\/p>\n                                    <p class=\"afg-metadatas\">No more image<\/p>\n                                <\/div>\n                            <\/figcaption>\n                                           <\/figure>\n                                    <figure class=\"swiper-slide\" data-post-id=\"post-3458\">\n                                                                                    <img loading=\"lazy\" decoding=\"async\" width=\"1200\" height=\"778\" src=\"https:\/\/www.sarkis.fr\/wp-content\/uploads\/2009\/05\/1999-La-Voix-Le-Fresnoy-Tourcoing-.webp\" class=\"attachment-full size-full\" alt=\"\" srcset=\"https:\/\/www.sarkis.fr\/wp-content\/uploads\/2009\/05\/1999-La-Voix-Le-Fresnoy-Tourcoing-.webp 1200w, https:\/\/www.sarkis.fr\/wp-content\/uploads\/2009\/05\/1999-La-Voix-Le-Fresnoy-Tourcoing--300x195.webp 300w, https:\/\/www.sarkis.fr\/wp-content\/uploads\/2009\/05\/1999-La-Voix-Le-Fresnoy-Tourcoing--1030x668.webp 1030w, https:\/\/www.sarkis.fr\/wp-content\/uploads\/2009\/05\/1999-La-Voix-Le-Fresnoy-Tourcoing--768x498.webp 768w\" sizes=\"auto, (max-width: 1200px) 100vw, 1200px\" \/>                                                        <figcaption>\n                                <div class=\"title-wrapper\">\n                                    <h3>La Voix<\/h3>\n                                    <p class=\"afg-metadata\">\n\t\t\t<span class=\"place\">Le Fresnoy, Tourcoing<\/span>\t\t<span class=\"dates\">27 Feb &#8211; 11 Apr 1999<\/span><\/p>\n                                <\/div>\n                                <div class=\"post-link\">\n                                    <p class=\"link\"><a href=\"https:\/\/www.sarkis.fr\/en\/1999\/la-voix\/\" title=\"La Voix\">See exhibition page<\/a><\/p>\n                                    <p class=\"afg-metadatas\">No more image<\/p>\n                                <\/div>\n                            <\/figcaption>\n                                           <\/figure>\n                                    <figure class=\"swiper-slide\" data-post-id=\"post-302\">\n                                                                                    <img loading=\"lazy\" decoding=\"async\" width=\"800\" height=\"492\" src=\"https:\/\/www.sarkis.fr\/wp-content\/uploads\/2009\/06\/Sarkis_1999-gal-Arlogos.jpg\" class=\"attachment-full size-full\" alt=\"Sarkis_1999-gal-Arlogos\" srcset=\"https:\/\/www.sarkis.fr\/wp-content\/uploads\/2009\/06\/Sarkis_1999-gal-Arlogos.jpg 800w, https:\/\/www.sarkis.fr\/wp-content\/uploads\/2009\/06\/Sarkis_1999-gal-Arlogos-300x185.jpg 300w\" sizes=\"auto, (max-width: 800px) 100vw, 800px\" \/>                                                        <figcaption>\n                                <div class=\"title-wrapper\">\n                                    <h3>\u00c0 la limite du silence<\/h3>\n                                    <p class=\"afg-metadata\">\n\t\t\t<span class=\"place\">Galerie Arlogos, Paris<\/span>\t\t<span class=\"dates\">16 Jan &#8211; 6 Mar 1999<\/span><span class=\"solo\">Solo<\/span><\/p>\n                                <\/div>\n                                <div class=\"post-link\">\n                                    <p class=\"link\"><a href=\"https:\/\/www.sarkis.fr\/en\/1999\/a-la-limite-du-silence\/\" title=\"\u00c0 la limite du silence\">See exhibition page<\/a><\/p>\n                                    <p class=\"afg-metadatas\">1 more image<\/p>\n                                <\/div>\n                            <\/figcaption>\n                                           <\/figure>\n                                    <figure class=\"swiper-slide\" data-post-id=\"post-3460\">\n                                                                                    <img loading=\"lazy\" decoding=\"async\" width=\"1200\" height=\"801\" src=\"https:\/\/www.sarkis.fr\/wp-content\/uploads\/2009\/05\/1998-50-especes-despaces-MAC-et-la-Vieille-Charite-Marseille-.webp\" class=\"attachment-full size-full\" alt=\"\" srcset=\"https:\/\/www.sarkis.fr\/wp-content\/uploads\/2009\/05\/1998-50-especes-despaces-MAC-et-la-Vieille-Charite-Marseille-.webp 1200w, https:\/\/www.sarkis.fr\/wp-content\/uploads\/2009\/05\/1998-50-especes-despaces-MAC-et-la-Vieille-Charite-Marseille--300x200.webp 300w, https:\/\/www.sarkis.fr\/wp-content\/uploads\/2009\/05\/1998-50-especes-despaces-MAC-et-la-Vieille-Charite-Marseille--1030x688.webp 1030w, https:\/\/www.sarkis.fr\/wp-content\/uploads\/2009\/05\/1998-50-especes-despaces-MAC-et-la-Vieille-Charite-Marseille--768x513.webp 768w\" sizes=\"auto, (max-width: 1200px) 100vw, 1200px\" \/>                                                        <figcaption>\n                                <div class=\"title-wrapper\">\n                                    <h3>50 esp\u00e8ces d\u2019espaces<\/h3>\n                                    <p class=\"afg-metadata\">\n\t\t\t<span class=\"place\">MAC et la Vieille Charit\u00e9, Marseille<\/span>\t\t<span class=\"dates\">27 Nov 1998 &#8211; 30 May 1999<\/span><\/p>\n                                <\/div>\n                                <div class=\"post-link\">\n                                    <p class=\"link\"><a href=\"https:\/\/www.sarkis.fr\/en\/1998\/50-especes-despaces\/\" title=\"50 esp\u00e8ces d\u2019espaces\">See exhibition page<\/a><\/p>\n                                    <p class=\"afg-metadatas\">No more image<\/p>\n                                <\/div>\n                            <\/figcaption>\n                                           <\/figure>\n                                    <figure class=\"swiper-slide\" data-post-id=\"post-3462\">\n                                                                                    <img loading=\"lazy\" decoding=\"async\" width=\"1200\" height=\"825\" src=\"https:\/\/www.sarkis.fr\/wp-content\/uploads\/2009\/05\/1998-Ma-chambre-de-la-rue-Krutenau-en-Satellite-la-7eme-interpretation-Musee-dArt-Moderne-et-Contemporain-de-Strasbourg-.webp\" class=\"attachment-full size-full\" alt=\"\" srcset=\"https:\/\/www.sarkis.fr\/wp-content\/uploads\/2009\/05\/1998-Ma-chambre-de-la-rue-Krutenau-en-Satellite-la-7eme-interpretation-Musee-dArt-Moderne-et-Contemporain-de-Strasbourg-.webp 1200w, https:\/\/www.sarkis.fr\/wp-content\/uploads\/2009\/05\/1998-Ma-chambre-de-la-rue-Krutenau-en-Satellite-la-7eme-interpretation-Musee-dArt-Moderne-et-Contemporain-de-Strasbourg--300x206.webp 300w, https:\/\/www.sarkis.fr\/wp-content\/uploads\/2009\/05\/1998-Ma-chambre-de-la-rue-Krutenau-en-Satellite-la-7eme-interpretation-Musee-dArt-Moderne-et-Contemporain-de-Strasbourg--1030x708.webp 1030w, https:\/\/www.sarkis.fr\/wp-content\/uploads\/2009\/05\/1998-Ma-chambre-de-la-rue-Krutenau-en-Satellite-la-7eme-interpretation-Musee-dArt-Moderne-et-Contemporain-de-Strasbourg--768x528.webp 768w\" sizes=\"auto, (max-width: 1200px) 100vw, 1200px\" \/>                                                        <figcaption>\n                                <div class=\"title-wrapper\">\n                                    <h3>Ma Chambre de la rue Krutenau en Satellite, (La 7\u00e8me Int\u00e9rpr\u00e9tation)<\/h3>\n                                    <p class=\"afg-metadata\">\n\t\t\t<span class=\"place\">Mus\u00e9e d\u2019Art Moderne et Contemporain, Strasbourg<\/span>\t\t<span class=\"dates\">6 Nov 1998<\/span><\/p>\n                                <\/div>\n                                <div class=\"post-link\">\n                                    <p class=\"link\"><a href=\"https:\/\/www.sarkis.fr\/en\/1998\/ma-chambre-de-la-rue-krutenau-en-satellite-la-7eme-interpretation\/\" title=\"Ma Chambre de la rue Krutenau en Satellite, (La 7\u00e8me Int\u00e9rpr\u00e9tation)\">See exhibition page<\/a><\/p>\n                                    <p class=\"afg-metadatas\">No more image<\/p>\n                                <\/div>\n                            <\/figcaption>\n                                           <\/figure>\n                                    <figure class=\"swiper-slide\" data-post-id=\"post-306\">\n                                                                                    <img loading=\"lazy\" decoding=\"async\" width=\"800\" height=\"532\" src=\"https:\/\/www.sarkis.fr\/wp-content\/uploads\/2009\/06\/Sarkis_1999-Nordland.jpg\" class=\"attachment-full size-full\" alt=\"Sarkis_1999-Nordland\" srcset=\"https:\/\/www.sarkis.fr\/wp-content\/uploads\/2009\/06\/Sarkis_1999-Nordland.jpg 800w, https:\/\/www.sarkis.fr\/wp-content\/uploads\/2009\/06\/Sarkis_1999-Nordland-300x200.jpg 300w\" sizes=\"auto, (max-width: 800px) 100vw, 800px\" \/>                                                        <figcaption>\n                                <div class=\"title-wrapper\">\n                                    <h3>Nights and Days<\/h3>\n                                    <p class=\"afg-metadata\">\n\t\t\t<span class=\"place\">Storkmarknes, Hadsel Kommune, Nordland<\/span>\t\t<span class=\"dates\">4 Sep 1998<\/span><span class=\"solo\">Solo<\/span><\/p>\n\t<p class=\"afg-title-notes\">\n\t\tPublic sculpture\t<\/p>\t\n                                <\/div>\n                                <div class=\"post-link\">\n                                    <p class=\"link\"><a href=\"https:\/\/www.sarkis.fr\/en\/1998\/nights-and-days\/\" title=\"Nights and Days\">See exhibition page<\/a><\/p>\n                                    <p class=\"afg-metadatas\">No more image<\/p>\n                                <\/div>\n                            <\/figcaption>\n                                           <\/figure>\n                                    <figure class=\"swiper-slide\" data-post-id=\"post-300\">\n                                                                                    <img loading=\"lazy\" decoding=\"async\" width=\"526\" height=\"800\" src=\"https:\/\/www.sarkis.fr\/wp-content\/uploads\/2009\/06\/Sarkis_1998-Pourtales-Strasbourg.jpg\" class=\"attachment-full size-full\" alt=\"Sarkis_1998-Pourtales-Strasbourg\" srcset=\"https:\/\/www.sarkis.fr\/wp-content\/uploads\/2009\/06\/Sarkis_1998-Pourtales-Strasbourg.jpg 526w, https:\/\/www.sarkis.fr\/wp-content\/uploads\/2009\/06\/Sarkis_1998-Pourtales-Strasbourg-197x300.jpg 197w\" sizes=\"auto, (max-width: 526px) 100vw, 526px\" \/>                                                        <figcaption>\n                                <div class=\"title-wrapper\">\n                                    <h3>Pr\u00e8s de l&#8217;arbre br\u00fbl\u00e9 (\u00e0 Matthias Gr\u00fcnewald)<\/h3>\n                                    <p class=\"afg-metadata\">\n\t\t\t<span class=\"place\">Parc de Pourtal\u00e8s, Strasbourg<\/span>\t\t<span class=\"dates\">19 Jun 1998<\/span><span class=\"solo\">Solo<\/span><\/p>\n\t<p class=\"afg-title-notes\">\n\t\tInstallation publique\t<\/p>\t\n                                <\/div>\n                                <div class=\"post-link\">\n                                    <p class=\"link\"><a href=\"https:\/\/www.sarkis.fr\/en\/1998\/pres-de-l-arbre-brule-a-matthias-gruenewald\/\" title=\"Pr\u00e8s de l&#8217;arbre br\u00fbl\u00e9 (\u00e0 Matthias Gr\u00fcnewald)\">See exhibition page<\/a><\/p>\n                                    <p class=\"afg-metadatas\">No more image<\/p>\n                                <\/div>\n                            <\/figcaption>\n                                           <\/figure>\n                                    <figure class=\"swiper-slide\" data-post-id=\"post-296\">\n                                                                                    <img loading=\"lazy\" decoding=\"async\" width=\"800\" height=\"529\" src=\"https:\/\/www.sarkis.fr\/wp-content\/uploads\/2009\/06\/Sarkis_1998-Lyon-Musique-en-scne.jpg\" class=\"attachment-full size-full\" alt=\"Sarkis_1998-Lyon-Musique-en-scne\" srcset=\"https:\/\/www.sarkis.fr\/wp-content\/uploads\/2009\/06\/Sarkis_1998-Lyon-Musique-en-scne.jpg 800w, https:\/\/www.sarkis.fr\/wp-content\/uploads\/2009\/06\/Sarkis_1998-Lyon-Musique-en-scne-300x198.jpg 300w\" sizes=\"auto, (max-width: 800px) 100vw, 800px\" \/>                                                        <figcaption>\n                                <div class=\"title-wrapper\">\n                                    <h3>Au commencement, le son des 4 lumi\u00e8res, \u00e0 l&#8217;arriv\u00e9e<\/h3>\n                                    <p class=\"afg-metadata\">\n\t\t\t<span class=\"place\">Mus\u00e9e d&#039;Art Contemporain, Lyon<\/span>\t\t<span class=\"dates\">4 Mar &#8211; 12 May 1998<\/span><\/p>\n\t<p class=\"afg-title-notes\">\n\t\tExposition &#8220;Musiques en Sc\u00e8ne&#8221;\t<\/p>\t\n                                <\/div>\n                                <div class=\"post-link\">\n                                    <p class=\"link\"><a href=\"https:\/\/www.sarkis.fr\/en\/1998\/au-commencement-le-son-des-4-lumieres-a-larrivee\/\" title=\"Au commencement, le son des 4 lumi\u00e8res, \u00e0 l&#8217;arriv\u00e9e\">See exhibition page<\/a><\/p>\n                                    <p class=\"afg-metadatas\">1 more image<\/p>\n                                <\/div>\n                            <\/figcaption>\n                                           <\/figure>\n                                    <figure class=\"swiper-slide\" data-post-id=\"post-294\">\n                                                                                    <img loading=\"lazy\" decoding=\"async\" width=\"800\" height=\"509\" src=\"https:\/\/www.sarkis.fr\/wp-content\/uploads\/2009\/06\/Sarkis_1998-_30.8.19970_-pendant-_Ainsi-de-suite_-C.A.C.SteCC8C.jpg\" class=\"attachment-full size-full\" alt=\"Sarkis_1998-_30.8.19970_-pendant-_Ainsi-de-suite_-C.A.C.SteCC8C\" srcset=\"https:\/\/www.sarkis.fr\/wp-content\/uploads\/2009\/06\/Sarkis_1998-_30.8.19970_-pendant-_Ainsi-de-suite_-C.A.C.SteCC8C.jpg 800w, https:\/\/www.sarkis.fr\/wp-content\/uploads\/2009\/06\/Sarkis_1998-_30.8.19970_-pendant-_Ainsi-de-suite_-C.A.C.SteCC8C-300x191.jpg 300w\" sizes=\"auto, (max-width: 800px) 100vw, 800px\" \/>                                                        <figcaption>\n                                <div class=\"title-wrapper\">\n                                    <h3>Au commencement, le son du silence<\/h3>\n                                    <p class=\"afg-metadata\">\n\t\t\t<span class=\"place\">Centre R\u00e9gional d&#039;Art Contemporain, S\u00e8te<\/span>\t\t<span class=\"dates\">14 Feb &#8211; 15 Jun 1998<\/span><\/p>\n\t<p class=\"afg-title-notes\">\n\t\tDans l&#8217;exposition &#8220;Ainsi de suite 2&#8221;\t<\/p>\t\n                                <\/div>\n                                <div class=\"post-link\">\n                                    <p class=\"link\"><a href=\"https:\/\/www.sarkis.fr\/en\/1998\/au-commencement-le-son-du-silence\/\" title=\"Au commencement, le son du silence\">See exhibition page<\/a><\/p>\n                                    <p class=\"afg-metadatas\">No more image<\/p>\n                                <\/div>\n                            <\/figcaption>\n                                           <\/figure>\n                                    <figure class=\"swiper-slide\" data-post-id=\"post-298\">\n                                                                                    <img loading=\"lazy\" decoding=\"async\" width=\"515\" height=\"800\" src=\"https:\/\/www.sarkis.fr\/wp-content\/uploads\/2009\/06\/Sarkis_1998-Odense.jpg\" class=\"attachment-full size-full\" alt=\"Sarkis_1998-Odense\" srcset=\"https:\/\/www.sarkis.fr\/wp-content\/uploads\/2009\/06\/Sarkis_1998-Odense.jpg 515w, https:\/\/www.sarkis.fr\/wp-content\/uploads\/2009\/06\/Sarkis_1998-Odense-193x300.jpg 193w\" sizes=\"auto, (max-width: 515px) 100vw, 515px\" \/>                                                        <figcaption>\n                                <div class=\"title-wrapper\">\n                                    <h3>Tapko-Sunday morningwalk<\/h3>\n                                    <p class=\"afg-metadata\">\n\t\t\t<span class=\"place\">Kunsthallen Brandts Klaedefabrik, Odense<\/span>\t\t<span class=\"dates\">7 Feb &#8211; 13 Apr 1998<\/span><\/p>\n                                <\/div>\n                                <div class=\"post-link\">\n                                    <p class=\"link\"><a href=\"https:\/\/www.sarkis.fr\/en\/1998\/tapko-sunday-morningwalk\/\" title=\"Tapko-Sunday morningwalk\">See exhibition page<\/a><\/p>\n                                    <p class=\"afg-metadatas\">No more image<\/p>\n                                <\/div>\n                            <\/figcaption>\n                                           <\/figure>\n                                    <figure class=\"swiper-slide\" data-post-id=\"post-290\">\n                                                                                    <img loading=\"lazy\" decoding=\"async\" width=\"549\" height=\"800\" src=\"https:\/\/www.sarkis.fr\/wp-content\/uploads\/2009\/06\/Sarkis_1997-Roman-Cemetery-Honolulu.jpg\" class=\"attachment-full size-full\" alt=\"Sarkis_1997-Roman-Cemetery-Honolulu\" srcset=\"https:\/\/www.sarkis.fr\/wp-content\/uploads\/2009\/06\/Sarkis_1997-Roman-Cemetery-Honolulu.jpg 549w, https:\/\/www.sarkis.fr\/wp-content\/uploads\/2009\/06\/Sarkis_1997-Roman-Cemetery-Honolulu-206x300.jpg 206w\" sizes=\"auto, (max-width: 549px) 100vw, 549px\" \/>                                                        <figcaption>\n                                <div class=\"title-wrapper\">\n                                    <h3>here the night is immense<\/h3>\n                                    <p class=\"afg-metadata\">\n\t\t\t<span class=\"place\">Roman Mission Cemetery, Honolulu<\/span>\t\t<span class=\"dates\">5 Oct &#8211; 31 Oct 1997<\/span><span class=\"solo\">Solo<\/span><\/p>\n                                <\/div>\n                                <div class=\"post-link\">\n                                    <p class=\"link\"><a href=\"https:\/\/www.sarkis.fr\/en\/1997\/here-the-night-is-immense\/\" title=\"here the night is immense\">See exhibition page<\/a><\/p>\n                                    <p class=\"afg-metadatas\">No more image<\/p>\n                                <\/div>\n                            <\/figcaption>\n                                           <\/figure>\n                                    <figure class=\"swiper-slide\" data-post-id=\"post-286\">\n                                                                                    <img loading=\"lazy\" decoding=\"async\" width=\"509\" height=\"800\" src=\"https:\/\/www.sarkis.fr\/wp-content\/uploads\/2009\/06\/Sarkis_1997-City-Hall-Honolulu.jpg\" class=\"attachment-full size-full\" alt=\"Sarkis_1997-City-Hall-Honolulu\" srcset=\"https:\/\/www.sarkis.fr\/wp-content\/uploads\/2009\/06\/Sarkis_1997-City-Hall-Honolulu.jpg 509w, https:\/\/www.sarkis.fr\/wp-content\/uploads\/2009\/06\/Sarkis_1997-City-Hall-Honolulu-191x300.jpg 191w\" sizes=\"auto, (max-width: 509px) 100vw, 509px\" \/>                                                        <figcaption>\n                                <div class=\"title-wrapper\">\n                                    <h3>here the light is immense<\/h3>\n                                    <p class=\"afg-metadata\">\n\t\t\t<span class=\"place\">Honolulu Hale(City Hall), Honolulu<\/span>\t\t<span class=\"dates\">5 Oct &#8211; 31 Oct 1997<\/span><span class=\"solo\">Solo<\/span><\/p>\n                                <\/div>\n                                <div class=\"post-link\">\n                                    <p class=\"link\"><a href=\"https:\/\/www.sarkis.fr\/en\/1997\/here-the-light-is-immense\/\" title=\"here the light is immense\">See exhibition page<\/a><\/p>\n                                    <p class=\"afg-metadatas\">1 more image<\/p>\n                                <\/div>\n                            <\/figcaption>\n                                           <\/figure>\n                                    <figure class=\"swiper-slide\" data-post-id=\"post-292\">\n                                                                                    <img loading=\"lazy\" decoding=\"async\" width=\"800\" height=\"517\" src=\"https:\/\/www.sarkis.fr\/wp-content\/uploads\/2009\/06\/Sarkis_1997-Tilburg.jpg\" class=\"attachment-full size-full\" alt=\"Sarkis_1997-Tilburg\" srcset=\"https:\/\/www.sarkis.fr\/wp-content\/uploads\/2009\/06\/Sarkis_1997-Tilburg.jpg 800w, https:\/\/www.sarkis.fr\/wp-content\/uploads\/2009\/06\/Sarkis_1997-Tilburg-300x194.jpg 300w\" sizes=\"auto, (max-width: 800px) 100vw, 800px\" \/>                                                        <figcaption>\n                                <div class=\"title-wrapper\">\n                                    <h3>FAXXX 19970<\/h3>\n                                    <p class=\"afg-metadata\">\n\t\t\t<span class=\"place\">FAXX podium voor Hedendaagse Kunst, Tilburg<\/span>\t\t<span class=\"dates\">23 Mar &#8211; 11 May 1997<\/span><span class=\"solo\">Solo<\/span><\/p>\n                                <\/div>\n                                <div class=\"post-link\">\n                                    <p class=\"link\"><a href=\"https:\/\/www.sarkis.fr\/en\/1997\/faxxx-19970\/\" title=\"FAXXX 19970\">See exhibition page<\/a><\/p>\n                                    <p class=\"afg-metadatas\">No more image<\/p>\n                                <\/div>\n                            <\/figcaption>\n                                           <\/figure>\n                                    <figure class=\"swiper-slide\" data-post-id=\"post-288\">\n                                                                                    <img loading=\"lazy\" decoding=\"async\" width=\"506\" height=\"755\" src=\"https:\/\/www.sarkis.fr\/wp-content\/uploads\/2009\/06\/sarkis-1997-au-commencement-le-son-de-la-lumiere-a-l-arrivee.jpg\" class=\"attachment-full size-full\" alt=\"sarkis-1997-au-commencement-le-son-de-la-lumiere-a-l-arrivee\" srcset=\"https:\/\/www.sarkis.fr\/wp-content\/uploads\/2009\/06\/sarkis-1997-au-commencement-le-son-de-la-lumiere-a-l-arrivee.jpg 506w, https:\/\/www.sarkis.fr\/wp-content\/uploads\/2009\/06\/sarkis-1997-au-commencement-le-son-de-la-lumiere-a-l-arrivee-201x300.jpg 201w\" sizes=\"auto, (max-width: 506px) 100vw, 506px\" \/>                                                        <figcaption>\n                                <div class=\"title-wrapper\">\n                                    <h3>AU COMMENCEMENT, LE SON DE LA LUMIERE, A L&#8217;ARRIVEE<\/h3>\n                                    <p class=\"afg-metadata\">\n\t\t\t<span class=\"place\">Mus\u00e9e des Beaux-Arts, Nantes<\/span>\t\t<span class=\"dates\">8 Mar &#8211; 19 May 1997<\/span><span class=\"solo\">Solo<\/span><\/p>\n                                <\/div>\n                                <div class=\"post-link\">\n                                    <p class=\"link\"><a href=\"https:\/\/www.sarkis.fr\/en\/1997\/au-commencement-le-son-de-la-lumiere-a-larrivee\/\" title=\"AU COMMENCEMENT, LE SON DE LA LUMIERE, A L&#8217;ARRIVEE\">See exhibition page<\/a><\/p>\n                                    <p class=\"afg-metadatas\">1 more image<\/p>\n                                <\/div>\n                            <\/figcaption>\n                                           <\/figure>\n                                    <figure class=\"swiper-slide\" data-post-id=\"post-3479\">\n                                                                                    <img loading=\"lazy\" decoding=\"async\" width=\"1200\" height=\"797\" src=\"https:\/\/www.sarkis.fr\/wp-content\/uploads\/2022\/07\/1997-Froid-au-dos-Nantes.webp\" class=\"attachment-full size-full\" alt=\"\" srcset=\"https:\/\/www.sarkis.fr\/wp-content\/uploads\/2022\/07\/1997-Froid-au-dos-Nantes.webp 1200w, https:\/\/www.sarkis.fr\/wp-content\/uploads\/2022\/07\/1997-Froid-au-dos-Nantes-300x199.webp 300w, https:\/\/www.sarkis.fr\/wp-content\/uploads\/2022\/07\/1997-Froid-au-dos-Nantes-1030x684.webp 1030w, https:\/\/www.sarkis.fr\/wp-content\/uploads\/2022\/07\/1997-Froid-au-dos-Nantes-768x510.webp 768w\" sizes=\"auto, (max-width: 1200px) 100vw, 1200px\" \/>                                                        <figcaption>\n                                <div class=\"title-wrapper\">\n                                    <h3>FROID AU DOS<\/h3>\n                                    <p class=\"afg-metadata\">\n\t\t\t<span class=\"place\">FRAC des pays de la Loire,Nantes,<\/span>\t\t<span class=\"dates\">March &#8211; April 1997<\/span><span class=\"solo\">Solo<\/span><\/p>\n                                <\/div>\n                                <div class=\"post-link\">\n                                    <p class=\"link\"><a href=\"https:\/\/www.sarkis.fr\/en\/1997\/froid-au-dos\/\" title=\"FROID AU DOS\">See exhibition page<\/a><\/p>\n                                    <p class=\"afg-metadatas\">No more image<\/p>\n                                <\/div>\n                            <\/figcaption>\n                                           <\/figure>\n                                    <figure class=\"swiper-slide\" data-post-id=\"post-3481\">\n                                                                                    <img loading=\"lazy\" decoding=\"async\" width=\"1200\" height=\"794\" src=\"https:\/\/www.sarkis.fr\/wp-content\/uploads\/2022\/07\/1997-Parisiennes-.webp\" class=\"attachment-full size-full\" alt=\"\" srcset=\"https:\/\/www.sarkis.fr\/wp-content\/uploads\/2022\/07\/1997-Parisiennes-.webp 1200w, https:\/\/www.sarkis.fr\/wp-content\/uploads\/2022\/07\/1997-Parisiennes--300x199.webp 300w, https:\/\/www.sarkis.fr\/wp-content\/uploads\/2022\/07\/1997-Parisiennes--1030x682.webp 1030w, https:\/\/www.sarkis.fr\/wp-content\/uploads\/2022\/07\/1997-Parisiennes--768x508.webp 768w\" sizes=\"auto, (max-width: 1200px) 100vw, 1200px\" \/>                                                        <figcaption>\n                                <div class=\"title-wrapper\">\n                                    <h3>PARISIEN(NE)S<\/h3>\n                                    <p class=\"afg-metadata\">\n\t\t\t<span class=\"place\">Camden Arts Centre, Londres<\/span>\t\t<span class=\"dates\">6 Feb &#8211; 23 Mar 1997<\/span><\/p>\n                                <\/div>\n                                <div class=\"post-link\">\n                                    <p class=\"link\"><a href=\"https:\/\/www.sarkis.fr\/en\/1997\/parisiennes\/\" title=\"PARISIEN(NE)S\">See exhibition page<\/a><\/p>\n                                    <p class=\"afg-metadatas\">2 more images<\/p>\n                                <\/div>\n                            <\/figcaption>\n                                           <\/figure>\n                                    <figure class=\"swiper-slide\" data-post-id=\"post-3482\">\n                                                                                    <img loading=\"lazy\" decoding=\"async\" width=\"1200\" height=\"791\" src=\"https:\/\/www.sarkis.fr\/wp-content\/uploads\/2022\/07\/1997-Paysage-Brule.webp\" class=\"attachment-full size-full\" alt=\"\" srcset=\"https:\/\/www.sarkis.fr\/wp-content\/uploads\/2022\/07\/1997-Paysage-Brule.webp 1200w, https:\/\/www.sarkis.fr\/wp-content\/uploads\/2022\/07\/1997-Paysage-Brule-300x198.webp 300w, https:\/\/www.sarkis.fr\/wp-content\/uploads\/2022\/07\/1997-Paysage-Brule-1030x679.webp 1030w, https:\/\/www.sarkis.fr\/wp-content\/uploads\/2022\/07\/1997-Paysage-Brule-768x506.webp 768w\" sizes=\"auto, (max-width: 1200px) 100vw, 1200px\" \/>                                                        <figcaption>\n                                <div class=\"title-wrapper\">\n                                    <h3>PAYSAGE BRULE<\/h3>\n                                    <p class=\"afg-metadata\">\n\t\t\t<span class=\"place\">Galerie Arlogos, Nantes<\/span>\t\t<span class=\"dates\">18 Jan &#8211; 15 Mar 1997<\/span><span class=\"solo\">Solo<\/span><\/p>\n                                <\/div>\n                                <div class=\"post-link\">\n                                    <p class=\"link\"><a href=\"https:\/\/www.sarkis.fr\/en\/1997\/paysage-brule\/\" title=\"PAYSAGE BRULE\">See exhibition page<\/a><\/p>\n                                    <p class=\"afg-metadatas\">No more image<\/p>\n                                <\/div>\n                            <\/figcaption>\n                                           <\/figure>\n                                    <figure class=\"swiper-slide\" data-post-id=\"post-284\">\n                                                                                    <img loading=\"lazy\" decoding=\"async\" width=\"800\" height=\"515\" src=\"https:\/\/www.sarkis.fr\/wp-content\/uploads\/2009\/06\/Sarkis_1996-Gal.-de-Paris.jpg\" class=\"attachment-full size-full\" alt=\"Sarkis_1996-Gal.-de-Paris\" srcset=\"https:\/\/www.sarkis.fr\/wp-content\/uploads\/2009\/06\/Sarkis_1996-Gal.-de-Paris.jpg 800w, https:\/\/www.sarkis.fr\/wp-content\/uploads\/2009\/06\/Sarkis_1996-Gal.-de-Paris-300x193.jpg 300w\" sizes=\"auto, (max-width: 800px) 100vw, 800px\" \/>                                                        <figcaption>\n                                <div class=\"title-wrapper\">\n                                    <h3>Vingt quatre ans apr\u00e8s quelques secondes<\/h3>\n                                    <p class=\"afg-metadata\">\n\t\t\t<span class=\"place\">Galerie de Paris<\/span>\t\t<span class=\"dates\">19 Oct &#8211; 16 Nov 1996<\/span><span class=\"solo\">Solo<\/span><\/p>\n                                <\/div>\n                                <div class=\"post-link\">\n                                    <p class=\"link\"><a href=\"https:\/\/www.sarkis.fr\/en\/1996\/vingt-quatre-ans-apres-quelques-secondes\/\" title=\"Vingt quatre ans apr\u00e8s quelques secondes\">See exhibition page<\/a><\/p>\n                                    <p class=\"afg-metadatas\">No more image<\/p>\n                                <\/div>\n                            <\/figcaption>\n                                           <\/figure>\n                                    <figure class=\"swiper-slide\" data-post-id=\"post-10354\">\n                                                                                    <img loading=\"lazy\" decoding=\"async\" width=\"1160\" height=\"910\" src=\"https:\/\/www.sarkis.fr\/wp-content\/uploads\/2022\/07\/1996-Memento-Metropolis-.webp\" class=\"attachment-full size-full\" alt=\"\" srcset=\"https:\/\/www.sarkis.fr\/wp-content\/uploads\/2022\/07\/1996-Memento-Metropolis-.webp 1160w, https:\/\/www.sarkis.fr\/wp-content\/uploads\/2022\/07\/1996-Memento-Metropolis--300x235.webp 300w, https:\/\/www.sarkis.fr\/wp-content\/uploads\/2022\/07\/1996-Memento-Metropolis--1030x808.webp 1030w, https:\/\/www.sarkis.fr\/wp-content\/uploads\/2022\/07\/1996-Memento-Metropolis--768x602.webp 768w\" sizes=\"auto, (max-width: 1160px) 100vw, 1160px\" \/>                                                        <figcaption>\n                                <div class=\"title-wrapper\">\n                                    <h3>Memento Metropolis<\/h3>\n                                    <p class=\"afg-metadata\">\n\t\t\t<span class=\"place\">Turbinehallen, Copenhague<\/span>\t\t<span class=\"dates\">17 Oct &#8211; 15 Dec 1996<\/span><\/p>\n                                <\/div>\n                                <div class=\"post-link\">\n                                    <p class=\"link\"><a href=\"https:\/\/www.sarkis.fr\/en\/1996\/memento-metropolis-3\/\" title=\"Memento Metropolis\">See exhibition page<\/a><\/p>\n                                    <p class=\"afg-metadatas\">1 more image<\/p>\n                                <\/div>\n                            <\/figcaption>\n                                           <\/figure>\n                                    <figure class=\"swiper-slide\" data-post-id=\"post-280\">\n                                                                                    <img loading=\"lazy\" decoding=\"async\" width=\"532\" height=\"800\" src=\"https:\/\/www.sarkis.fr\/wp-content\/uploads\/2009\/06\/sarkis-1996-geistersblitz.jpg\" class=\"attachment-full size-full\" alt=\"\" srcset=\"https:\/\/www.sarkis.fr\/wp-content\/uploads\/2009\/06\/sarkis-1996-geistersblitz.jpg 532w, https:\/\/www.sarkis.fr\/wp-content\/uploads\/2009\/06\/sarkis-1996-geistersblitz-200x300.jpg 200w\" sizes=\"auto, (max-width: 532px) 100vw, 532px\" \/>                                                        <figcaption>\n                                <div class=\"title-wrapper\">\n                                    <h3>Geistersblitz<\/h3>\n                                    <p class=\"afg-metadata\">\n\t\t\t<span class=\"place\">Akademie der K\u00fcnste, Berlin<\/span>\t\t<span class=\"dates\">19 Sep &#8211; 20 Oct 1996<\/span><span class=\"solo\">Solo<\/span><\/p>\n                                <\/div>\n                                <div class=\"post-link\">\n                                    <p class=\"link\"><a href=\"https:\/\/www.sarkis.fr\/en\/1996\/geistersblitz\/\" title=\"Geistersblitz\">See exhibition page<\/a><\/p>\n                                    <p class=\"afg-metadatas\">No more image<\/p>\n                                <\/div>\n                            <\/figcaption>\n                                           <\/figure>\n                                    <figure class=\"swiper-slide\" data-post-id=\"post-3492\">\n                                                                                    <img loading=\"lazy\" decoding=\"async\" width=\"1200\" height=\"746\" src=\"https:\/\/www.sarkis.fr\/wp-content\/uploads\/2022\/07\/1996-Atelier-Jerusalem.webp\" class=\"attachment-full size-full\" alt=\"\" srcset=\"https:\/\/www.sarkis.fr\/wp-content\/uploads\/2022\/07\/1996-Atelier-Jerusalem.webp 1200w, https:\/\/www.sarkis.fr\/wp-content\/uploads\/2022\/07\/1996-Atelier-Jerusalem-300x187.webp 300w, https:\/\/www.sarkis.fr\/wp-content\/uploads\/2022\/07\/1996-Atelier-Jerusalem-1030x640.webp 1030w, https:\/\/www.sarkis.fr\/wp-content\/uploads\/2022\/07\/1996-Atelier-Jerusalem-768x477.webp 768w\" sizes=\"auto, (max-width: 1200px) 100vw, 1200px\" \/>                                                        <figcaption>\n                                <div class=\"title-wrapper\">\n                                    <h3>Marks, Abu Tor<\/h3>\n                                    <p class=\"afg-metadata\">\n\t\t\t<span class=\"place\">Jerusalem<\/span>\t\t<span class=\"dates\">6 Jun &#8211; 6 Sep 1996<\/span><\/p>\n\t<p class=\"afg-title-notes\">\n\t\tOrganis\u00e9 par The Isra\u00ebl Museum\t<\/p>\t\n                                <\/div>\n                                <div class=\"post-link\">\n                                    <p class=\"link\"><a href=\"https:\/\/www.sarkis.fr\/en\/1996\/marks-abu-tor\/\" title=\"Marks, Abu Tor\">See exhibition page<\/a><\/p>\n                                    <p class=\"afg-metadatas\">1 more image<\/p>\n                                <\/div>\n                            <\/figcaption>\n                                           <\/figure>\n                                    <figure class=\"swiper-slide\" data-post-id=\"post-3494\">\n                                                                                    <img loading=\"lazy\" decoding=\"async\" width=\"1200\" height=\"830\" src=\"https:\/\/www.sarkis.fr\/wp-content\/uploads\/2022\/07\/1996-Transflammation.webp\" class=\"attachment-full size-full\" alt=\"\" srcset=\"https:\/\/www.sarkis.fr\/wp-content\/uploads\/2022\/07\/1996-Transflammation.webp 1200w, https:\/\/www.sarkis.fr\/wp-content\/uploads\/2022\/07\/1996-Transflammation-300x208.webp 300w, https:\/\/www.sarkis.fr\/wp-content\/uploads\/2022\/07\/1996-Transflammation-1030x712.webp 1030w, https:\/\/www.sarkis.fr\/wp-content\/uploads\/2022\/07\/1996-Transflammation-768x531.webp 768w\" sizes=\"auto, (max-width: 1200px) 100vw, 1200px\" \/>                                                        <figcaption>\n                                <div class=\"title-wrapper\">\n                                    <h3>Kunsten soger hjem (Art at home)<\/h3>\n                                    <p class=\"afg-metadata\">\n\t\t\t<span class=\"place\">Egeberg, Ballerup, Danemark<\/span>\t\t<span class=\"dates\">24 May &#8211; 27 Jun 1996<\/span><\/p>\n                                <\/div>\n                                <div class=\"post-link\">\n                                    <p class=\"link\"><a href=\"https:\/\/www.sarkis.fr\/en\/1996\/kunsten-soger-hjem-art-at-home\/\" title=\"Kunsten soger hjem (Art at home)\">See exhibition page<\/a><\/p>\n                                    <p class=\"afg-metadatas\">1 more image<\/p>\n                                <\/div>\n                            <\/figcaption>\n                                           <\/figure>\n                                    <figure class=\"swiper-slide\" data-post-id=\"post-282\">\n                                                                                    <img loading=\"lazy\" decoding=\"async\" width=\"800\" height=\"530\" src=\"https:\/\/www.sarkis.fr\/wp-content\/uploads\/2009\/06\/sarkis-1996-3-zones-one.jpg\" class=\"attachment-full size-full\" alt=\"sarkis-1996-3-zones-one\" srcset=\"https:\/\/www.sarkis.fr\/wp-content\/uploads\/2009\/06\/sarkis-1996-3-zones-one.jpg 800w, https:\/\/www.sarkis.fr\/wp-content\/uploads\/2009\/06\/sarkis-1996-3-zones-one-300x199.jpg 300w\" sizes=\"auto, (max-width: 800px) 100vw, 800px\" \/>                                                        <figcaption>\n                                <div class=\"title-wrapper\">\n                                    <h3>3 Zones + One<\/h3>\n                                    <p class=\"afg-metadata\">\n\t\t\t<span class=\"place\">Capp Street Project, San Francisco<\/span>\t\t<span class=\"dates\">8 Mar &#8211; 27 Apr 1996<\/span><span class=\"solo\">Solo<\/span><\/p>\n                                <\/div>\n                                <div class=\"post-link\">\n                                    <p class=\"link\"><a href=\"https:\/\/www.sarkis.fr\/en\/1996\/3-zones-one\/\" title=\"3 Zones + One\">See exhibition page<\/a><\/p>\n                                    <p class=\"afg-metadatas\">No more image<\/p>\n                                <\/div>\n                            <\/figcaption>\n                                           <\/figure>\n                                    <figure class=\"swiper-slide\" data-post-id=\"post-3497\">\n                                                                                    <img loading=\"lazy\" decoding=\"async\" width=\"1067\" height=\"1604\" src=\"https:\/\/www.sarkis.fr\/wp-content\/uploads\/2022\/07\/1996-Sculptures-Obscures_.webp\" class=\"attachment-full size-full\" alt=\"\" srcset=\"https:\/\/www.sarkis.fr\/wp-content\/uploads\/2022\/07\/1996-Sculptures-Obscures_.webp 1067w, https:\/\/www.sarkis.fr\/wp-content\/uploads\/2022\/07\/1996-Sculptures-Obscures_-200x300.webp 200w, https:\/\/www.sarkis.fr\/wp-content\/uploads\/2022\/07\/1996-Sculptures-Obscures_-685x1030.webp 685w, https:\/\/www.sarkis.fr\/wp-content\/uploads\/2022\/07\/1996-Sculptures-Obscures_-768x1155.webp 768w, https:\/\/www.sarkis.fr\/wp-content\/uploads\/2022\/07\/1996-Sculptures-Obscures_-1022x1536.webp 1022w\" sizes=\"auto, (max-width: 1067px) 100vw, 1067px\" \/>                                                        <figcaption>\n                                <div class=\"title-wrapper\">\n                                    <h3>Sculptures obscures 1969-1975 (\u00e0 Aram Iynedjian)<\/h3>\n                                    <p class=\"afg-metadata\">\n\t\t\t<span class=\"place\">MAMAC, Gen\u00e8ve<\/span>\t\t<span class=\"dates\">3 Feb &#8211; 19 May 1996<\/span><\/p>\n                                <\/div>\n                                <div class=\"post-link\">\n                                    <p class=\"link\"><a href=\"https:\/\/www.sarkis.fr\/en\/1996\/sculptures-obscures-1969-1975-a-aram-iynedjian\/\" title=\"Sculptures obscures 1969-1975 (\u00e0 Aram Iynedjian)\">See exhibition page<\/a><\/p>\n                                    <p class=\"afg-metadatas\">2 more images<\/p>\n                                <\/div>\n                            <\/figcaption>\n                                           <\/figure>\n                                    <figure class=\"swiper-slide\" data-post-id=\"post-3500\">\n                                                                                    <img loading=\"lazy\" decoding=\"async\" width=\"1200\" height=\"663\" src=\"https:\/\/www.sarkis.fr\/wp-content\/uploads\/2022\/07\/Mises-en-scenes-Seoul.webp\" class=\"attachment-full size-full\" alt=\"\" srcset=\"https:\/\/www.sarkis.fr\/wp-content\/uploads\/2022\/07\/Mises-en-scenes-Seoul.webp 1200w, https:\/\/www.sarkis.fr\/wp-content\/uploads\/2022\/07\/Mises-en-scenes-Seoul-300x166.webp 300w, https:\/\/www.sarkis.fr\/wp-content\/uploads\/2022\/07\/Mises-en-scenes-Seoul-1030x569.webp 1030w, https:\/\/www.sarkis.fr\/wp-content\/uploads\/2022\/07\/Mises-en-scenes-Seoul-768x424.webp 768w\" sizes=\"auto, (max-width: 1200px) 100vw, 1200px\" \/>                                                        <figcaption>\n                                <div class=\"title-wrapper\">\n                                    <h3>Mises en sc\u00e8ne<\/h3>\n                                    <p class=\"afg-metadata\">\n\t\t\t<span class=\"place\">Ho-Am Museum, S\u00e9oul<\/span>\t\t<span class=\"dates\">13 Dec 1995 &#8211; 21 Jan 1996<\/span><\/p>\n                                <\/div>\n                                <div class=\"post-link\">\n                                    <p class=\"link\"><a href=\"https:\/\/www.sarkis.fr\/en\/1995\/mises-en-scene\/\" title=\"Mises en sc\u00e8ne\">See exhibition page<\/a><\/p>\n                                    <p class=\"afg-metadatas\">1 more image<\/p>\n                                <\/div>\n                            <\/figcaption>\n                                           <\/figure>\n                                    <figure class=\"swiper-slide\" data-post-id=\"post-3502\">\n                                                                                    <img loading=\"lazy\" decoding=\"async\" width=\"1400\" height=\"1050\" src=\"https:\/\/www.sarkis.fr\/wp-content\/uploads\/2022\/07\/1995-biennale-Ist.-.webp\" class=\"attachment-full size-full\" alt=\"\" srcset=\"https:\/\/www.sarkis.fr\/wp-content\/uploads\/2022\/07\/1995-biennale-Ist.-.webp 1400w, https:\/\/www.sarkis.fr\/wp-content\/uploads\/2022\/07\/1995-biennale-Ist.--300x225.webp 300w, https:\/\/www.sarkis.fr\/wp-content\/uploads\/2022\/07\/1995-biennale-Ist.--1030x773.webp 1030w, https:\/\/www.sarkis.fr\/wp-content\/uploads\/2022\/07\/1995-biennale-Ist.--768x576.webp 768w\" sizes=\"auto, (max-width: 1400px) 100vw, 1400px\" \/>                                                        <figcaption>\n                                <div class=\"title-wrapper\">\n                                    <h3>Biennale d\u2019Istanbul, (Orient-ation)<\/h3>\n                                    <p class=\"afg-metadata\">\n\t\t\t<span class=\"place\">Istanbul<\/span>\t\t<span class=\"dates\">10 Nov &#8211; 10 Dec 1995<\/span><\/p>\n                                <\/div>\n                                <div class=\"post-link\">\n                                    <p class=\"link\"><a href=\"https:\/\/www.sarkis.fr\/en\/1995\/biennale-distanbul-orient-ation\/\" title=\"Biennale d\u2019Istanbul, (Orient-ation)\">See exhibition page<\/a><\/p>\n                                    <p class=\"afg-metadatas\">No more image<\/p>\n                                <\/div>\n                            <\/figcaption>\n                                           <\/figure>\n                                    <figure class=\"swiper-slide\" data-post-id=\"post-278\">\n                                                                                    <img loading=\"lazy\" decoding=\"async\" width=\"800\" height=\"501\" src=\"https:\/\/www.sarkis.fr\/wp-content\/uploads\/2009\/06\/Sarkis_1995-Verdun.jpg\" class=\"attachment-full size-full\" alt=\"Sarkis_1995-Verdun\" srcset=\"https:\/\/www.sarkis.fr\/wp-content\/uploads\/2009\/06\/Sarkis_1995-Verdun.jpg 800w, https:\/\/www.sarkis.fr\/wp-content\/uploads\/2009\/06\/Sarkis_1995-Verdun-300x188.jpg 300w\" sizes=\"auto, (max-width: 800px) 100vw, 800px\" \/>                                                        <figcaption>\n                                <div class=\"title-wrapper\">\n                                    <h3>L\u2019arriv\u00e9e des images et L\u2019envol\u00e9e d\u2019Agra \u00e0 Verdun.<\/h3>\n                                    <p class=\"afg-metadata\">\n\t\t\t<span class=\"place\">Chapelle Buvignier et le Th\u00e9\u00e2tre de Verdun<\/span>\t\t<span class=\"dates\">21 Oct &#8211; 10 Dec 1995<\/span><span class=\"solo\">Solo<\/span><\/p>\n                                <\/div>\n                                <div class=\"post-link\">\n                                    <p class=\"link\"><a href=\"https:\/\/www.sarkis.fr\/en\/1995\/l-arrivee-des-images-et-l-envolee-d-agra-a-verdun\/\" title=\"L\u2019arriv\u00e9e des images et L\u2019envol\u00e9e d\u2019Agra \u00e0 Verdun.\">See exhibition page<\/a><\/p>\n                                    <p class=\"afg-metadatas\">No more image<\/p>\n                                <\/div>\n                            <\/figcaption>\n                                           <\/figure>\n                                    <figure class=\"swiper-slide\" data-post-id=\"post-274\">\n                                                                                    <img loading=\"lazy\" decoding=\"async\" width=\"748\" height=\"500\" src=\"https:\/\/www.sarkis.fr\/wp-content\/uploads\/2009\/06\/sarkis-1995-26-9-19380.jpg\" class=\"attachment-full size-full\" alt=\"sarkis-1995-26-9-19380\" srcset=\"https:\/\/www.sarkis.fr\/wp-content\/uploads\/2009\/06\/sarkis-1995-26-9-19380.jpg 748w, https:\/\/www.sarkis.fr\/wp-content\/uploads\/2009\/06\/sarkis-1995-26-9-19380-300x201.jpg 300w\" sizes=\"auto, (max-width: 748px) 100vw, 748px\" \/>                                                        <figcaption>\n                                <div class=\"title-wrapper\">\n                                    <h3>&#8220;26. 9. 19380&#8221;<\/h3>\n                                    <p class=\"afg-metadata\">\n\t\t\t<span class=\"place\">Kunst-und Ausstellungshalle der Bundesrepublik Deutschland, Bonn<\/span>\t\t<span class=\"dates\">29 Sep 1995 &#8211; 7 Jan 1996<\/span><span class=\"solo\">Solo<\/span><\/p>\n                                <\/div>\n                                <div class=\"post-link\">\n                                    <p class=\"link\"><a href=\"https:\/\/www.sarkis.fr\/en\/1995\/26-9-19380\/\" title=\"&#8220;26. 9. 19380&#8221;\">See exhibition page<\/a><\/p>\n                                    <p class=\"afg-metadatas\">2 more images<\/p>\n                                <\/div>\n                            <\/figcaption>\n                                           <\/figure>\n                                    <figure class=\"swiper-slide\" data-post-id=\"post-276\">\n                                                                                    <img loading=\"lazy\" decoding=\"async\" width=\"519\" height=\"800\" src=\"https:\/\/www.sarkis.fr\/wp-content\/uploads\/2009\/06\/Sarkis_1995-Palais-Liechtenstein.jpg\" class=\"attachment-full size-full\" alt=\"Sarkis_1995-Palais-Liechtenstein\" srcset=\"https:\/\/www.sarkis.fr\/wp-content\/uploads\/2009\/06\/Sarkis_1995-Palais-Liechtenstein.jpg 519w, https:\/\/www.sarkis.fr\/wp-content\/uploads\/2009\/06\/Sarkis_1995-Palais-Liechtenstein-195x300.jpg 195w\" sizes=\"auto, (max-width: 519px) 100vw, 519px\" \/>                                                        <figcaption>\n                                <div class=\"title-wrapper\">\n                                    <h3>Das Licht des Blitzes, Der L\u00e4rm des Donners<\/h3>\n                                    <p class=\"afg-metadata\">\n\t\t\t<span class=\"place\">Museum Moderner Kunst Stiftung Ludwig Wien, Palais Lichtenstein, Vienna<\/span>\t\t<span class=\"dates\">4 Mar &#8211; 23 Apr 1995<\/span><span class=\"solo\">Solo<\/span><\/p>\n                                <\/div>\n                                <div class=\"post-link\">\n                                    <p class=\"link\"><a href=\"https:\/\/www.sarkis.fr\/en\/1995\/das-licht-des-blitzes-der-laerm-des-donners\/\" title=\"Das Licht des Blitzes, Der L\u00e4rm des Donners\">See exhibition page<\/a><\/p>\n                                    <p class=\"afg-metadatas\">1 more image<\/p>\n                                <\/div>\n                            <\/figcaption>\n                                           <\/figure>\n                                    <figure class=\"swiper-slide\" data-post-id=\"post-3509\">\n                                                                                    <img loading=\"lazy\" decoding=\"async\" width=\"1079\" height=\"1571\" src=\"https:\/\/www.sarkis.fr\/wp-content\/uploads\/2022\/07\/1995-Tresholds.webp\" class=\"attachment-full size-full\" alt=\"\" srcset=\"https:\/\/www.sarkis.fr\/wp-content\/uploads\/2022\/07\/1995-Tresholds.webp 1079w, https:\/\/www.sarkis.fr\/wp-content\/uploads\/2022\/07\/1995-Tresholds-206x300.webp 206w, https:\/\/www.sarkis.fr\/wp-content\/uploads\/2022\/07\/1995-Tresholds-707x1030.webp 707w, https:\/\/www.sarkis.fr\/wp-content\/uploads\/2022\/07\/1995-Tresholds-768x1118.webp 768w, https:\/\/www.sarkis.fr\/wp-content\/uploads\/2022\/07\/1995-Tresholds-1055x1536.webp 1055w\" sizes=\"auto, (max-width: 1079px) 100vw, 1079px\" \/>                                                        <figcaption>\n                                <div class=\"title-wrapper\">\n                                    <h3>Thresholds<\/h3>\n                                    <p class=\"afg-metadata\">\n\t\t\t<span class=\"place\">National Gallery of Modern Art, New Dehli<\/span>\t\t<span class=\"dates\">14 Jan &#8211; 28 Feb 1995<\/span><\/p>\n                                <\/div>\n                                <div class=\"post-link\">\n                                    <p class=\"link\"><a href=\"https:\/\/www.sarkis.fr\/en\/1995\/thresholds\/\" title=\"Thresholds\">See exhibition page<\/a><\/p>\n                                    <p class=\"afg-metadatas\">No more image<\/p>\n                                <\/div>\n                            <\/figcaption>\n                                           <\/figure>\n                                    <figure class=\"swiper-slide\" data-post-id=\"post-268\">\n                                                                                    <img loading=\"lazy\" decoding=\"async\" width=\"800\" height=\"506\" src=\"https:\/\/www.sarkis.fr\/wp-content\/uploads\/2009\/06\/Sarkis_1994-Ga.de-Paris.jpg\" class=\"attachment-full size-full\" alt=\"Sarkis_1994-Ga.de-Paris\" srcset=\"https:\/\/www.sarkis.fr\/wp-content\/uploads\/2009\/06\/Sarkis_1994-Ga.de-Paris.jpg 800w, https:\/\/www.sarkis.fr\/wp-content\/uploads\/2009\/06\/Sarkis_1994-Ga.de-Paris-300x190.jpg 300w\" sizes=\"auto, (max-width: 800px) 100vw, 800px\" \/>                                                        <figcaption>\n                                <div class=\"title-wrapper\">\n                                    <h3>Mesures d&#8217;\u00e9l\u00e9vation<\/h3>\n                                    <p class=\"afg-metadata\">\n\t\t\t<span class=\"place\">Galerie de Paris<\/span>\t\t<span class=\"dates\">19 Nov &#8211; 17 Dec 1994<\/span><span class=\"solo\">Solo<\/span><\/p>\n                                <\/div>\n                                <div class=\"post-link\">\n                                    <p class=\"link\"><a href=\"https:\/\/www.sarkis.fr\/en\/1994\/mesures-d-elevation\/\" title=\"Mesures d&#8217;\u00e9l\u00e9vation\">See exhibition page<\/a><\/p>\n                                    <p class=\"afg-metadatas\">No more image<\/p>\n                                <\/div>\n                            <\/figcaption>\n                                           <\/figure>\n                                    <figure class=\"swiper-slide\" data-post-id=\"post-272\">\n                                                                                    <img loading=\"lazy\" decoding=\"async\" width=\"800\" height=\"539\" src=\"https:\/\/www.sarkis.fr\/wp-content\/uploads\/2009\/06\/Sarkis_1994-ZONE-Kitekanto-Museum-Maebashi.jpg\" class=\"attachment-full size-full\" alt=\"Sarkis_1994-ZONE-Kitekanto-Museum-Maebashi\" srcset=\"https:\/\/www.sarkis.fr\/wp-content\/uploads\/2009\/06\/Sarkis_1994-ZONE-Kitekanto-Museum-Maebashi.jpg 800w, https:\/\/www.sarkis.fr\/wp-content\/uploads\/2009\/06\/Sarkis_1994-ZONE-Kitekanto-Museum-Maebashi-300x202.jpg 300w\" sizes=\"auto, (max-width: 800px) 100vw, 800px\" \/>                                                        <figcaption>\n                                <div class=\"title-wrapper\">\n                                    <h3>Zone<\/h3>\n                                    <p class=\"afg-metadata\">\n\t\t\t<span class=\"place\">Kitakanto Museum of Fine Arts, Maebashi<\/span>\t\t<span class=\"dates\">19 Sep &#8211; 3 Nov 1994<\/span><span class=\"solo\">Solo<\/span><\/p>\n                                <\/div>\n                                <div class=\"post-link\">\n                                    <p class=\"link\"><a href=\"https:\/\/www.sarkis.fr\/en\/1994\/zone\/\" title=\"Zone\">See exhibition page<\/a><\/p>\n                                    <p class=\"afg-metadatas\">No more image<\/p>\n                                <\/div>\n                            <\/figcaption>\n                                           <\/figure>\n                                    <figure class=\"swiper-slide\" data-post-id=\"post-3510\">\n                                                                                    <img loading=\"lazy\" decoding=\"async\" width=\"1200\" height=\"766\" src=\"https:\/\/www.sarkis.fr\/wp-content\/uploads\/2022\/07\/1994-19380.webp\" class=\"attachment-full size-full\" alt=\"\" srcset=\"https:\/\/www.sarkis.fr\/wp-content\/uploads\/2022\/07\/1994-19380.webp 1200w, https:\/\/www.sarkis.fr\/wp-content\/uploads\/2022\/07\/1994-19380-300x192.webp 300w, https:\/\/www.sarkis.fr\/wp-content\/uploads\/2022\/07\/1994-19380-1030x657.webp 1030w, https:\/\/www.sarkis.fr\/wp-content\/uploads\/2022\/07\/1994-19380-768x490.webp 768w\" sizes=\"auto, (max-width: 1200px) 100vw, 1200px\" \/>                                                        <figcaption>\n                                <div class=\"title-wrapper\">\n                                    <h3>A partir de 19380<\/h3>\n                                    <p class=\"afg-metadata\">\n\t\t\t<span class=\"place\">MAMCO, Gen\u00e8ve<\/span>\t\t<span class=\"dates\">17 Sep 1994<\/span><\/p>\n                                <\/div>\n                                <div class=\"post-link\">\n                                    <p class=\"link\"><a href=\"https:\/\/www.sarkis.fr\/en\/1994\/a-partir-de-19380\/\" title=\"A partir de 19380\">See exhibition page<\/a><\/p>\n                                    <p class=\"afg-metadatas\">1 more image<\/p>\n                                <\/div>\n                            <\/figcaption>\n                                           <\/figure>\n                                    <figure class=\"swiper-slide\" data-post-id=\"post-3511\">\n                                                                                    <img loading=\"lazy\" decoding=\"async\" width=\"1200\" height=\"779\" src=\"https:\/\/www.sarkis.fr\/wp-content\/uploads\/2022\/07\/1994-Les-mains-qui-se-chtif.webp\" class=\"attachment-full size-full\" alt=\"\" srcset=\"https:\/\/www.sarkis.fr\/wp-content\/uploads\/2022\/07\/1994-Les-mains-qui-se-chtif.webp 1200w, https:\/\/www.sarkis.fr\/wp-content\/uploads\/2022\/07\/1994-Les-mains-qui-se-chtif-300x195.webp 300w, https:\/\/www.sarkis.fr\/wp-content\/uploads\/2022\/07\/1994-Les-mains-qui-se-chtif-1030x669.webp 1030w, https:\/\/www.sarkis.fr\/wp-content\/uploads\/2022\/07\/1994-Les-mains-qui-se-chtif-768x499.webp 768w\" sizes=\"auto, (max-width: 1200px) 100vw, 1200px\" \/>                                                        <figcaption>\n                                <div class=\"title-wrapper\">\n                                    <h3>Les mains qui se chauffent<\/h3>\n                                    <p class=\"afg-metadata\">\n\t\t\t<span class=\"place\">Crypte Saint-Sylvain de l\u2019Eglise d\u2019Ahun &#8211; Eglise du Moutier d\u2019Ahun<\/span>\t\t<span class=\"dates\">2 Jul &#8211; 17 Jul 1994<\/span><span class=\"solo\">Solo<\/span><\/p>\n                                <\/div>\n                                <div class=\"post-link\">\n                                    <p class=\"link\"><a href=\"https:\/\/www.sarkis.fr\/en\/1994\/les-mains-qui-se-chauffent\/\" title=\"Les mains qui se chauffent\">See exhibition page<\/a><\/p>\n                                    <p class=\"afg-metadatas\">No more image<\/p>\n                                <\/div>\n                            <\/figcaption>\n                                           <\/figure>\n                                    <figure class=\"swiper-slide\" data-post-id=\"post-3512\">\n                                                                                    <img loading=\"lazy\" decoding=\"async\" width=\"1200\" height=\"779\" src=\"https:\/\/www.sarkis.fr\/wp-content\/uploads\/2022\/07\/1994-Les-7-Tresors.webp\" class=\"attachment-full size-full\" alt=\"\" srcset=\"https:\/\/www.sarkis.fr\/wp-content\/uploads\/2022\/07\/1994-Les-7-Tresors.webp 1200w, https:\/\/www.sarkis.fr\/wp-content\/uploads\/2022\/07\/1994-Les-7-Tresors-300x195.webp 300w, https:\/\/www.sarkis.fr\/wp-content\/uploads\/2022\/07\/1994-Les-7-Tresors-1030x669.webp 1030w, https:\/\/www.sarkis.fr\/wp-content\/uploads\/2022\/07\/1994-Les-7-Tresors-768x499.webp 768w\" sizes=\"auto, (max-width: 1200px) 100vw, 1200px\" \/>                                                        <figcaption>\n                                <div class=\"title-wrapper\">\n                                    <h3>Les 7 Tr\u00e9sors de Guerre de La R\u00e9union<\/h3>\n                                    <p class=\"afg-metadata\">\n\t\t\t<span class=\"place\">Mus\u00e9e L\u00e9on Dierx, Saint-Denis de La R\u00e9union<\/span>\t\t<span class=\"dates\">24 Jun 1994 &#8211; 25 Jan 1995<\/span><span class=\"solo\">Solo<\/span><\/p>\n                                <\/div>\n                                <div class=\"post-link\">\n                                    <p class=\"link\"><a href=\"https:\/\/www.sarkis.fr\/en\/1994\/les-7-tresors-de-guerre-de-la-reunion\/\" title=\"Les 7 Tr\u00e9sors de Guerre de La R\u00e9union\">See exhibition page<\/a><\/p>\n                                    <p class=\"afg-metadatas\">2 more images<\/p>\n                                <\/div>\n                            <\/figcaption>\n                                           <\/figure>\n                                    <figure class=\"swiper-slide\" data-post-id=\"post-3514\">\n                                                                                    <img loading=\"lazy\" decoding=\"async\" width=\"1200\" height=\"779\" src=\"https:\/\/www.sarkis.fr\/wp-content\/uploads\/2022\/07\/1994-Paysages-Cluny.webp\" class=\"attachment-full size-full\" alt=\"\" srcset=\"https:\/\/www.sarkis.fr\/wp-content\/uploads\/2022\/07\/1994-Paysages-Cluny.webp 1200w, https:\/\/www.sarkis.fr\/wp-content\/uploads\/2022\/07\/1994-Paysages-Cluny-300x195.webp 300w, https:\/\/www.sarkis.fr\/wp-content\/uploads\/2022\/07\/1994-Paysages-Cluny-1030x669.webp 1030w, https:\/\/www.sarkis.fr\/wp-content\/uploads\/2022\/07\/1994-Paysages-Cluny-768x499.webp 768w\" sizes=\"auto, (max-width: 1200px) 100vw, 1200px\" \/>                                                        <figcaption>\n                                <div class=\"title-wrapper\">\n                                    <h3>PAYSAGE<\/h3>\n                                    <p class=\"afg-metadata\">\n\t\t\t<span class=\"place\">Ecuries Saint-Hugues, Cluny<\/span>\t\t<span class=\"dates\">11 Jun 1994 &#8211; 3 Jan 1970<\/span><span class=\"solo\">Solo<\/span><\/p>\n                                <\/div>\n                                <div class=\"post-link\">\n                                    <p class=\"link\"><a href=\"https:\/\/www.sarkis.fr\/en\/1994\/paysage\/\" title=\"PAYSAGE\">See exhibition page<\/a><\/p>\n                                    <p class=\"afg-metadatas\">2 more images<\/p>\n                                <\/div>\n                            <\/figcaption>\n                                           <\/figure>\n                                    <figure class=\"swiper-slide\" data-post-id=\"post-3517\">\n                                                                                    <img loading=\"lazy\" decoding=\"async\" width=\"1200\" height=\"815\" src=\"https:\/\/www.sarkis.fr\/wp-content\/uploads\/2022\/07\/1994-galerie-Verney-Caron-Silence-Silence001.webp\" class=\"attachment-full size-full\" alt=\"\" srcset=\"https:\/\/www.sarkis.fr\/wp-content\/uploads\/2022\/07\/1994-galerie-Verney-Caron-Silence-Silence001.webp 1200w, https:\/\/www.sarkis.fr\/wp-content\/uploads\/2022\/07\/1994-galerie-Verney-Caron-Silence-Silence001-300x204.webp 300w, https:\/\/www.sarkis.fr\/wp-content\/uploads\/2022\/07\/1994-galerie-Verney-Caron-Silence-Silence001-1030x700.webp 1030w, https:\/\/www.sarkis.fr\/wp-content\/uploads\/2022\/07\/1994-galerie-Verney-Caron-Silence-Silence001-768x522.webp 768w\" sizes=\"auto, (max-width: 1200px) 100vw, 1200px\" \/>                                                        <figcaption>\n                                <div class=\"title-wrapper\">\n                                    <h3>Silence, Silence<\/h3>\n                                    <p class=\"afg-metadata\">\n\t\t\t<span class=\"place\">Galerie Georges Verney-Carron, Villeurbanne<\/span>\t\t<span class=\"dates\">4 Mar &#8211; 4 May 1994<\/span><span class=\"solo\">Solo<\/span><\/p>\n                                <\/div>\n                                <div class=\"post-link\">\n                                    <p class=\"link\"><a href=\"https:\/\/www.sarkis.fr\/en\/1994\/silence-silence\/\" title=\"Silence, Silence\">See exhibition page<\/a><\/p>\n                                    <p class=\"afg-metadatas\">No more image<\/p>\n                                <\/div>\n                            <\/figcaption>\n                                           <\/figure>\n                                    <figure class=\"swiper-slide\" data-post-id=\"post-3519\">\n                                                                                    <img loading=\"lazy\" decoding=\"async\" width=\"1200\" height=\"805\" src=\"https:\/\/www.sarkis.fr\/wp-content\/uploads\/2022\/07\/1994-Triennale-New-Delhi.webp\" class=\"attachment-full size-full\" alt=\"\" srcset=\"https:\/\/www.sarkis.fr\/wp-content\/uploads\/2022\/07\/1994-Triennale-New-Delhi.webp 1200w, https:\/\/www.sarkis.fr\/wp-content\/uploads\/2022\/07\/1994-Triennale-New-Delhi-300x201.webp 300w, https:\/\/www.sarkis.fr\/wp-content\/uploads\/2022\/07\/1994-Triennale-New-Delhi-1030x691.webp 1030w, https:\/\/www.sarkis.fr\/wp-content\/uploads\/2022\/07\/1994-Triennale-New-Delhi-768x515.webp 768w\" sizes=\"auto, (max-width: 1200px) 100vw, 1200px\" \/>                                                        <figcaption>\n                                <div class=\"title-wrapper\">\n                                    <h3>Eighth Triennale-India<\/h3>\n                                    <p class=\"afg-metadata\">\n\t\t\t<span class=\"place\">New Dehli<\/span>\t\t<span class=\"dates\">16 Feb &#8211; 15 Mar 1994<\/span><\/p>\n                                <\/div>\n                                <div class=\"post-link\">\n                                    <p class=\"link\"><a href=\"https:\/\/www.sarkis.fr\/en\/1994\/eighth-triennale-india\/\" title=\"Eighth Triennale-India\">See exhibition page<\/a><\/p>\n                                    <p class=\"afg-metadatas\">No more image<\/p>\n                                <\/div>\n                            <\/figcaption>\n                                           <\/figure>\n                                    <figure class=\"swiper-slide\" data-post-id=\"post-270\">\n                                                                                    <img loading=\"lazy\" decoding=\"async\" width=\"800\" height=\"603\" src=\"https:\/\/www.sarkis.fr\/wp-content\/uploads\/2009\/06\/Sarkis_1994-MNAM-dcallage.jpg\" class=\"attachment-full size-full\" alt=\"Sarkis_1994-MNAM-dcallage\" srcset=\"https:\/\/www.sarkis.fr\/wp-content\/uploads\/2009\/06\/Sarkis_1994-MNAM-dcallage.jpg 800w, https:\/\/www.sarkis.fr\/wp-content\/uploads\/2009\/06\/Sarkis_1994-MNAM-dcallage-300x226.jpg 300w\" sizes=\"auto, (max-width: 800px) 100vw, 800px\" \/>                                                        <figcaption>\n                                <div class=\"title-wrapper\">\n                                    <h3>Le d\u00e9calage entre la lumi\u00e8re de l\u2019\u00e9clair et le bruit du tonnerre<\/h3>\n                                    <p class=\"afg-metadata\">\n\t\t\t<span class=\"place\">Centre Georges Pompidou, Paris<\/span>\t\t<span class=\"dates\">December 1993 &#8211; December 1994<\/span><span class=\"solo\">Solo<\/span><\/p>\n                                <\/div>\n                                <div class=\"post-link\">\n                                    <p class=\"link\"><a href=\"https:\/\/www.sarkis.fr\/en\/1993\/le-decalage-entre-la-lumiere-de-leclair-et-le-bruit-du-tonnerre\/\" title=\"Le d\u00e9calage entre la lumi\u00e8re de l\u2019\u00e9clair et le bruit du tonnerre\">See exhibition page<\/a><\/p>\n                                    <p class=\"afg-metadatas\">No more image<\/p>\n                                <\/div>\n                            <\/figcaption>\n                                           <\/figure>\n                                    <figure class=\"swiper-slide\" data-post-id=\"post-487\">\n                                                                                    <img loading=\"lazy\" decoding=\"async\" width=\"524\" height=\"800\" src=\"https:\/\/www.sarkis.fr\/wp-content\/uploads\/2009\/06\/Sarkis_1993-Perrugia.jpg\" class=\"attachment-full size-full\" alt=\"Sarkis_1993-Perrugia\" srcset=\"https:\/\/www.sarkis.fr\/wp-content\/uploads\/2009\/06\/Sarkis_1993-Perrugia.jpg 524w, https:\/\/www.sarkis.fr\/wp-content\/uploads\/2009\/06\/Sarkis_1993-Perrugia-197x300.jpg 197w\" sizes=\"auto, (max-width: 524px) 100vw, 524px\" \/>                                                        <figcaption>\n                                <div class=\"title-wrapper\">\n                                    <h3>Ouverture<\/h3>\n                                    <p class=\"afg-metadata\">\n\t\t\t<span class=\"place\">Rocca Paolina, Perugia<\/span>\t\t<span class=\"dates\">18 Nov 1993 &#8211; 4 Jan 1994<\/span><span class=\"solo\">Solo<\/span><\/p>\n                                <\/div>\n                                <div class=\"post-link\">\n                                    <p class=\"link\"><a href=\"https:\/\/www.sarkis.fr\/en\/1993\/ouverture-2\/\" title=\"Ouverture\">See exhibition page<\/a><\/p>\n                                    <p class=\"afg-metadatas\">No more image<\/p>\n                                <\/div>\n                            <\/figcaption>\n                                           <\/figure>\n                                    <figure class=\"swiper-slide\" data-post-id=\"post-3522\">\n                                                                                    <img loading=\"lazy\" decoding=\"async\" width=\"1200\" height=\"819\" src=\"https:\/\/www.sarkis.fr\/wp-content\/uploads\/2022\/07\/1993-Port-Bou005-copie.webp\" class=\"attachment-full size-full\" alt=\"\" srcset=\"https:\/\/www.sarkis.fr\/wp-content\/uploads\/2022\/07\/1993-Port-Bou005-copie.webp 1200w, https:\/\/www.sarkis.fr\/wp-content\/uploads\/2022\/07\/1993-Port-Bou005-copie-300x205.webp 300w, https:\/\/www.sarkis.fr\/wp-content\/uploads\/2022\/07\/1993-Port-Bou005-copie-1030x703.webp 1030w, https:\/\/www.sarkis.fr\/wp-content\/uploads\/2022\/07\/1993-Port-Bou005-copie-768x524.webp 768w\" sizes=\"auto, (max-width: 1200px) 100vw, 1200px\" \/>                                                        <figcaption>\n                                <div class=\"title-wrapper\">\n                                    <h3>Le forgeron en masque de Sarkis en rouge et vert, Hommage \u00e0 Walter Benjamin<\/h3>\n                                    <p class=\"afg-metadata\">\n\t\t\t<span class=\"place\">Cimeti\u00e8re de Portbou<\/span>\t\t<span class=\"dates\">24 Sep &#8211; 25 Sep 1993<\/span><span class=\"solo\">Solo<\/span><\/p>\n\t<p class=\"afg-title-notes\">\n\t\tNuit du 24 au 25 septembre\t<\/p>\t\n                                <\/div>\n                                <div class=\"post-link\">\n                                    <p class=\"link\"><a href=\"https:\/\/www.sarkis.fr\/en\/1993\/le-forgeron-en-masque-de-sarkis-en-rouge-et-vert-hommage-a-walter-benjamin\/\" title=\"Le forgeron en masque de Sarkis en rouge et vert, Hommage \u00e0 Walter Benjamin\">See exhibition page<\/a><\/p>\n                                    <p class=\"afg-metadatas\">1 more image<\/p>\n                                <\/div>\n                            <\/figcaption>\n                                           <\/figure>\n                                    <figure class=\"swiper-slide\" data-post-id=\"post-260\">\n                                                                                    <img loading=\"lazy\" decoding=\"async\" width=\"508\" height=\"800\" src=\"https:\/\/www.sarkis.fr\/wp-content\/uploads\/2009\/06\/Sarkis_1993-_Les-fentres-rouges_-Dordrecht63D1.jpg\" class=\"attachment-full size-full\" alt=\"Sarkis_1993-_Les-fentres-rouges_-Dordrecht63D1\" srcset=\"https:\/\/www.sarkis.fr\/wp-content\/uploads\/2009\/06\/Sarkis_1993-_Les-fentres-rouges_-Dordrecht63D1.jpg 508w, https:\/\/www.sarkis.fr\/wp-content\/uploads\/2009\/06\/Sarkis_1993-_Les-fentres-rouges_-Dordrecht63D1-191x300.jpg 191w\" sizes=\"auto, (max-width: 508px) 100vw, 508px\" \/>                                                        <figcaption>\n                                <div class=\"title-wrapper\">\n                                    <h3>51\u00b0 48\u2019 &#8211; 04 \u00b040\u2019.<\/h3>\n                                    <p class=\"afg-metadata\">\n\t\t\t<span class=\"place\">Dordrecht<\/span>\t\t<span class=\"dates\">4 Sep &#8211; 31 Oct 1993<\/span><\/p>\n                                <\/div>\n                                <div class=\"post-link\">\n                                    <p class=\"link\"><a href=\"https:\/\/www.sarkis.fr\/en\/1993\/51-48-04-40\/\" title=\"51\u00b0 48\u2019 &#8211; 04 \u00b040\u2019.\">See exhibition page<\/a><\/p>\n                                    <p class=\"afg-metadatas\">No more image<\/p>\n                                <\/div>\n                            <\/figcaption>\n                                           <\/figure>\n                                    <figure class=\"swiper-slide\" data-post-id=\"post-3525\">\n                                                                                    <img loading=\"lazy\" decoding=\"async\" width=\"1200\" height=\"779\" src=\"https:\/\/www.sarkis.fr\/wp-content\/uploads\/2022\/07\/1993-Taejon007-copie.webp\" class=\"attachment-full size-full\" alt=\"\" srcset=\"https:\/\/www.sarkis.fr\/wp-content\/uploads\/2022\/07\/1993-Taejon007-copie.webp 1200w, https:\/\/www.sarkis.fr\/wp-content\/uploads\/2022\/07\/1993-Taejon007-copie-300x195.webp 300w, https:\/\/www.sarkis.fr\/wp-content\/uploads\/2022\/07\/1993-Taejon007-copie-1030x669.webp 1030w, https:\/\/www.sarkis.fr\/wp-content\/uploads\/2022\/07\/1993-Taejon007-copie-768x499.webp 768w\" sizes=\"auto, (max-width: 1200px) 100vw, 1200px\" \/>                                                        <figcaption>\n                                <div class=\"title-wrapper\">\n                                    <h3>Devant, le futur<\/h3>\n                                    <p class=\"afg-metadata\">\n\t\t\t<span class=\"place\">Taejon<\/span>\t\t<span class=\"dates\">7 Aug &#8211; 7 Nov 1993<\/span><\/p>\n                                <\/div>\n                                <div class=\"post-link\">\n                                    <p class=\"link\"><a href=\"https:\/\/www.sarkis.fr\/en\/1993\/devant-le-futur\/\" title=\"Devant, le futur\">See exhibition page<\/a><\/p>\n                                    <p class=\"afg-metadatas\">2 more images<\/p>\n                                <\/div>\n                            <\/figcaption>\n                                           <\/figure>\n                                    <figure class=\"swiper-slide\" data-post-id=\"post-3526\">\n                                                                                    <img loading=\"lazy\" decoding=\"async\" width=\"1200\" height=\"778\" src=\"https:\/\/www.sarkis.fr\/wp-content\/uploads\/2022\/07\/1993-Sete001-copie-2.webp\" class=\"attachment-full size-full\" alt=\"\" srcset=\"https:\/\/www.sarkis.fr\/wp-content\/uploads\/2022\/07\/1993-Sete001-copie-2.webp 1200w, https:\/\/www.sarkis.fr\/wp-content\/uploads\/2022\/07\/1993-Sete001-copie-2-300x195.webp 300w, https:\/\/www.sarkis.fr\/wp-content\/uploads\/2022\/07\/1993-Sete001-copie-2-1030x668.webp 1030w, https:\/\/www.sarkis.fr\/wp-content\/uploads\/2022\/07\/1993-Sete001-copie-2-768x498.webp 768w\" sizes=\"auto, (max-width: 1200px) 100vw, 1200px\" \/>                                                        <figcaption>\n                                <div class=\"title-wrapper\">\n                                    <h3>Le milieu du monde<\/h3>\n                                    <p class=\"afg-metadata\">\n\t\t\t<span class=\"place\">S\u00e8te<\/span>\t\t<span class=\"dates\">26 Jun &#8211; 30 Sep 1993<\/span><\/p>\n                                <\/div>\n                                <div class=\"post-link\">\n                                    <p class=\"link\"><a href=\"https:\/\/www.sarkis.fr\/en\/1993\/le-milieu-du-monde\/\" title=\"Le milieu du monde\">See exhibition page<\/a><\/p>\n                                    <p class=\"afg-metadatas\">2 more images<\/p>\n                                <\/div>\n                            <\/figcaption>\n                                           <\/figure>\n                                    <figure class=\"swiper-slide\" data-post-id=\"post-3529\">\n                                                                                    <img loading=\"lazy\" decoding=\"async\" width=\"1200\" height=\"803\" src=\"https:\/\/www.sarkis.fr\/wp-content\/uploads\/2022\/07\/Warmte-en-Licht009-copie.webp\" class=\"attachment-full size-full\" alt=\"\" srcset=\"https:\/\/www.sarkis.fr\/wp-content\/uploads\/2022\/07\/Warmte-en-Licht009-copie.webp 1200w, https:\/\/www.sarkis.fr\/wp-content\/uploads\/2022\/07\/Warmte-en-Licht009-copie-300x201.webp 300w, https:\/\/www.sarkis.fr\/wp-content\/uploads\/2022\/07\/Warmte-en-Licht009-copie-1030x689.webp 1030w, https:\/\/www.sarkis.fr\/wp-content\/uploads\/2022\/07\/Warmte-en-Licht009-copie-768x514.webp 768w\" sizes=\"auto, (max-width: 1200px) 100vw, 1200px\" \/>                                                        <figcaption>\n                                <div class=\"title-wrapper\">\n                                    <h3>Warmte en licht<\/h3>\n                                    <p class=\"afg-metadata\">\n\t\t\t<span class=\"place\">Galerie de Zaal, Delft<\/span>\t\t<span class=\"dates\">13 Mar 1993 &#8211; 24 Jan 1970<\/span><span class=\"solo\">Solo<\/span><\/p>\n                                <\/div>\n                                <div class=\"post-link\">\n                                    <p class=\"link\"><a href=\"https:\/\/www.sarkis.fr\/en\/1993\/warmte-en-licht\/\" title=\"Warmte en licht\">See exhibition page<\/a><\/p>\n                                    <p class=\"afg-metadatas\">No more image<\/p>\n                                <\/div>\n                            <\/figcaption>\n                                           <\/figure>\n                                    <figure class=\"swiper-slide\" data-post-id=\"post-266\">\n                                                                                    <img loading=\"lazy\" decoding=\"async\" width=\"769\" height=\"506\" src=\"https:\/\/www.sarkis.fr\/wp-content\/uploads\/2009\/06\/sarkis-1993-point-de-rencontre-le-reve.jpg\" class=\"attachment-full size-full\" alt=\"sarkis-1993-point-de-rencontre-le-reve\" srcset=\"https:\/\/www.sarkis.fr\/wp-content\/uploads\/2009\/06\/sarkis-1993-point-de-rencontre-le-reve.jpg 769w, https:\/\/www.sarkis.fr\/wp-content\/uploads\/2009\/06\/sarkis-1993-point-de-rencontre-le-reve-300x197.jpg 300w\" sizes=\"auto, (max-width: 769px) 100vw, 769px\" \/>                                                        <figcaption>\n                                <div class=\"title-wrapper\">\n                                    <h3>Point de rencontre : le r\u00eave<\/h3>\n                                    <p class=\"afg-metadata\">\n\t\t\t<span class=\"place\">S\u00e9lestat<\/span>\t\t<span class=\"dates\">18 Feb 1993<\/span><\/p>\n\t<p class=\"afg-title-notes\">\n\t\tCommande publique\t<\/p>\t\n                                <\/div>\n                                <div class=\"post-link\">\n                                    <p class=\"link\"><a href=\"https:\/\/www.sarkis.fr\/en\/1993\/point-de-rencontre-le-reve\/\" title=\"Point de rencontre : le r\u00eave\">See exhibition page<\/a><\/p>\n                                    <p class=\"afg-metadatas\">No more image<\/p>\n                                <\/div>\n                            <\/figcaption>\n                                           <\/figure>\n                                    <figure class=\"swiper-slide\" data-post-id=\"post-262\">\n                                                                                    <img loading=\"lazy\" decoding=\"async\" width=\"800\" height=\"556\" src=\"https:\/\/www.sarkis.fr\/wp-content\/uploads\/2009\/06\/Sarkis_1993-Ankaradan-bugune.jpg\" class=\"attachment-full size-full\" alt=\"Sarkis_1993-Ankaradan-bugune\" srcset=\"https:\/\/www.sarkis.fr\/wp-content\/uploads\/2009\/06\/Sarkis_1993-Ankaradan-bugune.jpg 800w, https:\/\/www.sarkis.fr\/wp-content\/uploads\/2009\/06\/Sarkis_1993-Ankaradan-bugune-300x209.jpg 300w\" sizes=\"auto, (max-width: 800px) 100vw, 800px\" \/>                                                        <figcaption>\n                                <div class=\"title-wrapper\">\n                                    <h3>Ankara\u2019dan bug\u00fcne<\/h3>\n                                    <p class=\"afg-metadata\">\n\t\t\t<span class=\"place\">Zon galerisi, Ankara<\/span>\t\t<span class=\"dates\">7 Jan &#8211; 11 Feb 1993<\/span><span class=\"solo\">Solo<\/span><\/p>\n                                <\/div>\n                                <div class=\"post-link\">\n                                    <p class=\"link\"><a href=\"https:\/\/www.sarkis.fr\/en\/1993\/ankaradan-buguene\/\" title=\"Ankara\u2019dan bug\u00fcne\">See exhibition page<\/a><\/p>\n                                    <p class=\"afg-metadatas\">No more image<\/p>\n                                <\/div>\n                            <\/figcaption>\n                                           <\/figure>\n                                    <figure class=\"swiper-slide\" data-post-id=\"post-256\">\n                                                                                    <img loading=\"lazy\" decoding=\"async\" width=\"1200\" height=\"839\" src=\"https:\/\/www.sarkis.fr\/wp-content\/uploads\/2009\/06\/1993-Sanat006-copie-2.webp\" class=\"attachment-full size-full\" alt=\"\" srcset=\"https:\/\/www.sarkis.fr\/wp-content\/uploads\/2009\/06\/1993-Sanat006-copie-2.webp 1200w, https:\/\/www.sarkis.fr\/wp-content\/uploads\/2009\/06\/1993-Sanat006-copie-2-300x210.webp 300w, https:\/\/www.sarkis.fr\/wp-content\/uploads\/2009\/06\/1993-Sanat006-copie-2-1030x720.webp 1030w, https:\/\/www.sarkis.fr\/wp-content\/uploads\/2009\/06\/1993-Sanat006-copie-2-768x537.webp 768w\" sizes=\"auto, (max-width: 1200px) 100vw, 1200px\" \/>                                                        <figcaption>\n                                <div class=\"title-wrapper\">\n                                    <h3>19380 -19930<\/h3>\n                                    <p class=\"afg-metadata\">\n\t\t\t<span class=\"place\">Ma\u00e7ka Sanat Galerisi, Istanbul<\/span>\t\t<span class=\"dates\">29 Dec 1992 &#8211; 23 Jan 1993<\/span><span class=\"solo\">Solo<\/span><\/p>\n                                <\/div>\n                                <div class=\"post-link\">\n                                    <p class=\"link\"><a href=\"https:\/\/www.sarkis.fr\/en\/1992\/19380-19930\/\" title=\"19380 -19930\">See exhibition page<\/a><\/p>\n                                    <p class=\"afg-metadatas\">1 more image<\/p>\n                                <\/div>\n                            <\/figcaption>\n                                           <\/figure>\n                                    <figure class=\"swiper-slide\" data-post-id=\"post-252\">\n                                                                                    <img loading=\"lazy\" decoding=\"async\" width=\"800\" height=\"520\" src=\"https:\/\/www.sarkis.fr\/wp-content\/uploads\/2009\/06\/Sarkis_1991-Grenoble-Magazin.jpg\" class=\"attachment-full size-full\" alt=\"Sarkis_1991-Grenoble-Magazin\" srcset=\"https:\/\/www.sarkis.fr\/wp-content\/uploads\/2009\/06\/Sarkis_1991-Grenoble-Magazin.jpg 800w, https:\/\/www.sarkis.fr\/wp-content\/uploads\/2009\/06\/Sarkis_1991-Grenoble-Magazin-300x195.jpg 300w\" sizes=\"auto, (max-width: 800px) 100vw, 800px\" \/>                                                        <figcaption>\n                                <div class=\"title-wrapper\">\n                                    <h3>Sc\u00e8nes de nuit &#8211; Sc\u00e8nes de jour<\/h3>\n                                    <p class=\"afg-metadata\">\n\t\t\t<span class=\"place\">Centre National d\u2019Art Contemporain, Grenoble<\/span>\t\t<span class=\"dates\">15 Dec &#8211; 23 Feb 1992<\/span><span class=\"solo\">Solo<\/span><\/p>\n                                <\/div>\n                                <div class=\"post-link\">\n                                    <p class=\"link\"><a href=\"https:\/\/www.sarkis.fr\/en\/1991\/scenes-de-nuit-scenes-de-jour\/\" title=\"Sc\u00e8nes de nuit &#8211; Sc\u00e8nes de jour\">See exhibition page<\/a><\/p>\n                                    <p class=\"afg-metadatas\">No more image<\/p>\n                                <\/div>\n                            <\/figcaption>\n                                           <\/figure>\n                                    <figure class=\"swiper-slide\" data-post-id=\"post-3531\">\n                                                                                    <img loading=\"lazy\" decoding=\"async\" width=\"1200\" height=\"816\" src=\"https:\/\/www.sarkis.fr\/wp-content\/uploads\/2022\/07\/1992-Blikket008-copie-2.webp\" class=\"attachment-full size-full\" alt=\"\" srcset=\"https:\/\/www.sarkis.fr\/wp-content\/uploads\/2022\/07\/1992-Blikket008-copie-2.webp 1200w, https:\/\/www.sarkis.fr\/wp-content\/uploads\/2022\/07\/1992-Blikket008-copie-2-300x204.webp 300w, https:\/\/www.sarkis.fr\/wp-content\/uploads\/2022\/07\/1992-Blikket008-copie-2-1030x700.webp 1030w, https:\/\/www.sarkis.fr\/wp-content\/uploads\/2022\/07\/1992-Blikket008-copie-2-768x522.webp 768w\" sizes=\"auto, (max-width: 1200px) 100vw, 1200px\" \/>                                                        <figcaption>\n                                <div class=\"title-wrapper\">\n                                    <h3>Blikket<\/h3>\n                                    <p class=\"afg-metadata\">\n\t\t\t<span class=\"place\">Tapko, Copenhague<\/span>\t\t<span class=\"dates\">27 Nov &#8211; 19 Dec 1992<\/span><span class=\"solo\">Solo<\/span><\/p>\n                                <\/div>\n                                <div class=\"post-link\">\n                                    <p class=\"link\"><a href=\"https:\/\/www.sarkis.fr\/en\/1992\/blikket\/\" title=\"Blikket\">See exhibition page<\/a><\/p>\n                                    <p class=\"afg-metadatas\">1 more image<\/p>\n                                <\/div>\n                            <\/figcaption>\n                                           <\/figure>\n                                    <figure class=\"swiper-slide\" data-post-id=\"post-3533\">\n                                                                                    <img loading=\"lazy\" decoding=\"async\" width=\"1200\" height=\"799\" src=\"https:\/\/www.sarkis.fr\/wp-content\/uploads\/2022\/07\/19380004-copie.webp\" class=\"attachment-full size-full\" alt=\"\" srcset=\"https:\/\/www.sarkis.fr\/wp-content\/uploads\/2022\/07\/19380004-copie.webp 1200w, https:\/\/www.sarkis.fr\/wp-content\/uploads\/2022\/07\/19380004-copie-300x200.webp 300w, https:\/\/www.sarkis.fr\/wp-content\/uploads\/2022\/07\/19380004-copie-1030x686.webp 1030w, https:\/\/www.sarkis.fr\/wp-content\/uploads\/2022\/07\/19380004-copie-768x511.webp 768w\" sizes=\"auto, (max-width: 1200px) 100vw, 1200px\" \/>                                                        <figcaption>\n                                <div class=\"title-wrapper\">\n                                    <h3>19380<\/h3>\n                                    <p class=\"afg-metadata\">\n\t\t\t<span class=\"place\">Galerie de Paris<\/span>\t\t<span class=\"dates\">12 Sep &#8211; 10 Oct 1992<\/span><span class=\"solo\">Solo<\/span><\/p>\n                                <\/div>\n                                <div class=\"post-link\">\n                                    <p class=\"link\"><a href=\"https:\/\/www.sarkis.fr\/en\/1992\/19380\/\" title=\"19380\">See exhibition page<\/a><\/p>\n                                    <p class=\"afg-metadatas\">2 more images<\/p>\n                                <\/div>\n                            <\/figcaption>\n                                           <\/figure>\n                                    <figure class=\"swiper-slide\" data-post-id=\"post-258\">\n                                                                                    <img loading=\"lazy\" decoding=\"async\" width=\"800\" height=\"513\" src=\"https:\/\/www.sarkis.fr\/wp-content\/uploads\/2009\/06\/Sarkis_1992-Utrecht.jpg\" class=\"attachment-full size-full\" alt=\"Sarkis_1992-Utrecht\" srcset=\"https:\/\/www.sarkis.fr\/wp-content\/uploads\/2009\/06\/Sarkis_1992-Utrecht.jpg 800w, https:\/\/www.sarkis.fr\/wp-content\/uploads\/2009\/06\/Sarkis_1992-Utrecht-300x192.jpg 300w\" sizes=\"auto, (max-width: 800px) 100vw, 800px\" \/>                                                        <figcaption>\n                                <div class=\"title-wrapper\">\n                                    <h3>Sc\u00e8nes de nuit, de jours<\/h3>\n                                    <p class=\"afg-metadata\">\n\t\t\t<span class=\"place\">Centraal Museum, Utrecht<\/span>\t\t<span class=\"dates\">10 Apr &#8211; 7 Jun 1992<\/span><span class=\"solo\">Solo<\/span><\/p>\n                                <\/div>\n                                <div class=\"post-link\">\n                                    <p class=\"link\"><a href=\"https:\/\/www.sarkis.fr\/en\/1992\/scenes-de-nuit-de-jours\/\" title=\"Sc\u00e8nes de nuit, de jours\">See exhibition page<\/a><\/p>\n                                    <p class=\"afg-metadatas\">No more image<\/p>\n                                <\/div>\n                            <\/figcaption>\n                                           <\/figure>\n                                    <figure class=\"swiper-slide\" data-post-id=\"post-250\">\n                                                                                    <img loading=\"lazy\" decoding=\"async\" width=\"800\" height=\"621\" src=\"https:\/\/www.sarkis.fr\/wp-content\/uploads\/2009\/06\/Sarkis_1991-Den-Haag.jpg\" class=\"attachment-full size-full\" alt=\"Sarkis_1991-Den-Haag\" srcset=\"https:\/\/www.sarkis.fr\/wp-content\/uploads\/2009\/06\/Sarkis_1991-Den-Haag.jpg 800w, https:\/\/www.sarkis.fr\/wp-content\/uploads\/2009\/06\/Sarkis_1991-Den-Haag-300x233.jpg 300w\" sizes=\"auto, (max-width: 800px) 100vw, 800px\" \/>                                                        <figcaption>\n                                <div class=\"title-wrapper\">\n                                    <h3>Rhizome<\/h3>\n                                    <p class=\"afg-metadata\">\n\t\t\t<span class=\"place\">Haags Gemeentemuseum, Den Haag<\/span>\t\t<span class=\"dates\">25 Nov &#8211; 19 Jan 1991<\/span><\/p>\n                                <\/div>\n                                <div class=\"post-link\">\n                                    <p class=\"link\"><a href=\"https:\/\/www.sarkis.fr\/en\/1991\/rhizome\/\" title=\"Rhizome\">See exhibition page<\/a><\/p>\n                                    <p class=\"afg-metadatas\">No more image<\/p>\n                                <\/div>\n                            <\/figcaption>\n                                           <\/figure>\n                                    <figure class=\"swiper-slide\" data-post-id=\"post-248\">\n                                                                                    <img loading=\"lazy\" decoding=\"async\" width=\"800\" height=\"515\" src=\"https:\/\/www.sarkis.fr\/wp-content\/uploads\/2009\/06\/Sarkis_1991-Biennale-Lyon.jpg\" class=\"attachment-full size-full\" alt=\"Sarkis_1991-Biennale-Lyon\" srcset=\"https:\/\/www.sarkis.fr\/wp-content\/uploads\/2009\/06\/Sarkis_1991-Biennale-Lyon.jpg 800w, https:\/\/www.sarkis.fr\/wp-content\/uploads\/2009\/06\/Sarkis_1991-Biennale-Lyon-300x193.jpg 300w\" sizes=\"auto, (max-width: 800px) 100vw, 800px\" \/>                                                        <figcaption>\n                                <div class=\"title-wrapper\">\n                                    <h3>Paysage (br\u00fbl\u00e9)<\/h3>\n                                    <p class=\"afg-metadata\">\n\t\t\t<span class=\"place\">Halle Tony Garnier, Biennale d\u2019Art Contemporain, Lyon<\/span>\t\t<span class=\"dates\">1 Sep &#8211; 13 Oct 1991<\/span><span class=\"solo\">Solo<\/span><\/p>\n                                <\/div>\n                                <div class=\"post-link\">\n                                    <p class=\"link\"><a href=\"https:\/\/www.sarkis.fr\/en\/1991\/paysage-brule-2\/\" title=\"Paysage (br\u00fbl\u00e9)\">See exhibition page<\/a><\/p>\n                                    <p class=\"afg-metadatas\">No more image<\/p>\n                                <\/div>\n                            <\/figcaption>\n                                           <\/figure>\n                                    <figure class=\"swiper-slide\" data-post-id=\"post-254\">\n                                                                                    <img loading=\"lazy\" decoding=\"async\" width=\"800\" height=\"522\" src=\"https:\/\/www.sarkis.fr\/wp-content\/uploads\/2009\/06\/Sarkis_1991-Le-Moulin-Albigeois-2.jpg\" class=\"attachment-full size-full\" alt=\"Sarkis_1991-Le-Moulin-Albigeois-2\" srcset=\"https:\/\/www.sarkis.fr\/wp-content\/uploads\/2009\/06\/Sarkis_1991-Le-Moulin-Albigeois-2.jpg 800w, https:\/\/www.sarkis.fr\/wp-content\/uploads\/2009\/06\/Sarkis_1991-Le-Moulin-Albigeois-2-300x196.jpg 300w\" sizes=\"auto, (max-width: 800px) 100vw, 800px\" \/>                                                        <figcaption>\n                                <div class=\"title-wrapper\">\n                                    <h3>Les douze rues des chambres brul\u00e9es (la cit\u00e9 Leidschatz)<\/h3>\n                                    <p class=\"afg-metadata\">\n\t\t\t<span class=\"place\">Cimaise et Portique, Les moulins albigeois, Albi<\/span>\t\t<span class=\"dates\">29 Jun &#8211; 29 Sep 1991<\/span><span class=\"solo\">Solo<\/span><\/p>\n                                <\/div>\n                                <div class=\"post-link\">\n                                    <p class=\"link\"><a href=\"https:\/\/www.sarkis.fr\/en\/1991\/les-douze-rues-des-chambres-brulees-la-cite-leidschatz\/\" title=\"Les douze rues des chambres brul\u00e9es (la cit\u00e9 Leidschatz)\">See exhibition page<\/a><\/p>\n                                    <p class=\"afg-metadatas\">No more image<\/p>\n                                <\/div>\n                            <\/figcaption>\n                                           <\/figure>\n                                    <figure class=\"swiper-slide\" data-post-id=\"post-3544\">\n                                                                                    <img loading=\"lazy\" decoding=\"async\" width=\"1200\" height=\"778\" src=\"https:\/\/www.sarkis.fr\/wp-content\/uploads\/2022\/07\/1991-Night-Lines.webp\" class=\"attachment-full size-full\" alt=\"\" srcset=\"https:\/\/www.sarkis.fr\/wp-content\/uploads\/2022\/07\/1991-Night-Lines.webp 1200w, https:\/\/www.sarkis.fr\/wp-content\/uploads\/2022\/07\/1991-Night-Lines-300x195.webp 300w, https:\/\/www.sarkis.fr\/wp-content\/uploads\/2022\/07\/1991-Night-Lines-1030x668.webp 1030w, https:\/\/www.sarkis.fr\/wp-content\/uploads\/2022\/07\/1991-Night-Lines-768x498.webp 768w\" sizes=\"auto, (max-width: 1200px) 100vw, 1200px\" \/>                                                        <figcaption>\n                                <div class=\"title-wrapper\">\n                                    <h3>Night Lines<\/h3>\n                                    <p class=\"afg-metadata\">\n\t\t\t<span class=\"place\">Centraal Museum, Utrecht<\/span>\t\t<span class=\"dates\">26 Apr 1991 &#8211; 24 Jan 1970<\/span><\/p>\n                                <\/div>\n                                <div class=\"post-link\">\n                                    <p class=\"link\"><a href=\"https:\/\/www.sarkis.fr\/en\/1991\/night-lines\/\" title=\"Night Lines\">See exhibition page<\/a><\/p>\n                                    <p class=\"afg-metadatas\">No more image<\/p>\n                                <\/div>\n                            <\/figcaption>\n                                           <\/figure>\n                                    <figure class=\"swiper-slide\" data-post-id=\"post-242\">\n                                                                                    <img loading=\"lazy\" decoding=\"async\" width=\"751\" height=\"491\" src=\"https:\/\/www.sarkis.fr\/wp-content\/uploads\/2009\/06\/sarkis-1990-elle-danse-dans-l-atelier-de-sarkis-avec-le-quatuor-n-15-de-dmitri-shostakovitch.jpg\" class=\"attachment-full size-full\" alt=\"sarkis-1990-elle-danse-dans-l-atelier-de-sarkis-avec-le-quatuor-n-15-de-dmitri-shostakovitch\" srcset=\"https:\/\/www.sarkis.fr\/wp-content\/uploads\/2009\/06\/sarkis-1990-elle-danse-dans-l-atelier-de-sarkis-avec-le-quatuor-n-15-de-dmitri-shostakovitch.jpg 751w, https:\/\/www.sarkis.fr\/wp-content\/uploads\/2009\/06\/sarkis-1990-elle-danse-dans-l-atelier-de-sarkis-avec-le-quatuor-n-15-de-dmitri-shostakovitch-300x196.jpg 300w\" sizes=\"auto, (max-width: 751px) 100vw, 751px\" \/>                                                        <figcaption>\n                                <div class=\"title-wrapper\">\n                                    <h3>Elle danse dans l\u2019atelier de Sarkis avec le Quatuor n\u00b015 de Dmitri Shostakovitch<\/h3>\n                                    <p class=\"afg-metadata\">\n\t\t\t<span class=\"place\">Galerie de Paris<\/span>\t\t<span class=\"dates\">13 Oct &#8211; 13 Nov 1990<\/span><span class=\"solo\">Solo<\/span><\/p>\n                                <\/div>\n                                <div class=\"post-link\">\n                                    <p class=\"link\"><a href=\"https:\/\/www.sarkis.fr\/en\/1990\/elle-danse-dans-latelier-de-sarkis-avec-le-quatuor-nd15-de-dmitri-shostakovitch\/\" title=\"Elle danse dans l\u2019atelier de Sarkis avec le Quatuor n\u00b015 de Dmitri Shostakovitch\">See exhibition page<\/a><\/p>\n                                    <p class=\"afg-metadatas\">No more image<\/p>\n                                <\/div>\n                            <\/figcaption>\n                                           <\/figure>\n                                    <figure class=\"swiper-slide\" data-post-id=\"post-246\">\n                                                                                    <img loading=\"lazy\" decoding=\"async\" width=\"800\" height=\"521\" src=\"https:\/\/www.sarkis.fr\/wp-content\/uploads\/2009\/06\/Sarkis_1990-Rewriting-Histotr-Kettles-Yard-Cambrige.jpg\" class=\"attachment-full size-full\" alt=\"Sarkis_1990-Rewriting-Histotr-Kettles-Yard-Cambrige\" srcset=\"https:\/\/www.sarkis.fr\/wp-content\/uploads\/2009\/06\/Sarkis_1990-Rewriting-Histotr-Kettles-Yard-Cambrige.jpg 800w, https:\/\/www.sarkis.fr\/wp-content\/uploads\/2009\/06\/Sarkis_1990-Rewriting-Histotr-Kettles-Yard-Cambrige-300x195.jpg 300w\" sizes=\"auto, (max-width: 800px) 100vw, 800px\" \/>                                                        <figcaption>\n                                <div class=\"title-wrapper\">\n                                    <h3>Re-Writing History, Kettle\u2019s Yard Gallery<\/h3>\n                                    <p class=\"afg-metadata\">\n\t\t\t<span class=\"place\">Cambridge &#8211; Anthony Reynolds Gallery, London<\/span>\t\t<span class=\"dates\">29 Sep 1990 &#8211; 6 Jan 1991<\/span><\/p>\n\t<p class=\"afg-title-notes\">\n\t\tCambridge, 29 sep &#8211; 4 nov &#8211; Anthony Reynolds Gallery, 14 nov &#8211; 6 jan\t<\/p>\t\n                                <\/div>\n                                <div class=\"post-link\">\n                                    <p class=\"link\"><a href=\"https:\/\/www.sarkis.fr\/en\/1990\/re-writing-history-kettle-s-yard-gallery\/\" title=\"Re-Writing History, Kettle\u2019s Yard Gallery\">See exhibition page<\/a><\/p>\n                                    <p class=\"afg-metadatas\">No more image<\/p>\n                                <\/div>\n                            <\/figcaption>\n                                           <\/figure>\n                                    <figure class=\"swiper-slide\" data-post-id=\"post-244\">\n                                                                                    <img loading=\"lazy\" decoding=\"async\" width=\"800\" height=\"524\" src=\"https:\/\/www.sarkis.fr\/wp-content\/uploads\/2009\/06\/Sarkis_1990-Muse-Russe-Leningrad.jpg\" class=\"attachment-full size-full\" alt=\"Sarkis_1990-Muse-Russe-Leningrad\" srcset=\"https:\/\/www.sarkis.fr\/wp-content\/uploads\/2009\/06\/Sarkis_1990-Muse-Russe-Leningrad.jpg 800w, https:\/\/www.sarkis.fr\/wp-content\/uploads\/2009\/06\/Sarkis_1990-Muse-Russe-Leningrad-300x197.jpg 300w\" sizes=\"auto, (max-width: 800px) 100vw, 800px\" \/>                                                        <figcaption>\n                                <div class=\"title-wrapper\">\n                                    <h3>Les territoires de l&#8217;Art<\/h3>\n                                    <p class=\"afg-metadata\">\n\t\t\t<span class=\"place\">Mus\u00e9e Russe, Leningrad<\/span>\t\t<span class=\"dates\">1 Jun &#8211; 15 Jul 1990<\/span><\/p>\n                                <\/div>\n                                <div class=\"post-link\">\n                                    <p class=\"link\"><a href=\"https:\/\/www.sarkis.fr\/en\/1990\/les-territoires-de-lart\/\" title=\"Les territoires de l&#8217;Art\">See exhibition page<\/a><\/p>\n                                    <p class=\"afg-metadatas\">No more image<\/p>\n                                <\/div>\n                            <\/figcaption>\n                                           <\/figure>\n                                    <figure class=\"swiper-slide\" data-post-id=\"post-80\">\n                                                                                    <img loading=\"lazy\" decoding=\"async\" width=\"749\" height=\"503\" src=\"https:\/\/www.sarkis.fr\/wp-content\/uploads\/2009\/05\/sarkis-1990-ma-chambre-de-la-rue-krutenau-a-san-lazzaro-la-2eme-interpretation.jpg\" class=\"attachment-full size-full\" alt=\"sarkis-1990-ma-chambre-de-la-rue-krutenau-a-san-lazzaro-la-2eme-interpretation\" srcset=\"https:\/\/www.sarkis.fr\/wp-content\/uploads\/2009\/05\/sarkis-1990-ma-chambre-de-la-rue-krutenau-a-san-lazzaro-la-2eme-interpretation.jpg 749w, https:\/\/www.sarkis.fr\/wp-content\/uploads\/2009\/05\/sarkis-1990-ma-chambre-de-la-rue-krutenau-a-san-lazzaro-la-2eme-interpretation-300x201.jpg 300w\" sizes=\"auto, (max-width: 749px) 100vw, 749px\" \/>                                                        <figcaption>\n                                <div class=\"title-wrapper\">\n                                    <h3>Ma Chambre de la Rue Krutenau \u00e0 San Lazzaro, (La 2\u00e8me Interpr\u00e9tation).<\/h3>\n                                    <p class=\"afg-metadata\">\n\t\t\t<span class=\"place\">San Lazzaro dei Armeni, Biennale de Venise<\/span>\t\t<span class=\"dates\">23 May &#8211; 30 Sep 1990<\/span><span class=\"solo\">Solo<\/span><\/p>\n                                <\/div>\n                                <div class=\"post-link\">\n                                    <p class=\"link\"><a href=\"https:\/\/www.sarkis.fr\/en\/1990\/ma-chambre-de-la-rue-krutenau-a-1990-san-lazzaro-la-2eme-interpretation\/\" title=\"Ma Chambre de la Rue Krutenau \u00e0 San Lazzaro, (La 2\u00e8me Interpr\u00e9tation).\">See exhibition page<\/a><\/p>\n                                    <p class=\"afg-metadatas\">No more image<\/p>\n                                <\/div>\n                            <\/figcaption>\n                                           <\/figure>\n                                    <figure class=\"swiper-slide\" data-post-id=\"post-370\">\n                                                                                    <img loading=\"lazy\" decoding=\"async\" width=\"601\" height=\"800\" src=\"https:\/\/www.sarkis.fr\/wp-content\/uploads\/2009\/06\/Sarkis_1990-AVIZE-.jpg\" class=\"attachment-full size-full\" alt=\"Sarkis_1990-AVIZE-\" srcset=\"https:\/\/www.sarkis.fr\/wp-content\/uploads\/2009\/06\/Sarkis_1990-AVIZE-.jpg 601w, https:\/\/www.sarkis.fr\/wp-content\/uploads\/2009\/06\/Sarkis_1990-AVIZE--225x300.jpg 225w\" sizes=\"auto, (max-width: 601px) 100vw, 601px\" \/>                                                        <figcaption>\n                                <div class=\"title-wrapper\">\n                                    <h3>II Biennale d&#8217;Istanbul<\/h3>\n                                    <p class=\"afg-metadata\">\n\t\t\t<span class=\"place\">Mus\u00e9e Sainte Sophie, Istanbul<\/span>\t\t<span class=\"dates\">29 Sep &#8211; 31 Oct 1989<\/span><\/p>\n                                <\/div>\n                                <div class=\"post-link\">\n                                    <p class=\"link\"><a href=\"https:\/\/www.sarkis.fr\/en\/1989\/ii-biennale-distanbul\/\" title=\"II Biennale d&#8217;Istanbul\">See exhibition page<\/a><\/p>\n                                    <p class=\"afg-metadatas\">No more image<\/p>\n                                <\/div>\n                            <\/figcaption>\n                                           <\/figure>\n                                    <figure class=\"swiper-slide\" data-post-id=\"post-3561\">\n                                                                                    <img loading=\"lazy\" decoding=\"async\" width=\"1200\" height=\"778\" src=\"https:\/\/www.sarkis.fr\/wp-content\/uploads\/2022\/07\/1989-VALMY-Naissance-dune-Nation-Valmy.webp\" class=\"attachment-full size-full\" alt=\"\" srcset=\"https:\/\/www.sarkis.fr\/wp-content\/uploads\/2022\/07\/1989-VALMY-Naissance-dune-Nation-Valmy.webp 1200w, https:\/\/www.sarkis.fr\/wp-content\/uploads\/2022\/07\/1989-VALMY-Naissance-dune-Nation-Valmy-300x195.webp 300w, https:\/\/www.sarkis.fr\/wp-content\/uploads\/2022\/07\/1989-VALMY-Naissance-dune-Nation-Valmy-1030x668.webp 1030w, https:\/\/www.sarkis.fr\/wp-content\/uploads\/2022\/07\/1989-VALMY-Naissance-dune-Nation-Valmy-768x498.webp 768w\" sizes=\"auto, (max-width: 1200px) 100vw, 1200px\" \/>                                                        <figcaption>\n                                <div class=\"title-wrapper\">\n                                    <h3>VALMY<\/h3>\n                                    <p class=\"afg-metadata\">\n\t\t\t<span class=\"place\">Naissance d\u2019une Nation, Valmy<\/span>\t\t<span class=\"dates\">16 Sep &#8211; 24 Sep 1989<\/span><\/p>\n                                <\/div>\n                                <div class=\"post-link\">\n                                    <p class=\"link\"><a href=\"https:\/\/www.sarkis.fr\/en\/1989\/valmy\/\" title=\"VALMY\">See exhibition page<\/a><\/p>\n                                    <p class=\"afg-metadatas\">2 more images<\/p>\n                                <\/div>\n                            <\/figcaption>\n                                           <\/figure>\n                                    <figure class=\"swiper-slide\" data-post-id=\"post-236\">\n                                                                                    <img loading=\"lazy\" decoding=\"async\" width=\"800\" height=\"529\" src=\"https:\/\/www.sarkis.fr\/wp-content\/uploads\/2009\/05\/Sarkis_1989-Caylak-Sokak-au-Les-Magiciens-de-la-Terr-Centre-Georges-Pompidou.jpg\" class=\"attachment-full size-full\" alt=\"Sarkis_1989-Caylak-Sokak-au-Les-Magiciens-de-la-Terr-Centre-Georges-Pompidou\" srcset=\"https:\/\/www.sarkis.fr\/wp-content\/uploads\/2009\/05\/Sarkis_1989-Caylak-Sokak-au-Les-Magiciens-de-la-Terr-Centre-Georges-Pompidou.jpg 800w, https:\/\/www.sarkis.fr\/wp-content\/uploads\/2009\/05\/Sarkis_1989-Caylak-Sokak-au-Les-Magiciens-de-la-Terr-Centre-Georges-Pompidou-300x198.jpg 300w\" sizes=\"auto, (max-width: 800px) 100vw, 800px\" \/>                                                        <figcaption>\n                                <div class=\"title-wrapper\">\n                                    <h3>Les Magiciens de la Terre<\/h3>\n                                    <p class=\"afg-metadata\">\n\t\t\t<span class=\"place\">Centre Georges Pompidou, Paris &#8211; Grande Halle de la Villette, Paris<\/span>\t\t<span class=\"dates\">18 May &#8211; 14 Aug 1989<\/span><\/p>\n                                <\/div>\n                                <div class=\"post-link\">\n                                    <p class=\"link\"><a href=\"https:\/\/www.sarkis.fr\/en\/1989\/les-magiciens-de-la-terre\/\" title=\"Les Magiciens de la Terre\">See exhibition page<\/a><\/p>\n                                    <p class=\"afg-metadatas\">No more image<\/p>\n                                <\/div>\n                            <\/figcaption>\n                                           <\/figure>\n                                    <figure class=\"swiper-slide\" data-post-id=\"post-240\">\n                                                                                    <img loading=\"lazy\" decoding=\"async\" width=\"800\" height=\"532\" src=\"https:\/\/www.sarkis.fr\/wp-content\/uploads\/2009\/05\/Sarkis_1989-Muse-Wirtz-Bruxelles.jpg\" class=\"attachment-full size-full\" alt=\"Sarkis_1989-Muse-Wirtz-Bruxelles\" srcset=\"https:\/\/www.sarkis.fr\/wp-content\/uploads\/2009\/05\/Sarkis_1989-Muse-Wirtz-Bruxelles.jpg 800w, https:\/\/www.sarkis.fr\/wp-content\/uploads\/2009\/05\/Sarkis_1989-Muse-Wirtz-Bruxelles-300x200.jpg 300w\" sizes=\"auto, (max-width: 800px) 100vw, 800px\" \/>                                                        <figcaption>\n                                <div class=\"title-wrapper\">\n                                    <h3>Le Forgeron en masque de Sarkis en rouge et vert regarde l\u2019Atelier de Antoine Wiertz<\/h3>\n                                    <p class=\"afg-metadata\">\n\t\t\t<span class=\"place\">Mus\u00e9e Antoine Wiertz, Bruxelles<\/span>\t\t<span class=\"dates\">27 Apr &#8211; 28 May 1989<\/span><span class=\"solo\">Solo<\/span><\/p>\n                                <\/div>\n                                <div class=\"post-link\">\n                                    <p class=\"link\"><a href=\"https:\/\/www.sarkis.fr\/en\/1989\/le-forgeron-en-masque-de-sarkis-en-rouge-et-vert-regarde-latelier-de-antoine-wiertz\/\" title=\"Le Forgeron en masque de Sarkis en rouge et vert regarde l\u2019Atelier de Antoine Wiertz\">See exhibition page<\/a><\/p>\n                                    <p class=\"afg-metadatas\">No more image<\/p>\n                                <\/div>\n                            <\/figcaption>\n                                           <\/figure>\n                                    <figure class=\"swiper-slide\" data-post-id=\"post-238\">\n                                                                                    <img loading=\"lazy\" decoding=\"async\" width=\"739\" height=\"448\" src=\"https:\/\/www.sarkis.fr\/wp-content\/uploads\/2009\/05\/sarkis-1989-ma-chambre-de-la-rue-krutenau-en-satellite-et-103-aquarelles.jpg\" class=\"attachment-full size-full\" alt=\"sarkis-1989-ma-chambre-de-la-rue-krutenau-en-satellite-et-103-aquarelles\" srcset=\"https:\/\/www.sarkis.fr\/wp-content\/uploads\/2009\/05\/sarkis-1989-ma-chambre-de-la-rue-krutenau-en-satellite-et-103-aquarelles.jpg 739w, https:\/\/www.sarkis.fr\/wp-content\/uploads\/2009\/05\/sarkis-1989-ma-chambre-de-la-rue-krutenau-en-satellite-et-103-aquarelles-300x182.jpg 300w\" sizes=\"auto, (max-width: 739px) 100vw, 739px\" \/>                                                        <figcaption>\n                                <div class=\"title-wrapper\">\n                                    <h3>Ma Chambre de la Rue Krutenau en Satellite et 103 Aquarelles<\/h3>\n                                    <p class=\"afg-metadata\">\n\t\t\t<span class=\"place\">L\u2019Ancienne Douane, Strasbourg<\/span>\t\t<span class=\"dates\">14 Apr &#8211; 2 Jul 1989<\/span><span class=\"solo\">Solo<\/span><\/p>\n                                <\/div>\n                                <div class=\"post-link\">\n                                    <p class=\"link\"><a href=\"https:\/\/www.sarkis.fr\/en\/1989\/ma-chambre-de-la-rue-krutenau-en-satellite-et-103-aquarelles\/\" title=\"Ma Chambre de la Rue Krutenau en Satellite et 103 Aquarelles\">See exhibition page<\/a><\/p>\n                                    <p class=\"afg-metadatas\">No more image<\/p>\n                                <\/div>\n                            <\/figcaption>\n                                           <\/figure>\n                                    <figure class=\"swiper-slide\" data-post-id=\"post-234\">\n                                                                                    <img loading=\"lazy\" decoding=\"async\" width=\"800\" height=\"541\" src=\"https:\/\/www.sarkis.fr\/wp-content\/uploads\/2009\/05\/Sarkis_1989-3-Ikones-en-non-galerie-Pailhas-Marseille.jpg\" class=\"attachment-full size-full\" alt=\"Sarkis_1989-3-Ikones-en-non-galerie-Pailhas-Marseille\" srcset=\"https:\/\/www.sarkis.fr\/wp-content\/uploads\/2009\/05\/Sarkis_1989-3-Ikones-en-non-galerie-Pailhas-Marseille.jpg 800w, https:\/\/www.sarkis.fr\/wp-content\/uploads\/2009\/05\/Sarkis_1989-3-Ikones-en-non-galerie-Pailhas-Marseille-300x203.jpg 300w\" sizes=\"auto, (max-width: 800px) 100vw, 800px\" \/>                                                        <figcaption>\n                                <div class=\"title-wrapper\">\n                                    <h3>3 Ic\u00f4nes en N\u00e9on<\/h3>\n                                    <p class=\"afg-metadata\">\n\t\t\t<span class=\"place\">Galerie Roger Pailhas, Marseille<\/span>\t\t<span class=\"dates\">11 Mar &#8211; 11 Apr 1989<\/span><span class=\"solo\">Solo<\/span><\/p>\n                                <\/div>\n                                <div class=\"post-link\">\n                                    <p class=\"link\"><a href=\"https:\/\/www.sarkis.fr\/en\/1989\/3-icones-en-neon\/\" title=\"3 Ic\u00f4nes en N\u00e9on\">See exhibition page<\/a><\/p>\n                                    <p class=\"afg-metadatas\">No more image<\/p>\n                                <\/div>\n                            <\/figcaption>\n                                           <\/figure>\n                                    <figure class=\"swiper-slide\" data-post-id=\"post-232\">\n                                                                                    <img loading=\"lazy\" decoding=\"async\" width=\"478\" height=\"735\" src=\"https:\/\/www.sarkis.fr\/wp-content\/uploads\/2009\/05\/sarkis-1989-le-forgeron-en-masque-de-sarkis-rouge-et-vert-visite-autun.jpg\" class=\"attachment-full size-full\" alt=\"sarkis-1989-le-forgeron-en-masque-de-sarkis-rouge-et-vert-visite-autun\" srcset=\"https:\/\/www.sarkis.fr\/wp-content\/uploads\/2009\/05\/sarkis-1989-le-forgeron-en-masque-de-sarkis-rouge-et-vert-visite-autun.jpg 478w, https:\/\/www.sarkis.fr\/wp-content\/uploads\/2009\/05\/sarkis-1989-le-forgeron-en-masque-de-sarkis-rouge-et-vert-visite-autun-195x300.jpg 195w\" sizes=\"auto, (max-width: 478px) 100vw, 478px\" \/>                                                        <figcaption>\n                                <div class=\"title-wrapper\">\n                                    <h3>Le Forgeron en masque de Sarkis, rouge et vert, visite Autun<\/h3>\n                                    <p class=\"afg-metadata\">\n\t\t\t<span class=\"place\">Chapelle Notre Dame des Bonnes-\u0152uvres, Autun<\/span>\t\t<span class=\"dates\">7 Jan 1989<\/span><span class=\"solo\">Solo<\/span><\/p>\n                                <\/div>\n                                <div class=\"post-link\">\n                                    <p class=\"link\"><a href=\"https:\/\/www.sarkis.fr\/en\/1989\/le-forgeron-en-masque-de-sarkis-rouge-et-vert-visite-autun\/\" title=\"Le Forgeron en masque de Sarkis, rouge et vert, visite Autun\">See exhibition page<\/a><\/p>\n                                    <p class=\"afg-metadatas\">No more image<\/p>\n                                <\/div>\n                            <\/figcaption>\n                                           <\/figure>\n                                    <figure class=\"swiper-slide\" data-post-id=\"post-230\">\n                                                                                    <img loading=\"lazy\" decoding=\"async\" width=\"515\" height=\"788\" src=\"https:\/\/www.sarkis.fr\/wp-content\/uploads\/2009\/05\/sarkis-1988-saturne-en-europe.jpg\" class=\"attachment-full size-full\" alt=\"sarkis-1988-saturne-en-europe\" srcset=\"https:\/\/www.sarkis.fr\/wp-content\/uploads\/2009\/05\/sarkis-1988-saturne-en-europe.jpg 515w, https:\/\/www.sarkis.fr\/wp-content\/uploads\/2009\/05\/sarkis-1988-saturne-en-europe-196x300.jpg 196w\" sizes=\"auto, (max-width: 515px) 100vw, 515px\" \/>                                                        <figcaption>\n                                <div class=\"title-wrapper\">\n                                    <h3>Saturne en Europe<\/h3>\n                                    <p class=\"afg-metadata\">\n\t\t\t<span class=\"place\">Les Mus\u00e9es de Strasbourg<\/span>\t\t<span class=\"dates\">17 Sep &#8211; 4 Dec 1988<\/span><\/p>\n                                <\/div>\n                                <div class=\"post-link\">\n                                    <p class=\"link\"><a href=\"https:\/\/www.sarkis.fr\/en\/1988\/saturne-en-europe\/\" title=\"Saturne en Europe\">See exhibition page<\/a><\/p>\n                                    <p class=\"afg-metadatas\">No more image<\/p>\n                                <\/div>\n                            <\/figcaption>\n                                           <\/figure>\n                                    <figure class=\"swiper-slide\" data-post-id=\"post-228\">\n                                                                                    <img loading=\"lazy\" decoding=\"async\" width=\"797\" height=\"510\" src=\"https:\/\/www.sarkis.fr\/wp-content\/uploads\/2009\/05\/sarkis-1988-sous-le-soleil.jpg\" class=\"attachment-full size-full\" alt=\"sarkis-1988-sous-le-soleil\" srcset=\"https:\/\/www.sarkis.fr\/wp-content\/uploads\/2009\/05\/sarkis-1988-sous-le-soleil.jpg 797w, https:\/\/www.sarkis.fr\/wp-content\/uploads\/2009\/05\/sarkis-1988-sous-le-soleil-300x192.jpg 300w, https:\/\/www.sarkis.fr\/wp-content\/uploads\/2009\/05\/sarkis-1988-sous-le-soleil-460x295.jpg 460w\" sizes=\"auto, (max-width: 797px) 100vw, 797px\" \/>                                                        <figcaption>\n                                <div class=\"title-wrapper\">\n                                    <h3>Sous le soleil<\/h3>\n                                    <p class=\"afg-metadata\">\n\t\t\t<span class=\"place\">Villa Arson, Nice<\/span>\t\t<span class=\"dates\">15 Jul 1988<\/span><\/p>\n                                <\/div>\n                                <div class=\"post-link\">\n                                    <p class=\"link\"><a href=\"https:\/\/www.sarkis.fr\/en\/1988\/sous-le-soleil\/\" title=\"Sous le soleil\">See exhibition page<\/a><\/p>\n                                    <p class=\"afg-metadatas\">No more image<\/p>\n                                <\/div>\n                            <\/figcaption>\n                                           <\/figure>\n                                    <figure class=\"swiper-slide\" data-post-id=\"post-226\">\n                                                                                    <img loading=\"lazy\" decoding=\"async\" width=\"800\" height=\"531\" src=\"https:\/\/www.sarkis.fr\/wp-content\/uploads\/2009\/05\/Sarkis_1988-Aalborg.jpg\" class=\"attachment-full size-full\" alt=\"Sarkis_1988-Aalborg\" srcset=\"https:\/\/www.sarkis.fr\/wp-content\/uploads\/2009\/05\/Sarkis_1988-Aalborg.jpg 800w, https:\/\/www.sarkis.fr\/wp-content\/uploads\/2009\/05\/Sarkis_1988-Aalborg-300x199.jpg 300w\" sizes=\"auto, (max-width: 800px) 100vw, 800px\" \/>                                                        <figcaption>\n                                <div class=\"title-wrapper\">\n                                    <h3>CLARTE<\/h3>\n                                    <p class=\"afg-metadata\">\n\t\t\t<span class=\"place\">Nordjyllands Kunstmuseum, Aalborg<\/span>\t\t<span class=\"dates\">1 Jul 1988<\/span><\/p>\n                                <\/div>\n                                <div class=\"post-link\">\n                                    <p class=\"link\"><a href=\"https:\/\/www.sarkis.fr\/en\/1988\/clarte\/\" title=\"CLARTE\">See exhibition page<\/a><\/p>\n                                    <p class=\"afg-metadatas\">No more image<\/p>\n                                <\/div>\n                            <\/figcaption>\n                                           <\/figure>\n                                    <figure class=\"swiper-slide\" data-post-id=\"post-78\">\n                                                                                    <img loading=\"lazy\" decoding=\"async\" width=\"800\" height=\"539\" src=\"https:\/\/www.sarkis.fr\/wp-content\/uploads\/2009\/05\/Sarkis_1987-Abbaye-de-Tournus.jpg\" class=\"attachment-full size-full\" alt=\"Sarkis_1987-Abbaye-de-Tournus\" srcset=\"https:\/\/www.sarkis.fr\/wp-content\/uploads\/2009\/05\/Sarkis_1987-Abbaye-de-Tournus.jpg 800w, https:\/\/www.sarkis.fr\/wp-content\/uploads\/2009\/05\/Sarkis_1987-Abbaye-de-Tournus-300x202.jpg 300w\" sizes=\"auto, (max-width: 800px) 100vw, 800px\" \/>                                                        <figcaption>\n                                <div class=\"title-wrapper\">\n                                    <h3>Salle Silencieuse Rouge et Verte.<\/h3>\n                                    <p class=\"afg-metadata\">\n\t\t\t<span class=\"place\">Cellier de l\u2019Abbaye de Tournus, Mus\u00e9e Greuze, Tournus<\/span>\t\t<span class=\"dates\">18 Oct &#8211; 18 Nov 1987<\/span><span class=\"solo\">Solo<\/span><\/p>\n                                <\/div>\n                                <div class=\"post-link\">\n                                    <p class=\"link\"><a href=\"https:\/\/www.sarkis.fr\/en\/1987\/1987-salle-silencieuse-rouge-et-verte\/\" title=\"Salle Silencieuse Rouge et Verte.\">See exhibition page<\/a><\/p>\n                                    <p class=\"afg-metadatas\">No more image<\/p>\n                                <\/div>\n                            <\/figcaption>\n                                           <\/figure>\n                                    <figure class=\"swiper-slide\" data-post-id=\"post-224\">\n                                                                                    <img loading=\"lazy\" decoding=\"async\" width=\"523\" height=\"788\" src=\"https:\/\/www.sarkis.fr\/wp-content\/uploads\/2009\/05\/sarkis-1987-capt-sarkis-invite-bocklin-a-t-kromhout-museum.jpg\" class=\"attachment-full size-full\" alt=\"sarkis-1987-capt-sarkis-invite-bocklin-a-t-kromhout-museum\" srcset=\"https:\/\/www.sarkis.fr\/wp-content\/uploads\/2009\/05\/sarkis-1987-capt-sarkis-invite-bocklin-a-t-kromhout-museum.jpg 523w, https:\/\/www.sarkis.fr\/wp-content\/uploads\/2009\/05\/sarkis-1987-capt-sarkis-invite-bocklin-a-t-kromhout-museum-199x300.jpg 199w\" sizes=\"auto, (max-width: 523px) 100vw, 523px\" \/>                                                        <figcaption>\n                                <div class=\"title-wrapper\">\n                                    <h3>Capt. Sarkis invite B\u00f6cklin \u00e0 T Kromhout Museum<\/h3>\n                                    <p class=\"afg-metadata\">\n\t\t\t<span class=\"place\">T KROMHOUT museum, Amsterdam<\/span>\t\t<span class=\"dates\">7 Aug &#8211; 14 Sep 1987<\/span><span class=\"solo\">Solo<\/span><\/p>\n                                <\/div>\n                                <div class=\"post-link\">\n                                    <p class=\"link\"><a href=\"https:\/\/www.sarkis.fr\/en\/1987\/capt-sarkis-invite-boecklin-a-t-kromhout-museum\/\" title=\"Capt. Sarkis invite B\u00f6cklin \u00e0 T Kromhout Museum\">See exhibition page<\/a><\/p>\n                                    <p class=\"afg-metadatas\">No more image<\/p>\n                                <\/div>\n                            <\/figcaption>\n                                           <\/figure>\n                                    <figure class=\"swiper-slide\" data-post-id=\"post-222\">\n                                                                                    <img loading=\"lazy\" decoding=\"async\" width=\"800\" height=\"526\" src=\"https:\/\/www.sarkis.fr\/wp-content\/uploads\/2009\/05\/Sarkis_1986-Chambre-Sourde-G.-Fabre-Paris.jpg\" class=\"attachment-full size-full\" alt=\"Sarkis_1986-Chambre-Sourde-G.-Fabre-Paris\" srcset=\"https:\/\/www.sarkis.fr\/wp-content\/uploads\/2009\/05\/Sarkis_1986-Chambre-Sourde-G.-Fabre-Paris.jpg 800w, https:\/\/www.sarkis.fr\/wp-content\/uploads\/2009\/05\/Sarkis_1986-Chambre-Sourde-G.-Fabre-Paris-300x197.jpg 300w\" sizes=\"auto, (max-width: 800px) 100vw, 800px\" \/>                                                        <figcaption>\n                                <div class=\"title-wrapper\">\n                                    <h3>Chambre Sourde<\/h3>\n                                    <p class=\"afg-metadata\">\n\t\t\t<span class=\"place\">Galerie de Paris<\/span>\t\t<span class=\"dates\">20 Sep &#8211; 31 Oct 1986<\/span><span class=\"solo\">Solo<\/span><\/p>\n                                <\/div>\n                                <div class=\"post-link\">\n                                    <p class=\"link\"><a href=\"https:\/\/www.sarkis.fr\/en\/1986\/chambre-sourde\/\" title=\"Chambre Sourde\">See exhibition page<\/a><\/p>\n                                    <p class=\"afg-metadatas\">No more image<\/p>\n                                <\/div>\n                            <\/figcaption>\n                                           <\/figure>\n                                    <figure class=\"swiper-slide\" data-post-id=\"post-220\">\n                                                                                    <img loading=\"lazy\" decoding=\"async\" width=\"800\" height=\"533\" src=\"https:\/\/www.sarkis.fr\/wp-content\/uploads\/2009\/05\/Sarkis_1986-Caylak-Sokak-Istanbul.jpg\" class=\"attachment-full size-full\" alt=\"Sarkis_1986-Caylak-Sokak-Istanbul\" srcset=\"https:\/\/www.sarkis.fr\/wp-content\/uploads\/2009\/05\/Sarkis_1986-Caylak-Sokak-Istanbul.jpg 800w, https:\/\/www.sarkis.fr\/wp-content\/uploads\/2009\/05\/Sarkis_1986-Caylak-Sokak-Istanbul-300x200.jpg 300w\" sizes=\"auto, (max-width: 800px) 100vw, 800px\" \/>                                                        <figcaption>\n                                <div class=\"title-wrapper\">\n                                    <h3>CAYLAK SOKAK<\/h3>\n                                    <p class=\"afg-metadata\">\n\t\t\t<span class=\"place\">Ma\u00e7ka Sanat Galerisi, Istanbul<\/span>\t\t<span class=\"dates\">25 Feb &#8211; 15 Mar 1986<\/span><span class=\"solo\">Solo<\/span><\/p>\n                                <\/div>\n                                <div class=\"post-link\">\n                                    <p class=\"link\"><a href=\"https:\/\/www.sarkis.fr\/en\/1986\/caylak-sokak-2\/\" title=\"CAYLAK SOKAK\">See exhibition page<\/a><\/p>\n                                    <p class=\"afg-metadatas\">No more image<\/p>\n                                <\/div>\n                            <\/figcaption>\n                                           <\/figure>\n                                    <figure class=\"swiper-slide\" data-post-id=\"post-218\">\n                                                                                    <img loading=\"lazy\" decoding=\"async\" width=\"800\" height=\"512\" src=\"https:\/\/www.sarkis.fr\/wp-content\/uploads\/2009\/05\/1985-Nouveau-Muse-Villeurbann.jpg\" class=\"attachment-full size-full\" alt=\"1985-Nouveau-Muse-Villeurbann\" srcset=\"https:\/\/www.sarkis.fr\/wp-content\/uploads\/2009\/05\/1985-Nouveau-Muse-Villeurbann.jpg 800w, https:\/\/www.sarkis.fr\/wp-content\/uploads\/2009\/05\/1985-Nouveau-Muse-Villeurbann-300x192.jpg 300w\" sizes=\"auto, (max-width: 800px) 100vw, 800px\" \/>                                                        <figcaption>\n                                <div class=\"title-wrapper\">\n                                    <h3>Les Tr\u00e9sors du Capt. Sarkis<\/h3>\n                                    <p class=\"afg-metadata\">\n\t\t\t<span class=\"place\">Le Nouveau Mus\u00e9e, Villeurbanne<\/span>\t\t<span class=\"dates\">20 Sep &#8211; 24 Nov 1985<\/span><span class=\"solo\">Solo<\/span><\/p>\n                                <\/div>\n                                <div class=\"post-link\">\n                                    <p class=\"link\"><a href=\"https:\/\/www.sarkis.fr\/en\/1985\/les-tresors-du-capt-sarkis\/\" title=\"Les Tr\u00e9sors du Capt. Sarkis\">See exhibition page<\/a><\/p>\n                                    <p class=\"afg-metadatas\">No more image<\/p>\n                                <\/div>\n                            <\/figcaption>\n                                           <\/figure>\n                                    <figure class=\"swiper-slide\" data-post-id=\"post-216\">\n                                                                                    <img loading=\"lazy\" decoding=\"async\" width=\"800\" height=\"525\" src=\"https:\/\/www.sarkis.fr\/wp-content\/uploads\/2009\/05\/Sarkis_1985-Trio-Genve.jpg\" class=\"attachment-full size-full\" alt=\"Sarkis_1985-Trio-Genve\" srcset=\"https:\/\/www.sarkis.fr\/wp-content\/uploads\/2009\/05\/Sarkis_1985-Trio-Genve.jpg 800w, https:\/\/www.sarkis.fr\/wp-content\/uploads\/2009\/05\/Sarkis_1985-Trio-Genve-300x197.jpg 300w\" sizes=\"auto, (max-width: 800px) 100vw, 800px\" \/>                                                        <figcaption>\n                                <div class=\"title-wrapper\">\n                                    <h3>Trio avec Piano Kriegsschatz, Viola d\u2019Amour, Fl\u00fbte de Guatemala devant le D\u00e9cor des 3 Expositions de Sarkis au Centre d\u2019Art Contemporain<\/h3>\n                                    <p class=\"afg-metadata\">\n\t\t\t<span class=\"place\">Centre d\u2019Art Contemporain de Gen\u00e8ve<\/span>\t\t<span class=\"dates\">13 Sep &#8211; 20 Oct 1985<\/span><span class=\"solo\">Solo<\/span><\/p>\n                                <\/div>\n                                <div class=\"post-link\">\n                                    <p class=\"link\"><a href=\"https:\/\/www.sarkis.fr\/en\/1985\/trio-avec-piano-kriegsschatz-viola-damour-flute-de-guatemala-devant-le-decor-des-3-expositions-de-sarkis-au-centre-dart-contemporain\/\" title=\"Trio avec Piano Kriegsschatz, Viola d\u2019Amour, Fl\u00fbte de Guatemala devant le D\u00e9cor des 3 Expositions de Sarkis au Centre d\u2019Art Contemporain\">See exhibition page<\/a><\/p>\n                                    <p class=\"afg-metadatas\">No more image<\/p>\n                                <\/div>\n                            <\/figcaption>\n                                           <\/figure>\n                                    <figure class=\"swiper-slide\" data-post-id=\"post-214\">\n                                                                                    <img loading=\"lazy\" decoding=\"async\" width=\"800\" height=\"536\" src=\"https:\/\/www.sarkis.fr\/wp-content\/uploads\/2009\/05\/1985-Kunsthalle-Bern.jpg\" class=\"attachment-full size-full\" alt=\"1985-Kunsthalle-Bern\" srcset=\"https:\/\/www.sarkis.fr\/wp-content\/uploads\/2009\/05\/1985-Kunsthalle-Bern.jpg 800w, https:\/\/www.sarkis.fr\/wp-content\/uploads\/2009\/05\/1985-Kunsthalle-Bern-300x201.jpg 300w\" sizes=\"auto, (max-width: 800px) 100vw, 800px\" \/>                                                        <figcaption>\n                                <div class=\"title-wrapper\">\n                                    <h3>Ma M\u00e9moire est ma Patrie<\/h3>\n                                    <p class=\"afg-metadata\">\n\t\t\t<span class=\"place\">Kunsthalle Bern<\/span>\t\t<span class=\"dates\">14 Jun &#8211; 18 Aug 1985<\/span><span class=\"solo\">Solo<\/span><\/p>\n                                <\/div>\n                                <div class=\"post-link\">\n                                    <p class=\"link\"><a href=\"https:\/\/www.sarkis.fr\/en\/1985\/1985-ma-memoire-est-ma-patrie\/\" title=\"Ma M\u00e9moire est ma Patrie\">See exhibition page<\/a><\/p>\n                                    <p class=\"afg-metadatas\">No more image<\/p>\n                                <\/div>\n                            <\/figcaption>\n                                           <\/figure>\n                                    <figure class=\"swiper-slide\" data-post-id=\"post-212\">\n                                                                                    <img loading=\"lazy\" decoding=\"async\" width=\"800\" height=\"531\" src=\"https:\/\/www.sarkis.fr\/wp-content\/uploads\/2009\/05\/1985-Nevers-Finlay_SarkisECCA.jpg\" class=\"attachment-full size-full\" alt=\"1985-Nevers-Finlay_SarkisECCA\" srcset=\"https:\/\/www.sarkis.fr\/wp-content\/uploads\/2009\/05\/1985-Nevers-Finlay_SarkisECCA.jpg 800w, https:\/\/www.sarkis.fr\/wp-content\/uploads\/2009\/05\/1985-Nevers-Finlay_SarkisECCA-300x199.jpg 300w\" sizes=\"auto, (max-width: 800px) 100vw, 800px\" \/>                                                        <figcaption>\n                                <div class=\"title-wrapper\">\n                                    <h3>Little Sparta &#038; Kriegsschatz  (Ian Hamilton Finlay &#8211; Sarkis)<\/h3>\n                                    <p class=\"afg-metadata\">\n\t\t\t<span class=\"place\">Apac, Chapelle Sainte-Marie, Nevers<\/span>\t\t<span class=\"dates\">9 Mar &#8211; 13 Apr 1985<\/span><span class=\"solo\">Solo<\/span><\/p>\n                                <\/div>\n                                <div class=\"post-link\">\n                                    <p class=\"link\"><a href=\"https:\/\/www.sarkis.fr\/en\/1985\/1985-little-sparta-a-kriegsschatz-ian-hamilton-finlay-sarkis\/\" title=\"Little Sparta &#038; Kriegsschatz  (Ian Hamilton Finlay &#8211; Sarkis)\">See exhibition page<\/a><\/p>\n                                    <p class=\"afg-metadatas\">No more image<\/p>\n                                <\/div>\n                            <\/figcaption>\n                                           <\/figure>\n                                    <figure class=\"swiper-slide\" data-post-id=\"post-210\">\n                                                                                    <img loading=\"lazy\" decoding=\"async\" width=\"800\" height=\"554\" src=\"https:\/\/www.sarkis.fr\/wp-content\/uploads\/2009\/05\/1984-DAAD-Berlin.jpg\" class=\"attachment-full size-full\" alt=\"1984-DAAD-Berlin\" srcset=\"https:\/\/www.sarkis.fr\/wp-content\/uploads\/2009\/05\/1984-DAAD-Berlin.jpg 800w, https:\/\/www.sarkis.fr\/wp-content\/uploads\/2009\/05\/1984-DAAD-Berlin-300x208.jpg 300w\" sizes=\"auto, (max-width: 800px) 100vw, 800px\" \/>                                                        <figcaption>\n                                <div class=\"title-wrapper\">\n                                    <h3>Der Anfang der Jahrhunderte<\/h3>\n                                    <p class=\"afg-metadata\">\n\t\t\t<span class=\"place\">DAAD Galerie, Berlin<\/span>\t\t<span class=\"dates\">23 Mar &#8211; 23 May 1984<\/span><span class=\"solo\">Solo<\/span><\/p>\n                                <\/div>\n                                <div class=\"post-link\">\n                                    <p class=\"link\"><a href=\"https:\/\/www.sarkis.fr\/en\/1984\/1984-der-anfang-der-jahrhunderte\/\" title=\"Der Anfang der Jahrhunderte\">See exhibition page<\/a><\/p>\n                                    <p class=\"afg-metadatas\">No more image<\/p>\n                                <\/div>\n                            <\/figcaption>\n                                           <\/figure>\n                                    <figure class=\"swiper-slide\" data-post-id=\"post-208\">\n                                                                                    <img loading=\"lazy\" decoding=\"async\" width=\"800\" height=\"524\" src=\"https:\/\/www.sarkis.fr\/wp-content\/uploads\/2009\/05\/1984-Debut-des-sicles-Fin-des-Sicles-ARC-MAMVParis.jpg\" class=\"attachment-full size-full\" alt=\"1984-Debut-des-sicles-Fin-des-Sicles-ARC-MAMVParis\" srcset=\"https:\/\/www.sarkis.fr\/wp-content\/uploads\/2009\/05\/1984-Debut-des-sicles-Fin-des-Sicles-ARC-MAMVParis.jpg 800w, https:\/\/www.sarkis.fr\/wp-content\/uploads\/2009\/05\/1984-Debut-des-sicles-Fin-des-Sicles-ARC-MAMVParis-300x197.jpg 300w\" sizes=\"auto, (max-width: 800px) 100vw, 800px\" \/>                                                        <figcaption>\n                                <div class=\"title-wrapper\">\n                                    <h3>La Fin des Si\u00e8cles, Le D\u00e9but des Si\u00e8cles<\/h3>\n                                    <p class=\"afg-metadata\">\n\t\t\t<span class=\"place\">Mus\u00e9e d\u2019Art Moderne de la Ville de Paris<\/span>\t\t<span class=\"dates\">8 Feb &#8211; 11 Mar 1984<\/span><span class=\"solo\">Solo<\/span><\/p>\n                                <\/div>\n                                <div class=\"post-link\">\n                                    <p class=\"link\"><a href=\"https:\/\/www.sarkis.fr\/en\/1984\/1984-la-fin-des-siecles-le-debut-des-siecles\/\" title=\"La Fin des Si\u00e8cles, Le D\u00e9but des Si\u00e8cles\">See exhibition page<\/a><\/p>\n                                    <p class=\"afg-metadatas\">No more image<\/p>\n                                <\/div>\n                            <\/figcaption>\n                                           <\/figure>\n                                    <figure class=\"swiper-slide\" data-post-id=\"post-368\">\n                                                                                    <img loading=\"lazy\" decoding=\"async\" width=\"800\" height=\"567\" src=\"https:\/\/www.sarkis.fr\/wp-content\/uploads\/2009\/06\/Electra-ARCMAM1983.jpg\" class=\"attachment-full size-full\" alt=\"Electra-ARCMAM1983\" srcset=\"https:\/\/www.sarkis.fr\/wp-content\/uploads\/2009\/06\/Electra-ARCMAM1983.jpg 800w, https:\/\/www.sarkis.fr\/wp-content\/uploads\/2009\/06\/Electra-ARCMAM1983-300x213.jpg 300w\" sizes=\"auto, (max-width: 800px) 100vw, 800px\" \/>                                                        <figcaption>\n                                <div class=\"title-wrapper\">\n                                    <h3>Electra<\/h3>\n                                    <p class=\"afg-metadata\">\n\t\t\t<span class=\"place\">Mus\u00e9e d\u2019Art Moderne de la ville Paris<\/span>\t\t<span class=\"dates\">10 Dec 1983 &#8211; 5 Feb 1984<\/span><\/p>\n                                <\/div>\n                                <div class=\"post-link\">\n                                    <p class=\"link\"><a href=\"https:\/\/www.sarkis.fr\/en\/1983\/electra\/\" title=\"Electra\">See exhibition page<\/a><\/p>\n                                    <p class=\"afg-metadatas\">No more image<\/p>\n                                <\/div>\n                            <\/figcaption>\n                                           <\/figure>\n                                    <figure class=\"swiper-slide\" data-post-id=\"post-124\">\n                                                                                    <img loading=\"lazy\" decoding=\"async\" width=\"800\" height=\"526\" src=\"https:\/\/www.sarkis.fr\/wp-content\/uploads\/2009\/05\/1982-Sculptures-de-Decor-Galerie-Eric-Fabre-Paris.jpg\" class=\"attachment-full size-full\" alt=\"1982-Sculptures-de-Decor-Galerie-Eric-Fabre-Paris\" srcset=\"https:\/\/www.sarkis.fr\/wp-content\/uploads\/2009\/05\/1982-Sculptures-de-Decor-Galerie-Eric-Fabre-Paris.jpg 800w, https:\/\/www.sarkis.fr\/wp-content\/uploads\/2009\/05\/1982-Sculptures-de-Decor-Galerie-Eric-Fabre-Paris-300x197.jpg 300w\" sizes=\"auto, (max-width: 800px) 100vw, 800px\" \/>                                                        <figcaption>\n                                <div class=\"title-wrapper\">\n                                    <h3>Sculptures du D\u00e9cor<\/h3>\n                                    <p class=\"afg-metadata\">\n\t\t\t<span class=\"place\">Galerie Eric Fabre, Paris<\/span>\t\t<span class=\"dates\">18 Sep &#8211; 16 Oct 1982<\/span><span class=\"solo\">Solo<\/span><\/p>\n                                <\/div>\n                                <div class=\"post-link\">\n                                    <p class=\"link\"><a href=\"https:\/\/www.sarkis.fr\/en\/1982\/sculptures-du-decor\/\" title=\"Sculptures du D\u00e9cor\">See exhibition page<\/a><\/p>\n                                    <p class=\"afg-metadatas\">No more image<\/p>\n                                <\/div>\n                            <\/figcaption>\n                                           <\/figure>\n                                    <figure class=\"swiper-slide\" data-post-id=\"post-206\">\n                                                                                    <img loading=\"lazy\" decoding=\"async\" width=\"519\" height=\"800\" src=\"https:\/\/www.sarkis.fr\/wp-content\/uploads\/2009\/05\/1982-Documenta-Kassel.jpg\" class=\"attachment-full size-full\" alt=\"1982-Documenta-Kassel\" srcset=\"https:\/\/www.sarkis.fr\/wp-content\/uploads\/2009\/05\/1982-Documenta-Kassel.jpg 519w, https:\/\/www.sarkis.fr\/wp-content\/uploads\/2009\/05\/1982-Documenta-Kassel-195x300.jpg 195w\" sizes=\"auto, (max-width: 519px) 100vw, 519px\" \/>                                                        <figcaption>\n                                <div class=\"title-wrapper\">\n                                    <h3>DOCUMENTA VII<\/h3>\n                                    <p class=\"afg-metadata\">\n\t\t\t<span class=\"place\">Documenta VII, Kassel<\/span>\t\t<span class=\"dates\">18 Jun &#8211; 26 Sep 1982<\/span><\/p>\n                                <\/div>\n                                <div class=\"post-link\">\n                                    <p class=\"link\"><a href=\"https:\/\/www.sarkis.fr\/en\/1982\/1982-documenta-vii\/\" title=\"DOCUMENTA VII\">See exhibition page<\/a><\/p>\n                                    <p class=\"afg-metadatas\">No more image<\/p>\n                                <\/div>\n                            <\/figcaption>\n                                           <\/figure>\n                                    <figure class=\"swiper-slide\" data-post-id=\"post-204\">\n                                                                                    <img loading=\"lazy\" decoding=\"async\" width=\"800\" height=\"514\" src=\"https:\/\/www.sarkis.fr\/wp-content\/uploads\/2009\/05\/1982-Biennale-de-Sydney.jpg\" class=\"attachment-full size-full\" alt=\"1982-Biennale-de-Sydney\" srcset=\"https:\/\/www.sarkis.fr\/wp-content\/uploads\/2009\/05\/1982-Biennale-de-Sydney.jpg 800w, https:\/\/www.sarkis.fr\/wp-content\/uploads\/2009\/05\/1982-Biennale-de-Sydney-300x193.jpg 300w\" sizes=\"auto, (max-width: 800px) 100vw, 800px\" \/>                                                        <figcaption>\n                                <div class=\"title-wrapper\">\n                                    <h3>Biennale de Sydney<\/h3>\n                                    <p class=\"afg-metadata\">\n\t\t\t<span class=\"place\">Art Gallery of New South Wales, Biennale de Sydney<\/span>\t\t<span class=\"dates\">6 Apr &#8211; 15 May 1982<\/span><\/p>\n                                <\/div>\n                                <div class=\"post-link\">\n                                    <p class=\"link\"><a href=\"https:\/\/www.sarkis.fr\/en\/1982\/1982-biennale-de-sydney\/\" title=\"Biennale de Sydney\">See exhibition page<\/a><\/p>\n                                    <p class=\"afg-metadatas\">No more image<\/p>\n                                <\/div>\n                            <\/figcaption>\n                                           <\/figure>\n                                    <figure class=\"swiper-slide\" data-post-id=\"post-68\">\n                                                                                    <img loading=\"lazy\" decoding=\"async\" width=\"788\" height=\"538\" src=\"https:\/\/www.sarkis.fr\/wp-content\/uploads\/2009\/05\/sarkis-1982-a-pierre-et-marie-une-exposition-en-travaux.jpg\" class=\"attachment-full size-full\" alt=\"sarkis-1982-a-pierre-et-marie-une-exposition-en-travaux\" srcset=\"https:\/\/www.sarkis.fr\/wp-content\/uploads\/2009\/05\/sarkis-1982-a-pierre-et-marie-une-exposition-en-travaux.jpg 788w, https:\/\/www.sarkis.fr\/wp-content\/uploads\/2009\/05\/sarkis-1982-a-pierre-et-marie-une-exposition-en-travaux-300x205.jpg 300w\" sizes=\"auto, (max-width: 788px) 100vw, 788px\" \/>                                                        <figcaption>\n                                <div class=\"title-wrapper\">\n                                    <h3>A Pierre et \u00e0 Marie, une Exposition en Travaux.<\/h3>\n                                    <p class=\"afg-metadata\">\n\t\t\t<span class=\"place\">36, rue d\u2019Ulm, Paris<\/span>\t\t<span class=\"dates\">23 Jan &#8211; 27 Jun 1982<\/span><\/p>\n\t<p class=\"afg-title-notes\">\n\t\t1 : le 23 janvier, 2 : le 20 mars, 3 : le 27 juin\t<\/p>\t\n                                <\/div>\n                                <div class=\"post-link\">\n                                    <p class=\"link\"><a href=\"https:\/\/www.sarkis.fr\/en\/1982\/a-pierre-et-a-marie-une-exposition-en-travaux-2\/\" title=\"A Pierre et \u00e0 Marie, une Exposition en Travaux.\">See exhibition page<\/a><\/p>\n                                    <p class=\"afg-metadatas\">No more image<\/p>\n                                <\/div>\n                            <\/figcaption>\n                                           <\/figure>\n                                    <figure class=\"swiper-slide\" data-post-id=\"post-202\">\n                                                                                    <img loading=\"lazy\" decoding=\"async\" width=\"785\" height=\"512\" src=\"https:\/\/www.sarkis.fr\/wp-content\/uploads\/2009\/05\/sarkis-1980-ecouter-par-les-yeux1.jpg\" class=\"attachment-full size-full\" alt=\"\" srcset=\"https:\/\/www.sarkis.fr\/wp-content\/uploads\/2009\/05\/sarkis-1980-ecouter-par-les-yeux1.jpg 785w, https:\/\/www.sarkis.fr\/wp-content\/uploads\/2009\/05\/sarkis-1980-ecouter-par-les-yeux1-300x196.jpg 300w\" sizes=\"auto, (max-width: 785px) 100vw, 785px\" \/>                                                        <figcaption>\n                                <div class=\"title-wrapper\">\n                                    <h3>\u00c9couter par les yeux.<\/h3>\n                                    <p class=\"afg-metadata\">\n\t\t\t<span class=\"place\">ARC 2, Mus\u00e9e d\u2019Art Moderne, Paris<\/span>\t\t<span class=\"dates\">18 Jun &#8211; 24 Aug 1980<\/span><\/p>\n                                <\/div>\n                                <div class=\"post-link\">\n                                    <p class=\"link\"><a href=\"https:\/\/www.sarkis.fr\/en\/1980\/1980-ecouter-par-les-yeux\/\" title=\"\u00c9couter par les yeux.\">See exhibition page<\/a><\/p>\n                                    <p class=\"afg-metadatas\">No more image<\/p>\n                                <\/div>\n                            <\/figcaption>\n                                           <\/figure>\n                                    <figure class=\"swiper-slide\" data-post-id=\"post-120\">\n                                                                                    <img loading=\"lazy\" decoding=\"async\" width=\"789\" height=\"516\" src=\"https:\/\/www.sarkis.fr\/wp-content\/uploads\/2009\/05\/sarkis-1980-le-reve-du-jour-et-de-nuit-du-peintre-en-batiment.jpg\" class=\"attachment-full size-full\" alt=\"sarkis-1980-le-reve-du-jour-et-de-nuit-du-peintre-en-batiment\" srcset=\"https:\/\/www.sarkis.fr\/wp-content\/uploads\/2009\/05\/sarkis-1980-le-reve-du-jour-et-de-nuit-du-peintre-en-batiment.jpg 789w, https:\/\/www.sarkis.fr\/wp-content\/uploads\/2009\/05\/sarkis-1980-le-reve-du-jour-et-de-nuit-du-peintre-en-batiment-300x196.jpg 300w\" sizes=\"auto, (max-width: 789px) 100vw, 789px\" \/>                                                        <figcaption>\n                                <div class=\"title-wrapper\">\n                                    <h3>Le R\u00eave du Jour et de Nuit du Peintre en B\u00e2timent<\/h3>\n                                    <p class=\"afg-metadata\">\n\t\t\t<span class=\"place\">Ancien Th\u00e9\u00e2tre de Moli\u00e8re, Paris &#8211; Galerie Sonnabend, Paris<\/span>\t\t<span class=\"dates\">16 May &#8211; 31 May 1980<\/span><span class=\"solo\">Solo<\/span><\/p>\n                                <\/div>\n                                <div class=\"post-link\">\n                                    <p class=\"link\"><a href=\"https:\/\/www.sarkis.fr\/en\/1980\/le-reve-du-jour-et-de-nuit-du-peintre-en-batiment\/\" title=\"Le R\u00eave du Jour et de Nuit du Peintre en B\u00e2timent\">See exhibition page<\/a><\/p>\n                                    <p class=\"afg-metadatas\">No more image<\/p>\n                                <\/div>\n                            <\/figcaption>\n                                           <\/figure>\n                                    <figure class=\"swiper-slide\" data-post-id=\"post-118\">\n                                                                                    <img loading=\"lazy\" decoding=\"async\" width=\"800\" height=\"569\" src=\"https:\/\/www.sarkis.fr\/wp-content\/uploads\/2009\/05\/1980-Base-Soumarine-All.-Bordeaux.jpg\" class=\"attachment-full size-full\" alt=\"1980-Base-Soumarine-All.-Bordeaux\" srcset=\"https:\/\/www.sarkis.fr\/wp-content\/uploads\/2009\/05\/1980-Base-Soumarine-All.-Bordeaux.jpg 800w, https:\/\/www.sarkis.fr\/wp-content\/uploads\/2009\/05\/1980-Base-Soumarine-All.-Bordeaux-300x213.jpg 300w\" sizes=\"auto, (max-width: 800px) 100vw, 800px\" \/>                                                        <figcaption>\n                                <div class=\"title-wrapper\">\n                                    <h3>R\u00e9serves Sans Retour<\/h3>\n                                    <p class=\"afg-metadata\">\n\t\t\t<span class=\"place\">Base sous-marine Allemande, Bordeaux<\/span>\t\t<span class=\"dates\">1980<\/span><span class=\"solo\">Solo<\/span><\/p>\n\t<p class=\"afg-title-notes\">\n\t\tAvec le CAPC de Bordeaux\t<\/p>\t\n                                <\/div>\n                                <div class=\"post-link\">\n                                    <p class=\"link\"><a href=\"https:\/\/www.sarkis.fr\/en\/1980\/reserves-sans-retour\/\" title=\"R\u00e9serves Sans Retour\">See exhibition page<\/a><\/p>\n                                    <p class=\"afg-metadatas\">No more image<\/p>\n                                <\/div>\n                            <\/figcaption>\n                                           <\/figure>\n                                    <figure class=\"swiper-slide\" data-post-id=\"post-200\">\n                                                                                    <img loading=\"lazy\" decoding=\"async\" width=\"761\" height=\"494\" src=\"https:\/\/www.sarkis.fr\/wp-content\/uploads\/2009\/05\/sarkis-1979-der-blackout-ist-voller-schwarzer1.jpg\" class=\"attachment-full size-full\" alt=\"sarkis-1979-der-blackout-ist-voller-schwarzer\" srcset=\"https:\/\/www.sarkis.fr\/wp-content\/uploads\/2009\/05\/sarkis-1979-der-blackout-ist-voller-schwarzer1.jpg 761w, https:\/\/www.sarkis.fr\/wp-content\/uploads\/2009\/05\/sarkis-1979-der-blackout-ist-voller-schwarzer1-300x195.jpg 300w\" sizes=\"auto, (max-width: 761px) 100vw, 761px\" \/>                                                        <figcaption>\n                                <div class=\"title-wrapper\">\n                                    <h3>DER BLACKOUT IST VOLLER SCHWARZER BLAUER ROTER GOLDENER FARBE SO WIE DER ANSTREICHER<\/h3>\n                                    <p class=\"afg-metadata\">\n\t\t\t<span class=\"place\">Neue Galerie, Sammlung Ludwig, Stadt Aachen<\/span>\t\t<span class=\"dates\">7 Apr &#8211; 8 May 1979<\/span><span class=\"solo\">Solo<\/span><\/p>\n                                <\/div>\n                                <div class=\"post-link\">\n                                    <p class=\"link\"><a href=\"https:\/\/www.sarkis.fr\/en\/1979\/1979-der-blackout-ist-voller-schwarzer\/\" title=\"DER BLACKOUT IST VOLLER SCHWARZER BLAUER ROTER GOLDENER FARBE SO WIE DER ANSTREICHER\">See exhibition page<\/a><\/p>\n                                    <p class=\"afg-metadatas\">No more image<\/p>\n                                <\/div>\n                            <\/figcaption>\n                                           <\/figure>\n                                    <figure class=\"swiper-slide\" data-post-id=\"post-198\">\n                                                                                    <img loading=\"lazy\" decoding=\"async\" width=\"733\" height=\"490\" src=\"https:\/\/www.sarkis.fr\/wp-content\/uploads\/2009\/05\/sarkis-1979-reserves-accessibles1.jpg\" class=\"attachment-full size-full\" alt=\"sarkis-1979-reserves-accessibles\" srcset=\"https:\/\/www.sarkis.fr\/wp-content\/uploads\/2009\/05\/sarkis-1979-reserves-accessibles1.jpg 733w, https:\/\/www.sarkis.fr\/wp-content\/uploads\/2009\/05\/sarkis-1979-reserves-accessibles1-300x201.jpg 300w\" sizes=\"auto, (max-width: 733px) 100vw, 733px\" \/>                                                        <figcaption>\n                                <div class=\"title-wrapper\">\n                                    <h3>R\u00e9serves Accessibles<\/h3>\n                                    <p class=\"afg-metadata\">\n\t\t\t<span class=\"place\">Mus\u00e9e National d\u2019Art Moderne, Centre Georges Pompidou, Paris<\/span>\t\t<span class=\"dates\">22 Feb &#8211; 18 Apr 1979<\/span><span class=\"solo\">Solo<\/span><\/p>\n                                <\/div>\n                                <div class=\"post-link\">\n                                    <p class=\"link\"><a href=\"https:\/\/www.sarkis.fr\/en\/1979\/1979-reserves-accessibles\/\" title=\"R\u00e9serves Accessibles\">See exhibition page<\/a><\/p>\n                                    <p class=\"afg-metadatas\">No more image<\/p>\n                                <\/div>\n                            <\/figcaption>\n                                           <\/figure>\n                                    <figure class=\"swiper-slide\" data-post-id=\"post-64\">\n                                                                                    <img loading=\"lazy\" decoding=\"async\" width=\"800\" height=\"530\" src=\"https:\/\/www.sarkis.fr\/wp-content\/uploads\/2009\/05\/1979-CRISE-Sonnabend-2.jpg\" class=\"attachment-full size-full\" alt=\"1979-CRISE-Sonnabend-2\" srcset=\"https:\/\/www.sarkis.fr\/wp-content\/uploads\/2009\/05\/1979-CRISE-Sonnabend-2.jpg 800w, https:\/\/www.sarkis.fr\/wp-content\/uploads\/2009\/05\/1979-CRISE-Sonnabend-2-300x199.jpg 300w\" sizes=\"auto, (max-width: 800px) 100vw, 800px\" \/>                                                        <figcaption>\n                                <div class=\"title-wrapper\">\n                                    <h3>CRISE (en rouge et vert).<\/h3>\n                                    <p class=\"afg-metadata\">\n\t\t\t<span class=\"place\">Galerie Sonnabend, Paris<\/span>\t\t<span class=\"dates\">January 1979<\/span><span class=\"solo\">Solo<\/span><\/p>\n                                <\/div>\n                                <div class=\"post-link\">\n                                    <p class=\"link\"><a href=\"https:\/\/www.sarkis.fr\/en\/1979\/1979-crise-en-rouge-et-vert\/\" title=\"CRISE (en rouge et vert).\">See exhibition page<\/a><\/p>\n                                    <p class=\"afg-metadatas\">No more image<\/p>\n                                <\/div>\n                            <\/figcaption>\n                                           <\/figure>\n                                    <figure class=\"swiper-slide\" data-post-id=\"post-196\">\n                                                                                    <img loading=\"lazy\" decoding=\"async\" width=\"772\" height=\"481\" src=\"https:\/\/www.sarkis.fr\/wp-content\/uploads\/2009\/05\/sarkis-1978-maiakovski-lissitzky-ou-la-source-eclaire1.jpg\" class=\"attachment-full size-full\" alt=\"sarkis-1978-maiakovski-lissitzky-ou-la-source-eclaire\" srcset=\"https:\/\/www.sarkis.fr\/wp-content\/uploads\/2009\/05\/sarkis-1978-maiakovski-lissitzky-ou-la-source-eclaire1.jpg 772w, https:\/\/www.sarkis.fr\/wp-content\/uploads\/2009\/05\/sarkis-1978-maiakovski-lissitzky-ou-la-source-eclaire1-300x187.jpg 300w\" sizes=\"auto, (max-width: 772px) 100vw, 772px\" \/>                                                        <figcaption>\n                                <div class=\"title-wrapper\">\n                                    <h3>Maiakovski &#8211; Lissitzky ou La Source Eclaire.<\/h3>\n                                    <p class=\"afg-metadata\">\n\t\t\t<span class=\"place\">Galerie Surface de R\u00e9paration, Saint-Etienne<\/span>\t\t<span class=\"dates\">6 Mar &#8211; 26 Mar 1978<\/span><span class=\"solo\">Solo<\/span><\/p>\n                                <\/div>\n                                <div class=\"post-link\">\n                                    <p class=\"link\"><a href=\"https:\/\/www.sarkis.fr\/en\/1978\/1978-maiakovski-lissitzky-ou-la-source-eclaire\/\" title=\"Maiakovski &#8211; Lissitzky ou La Source Eclaire.\">See exhibition page<\/a><\/p>\n                                    <p class=\"afg-metadatas\">No more image<\/p>\n                                <\/div>\n                            <\/figcaption>\n                                           <\/figure>\n                                    <figure class=\"swiper-slide\" data-post-id=\"post-114\">\n                                                                                    <img loading=\"lazy\" decoding=\"async\" width=\"749\" height=\"487\" src=\"https:\/\/www.sarkis.fr\/wp-content\/uploads\/2009\/05\/sarkis-1978-kriegsschatz-klassenkrieg1.jpg\" class=\"attachment-full size-full\" alt=\"\" srcset=\"https:\/\/www.sarkis.fr\/wp-content\/uploads\/2009\/05\/sarkis-1978-kriegsschatz-klassenkrieg1.jpg 749w, https:\/\/www.sarkis.fr\/wp-content\/uploads\/2009\/05\/sarkis-1978-kriegsschatz-klassenkrieg1-300x195.jpg 300w\" sizes=\"auto, (max-width: 749px) 100vw, 749px\" \/>                                                        <figcaption>\n                                <div class=\"title-wrapper\">\n                                    <h3>KRIEGSSCHATZ KLASSENKRIEG<\/h3>\n                                    <p class=\"afg-metadata\">\n\t\t\t<span class=\"place\">Westf\u00e4lischer Kunstverein, M\u00fcnster<\/span>\t\t<span class=\"dates\">14 Jan &#8211; 25 Feb 1978<\/span><span class=\"solo\">Solo<\/span><\/p>\n                                <\/div>\n                                <div class=\"post-link\">\n                                    <p class=\"link\"><a href=\"https:\/\/www.sarkis.fr\/en\/1978\/kriegsschatz-klassenkrieg\/\" title=\"KRIEGSSCHATZ KLASSENKRIEG\">See exhibition page<\/a><\/p>\n                                    <p class=\"afg-metadatas\">No more image<\/p>\n                                <\/div>\n                            <\/figcaption>\n                                           <\/figure>\n                                    <figure class=\"swiper-slide\" data-post-id=\"post-194\">\n                                                                                    <img loading=\"lazy\" decoding=\"async\" width=\"800\" height=\"537\" src=\"https:\/\/www.sarkis.fr\/wp-content\/uploads\/2009\/05\/1976-loi-1901-et-1881-galerie-C.M.-Saint-Etienne.jpg\" class=\"attachment-full size-full\" alt=\"1976-loi-1901-et-1881-galerie-C.M.-Saint-Etienne\" srcset=\"https:\/\/www.sarkis.fr\/wp-content\/uploads\/2009\/05\/1976-loi-1901-et-1881-galerie-C.M.-Saint-Etienne.jpg 800w, https:\/\/www.sarkis.fr\/wp-content\/uploads\/2009\/05\/1976-loi-1901-et-1881-galerie-C.M.-Saint-Etienne-300x201.jpg 300w\" sizes=\"auto, (max-width: 800px) 100vw, 800px\" \/>                                                        <figcaption>\n                                <div class=\"title-wrapper\">\n                                    <h3>Loi 1901 et 1881<\/h3>\n                                    <p class=\"afg-metadata\">\n\t\t\t<span class=\"place\">Galerie C.M. Saint-Etienne<\/span>\t\t<span class=\"dates\">2 Jun 1976<\/span><span class=\"solo\">Solo<\/span><\/p>\n                                <\/div>\n                                <div class=\"post-link\">\n                                    <p class=\"link\"><a href=\"https:\/\/www.sarkis.fr\/en\/1976\/1976-loi-1901-et-1881\/\" title=\"Loi 1901 et 1881\">See exhibition page<\/a><\/p>\n                                    <p class=\"afg-metadatas\">No more image<\/p>\n                                <\/div>\n                            <\/figcaption>\n                                           <\/figure>\n                                    <figure class=\"swiper-slide\" data-post-id=\"post-60\">\n                                                                                    <img loading=\"lazy\" decoding=\"async\" width=\"789\" height=\"527\" src=\"https:\/\/www.sarkis.fr\/wp-content\/uploads\/2009\/05\/sarkis-1976-blackout-rouge1.jpg\" class=\"attachment-full size-full\" alt=\"sarkis-1976-blackout-rouge\" srcset=\"https:\/\/www.sarkis.fr\/wp-content\/uploads\/2009\/05\/sarkis-1976-blackout-rouge1.jpg 789w, https:\/\/www.sarkis.fr\/wp-content\/uploads\/2009\/05\/sarkis-1976-blackout-rouge1-300x200.jpg 300w\" sizes=\"auto, (max-width: 789px) 100vw, 789px\" \/>                                                        <figcaption>\n                                <div class=\"title-wrapper\">\n                                    <h3>Des Formes \u00e9l\u00e9mentaires en Qualit\u00e9 Militaire ou BLACKOUT ROUGE<\/h3>\n                                    <p class=\"afg-metadata\">\n\t\t\t<span class=\"place\">Galerie Sonnabend, Paris<\/span>\t\t<span class=\"dates\">8 Jan 1976<\/span><span class=\"solo\">Solo<\/span><\/p>\n                                <\/div>\n                                <div class=\"post-link\">\n                                    <p class=\"link\"><a href=\"https:\/\/www.sarkis.fr\/en\/1976\/1976-blackout-rouge\/\" title=\"Des Formes \u00e9l\u00e9mentaires en Qualit\u00e9 Militaire ou BLACKOUT ROUGE\">See exhibition page<\/a><\/p>\n                                    <p class=\"afg-metadatas\">No more image<\/p>\n                                <\/div>\n                            <\/figcaption>\n                                           <\/figure>\n                                    <figure class=\"swiper-slide\" data-post-id=\"post-192\">\n                                                                                    <img loading=\"lazy\" decoding=\"async\" width=\"800\" height=\"537\" src=\"https:\/\/www.sarkis.fr\/wp-content\/uploads\/2009\/05\/1975-BLACKOUT-8-le-Mtronome-Paris.jpg\" class=\"attachment-full size-full\" alt=\"1975-BLACKOUT-8-le-Mtronome-Paris\" srcset=\"https:\/\/www.sarkis.fr\/wp-content\/uploads\/2009\/05\/1975-BLACKOUT-8-le-Mtronome-Paris.jpg 800w, https:\/\/www.sarkis.fr\/wp-content\/uploads\/2009\/05\/1975-BLACKOUT-8-le-Mtronome-Paris-300x201.jpg 300w\" sizes=\"auto, (max-width: 800px) 100vw, 800px\" \/>                                                        <figcaption>\n                                <div class=\"title-wrapper\">\n                                    <h3>BLACKOUT 8<\/h3>\n                                    <p class=\"afg-metadata\">\n\t\t\t<span class=\"place\">Le M\u00e9tronome, Paris<\/span>\t\t<span class=\"dates\">17 Mar &#8211; 17 Apr 1975<\/span><span class=\"solo\">Solo<\/span><\/p>\n                                <\/div>\n                                <div class=\"post-link\">\n                                    <p class=\"link\"><a href=\"https:\/\/www.sarkis.fr\/en\/1975\/1975-blackout-8\/\" title=\"BLACKOUT 8\">See exhibition page<\/a><\/p>\n                                    <p class=\"afg-metadatas\">No more image<\/p>\n                                <\/div>\n                            <\/figcaption>\n                                           <\/figure>\n                                    <figure class=\"swiper-slide\" data-post-id=\"post-56\">\n                                                                                    <img loading=\"lazy\" decoding=\"async\" width=\"800\" height=\"577\" src=\"https:\/\/www.sarkis.fr\/wp-content\/uploads\/2009\/05\/sarkis-1974-blackout-11.jpg\" class=\"attachment-full size-full\" alt=\"sarkis-1974-blackout-1\" srcset=\"https:\/\/www.sarkis.fr\/wp-content\/uploads\/2009\/05\/sarkis-1974-blackout-11.jpg 800w, https:\/\/www.sarkis.fr\/wp-content\/uploads\/2009\/05\/sarkis-1974-blackout-11-300x216.jpg 300w\" sizes=\"auto, (max-width: 800px) 100vw, 800px\" \/>                                                        <figcaption>\n                                <div class=\"title-wrapper\">\n                                    <h3>BLACKOUT 1<\/h3>\n                                    <p class=\"afg-metadata\">\n\t\t\t<span class=\"place\">Galerie Handschin, Basel<\/span>\t\t<span class=\"dates\">September &#8211; November 1974<\/span><span class=\"solo\">Solo<\/span><\/p>\n                                <\/div>\n                                <div class=\"post-link\">\n                                    <p class=\"link\"><a href=\"https:\/\/www.sarkis.fr\/en\/1974\/1974-blackout-1\/\" title=\"BLACKOUT 1\">See exhibition page<\/a><\/p>\n                                    <p class=\"afg-metadatas\">No more image<\/p>\n                                <\/div>\n                            <\/figcaption>\n                                           <\/figure>\n                                    <figure class=\"swiper-slide\" data-post-id=\"post-190\">\n                                                                                    <img loading=\"lazy\" decoding=\"async\" width=\"800\" height=\"502\" src=\"https:\/\/www.sarkis.fr\/wp-content\/uploads\/2009\/05\/1974-Gun-Metal-galerie-Sonnabend-Paris-solo.jpg\" class=\"attachment-full size-full\" alt=\"1974-Gun-Metal-galerie-Sonnabend-Paris-solo\" srcset=\"https:\/\/www.sarkis.fr\/wp-content\/uploads\/2009\/05\/1974-Gun-Metal-galerie-Sonnabend-Paris-solo.jpg 800w, https:\/\/www.sarkis.fr\/wp-content\/uploads\/2009\/05\/1974-Gun-Metal-galerie-Sonnabend-Paris-solo-300x188.jpg 300w\" sizes=\"auto, (max-width: 800px) 100vw, 800px\" \/>                                                        <figcaption>\n                                <div class=\"title-wrapper\">\n                                    <h3>Gun Metal<\/h3>\n                                    <p class=\"afg-metadata\">\n\t\t\t<span class=\"place\">Galerie Sonnabend, Paris<\/span>\t\t<span class=\"dates\">17 Sep 1974<\/span><span class=\"solo\">Solo<\/span><\/p>\n                                <\/div>\n                                <div class=\"post-link\">\n                                    <p class=\"link\"><a href=\"https:\/\/www.sarkis.fr\/en\/1974\/1974-gun-metal\/\" title=\"Gun Metal\">See exhibition page<\/a><\/p>\n                                    <p class=\"afg-metadatas\">No more image<\/p>\n                                <\/div>\n                            <\/figcaption>\n                                           <\/figure>\n                                    <figure class=\"swiper-slide\" data-post-id=\"post-188\">\n                                                                                    <img loading=\"lazy\" decoding=\"async\" width=\"800\" height=\"533\" src=\"https:\/\/www.sarkis.fr\/wp-content\/uploads\/2009\/05\/1974-La-Drama-of-the-Tempest-Muse-Saint-Etienne-solo-.jpg\" class=\"attachment-full size-full\" alt=\"1974-La-Drama-of-the-Tempest-Muse-Saint-Etienne-solo-\" srcset=\"https:\/\/www.sarkis.fr\/wp-content\/uploads\/2009\/05\/1974-La-Drama-of-the-Tempest-Muse-Saint-Etienne-solo-.jpg 800w, https:\/\/www.sarkis.fr\/wp-content\/uploads\/2009\/05\/1974-La-Drama-of-the-Tempest-Muse-Saint-Etienne-solo--300x200.jpg 300w\" sizes=\"auto, (max-width: 800px) 100vw, 800px\" \/>                                                        <figcaption>\n                                <div class=\"title-wrapper\">\n                                    <h3>La Drama of the Tempest avec la Suite de l\u2019Op\u00e9ration Organe avec les Armes de Saint-Etienne avec l\u2019Atelier-Habitation ou D\u00e9p\u00f4t d\u2019Armes de la rue Vergniaud avec presque toutes les pi\u00e8ces CLASSEes avec les disques camoufl\u00e9s&#8230; de Sarkis Zabunyan<\/h3>\n                                    <p class=\"afg-metadata\">\n\t\t\t<span class=\"place\">Mus\u00e9e d\u2019Art et d\u2019Industrie, Saint-Etienne<\/span>\t\t<span class=\"dates\">7 Jan 1974<\/span><span class=\"solo\">Solo<\/span><\/p>\n                                <\/div>\n                                <div class=\"post-link\">\n                                    <p class=\"link\"><a href=\"https:\/\/www.sarkis.fr\/en\/1974\/1974-la-drama-of-the-tempest\/\" title=\"La Drama of the Tempest avec la Suite de l\u2019Op\u00e9ration Organe avec les Armes de Saint-Etienne avec l\u2019Atelier-Habitation ou D\u00e9p\u00f4t d\u2019Armes de la rue Vergniaud avec presque toutes les pi\u00e8ces CLASSEes avec les disques camoufl\u00e9s&#8230; de Sarkis Zabunyan\">See exhibition page<\/a><\/p>\n                                    <p class=\"afg-metadatas\">No more image<\/p>\n                                <\/div>\n                            <\/figcaption>\n                                           <\/figure>\n                                    <figure class=\"swiper-slide\" data-post-id=\"post-58\">\n                                                                                    <img loading=\"lazy\" decoding=\"async\" width=\"784\" height=\"529\" src=\"https:\/\/www.sarkis.fr\/wp-content\/uploads\/2009\/05\/sarkis-1974-la-drama-of-the-tempesta1.jpg\" class=\"attachment-full size-full\" alt=\"\" srcset=\"https:\/\/www.sarkis.fr\/wp-content\/uploads\/2009\/05\/sarkis-1974-la-drama-of-the-tempesta1.jpg 784w, https:\/\/www.sarkis.fr\/wp-content\/uploads\/2009\/05\/sarkis-1974-la-drama-of-the-tempesta1-300x202.jpg 300w\" sizes=\"auto, (max-width: 784px) 100vw, 784px\" \/>                                                        <figcaption>\n                                <div class=\"title-wrapper\">\n                                    <h3>La Drama of the Tempesta.<\/h3>\n                                    <p class=\"afg-metadata\">\n\t\t\t<span class=\"place\">Gallerie La Salita, Roma<\/span>\t\t<span class=\"dates\">January 1974<\/span><span class=\"solo\">Solo<\/span><\/p>\n                                <\/div>\n                                <div class=\"post-link\">\n                                    <p class=\"link\"><a href=\"https:\/\/www.sarkis.fr\/en\/1974\/1974-la-drama-of-the-tempesta\/\" title=\"La Drama of the Tempesta.\">See exhibition page<\/a><\/p>\n                                    <p class=\"afg-metadatas\">No more image<\/p>\n                                <\/div>\n                            <\/figcaption>\n                                           <\/figure>\n                                    <figure class=\"swiper-slide\" data-post-id=\"post-186\">\n                                                                                    <img loading=\"lazy\" decoding=\"async\" width=\"800\" height=\"521\" src=\"https:\/\/www.sarkis.fr\/wp-content\/uploads\/2009\/05\/1973.9.30-Tableaux-dune-exposition-Pont-des-Arts-Paris-solo.jpg\" class=\"attachment-full size-full\" alt=\"1973.9.30-Tableaux-dune-exposition-Pont-des-Arts-Paris-solo\" srcset=\"https:\/\/www.sarkis.fr\/wp-content\/uploads\/2009\/05\/1973.9.30-Tableaux-dune-exposition-Pont-des-Arts-Paris-solo.jpg 800w, https:\/\/www.sarkis.fr\/wp-content\/uploads\/2009\/05\/1973.9.30-Tableaux-dune-exposition-Pont-des-Arts-Paris-solo-300x195.jpg 300w\" sizes=\"auto, (max-width: 800px) 100vw, 800px\" \/>                                                        <figcaption>\n                                <div class=\"title-wrapper\">\n                                    <h3>Tableaux d&#8217;une Exposition<\/h3>\n                                    <p class=\"afg-metadata\">\n\t\t\t<span class=\"place\">Pont des Arts, Paris<\/span>\t\t<span class=\"dates\">30 Sep &#8211; 4 Oct 1973<\/span><span class=\"solo\">Solo<\/span><\/p>\n                                <\/div>\n                                <div class=\"post-link\">\n                                    <p class=\"link\"><a href=\"https:\/\/www.sarkis.fr\/en\/1973\/1973-tableaux-dune-exposition\/\" title=\"Tableaux d&#8217;une Exposition\">See exhibition page<\/a><\/p>\n                                    <p class=\"afg-metadatas\">No more image<\/p>\n                                <\/div>\n                            <\/figcaption>\n                                           <\/figure>\n                                    <figure class=\"swiper-slide\" data-post-id=\"post-12\">\n                                                                                    <img loading=\"lazy\" decoding=\"async\" width=\"800\" height=\"528\" src=\"https:\/\/www.sarkis.fr\/wp-content\/uploads\/2009\/04\/1972_operation_organe.jpg\" class=\"attachment-full size-full\" alt=\"Sarkis, Op\u00e9ration Organe, Kunsthalle, D\u00fcsseldorf, 15 sep. - 15 oct. 1972\" srcset=\"https:\/\/www.sarkis.fr\/wp-content\/uploads\/2009\/04\/1972_operation_organe.jpg 800w, https:\/\/www.sarkis.fr\/wp-content\/uploads\/2009\/04\/1972_operation_organe-300x198.jpg 300w\" sizes=\"auto, (max-width: 800px) 100vw, 800px\" \/>                                                        <figcaption>\n                                <div class=\"title-wrapper\">\n                                    <h3>Op\u00e9ration Organe<\/h3>\n                                    <p class=\"afg-metadata\">\n\t\t\t<span class=\"place\">Kunsthalle, D\u00fcsseldorf<\/span>\t\t<span class=\"dates\">15 Sep &#8211; 15 Oct 1972<\/span><span class=\"solo\">Solo<\/span><\/p>\n                                <\/div>\n                                <div class=\"post-link\">\n                                    <p class=\"link\"><a href=\"https:\/\/www.sarkis.fr\/en\/1972\/operation-organe\/\" title=\"Op\u00e9ration Organe\">See exhibition page<\/a><\/p>\n                                    <p class=\"afg-metadatas\">No more image<\/p>\n                                <\/div>\n                            <\/figcaption>\n                                           <\/figure>\n                                    <figure class=\"swiper-slide\" data-post-id=\"post-184\">\n                                                                                    <img loading=\"lazy\" decoding=\"async\" width=\"800\" height=\"532\" src=\"https:\/\/www.sarkis.fr\/wp-content\/uploads\/2009\/05\/1971-le-III.-reich-des-origines--la-chute-galerie-Sonnabend-Paris-solo.jpg\" class=\"attachment-full size-full\" alt=\"1971-le-III.-reich-des-origines--la-chute-galerie-Sonnabend-Paris-solo\" srcset=\"https:\/\/www.sarkis.fr\/wp-content\/uploads\/2009\/05\/1971-le-III.-reich-des-origines--la-chute-galerie-Sonnabend-Paris-solo.jpg 800w, https:\/\/www.sarkis.fr\/wp-content\/uploads\/2009\/05\/1971-le-III.-reich-des-origines--la-chute-galerie-Sonnabend-Paris-solo-300x200.jpg 300w\" sizes=\"auto, (max-width: 800px) 100vw, 800px\" \/>                                                        <figcaption>\n                                <div class=\"title-wrapper\">\n                                    <h3>Le III\u00e8me Reich des origines \u00e0 la chute<\/h3>\n                                    <p class=\"afg-metadata\">\n\t\t\t<span class=\"place\">Galerie Sonnabend, Paris<\/span>\t\t<span class=\"dates\">18 Nov &#8211; 30 Nov 1971<\/span><span class=\"solo\">Solo<\/span><\/p>\n                                <\/div>\n                                <div class=\"post-link\">\n                                    <p class=\"link\"><a href=\"https:\/\/www.sarkis.fr\/en\/1971\/1971-le-iiieme-reich-des-origines-a-la-chute\/\" title=\"Le III\u00e8me Reich des origines \u00e0 la chute\">See exhibition page<\/a><\/p>\n                                    <p class=\"afg-metadatas\">No more image<\/p>\n                                <\/div>\n                            <\/figcaption>\n                                           <\/figure>\n                                    <figure class=\"swiper-slide\" data-post-id=\"post-110\">\n                                                                                    <img loading=\"lazy\" decoding=\"async\" width=\"800\" height=\"538\" src=\"https:\/\/www.sarkis.fr\/wp-content\/uploads\/2009\/05\/1971-Piece-attachee-au-sol-gal.-Handschin-Basel.jpg\" class=\"attachment-full size-full\" alt=\"1971-Piece-attachee-au-sol-gal.-Handschin-Basel\" srcset=\"https:\/\/www.sarkis.fr\/wp-content\/uploads\/2009\/05\/1971-Piece-attachee-au-sol-gal.-Handschin-Basel.jpg 800w, https:\/\/www.sarkis.fr\/wp-content\/uploads\/2009\/05\/1971-Piece-attachee-au-sol-gal.-Handschin-Basel-300x202.jpg 300w\" sizes=\"auto, (max-width: 800px) 100vw, 800px\" \/>                                                        <figcaption>\n                                <div class=\"title-wrapper\">\n                                    <h3>Sarkis<\/h3>\n                                    <p class=\"afg-metadata\">\n\t\t\t<span class=\"place\">Galerie Handschin, Basel<\/span>\t\t<span class=\"dates\">1 Oct &#8211; 30 Oct 1971<\/span><span class=\"solo\">Solo<\/span><\/p>\n                                <\/div>\n                                <div class=\"post-link\">\n                                    <p class=\"link\"><a href=\"https:\/\/www.sarkis.fr\/en\/1971\/sarkis-6\/\" title=\"Sarkis\">See exhibition page<\/a><\/p>\n                                    <p class=\"afg-metadatas\">No more image<\/p>\n                                <\/div>\n                            <\/figcaption>\n                                           <\/figure>\n                                    <figure class=\"swiper-slide\" data-post-id=\"post-182\">\n                                                                                    <img loading=\"lazy\" decoding=\"async\" width=\"514\" height=\"794\" src=\"https:\/\/www.sarkis.fr\/wp-content\/uploads\/2009\/05\/sarkis-1971-chiens-loups1.jpg\" class=\"attachment-full size-full\" alt=\"sarkis-1971-chiens-loups\" srcset=\"https:\/\/www.sarkis.fr\/wp-content\/uploads\/2009\/05\/sarkis-1971-chiens-loups1.jpg 514w, https:\/\/www.sarkis.fr\/wp-content\/uploads\/2009\/05\/sarkis-1971-chiens-loups1-194x300.jpg 194w\" sizes=\"auto, (max-width: 514px) 100vw, 514px\" \/>                                                        <figcaption>\n                                <div class=\"title-wrapper\">\n                                    <h3>Chiens-Loups<\/h3>\n                                    <p class=\"afg-metadata\">\n\t\t\t<span class=\"place\">Pont des Arts, Paris<\/span>\t\t<span class=\"dates\">17 Jul &#8211; 21 Jul 1971<\/span><span class=\"solo\">Solo<\/span><\/p>\n                                <\/div>\n                                <div class=\"post-link\">\n                                    <p class=\"link\"><a href=\"https:\/\/www.sarkis.fr\/en\/1971\/1971-chiens-loups\/\" title=\"Chiens-Loups\">See exhibition page<\/a><\/p>\n                                    <p class=\"afg-metadatas\">No more image<\/p>\n                                <\/div>\n                            <\/figcaption>\n                                           <\/figure>\n                                    <figure class=\"swiper-slide\" data-post-id=\"post-366\">\n                                                                                    <img loading=\"lazy\" decoding=\"async\" width=\"432\" height=\"663\" src=\"https:\/\/www.sarkis.fr\/wp-content\/uploads\/2009\/06\/1970_ARC.jpg\" class=\"attachment-full size-full\" alt=\"1970_ARC\" srcset=\"https:\/\/www.sarkis.fr\/wp-content\/uploads\/2009\/06\/1970_ARC.jpg 432w, https:\/\/www.sarkis.fr\/wp-content\/uploads\/2009\/06\/1970_ARC-195x300.jpg 195w\" sizes=\"auto, (max-width: 432px) 100vw, 432px\" \/>                                                        <figcaption>\n                                <div class=\"title-wrapper\">\n                                    <h3>ARC<\/h3>\n                                    <p class=\"afg-metadata\">\n\t\t\t<span class=\"place\">Mus\u00e9e d\u2019Art Moderne de la Ville de Paris<\/span>\t\t<span class=\"dates\">October 1970<\/span><\/p>\n\t<p class=\"afg-title-notes\">\n\t\tAvec Christian Boltanski\t<\/p>\t\n                                <\/div>\n                                <div class=\"post-link\">\n                                    <p class=\"link\"><a href=\"https:\/\/www.sarkis.fr\/en\/1970\/arc\/\" title=\"ARC\">See exhibition page<\/a><\/p>\n                                    <p class=\"afg-metadatas\">No more image<\/p>\n                                <\/div>\n                            <\/figcaption>\n                                           <\/figure>\n                                    <figure class=\"swiper-slide\" data-post-id=\"post-180\">\n                                                                                    <img loading=\"lazy\" decoding=\"async\" width=\"786\" height=\"520\" src=\"https:\/\/www.sarkis.fr\/wp-content\/uploads\/2009\/05\/sarkis-1970-mekkano-goudron1.jpg\" class=\"attachment-full size-full\" alt=\"sarkis-1970-mekkano-goudron\" srcset=\"https:\/\/www.sarkis.fr\/wp-content\/uploads\/2009\/05\/sarkis-1970-mekkano-goudron1.jpg 786w, https:\/\/www.sarkis.fr\/wp-content\/uploads\/2009\/05\/sarkis-1970-mekkano-goudron1-300x198.jpg 300w\" sizes=\"auto, (max-width: 786px) 100vw, 786px\" \/>                                                        <figcaption>\n                                <div class=\"title-wrapper\">\n                                    <h3>Mekkano + Goudron.<\/h3>\n                                    <p class=\"afg-metadata\">\n\t\t\t<span class=\"place\">Galerie Sonnabend, Paris<\/span>\t\t<span class=\"dates\">14 Apr 1970<\/span><span class=\"solo\">Solo<\/span><\/p>\n                                <\/div>\n                                <div class=\"post-link\">\n                                    <p class=\"link\"><a href=\"https:\/\/www.sarkis.fr\/en\/1970\/1970-mekkano-goudron\/\" title=\"Mekkano + Goudron.\">See exhibition page<\/a><\/p>\n                                    <p class=\"afg-metadatas\">No more image<\/p>\n                                <\/div>\n                            <\/figcaption>\n                                           <\/figure>\n                                    <figure class=\"swiper-slide\" data-post-id=\"post-108\">\n                                                                                    <img loading=\"lazy\" decoding=\"async\" width=\"800\" height=\"572\" src=\"https:\/\/www.sarkis.fr\/wp-content\/uploads\/2009\/05\/1969-Quand-les-attitudes-deviennent-formes-Museum-Haus-Lange-Krefeld-.jpg\" class=\"attachment-full size-full\" alt=\"1969-Quand-les-attitudes-deviennent-formes-Museum-Haus-Lange-Krefeld-\" srcset=\"https:\/\/www.sarkis.fr\/wp-content\/uploads\/2009\/05\/1969-Quand-les-attitudes-deviennent-formes-Museum-Haus-Lange-Krefeld-.jpg 800w, https:\/\/www.sarkis.fr\/wp-content\/uploads\/2009\/05\/1969-Quand-les-attitudes-deviennent-formes-Museum-Haus-Lange-Krefeld--300x215.jpg 300w\" sizes=\"auto, (max-width: 800px) 100vw, 800px\" \/>                                                        <figcaption>\n                                <div class=\"title-wrapper\">\n                                    <h3>Quand les Attitudes deviennent Formes<\/h3>\n                                    <p class=\"afg-metadata\">\n\t\t\t<span class=\"place\">Museum Haus Lange Krefeld, Kunsthalle Bern &#8211; I.C.A, Londres<\/span>\t\t<span class=\"dates\">22 Mar &#8211; 27 Apr 1969<\/span><\/p>\n                                <\/div>\n                                <div class=\"post-link\">\n                                    <p class=\"link\"><a href=\"https:\/\/www.sarkis.fr\/en\/1969\/quand-les-attitudes-deviennent-formes\/\" title=\"Quand les Attitudes deviennent Formes\">See exhibition page<\/a><\/p>\n                                    <p class=\"afg-metadatas\">No more image<\/p>\n                                <\/div>\n                            <\/figcaption>\n                                           <\/figure>\n                                    <figure class=\"swiper-slide\" data-post-id=\"post-106\">\n                                                                                    <img loading=\"lazy\" decoding=\"async\" width=\"800\" height=\"535\" src=\"https:\/\/www.sarkis.fr\/wp-content\/uploads\/2009\/05\/1969-Connaissez-vous-J.Beuys.jpg\" class=\"attachment-full size-full\" alt=\"1969-Connaissez-vous-J.Beuys\" srcset=\"https:\/\/www.sarkis.fr\/wp-content\/uploads\/2009\/05\/1969-Connaissez-vous-J.Beuys.jpg 800w, https:\/\/www.sarkis.fr\/wp-content\/uploads\/2009\/05\/1969-Connaissez-vous-J.Beuys-300x201.jpg 300w\" sizes=\"auto, (max-width: 800px) 100vw, 800px\" \/>                                                        <figcaption>\n                                <div class=\"title-wrapper\">\n                                    <h3>Connaissez-vous Joseph Beuys ?<\/h3>\n                                    <p class=\"afg-metadata\">\n\t\t\t<span class=\"dates\">1969<\/span><\/p>\n                                <\/div>\n                                <div class=\"post-link\">\n                                    <p class=\"link\"><a href=\"https:\/\/www.sarkis.fr\/en\/1969\/connaissez-vous-joseph-beuys\/\" title=\"Connaissez-vous Joseph Beuys ?\">See exhibition page<\/a><\/p>\n                                    <p class=\"afg-metadatas\">No more image<\/p>\n                                <\/div>\n                            <\/figcaption>\n                                           <\/figure>\n                        <\/div>\n    <\/div>\n            <a href=\"#\" class=\"swiper-arrow next\">Next exhibition view<\/a>\n        <div class=\"afg-modal-footer\"><\/div>\n<\/div>\t\t\t<script>\n\t\t\t\t(function() {\n\t\t\t\t\tconst modalSwiper = new Swiper('#modal-blog-block_62d7ca49184e9 .swiper', {\n\t\t\t\t\t\tspeed: 400,\n\t\t\t\t\t\tslidesPerView: 1,\n\t\t\t\t\t\tloop:true,\n\t\t\t\t\t\tspaceBetween: 0,\n\t\t\t\t\t\tcenteredSlides : true,\n\t\t\t\t\t\tnavigation: {\n\t\t\t\t\t\t\tnextEl: '#modal-blog-block_62d7ca49184e9 .swiper-arrow.next',\n\t\t\t\t\t\t\tprevEl: '#modal-blog-block_62d7ca49184e9 .swiper-arrow.prev',\n\t\t\t\t\t\t},\n\t\t\t\t\t});\n\n\t\t\t\t\tafg_helpers.clickAll('#blog-posts-blog-block_62d7ca49184e9 .afg-post-item',true,modalSwiper);\n\t\t\t\t})();\n\t\t\t<\/script>\n\t\t\t<script>afg_helpers.blogActions('#blog-block_62d7ca49184e9')<\/script>\n\t\t\t\t\t<\/section>\n\n\n<div style=\"height:200px\" aria-hidden=\"true\" class=\"wp-block-spacer\"><\/div>\n","protected":false},"excerpt":{"rendered":"","protected":false},"author":3,"featured_media":0,"parent":0,"menu_order":0,"comment_status":"closed","ping_status":"closed","template":"","meta":{"_acf_changed":false,"footnotes":""},"class_list":["post-1336","page","type-page","status-publish","hentry"],"acf":[],"_links":{"self":[{"href":"https:\/\/www.sarkis.fr\/en\/wp-json\/wp\/v2\/pages\/1336","targetHints":{"allow":["GET"]}}],"collection":[{"href":"https:\/\/www.sarkis.fr\/en\/wp-json\/wp\/v2\/pages"}],"about":[{"href":"https:\/\/www.sarkis.fr\/en\/wp-json\/wp\/v2\/types\/page"}],"author":[{"embeddable":true,"href":"https:\/\/www.sarkis.fr\/en\/wp-json\/wp\/v2\/users\/3"}],"replies":[{"embeddable":true,"href":"https:\/\/www.sarkis.fr\/en\/wp-json\/wp\/v2\/comments?post=1336"}],"version-history":[{"count":20,"href":"https:\/\/www.sarkis.fr\/en\/wp-json\/wp\/v2\/pages\/1336\/revisions"}],"predecessor-version":[{"id":11604,"href":"https:\/\/www.sarkis.fr\/en\/wp-json\/wp\/v2\/pages\/1336\/revisions\/11604"}],"wp:attachment":[{"href":"https:\/\/www.sarkis.fr\/en\/wp-json\/wp\/v2\/media?parent=1336"}],"curies":[{"name":"wp","href":"https:\/\/api.w.org\/{rel}","templated":true}]}}